{"id":9114,"date":"2025-04-15T19:26:54","date_gmt":"2025-04-15T17:26:54","guid":{"rendered":"https:\/\/comite-ecologique-ariegeois.org\/?page_id=9114"},"modified":"2026-01-28T15:16:29","modified_gmt":"2026-01-28T14:16:29","slug":"nos-creatifs","status":"publish","type":"page","link":"https:\/\/comite-ecologique-ariegeois.org\/?page_id=9114","title":{"rendered":"Nos cr\u00e9atifs"},"content":{"rendered":"\t\t<div data-elementor-type=\"wp-page\" data-elementor-id=\"9114\" class=\"elementor elementor-9114\">\n\t\t\t\t<div class=\"elementor-element elementor-element-b813380 e-flex e-con-boxed e-con e-parent\" data-id=\"b813380\" data-element_type=\"container\">\n\t\t\t\t\t<div class=\"e-con-inner\">\n\t\t\t\t<div class=\"elementor-element elementor-element-2c62801 elementor-widget elementor-widget-heading\" data-id=\"2c62801\" data-element_type=\"widget\" data-widget_type=\"heading.default\">\n\t\t\t\t<div class=\"elementor-widget-container\">\n\t\t\t\t\t<h1 class=\"elementor-heading-title elementor-size-default\">Nos cr\u00e9atifs<\/h1>\t\t\t\t<\/div>\n\t\t\t\t<\/div>\n\t\t<div class=\"elementor-element elementor-element-3cb2f79 e-grid e-con-full e-con e-child\" data-id=\"3cb2f79\" data-element_type=\"container\">\n\t\t\t\t<div class=\"elementor-element elementor-element-d10e1df elementor-widget elementor-widget-text-editor\" data-id=\"d10e1df\" data-element_type=\"widget\" data-widget_type=\"text-editor.default\">\n\t\t\t\t<div class=\"elementor-widget-container\">\n\t\t\t\t\t\t\t\t\t<p>\u00a0<\/p><p><strong>L&rsquo;association met cet espace \u00e0 disposition des \u00ab\u00a0cr\u00e9atifs\u00a0\u00bb<\/strong> qui nous proposent po\u00e8mes,\u00a0 contes, dessins, photos avec pour th\u00e8me l&rsquo;environnement.\u00a0<\/p>\t\t\t\t\t\t\t\t<\/div>\n\t\t\t\t<\/div>\n\t\t\t\t<div class=\"elementor-element elementor-element-add7ded elementor-widget elementor-widget-image\" data-id=\"add7ded\" data-element_type=\"widget\" data-widget_type=\"image.default\">\n\t\t\t\t<div class=\"elementor-widget-container\">\n\t\t\t\t\t\t\t\t\t\t\t\t\t\t\t<img fetchpriority=\"high\" decoding=\"async\" width=\"1024\" height=\"629\" src=\"https:\/\/comite-ecologique-ariegeois.org\/wp-content\/uploads\/2025\/04\/PDF-dessin-MR_Biche-1024x629.jpg\" class=\"attachment-large size-large wp-image-9166\" alt=\"\" srcset=\"https:\/\/comite-ecologique-ariegeois.org\/wp-content\/uploads\/2025\/04\/PDF-dessin-MR_Biche-1024x629.jpg 1024w, https:\/\/comite-ecologique-ariegeois.org\/wp-content\/uploads\/2025\/04\/PDF-dessin-MR_Biche-300x184.jpg 300w, https:\/\/comite-ecologique-ariegeois.org\/wp-content\/uploads\/2025\/04\/PDF-dessin-MR_Biche-768x472.jpg 768w, https:\/\/comite-ecologique-ariegeois.org\/wp-content\/uploads\/2025\/04\/PDF-dessin-MR_Biche-1536x944.jpg 1536w, https:\/\/comite-ecologique-ariegeois.org\/wp-content\/uploads\/2025\/04\/PDF-dessin-MR_Biche-2048x1259.jpg 2048w\" sizes=\"(max-width: 1024px) 100vw, 1024px\" \/>\t\t\t\t\t\t\t\t\t\t\t\t\t\t\t<\/div>\n\t\t\t\t<\/div>\n\t\t\t\t<\/div>\n\t\t\t\t\t<\/div>\n\t\t\t\t<\/div>\n\t\t<div class=\"elementor-element elementor-element-8e606b5 e-flex e-con-boxed e-con e-parent\" data-id=\"8e606b5\" data-element_type=\"container\">\n\t\t\t\t\t<div class=\"e-con-inner\">\n\t\t\t\t<div class=\"elementor-element elementor-element-5c5cbb2 elementor-widget elementor-widget-heading\" data-id=\"5c5cbb2\" data-element_type=\"widget\" data-widget_type=\"heading.default\">\n\t\t\t\t<div class=\"elementor-widget-container\">\n\t\t\t\t\t<h5 class=\"elementor-heading-title elementor-size-default\">* Narcisses et violettes (d'apr\u00e8s croquis de terrain).<\/h5>\t\t\t\t<\/div>\n\t\t\t\t<\/div>\n\t\t<div class=\"elementor-element elementor-element-f246f7b e-grid e-con-full e-con e-child\" data-id=\"f246f7b\" data-element_type=\"container\">\n\t\t\t\t<div class=\"elementor-element elementor-element-31f72b5 elementor-widget elementor-widget-image\" data-id=\"31f72b5\" data-element_type=\"widget\" data-widget_type=\"image.default\">\n\t\t\t\t<div class=\"elementor-widget-container\">\n\t\t\t\t\t\t\t\t\t\t\t\t\t\t\t<img decoding=\"async\" width=\"768\" height=\"907\" src=\"https:\/\/comite-ecologique-ariegeois.org\/wp-content\/uploads\/2025\/04\/Photo-dessin-MR_Violette-Narcisse_02-2-768x907.jpg\" class=\"attachment-medium_large size-medium_large wp-image-9230\" alt=\"\" srcset=\"https:\/\/comite-ecologique-ariegeois.org\/wp-content\/uploads\/2025\/04\/Photo-dessin-MR_Violette-Narcisse_02-2-768x907.jpg 768w, https:\/\/comite-ecologique-ariegeois.org\/wp-content\/uploads\/2025\/04\/Photo-dessin-MR_Violette-Narcisse_02-2-254x300.jpg 254w, https:\/\/comite-ecologique-ariegeois.org\/wp-content\/uploads\/2025\/04\/Photo-dessin-MR_Violette-Narcisse_02-2-868x1024.jpg 868w, https:\/\/comite-ecologique-ariegeois.org\/wp-content\/uploads\/2025\/04\/Photo-dessin-MR_Violette-Narcisse_02-2.jpg 1214w\" sizes=\"(max-width: 768px) 100vw, 768px\" \/>\t\t\t\t\t\t\t\t\t\t\t\t\t\t\t<\/div>\n\t\t\t\t<\/div>\n\t\t\t\t<div class=\"elementor-element elementor-element-9cfe778 elementor-widget elementor-widget-image\" data-id=\"9cfe778\" data-element_type=\"widget\" data-widget_type=\"image.default\">\n\t\t\t\t<div class=\"elementor-widget-container\">\n\t\t\t\t\t\t\t\t\t\t\t\t\t\t\t<img decoding=\"async\" width=\"768\" height=\"857\" src=\"https:\/\/comite-ecologique-ariegeois.org\/wp-content\/uploads\/2025\/04\/Photo-dessin-MR_Violette-Narcisse_01_04_01-768x857.jpg\" class=\"attachment-medium_large size-medium_large wp-image-9238\" alt=\"\" srcset=\"https:\/\/comite-ecologique-ariegeois.org\/wp-content\/uploads\/2025\/04\/Photo-dessin-MR_Violette-Narcisse_01_04_01-768x857.jpg 768w, https:\/\/comite-ecologique-ariegeois.org\/wp-content\/uploads\/2025\/04\/Photo-dessin-MR_Violette-Narcisse_01_04_01-269x300.jpg 269w, https:\/\/comite-ecologique-ariegeois.org\/wp-content\/uploads\/2025\/04\/Photo-dessin-MR_Violette-Narcisse_01_04_01-917x1024.jpg 917w, https:\/\/comite-ecologique-ariegeois.org\/wp-content\/uploads\/2025\/04\/Photo-dessin-MR_Violette-Narcisse_01_04_01.jpg 1168w\" sizes=\"(max-width: 768px) 100vw, 768px\" \/>\t\t\t\t\t\t\t\t\t\t\t\t\t\t\t<\/div>\n\t\t\t\t<\/div>\n\t\t\t\t<\/div>\n\t\t\t\t<div class=\"elementor-element elementor-element-ac4407b elementor-widget-divider--separator-type-pattern elementor-widget-divider--view-line elementor-widget elementor-widget-divider\" data-id=\"ac4407b\" data-element_type=\"widget\" data-widget_type=\"divider.default\">\n\t\t\t\t<div class=\"elementor-widget-container\">\n\t\t\t\t\t\t\t<div class=\"elementor-divider\" style=\"--divider-pattern-url: url(&quot;data:image\/svg+xml,%3Csvg xmlns=&#039;http:\/\/www.w3.org\/2000\/svg&#039; preserveAspectRatio=&#039;none&#039; overflow=&#039;visible&#039; height=&#039;100%&#039; viewBox=&#039;0 0 24 24&#039; fill=&#039;none&#039; stroke=&#039;black&#039; stroke-width=&#039;1&#039; stroke-linecap=&#039;square&#039; stroke-miterlimit=&#039;10&#039;%3E%3Cpath d=&#039;M0,6c6,0,6,13,12,13S18,6,24,6&#039;\/%3E%3C\/svg%3E&quot;);\">\n\t\t\t<span class=\"elementor-divider-separator\">\n\t\t\t\t\t\t<\/span>\n\t\t<\/div>\n\t\t\t\t\t\t<\/div>\n\t\t\t\t<\/div>\n\t\t\t\t<div class=\"elementor-element elementor-element-5be7ec8 elementor-widget elementor-widget-heading\" data-id=\"5be7ec8\" data-element_type=\"widget\" data-widget_type=\"heading.default\">\n\t\t\t\t<div class=\"elementor-widget-container\">\n\t\t\t\t\t<h2 class=\"elementor-heading-title elementor-size-default\">Les oiseaux jouent aussi dans la neige<\/h2>\t\t\t\t<\/div>\n\t\t\t\t<\/div>\n\t\t\t\t<div class=\"elementor-element elementor-element-0eb9856 elementor-arrows-position-outside elementor-pagination-position-inside elementor-widget__width-auto elementor-widget elementor-widget-image-carousel\" data-id=\"0eb9856\" data-element_type=\"widget\" data-settings=\"{&quot;slides_to_show&quot;:&quot;1&quot;,&quot;navigation&quot;:&quot;both&quot;,&quot;autoplay&quot;:&quot;yes&quot;,&quot;pause_on_hover&quot;:&quot;yes&quot;,&quot;pause_on_interaction&quot;:&quot;yes&quot;,&quot;autoplay_speed&quot;:5000,&quot;infinite&quot;:&quot;yes&quot;,&quot;effect&quot;:&quot;slide&quot;,&quot;speed&quot;:500}\" data-widget_type=\"image-carousel.default\">\n\t\t\t\t<div class=\"elementor-widget-container\">\n\t\t\t\t\t\t\t<div class=\"elementor-image-carousel-wrapper swiper\" role=\"region\" aria-roledescription=\"carousel\" aria-label=\"Carrousel d\u2019images\" dir=\"ltr\">\n\t\t\t<div class=\"elementor-image-carousel swiper-wrapper\" aria-live=\"off\">\n\t\t\t\t\t\t\t\t<div class=\"swiper-slide\" role=\"group\" aria-roledescription=\"slide\" aria-label=\"1 sur 8\"><figure class=\"swiper-slide-inner\"><img decoding=\"async\" class=\"swiper-slide-image\" src=\"https:\/\/comite-ecologique-ariegeois.org\/wp-content\/uploads\/2026\/01\/Pinson_du_Nord_621291525_1242462724510928_2815164821234831068_NX_n1-1024x702.jpg\" alt=\"Pinson du Nord\" \/><figcaption class=\"elementor-image-carousel-caption\">Pinson du Nord<\/figcaption><\/figure><\/div><div class=\"swiper-slide\" role=\"group\" aria-roledescription=\"slide\" aria-label=\"2 sur 8\"><figure class=\"swiper-slide-inner\"><img decoding=\"async\" class=\"swiper-slide-image\" src=\"https:\/\/comite-ecologique-ariegeois.org\/wp-content\/uploads\/2026\/01\/Mesange_bleue_621182393_1242463427844191_1290729526668235206_NX_n1-1024x654.jpg\" alt=\"M\u00e9sange bleue\" \/><figcaption class=\"elementor-image-carousel-caption\">M\u00e9sange bleue<\/figcaption><\/figure><\/div><div class=\"swiper-slide\" role=\"group\" aria-roledescription=\"slide\" aria-label=\"3 sur 8\"><figure class=\"swiper-slide-inner\"><img decoding=\"async\" class=\"swiper-slide-image\" src=\"https:\/\/comite-ecologique-ariegeois.org\/wp-content\/uploads\/2026\/01\/Chardonneret_621179927_1242462094510991_4541413357315946523_NX_n1-1024x728.jpg\" alt=\"Chardonneret \u00e9l\u00e9gant\" \/><figcaption class=\"elementor-image-carousel-caption\">Chardonneret \u00e9l\u00e9gant<\/figcaption><\/figure><\/div><div class=\"swiper-slide\" role=\"group\" aria-roledescription=\"slide\" aria-label=\"4 sur 8\"><figure class=\"swiper-slide-inner\"><img decoding=\"async\" class=\"swiper-slide-image\" src=\"https:\/\/comite-ecologique-ariegeois.org\/wp-content\/uploads\/2026\/01\/Merle_noir_male_621562789_1242463177844216_4701014844538593241_NX_n1-1024x743.jpg\" alt=\"Merle noir\" \/><figcaption class=\"elementor-image-carousel-caption\">Merle noir<\/figcaption><\/figure><\/div><div class=\"swiper-slide\" role=\"group\" aria-roledescription=\"slide\" aria-label=\"5 sur 8\"><figure class=\"swiper-slide-inner\"><img decoding=\"async\" class=\"swiper-slide-image\" src=\"https:\/\/comite-ecologique-ariegeois.org\/wp-content\/uploads\/2026\/01\/621247262_1242460154511185_275613934571588693_n.jpg\" alt=\"Bouvreuil m\u00e2le\" \/><figcaption class=\"elementor-image-carousel-caption\">Bouvreuil m\u00e2le<\/figcaption><\/figure><\/div><div class=\"swiper-slide\" role=\"group\" aria-roledescription=\"slide\" aria-label=\"6 sur 8\"><figure class=\"swiper-slide-inner\"><img decoding=\"async\" class=\"swiper-slide-image\" src=\"https:\/\/comite-ecologique-ariegeois.org\/wp-content\/uploads\/2026\/01\/621441165_1242460691177798_6188319800514732465_n-1024x768.jpg\" alt=\"Chardonneret \u00e9l\u00e9gants\" \/><figcaption class=\"elementor-image-carousel-caption\">Chardonneret \u00e9l\u00e9gants<\/figcaption><\/figure><\/div><div class=\"swiper-slide\" role=\"group\" aria-roledescription=\"slide\" aria-label=\"7 sur 8\"><figure class=\"swiper-slide-inner\"><img decoding=\"async\" class=\"swiper-slide-image\" src=\"https:\/\/comite-ecologique-ariegeois.org\/wp-content\/uploads\/2026\/01\/Bouvreuil-femelle-1024x697.jpg\" alt=\"Bouvreuil femelle\" \/><figcaption class=\"elementor-image-carousel-caption\">Bouvreuil femelle<\/figcaption><\/figure><\/div><div class=\"swiper-slide\" role=\"group\" aria-roledescription=\"slide\" aria-label=\"8 sur 8\"><figure class=\"swiper-slide-inner\"><img decoding=\"async\" class=\"swiper-slide-image\" src=\"https:\/\/comite-ecologique-ariegeois.org\/wp-content\/uploads\/2026\/01\/621846563_1242459361177931_9007077478815936113_n-1024x768.jpg\" alt=\"M\u00e9sange charbonni\u00e8re\" \/><figcaption class=\"elementor-image-carousel-caption\">M\u00e9sange charbonni\u00e8re<\/figcaption><\/figure><\/div>\t\t\t<\/div>\n\t\t\t\t\t\t\t\t\t\t\t\t<div class=\"elementor-swiper-button elementor-swiper-button-prev\" role=\"button\" tabindex=\"0\">\n\t\t\t\t\t\t<svg aria-hidden=\"true\" class=\"e-font-icon-svg e-eicon-chevron-left\" viewBox=\"0 0 1000 1000\" xmlns=\"http:\/\/www.w3.org\/2000\/svg\"><path d=\"M646 125C629 125 613 133 604 142L308 442C296 454 292 471 292 487 292 504 296 521 308 533L604 854C617 867 629 875 646 875 663 875 679 871 692 858 704 846 713 829 713 812 713 796 708 779 692 767L438 487 692 225C700 217 708 204 708 187 708 171 704 154 692 142 675 129 663 125 646 125Z\"><\/path><\/svg>\t\t\t\t\t<\/div>\n\t\t\t\t\t<div class=\"elementor-swiper-button elementor-swiper-button-next\" role=\"button\" tabindex=\"0\">\n\t\t\t\t\t\t<svg aria-hidden=\"true\" class=\"e-font-icon-svg e-eicon-chevron-right\" viewBox=\"0 0 1000 1000\" xmlns=\"http:\/\/www.w3.org\/2000\/svg\"><path d=\"M696 533C708 521 713 504 713 487 713 471 708 454 696 446L400 146C388 133 375 125 354 125 338 125 325 129 313 142 300 154 292 171 292 187 292 204 296 221 308 233L563 492 304 771C292 783 288 800 288 817 288 833 296 850 308 863 321 871 338 875 354 875 371 875 388 867 400 854L696 533Z\"><\/path><\/svg>\t\t\t\t\t<\/div>\n\t\t\t\t\n\t\t\t\t\t\t\t\t\t<div class=\"swiper-pagination\"><\/div>\n\t\t\t\t\t\t\t\t\t<\/div>\n\t\t\t\t\t\t<\/div>\n\t\t\t\t<\/div>\n\t\t\t\t<div class=\"elementor-element elementor-element-8d0c1b7 elementor-widget elementor-widget-text-editor\" data-id=\"8d0c1b7\" data-element_type=\"widget\" data-widget_type=\"text-editor.default\">\n\t\t\t\t<div class=\"elementor-widget-container\">\n\t\t\t\t\t\t\t\t\t<p><em><span style=\"color: #080809;\"><span style=\"font-family: inherit;\"><span style=\"font-size: medium;\">Dans le silence de la neige surgit \u00e0 vive allure la m\u00e9lodie color\u00e9e et volante des oiseaux du jardin. <\/span><\/span><\/span><\/em><\/p><p><span style=\"color: #080809;\"><span style=\"font-family: inherit;\"><span style=\"font-size: medium;\">Les flocons s<\/span><\/span><\/span><em><span style=\"color: #080809;\"><span style=\"font-family: inherit;\"><span style=\"font-size: medium;\">e posent o\u00f9 ils peuvent, parfois arr\u00eat\u00e9s dans leur course folle par les obstacles naturels, puis s&#8217;empilent et tombent \u00e0 terre dans le basculement d&rsquo;une branche devenue le perchoir d&rsquo;un chardonneret acrobate. <\/span><\/span><\/span><\/em><\/p><p><em><span style=\"color: #080809;\"><span style=\"font-family: inherit;\"><span style=\"font-size: medium;\">Le contraste parfait entre la neige et l&rsquo;aile jaune vif d&rsquo;un verdier nous rappelle que la beaut\u00e9 \u00e0 pr\u00e9server est partout o\u00f9 l&rsquo;on accepte de bien la voir. <\/span><\/span><\/span><\/em><\/p><p><em><span style=\"color: #080809;\"><span style=\"font-family: inherit;\"><span style=\"font-size: medium;\">La nature captur\u00e9e dans un instant immortel est la meilleure conteuse d&rsquo;histoires comme nous le montre ce chardonneret habill\u00e9 d&rsquo;un chapeau gel\u00e9 et aux yeux col\u00e8re nous laissant imaginer la sienne.<\/span><\/span><\/span><\/em><\/p><p><em><span style=\"color: #080809;\"><span style=\"font-family: inherit;\"><span style=\"font-size: medium;\">Merci pour ce spectacle \u00e0 port\u00e9e de main.<\/span><\/span><\/span><\/em><\/p><p><span style=\"color: #080809; font-size: medium;\">Natacha D.\u00a0<\/span><\/p><p>Janvier 2026.<\/p>\t\t\t\t\t\t\t\t<\/div>\n\t\t\t\t<\/div>\n\t\t<div class=\"elementor-element elementor-element-3b36298 e-con-full e-flex e-con e-child\" data-id=\"3b36298\" data-element_type=\"container\">\n\t\t\t\t<div class=\"elementor-element elementor-element-18d9cda elementor-widget elementor-widget-text-editor\" data-id=\"18d9cda\" data-element_type=\"widget\" data-widget_type=\"text-editor.default\">\n\t\t\t\t<div class=\"elementor-widget-container\">\n\t\t\t\t\t\t\t\t\t<p align=\"center\">\u00a0<\/p><p align=\"center\"><span style=\"font-size: x-large;\"><b>Trois textes sign\u00e9s SC :<\/b><\/span><\/p><p align=\"center\"><em><span style=\"font-size: x-large;\"><b>EAU<\/b><\/span><\/em><\/p><p align=\"justify\"><span style=\"font-size: medium;\">L&rsquo;eau est source de vie.<\/span><\/p><p align=\"justify\"><span style=\"font-size: medium;\">Quelle affirmation banale\u00a0!<\/span><\/p><p align=\"justify\"><span style=\"font-size: medium;\"> Toutefois, laissons cette id\u00e9e s&rsquo;instiller en nous, pensons \u00e0 \u00ab\u00a0notre eau\u00a0\u00bb, la mienne, la tienne, celle qui compose au moins 65% de notre corps (75% chez les b\u00e9b\u00e9s). Cela correspond \u00e0 45 litres pour une personne de 70 kilos<a class=\"sdfootnoteanc\" href=\"#sdfootnote1sym\" name=\"sdfootnote1anc\"><sup>1<\/sup><\/a>, dont 2,5 litres en moyenne sont \u00e9limin\u00e9s chaque jour, renouvel\u00e9s par la boisson et l&rsquo;eau des aliments.<\/span><\/p><p align=\"justify\"><span style=\"font-size: medium;\">Mais que fait donc l&rsquo;eau dans le corps\u00a0? Quelques exemples. <\/span><\/p><p align=\"justify\"><span style=\"font-size: medium;\"> Canalis\u00e9e, elle est l&rsquo;\u00e9l\u00e9ment liquide du sang et de la lymphe chez l&rsquo;humain et les animaux, des s\u00e8ves chez les v\u00e9g\u00e9taux. Elle transporte entre les organes les min\u00e9raux qu&rsquo;elle dissout ou qu&rsquo;elle porte, c&rsquo;est selon, l&rsquo;oxyg\u00e8ne, le gaz carbonique, les d\u00e9chets, les hormones, les nutriments, le sucre&#8230; <i>Pourvoyeuse de nourriture, elle permet les \u00e9changes, elle relie, purifie. <\/i><\/span><\/p><p align=\"justify\"><span style=\"font-size: medium;\"> Elle hydrate les tissus et permet aux corps de rester souples. Les plantes herbac\u00e9es n&rsquo;ont pas de bois ou si peu pour les soutenir. Elles ne peuvent se dresser que gr\u00e2ce \u00e0 l&rsquo;eau qui\u00a0\u00ab\u00a0gonfle\u00a0\u00bb id\u00e9alement leurs cellules, comme un ch\u00e2teau pneumatique se dresse quand il est rempli d&rsquo;air. C&rsquo;est la turgescence. Pourtant sans forme, l&rsquo;eau peut exercer une pression m\u00e9canique quand elle est contenue dans un vo\u00adlume aux parois souples, <i>c&rsquo;est une force<\/i>. Une plante en manque d&rsquo;eau se fl\u00e9trit, une peau se d\u00e9shy\u00addrate. La cellule v\u00e9g\u00e9tale qui contient trop d&rsquo;eau \u00e9clate, la plante pourrit. C&rsquo;est donc une recherche constante d&rsquo;\u00e9quilibre permise par l&rsquo;eau qui se diffuse de cellule en cellule en fonction de la concentra\u00adtion en sels min\u00e9raux, c&rsquo;est le ph\u00e9nom\u00e8ne d&rsquo;osmose\u00a0: <i>l&rsquo;eau est mouvement, elle \u00e9pouse les formes, elle \u00e9quilibre<\/i>.<\/span><\/p><p align=\"justify\"><span style=\"font-size: medium;\"> Elle participe grandement aux r\u00e9actions chimiques incessantes des cellules, sans quoi la vie ne pourrait \u00eatre. Elle peut \u00eatre aid\u00e9e d&rsquo;enzymes pour scinder de nombreuses mol\u00e9cules et induire leur transformation, c&rsquo;est l&rsquo;hydrolyse. <span style=\"font-family: Times New Roman, serif;\">A l&rsquo;inverse<\/span>, plusieurs mol\u00e9cules peuvent se rassembler et produiront de l&rsquo;eau nouvelle, notamment pendant la photosynth\u00e8se des plantes vertes\u00a0: <i>l&rsquo;eau transforme, trans\u00admute, se r\u00e9g\u00e9n\u00e8re, elle suit le mouvement de la vie.<\/i><\/span><\/p><p align=\"justify\"><span style=\"font-size: medium;\"> Par son inertie, elle a un r\u00f4le de r\u00e9gulateur thermique. La transpiration des corps, l&rsquo;\u00e9vapora\u00adtion des sols et des masses d&rsquo;eau entrainent une baisse des temp\u00e9ratures quand il fait chaud. A l&rsquo;in\u00adverse, ces masses d&rsquo;eau retiennent plus longtemps la chaleur emmagasinn\u00e9e qu&rsquo;un sol sec. <i>R\u00e9gula\u00adtrice, l&rsquo;eau \u00e9cr\u00eate les extr\u00eames du climat.<\/i><\/span><\/p><p align=\"justify\"><span style=\"font-size: medium;\"> Pour se conserver, la graine se d\u00e9shydrate, puis elle s&rsquo;endort. Quand il est temps, l&rsquo;eau p\u00e9n\u00e8tre ses tissus, les gonfle, la graine s&rsquo;\u00e9veille. <i>L&rsquo;eau est source de vie.<\/i> <\/span><\/p><p align=\"justify\"><span style=\"font-size: medium;\">C&rsquo;est bien ce que nous disions, non\u00a0?\u00a0<\/span><\/p><p align=\"justify\"><span style=\"font-size: medium;\"> Certains s&rsquo;int\u00e9ressent \u00e0 la m\u00e9moire de l&rsquo;eau et \u00e0 la forme de ses cristaux selon sa qualit\u00e9. Que savons-nous de ce que porte l&rsquo;onde, comme m\u00e9moires, comme informations\u00a0? C&rsquo;est sur ce principe que se base l&rsquo;hom\u00e9opathie.<\/span><\/p><p align=\"justify\"><span style=\"font-size: medium;\"> Et puis, tout b\u00eatement mais fondamentalement, <i>l&rsquo;eau lave, <\/i>le nettoyage \u00e0 sec n&rsquo;\u00e9tant pas id\u00e9al. La symbolique de la purification par l&rsquo;eau vient de si loin&#8230;<\/span><\/p><p align=\"justify\"><span style=\"font-size: medium;\"> L&rsquo;eau est min\u00e9rale, elle est mati\u00e8re. Comme toute mati\u00e8re, elle est soumise aux cycles de la vie. Depuis sa formation sur Terre, elle est toujours l\u00e0, passant d&rsquo;organismes en organismes, purifi\u00e9e par la terre au passage, r\u00e9g\u00e9n\u00e9r\u00e9e par les plantes vertes. Le verre d&rsquo;eau que je bois ce matin, par o\u00f9, par quels innombrables corps a-t-elle circul\u00e9 au fil des mill\u00e9naires\u00a0? <\/span><\/p><p align=\"justify\"><span style=\"font-size: medium;\"> Au niveau de la Plan\u00e8te elle s&rsquo;\u00e9vapore sous forme de gaz, la vapeur d&rsquo;eau, \u00e0 partir des oc\u00e9ans, lacs et rivi\u00e8res, des sols aussi et de la transpiration des corps. Ses mol\u00e9cules sont alors tellement dis\u00adpers\u00e9es qu&rsquo;elles sont invisibles, tellement l\u00e9g\u00e8res qu&rsquo;elles se laissent entrainer vers l&rsquo;azur par les cou\u00adrants ascendants. Mais il fait frisquet l\u00e0-haut. Est-ce pour se r\u00e9chauffer qu&rsquo;elles se rapprochent sou\u00addain les unes des autres, qu&rsquo;elles se condensent autour de la premi\u00e8re poussi\u00e8re venue<a class=\"sdfootnoteanc\" href=\"#sdfootnote2sym\" name=\"sdfootnote2anc\"><sup>2<\/sup><\/a>\u00a0, formant ainsi gouttelettes de plus en plus nombreuses ? De ces myriades naissent les nuages, si beaux, si blancs, puis de plus en plus gris et lourds. N&rsquo;est-ce pas impressionnant de penser \u00e0 ces masses d&rsquo;eau qui voyagent au-dessus de nos t\u00eates, jusqu&rsquo;\u00e0 des milliers de tonnes\u00a0?\u00a0<\/span><\/p><p align=\"center\"><em><strong>Le cycle de l&rsquo;eau<\/strong><\/em><\/p><p align=\"justify\"><span style=\"font-size: medium;\"> L&rsquo;humain a chang\u00e9 le cycle de l&rsquo;eau, rendant celle-ci moins disponible pour tous les \u00eatres vivants. A ce sujet, en rejoignant une clairi\u00e8re l&rsquo;autre matin, j&rsquo;ai assist\u00e9 en toute discr\u00e9tion \u00e0 une r\u00e9union fortuite, dont je rapporte ici quelques propos.<\/span><\/p><p align=\"justify\"><span style=\"font-size: medium;\"> C&rsquo;est un beau Canard colvert (et non un col blanc) qui le premier a pris la parole\u00a0:<\/span><\/p><p align=\"justify\"><span style=\"font-size: medium;\"> \u00ab\u00a0Parmi vous tous, \u00e0 qui l&rsquo;Humain a-t-il demand\u00e9 son avis\u00a0 pour jeter ces boues inf\u00e2mes dans la ri\u00advi\u00e8re ? <\/span><\/p><p>&#8211; Pas \u00e0 moi ! dit le saumon,<\/p><p>&#8211; pas \u00e0 moi ! dit le balbuzard p\u00eacheur,<\/p><p>&#8211; pas \u00e0 moi ! disent la libellule, la grenouille, l&rsquo;utricule,<\/p><p>&#8211; pas \u00e0 moi ! dit l&rsquo;ours de sa grosse voix,<\/p><p>&#8211; pas \u00e0 moi ! dit l&rsquo;homme, qui ne faisait que passer, celui qui n&rsquo;a pas acc\u00e8s \u00e0 l&rsquo;eau potable,<\/p><p align=\"justify\"><span style=\"font-size: medium;\">&#8230;<\/span><\/p><p align=\"justify\">A\u00efe, \u00e7a fait beaucoup\u00a0! Comment qu&rsquo;est-ce qu&rsquo;on pourrait faire\u00a0? S&rsquo;interroge la faune locale exc\u00e9d\u00e9e.<\/p><p align=\"justify\">La Chouette, qui m\u00e9dite toute la journ\u00e9e, bercille des yeux sous le soleil et se lance\u00a0:<\/p><p align=\"justify\">\u00ab\u00a0 Ce faisant, les Humains tirent \u00e0 une cadence insoutenable l&rsquo;eau faux-cils, pardon\u00a0! l&rsquo;eau fossile qui a mis des si\u00e8cles, voire des mill\u00e9naires \u00e0 constituer les r\u00e9serves d&rsquo;eau dans le ventre de la Terre.<\/p><p align=\"justify\">La Fouine qui aime \u00e0 fureter pr\u00e8s des habitation rench\u00e9rit\u00a0:<\/p><p align=\"justify\">&#8211; Je me suis laiss\u00e9e entendre qu&rsquo;\u00e0 force de pomper ainsi pour tous leurs usages, entre autres pour les industries mini\u00e8res, l&rsquo;axe de la Terre s&rsquo;en est trouv\u00e9 chang\u00e9.<\/p><p align=\"justify\">&#8211; Non ? R\u00e9pond l&rsquo;assembl\u00e9e interloqu\u00e9e.<\/p><p align=\"justify\">&#8211; Si, si, de peu \u00e9videmment, personne n&rsquo;est encore tomb\u00e9 \u00e0 la renverse ! Mais quand m\u00eame !<\/p><p align=\"justify\">&#8211; M\u00eame que je connais la roue, lance le Pigeon bizet en \u00e9talant sa queue en d\u00e9montra\u00adtion. Mais il y a l&rsquo;art et la mani\u00e8re, et il semble que si \u00e7a tourne dans le mauvais sens, \u00e7a s&rsquo;ap\u00adpelle un cercle vicieux. Les savants appellent \u00e7a une <i>boucle de r\u00e9troaction positive<\/i>, c&rsquo;est quand un ph\u00e9nom\u00e8ne en renforce un autre, quand il en rajoute, quoi ! m\u00eame si le r\u00e9sultat s&rsquo;av\u00e8re plut\u00f4t n\u00e9gatif. Ecoutez plut\u00f4t. Une augmentation de la temp\u00e9ra\u00adture de 1\u00b0C entraine 7% de plus d&rsquo;\u00e9vaporation. Ffuut !! partie l&rsquo;eau pour nous tous !<\/p><p align=\"justify\">Ces 7% participent \u00e0 leur tour \u00e0 r\u00e9chauffer l&rsquo;atmosph\u00e8re. Beaucoup de vapeur, grosses masses d&rsquo;air qui passent du chaud au froid, donc gros nuages bien lourds que les courants ascendants ne peuvent plus porter. Poc ! Poc ! Trop distendues, voil\u00e0 les bretelles du ciel qui sautent ! Ploc ! Ploc ! fait alors la pluie. Plouf ! Plouf ! font ceux d&rsquo;en bas, neen jeter plus ! Et plus loin, rien, on l\u00e8che les pierres &#8230;<\/p><p align=\"justify\">C&rsquo;est parfois une catastrophe pour nous, mais la Terre cherche juste \u00e0 contre-balancer les m\u00e9faits de ces exc\u00e8s pour maintenir un \u00e9quilibre global. Y devraient pas se plaindre, les Humains, mais faire amende honorable \u00e0 l&rsquo;eau !<\/p><p align=\"justify\">&#8211; Je m&rsquo;y entends pour ma part en terrassement, encha\u00eene le Blaireau, Tout se passe dans les deux premiers m\u00e8tres du sol avec l&rsquo;eau de surface.<\/p><p align=\"justify\"><i>Infiltration, r\u00e9partition, ruissellement, <\/i>sont les ma\u00eetres-mots, je vous le dis\u00a0! Les zones humides qui servent d&rsquo;\u00e9ponge, l&rsquo;humus de la terre, la pr\u00e9sence de v\u00e9g\u00e9tation entre\u00adtiennent ce syst\u00e8me qui roule tout seul normalement. Mais l&rsquo;Humain, croyez-vous qu&rsquo;il s&rsquo;en pr\u00e9occupe\u00a0?<\/p><p align=\"justify\">&#8211; Et bien moi, r\u00e9torque la Martre foresti\u00e8re, ce sont les arbres qui m&rsquo;enseignent. Et vous savez quoi ? Ils sont capables de provoquer la pluie, m&rsquo;a dit un gros fr\u00eane. Il me racontait qu&rsquo;en Amazonie \u2013 car ils causent entre eux, les arbres et le vent porte loin leurs paroles \u2013 la for\u00eat d\u00e9clenche la pluie deux mois avant que les courants marins n&rsquo;am\u00e8nent la saison humide. \u00ab Fait soif !\u00bb, dit la for\u00eat. Qu&rsquo;\u00e0 cela ne tienne ! Les arbres, ils poussent haut c&rsquo;est pas pour rien, ils en profitent pour observer et s&rsquo;inspirer de ce qui se passe dans le ciel avec la condensation et tout. Du coup ils lib\u00e8rent \u00e0 leur tour dans l&rsquo;atmosph\u00e8re des mol\u00e9cules, particules mi\u00adnuscules mais pas ridicules, puisque l&rsquo;eau en vapeur sy accroche, se condense et le ph\u00e9no\u00adm\u00e8ne s&rsquo;enclenche. Bingo ! \u00c7a marche, bient\u00f4t il pleuvra ! M\u00eame qu&rsquo;une scientifique a admis que \u00ab <i>les arbres sont capteurs et g\u00e9n\u00e9rateurs de pluie, plus forts que n&rsquo;importe quelle techno\u00adlogie<a class=\"sdfootnoteanc\" href=\"#sdfootnote3sym\" name=\"sdfootnote3anc\"><sup>3<\/sup><\/a>.\u00a0<\/i><\/p><p align=\"justify\">&#8211; Je suis le Milan royal. Vous savez que je suis un voyageur, j&rsquo;aime \u00e0 voir le pays d&rsquo;en haut et t\u00e2ter du poisson \u00e0 l&rsquo;occasion. Eh bien je peux vous dire que le Rh\u00f4ne, par exemple, qui \u00e9tait tr\u00e8s poissonneux et qui gardait ses eaux bien fra\u00eeches gr\u00e2ce \u00e0 son passage dans les Alpes, s&rsquo;est r\u00e9chauff\u00e9 avec ces centrales qu&rsquo;il refroidit. Il n&rsquo;a pas le choix, on lui emprunte son eau et on lui en rend la plus grande partie, mais ti\u00e8de.<\/p><p align=\"justify\">Et chacun y va de ses r\u00e9coltes d&rsquo;informations&#8230;<\/p><p align=\"justify\">&#8211; Sont quand m\u00eame pas tr\u00e8s fut\u00e9s, les Humains ! Lance le Renard<\/p><p align=\"justify\">&#8211; Sont b\u00eates ou c\u00f4a ? S&rsquo;interroge la Grenouille,<\/p><p align=\"justify\">&#8211; Ccr\u00f4a, ccr\u00f4a ce que tu veux, lui r\u00e9pond le Corbeau.\u00bb<\/p><p align=\"justify\">C&rsquo;est un grand sage celui-l\u00e0\u00a0, qui ne craint pas d&rsquo;explorer la face sombre des choses pour mieux en discerner les germes de la clart\u00e9. Il a de l&rsquo;humour aussi et tient \u00e0 le montrer en fai\u00adsant une jolie pirouette en vol avant de poursuivre\u00a0:<\/p><p align=\"justify\">Il n&rsquo;est pas b\u00eate, puisqu&rsquo;il est humain. Il se croit juste un peu trop malin et ce, depuis un moment d\u00e9j\u00e0. Il croit avoir tout inven\u00adt\u00e9, il croit que c&rsquo;est ainsi qu&rsquo;il cr\u00e9e et donc qu&rsquo;il peut tout faire. En vrai, il d\u00e9couvre seulement comment marche ce monde. il joue avec les lois qui r\u00e9gissent la Vie\u00a0. Il se conduit comme un \u00eatre immature qui se retrouve avec plein de possibilit\u00e9s \u00e0 port\u00e9e de main. Il explore d&rsquo;abord, puis exploite \u00e0 son profit sans plus se soucier du reste, ni de la Terre, ni des autres <span style=\"font-family: Times New Roman, serif;\">\u00ca<\/span>tres qui y vivent, ni m\u00eame de ses cong\u00e9n\u00e8res moins chanceux.<\/p><p align=\"justify\">C&rsquo;est un \u00e9tourdi, un oublieux des bonnes mani\u00e8res. Il remplace ses aptitudes naturelles par un tas de machins qui le rendent de plus en plus d\u00e9muni. Il ne s&rsquo;en rend pas compte parce qu&rsquo;il a mis sa foi dans le dieu \u00ab argent \u00bb sens\u00e9 lui apporter tout le mat\u00e9riel et le pouvoir dont il r\u00eave.<\/p><p align=\"justify\">Puis&#8230; apr\u00e8s un long silence&#8230; o\u00f9 le temps semble s&rsquo;\u00eatre ralenti&#8230; la Tortue acquiesce de la t\u00eate et conclut \u00a0:<\/p><p align=\"justify\">&#8211; L&rsquo;humain a du g\u00e9nie, il faut le reconna\u00eetre. Finalement , il n&rsquo;a qu&rsquo;une question \u00e0 se poser, une seule mais fondamentale : \u00e0 quoi d\u00e9cide-t-il de l&rsquo;utiliser ? Cela rel\u00e8ve de son libre-arbitre et de sa respon\u00adsabilit\u00e9. Il cr\u00e9e, c&rsquo;est pourtant vrai, mais pas comme il le croit, il cr\u00e9e sa vie en fonction de ses choix \u00bb.<\/p><div id=\"sdfootnote1\"><p class=\"sdfootnote\"><a class=\"sdfootnotesym\" href=\"#sdfootnote1anc\" name=\"sdfootnote1sym\">1<\/a> Pour info\u00a0: Les muscles lisses (muscles de nos organes qui travaillent en dehors de notre volont\u00e9) en contiennent 75%, le cerveau 76%, les poumons 78%, les os 22,5%, le sang 79%, les tissus adipeux (r\u00e9serves de graisse) 10%.<\/p><\/div><div id=\"sdfootnote2\"><p class=\"sdfootnote\"><a class=\"sdfootnotesym\" href=\"#sdfootnote2anc\" name=\"sdfootnote2sym\">2 <\/a>Ces poussi\u00e8res (particules arrach\u00e9es \u00e0 la terre, poussi\u00e8res de volcans, pollens&#8230;) sont des noyaux de condensation, ou de cong\u00e9lation \u00e0 partir de 0\u00b0C. Outre la baisse de la temp\u00e9rature en altitude, noyaux hautement facilitateurs pour le d\u00e9clenchement de la formation des gouttes d&rsquo;eau ou des cristaux de neige.<\/p><\/div><div id=\"sdfootnote3\"><p class=\"sdfootnote\"><span style=\"font-size: small;\"><a class=\"sdfootnotesym\" href=\"#sdfootnote3anc\" name=\"sdfootnote3sym\">3<\/a> Charl\u00e8ne Descollonges \u2013 ing\u00e9nieur hydrologue. Son livre : L&rsquo;EAU , collection Fake or not ? 2023<\/span><\/p><p>\u00a0 \u00a0 \u00a0 \u00a0 \u00a0 \u00a0 \u00a0 \u00a0 \u00a0 \u00a0 \u00a0 \u00a0 \u00a0 \u00a0 \u00a0 \u00a0 \u00a0 \u00a0 \u00a0 \u00a0 \u00a0 \u00a0 \u00a0 \u00a0 \u00a0 \u00a0 \u00a0 \u00a0 \u00a0 \u00a0 \u00a0 \u00a0 \u00a0 \u00a0 \u00a0 \u00a0 \u00a0 \u00a0 \u00a0 \u00a0 \u00a0 \u00a0 \u00a0 \u00a0 \u00a0 \u00a0 \u00a0 \u00a0 \u00a0 \u00a0 \u00a0 \u00a0 \u00a0 \u00a0 \u00a0 \u00a0 \u00a0 \u00a0 \u00a0 \u00a0 \u00a0 \u00a0 ***<\/p><p align=\"center\"><em><strong><span style=\"font-family: Sylfaen, serif;\"><span style=\"font-size: large;\">ARBRES EN BOCAGE &#8211; I<\/span><\/span><\/strong><\/em><\/p><p align=\"center\"><span style=\"font-family: Sylfaen, serif;\"><span style=\"font-size: medium;\"><i><b>P<\/b><\/i>uissent son feuillage d\u00e9licat en avril, ses chatons ros\u00e9s ou ses discr\u00e8tes fleurs,<\/span><\/span><\/p><p align=\"center\"><span style=\"font-size: medium;\"><span style=\"font-family: Sylfaen, serif;\"><i><b>P<\/b><\/i><\/span>uissent son ombrage affirm\u00e9 en \u00e9t\u00e9,<\/span><\/p><p align=\"center\"><span style=\"font-size: medium;\"><span style=\"font-family: Sylfaen, serif;\"><i><b>s<\/b><\/i><\/span>es derni\u00e8res flammes \u00e9clatantes en octobre,<\/span><\/p><p align=\"center\"><span style=\"font-size: medium;\"><span style=\"font-family: Sylfaen, serif;\"><i><b>C<\/b><\/i><\/span>&lsquo;est bien en hiver que l&rsquo;arbre se r\u00e9v\u00e8le.<\/span><\/p><p align=\"center\"><span style=\"font-size: medium;\"><span style=\"font-family: Sylfaen, serif;\"><i><b>U<\/b><\/i><\/span>ne fois son dernier v\u00eatement effiloch\u00e9 par les vents de novembre,<\/span><\/p><p align=\"center\"><span style=\"font-family: Sylfaen, serif;\"><span style=\"font-size: medium;\">sa silhouette, \u00e0 nulle autre pareille, est mise \u00e0 nu, <\/span><\/span><\/p><p align=\"center\"><span style=\"font-family: Sylfaen, serif;\"><span style=\"font-size: medium;\">d\u00e9voilant les traces de la vie, de sa vie d&rsquo;arbre.<\/span><\/span><\/p><p align=\"center\"><span style=\"font-size: medium;\"><span style=\"font-family: Sylfaen, serif;\"><i><b>C<\/b><\/i><\/span>elui-l\u00e0 est plein de cicatrices. <\/span><\/p><p align=\"center\"><span style=\"font-size: medium;\"><span style=\"font-family: Sylfaen, serif;\"><i><b>C<\/b><\/i><\/span>omptant sur sa vitalit\u00e9, le paysan l&rsquo;a taill\u00e9 et retaill\u00e9.<\/span><\/p><p align=\"center\"><span style=\"font-size: medium;\"><span style=\"font-family: Sylfaen, serif;\"><i><b>L<\/b><\/i><\/span>&lsquo;arbre ne l&rsquo;a pas d\u00e9menti, autant de fois il a refait ses branches et est encore vaillant.<\/span><\/p><p><span style=\"font-size: medium;\"><span style=\"font-family: Sylfaen, serif;\"><i><b>U<\/b><\/i><\/span>n chevreuil, peut-\u00eatre, avait go\u00fbt\u00e9 cet autre en son jeune \u00e2ge. Il est fourchu mais plein de charme.<\/span><\/p><p align=\"center\"><span style=\"font-size: medium;\"><span style=\"font-family: Sylfaen, serif;\"><i><b>O<\/b><\/i><\/span>h\u00a0! Sont-ils dress\u00e9s et droits et hauts, les h\u00eatres de ce massif\u00a0! Bien motivant est le jeu de la course \u00e0 la lumi\u00e8re\u00a0!<\/span><\/p><p align=\"center\"><span style=\"font-size: medium;\"><span style=\"font-family: Sylfaen, serif;\"><i><b>C<\/b><\/i><\/span>es deux ont grandi ensemble, leurs troncs sont accot\u00e9s et leurs branches d\u00e9velopp\u00e9es vers l&rsquo;ext\u00e9rieur. Leur force et leur beaut\u00e9, c&rsquo;est ensemble qu&rsquo;ils l&rsquo;obtiennent. Ils ont d\u00fb s&rsquo;en\u00adtendre, enlacer leurs racines. Si d&rsquo;aventure l&rsquo;un des deux se retrouvait seul, je l&rsquo;imaginerais triste et d\u00e9\u00admuni, comme un vieux couple heureux, quand l&rsquo;un part et l&rsquo;autre reste&#8230;<\/span><\/p><p align=\"center\"><span style=\"font-size: medium;\"><span style=\"font-family: Sylfaen, serif;\"><i><b>E<\/b><\/i><\/span><span style=\"font-family: Sylfaen, serif;\">n voil\u00e0<\/span> qui, pour se faufiler avaient initi\u00e9 une danse du ventre en leur jeunesse. C&rsquo;\u00e9tait autre\u00adfois et le temps a fig\u00e9 leur tige dans une m\u00eame cambrure.<\/span><\/p><p align=\"center\"><span style=\"font-size: medium;\"><span style=\"font-family: Sylfaen, serif;\"><i><b>E<\/b><\/i><\/span><span style=\"font-family: Sylfaen, serif;\">t<\/span> toi\u00a0! Tu es \u00e0 terre, mais tes racines n&rsquo;ont pas renonc\u00e9. De ton horizontalit\u00e9 s&rsquo;\u00e9lance vers le ciel une colonie de jeunes arbres vigoureux. <\/span><\/p><p align=\"center\"><span style=\"font-size: medium;\">Tu n&rsquo;es pas comme nous, l&rsquo;Arbre, quelques branches en moins ne t&rsquo;inqui\u00e8tent pas. Mais les m\u00eames min\u00e9raux nous construisent, les m\u00eames atomes nous traversent le temps d&rsquo;une vie. <\/span><\/p><p align=\"center\"><span style=\"font-size: medium;\">Tu le sais bien, toi aussi, que nous sommes faits du m\u00eame bois\u00a0!<\/span><\/p><p align=\"center\"><strong><em><span style=\"font-family: Sylfaen, serif;\"><span style=\"font-size: large;\">ARBRES EN BOCAGE &#8211; II<\/span><\/span><\/em><\/strong><\/p><p align=\"center\"><span style=\"font-size: medium;\"><span style=\"font-family: Sylfaen, serif;\"><i><b>C<\/b><\/i><\/span>omment ne pas reconna\u00eetre les grands \u00ab\u00a0bocagers\u00a0\u00bb, qu&rsquo;ils vivent dans la haie ou au milieu de la prai\u00adrie\u00a0? <\/span><\/p><p align=\"center\"><span style=\"font-size: medium;\">Ils pr\u00e9sentent tous la m\u00eame coupe au bas de leur feuillage. Est-ce donc une mode\u00a0? Que nenni\u00a0! La coiffeuse, on ne s&rsquo;y attendrait pas, n&rsquo;est autre que la vache, cette \u00ab\u00a0brouteuse\u00a0\u00bb \u00e0 cornes. Que je te coupe, que je te croque \u00e0 hauteur de m\u00e2choire&#8230; d&rsquo;abord je me d\u00e9lecte, puis je m&rsquo;abrite, autant de la pluie que du soleil, puis je me gratte au tronc. Comble de bonheur, je me couche au frais avec mes copines, pour ruminer.<i>\u00a0Le bonheur est sous l&rsquo;arbre du pr\u00e9, c&rsquo;est l&rsquo;alpha et l&rsquo;om\u00e9ga de ma philosophie<\/i>\u00a0, se pla\u00eet-elle \u00e0 penser, les yeux mi-clos, ben aise.<\/span><\/p><p align=\"center\"><span style=\"font-size: medium;\"><span style=\"font-family: Sylfaen, serif;\"><i><b>E<\/b><\/i><\/span>t puis&#8230; <span style=\"font-family: Sylfaen, serif;\"><i><b>v<\/b><\/i><\/span>oici l&rsquo;Anc\u00eatre, le V\u00e9n\u00e9rable, porteur de vie \u00e0 tous les \u00e9tages, qui regarde le monde depuis si longtemps\u00a0!<\/span><\/p><p align=\"center\"><span style=\"font-size: medium;\"><span style=\"font-family: Sylfaen, serif;\"><i><b>D<\/b><\/i><\/span>ans ses creux s&rsquo;abrite la sittelle, <\/span><\/p><p align=\"center\"><span style=\"font-family: Sylfaen, serif;\"><span style=\"font-size: medium;\">s&rsquo;y est endormi le l\u00e9rot depuis l&rsquo;automne. <\/span><\/span><\/p><p align=\"center\"><span style=\"font-size: medium;\"><span style=\"font-family: Sylfaen, serif;\"><i><b>S<\/b><\/i><\/span>ur ses fourches tout l\u00e0-haut, la buse surveille son territoire. <\/span><\/p><p align=\"center\"><span style=\"font-size: medium;\"><span style=\"font-family: Sylfaen, serif;\"><i><b>S<\/b><\/i><\/span>ur son tronc court l&rsquo;\u00e9cureuil agile, press\u00e9 de retrouver ses noisettes cach\u00e9es. C&rsquo;est l&rsquo;hiver, sus aux r\u00e9serves\u00a0! <\/span><\/p><p align=\"center\"><span style=\"font-size: medium;\"><span style=\"font-family: Sylfaen, serif;\"><i><b>L<\/b><\/i><\/span>e papillon sphinx a confi\u00e9 l&rsquo;espoir de sa descendance aux plis de son \u00e9corce, avant de d\u00e9poser les armes d\u00e8s les premiers frimas. <\/span><\/p><p align=\"center\"><span style=\"font-size: medium;\"><span style=\"font-family: Sylfaen, serif;\"><i><b>L<\/b><\/i><\/span>e cynips, une petite mouche, avait piqu\u00e9 une tendre tigelle en \u00e9t\u00e9 pour y d\u00e9poser son \u0153uf. L&rsquo;arbre en r\u00e9action a fabriqu\u00e9 une galle, qui servira de berceau au jeune moucheron. <\/span><\/p><p align=\"center\"><span style=\"font-size: medium;\"><span style=\"font-family: Sylfaen, serif;\"><i><b>L<\/b><\/i><\/span>e geai qui se cache dans le feuillage voit tout, comme la comm\u00e8re derri\u00e8re son rideau de cui\u00adsine. <\/span><\/p><p align=\"center\"><span style=\"font-size: medium;\"><span style=\"font-family: Sylfaen, serif;\"><i><b>L<\/b><\/i><\/span>es m\u00e9sanges p\u00e9pient, t\u00eate en bas, gobant un perce-oreille endormi par-ci, un vers par-l\u00e0, puis reprennent leur course joyeuse vers un autre g\u00e9ant. <\/span><\/p><p align=\"center\"><span style=\"font-size: medium;\"><span style=\"font-family: Sylfaen, serif;\"><i><b>L<\/b><\/i><\/span>e pic \u00e9peiche s&rsquo;en m\u00eale, avec son bec-tambour. Point de branche morte sans mangeurs de bois, et il adore les mangeurs de bois, le pic \u00e9peiche&#8230;<\/span><\/p><p align=\"center\"><span style=\"font-size: medium;\"><span style=\"font-family: Sylfaen, serif;\"><i><b>E<\/b><\/i><\/span>t moi, candide bougresse, je me suis assoupie sous son ombrage. J&rsquo;ai r\u00eav\u00e9, mais allez savoir&#8230; que l&rsquo;Arbre chuchotait \u00e0 mon oreille. <\/span><\/p><p align=\"center\"><span style=\"font-size: medium;\">Il me priait de parler de lui, pour qu&rsquo;il redevienne aim\u00e9 des hommes.<\/span><\/p><p align=\"center\">***<\/p><\/div>\t\t\t\t\t\t\t\t<\/div>\n\t\t\t\t<\/div>\n\t\t\t\t<\/div>\n\t\t\t\t<div class=\"elementor-element elementor-element-3a95ed3 elementor-widget elementor-widget-text-editor\" data-id=\"3a95ed3\" data-element_type=\"widget\" data-widget_type=\"text-editor.default\">\n\t\t\t\t<div class=\"elementor-widget-container\">\n\t\t\t\t\t\t\t\t\t<p align=\"justify\">\u00a0 \u00a0 \u00a0 \u00a0 \u00a0 \u00a0 \u00a0 \u00a0 \u00a0 \u00a0 \u00a0 \u00a0 \u00a0 \u00a0 \u00a0 \u00a0 \u00a0 \u00a0 \u00a0 \u00a0 \u00a0 \u00a0 \u00a0 \u00a0 \u00a0 \u00a0 \u00a0 \u00a0 \u00a0 \u00a0 \u00a0 \u00a0 \u00a0 <em><strong>\u00a0DISSEMINATION<\/strong> <strong>DES GRAINES ou <span style=\"font-family: Trebuchet MS, sans-serif;\"><span style=\"font-size: large;\">Comment voyager quand on n&rsquo;a pas de jambes\u00a0?<\/span><\/span><\/strong><\/em><\/p><p align=\"justify\"><span style=\"font-family: Trebuchet MS, sans-serif;\">Nous croyons souvent que les plantes sont condamn\u00e9es \u00e0 rester toujours au m\u00eame endroit et que leurs enfants sont tenus de rester autour des plantes-parents. Certains s&rsquo;en trouvent bien, il est vrai.<\/span><\/p><p align=\"justify\"><span style=\"font-family: Trebuchet MS, sans-serif;\">Mais c&rsquo;est trop demander \u00e0 celles qui ne r\u00eavent que d&rsquo;aventures. Et comment donc recou\u00advrir notre Terre fertile qui n&rsquo;aime gu\u00e8re se retrouver \u00e0 nu\u00a0? Comment l&rsquo;habiller de jolis tapis verts, d&rsquo;arbres et de fleurs, s&rsquo;il n&rsquo;est pas possible de se transplanter ici et l\u00e0\u00a0?<\/span><\/p><p align=\"justify\"><span style=\"font-family: Trebuchet MS, sans-serif;\">La nature \u00e9tant ing\u00e9nieuse, toutes sortes de strat\u00e9gies ont \u00e9t\u00e9 d\u00e9ploy\u00e9es au fil du temps par les graines pour atteindre les lieux propices \u00e0 leur germination, et \u00e0 l&rsquo;\u00e9panouisse\u00adment de la plante qu&rsquo;elles portent en elles. Ou par go\u00fbt de la d\u00e9couverte, allez savoir&#8230;<\/span><\/p><p align=\"justify\"><span style=\"font-family: Trebuchet MS, sans-serif;\">Certaines se sont munies d&rsquo;h\u00e9lices pour profiter du vent, comme les \u00e9rables. Elles ne vont pas bien loin mais elles sont tout de m\u00eame port\u00e9es \u00e0 quelques m\u00e8tres et davantage sous les bourrasques. Quelle rigolade alors de valser, valser \u00e0 s&rsquo;en faire tourner la t\u00eate\u00a0!<\/span><\/p><p align=\"justify\"><span style=\"font-family: Trebuchet MS, sans-serif;\">Celles-l\u00e0 ont trouv\u00e9 l&rsquo;astuce de se faire porter. Gr\u00e2ce \u00e0 leurs nombreux crochets, comme chez la Beno\u00eete ou la Bardane, elles s&rsquo;agrippent au premier animal qui les fr\u00f4le et les voil\u00e0 parties au rythme de leur monture, lent ou effr\u00e9n\u00e9. Quand l&rsquo;animal se gratte, se frotte contre un tronc ou si les crochets se d\u00e9tachent, la graine tombe \u00e0 terre, ainsi le sort a-t-il d\u00e9cid\u00e9 de son nouveau domicile. Si le lieu lui convient, elle y fera sa vie, sinon, si elle a l&rsquo;occasion de s&rsquo;accrocher \u00e0 nouveau \u00e0 un ventre poilu qui se sera couch\u00e9 l\u00e0, elle retentera sa chance. Si elle n&rsquo;a pas cette opportunit\u00e9, elle participera \u00e0 la lev\u00e9e d&rsquo;autres graines\u00a0: en se d\u00e9composant elle redonnera son \u00e9nergie \u00e0 la terre, ou nourrira quelque pinson. Rien ne se perd dans la grande cha\u00eene de la vie.<\/span><\/p><p align=\"justify\"><span style=\"font-family: Trebuchet MS, sans-serif;\">D&rsquo;autres encore utilisent la voie des eaux, comme la noix de coco qui est capable de tra\u00adverser les oc\u00e9ans pour migrer et former de nouvelles colonies aux confins de l&rsquo;horizon.<\/span><\/p><p align=\"justify\"><span style=\"font-family: Trebuchet MS, sans-serif;\">Plus pr\u00e8s de nous, avec \u00e9l\u00e9gance, tout en l\u00e9g\u00e8ret\u00e9, les enfants des pissenlits se sont agr\u00e9\u00adment\u00e9s d&rsquo;un joli parachute soyeux pour prolonger la ba\u00adlade sous la brise. Qu&rsquo;une fra\u00eeche taupini\u00e8re accueille l&rsquo;atterrissage tout en douceur de l&rsquo;un deux et le voici piquant son nez en terre, pr\u00eat \u00e0 ger\u00admer. Bient\u00f4t, il s&rsquo;\u00e9talera en une rosette de feuilles en dents de lion pas si effrayantes que cela, avant de parer la prairie de lumineuses fleurs jaunes, comme au\u00adtant de clins d\u2019\u0153il engageants pour les abeilles. Car tout en butinant assid\u00fb\u00adment, celles-ci sont de v\u00e9ritables en\u00adtremetteuses. Conscientes ou non de leur r\u00f4le, ce sont elles qui permettent les rencontres f\u00e9condes au c\u0153ur des fleurs, et l&rsquo;amorce d&rsquo;un cycle nouveau. <\/span><\/p><p align=\"center\"><span style=\"font-family: Trebuchet MS, sans-serif;\">_________________<\/span><\/p>\t\t\t\t\t\t\t\t<\/div>\n\t\t\t\t<\/div>\n\t\t\t\t\t<\/div>\n\t\t\t\t<\/div>\n\t\t\t\t<\/div>\n\t\t","protected":false},"excerpt":{"rendered":"<p>Nos cr\u00e9atifs \u00a0 L&rsquo;association met cet espace \u00e0 disposition des \u00ab\u00a0cr\u00e9atifs\u00a0\u00bb qui nous proposent po\u00e8mes,\u00a0 contes, dessins, photos avec pour th\u00e8me l&rsquo;environnement.\u00a0 * Narcisses et violettes (d&rsquo;apr\u00e8s croquis de terrain). Les oiseaux jouent aussi dans la neige Pinson du Nord M\u00e9sange bleue Chardonneret \u00e9l\u00e9gant Merle noir Bouvreuil m\u00e2le Chardonneret \u00e9l\u00e9gants Bouvreuil femelle M\u00e9sange charbonni\u00e8re Dans&hellip;&nbsp;<a href=\"https:\/\/comite-ecologique-ariegeois.org\/?page_id=9114\" rel=\"bookmark\">Lire la suite &raquo;<span class=\"screen-reader-text\">Nos cr\u00e9atifs<\/span><\/a><\/p>\n","protected":false},"author":2,"featured_media":0,"parent":0,"menu_order":0,"comment_status":"closed","ping_status":"closed","template":"page-templates\/template-pagebuilder-full-width.php","meta":{"neve_meta_sidebar":"","neve_meta_container":"","neve_meta_enable_content_width":"","neve_meta_content_width":0,"neve_meta_title_alignment":"","neve_meta_author_avatar":"","neve_post_elements_order":"","neve_meta_disable_header":"","neve_meta_disable_footer":"","neve_meta_disable_title":"","footnotes":""},"class_list":["post-9114","page","type-page","status-publish","hentry"],"yoast_head":"<!-- This site is optimized with the Yoast SEO plugin v26.4 - https:\/\/yoast.com\/wordpress\/plugins\/seo\/ -->\n<title>Nos cr\u00e9atifs - Comit\u00e9 Ecologique Ari\u00e8geois<\/title>\n<meta name=\"robots\" content=\"index, follow, max-snippet:-1, max-image-preview:large, max-video-preview:-1\" \/>\n<link rel=\"canonical\" href=\"https:\/\/comite-ecologique-ariegeois.org\/?page_id=9114\" \/>\n<meta property=\"og:locale\" content=\"fr_FR\" \/>\n<meta property=\"og:type\" content=\"article\" \/>\n<meta property=\"og:title\" content=\"Nos cr\u00e9atifs - Comit\u00e9 Ecologique Ari\u00e8geois\" \/>\n<meta property=\"og:description\" content=\"Nos cr\u00e9atifs \u00a0 L&rsquo;association met cet espace \u00e0 disposition des \u00ab\u00a0cr\u00e9atifs\u00a0\u00bb qui nous proposent po\u00e8mes,\u00a0 contes, dessins, photos avec pour th\u00e8me l&rsquo;environnement.\u00a0 * Narcisses et violettes (d&rsquo;apr\u00e8s croquis de terrain). Les oiseaux jouent aussi dans la neige Pinson du Nord M\u00e9sange bleue Chardonneret \u00e9l\u00e9gant Merle noir Bouvreuil m\u00e2le Chardonneret \u00e9l\u00e9gants Bouvreuil femelle M\u00e9sange charbonni\u00e8re Dans&hellip;&nbsp;Lire la suite &raquo;Nos cr\u00e9atifs\" \/>\n<meta property=\"og:url\" content=\"https:\/\/comite-ecologique-ariegeois.org\/?page_id=9114\" \/>\n<meta property=\"og:site_name\" content=\"Comit\u00e9 Ecologique Ari\u00e8geois\" \/>\n<meta property=\"article:publisher\" content=\"https:\/\/www.facebook.com\/comite.ariegeois\/\" \/>\n<meta property=\"article:modified_time\" content=\"2026-01-28T14:16:29+00:00\" \/>\n<meta property=\"og:image\" content=\"https:\/\/comite-ecologique-ariegeois.org\/wp-content\/uploads\/2025\/04\/PDF-dessin-MR_Biche-1024x629.jpg\" \/>\n\t<meta property=\"og:image:width\" content=\"1024\" \/>\n\t<meta property=\"og:image:height\" content=\"629\" \/>\n\t<meta property=\"og:image:type\" content=\"image\/jpeg\" \/>\n<meta name=\"twitter:card\" content=\"summary_large_image\" \/>\n<meta name=\"twitter:label1\" content=\"Dur\u00e9e de lecture estim\u00e9e\" \/>\n\t<meta name=\"twitter:data1\" content=\"19 minutes\" \/>\n<script type=\"application\/ld+json\" class=\"yoast-schema-graph\">{\"@context\":\"https:\/\/schema.org\",\"@graph\":[{\"@type\":\"WebPage\",\"@id\":\"https:\/\/comite-ecologique-ariegeois.org\/?page_id=9114\",\"url\":\"https:\/\/comite-ecologique-ariegeois.org\/?page_id=9114\",\"name\":\"Nos cr\u00e9atifs - Comit\u00e9 Ecologique Ari\u00e8geois\",\"isPartOf\":{\"@id\":\"https:\/\/comite-ecologique-ariegeois.org\/#website\"},\"primaryImageOfPage\":{\"@id\":\"https:\/\/comite-ecologique-ariegeois.org\/?page_id=9114#primaryimage\"},\"image\":{\"@id\":\"https:\/\/comite-ecologique-ariegeois.org\/?page_id=9114#primaryimage\"},\"thumbnailUrl\":\"https:\/\/comite-ecologique-ariegeois.org\/wp-content\/uploads\/2025\/04\/PDF-dessin-MR_Biche-1024x629.jpg\",\"datePublished\":\"2025-04-15T17:26:54+00:00\",\"dateModified\":\"2026-01-28T14:16:29+00:00\",\"breadcrumb\":{\"@id\":\"https:\/\/comite-ecologique-ariegeois.org\/?page_id=9114#breadcrumb\"},\"inLanguage\":\"fr-FR\",\"potentialAction\":[{\"@type\":\"ReadAction\",\"target\":[\"https:\/\/comite-ecologique-ariegeois.org\/?page_id=9114\"]}]},{\"@type\":\"ImageObject\",\"inLanguage\":\"fr-FR\",\"@id\":\"https:\/\/comite-ecologique-ariegeois.org\/?page_id=9114#primaryimage\",\"url\":\"https:\/\/comite-ecologique-ariegeois.org\/wp-content\/uploads\/2025\/04\/PDF-dessin-MR_Biche.jpg\",\"contentUrl\":\"https:\/\/comite-ecologique-ariegeois.org\/wp-content\/uploads\/2025\/04\/PDF-dessin-MR_Biche.jpg\",\"width\":2255,\"height\":1386},{\"@type\":\"BreadcrumbList\",\"@id\":\"https:\/\/comite-ecologique-ariegeois.org\/?page_id=9114#breadcrumb\",\"itemListElement\":[{\"@type\":\"ListItem\",\"position\":1,\"name\":\"Accueil\",\"item\":\"https:\/\/comite-ecologique-ariegeois.org\/\"},{\"@type\":\"ListItem\",\"position\":2,\"name\":\"Nos cr\u00e9atifs\"}]},{\"@type\":\"WebSite\",\"@id\":\"https:\/\/comite-ecologique-ariegeois.org\/#website\",\"url\":\"https:\/\/comite-ecologique-ariegeois.org\/\",\"name\":\"Comit\u00e9 Ecologique Ari\u00e8geois\",\"description\":\"Assotiation de protection de la nature\",\"publisher\":{\"@id\":\"https:\/\/comite-ecologique-ariegeois.org\/#organization\"},\"potentialAction\":[{\"@type\":\"SearchAction\",\"target\":{\"@type\":\"EntryPoint\",\"urlTemplate\":\"https:\/\/comite-ecologique-ariegeois.org\/?s={search_term_string}\"},\"query-input\":{\"@type\":\"PropertyValueSpecification\",\"valueRequired\":true,\"valueName\":\"search_term_string\"}}],\"inLanguage\":\"fr-FR\"},{\"@type\":\"Organization\",\"@id\":\"https:\/\/comite-ecologique-ariegeois.org\/#organization\",\"name\":\"Comit\u00e9 Ecologique Ari\u00e8geois\",\"url\":\"https:\/\/comite-ecologique-ariegeois.org\/\",\"logo\":{\"@type\":\"ImageObject\",\"inLanguage\":\"fr-FR\",\"@id\":\"https:\/\/comite-ecologique-ariegeois.org\/#\/schema\/logo\/image\/\",\"url\":\"https:\/\/comite-ecologique-ariegeois.org\/wp-content\/uploads\/2025\/01\/logo_nouveau_cea_jpeg_250pix_02_03_24-a8816.jpg\",\"contentUrl\":\"https:\/\/comite-ecologique-ariegeois.org\/wp-content\/uploads\/2025\/01\/logo_nouveau_cea_jpeg_250pix_02_03_24-a8816.jpg\",\"width\":250,\"height\":250,\"caption\":\"Comit\u00e9 Ecologique Ari\u00e8geois\"},\"image\":{\"@id\":\"https:\/\/comite-ecologique-ariegeois.org\/#\/schema\/logo\/image\/\"},\"sameAs\":[\"https:\/\/www.facebook.com\/comite.ariegeois\/\",\"https:\/\/www.instagram.com\/comite.ecologique.ariegeois\/\"]}]}<\/script>\n<!-- \/ Yoast SEO plugin. -->","yoast_head_json":{"title":"Nos cr\u00e9atifs - Comit\u00e9 Ecologique Ari\u00e8geois","robots":{"index":"index","follow":"follow","max-snippet":"max-snippet:-1","max-image-preview":"max-image-preview:large","max-video-preview":"max-video-preview:-1"},"canonical":"https:\/\/comite-ecologique-ariegeois.org\/?page_id=9114","og_locale":"fr_FR","og_type":"article","og_title":"Nos cr\u00e9atifs - Comit\u00e9 Ecologique Ari\u00e8geois","og_description":"Nos cr\u00e9atifs \u00a0 L&rsquo;association met cet espace \u00e0 disposition des \u00ab\u00a0cr\u00e9atifs\u00a0\u00bb qui nous proposent po\u00e8mes,\u00a0 contes, dessins, photos avec pour th\u00e8me l&rsquo;environnement.\u00a0 * Narcisses et violettes (d&rsquo;apr\u00e8s croquis de terrain). Les oiseaux jouent aussi dans la neige Pinson du Nord M\u00e9sange bleue Chardonneret \u00e9l\u00e9gant Merle noir Bouvreuil m\u00e2le Chardonneret \u00e9l\u00e9gants Bouvreuil femelle M\u00e9sange charbonni\u00e8re Dans&hellip;&nbsp;Lire la suite &raquo;Nos cr\u00e9atifs","og_url":"https:\/\/comite-ecologique-ariegeois.org\/?page_id=9114","og_site_name":"Comit\u00e9 Ecologique Ari\u00e8geois","article_publisher":"https:\/\/www.facebook.com\/comite.ariegeois\/","article_modified_time":"2026-01-28T14:16:29+00:00","og_image":[{"width":1024,"height":629,"url":"https:\/\/comite-ecologique-ariegeois.org\/wp-content\/uploads\/2025\/04\/PDF-dessin-MR_Biche-1024x629.jpg","type":"image\/jpeg"}],"twitter_card":"summary_large_image","twitter_misc":{"Dur\u00e9e de lecture estim\u00e9e":"19 minutes"},"schema":{"@context":"https:\/\/schema.org","@graph":[{"@type":"WebPage","@id":"https:\/\/comite-ecologique-ariegeois.org\/?page_id=9114","url":"https:\/\/comite-ecologique-ariegeois.org\/?page_id=9114","name":"Nos cr\u00e9atifs - Comit\u00e9 Ecologique Ari\u00e8geois","isPartOf":{"@id":"https:\/\/comite-ecologique-ariegeois.org\/#website"},"primaryImageOfPage":{"@id":"https:\/\/comite-ecologique-ariegeois.org\/?page_id=9114#primaryimage"},"image":{"@id":"https:\/\/comite-ecologique-ariegeois.org\/?page_id=9114#primaryimage"},"thumbnailUrl":"https:\/\/comite-ecologique-ariegeois.org\/wp-content\/uploads\/2025\/04\/PDF-dessin-MR_Biche-1024x629.jpg","datePublished":"2025-04-15T17:26:54+00:00","dateModified":"2026-01-28T14:16:29+00:00","breadcrumb":{"@id":"https:\/\/comite-ecologique-ariegeois.org\/?page_id=9114#breadcrumb"},"inLanguage":"fr-FR","potentialAction":[{"@type":"ReadAction","target":["https:\/\/comite-ecologique-ariegeois.org\/?page_id=9114"]}]},{"@type":"ImageObject","inLanguage":"fr-FR","@id":"https:\/\/comite-ecologique-ariegeois.org\/?page_id=9114#primaryimage","url":"https:\/\/comite-ecologique-ariegeois.org\/wp-content\/uploads\/2025\/04\/PDF-dessin-MR_Biche.jpg","contentUrl":"https:\/\/comite-ecologique-ariegeois.org\/wp-content\/uploads\/2025\/04\/PDF-dessin-MR_Biche.jpg","width":2255,"height":1386},{"@type":"BreadcrumbList","@id":"https:\/\/comite-ecologique-ariegeois.org\/?page_id=9114#breadcrumb","itemListElement":[{"@type":"ListItem","position":1,"name":"Accueil","item":"https:\/\/comite-ecologique-ariegeois.org\/"},{"@type":"ListItem","position":2,"name":"Nos cr\u00e9atifs"}]},{"@type":"WebSite","@id":"https:\/\/comite-ecologique-ariegeois.org\/#website","url":"https:\/\/comite-ecologique-ariegeois.org\/","name":"Comit\u00e9 Ecologique Ari\u00e8geois","description":"Assotiation de protection de la nature","publisher":{"@id":"https:\/\/comite-ecologique-ariegeois.org\/#organization"},"potentialAction":[{"@type":"SearchAction","target":{"@type":"EntryPoint","urlTemplate":"https:\/\/comite-ecologique-ariegeois.org\/?s={search_term_string}"},"query-input":{"@type":"PropertyValueSpecification","valueRequired":true,"valueName":"search_term_string"}}],"inLanguage":"fr-FR"},{"@type":"Organization","@id":"https:\/\/comite-ecologique-ariegeois.org\/#organization","name":"Comit\u00e9 Ecologique Ari\u00e8geois","url":"https:\/\/comite-ecologique-ariegeois.org\/","logo":{"@type":"ImageObject","inLanguage":"fr-FR","@id":"https:\/\/comite-ecologique-ariegeois.org\/#\/schema\/logo\/image\/","url":"https:\/\/comite-ecologique-ariegeois.org\/wp-content\/uploads\/2025\/01\/logo_nouveau_cea_jpeg_250pix_02_03_24-a8816.jpg","contentUrl":"https:\/\/comite-ecologique-ariegeois.org\/wp-content\/uploads\/2025\/01\/logo_nouveau_cea_jpeg_250pix_02_03_24-a8816.jpg","width":250,"height":250,"caption":"Comit\u00e9 Ecologique Ari\u00e8geois"},"image":{"@id":"https:\/\/comite-ecologique-ariegeois.org\/#\/schema\/logo\/image\/"},"sameAs":["https:\/\/www.facebook.com\/comite.ariegeois\/","https:\/\/www.instagram.com\/comite.ecologique.ariegeois\/"]}]}},"_links":{"self":[{"href":"https:\/\/comite-ecologique-ariegeois.org\/index.php?rest_route=\/wp\/v2\/pages\/9114","targetHints":{"allow":["GET"]}}],"collection":[{"href":"https:\/\/comite-ecologique-ariegeois.org\/index.php?rest_route=\/wp\/v2\/pages"}],"about":[{"href":"https:\/\/comite-ecologique-ariegeois.org\/index.php?rest_route=\/wp\/v2\/types\/page"}],"author":[{"embeddable":true,"href":"https:\/\/comite-ecologique-ariegeois.org\/index.php?rest_route=\/wp\/v2\/users\/2"}],"replies":[{"embeddable":true,"href":"https:\/\/comite-ecologique-ariegeois.org\/index.php?rest_route=%2Fwp%2Fv2%2Fcomments&post=9114"}],"version-history":[{"count":76,"href":"https:\/\/comite-ecologique-ariegeois.org\/index.php?rest_route=\/wp\/v2\/pages\/9114\/revisions"}],"predecessor-version":[{"id":11114,"href":"https:\/\/comite-ecologique-ariegeois.org\/index.php?rest_route=\/wp\/v2\/pages\/9114\/revisions\/11114"}],"wp:attachment":[{"href":"https:\/\/comite-ecologique-ariegeois.org\/index.php?rest_route=%2Fwp%2Fv2%2Fmedia&parent=9114"}],"curies":[{"name":"wp","href":"https:\/\/api.w.org\/{rel}","templated":true}]}}