{"id":85,"date":"2024-07-15T18:17:21","date_gmt":"2024-07-15T16:17:21","guid":{"rendered":"https:\/\/comite-ecologique-ariegeois.org\/?page_id=85"},"modified":"2025-03-31T19:32:03","modified_gmt":"2025-03-31T17:32:03","slug":"vie-de-lasso","status":"publish","type":"page","link":"https:\/\/comite-ecologique-ariegeois.org\/?page_id=85","title":{"rendered":"Vie de l&rsquo;asso"},"content":{"rendered":"\t\t<div data-elementor-type=\"wp-page\" data-elementor-id=\"85\" class=\"elementor elementor-85\">\n\t\t\t\t<div class=\"elementor-element elementor-element-2cb2f29 e-flex e-con-boxed e-con e-parent\" data-id=\"2cb2f29\" data-element_type=\"container\">\n\t\t\t\t\t<div class=\"e-con-inner\">\n\t\t\t\t<div class=\"elementor-element elementor-element-2f9eee8 elementor-widget elementor-widget-spacer\" data-id=\"2f9eee8\" data-element_type=\"widget\" data-widget_type=\"spacer.default\">\n\t\t\t\t<div class=\"elementor-widget-container\">\n\t\t\t\t\t\t\t<div class=\"elementor-spacer\">\n\t\t\t<div class=\"elementor-spacer-inner\"><\/div>\n\t\t<\/div>\n\t\t\t\t\t\t<\/div>\n\t\t\t\t<\/div>\n\t\t\t\t<div class=\"elementor-element elementor-element-db6d87b elementor-widget elementor-widget-heading\" data-id=\"db6d87b\" data-element_type=\"widget\" data-widget_type=\"heading.default\">\n\t\t\t\t<div class=\"elementor-widget-container\">\n\t\t\t\t\t<h1 class=\"elementor-heading-title elementor-size-default\">Vie de l'association<\/h1>\t\t\t\t<\/div>\n\t\t\t\t<\/div>\n\t\t\t\t<div class=\"elementor-element elementor-element-9351a7a elementor-widget elementor-widget-spacer\" data-id=\"9351a7a\" data-element_type=\"widget\" data-widget_type=\"spacer.default\">\n\t\t\t\t<div class=\"elementor-widget-container\">\n\t\t\t\t\t\t\t<div class=\"elementor-spacer\">\n\t\t\t<div class=\"elementor-spacer-inner\"><\/div>\n\t\t<\/div>\n\t\t\t\t\t\t<\/div>\n\t\t\t\t<\/div>\n\t\t\t\t\t<\/div>\n\t\t\t\t<\/div>\n\t\t<div class=\"elementor-element elementor-element-fd0928c e-flex e-con-boxed e-con e-parent\" data-id=\"fd0928c\" data-element_type=\"container\">\n\t\t\t\t\t<div class=\"e-con-inner\">\n\t\t<div class=\"elementor-element elementor-element-517e7ca e-grid e-con-full e-con e-child\" data-id=\"517e7ca\" data-element_type=\"container\" data-settings=\"{&quot;background_background&quot;:&quot;classic&quot;}\">\n\t\t\t\t<div class=\"elementor-element elementor-element-1e767bb e-transform e-transform e-transform elementor-widget elementor-widget-heading\" data-id=\"1e767bb\" data-element_type=\"widget\" data-settings=\"{&quot;_animation&quot;:&quot;none&quot;,&quot;_transform_scale_effect&quot;:{&quot;unit&quot;:&quot;px&quot;,&quot;size&quot;:&quot;&quot;,&quot;sizes&quot;:[]},&quot;_transform_scale_effect_tablet&quot;:{&quot;unit&quot;:&quot;px&quot;,&quot;size&quot;:&quot;&quot;,&quot;sizes&quot;:[]},&quot;_transform_scale_effect_mobile&quot;:{&quot;unit&quot;:&quot;px&quot;,&quot;size&quot;:&quot;&quot;,&quot;sizes&quot;:[]},&quot;_transform_rotateZ_effect_hover&quot;:{&quot;unit&quot;:&quot;px&quot;,&quot;size&quot;:&quot;&quot;,&quot;sizes&quot;:[]},&quot;_transform_rotateZ_effect_hover_tablet&quot;:{&quot;unit&quot;:&quot;deg&quot;,&quot;size&quot;:&quot;&quot;,&quot;sizes&quot;:[]},&quot;_transform_rotateZ_effect_hover_mobile&quot;:{&quot;unit&quot;:&quot;deg&quot;,&quot;size&quot;:&quot;&quot;,&quot;sizes&quot;:[]},&quot;_transform_translateX_effect_hover&quot;:{&quot;unit&quot;:&quot;px&quot;,&quot;size&quot;:&quot;&quot;,&quot;sizes&quot;:[]},&quot;_transform_translateX_effect_hover_tablet&quot;:{&quot;unit&quot;:&quot;px&quot;,&quot;size&quot;:&quot;&quot;,&quot;sizes&quot;:[]},&quot;_transform_translateX_effect_hover_mobile&quot;:{&quot;unit&quot;:&quot;px&quot;,&quot;size&quot;:&quot;&quot;,&quot;sizes&quot;:[]},&quot;_transform_translateY_effect_hover&quot;:{&quot;unit&quot;:&quot;px&quot;,&quot;size&quot;:&quot;&quot;,&quot;sizes&quot;:[]},&quot;_transform_translateY_effect_hover_tablet&quot;:{&quot;unit&quot;:&quot;px&quot;,&quot;size&quot;:&quot;&quot;,&quot;sizes&quot;:[]},&quot;_transform_translateY_effect_hover_mobile&quot;:{&quot;unit&quot;:&quot;px&quot;,&quot;size&quot;:&quot;&quot;,&quot;sizes&quot;:[]}}\" data-widget_type=\"heading.default\">\n\t\t\t\t<div class=\"elementor-widget-container\">\n\t\t\t\t\t<h3 class=\"elementor-heading-title elementor-size-default\"><a href=\"#CA\">Conseil d'administration<\/a><\/h3>\t\t\t\t<\/div>\n\t\t\t\t<\/div>\n\t\t\t\t<div class=\"elementor-element elementor-element-e72a4c0 e-transform e-transform e-transform elementor-widget elementor-widget-heading\" data-id=\"e72a4c0\" data-element_type=\"widget\" data-settings=\"{&quot;_animation&quot;:&quot;none&quot;,&quot;_transform_scale_effect&quot;:{&quot;unit&quot;:&quot;px&quot;,&quot;size&quot;:&quot;&quot;,&quot;sizes&quot;:[]},&quot;_transform_scale_effect_tablet&quot;:{&quot;unit&quot;:&quot;px&quot;,&quot;size&quot;:&quot;&quot;,&quot;sizes&quot;:[]},&quot;_transform_scale_effect_mobile&quot;:{&quot;unit&quot;:&quot;px&quot;,&quot;size&quot;:&quot;&quot;,&quot;sizes&quot;:[]},&quot;_transform_rotateZ_effect_hover&quot;:{&quot;unit&quot;:&quot;px&quot;,&quot;size&quot;:&quot;&quot;,&quot;sizes&quot;:[]},&quot;_transform_rotateZ_effect_hover_tablet&quot;:{&quot;unit&quot;:&quot;deg&quot;,&quot;size&quot;:&quot;&quot;,&quot;sizes&quot;:[]},&quot;_transform_rotateZ_effect_hover_mobile&quot;:{&quot;unit&quot;:&quot;deg&quot;,&quot;size&quot;:&quot;&quot;,&quot;sizes&quot;:[]},&quot;_transform_translateX_effect_hover&quot;:{&quot;unit&quot;:&quot;px&quot;,&quot;size&quot;:&quot;&quot;,&quot;sizes&quot;:[]},&quot;_transform_translateX_effect_hover_tablet&quot;:{&quot;unit&quot;:&quot;px&quot;,&quot;size&quot;:&quot;&quot;,&quot;sizes&quot;:[]},&quot;_transform_translateX_effect_hover_mobile&quot;:{&quot;unit&quot;:&quot;px&quot;,&quot;size&quot;:&quot;&quot;,&quot;sizes&quot;:[]},&quot;_transform_translateY_effect_hover&quot;:{&quot;unit&quot;:&quot;px&quot;,&quot;size&quot;:&quot;&quot;,&quot;sizes&quot;:[]},&quot;_transform_translateY_effect_hover_tablet&quot;:{&quot;unit&quot;:&quot;px&quot;,&quot;size&quot;:&quot;&quot;,&quot;sizes&quot;:[]},&quot;_transform_translateY_effect_hover_mobile&quot;:{&quot;unit&quot;:&quot;px&quot;,&quot;size&quot;:&quot;&quot;,&quot;sizes&quot;:[]}}\" data-widget_type=\"heading.default\">\n\t\t\t\t<div class=\"elementor-widget-container\">\n\t\t\t\t\t<h3 class=\"elementor-heading-title elementor-size-default\"><a href=\"#fonctionnement\">Fonctionnement<\/a><\/h3>\t\t\t\t<\/div>\n\t\t\t\t<\/div>\n\t\t\t\t<div class=\"elementor-element elementor-element-96ac61c e-transform e-transform e-transform elementor-widget elementor-widget-heading\" data-id=\"96ac61c\" data-element_type=\"widget\" data-settings=\"{&quot;_animation&quot;:&quot;none&quot;,&quot;_transform_scale_effect&quot;:{&quot;unit&quot;:&quot;px&quot;,&quot;size&quot;:&quot;&quot;,&quot;sizes&quot;:[]},&quot;_transform_scale_effect_tablet&quot;:{&quot;unit&quot;:&quot;px&quot;,&quot;size&quot;:&quot;&quot;,&quot;sizes&quot;:[]},&quot;_transform_scale_effect_mobile&quot;:{&quot;unit&quot;:&quot;px&quot;,&quot;size&quot;:&quot;&quot;,&quot;sizes&quot;:[]},&quot;_transform_rotateZ_effect_hover&quot;:{&quot;unit&quot;:&quot;px&quot;,&quot;size&quot;:&quot;&quot;,&quot;sizes&quot;:[]},&quot;_transform_rotateZ_effect_hover_tablet&quot;:{&quot;unit&quot;:&quot;deg&quot;,&quot;size&quot;:&quot;&quot;,&quot;sizes&quot;:[]},&quot;_transform_rotateZ_effect_hover_mobile&quot;:{&quot;unit&quot;:&quot;deg&quot;,&quot;size&quot;:&quot;&quot;,&quot;sizes&quot;:[]},&quot;_transform_translateX_effect_hover&quot;:{&quot;unit&quot;:&quot;px&quot;,&quot;size&quot;:&quot;&quot;,&quot;sizes&quot;:[]},&quot;_transform_translateX_effect_hover_tablet&quot;:{&quot;unit&quot;:&quot;px&quot;,&quot;size&quot;:&quot;&quot;,&quot;sizes&quot;:[]},&quot;_transform_translateX_effect_hover_mobile&quot;:{&quot;unit&quot;:&quot;px&quot;,&quot;size&quot;:&quot;&quot;,&quot;sizes&quot;:[]},&quot;_transform_translateY_effect_hover&quot;:{&quot;unit&quot;:&quot;px&quot;,&quot;size&quot;:&quot;&quot;,&quot;sizes&quot;:[]},&quot;_transform_translateY_effect_hover_tablet&quot;:{&quot;unit&quot;:&quot;px&quot;,&quot;size&quot;:&quot;&quot;,&quot;sizes&quot;:[]},&quot;_transform_translateY_effect_hover_mobile&quot;:{&quot;unit&quot;:&quot;px&quot;,&quot;size&quot;:&quot;&quot;,&quot;sizes&quot;:[]}}\" data-widget_type=\"heading.default\">\n\t\t\t\t<div class=\"elementor-widget-container\">\n\t\t\t\t\t<h3 class=\"elementor-heading-title elementor-size-default\"><a href=\"#moyens\">Moyens d'actions<\/a><\/h3>\t\t\t\t<\/div>\n\t\t\t\t<\/div>\n\t\t\t\t<div class=\"elementor-element elementor-element-dad9a1a e-transform e-transform e-transform elementor-widget elementor-widget-heading\" data-id=\"dad9a1a\" data-element_type=\"widget\" data-settings=\"{&quot;_animation&quot;:&quot;none&quot;,&quot;_transform_scale_effect&quot;:{&quot;unit&quot;:&quot;px&quot;,&quot;size&quot;:&quot;&quot;,&quot;sizes&quot;:[]},&quot;_transform_scale_effect_tablet&quot;:{&quot;unit&quot;:&quot;px&quot;,&quot;size&quot;:&quot;&quot;,&quot;sizes&quot;:[]},&quot;_transform_scale_effect_mobile&quot;:{&quot;unit&quot;:&quot;px&quot;,&quot;size&quot;:&quot;&quot;,&quot;sizes&quot;:[]},&quot;_transform_rotateZ_effect_hover&quot;:{&quot;unit&quot;:&quot;px&quot;,&quot;size&quot;:&quot;&quot;,&quot;sizes&quot;:[]},&quot;_transform_rotateZ_effect_hover_tablet&quot;:{&quot;unit&quot;:&quot;deg&quot;,&quot;size&quot;:&quot;&quot;,&quot;sizes&quot;:[]},&quot;_transform_rotateZ_effect_hover_mobile&quot;:{&quot;unit&quot;:&quot;deg&quot;,&quot;size&quot;:&quot;&quot;,&quot;sizes&quot;:[]},&quot;_transform_translateX_effect_hover&quot;:{&quot;unit&quot;:&quot;px&quot;,&quot;size&quot;:&quot;&quot;,&quot;sizes&quot;:[]},&quot;_transform_translateX_effect_hover_tablet&quot;:{&quot;unit&quot;:&quot;px&quot;,&quot;size&quot;:&quot;&quot;,&quot;sizes&quot;:[]},&quot;_transform_translateX_effect_hover_mobile&quot;:{&quot;unit&quot;:&quot;px&quot;,&quot;size&quot;:&quot;&quot;,&quot;sizes&quot;:[]},&quot;_transform_translateY_effect_hover&quot;:{&quot;unit&quot;:&quot;px&quot;,&quot;size&quot;:&quot;&quot;,&quot;sizes&quot;:[]},&quot;_transform_translateY_effect_hover_tablet&quot;:{&quot;unit&quot;:&quot;px&quot;,&quot;size&quot;:&quot;&quot;,&quot;sizes&quot;:[]},&quot;_transform_translateY_effect_hover_mobile&quot;:{&quot;unit&quot;:&quot;px&quot;,&quot;size&quot;:&quot;&quot;,&quot;sizes&quot;:[]}}\" data-widget_type=\"heading.default\">\n\t\t\t\t<div class=\"elementor-widget-container\">\n\t\t\t\t\t<h3 class=\"elementor-heading-title elementor-size-default\"><a href=\"#ag\">AG<\/a><\/h3>\t\t\t\t<\/div>\n\t\t\t\t<\/div>\n\t\t\t\t<\/div>\n\t\t\t\t\t<\/div>\n\t\t\t\t<\/div>\n\t\t<div class=\"elementor-element elementor-element-87e13f8 e-flex e-con-boxed e-con e-parent\" data-id=\"87e13f8\" data-element_type=\"container\">\n\t\t\t\t\t<div class=\"e-con-inner\">\n\t\t\t\t<div class=\"elementor-element elementor-element-e9fbc85 elementor-widget elementor-widget-spacer\" data-id=\"e9fbc85\" data-element_type=\"widget\" data-widget_type=\"spacer.default\">\n\t\t\t\t<div class=\"elementor-widget-container\">\n\t\t\t\t\t\t\t<div class=\"elementor-spacer\">\n\t\t\t<div class=\"elementor-spacer-inner\"><\/div>\n\t\t<\/div>\n\t\t\t\t\t\t<\/div>\n\t\t\t\t<\/div>\n\t\t\t\t\t<\/div>\n\t\t\t\t<\/div>\n\t\t<div class=\"elementor-element elementor-element-3e13d84 e-flex e-con-boxed e-con e-parent\" data-id=\"3e13d84\" data-element_type=\"container\">\n\t\t\t\t\t<div class=\"e-con-inner\">\n\t\t<div class=\"elementor-element elementor-element-d19cb1e e-con-full e-flex e-con e-child\" data-id=\"d19cb1e\" data-element_type=\"container\" data-settings=\"{&quot;background_background&quot;:&quot;classic&quot;}\">\n\t\t\t\t<div class=\"elementor-element elementor-element-fa3bcac elementor-widget elementor-widget-menu-anchor\" data-id=\"fa3bcac\" data-element_type=\"widget\" data-widget_type=\"menu-anchor.default\">\n\t\t\t\t<div class=\"elementor-widget-container\">\n\t\t\t\t\t\t\t<div class=\"elementor-menu-anchor\" id=\"CA\"><\/div>\n\t\t\t\t\t\t<\/div>\n\t\t\t\t<\/div>\n\t\t\t\t<div class=\"elementor-element elementor-element-2d0b8f6 elementor-widget elementor-widget-heading\" data-id=\"2d0b8f6\" data-element_type=\"widget\" data-widget_type=\"heading.default\">\n\t\t\t\t<div class=\"elementor-widget-container\">\n\t\t\t\t\t<h2 class=\"elementor-heading-title elementor-size-default\">Conseil d'administration<\/h2>\t\t\t\t<\/div>\n\t\t\t\t<\/div>\n\t\t\t\t<div class=\"elementor-element elementor-element-a81b1c6 elementor-widget elementor-widget-heading\" data-id=\"a81b1c6\" data-element_type=\"widget\" data-widget_type=\"heading.default\">\n\t\t\t\t<div class=\"elementor-widget-container\">\n\t\t\t\t\t<h3 class=\"elementor-heading-title elementor-size-default\">Les Administrateurs et Administratrices<\/h3>\t\t\t\t<\/div>\n\t\t\t\t<\/div>\n\t\t\t\t<div class=\"elementor-element elementor-element-c0d2c68 e-transform elementor-widget elementor-widget-text-editor\" data-id=\"c0d2c68\" data-element_type=\"widget\" data-settings=\"{&quot;_transform_scale_effect&quot;:{&quot;unit&quot;:&quot;px&quot;,&quot;size&quot;:1,&quot;sizes&quot;:[]},&quot;_transform_scale_effect_tablet&quot;:{&quot;unit&quot;:&quot;px&quot;,&quot;size&quot;:&quot;&quot;,&quot;sizes&quot;:[]},&quot;_transform_scale_effect_mobile&quot;:{&quot;unit&quot;:&quot;px&quot;,&quot;size&quot;:&quot;&quot;,&quot;sizes&quot;:[]}}\" data-widget_type=\"text-editor.default\">\n\t\t\t\t<div class=\"elementor-widget-container\">\n\t\t\t\t\t\t\t\t\t<p lang=\"fr-FR\" align=\"justify\">La direction de l&rsquo;association est assur\u00e9e par un Conseil d&rsquo;Administration coll\u00e9gial appel\u00e9 Conseil coll\u00e9gial de 3 membres minimum \u00e0 15 membres maximum \u00e9lus annuellement lors de l&rsquo;Assembl\u00e9e G\u00e9n\u00e9rale. Tous exercent leur fonction b\u00e9n\u00e9volement ; toutefois, sur accord du Conseil coll\u00e9gial, parfois certains frais peuvent \u00eatre pris en charge.<br \/>Au sein du Conseil coll\u00e9gial sont nomm\u00e9s un ou des Copr\u00e9sident.es, un.e tr\u00e9sorier.i\u00e8re, un.e secr\u00e9taire ou tout autre fonction que le Conseil jugera n\u00e9cessaire.<br \/>Les Copr\u00e9sidents.es sont au nombre de 3 maximum, chacun.e repr\u00e9sente l\u2019association devant les administrations et la justice dans le strict respect des d\u00e9cisions du Conseil coll\u00e9gial. Chacun.e peut r\u00e9aliser des actes de formalit\u00e9s administratives (y compris embauche de salari\u00e9s), publication l\u00e9gale ou de gestion financi\u00e8re.<br \/>Tout.e adh\u00e9rent.e majeur.e peut \u00eatre \u00e9lu.e apr\u00e8s un an d\u2019activit\u00e9 dans l\u2019association et apr\u00e8s accord du Conseil coll\u00e9gial.<\/p>\t\t\t\t\t\t\t\t<\/div>\n\t\t\t\t<\/div>\n\t\t\t\t<div class=\"elementor-element elementor-element-df0f479 elementor-widget elementor-widget-image\" data-id=\"df0f479\" data-element_type=\"widget\" data-widget_type=\"image.default\">\n\t\t\t\t<div class=\"elementor-widget-container\">\n\t\t\t\t\t\t\t\t\t\t\t\t\t\t\t<img fetchpriority=\"high\" decoding=\"async\" width=\"930\" height=\"292\" src=\"https:\/\/comite-ecologique-ariegeois.org\/wp-content\/uploads\/2025\/03\/P10101091-930x292.jpg\" class=\"attachment-neve-blog size-neve-blog wp-image-8897\" alt=\"\" \/>\t\t\t\t\t\t\t\t\t\t\t\t\t\t\t<\/div>\n\t\t\t\t<\/div>\n\t\t\t\t<div class=\"elementor-element elementor-element-9904512 elementor-widget elementor-widget-heading\" data-id=\"9904512\" data-element_type=\"widget\" data-widget_type=\"heading.default\">\n\t\t\t\t<div class=\"elementor-widget-container\">\n\t\t\t\t\t<h3 class=\"elementor-heading-title elementor-size-default\">Calendrier des Conseils coll\u00e9giaux<\/h3>\t\t\t\t<\/div>\n\t\t\t\t<\/div>\n\t\t\t\t<div class=\"elementor-element elementor-element-7d110c9 elementor-widget elementor-widget-text-editor\" data-id=\"7d110c9\" data-element_type=\"widget\" data-widget_type=\"text-editor.default\">\n\t\t\t\t<div class=\"elementor-widget-container\">\n\t\t\t\t\t\t\t\t\t<p class=\"western\" lang=\"fr-FR\">Le Conseil coll\u00e9gial se r\u00e9unit au moins 10 fois par an g\u00e9n\u00e9ralement tous les 2\u00e8me samedis du mois \u00e0 15 heures \u00e0 Foix ou davantage sur demande expresse d&rsquo;un.e des copr\u00e9sident.e.s et sur demande \u00e9crite d&rsquo;au moins un quart de ses membres. En cas d&rsquo;urgence, le Conseil peut \u00eatre r\u00e9uni par t\u00e9l\u00e9phone ou en visioconf\u00e9rence, les d\u00e9cisions alors prises sont consign\u00e9es dans le prochain compte-rendu du Conseil coll\u00e9gial.<br \/>Il est ouvert \u00e0 tous les adh\u00e9rent.e.s mais seuls les Conseillers prennent part aux votes des d\u00e9cisions (d\u00e9lib\u00e9ration-mandat, etc.). Les personnes non-adh\u00e9rentes peuvent \u00eatre pr\u00e9sentes, sur inscription pr\u00e9alable aupr\u00e8s de l&rsquo;association.<\/p>\t\t\t\t\t\t\t\t<\/div>\n\t\t\t\t<\/div>\n\t\t\t\t<\/div>\n\t\t\t\t<div class=\"elementor-element elementor-element-cdacd16 elementor-widget elementor-widget-spacer\" data-id=\"cdacd16\" data-element_type=\"widget\" data-widget_type=\"spacer.default\">\n\t\t\t\t<div class=\"elementor-widget-container\">\n\t\t\t\t\t\t\t<div class=\"elementor-spacer\">\n\t\t\t<div class=\"elementor-spacer-inner\"><\/div>\n\t\t<\/div>\n\t\t\t\t\t\t<\/div>\n\t\t\t\t<\/div>\n\t\t<div class=\"elementor-element elementor-element-93af68b e-con-full e-flex e-con e-child\" data-id=\"93af68b\" data-element_type=\"container\" data-settings=\"{&quot;background_background&quot;:&quot;classic&quot;}\">\n\t\t\t\t<div class=\"elementor-element elementor-element-b39b83e elementor-widget elementor-widget-heading\" data-id=\"b39b83e\" data-element_type=\"widget\" data-widget_type=\"heading.default\">\n\t\t\t\t<div class=\"elementor-widget-container\">\n\t\t\t\t\t<h2 class=\"elementor-heading-title elementor-size-default\">Notre  fonctionnement<\/h2>\t\t\t\t<\/div>\n\t\t\t\t<\/div>\n\t\t\t\t<div class=\"elementor-element elementor-element-5bcc49f elementor-widget elementor-widget-text-editor\" data-id=\"5bcc49f\" data-element_type=\"widget\" data-widget_type=\"text-editor.default\">\n\t\t\t\t<div class=\"elementor-widget-container\">\n\t\t\t\t\t\t\t\t\t<p class=\"western\" lang=\"fr-FR\">Le conseil coll\u00e9gial veille au bon fonctionnement de l\u2019association et traite des affaires courantes. Il suit les orientations prises en assembl\u00e9e g\u00e9n\u00e9rale. Les d\u00e9cisions y sont prises \u00e0 la majorit\u00e9 des membres pr\u00e9sents ou repr\u00e9sent\u00e9s (les personnes invit\u00e9es ou non administrateurs ne prennent pas part au vote). Un compte-rendu est r\u00e9dig\u00e9 \u00e0 l\u2019issue de chaque conseil et diffus\u00e9 aupr\u00e8s des adh\u00e9rent.e.s.<br \/>L\u2019assembl\u00e9e g\u00e9n\u00e9rale ordinaire se r\u00e9unit une fois par an<span style=\"color: #009900;\"><b>,<\/b><\/span> en g\u00e9n\u00e9ral au printemps<span style=\"color: #009900;\"><b>,<\/b><\/span> sur convocation avec ordre du jour au plus tard 2 semaines avant sa tenue. Tous les adh\u00e9rents y sont invit\u00e9s mais seuls ceux et celles qui sont \u00e0 jour de leur cotisation prennent part aux votes.<br \/>Lors de l\u2019assembl\u00e9e g\u00e9n\u00e9rale sont pr\u00e9sent\u00e9s les rapports moral, d\u2019activit\u00e9 et financier de l\u2019ann\u00e9e \u00e9coul\u00e9e. Quand l\u2019ordre du jour est \u00e9puis\u00e9, il est proc\u00e9d\u00e9 \u00e0 l\u2019\u00e9lection des membres du conseil coll\u00e9gial.<br \/>En cas de besoin<span style=\"color: #009900;\"><b>,<\/b><\/span> notamment pour des modifications des statuts, un changement de si\u00e8ge social ou la dissolution de l\u2019association, une assembl\u00e9e g\u00e9n\u00e9rale extraordinaire peut \u00eatre organis\u00e9e dans les m\u00eames conditions que l\u2019assembl\u00e9e g\u00e9n\u00e9rale ordinaire. Les documents n\u00e9cessaires \u00e0 la prise de d\u00e9cision seront joints aux convocations.<br \/>Les modalit\u00e9s d\u2019adh\u00e9sion sont d\u00e9taill\u00e9es dans le menu \u00ab <a href=\"https:\/\/comite-ecologique-ariegeois.org\/?page_id=87\">S\u2019engager \u00e0 nos c\u00f4t\u00e9s<\/a> \u00bb. Le montant de l\u2019adh\u00e9sion est d\u00e9cid\u00e9 annuellement lors de l\u2019assembl\u00e9e g\u00e9n\u00e9rale ordinaire.<\/p>\t\t\t\t\t\t\t\t<\/div>\n\t\t\t\t<\/div>\n\t\t\t\t<\/div>\n\t\t\t\t<div class=\"elementor-element elementor-element-2d60e49 elementor-widget elementor-widget-spacer\" data-id=\"2d60e49\" data-element_type=\"widget\" data-widget_type=\"spacer.default\">\n\t\t\t\t<div class=\"elementor-widget-container\">\n\t\t\t\t\t\t\t<div class=\"elementor-spacer\">\n\t\t\t<div class=\"elementor-spacer-inner\"><\/div>\n\t\t<\/div>\n\t\t\t\t\t\t<\/div>\n\t\t\t\t<\/div>\n\t\t<div class=\"elementor-element elementor-element-a46fde1 e-con-full e-flex e-con e-child\" data-id=\"a46fde1\" data-element_type=\"container\" data-settings=\"{&quot;background_background&quot;:&quot;classic&quot;}\">\n\t\t\t\t<div class=\"elementor-element elementor-element-60cb5c9 elementor-widget elementor-widget-heading\" data-id=\"60cb5c9\" data-element_type=\"widget\" data-widget_type=\"heading.default\">\n\t\t\t\t<div class=\"elementor-widget-container\">\n\t\t\t\t\t<h2 class=\"elementor-heading-title elementor-size-default\">Nos moyens d'actions<\/h2>\t\t\t\t<\/div>\n\t\t\t\t<\/div>\n\t\t\t\t<div class=\"elementor-element elementor-element-d79e599 elementor-widget elementor-widget-text-editor\" data-id=\"d79e599\" data-element_type=\"widget\" data-widget_type=\"text-editor.default\">\n\t\t\t\t<div class=\"elementor-widget-container\">\n\t\t\t\t\t\t\t\t\t<p><strong>Ils sont ceux autoris\u00e9s par la loi :<\/strong><\/p><ul><li>Organisation de r\u00e9unions publiques, s\u00e9minaires, colloques, stages, etc.<\/li><li class=\"western\" lang=\"fr-FR\">Edition de tracts, brochures, livres,<\/li><li class=\"western\" lang=\"fr-FR\">Manifestations de masse,<\/li><li class=\"western\" lang=\"fr-FR\">Actions pour une prise de conscience des responsabilit\u00e9s en mati\u00e8re d\u2019\u00e9cologie,<\/li><li lang=\"fr-FR\">Actions de sensibilisation : sorties de d\u00e9couverte de la nature,<\/li><li>Communiqu\u00e9s et conf\u00e9rences de presse<\/li><li class=\"western\" lang=\"fr-FR\">Groupement d\u2019achat pour les adh\u00e9rents,<\/li><li class=\"western\" lang=\"fr-FR\">Actions en justice en rapport avec l\u2019objet de l\u2019association et lorsque le cas se pr\u00e9sente, conjointement avec d&rsquo;autres associations notamment de protection de l&rsquo;environnement, <span style=\"color: #000000;\"><br \/><\/span><\/li><\/ul><p lang=\"fr-FR\">De plus, le CEA a souvent un r\u00f4le de conseil aupr\u00e8s des particuliers et des collectivit\u00e9s et est partie prenante de r\u00e9flexions collectives dans des instances administratives comme le Sch\u00e9ma de Coh\u00e9rence Territoriale (SCOT).<\/p>\t\t\t\t\t\t\t\t<\/div>\n\t\t\t\t<\/div>\n\t\t\t\t<\/div>\n\t\t\t\t<div class=\"elementor-element elementor-element-6e5496c elementor-widget elementor-widget-spacer\" data-id=\"6e5496c\" data-element_type=\"widget\" data-widget_type=\"spacer.default\">\n\t\t\t\t<div class=\"elementor-widget-container\">\n\t\t\t\t\t\t\t<div class=\"elementor-spacer\">\n\t\t\t<div class=\"elementor-spacer-inner\"><\/div>\n\t\t<\/div>\n\t\t\t\t\t\t<\/div>\n\t\t\t\t<\/div>\n\t\t<div class=\"elementor-element elementor-element-12c3bf0 e-con-full e-flex e-con e-child\" data-id=\"12c3bf0\" data-element_type=\"container\" data-settings=\"{&quot;background_background&quot;:&quot;classic&quot;}\">\n\t\t\t\t<div class=\"elementor-element elementor-element-96af173 elementor-widget elementor-widget-heading\" data-id=\"96af173\" data-element_type=\"widget\" data-widget_type=\"heading.default\">\n\t\t\t\t<div class=\"elementor-widget-container\">\n\t\t\t\t\t<h2 class=\"elementor-heading-title elementor-size-default\">Assembl\u00e9e g\u00e9n\u00e9rale<\/h2>\t\t\t\t<\/div>\n\t\t\t\t<\/div>\n\t\t\t\t<div class=\"elementor-element elementor-element-043208f elementor-widget elementor-widget-text-editor\" data-id=\"043208f\" data-element_type=\"widget\" data-widget_type=\"text-editor.default\">\n\t\t\t\t<div class=\"elementor-widget-container\">\n\t\t\t\t\t\t\t\t\t<p>L&rsquo;AG 2025 du CEA s&rsquo;est tenue \u00e0 la salle de Pailh\u00e8s le samedi apr\u00e8s-midi 15 mars 2025. Yvon Lassalle, maire de Pailh\u00e8s, a introduit l&rsquo;AG par la lecture d&rsquo;<a href=\"https:\/\/comite-ecologique-ariegeois.org\/wp-content\/uploads\/2025\/03\/Poesie-Yvon_Les-tueurs-de-planete-15-03-2025.pdf\">une po\u00e9sie de sa composition \u00ab\u00a0Les tueurs de plan\u00e8te, les bourgeons de conscience\u00a0\u00bb.<\/a><\/p>\t\t\t\t\t\t\t\t<\/div>\n\t\t\t\t<\/div>\n\t\t<div class=\"elementor-element elementor-element-621be3f e-grid e-con-full e-con e-child\" data-id=\"621be3f\" data-element_type=\"container\">\n\t\t\t\t<div class=\"elementor-element elementor-element-f12f9f9 elementor-align-center elementor-widget elementor-widget-button\" data-id=\"f12f9f9\" data-element_type=\"widget\" data-widget_type=\"button.default\">\n\t\t\t\t<div class=\"elementor-widget-container\">\n\t\t\t\t\t\t\t\t\t<div class=\"elementor-button-wrapper\">\n\t\t\t\t\t<a class=\"elementor-button elementor-button-link elementor-size-sm elementor-animation-grow\" href=\"https:\/\/comite-ecologique-ariegeois.org\/wp-content\/uploads\/2025\/03\/CR-AG-CEA_15-03-2025-2.pdf\">\n\t\t\t\t\t\t<span class=\"elementor-button-content-wrapper\">\n\t\t\t\t\t\t\t\t\t<span class=\"elementor-button-text\">le compte-rendu de l'AG<\/span>\n\t\t\t\t\t<\/span>\n\t\t\t\t\t<\/a>\n\t\t\t\t<\/div>\n\t\t\t\t\t\t\t\t<\/div>\n\t\t\t\t<\/div>\n\t\t\t\t<div class=\"elementor-element elementor-element-b1e4ad1 elementor-align-center elementor-widget elementor-widget-button\" data-id=\"b1e4ad1\" data-element_type=\"widget\" data-widget_type=\"button.default\">\n\t\t\t\t<div class=\"elementor-widget-container\">\n\t\t\t\t\t\t\t\t\t<div class=\"elementor-button-wrapper\">\n\t\t\t\t\t<a class=\"elementor-button elementor-button-link elementor-size-sm elementor-animation-grow\" href=\"https:\/\/comite-ecologique-ariegeois.org\/wp-content\/uploads\/2025\/03\/RAPPORT-MORAL_AG-CEA-15-03-2025.pdf\">\n\t\t\t\t\t\t<span class=\"elementor-button-content-wrapper\">\n\t\t\t\t\t\t\t\t\t<span class=\"elementor-button-text\">le rapport moral<\/span>\n\t\t\t\t\t<\/span>\n\t\t\t\t\t<\/a>\n\t\t\t\t<\/div>\n\t\t\t\t\t\t\t\t<\/div>\n\t\t\t\t<\/div>\n\t\t\t\t<div class=\"elementor-element elementor-element-ac7dbca elementor-align-center elementor-widget elementor-widget-button\" data-id=\"ac7dbca\" data-element_type=\"widget\" data-widget_type=\"button.default\">\n\t\t\t\t<div class=\"elementor-widget-container\">\n\t\t\t\t\t\t\t\t\t<div class=\"elementor-button-wrapper\">\n\t\t\t\t\t<a class=\"elementor-button elementor-button-link elementor-size-sm elementor-animation-grow\" href=\"https:\/\/comite-ecologique-ariegeois.org\/wp-content\/uploads\/2025\/03\/RAPPORT-DACTIVITES_AG-CEA_15-mars-2025-a-09130-Pailhes.pdf\">\n\t\t\t\t\t\t<span class=\"elementor-button-content-wrapper\">\n\t\t\t\t\t\t\t\t\t<span class=\"elementor-button-text\">le rapport d'activit\u00e9s<\/span>\n\t\t\t\t\t<\/span>\n\t\t\t\t\t<\/a>\n\t\t\t\t<\/div>\n\t\t\t\t\t\t\t\t<\/div>\n\t\t\t\t<\/div>\n\t\t\t\t<\/div>\n\t\t\t\t<\/div>\n\t\t\t\t\t<\/div>\n\t\t\t\t<\/div>\n\t\t\t\t<\/div>\n\t\t","protected":false},"excerpt":{"rendered":"<p>Vie de l&rsquo;association Conseil d&rsquo;administration Fonctionnement Moyens d&rsquo;actions AG Conseil d&rsquo;administration Les Administrateurs et Administratrices La direction de l&rsquo;association est assur\u00e9e par un Conseil d&rsquo;Administration coll\u00e9gial appel\u00e9 Conseil coll\u00e9gial de 3 membres minimum \u00e0 15 membres maximum \u00e9lus annuellement lors de l&rsquo;Assembl\u00e9e G\u00e9n\u00e9rale. Tous exercent leur fonction b\u00e9n\u00e9volement ; toutefois, sur accord du Conseil coll\u00e9gial,&hellip;&nbsp;<a href=\"https:\/\/comite-ecologique-ariegeois.org\/?page_id=85\" rel=\"bookmark\">Lire la suite &raquo;<span class=\"screen-reader-text\">Vie de l&rsquo;asso<\/span><\/a><\/p>\n","protected":false},"author":2,"featured_media":0,"parent":0,"menu_order":0,"comment_status":"closed","ping_status":"closed","template":"page-templates\/template-pagebuilder-full-width.php","meta":{"neve_meta_sidebar":"","neve_meta_container":"","neve_meta_enable_content_width":"","neve_meta_content_width":0,"neve_meta_title_alignment":"","neve_meta_author_avatar":"","neve_post_elements_order":"","neve_meta_disable_header":"","neve_meta_disable_footer":"","neve_meta_disable_title":"","footnotes":""},"class_list":["post-85","page","type-page","status-publish","hentry"],"yoast_head":"<!-- This site is optimized with the Yoast SEO plugin v26.4 - https:\/\/yoast.com\/wordpress\/plugins\/seo\/ -->\n<title>Vie de l&#039;asso - Comit\u00e9 Ecologique Ari\u00e8geois<\/title>\n<meta name=\"robots\" content=\"index, follow, max-snippet:-1, max-image-preview:large, max-video-preview:-1\" \/>\n<link rel=\"canonical\" href=\"https:\/\/comite-ecologique-ariegeois.org\/?page_id=85\" \/>\n<meta property=\"og:locale\" content=\"fr_FR\" \/>\n<meta property=\"og:type\" content=\"article\" \/>\n<meta property=\"og:title\" content=\"Vie de l&#039;asso - Comit\u00e9 Ecologique Ari\u00e8geois\" \/>\n<meta property=\"og:description\" content=\"Vie de l&rsquo;association Conseil d&rsquo;administration Fonctionnement Moyens d&rsquo;actions AG Conseil d&rsquo;administration Les Administrateurs et Administratrices La direction de l&rsquo;association est assur\u00e9e par un Conseil d&rsquo;Administration coll\u00e9gial appel\u00e9 Conseil coll\u00e9gial de 3 membres minimum \u00e0 15 membres maximum \u00e9lus annuellement lors de l&rsquo;Assembl\u00e9e G\u00e9n\u00e9rale. Tous exercent leur fonction b\u00e9n\u00e9volement ; toutefois, sur accord du Conseil coll\u00e9gial,&hellip;&nbsp;Lire la suite &raquo;Vie de l&rsquo;asso\" \/>\n<meta property=\"og:url\" content=\"https:\/\/comite-ecologique-ariegeois.org\/?page_id=85\" \/>\n<meta property=\"og:site_name\" content=\"Comit\u00e9 Ecologique Ari\u00e8geois\" \/>\n<meta property=\"article:publisher\" content=\"https:\/\/www.facebook.com\/comite.ariegeois\/\" \/>\n<meta property=\"article:modified_time\" content=\"2025-03-31T17:32:03+00:00\" \/>\n<meta property=\"og:image\" content=\"https:\/\/comite-ecologique-ariegeois.org\/wp-content\/uploads\/2025\/03\/P10101091.jpg\" \/>\n\t<meta property=\"og:image:width\" content=\"1000\" \/>\n\t<meta property=\"og:image:height\" content=\"292\" \/>\n\t<meta property=\"og:image:type\" content=\"image\/jpeg\" \/>\n<meta name=\"twitter:card\" content=\"summary_large_image\" \/>\n<meta name=\"twitter:label1\" content=\"Dur\u00e9e de lecture estim\u00e9e\" \/>\n\t<meta name=\"twitter:data1\" content=\"4 minutes\" \/>\n<script type=\"application\/ld+json\" class=\"yoast-schema-graph\">{\"@context\":\"https:\/\/schema.org\",\"@graph\":[{\"@type\":\"WebPage\",\"@id\":\"https:\/\/comite-ecologique-ariegeois.org\/?page_id=85\",\"url\":\"https:\/\/comite-ecologique-ariegeois.org\/?page_id=85\",\"name\":\"Vie de l'asso - Comit\u00e9 Ecologique Ari\u00e8geois\",\"isPartOf\":{\"@id\":\"https:\/\/comite-ecologique-ariegeois.org\/#website\"},\"primaryImageOfPage\":{\"@id\":\"https:\/\/comite-ecologique-ariegeois.org\/?page_id=85#primaryimage\"},\"image\":{\"@id\":\"https:\/\/comite-ecologique-ariegeois.org\/?page_id=85#primaryimage\"},\"thumbnailUrl\":\"https:\/\/comite-ecologique-ariegeois.org\/wp-content\/uploads\/2025\/03\/P10101091-930x292.jpg\",\"datePublished\":\"2024-07-15T16:17:21+00:00\",\"dateModified\":\"2025-03-31T17:32:03+00:00\",\"breadcrumb\":{\"@id\":\"https:\/\/comite-ecologique-ariegeois.org\/?page_id=85#breadcrumb\"},\"inLanguage\":\"fr-FR\",\"potentialAction\":[{\"@type\":\"ReadAction\",\"target\":[\"https:\/\/comite-ecologique-ariegeois.org\/?page_id=85\"]}]},{\"@type\":\"ImageObject\",\"inLanguage\":\"fr-FR\",\"@id\":\"https:\/\/comite-ecologique-ariegeois.org\/?page_id=85#primaryimage\",\"url\":\"https:\/\/comite-ecologique-ariegeois.org\/wp-content\/uploads\/2025\/03\/P10101091.jpg\",\"contentUrl\":\"https:\/\/comite-ecologique-ariegeois.org\/wp-content\/uploads\/2025\/03\/P10101091.jpg\",\"width\":1000,\"height\":292},{\"@type\":\"BreadcrumbList\",\"@id\":\"https:\/\/comite-ecologique-ariegeois.org\/?page_id=85#breadcrumb\",\"itemListElement\":[{\"@type\":\"ListItem\",\"position\":1,\"name\":\"Accueil\",\"item\":\"https:\/\/comite-ecologique-ariegeois.org\/\"},{\"@type\":\"ListItem\",\"position\":2,\"name\":\"Vie de l&rsquo;asso\"}]},{\"@type\":\"WebSite\",\"@id\":\"https:\/\/comite-ecologique-ariegeois.org\/#website\",\"url\":\"https:\/\/comite-ecologique-ariegeois.org\/\",\"name\":\"Comit\u00e9 Ecologique Ari\u00e8geois\",\"description\":\"Assotiation de protection de la nature\",\"publisher\":{\"@id\":\"https:\/\/comite-ecologique-ariegeois.org\/#organization\"},\"potentialAction\":[{\"@type\":\"SearchAction\",\"target\":{\"@type\":\"EntryPoint\",\"urlTemplate\":\"https:\/\/comite-ecologique-ariegeois.org\/?s={search_term_string}\"},\"query-input\":{\"@type\":\"PropertyValueSpecification\",\"valueRequired\":true,\"valueName\":\"search_term_string\"}}],\"inLanguage\":\"fr-FR\"},{\"@type\":\"Organization\",\"@id\":\"https:\/\/comite-ecologique-ariegeois.org\/#organization\",\"name\":\"Comit\u00e9 Ecologique Ari\u00e8geois\",\"url\":\"https:\/\/comite-ecologique-ariegeois.org\/\",\"logo\":{\"@type\":\"ImageObject\",\"inLanguage\":\"fr-FR\",\"@id\":\"https:\/\/comite-ecologique-ariegeois.org\/#\/schema\/logo\/image\/\",\"url\":\"https:\/\/comite-ecologique-ariegeois.org\/wp-content\/uploads\/2025\/01\/logo_nouveau_cea_jpeg_250pix_02_03_24-a8816.jpg\",\"contentUrl\":\"https:\/\/comite-ecologique-ariegeois.org\/wp-content\/uploads\/2025\/01\/logo_nouveau_cea_jpeg_250pix_02_03_24-a8816.jpg\",\"width\":250,\"height\":250,\"caption\":\"Comit\u00e9 Ecologique Ari\u00e8geois\"},\"image\":{\"@id\":\"https:\/\/comite-ecologique-ariegeois.org\/#\/schema\/logo\/image\/\"},\"sameAs\":[\"https:\/\/www.facebook.com\/comite.ariegeois\/\",\"https:\/\/www.instagram.com\/comite.ecologique.ariegeois\/\"]}]}<\/script>\n<!-- \/ Yoast SEO plugin. -->","yoast_head_json":{"title":"Vie de l'asso - Comit\u00e9 Ecologique Ari\u00e8geois","robots":{"index":"index","follow":"follow","max-snippet":"max-snippet:-1","max-image-preview":"max-image-preview:large","max-video-preview":"max-video-preview:-1"},"canonical":"https:\/\/comite-ecologique-ariegeois.org\/?page_id=85","og_locale":"fr_FR","og_type":"article","og_title":"Vie de l'asso - Comit\u00e9 Ecologique Ari\u00e8geois","og_description":"Vie de l&rsquo;association Conseil d&rsquo;administration Fonctionnement Moyens d&rsquo;actions AG Conseil d&rsquo;administration Les Administrateurs et Administratrices La direction de l&rsquo;association est assur\u00e9e par un Conseil d&rsquo;Administration coll\u00e9gial appel\u00e9 Conseil coll\u00e9gial de 3 membres minimum \u00e0 15 membres maximum \u00e9lus annuellement lors de l&rsquo;Assembl\u00e9e G\u00e9n\u00e9rale. Tous exercent leur fonction b\u00e9n\u00e9volement ; toutefois, sur accord du Conseil coll\u00e9gial,&hellip;&nbsp;Lire la suite &raquo;Vie de l&rsquo;asso","og_url":"https:\/\/comite-ecologique-ariegeois.org\/?page_id=85","og_site_name":"Comit\u00e9 Ecologique Ari\u00e8geois","article_publisher":"https:\/\/www.facebook.com\/comite.ariegeois\/","article_modified_time":"2025-03-31T17:32:03+00:00","og_image":[{"width":1000,"height":292,"url":"https:\/\/comite-ecologique-ariegeois.org\/wp-content\/uploads\/2025\/03\/P10101091.jpg","type":"image\/jpeg"}],"twitter_card":"summary_large_image","twitter_misc":{"Dur\u00e9e de lecture estim\u00e9e":"4 minutes"},"schema":{"@context":"https:\/\/schema.org","@graph":[{"@type":"WebPage","@id":"https:\/\/comite-ecologique-ariegeois.org\/?page_id=85","url":"https:\/\/comite-ecologique-ariegeois.org\/?page_id=85","name":"Vie de l'asso - Comit\u00e9 Ecologique Ari\u00e8geois","isPartOf":{"@id":"https:\/\/comite-ecologique-ariegeois.org\/#website"},"primaryImageOfPage":{"@id":"https:\/\/comite-ecologique-ariegeois.org\/?page_id=85#primaryimage"},"image":{"@id":"https:\/\/comite-ecologique-ariegeois.org\/?page_id=85#primaryimage"},"thumbnailUrl":"https:\/\/comite-ecologique-ariegeois.org\/wp-content\/uploads\/2025\/03\/P10101091-930x292.jpg","datePublished":"2024-07-15T16:17:21+00:00","dateModified":"2025-03-31T17:32:03+00:00","breadcrumb":{"@id":"https:\/\/comite-ecologique-ariegeois.org\/?page_id=85#breadcrumb"},"inLanguage":"fr-FR","potentialAction":[{"@type":"ReadAction","target":["https:\/\/comite-ecologique-ariegeois.org\/?page_id=85"]}]},{"@type":"ImageObject","inLanguage":"fr-FR","@id":"https:\/\/comite-ecologique-ariegeois.org\/?page_id=85#primaryimage","url":"https:\/\/comite-ecologique-ariegeois.org\/wp-content\/uploads\/2025\/03\/P10101091.jpg","contentUrl":"https:\/\/comite-ecologique-ariegeois.org\/wp-content\/uploads\/2025\/03\/P10101091.jpg","width":1000,"height":292},{"@type":"BreadcrumbList","@id":"https:\/\/comite-ecologique-ariegeois.org\/?page_id=85#breadcrumb","itemListElement":[{"@type":"ListItem","position":1,"name":"Accueil","item":"https:\/\/comite-ecologique-ariegeois.org\/"},{"@type":"ListItem","position":2,"name":"Vie de l&rsquo;asso"}]},{"@type":"WebSite","@id":"https:\/\/comite-ecologique-ariegeois.org\/#website","url":"https:\/\/comite-ecologique-ariegeois.org\/","name":"Comit\u00e9 Ecologique Ari\u00e8geois","description":"Assotiation de protection de la nature","publisher":{"@id":"https:\/\/comite-ecologique-ariegeois.org\/#organization"},"potentialAction":[{"@type":"SearchAction","target":{"@type":"EntryPoint","urlTemplate":"https:\/\/comite-ecologique-ariegeois.org\/?s={search_term_string}"},"query-input":{"@type":"PropertyValueSpecification","valueRequired":true,"valueName":"search_term_string"}}],"inLanguage":"fr-FR"},{"@type":"Organization","@id":"https:\/\/comite-ecologique-ariegeois.org\/#organization","name":"Comit\u00e9 Ecologique Ari\u00e8geois","url":"https:\/\/comite-ecologique-ariegeois.org\/","logo":{"@type":"ImageObject","inLanguage":"fr-FR","@id":"https:\/\/comite-ecologique-ariegeois.org\/#\/schema\/logo\/image\/","url":"https:\/\/comite-ecologique-ariegeois.org\/wp-content\/uploads\/2025\/01\/logo_nouveau_cea_jpeg_250pix_02_03_24-a8816.jpg","contentUrl":"https:\/\/comite-ecologique-ariegeois.org\/wp-content\/uploads\/2025\/01\/logo_nouveau_cea_jpeg_250pix_02_03_24-a8816.jpg","width":250,"height":250,"caption":"Comit\u00e9 Ecologique Ari\u00e8geois"},"image":{"@id":"https:\/\/comite-ecologique-ariegeois.org\/#\/schema\/logo\/image\/"},"sameAs":["https:\/\/www.facebook.com\/comite.ariegeois\/","https:\/\/www.instagram.com\/comite.ecologique.ariegeois\/"]}]}},"_links":{"self":[{"href":"https:\/\/comite-ecologique-ariegeois.org\/index.php?rest_route=\/wp\/v2\/pages\/85","targetHints":{"allow":["GET"]}}],"collection":[{"href":"https:\/\/comite-ecologique-ariegeois.org\/index.php?rest_route=\/wp\/v2\/pages"}],"about":[{"href":"https:\/\/comite-ecologique-ariegeois.org\/index.php?rest_route=\/wp\/v2\/types\/page"}],"author":[{"embeddable":true,"href":"https:\/\/comite-ecologique-ariegeois.org\/index.php?rest_route=\/wp\/v2\/users\/2"}],"replies":[{"embeddable":true,"href":"https:\/\/comite-ecologique-ariegeois.org\/index.php?rest_route=%2Fwp%2Fv2%2Fcomments&post=85"}],"version-history":[{"count":175,"href":"https:\/\/comite-ecologique-ariegeois.org\/index.php?rest_route=\/wp\/v2\/pages\/85\/revisions"}],"predecessor-version":[{"id":9058,"href":"https:\/\/comite-ecologique-ariegeois.org\/index.php?rest_route=\/wp\/v2\/pages\/85\/revisions\/9058"}],"wp:attachment":[{"href":"https:\/\/comite-ecologique-ariegeois.org\/index.php?rest_route=%2Fwp%2Fv2%2Fmedia&parent=85"}],"curies":[{"name":"wp","href":"https:\/\/api.w.org\/{rel}","templated":true}]}}