{"id":803,"date":"2024-09-05T22:15:47","date_gmt":"2024-09-05T20:15:47","guid":{"rendered":"https:\/\/comite-ecologique-ariegeois.org\/?page_id=803"},"modified":"2025-07-29T11:42:17","modified_gmt":"2025-07-29T09:42:17","slug":"nos-dossiers","status":"publish","type":"page","link":"https:\/\/comite-ecologique-ariegeois.org\/?page_id=803","title":{"rendered":"Nos dossiers"},"content":{"rendered":"\t\t<div data-elementor-type=\"wp-page\" data-elementor-id=\"803\" class=\"elementor elementor-803\">\n\t\t\t\t<div class=\"elementor-element elementor-element-65e09d3 e-flex e-con-boxed e-con e-parent\" data-id=\"65e09d3\" data-element_type=\"container\">\n\t\t\t\t\t<div class=\"e-con-inner\">\n\t\t\t\t<div class=\"elementor-element elementor-element-68fa1ff elementor-widget elementor-widget-spacer\" data-id=\"68fa1ff\" data-element_type=\"widget\" data-widget_type=\"spacer.default\">\n\t\t\t\t<div class=\"elementor-widget-container\">\n\t\t\t\t\t\t\t<div class=\"elementor-spacer\">\n\t\t\t<div class=\"elementor-spacer-inner\"><\/div>\n\t\t<\/div>\n\t\t\t\t\t\t<\/div>\n\t\t\t\t<\/div>\n\t\t\t\t<div class=\"elementor-element elementor-element-eab64ac elementor-widget elementor-widget-heading\" data-id=\"eab64ac\" data-element_type=\"widget\" data-widget_type=\"heading.default\">\n\t\t\t\t<div class=\"elementor-widget-container\">\n\t\t\t\t\t<h1 class=\"elementor-heading-title elementor-size-default\">Nos dossiers<\/h1>\t\t\t\t<\/div>\n\t\t\t\t<\/div>\n\t\t<div class=\"elementor-element elementor-element-5f768667 e-con-full e-grid e-con e-child\" data-id=\"5f768667\" data-element_type=\"container\" data-settings=\"{&quot;background_background&quot;:&quot;classic&quot;}\">\n\t\t<div class=\"elementor-element elementor-element-7868f1c5 e-con-full e-flex e-con e-child\" data-id=\"7868f1c5\" data-element_type=\"container\">\n\t\t<div class=\"elementor-element elementor-element-6775b3ad e-con-full e-flex e-con e-child\" data-id=\"6775b3ad\" data-element_type=\"container\">\n\t\t\t\t<div class=\"elementor-element elementor-element-56ad6104 elementor-widget elementor-widget-heading\" data-id=\"56ad6104\" data-element_type=\"widget\" data-widget_type=\"heading.default\">\n\t\t\t\t<div class=\"elementor-widget-container\">\n\t\t\t\t\t<h3 class=\"elementor-heading-title elementor-size-default\"><a href=\"https:\/\/comite-ecologique-ariegeois.org\/?page_id=7198\">Biodiversit\u00e9<\/a><\/h3>\t\t\t\t<\/div>\n\t\t\t\t<\/div>\n\t\t\t\t<div class=\"elementor-element elementor-element-61bc225a elementor-widget elementor-widget-image\" data-id=\"61bc225a\" data-element_type=\"widget\" data-widget_type=\"image.default\">\n\t\t\t\t<div class=\"elementor-widget-container\">\n\t\t\t\t\t\t\t\t\t\t\t\t\t\t\t\t<a href=\"https:\/\/comite-ecologique-ariegeois.org\/?page_id=7198\">\n\t\t\t\t\t\t\t<img fetchpriority=\"high\" decoding=\"async\" width=\"897\" height=\"620\" src=\"https:\/\/comite-ecologique-ariegeois.org\/wp-content\/uploads\/2024\/09\/Perdrix-grise-montagne_Jean_Pierre_Frances_NX_CEA-897x620.jpg\" class=\"attachment-neve-blog size-neve-blog wp-image-604\" alt=\"\" \/>\t\t\t\t\t\t\t\t<\/a>\n\t\t\t\t\t\t\t\t\t\t\t\t\t\t\t<\/div>\n\t\t\t\t<\/div>\n\t\t\t\t<div class=\"elementor-element elementor-element-5c51a33e elementor-widget elementor-widget-text-editor\" data-id=\"5c51a33e\" data-element_type=\"widget\" data-widget_type=\"text-editor.default\">\n\t\t\t\t<div class=\"elementor-widget-container\">\n\t\t\t\t\t\t\t\t\t<p>Le CEA s\u2019efforce de rappeler aux d\u00e9cideurs que la pr\u00e9servation des espaces et des esp\u00e8ces est devenue une priorit\u00e9 commune pour le pr\u00e9sent comme pour l\u2019avenir.<\/p>\t\t\t\t\t\t\t\t<\/div>\n\t\t\t\t<\/div>\n\t\t\t\t<\/div>\n\t\t\t\t<\/div>\n\t\t<div class=\"elementor-element elementor-element-3da03dc5 e-con-full e-flex e-con e-child\" data-id=\"3da03dc5\" data-element_type=\"container\">\n\t\t<div class=\"elementor-element elementor-element-6a830302 e-con-full e-flex e-con e-child\" data-id=\"6a830302\" data-element_type=\"container\">\n\t\t\t\t<div class=\"elementor-element elementor-element-6c633e88 elementor-widget elementor-widget-heading\" data-id=\"6c633e88\" data-element_type=\"widget\" data-widget_type=\"heading.default\">\n\t\t\t\t<div class=\"elementor-widget-container\">\n\t\t\t\t\t<h3 class=\"elementor-heading-title elementor-size-default\"><a href=\"https:\/\/comite-ecologique-ariegeois.org\/?page_id=343\">Eau<\/a><\/h3>\t\t\t\t<\/div>\n\t\t\t\t<\/div>\n\t\t\t\t<div class=\"elementor-element elementor-element-ae6e3ae elementor-widget elementor-widget-image\" data-id=\"ae6e3ae\" data-element_type=\"widget\" data-widget_type=\"image.default\">\n\t\t\t\t<div class=\"elementor-widget-container\">\n\t\t\t\t\t\t\t\t\t\t\t\t\t\t\t\t<a href=\"https:\/\/comite-ecologique-ariegeois.org\/?page_id=343\">\n\t\t\t\t\t\t\t<img decoding=\"async\" width=\"930\" height=\"620\" src=\"https:\/\/comite-ecologique-ariegeois.org\/wp-content\/uploads\/2024\/10\/Photo-CEA-Torrent-930x620.jpg\" class=\"attachment-neve-blog size-neve-blog wp-image-6733\" alt=\"\" srcset=\"https:\/\/comite-ecologique-ariegeois.org\/wp-content\/uploads\/2024\/10\/Photo-CEA-Torrent-930x620.jpg 930w, https:\/\/comite-ecologique-ariegeois.org\/wp-content\/uploads\/2024\/10\/Photo-CEA-Torrent-300x199.jpg 300w\" sizes=\"(max-width: 930px) 100vw, 930px\" \/>\t\t\t\t\t\t\t\t<\/a>\n\t\t\t\t\t\t\t\t\t\t\t\t\t\t\t<\/div>\n\t\t\t\t<\/div>\n\t\t\t\t<div class=\"elementor-element elementor-element-a57816b elementor-widget elementor-widget-text-editor\" data-id=\"a57816b\" data-element_type=\"widget\" data-widget_type=\"text-editor.default\">\n\t\t\t\t<div class=\"elementor-widget-container\">\n\t\t\t\t\t\t\t\t\t<p>La qualit\u00e9 de l&rsquo;eau domestique d\u00e9pend du bon \u00e9tat des eaux sauvages : le CEA r\u00e9agit face aux pollutions des eaux superficielles ou souterraines. <\/p>\t\t\t\t\t\t\t\t<\/div>\n\t\t\t\t<\/div>\n\t\t\t\t<\/div>\n\t\t\t\t<\/div>\n\t\t<div class=\"elementor-element elementor-element-17db1f8c e-con-full e-flex e-con e-child\" data-id=\"17db1f8c\" data-element_type=\"container\">\n\t\t<div class=\"elementor-element elementor-element-51d5e13a e-con-full e-flex e-con e-child\" data-id=\"51d5e13a\" data-element_type=\"container\">\n\t\t\t\t<div class=\"elementor-element elementor-element-379857c3 elementor-widget elementor-widget-heading\" data-id=\"379857c3\" data-element_type=\"widget\" data-widget_type=\"heading.default\">\n\t\t\t\t<div class=\"elementor-widget-container\">\n\t\t\t\t\t<h3 class=\"elementor-heading-title elementor-size-default\"><a href=\"https:\/\/comite-ecologique-ariegeois.org\/?page_id=1231\">Energie - Climat<\/a><\/h3>\t\t\t\t<\/div>\n\t\t\t\t<\/div>\n\t\t\t\t<div class=\"elementor-element elementor-element-7baf52bf elementor-widget elementor-widget-image\" data-id=\"7baf52bf\" data-element_type=\"widget\" data-widget_type=\"image.default\">\n\t\t\t\t<div class=\"elementor-widget-container\">\n\t\t\t\t\t\t\t\t\t\t\t\t\t\t\t\t<a href=\"https:\/\/comite-ecologique-ariegeois.org\/?page_id=1231\">\n\t\t\t\t\t\t\t<img decoding=\"async\" width=\"930\" height=\"620\" src=\"https:\/\/comite-ecologique-ariegeois.org\/wp-content\/uploads\/2024\/08\/Photo-Dossiers-1_Eau-Energie-Climat--scaled-e1770822437120-930x620.jpg\" class=\"attachment-neve-blog size-neve-blog wp-image-387\" alt=\"\" \/>\t\t\t\t\t\t\t\t<\/a>\n\t\t\t\t\t\t\t\t\t\t\t\t\t\t\t<\/div>\n\t\t\t\t<\/div>\n\t\t\t\t<div class=\"elementor-element elementor-element-277d8e9b elementor-widget elementor-widget-text-editor\" data-id=\"277d8e9b\" data-element_type=\"widget\" data-widget_type=\"text-editor.default\">\n\t\t\t\t<div class=\"elementor-widget-container\">\n\t\t\t\t\t\t\t\t\t<p>Les \u00e9nergies renouvelables : pas n\u2019importe o\u00f9 ni n\u2019importe comment. Et si nous voulons \u00e9pargner nos paysages et nos cours d\u2019eau, et r\u00e9duire notre impact sur le climat, r\u00e9duisons notre consommation d\u2019\u00e9nergie.<\/p>\t\t\t\t\t\t\t\t<\/div>\n\t\t\t\t<\/div>\n\t\t\t\t<\/div>\n\t\t\t\t<\/div>\n\t\t<div class=\"elementor-element elementor-element-1928c31c e-con-full e-flex e-con e-child\" data-id=\"1928c31c\" data-element_type=\"container\">\n\t\t<div class=\"elementor-element elementor-element-6c32ce69 e-con-full e-flex e-con e-child\" data-id=\"6c32ce69\" data-element_type=\"container\">\n\t\t\t\t<div class=\"elementor-element elementor-element-1110d622 elementor-widget elementor-widget-heading\" data-id=\"1110d622\" data-element_type=\"widget\" data-widget_type=\"heading.default\">\n\t\t\t\t<div class=\"elementor-widget-container\">\n\t\t\t\t\t<h3 class=\"elementor-heading-title elementor-size-default\"><a href=\"https:\/\/comite-ecologique-ariegeois.org\/?page_id=345\">Am\u00e9nagements - Urbanisme<\/a><\/h3>\t\t\t\t<\/div>\n\t\t\t\t<\/div>\n\t\t\t\t<div class=\"elementor-element elementor-element-5d847bb3 elementor-widget elementor-widget-image\" data-id=\"5d847bb3\" data-element_type=\"widget\" data-widget_type=\"image.default\">\n\t\t\t\t<div class=\"elementor-widget-container\">\n\t\t\t\t\t\t\t\t\t\t\t\t\t\t\t\t<a href=\"https:\/\/comite-ecologique-ariegeois.org\/?page_id=345\">\n\t\t\t\t\t\t\t<img loading=\"lazy\" decoding=\"async\" width=\"930\" height=\"620\" src=\"https:\/\/comite-ecologique-ariegeois.org\/wp-content\/uploads\/2025\/01\/Photo-CEA_Antennes-Laroque_01-01-2025_NX-scaled-e1770822516744-930x620.jpg\" class=\"attachment-neve-blog size-neve-blog wp-image-7432\" alt=\"\" \/>\t\t\t\t\t\t\t\t<\/a>\n\t\t\t\t\t\t\t\t\t\t\t\t\t\t\t<\/div>\n\t\t\t\t<\/div>\n\t\t\t\t<div class=\"elementor-element elementor-element-3ef1aa08 elementor-widget elementor-widget-text-editor\" data-id=\"3ef1aa08\" data-element_type=\"widget\" data-widget_type=\"text-editor.default\">\n\t\t\t\t<div class=\"elementor-widget-container\">\n\t\t\t\t\t\t\t\t\t<p>Nous contestons des projets d\u2019un autre \u00e2ge qui d\u00e9naturent des sites ou artificialisent les sols, et dont la r\u00e9alisation gaspille et pollue.<\/p>\t\t\t\t\t\t\t\t<\/div>\n\t\t\t\t<\/div>\n\t\t\t\t<\/div>\n\t\t\t\t<\/div>\n\t\t<div class=\"elementor-element elementor-element-ad5df84 e-con-full e-flex e-con e-child\" data-id=\"ad5df84\" data-element_type=\"container\">\n\t\t<div class=\"elementor-element elementor-element-370bd9b1 e-con-full e-flex e-con e-child\" data-id=\"370bd9b1\" data-element_type=\"container\">\n\t\t\t\t<div class=\"elementor-element elementor-element-1387fa2b elementor-widget elementor-widget-heading\" data-id=\"1387fa2b\" data-element_type=\"widget\" data-widget_type=\"heading.default\">\n\t\t\t\t<div class=\"elementor-widget-container\">\n\t\t\t\t\t<h3 class=\"elementor-heading-title elementor-size-default\"><a href=\"https:\/\/comite-ecologique-ariegeois.org\/?page_id=343\">Carri\u00e8res - Gravi\u00e8res - Mines<\/a><\/h3>\t\t\t\t<\/div>\n\t\t\t\t<\/div>\n\t\t\t\t<div class=\"elementor-element elementor-element-18039f27 elementor-widget__width-initial elementor-widget elementor-widget-image\" data-id=\"18039f27\" data-element_type=\"widget\" data-widget_type=\"image.default\">\n\t\t\t\t<div class=\"elementor-widget-container\">\n\t\t\t\t\t\t\t\t\t\t\t\t\t\t\t\t<a href=\"https:\/\/comite-ecologique-ariegeois.org\/?page_id=1238\">\n\t\t\t\t\t\t\t<img loading=\"lazy\" decoding=\"async\" width=\"930\" height=\"620\" src=\"https:\/\/comite-ecologique-ariegeois.org\/wp-content\/uploads\/2024\/09\/Photo-CEA-allegee-Graviere-Siadoux-a-Saverdun_17-07-12-scaled-e1770822561312-930x620.jpg\" class=\"attachment-neve-blog size-neve-blog wp-image-778\" alt=\"\" \/>\t\t\t\t\t\t\t\t<\/a>\n\t\t\t\t\t\t\t\t\t\t\t\t\t\t\t<\/div>\n\t\t\t\t<\/div>\n\t\t\t\t<div class=\"elementor-element elementor-element-7a34c62d elementor-widget elementor-widget-text-editor\" data-id=\"7a34c62d\" data-element_type=\"widget\" data-widget_type=\"text-editor.default\">\n\t\t\t\t<div class=\"elementor-widget-container\">\n\t\t\t\t\t\t\t\t\t<p>L&rsquo;Ari\u00e8ge, d\u00e9partement pauvre, se fait piller ses richesses naturelles convoit\u00e9es, au d\u00e9triment de la qualit\u00e9 de ses eaux, de ses sols et de la sant\u00e9 de ses habitants.<\/p>\t\t\t\t\t\t\t\t<\/div>\n\t\t\t\t<\/div>\n\t\t\t\t<\/div>\n\t\t\t\t<\/div>\n\t\t<div class=\"elementor-element elementor-element-39b99f4f e-con-full e-flex e-con e-child\" data-id=\"39b99f4f\" data-element_type=\"container\">\n\t\t\t\t<div class=\"elementor-element elementor-element-d37409a elementor-widget elementor-widget-heading\" data-id=\"d37409a\" data-element_type=\"widget\" data-widget_type=\"heading.default\">\n\t\t\t\t<div class=\"elementor-widget-container\">\n\t\t\t\t\t<h3 class=\"elementor-heading-title elementor-size-default\"><a href=\"https:\/\/comite-ecologique-ariegeois.org\/?page_id=347\">Cadre de vie, sant\u00e9 et agriculture<\/a><\/h3>\t\t\t\t<\/div>\n\t\t\t\t<\/div>\n\t\t\t\t<div class=\"elementor-element elementor-element-45c8acb0 elementor-widget elementor-widget-image\" data-id=\"45c8acb0\" data-element_type=\"widget\" data-widget_type=\"image.default\">\n\t\t\t\t<div class=\"elementor-widget-container\">\n\t\t\t\t\t\t\t\t\t\t\t\t\t\t\t\t<a href=\"https:\/\/comite-ecologique-ariegeois.org\/?page_id=347\">\n\t\t\t\t\t\t\t<img loading=\"lazy\" decoding=\"async\" width=\"930\" height=\"620\" src=\"https:\/\/comite-ecologique-ariegeois.org\/wp-content\/uploads\/2024\/08\/Photo-Dossiers-3_cadre-de-vie-santA\u00a9-agriculture-scaled-e1770822604954-930x620.jpg\" class=\"attachment-neve-blog size-neve-blog wp-image-389\" alt=\"\" \/>\t\t\t\t\t\t\t\t<\/a>\n\t\t\t\t\t\t\t\t\t\t\t\t\t\t\t<\/div>\n\t\t\t\t<\/div>\n\t\t\t\t<div class=\"elementor-element elementor-element-622cfe1e elementor-widget elementor-widget-text-editor\" data-id=\"622cfe1e\" data-element_type=\"widget\" data-widget_type=\"text-editor.default\">\n\t\t\t\t<div class=\"elementor-widget-container\">\n\t\t\t\t\t\t\t\t\t<p>Notre sant\u00e9 n\u00e9cessite une alimentation vivante, sans poison, et des modes de culture diff\u00e9rents de l\u2019agriculture intensive encore \u00e0 l\u2019\u0153uvre en plaine et sur les c\u00f4teaux d\u2019Ari\u00e8ge.<\/p>\t\t\t\t\t\t\t\t<\/div>\n\t\t\t\t<\/div>\n\t\t\t\t<\/div>\n\t\t\t\t<\/div>\n\t\t\t\t\t<\/div>\n\t\t\t\t<\/div>\n\t\t\t\t<\/div>\n\t\t","protected":false},"excerpt":{"rendered":"<p>Nos dossiers Biodiversit\u00e9 Le CEA s\u2019efforce de rappeler aux d\u00e9cideurs que la pr\u00e9servation des espaces et des esp\u00e8ces est devenue une priorit\u00e9 commune pour le pr\u00e9sent comme pour l\u2019avenir. Eau La qualit\u00e9 de l&rsquo;eau domestique d\u00e9pend du bon \u00e9tat des eaux sauvages : le CEA r\u00e9agit face aux pollutions des eaux superficielles ou souterraines. Energie&hellip;&nbsp;<a href=\"https:\/\/comite-ecologique-ariegeois.org\/?page_id=803\" rel=\"bookmark\">Lire la suite &raquo;<span class=\"screen-reader-text\">Nos dossiers<\/span><\/a><\/p>\n","protected":false},"author":2,"featured_media":0,"parent":0,"menu_order":0,"comment_status":"closed","ping_status":"closed","template":"","meta":{"neve_meta_sidebar":"","neve_meta_container":"","neve_meta_enable_content_width":"","neve_meta_content_width":0,"neve_meta_title_alignment":"","neve_meta_author_avatar":"","neve_post_elements_order":"","neve_meta_disable_header":"","neve_meta_disable_footer":"","neve_meta_disable_title":"","footnotes":""},"class_list":["post-803","page","type-page","status-publish","hentry"],"yoast_head":"<!-- This site is optimized with the Yoast SEO plugin v26.4 - https:\/\/yoast.com\/wordpress\/plugins\/seo\/ -->\n<title>Nos dossiers - Comit\u00e9 Ecologique Ari\u00e8geois<\/title>\n<meta name=\"robots\" content=\"index, follow, max-snippet:-1, max-image-preview:large, max-video-preview:-1\" \/>\n<link rel=\"canonical\" href=\"https:\/\/comite-ecologique-ariegeois.org\/?page_id=803\" \/>\n<meta property=\"og:locale\" content=\"fr_FR\" \/>\n<meta property=\"og:type\" content=\"article\" \/>\n<meta property=\"og:title\" content=\"Nos dossiers - Comit\u00e9 Ecologique Ari\u00e8geois\" \/>\n<meta property=\"og:description\" content=\"Nos dossiers Biodiversit\u00e9 Le CEA s\u2019efforce de rappeler aux d\u00e9cideurs que la pr\u00e9servation des espaces et des esp\u00e8ces est devenue une priorit\u00e9 commune pour le pr\u00e9sent comme pour l\u2019avenir. Eau La qualit\u00e9 de l&rsquo;eau domestique d\u00e9pend du bon \u00e9tat des eaux sauvages : le CEA r\u00e9agit face aux pollutions des eaux superficielles ou souterraines. Energie&hellip;&nbsp;Lire la suite &raquo;Nos dossiers\" \/>\n<meta property=\"og:url\" content=\"https:\/\/comite-ecologique-ariegeois.org\/?page_id=803\" \/>\n<meta property=\"og:site_name\" content=\"Comit\u00e9 Ecologique Ari\u00e8geois\" \/>\n<meta property=\"article:publisher\" content=\"https:\/\/www.facebook.com\/comite.ariegeois\/\" \/>\n<meta property=\"article:modified_time\" content=\"2025-07-29T09:42:17+00:00\" \/>\n<meta property=\"og:image\" content=\"https:\/\/comite-ecologique-ariegeois.org\/wp-content\/uploads\/2024\/09\/Perdrix-grise-montagne_Jean_Pierre_Frances_NX_CEA.jpg\" \/>\n\t<meta property=\"og:image:width\" content=\"897\" \/>\n\t<meta property=\"og:image:height\" content=\"768\" \/>\n\t<meta property=\"og:image:type\" content=\"image\/jpeg\" \/>\n<meta name=\"twitter:card\" content=\"summary_large_image\" \/>\n<meta name=\"twitter:label1\" content=\"Dur\u00e9e de lecture estim\u00e9e\" \/>\n\t<meta name=\"twitter:data1\" content=\"3 minutes\" \/>\n<script type=\"application\/ld+json\" class=\"yoast-schema-graph\">{\"@context\":\"https:\/\/schema.org\",\"@graph\":[{\"@type\":\"WebPage\",\"@id\":\"https:\/\/comite-ecologique-ariegeois.org\/?page_id=803\",\"url\":\"https:\/\/comite-ecologique-ariegeois.org\/?page_id=803\",\"name\":\"Nos dossiers - Comit\u00e9 Ecologique Ari\u00e8geois\",\"isPartOf\":{\"@id\":\"https:\/\/comite-ecologique-ariegeois.org\/#website\"},\"primaryImageOfPage\":{\"@id\":\"https:\/\/comite-ecologique-ariegeois.org\/?page_id=803#primaryimage\"},\"image\":{\"@id\":\"https:\/\/comite-ecologique-ariegeois.org\/?page_id=803#primaryimage\"},\"thumbnailUrl\":\"https:\/\/comite-ecologique-ariegeois.org\/wp-content\/uploads\/2024\/09\/Perdrix-grise-montagne_Jean_Pierre_Frances_NX_CEA-897x620.jpg\",\"datePublished\":\"2024-09-05T20:15:47+00:00\",\"dateModified\":\"2025-07-29T09:42:17+00:00\",\"breadcrumb\":{\"@id\":\"https:\/\/comite-ecologique-ariegeois.org\/?page_id=803#breadcrumb\"},\"inLanguage\":\"fr-FR\",\"potentialAction\":[{\"@type\":\"ReadAction\",\"target\":[\"https:\/\/comite-ecologique-ariegeois.org\/?page_id=803\"]}]},{\"@type\":\"ImageObject\",\"inLanguage\":\"fr-FR\",\"@id\":\"https:\/\/comite-ecologique-ariegeois.org\/?page_id=803#primaryimage\",\"url\":\"https:\/\/comite-ecologique-ariegeois.org\/wp-content\/uploads\/2024\/09\/Perdrix-grise-montagne_Jean_Pierre_Frances_NX_CEA.jpg\",\"contentUrl\":\"https:\/\/comite-ecologique-ariegeois.org\/wp-content\/uploads\/2024\/09\/Perdrix-grise-montagne_Jean_Pierre_Frances_NX_CEA.jpg\",\"width\":897,\"height\":768},{\"@type\":\"BreadcrumbList\",\"@id\":\"https:\/\/comite-ecologique-ariegeois.org\/?page_id=803#breadcrumb\",\"itemListElement\":[{\"@type\":\"ListItem\",\"position\":1,\"name\":\"Accueil\",\"item\":\"https:\/\/comite-ecologique-ariegeois.org\/\"},{\"@type\":\"ListItem\",\"position\":2,\"name\":\"Nos dossiers\"}]},{\"@type\":\"WebSite\",\"@id\":\"https:\/\/comite-ecologique-ariegeois.org\/#website\",\"url\":\"https:\/\/comite-ecologique-ariegeois.org\/\",\"name\":\"Comit\u00e9 Ecologique Ari\u00e8geois\",\"description\":\"Assotiation de protection de la nature\",\"publisher\":{\"@id\":\"https:\/\/comite-ecologique-ariegeois.org\/#organization\"},\"potentialAction\":[{\"@type\":\"SearchAction\",\"target\":{\"@type\":\"EntryPoint\",\"urlTemplate\":\"https:\/\/comite-ecologique-ariegeois.org\/?s={search_term_string}\"},\"query-input\":{\"@type\":\"PropertyValueSpecification\",\"valueRequired\":true,\"valueName\":\"search_term_string\"}}],\"inLanguage\":\"fr-FR\"},{\"@type\":\"Organization\",\"@id\":\"https:\/\/comite-ecologique-ariegeois.org\/#organization\",\"name\":\"Comit\u00e9 Ecologique Ari\u00e8geois\",\"url\":\"https:\/\/comite-ecologique-ariegeois.org\/\",\"logo\":{\"@type\":\"ImageObject\",\"inLanguage\":\"fr-FR\",\"@id\":\"https:\/\/comite-ecologique-ariegeois.org\/#\/schema\/logo\/image\/\",\"url\":\"https:\/\/comite-ecologique-ariegeois.org\/wp-content\/uploads\/2025\/01\/logo_nouveau_cea_jpeg_250pix_02_03_24-a8816.jpg\",\"contentUrl\":\"https:\/\/comite-ecologique-ariegeois.org\/wp-content\/uploads\/2025\/01\/logo_nouveau_cea_jpeg_250pix_02_03_24-a8816.jpg\",\"width\":250,\"height\":250,\"caption\":\"Comit\u00e9 Ecologique Ari\u00e8geois\"},\"image\":{\"@id\":\"https:\/\/comite-ecologique-ariegeois.org\/#\/schema\/logo\/image\/\"},\"sameAs\":[\"https:\/\/www.facebook.com\/comite.ariegeois\/\",\"https:\/\/www.instagram.com\/comite.ecologique.ariegeois\/\"]}]}<\/script>\n<!-- \/ Yoast SEO plugin. -->","yoast_head_json":{"title":"Nos dossiers - Comit\u00e9 Ecologique Ari\u00e8geois","robots":{"index":"index","follow":"follow","max-snippet":"max-snippet:-1","max-image-preview":"max-image-preview:large","max-video-preview":"max-video-preview:-1"},"canonical":"https:\/\/comite-ecologique-ariegeois.org\/?page_id=803","og_locale":"fr_FR","og_type":"article","og_title":"Nos dossiers - Comit\u00e9 Ecologique Ari\u00e8geois","og_description":"Nos dossiers Biodiversit\u00e9 Le CEA s\u2019efforce de rappeler aux d\u00e9cideurs que la pr\u00e9servation des espaces et des esp\u00e8ces est devenue une priorit\u00e9 commune pour le pr\u00e9sent comme pour l\u2019avenir. Eau La qualit\u00e9 de l&rsquo;eau domestique d\u00e9pend du bon \u00e9tat des eaux sauvages : le CEA r\u00e9agit face aux pollutions des eaux superficielles ou souterraines. Energie&hellip;&nbsp;Lire la suite &raquo;Nos dossiers","og_url":"https:\/\/comite-ecologique-ariegeois.org\/?page_id=803","og_site_name":"Comit\u00e9 Ecologique Ari\u00e8geois","article_publisher":"https:\/\/www.facebook.com\/comite.ariegeois\/","article_modified_time":"2025-07-29T09:42:17+00:00","og_image":[{"width":897,"height":768,"url":"https:\/\/comite-ecologique-ariegeois.org\/wp-content\/uploads\/2024\/09\/Perdrix-grise-montagne_Jean_Pierre_Frances_NX_CEA.jpg","type":"image\/jpeg"}],"twitter_card":"summary_large_image","twitter_misc":{"Dur\u00e9e de lecture estim\u00e9e":"3 minutes"},"schema":{"@context":"https:\/\/schema.org","@graph":[{"@type":"WebPage","@id":"https:\/\/comite-ecologique-ariegeois.org\/?page_id=803","url":"https:\/\/comite-ecologique-ariegeois.org\/?page_id=803","name":"Nos dossiers - Comit\u00e9 Ecologique Ari\u00e8geois","isPartOf":{"@id":"https:\/\/comite-ecologique-ariegeois.org\/#website"},"primaryImageOfPage":{"@id":"https:\/\/comite-ecologique-ariegeois.org\/?page_id=803#primaryimage"},"image":{"@id":"https:\/\/comite-ecologique-ariegeois.org\/?page_id=803#primaryimage"},"thumbnailUrl":"https:\/\/comite-ecologique-ariegeois.org\/wp-content\/uploads\/2024\/09\/Perdrix-grise-montagne_Jean_Pierre_Frances_NX_CEA-897x620.jpg","datePublished":"2024-09-05T20:15:47+00:00","dateModified":"2025-07-29T09:42:17+00:00","breadcrumb":{"@id":"https:\/\/comite-ecologique-ariegeois.org\/?page_id=803#breadcrumb"},"inLanguage":"fr-FR","potentialAction":[{"@type":"ReadAction","target":["https:\/\/comite-ecologique-ariegeois.org\/?page_id=803"]}]},{"@type":"ImageObject","inLanguage":"fr-FR","@id":"https:\/\/comite-ecologique-ariegeois.org\/?page_id=803#primaryimage","url":"https:\/\/comite-ecologique-ariegeois.org\/wp-content\/uploads\/2024\/09\/Perdrix-grise-montagne_Jean_Pierre_Frances_NX_CEA.jpg","contentUrl":"https:\/\/comite-ecologique-ariegeois.org\/wp-content\/uploads\/2024\/09\/Perdrix-grise-montagne_Jean_Pierre_Frances_NX_CEA.jpg","width":897,"height":768},{"@type":"BreadcrumbList","@id":"https:\/\/comite-ecologique-ariegeois.org\/?page_id=803#breadcrumb","itemListElement":[{"@type":"ListItem","position":1,"name":"Accueil","item":"https:\/\/comite-ecologique-ariegeois.org\/"},{"@type":"ListItem","position":2,"name":"Nos dossiers"}]},{"@type":"WebSite","@id":"https:\/\/comite-ecologique-ariegeois.org\/#website","url":"https:\/\/comite-ecologique-ariegeois.org\/","name":"Comit\u00e9 Ecologique Ari\u00e8geois","description":"Assotiation de protection de la nature","publisher":{"@id":"https:\/\/comite-ecologique-ariegeois.org\/#organization"},"potentialAction":[{"@type":"SearchAction","target":{"@type":"EntryPoint","urlTemplate":"https:\/\/comite-ecologique-ariegeois.org\/?s={search_term_string}"},"query-input":{"@type":"PropertyValueSpecification","valueRequired":true,"valueName":"search_term_string"}}],"inLanguage":"fr-FR"},{"@type":"Organization","@id":"https:\/\/comite-ecologique-ariegeois.org\/#organization","name":"Comit\u00e9 Ecologique Ari\u00e8geois","url":"https:\/\/comite-ecologique-ariegeois.org\/","logo":{"@type":"ImageObject","inLanguage":"fr-FR","@id":"https:\/\/comite-ecologique-ariegeois.org\/#\/schema\/logo\/image\/","url":"https:\/\/comite-ecologique-ariegeois.org\/wp-content\/uploads\/2025\/01\/logo_nouveau_cea_jpeg_250pix_02_03_24-a8816.jpg","contentUrl":"https:\/\/comite-ecologique-ariegeois.org\/wp-content\/uploads\/2025\/01\/logo_nouveau_cea_jpeg_250pix_02_03_24-a8816.jpg","width":250,"height":250,"caption":"Comit\u00e9 Ecologique Ari\u00e8geois"},"image":{"@id":"https:\/\/comite-ecologique-ariegeois.org\/#\/schema\/logo\/image\/"},"sameAs":["https:\/\/www.facebook.com\/comite.ariegeois\/","https:\/\/www.instagram.com\/comite.ecologique.ariegeois\/"]}]}},"_links":{"self":[{"href":"https:\/\/comite-ecologique-ariegeois.org\/index.php?rest_route=\/wp\/v2\/pages\/803","targetHints":{"allow":["GET"]}}],"collection":[{"href":"https:\/\/comite-ecologique-ariegeois.org\/index.php?rest_route=\/wp\/v2\/pages"}],"about":[{"href":"https:\/\/comite-ecologique-ariegeois.org\/index.php?rest_route=\/wp\/v2\/types\/page"}],"author":[{"embeddable":true,"href":"https:\/\/comite-ecologique-ariegeois.org\/index.php?rest_route=\/wp\/v2\/users\/2"}],"replies":[{"embeddable":true,"href":"https:\/\/comite-ecologique-ariegeois.org\/index.php?rest_route=%2Fwp%2Fv2%2Fcomments&post=803"}],"version-history":[{"count":22,"href":"https:\/\/comite-ecologique-ariegeois.org\/index.php?rest_route=\/wp\/v2\/pages\/803\/revisions"}],"predecessor-version":[{"id":10262,"href":"https:\/\/comite-ecologique-ariegeois.org\/index.php?rest_route=\/wp\/v2\/pages\/803\/revisions\/10262"}],"wp:attachment":[{"href":"https:\/\/comite-ecologique-ariegeois.org\/index.php?rest_route=%2Fwp%2Fv2%2Fmedia&parent=803"}],"curies":[{"name":"wp","href":"https:\/\/api.w.org\/{rel}","templated":true}]}}