{"id":8,"date":"2024-05-21T14:25:13","date_gmt":"2024-05-21T12:25:13","guid":{"rendered":"https:\/\/comite-ecologique-ariegeois.org\/?page_id=8"},"modified":"2026-04-27T18:36:29","modified_gmt":"2026-04-27T16:36:29","slug":"accueil","status":"publish","type":"page","link":"https:\/\/comite-ecologique-ariegeois.org\/","title":{"rendered":"Accueil"},"content":{"rendered":"\t\t<div data-elementor-type=\"wp-page\" data-elementor-id=\"8\" class=\"elementor elementor-8\">\n\t\t\t\t<div class=\"elementor-element elementor-element-611a4f62 e-con-full e-flex e-con e-parent\" data-id=\"611a4f62\" data-element_type=\"container\">\n\t\t\t\t<div class=\"elementor-element elementor-element-e774483 elementor-widget elementor-widget-spacer\" data-id=\"e774483\" data-element_type=\"widget\" data-widget_type=\"spacer.default\">\n\t\t\t\t<div class=\"elementor-widget-container\">\n\t\t\t\t\t\t\t<div class=\"elementor-spacer\">\n\t\t\t<div class=\"elementor-spacer-inner\"><\/div>\n\t\t<\/div>\n\t\t\t\t\t\t<\/div>\n\t\t\t\t<\/div>\n\t\t\t\t<div class=\"elementor-element elementor-element-f787e44 elementor-widget elementor-widget-text-editor\" data-id=\"f787e44\" data-element_type=\"widget\" data-widget_type=\"text-editor.default\">\n\t\t\t\t<div class=\"elementor-widget-container\">\n\t\t\t\t\t\t\t\t\t<h4 style=\"text-align: center;\"><span style=\"color: #008000;\"><i>Nous vivons dans une des r\u00e9gions les plus belles, sauvages et pr\u00e9serv\u00e9es d&rsquo;Europe\u00a0: <br \/><\/i><i>C&rsquo;est notre chance, c&rsquo;est aussi notre responsabilit\u00e9&#8230;<\/i><\/span><\/h4>\t\t\t\t\t\t\t\t<\/div>\n\t\t\t\t<\/div>\n\t\t\t\t<div class=\"elementor-element elementor-element-bb41324 elementor-widget elementor-widget-shortcode\" data-id=\"bb41324\" data-element_type=\"widget\" data-widget_type=\"shortcode.default\">\n\t\t\t\t<div class=\"elementor-widget-container\">\n\t\t\t\t\t\t\t<div class=\"elementor-shortcode\">  <\/div>\n\t\t\t\t\t\t<\/div>\n\t\t\t\t<\/div>\n\t\t\t\t<div class=\"elementor-element elementor-element-f963243 elementor-widget elementor-widget-text-editor\" data-id=\"f963243\" data-element_type=\"widget\" data-widget_type=\"text-editor.default\">\n\t\t\t\t<div class=\"elementor-widget-container\">\n\t\t\t\t\t\t\t\t\t<h4 style=\"text-align: center;\"><em><span style=\"color: #008000;\"><span style=\"font-family: Roboto, sans-serif;\"><span lang=\"fr-FR\"> La survie de l&rsquo;esp\u00e8ce humaine d\u00e9pend de sa capacit\u00e9 \u00e0 pr\u00e9server le vivant autour d&rsquo;elle. Le CEA agit localement dans ce sens et s&rsquo;investit pour la protection de notre environnement quand celui-ci est menac\u00e9.<\/span><\/span><\/span><\/em><\/h4>\t\t\t\t\t\t\t\t<\/div>\n\t\t\t\t<\/div>\n\t\t\t\t<div class=\"elementor-element elementor-element-8376151 elementor-widget elementor-widget-spacer\" data-id=\"8376151\" data-element_type=\"widget\" data-widget_type=\"spacer.default\">\n\t\t\t\t<div class=\"elementor-widget-container\">\n\t\t\t\t\t\t\t<div class=\"elementor-spacer\">\n\t\t\t<div class=\"elementor-spacer-inner\"><\/div>\n\t\t<\/div>\n\t\t\t\t\t\t<\/div>\n\t\t\t\t<\/div>\n\t\t\t\t<\/div>\n\t\t<div class=\"elementor-element elementor-element-e7b8395 e-con-full e-flex e-con e-parent\" data-id=\"e7b8395\" data-element_type=\"container\" data-settings=\"{&quot;background_background&quot;:&quot;classic&quot;}\">\n\t\t\t\t<div class=\"elementor-element elementor-element-94dfb52 elementor-widget elementor-widget-heading\" data-id=\"94dfb52\" data-element_type=\"widget\" data-widget_type=\"heading.default\">\n\t\t\t\t<div class=\"elementor-widget-container\">\n\t\t\t\t\t<h2 class=\"elementor-heading-title elementor-size-default\">Actualit\u00e9s<\/h2>\t\t\t\t<\/div>\n\t\t\t\t<\/div>\n\t\t<div class=\"elementor-element elementor-element-0e60849 e-grid e-con-boxed e-con e-child\" data-id=\"0e60849\" data-element_type=\"container\">\n\t\t\t\t\t<div class=\"e-con-inner\">\n\t\t<div class=\"elementor-element elementor-element-8a9438a e-con-full e-grid e-con e-child\" data-id=\"8a9438a\" data-element_type=\"container\">\n\t\t\t\t<div class=\"elementor-element elementor-element-4127950 elementor-widget elementor-widget-testimonial\" data-id=\"4127950\" data-element_type=\"widget\" data-widget_type=\"testimonial.default\">\n\t\t\t\t<div class=\"elementor-widget-container\">\n\t\t\t\t\t\t\t<div class=\"elementor-testimonial-wrapper\">\n\t\t\t\t\t\t\t<div class=\"elementor-testimonial-content\">Les sorties nature du CEA<\/div>\n\t\t\t\n\t\t\t\t\t\t<div class=\"elementor-testimonial-meta elementor-has-image elementor-testimonial-image-position-aside\">\n\t\t\t\t<div class=\"elementor-testimonial-meta-inner\">\n\t\t\t\t\t\t\t\t\t\t\t<div class=\"elementor-testimonial-image\">\n\t\t\t\t\t\t\t<a href=\"https:\/\/comite-ecologique-ariegeois.org\/?page_id=336\"><img decoding=\"async\" width=\"150\" height=\"150\" src=\"https:\/\/comite-ecologique-ariegeois.org\/wp-content\/uploads\/2024\/09\/Abeille-sauvage-2_NX-150x150.jpg\" class=\"attachment-thumbnail size-thumbnail wp-image-1043\" alt=\"\" \/><\/a>\t\t\t\t\t\t<\/div>\n\t\t\t\t\t\n\t\t\t\t\t\t\t\t\t\t<div class=\"elementor-testimonial-details\">\n\t\t\t\t\t\t\t\t\t\t\t\t\t\t<a class=\"elementor-testimonial-name\" href=\"https:\/\/comite-ecologique-ariegeois.org\/?page_id=336\">Prochaine sortie :       10 mai Prat d'Albis<\/a>\n\t\t\t\t\t\t\t\t\t\t\t\t\t\t\t\t\t\t\t<\/div>\n\t\t\t\t\t\t\t\t\t<\/div>\n\t\t\t<\/div>\n\t\t\t\t\t<\/div>\n\t\t\t\t\t\t<\/div>\n\t\t\t\t<\/div>\n\t\t\t\t<div class=\"elementor-element elementor-element-75e8d95 elementor-widget elementor-widget-testimonial\" data-id=\"75e8d95\" data-element_type=\"widget\" data-widget_type=\"testimonial.default\">\n\t\t\t\t<div class=\"elementor-widget-container\">\n\t\t\t\t\t\t\t<div class=\"elementor-testimonial-wrapper\">\n\t\t\t\t\t\t\t<div class=\"elementor-testimonial-content\">Emissions radio mensuelles<\/div>\n\t\t\t\n\t\t\t\t\t\t<div class=\"elementor-testimonial-meta elementor-has-image elementor-testimonial-image-position-aside\">\n\t\t\t\t<div class=\"elementor-testimonial-meta-inner\">\n\t\t\t\t\t\t\t\t\t\t\t<div class=\"elementor-testimonial-image\">\n\t\t\t\t\t\t\t<a href=\"https:\/\/comite-ecologique-ariegeois.org\/?page_id=1257\"><img fetchpriority=\"high\" decoding=\"async\" width=\"1920\" height=\"1080\" src=\"https:\/\/comite-ecologique-ariegeois.org\/wp-content\/uploads\/2024\/09\/proxy-image.png\" class=\"attachment-full size-full wp-image-625\" alt=\"\" srcset=\"https:\/\/comite-ecologique-ariegeois.org\/wp-content\/uploads\/2024\/09\/proxy-image.png 1920w, https:\/\/comite-ecologique-ariegeois.org\/wp-content\/uploads\/2024\/09\/proxy-image-300x169.png 300w, https:\/\/comite-ecologique-ariegeois.org\/wp-content\/uploads\/2024\/09\/proxy-image-1024x576.png 1024w, https:\/\/comite-ecologique-ariegeois.org\/wp-content\/uploads\/2024\/09\/proxy-image-768x432.png 768w, https:\/\/comite-ecologique-ariegeois.org\/wp-content\/uploads\/2024\/09\/proxy-image-1536x864.png 1536w\" sizes=\"(max-width: 1920px) 100vw, 1920px\" \/><\/a>\t\t\t\t\t\t<\/div>\n\t\t\t\t\t\n\t\t\t\t\t\t\t\t\t\t<div class=\"elementor-testimonial-details\">\n\t\t\t\t\t\t\t\t\t\t\t\t\t\t<a class=\"elementor-testimonial-name\" href=\"https:\/\/comite-ecologique-ariegeois.org\/?page_id=1257\">Retrouvez nos \u00e9missions en podcast !<\/a>\n\t\t\t\t\t\t\t\t\t\t\t\t\t\t\t\t\t\t\t<\/div>\n\t\t\t\t\t\t\t\t\t<\/div>\n\t\t\t<\/div>\n\t\t\t\t\t<\/div>\n\t\t\t\t\t\t<\/div>\n\t\t\t\t<\/div>\n\t\t\t\t<div class=\"elementor-element elementor-element-c5e6b65 elementor-widget elementor-widget-testimonial\" data-id=\"c5e6b65\" data-element_type=\"widget\" data-widget_type=\"testimonial.default\">\n\t\t\t\t<div class=\"elementor-widget-container\">\n\t\t\t\t\t\t\t<div class=\"elementor-testimonial-wrapper\">\n\t\t\t\t\t\t\t<div class=\"elementor-testimonial-content\">Soutenez le CEA !<\/div>\n\t\t\t\n\t\t\t\t\t\t<div class=\"elementor-testimonial-meta elementor-has-image elementor-testimonial-image-position-aside\">\n\t\t\t\t<div class=\"elementor-testimonial-meta-inner\">\n\t\t\t\t\t\t\t\t\t\t\t<div class=\"elementor-testimonial-image\">\n\t\t\t\t\t\t\t<a href=\"https:\/\/comite-ecologique-ariegeois.org\/?page_id=87\"><img decoding=\"async\" width=\"1000\" height=\"667\" src=\"https:\/\/comite-ecologique-ariegeois.org\/wp-content\/uploads\/2025\/05\/Photo-Xavier_Renard_liers6-1_NX.jpg\" class=\"attachment-full size-full wp-image-9637\" alt=\"\" srcset=\"https:\/\/comite-ecologique-ariegeois.org\/wp-content\/uploads\/2025\/05\/Photo-Xavier_Renard_liers6-1_NX.jpg 1000w, https:\/\/comite-ecologique-ariegeois.org\/wp-content\/uploads\/2025\/05\/Photo-Xavier_Renard_liers6-1_NX-300x200.jpg 300w, https:\/\/comite-ecologique-ariegeois.org\/wp-content\/uploads\/2025\/05\/Photo-Xavier_Renard_liers6-1_NX-768x512.jpg 768w, https:\/\/comite-ecologique-ariegeois.org\/wp-content\/uploads\/2025\/05\/Photo-Xavier_Renard_liers6-1_NX-930x620.jpg 930w\" sizes=\"(max-width: 1000px) 100vw, 1000px\" \/><\/a>\t\t\t\t\t\t<\/div>\n\t\t\t\t\t\n\t\t\t\t\t\t\t\t\t\t<div class=\"elementor-testimonial-details\">\n\t\t\t\t\t\t\t\t\t\t\t\t\t\t<a class=\"elementor-testimonial-name\" href=\"https:\/\/comite-ecologique-ariegeois.org\/?page_id=87\"> Adh\u00e9sions, dons, ... merci de votre soutien<\/a>\n\t\t\t\t\t\t\t\t\t\t\t\t\t\t\t\t\t\t\t<\/div>\n\t\t\t\t\t\t\t\t\t<\/div>\n\t\t\t<\/div>\n\t\t\t\t\t<\/div>\n\t\t\t\t\t\t<\/div>\n\t\t\t\t<\/div>\n\t\t\t\t<\/div>\n\t\t<div class=\"elementor-element elementor-element-e4570e9 e-con-full e-flex e-con e-child\" data-id=\"e4570e9\" data-element_type=\"container\">\n\t\t\t\t<div class=\"elementor-element elementor-element-e22ab9f elementor-widget elementor-widget-image\" data-id=\"e22ab9f\" data-element_type=\"widget\" data-widget_type=\"image.default\">\n\t\t\t\t<div class=\"elementor-widget-container\">\n\t\t\t\t\t\t\t\t\t\t\t\t\t\t\t<img loading=\"lazy\" decoding=\"async\" width=\"1024\" height=\"686\" src=\"https:\/\/comite-ecologique-ariegeois.org\/wp-content\/uploads\/2026\/01\/Photo-CEA-Lagopede-en-tenue-dhiver_NED1628-1-1024x686.jpg\" class=\"attachment-large size-large wp-image-11055\" alt=\"\" srcset=\"https:\/\/comite-ecologique-ariegeois.org\/wp-content\/uploads\/2026\/01\/Photo-CEA-Lagopede-en-tenue-dhiver_NED1628-1-1024x686.jpg 1024w, https:\/\/comite-ecologique-ariegeois.org\/wp-content\/uploads\/2026\/01\/Photo-CEA-Lagopede-en-tenue-dhiver_NED1628-1-300x201.jpg 300w, https:\/\/comite-ecologique-ariegeois.org\/wp-content\/uploads\/2026\/01\/Photo-CEA-Lagopede-en-tenue-dhiver_NED1628-1-768x514.jpg 768w, https:\/\/comite-ecologique-ariegeois.org\/wp-content\/uploads\/2026\/01\/Photo-CEA-Lagopede-en-tenue-dhiver_NED1628-1-1536x1028.jpg 1536w, https:\/\/comite-ecologique-ariegeois.org\/wp-content\/uploads\/2026\/01\/Photo-CEA-Lagopede-en-tenue-dhiver_NED1628-1-2048x1371.jpg 2048w\" sizes=\"(max-width: 1024px) 100vw, 1024px\" \/>\t\t\t\t\t\t\t\t\t\t\t\t\t\t\t<\/div>\n\t\t\t\t<\/div>\n\t\t\t\t<div class=\"elementor-element elementor-element-75f9726 elementor-widget elementor-widget-text-editor\" data-id=\"75f9726\" data-element_type=\"widget\" data-widget_type=\"text-editor.default\">\n\t\t\t\t<div class=\"elementor-widget-container\">\n\t\t\t\t\t\t\t\t\t<p><strong>Victoire au Conseil d&rsquo;Etat : moratoire obtenu ce 2 mars 2026 (supension pour 5 ans) de la chasse au lagop\u00e8de alpin !<br \/><\/strong>Apr\u00e8s l&rsquo;avis du 01\/06\/2022 du Conseil d&rsquo;\u00c9tat imposant\u00a0 un moratoire de cinq ans sur la chasse au grand t\u00e9tras dans les Pyr\u00e9n\u00e9es, <strong>nous obtenons ce 02\/03\/2026\u00a0 un moratoire de cinq ans pour le lagop\u00e8de alpin<\/strong> <strong>dans les Pyr\u00e9n\u00e9es et les Alpes,<\/strong> <strong>suite \u00e0 une requ\u00eate du CEA, de la LPO et de One Voice. <\/strong><a href=\"https:\/\/comite-ecologique-ariegeois.org\/wp-content\/uploads\/2026\/03\/202603_CP-Moratoire-Lagopede-inter-asso.pdf\">Lire le CP des <strong>associations.<\/strong><\/a><br \/><a href=\"https:\/\/comite-ecologique-ariegeois.org\/wp-content\/uploads\/2026\/03\/Recapitulatif-jugements-grand-tetras-lagopedes-alpins-perdrix-grises-montagne_02-03-2026.pdf\"><strong>Voir le r\u00e9capitulatif des 76 jugements Galliformes favorables.<\/strong><\/a><\/p>\t\t\t\t\t\t\t\t<\/div>\n\t\t\t\t<\/div>\n\t\t\t\t<\/div>\n\t\t<div class=\"elementor-element elementor-element-fdd9a94 e-con-full e-flex e-con e-child\" data-id=\"fdd9a94\" data-element_type=\"container\">\n\t\t\t\t<div class=\"elementor-element elementor-element-5b497b5 elementor-widget elementor-widget-image\" data-id=\"5b497b5\" data-element_type=\"widget\" data-widget_type=\"image.default\">\n\t\t\t\t<div class=\"elementor-widget-container\">\n\t\t\t\t\t\t\t\t\t\t\t\t\t\t\t<img loading=\"lazy\" decoding=\"async\" width=\"855\" height=\"620\" src=\"https:\/\/comite-ecologique-ariegeois.org\/wp-content\/uploads\/2026\/04\/Peti-855x620.jpeg\" class=\"attachment-neve-blog size-neve-blog wp-image-11706\" alt=\"\" \/>\t\t\t\t\t\t\t\t\t\t\t\t\t\t\t<\/div>\n\t\t\t\t<\/div>\n\t\t\t\t<div class=\"elementor-element elementor-element-0265e11 elementor-widget elementor-widget-text-editor\" data-id=\"0265e11\" data-element_type=\"widget\" data-widget_type=\"text-editor.default\">\n\t\t\t\t<div class=\"elementor-widget-container\">\n\t\t\t\t\t\t\t\t\t<p><strong>PESTICIDES\u00a0 \u00a0 \u00a0 \u00a0 \u00a0 \u00a0 \u00a0 \u00a0 \u00a0 \u00a0 \u00a0<span id=\"isPasted\" data-path-to-node=\"2,1\"><a href=\"https:\/\/www.linkedin.com\/posts\/secrets-toxiques_victoire-activity-7451893389689688064-DCV7?utm_source=share&amp;utm_medium=member_desktop&amp;rcm=ACoAABKeUAABt7g4vLmY7niwxsrnAbDf6TyUu_g\"><img loading=\"lazy\" decoding=\"async\" class=\"attachment-thumbnail wp-image-7301\" src=\"https:\/\/secretstoxiques.fr\/wp-content\/uploads\/2021\/07\/Logo2-350px-150x150.png\" sizes=\"(max-width: 150px) 100vw, 150px\" srcset=\"https:\/\/secretstoxiques.fr\/wp-content\/uploads\/2021\/07\/Logo2-350px-150x150.png 150w, https:\/\/secretstoxiques.fr\/wp-content\/uploads\/2021\/07\/Logo2-350px-300x300.png 300w, https:\/\/secretstoxiques.fr\/wp-content\/uploads\/2021\/07\/Logo2-350px.png 350w\" alt=\"\" width=\"72\" height=\"72\" \/><\/a><\/span><br \/><\/strong><span id=\"isPasted\" data-path-to-node=\"2,1\"><strong>Elle reste ouverte ! <br \/><\/strong><\/span><span id=\"isPasted\" data-path-to-node=\"2,1\">C\u2019est une victoire qui fait du bien : la Commission des P\u00e9titions (PETI) du Parlement Europ\u00e9en a vot\u00e9 le maintien de la p\u00e9tition port\u00e9e par la coalition Secrets Toxiques<\/span><span data-path-to-node=\"2,3\">. <\/span><span data-path-to-node=\"2,5\">Contre l\u2019avis de la rapporteure qui voulait enterrer le dossier, les eurod\u00e9put\u00e9s ont choisi d&rsquo;\u00e9couter la pression citoyenne<\/span><span data-path-to-node=\"2,7\">. Pour la cinqui\u00e8me ann\u00e9e cons\u00e9cutive, le d\u00e9bat reste ouvert. Cette p\u00e9tition d\u00e9nonce les r\u00e8gles europ\u00e9enne sur l&rsquo;\u00e9valuation des pesticides. <\/span>Regardez la<a href=\"https:\/\/www.linkedin.com\/posts\/secrets-toxiques_victoire-activity-7451893389689688064-DCV7?utm_source=share&amp;utm_medium=member_desktop&amp;rcm=ACoAABKeUAABt7g4vLmY7niwxsrnAbDf6TyUu_g\"> vid\u00e9o\u00a0 <\/a><\/p><div>\u00a0<\/div><div>\u00a0<\/div><div>\u00a0<\/div>\t\t\t\t\t\t\t\t<\/div>\n\t\t\t\t<\/div>\n\t\t\t\t<\/div>\n\t\t<div class=\"elementor-element elementor-element-020c6d4 e-con-full e-flex e-con e-child\" data-id=\"020c6d4\" data-element_type=\"container\">\n\t\t\t\t<div class=\"elementor-element elementor-element-8eea880 elementor-widget elementor-widget-image\" data-id=\"8eea880\" data-element_type=\"widget\" data-widget_type=\"image.default\">\n\t\t\t\t<div class=\"elementor-widget-container\">\n\t\t\t\t\t\t\t\t\t\t\t\t\t\t\t<img loading=\"lazy\" decoding=\"async\" width=\"300\" height=\"200\" src=\"https:\/\/comite-ecologique-ariegeois.org\/wp-content\/uploads\/2024\/12\/13_lac-de-Montbel.--300x200.jpg\" class=\"attachment-medium size-medium wp-image-6729\" alt=\"\" srcset=\"https:\/\/comite-ecologique-ariegeois.org\/wp-content\/uploads\/2024\/12\/13_lac-de-Montbel.--300x200.jpg 300w, https:\/\/comite-ecologique-ariegeois.org\/wp-content\/uploads\/2024\/12\/13_lac-de-Montbel.--1024x683.jpg 1024w, https:\/\/comite-ecologique-ariegeois.org\/wp-content\/uploads\/2024\/12\/13_lac-de-Montbel.--768x512.jpg 768w, https:\/\/comite-ecologique-ariegeois.org\/wp-content\/uploads\/2024\/12\/13_lac-de-Montbel.--1536x1024.jpg 1536w, https:\/\/comite-ecologique-ariegeois.org\/wp-content\/uploads\/2024\/12\/13_lac-de-Montbel.--2048x1365.jpg 2048w, https:\/\/comite-ecologique-ariegeois.org\/wp-content\/uploads\/2024\/12\/13_lac-de-Montbel.--930x620.jpg 930w\" sizes=\"(max-width: 300px) 100vw, 300px\" \/>\t\t\t\t\t\t\t\t\t\t\t\t\t\t\t<\/div>\n\t\t\t\t<\/div>\n\t\t\t\t<div class=\"elementor-element elementor-element-243468e elementor-widget elementor-widget-text-editor\" data-id=\"243468e\" data-element_type=\"widget\" data-widget_type=\"text-editor.default\">\n\t\t\t\t<div class=\"elementor-widget-container\">\n\t\t\t\t\t\t\t\t\t<p><strong>Urbanisation touristique au lac de Montbel<\/strong><\/p><p>Le CEA d\u00e9fend le fort enjeu environnemental menac\u00e9 par ce projet.<\/p><ul><li><a href=\"https:\/\/comite-ecologique-ariegeois.org\/?page_id=343#cours\">Le contexte<\/a><\/li><li><a href=\"https:\/\/comite-ecologique-ariegeois.org\/?page_id=339\">Nos 4 actions juridiques<\/a><\/li><\/ul>\t\t\t\t\t\t\t\t<\/div>\n\t\t\t\t<\/div>\n\t\t\t\t<\/div>\n\t\t<div class=\"elementor-element elementor-element-d8c1713 e-con-full e-flex e-con e-child\" data-id=\"d8c1713\" data-element_type=\"container\">\n\t\t\t\t<div class=\"elementor-element elementor-element-e7e529e elementor-widget elementor-widget-image\" data-id=\"e7e529e\" data-element_type=\"widget\" data-widget_type=\"image.default\">\n\t\t\t\t<div class=\"elementor-widget-container\">\n\t\t\t\t\t\t\t\t\t\t\t\t\t\t\t<img loading=\"lazy\" decoding=\"async\" width=\"300\" height=\"219\" src=\"https:\/\/comite-ecologique-ariegeois.org\/wp-content\/uploads\/2026\/04\/banderole_refuge_etang_fourcat-768x1024-1-e1776956025152-300x219.jpg\" class=\"attachment-medium size-medium wp-image-11694\" alt=\"\" srcset=\"https:\/\/comite-ecologique-ariegeois.org\/wp-content\/uploads\/2026\/04\/banderole_refuge_etang_fourcat-768x1024-1-e1776956025152-300x219.jpg 300w, https:\/\/comite-ecologique-ariegeois.org\/wp-content\/uploads\/2026\/04\/banderole_refuge_etang_fourcat-768x1024-1-e1776956025152.jpg 662w\" sizes=\"(max-width: 300px) 100vw, 300px\" \/>\t\t\t\t\t\t\t\t\t\t\t\t\t\t\t<\/div>\n\t\t\t\t<\/div>\n\t\t\t\t<div class=\"elementor-element elementor-element-2dfd4b7 elementor-widget elementor-widget-text-editor\" data-id=\"2dfd4b7\" data-element_type=\"widget\" data-widget_type=\"text-editor.default\">\n\t\t\t\t<div class=\"elementor-widget-container\">\n\t\t\t\t\t\t\t\t\t<p><strong>Extractivisme<\/strong><\/p><p>Le CEA participe \u00e0 la lutte avec :<br \/><a href=\"https:\/\/www.stopminesalau.com\/\" target=\"_blank\" rel=\"noopener\"><strong>Stop Mine &#8211; Salau<\/strong><\/a>\u00a0 \u00a0(<a href=\"https:\/\/comite-ecologique-ariegeois.org\/?page_id=4111#mine\">En savoir plus<\/a>)<br \/><a href=\"https:\/\/stop-gravieres.ariege.eu.org\/\" target=\"_blank\" rel=\"noopener\"><strong>Stop Gravi\u00e8res<\/strong><\/a> (Le contexte et les luttes, <a href=\"https:\/\/comite-ecologique-ariegeois.org\/?page_id=4111#graviere\">en savoir plus<\/a>).<br \/>La prochaine <strong>Assembl\u00e9e de Luttes contre les Projets Miniers <\/strong>aura lieu le samedi<strong> 16 mai, \u00e0 15 h \u2013 Ateliers de la Libert\u00e9, St-Girons.<br \/><\/strong>Une <strong>mobilisation<\/strong> est pr\u00e9vue<strong> selon l&rsquo;arriv\u00e9e de Variscan<\/strong>, qui finalement &#8211; contre toute attente &#8211; s&rsquo;est vu attribuer un permis d&rsquo;exploration pour l&rsquo;ancienne mine de Salau.<br \/><a href=\"https:\/\/pasdemines.noblogs.org\/\">Contre les Mines &#8211; Contre la Guerre<\/a>\u00a0<\/p>\t\t\t\t\t\t\t\t<\/div>\n\t\t\t\t<\/div>\n\t\t\t\t<\/div>\n\t\t<div class=\"elementor-element elementor-element-e3c9a55 e-con-full e-flex e-con e-child\" data-id=\"e3c9a55\" data-element_type=\"container\">\n\t\t\t\t<div class=\"elementor-element elementor-element-100d703 elementor-widget elementor-widget-image\" data-id=\"100d703\" data-element_type=\"widget\" data-widget_type=\"image.default\">\n\t\t\t\t<div class=\"elementor-widget-container\">\n\t\t\t\t\t\t\t\t\t\t\t\t\t\t\t<img loading=\"lazy\" decoding=\"async\" width=\"216\" height=\"300\" src=\"https:\/\/comite-ecologique-ariegeois.org\/wp-content\/uploads\/2026\/04\/fvFb3dMnJfywFg1l-216x300.png\" class=\"attachment-medium size-medium wp-image-11696\" alt=\"\" srcset=\"https:\/\/comite-ecologique-ariegeois.org\/wp-content\/uploads\/2026\/04\/fvFb3dMnJfywFg1l-216x300.png 216w, https:\/\/comite-ecologique-ariegeois.org\/wp-content\/uploads\/2026\/04\/fvFb3dMnJfywFg1l.png 457w\" sizes=\"(max-width: 216px) 100vw, 216px\" \/>\t\t\t\t\t\t\t\t\t\t\t\t\t\t\t<\/div>\n\t\t\t\t<\/div>\n\t\t\t\t<div class=\"elementor-element elementor-element-5fa647f elementor-widget elementor-widget-text-editor\" data-id=\"5fa647f\" data-element_type=\"widget\" data-widget_type=\"text-editor.default\">\n\t\t\t\t<div class=\"elementor-widget-container\">\n\t\t\t\t\t\t\t\t\t<p style=\"text-align: center;\"><strong>Journ\u00e9e des luttes <br \/>le 2 mai aux Bordes\/Arize<\/strong><\/p><p><span class=\"a_GcMg\">Les luttes d\u2019hier, d\u2019aujourd\u2019hui et d\u2019ailleurs<\/span><\/p><p>Au programme : <span class=\"a_GcMg\">Marche<\/span><span class=\"a_GcMg\">\u00a0de la <\/span><span class=\"a_GcMg\"><strong>Travers\u00e9e Fraternelle<\/strong> de l\u2019Ari\u00e8ge, stands expositions et Animations, conf\u00e9rence d\u00e9bat, projection du film <strong>M\u00eame la Pluie <\/strong>(tambien la lluvia), <strong>spectacles et concert<\/strong>. Le programme, c&rsquo;est par <a href=\"https:\/\/xn--journedesluttes-fnb.my.canva.site\/programme\">ici<\/a>.<\/span><\/p>\t\t\t\t\t\t\t\t<\/div>\n\t\t\t\t<\/div>\n\t\t\t\t<\/div>\n\t\t\t\t\t<\/div>\n\t\t\t\t<\/div>\n\t\t\t\t<\/div>\n\t\t<div class=\"elementor-element elementor-element-184cb32 e-con-full e-flex e-con e-parent\" data-id=\"184cb32\" data-element_type=\"container\">\n\t\t\t\t<div class=\"elementor-element elementor-element-2ed940e elementor-widget elementor-widget-spacer\" data-id=\"2ed940e\" data-element_type=\"widget\" data-widget_type=\"spacer.default\">\n\t\t\t\t<div class=\"elementor-widget-container\">\n\t\t\t\t\t\t\t<div class=\"elementor-spacer\">\n\t\t\t<div class=\"elementor-spacer-inner\"><\/div>\n\t\t<\/div>\n\t\t\t\t\t\t<\/div>\n\t\t\t\t<\/div>\n\t\t\t\t<div class=\"elementor-element elementor-element-0e24b23 elementor-widget elementor-widget-text-editor\" data-id=\"0e24b23\" data-element_type=\"widget\" data-widget_type=\"text-editor.default\">\n\t\t\t\t<div class=\"elementor-widget-container\">\n\t\t\t\t\t\t\t\t\t<h4 style=\"text-align: center;\"><span style=\"color: #008000;\"><em>Depuis 1979 l&rsquo;association oeuvre en toute ind\u00e9pendance pour la pr\u00e9servation du vivant : analyse, information, propositions alternatives, contestation aupr\u00e8s de toutes les instances, seule ou avec des associations ou collectifs partenaires.<\/em><\/span><\/h4>\t\t\t\t\t\t\t\t<\/div>\n\t\t\t\t<\/div>\n\t\t\t\t<div class=\"elementor-element elementor-element-26e8417 elementor-widget elementor-widget-spacer\" data-id=\"26e8417\" data-element_type=\"widget\" data-widget_type=\"spacer.default\">\n\t\t\t\t<div class=\"elementor-widget-container\">\n\t\t\t\t\t\t\t<div class=\"elementor-spacer\">\n\t\t\t<div class=\"elementor-spacer-inner\"><\/div>\n\t\t<\/div>\n\t\t\t\t\t\t<\/div>\n\t\t\t\t<\/div>\n\t\t\t\t<\/div>\n\t\t<div class=\"elementor-element elementor-element-53fe8ae e-flex e-con-boxed e-con e-parent\" data-id=\"53fe8ae\" data-element_type=\"container\" data-settings=\"{&quot;background_background&quot;:&quot;classic&quot;}\">\n\t\t\t\t\t<div class=\"e-con-inner\">\n\t\t\t\t<div class=\"elementor-element elementor-element-5153255 elementor-widget elementor-widget-heading\" data-id=\"5153255\" data-element_type=\"widget\" data-widget_type=\"heading.default\">\n\t\t\t\t<div class=\"elementor-widget-container\">\n\t\t\t\t\t<h2 class=\"elementor-heading-title elementor-size-default\">Dossiers<\/h2>\t\t\t\t<\/div>\n\t\t\t\t<\/div>\n\t\t<div class=\"elementor-element elementor-element-f27fe3a e-con-full e-grid e-con e-child\" data-id=\"f27fe3a\" data-element_type=\"container\">\n\t\t<div class=\"elementor-element elementor-element-e49f3f6 e-con-full e-flex e-con e-child\" data-id=\"e49f3f6\" data-element_type=\"container\">\n\t\t<div class=\"elementor-element elementor-element-4c99911 e-con-full e-flex e-con e-child\" data-id=\"4c99911\" data-element_type=\"container\">\n\t\t\t\t<div class=\"elementor-element elementor-element-d822fe7 elementor-widget elementor-widget-heading\" data-id=\"d822fe7\" data-element_type=\"widget\" data-widget_type=\"heading.default\">\n\t\t\t\t<div class=\"elementor-widget-container\">\n\t\t\t\t\t<h3 class=\"elementor-heading-title elementor-size-default\"><a href=\"https:\/\/comite-ecologique-ariegeois.org\/?page_id=7198\">Biodiversit\u00e9<\/a><\/h3>\t\t\t\t<\/div>\n\t\t\t\t<\/div>\n\t\t\t\t<div class=\"elementor-element elementor-element-315f7ae elementor-widget elementor-widget-image\" data-id=\"315f7ae\" data-element_type=\"widget\" data-widget_type=\"image.default\">\n\t\t\t\t<div class=\"elementor-widget-container\">\n\t\t\t\t\t\t\t\t\t\t\t\t\t\t\t\t<a href=\"https:\/\/comite-ecologique-ariegeois.org\/?page_id=7198\">\n\t\t\t\t\t\t\t<img loading=\"lazy\" decoding=\"async\" width=\"1024\" height=\"664\" src=\"https:\/\/comite-ecologique-ariegeois.org\/wp-content\/uploads\/2024\/08\/05-LagopA\u00a8de-alpin-e1770822209143-1024x664.jpg\" class=\"attachment-large size-large wp-image-404\" alt=\"\" srcset=\"https:\/\/comite-ecologique-ariegeois.org\/wp-content\/uploads\/2024\/08\/05-LagopA\u00a8de-alpin-e1770822209143-1024x664.jpg 1024w, https:\/\/comite-ecologique-ariegeois.org\/wp-content\/uploads\/2024\/08\/05-LagopA\u00a8de-alpin-e1770822209143-300x194.jpg 300w, https:\/\/comite-ecologique-ariegeois.org\/wp-content\/uploads\/2024\/08\/05-LagopA\u00a8de-alpin-e1770822209143-768x498.jpg 768w, https:\/\/comite-ecologique-ariegeois.org\/wp-content\/uploads\/2024\/08\/05-LagopA\u00a8de-alpin-e1770822209143-1536x996.jpg 1536w, https:\/\/comite-ecologique-ariegeois.org\/wp-content\/uploads\/2024\/08\/05-LagopA\u00a8de-alpin-e1770822209143-2048x1328.jpg 2048w\" sizes=\"(max-width: 1024px) 100vw, 1024px\" \/>\t\t\t\t\t\t\t\t<\/a>\n\t\t\t\t\t\t\t\t\t\t\t\t\t\t\t<\/div>\n\t\t\t\t<\/div>\n\t\t\t\t<div class=\"elementor-element elementor-element-1233c6b elementor-widget elementor-widget-text-editor\" data-id=\"1233c6b\" data-element_type=\"widget\" data-widget_type=\"text-editor.default\">\n\t\t\t\t<div class=\"elementor-widget-container\">\n\t\t\t\t\t\t\t\t\t<p style=\"text-align: center;\"><em><span style=\"color: #414141;\"><span style=\"font-family: Roboto, sans-serif;\"><span lang=\"fr-FR\"><span style=\"font-style: normal;\">L<\/span><\/span><\/span><\/span><\/em><em><span style=\"color: #414141;\"><span style=\"font-family: Roboto, sans-serif;\"><span style=\"font-size: 12pt;\"><span lang=\"fr-FR\"><span style=\"font-style: normal;\">a pr\u00e9servation des espaces et des esp\u00e8ces est une priorit\u00e9 commune pour le pr\u00e9sent comme pour l\u2019avenir.<\/span><\/span><\/span><\/span><\/span><\/em><em><span style=\"color: #414141;\"><span style=\"font-family: Roboto, sans-serif;\"><span lang=\"fr-FR\"><span style=\"font-style: normal;\"> Le CEA s\u2019efforce de le rappeler r\u00e9guli\u00e8rement aux d\u00e9cideurs.<\/span><\/span><\/span><\/span><\/em><\/p>\t\t\t\t\t\t\t\t<\/div>\n\t\t\t\t<\/div>\n\t\t\t\t<\/div>\n\t\t\t\t<\/div>\n\t\t<div class=\"elementor-element elementor-element-b15c1e7 e-con-full e-flex e-con e-child\" data-id=\"b15c1e7\" data-element_type=\"container\">\n\t\t<div class=\"elementor-element elementor-element-cb205d1 e-con-full e-flex e-con e-child\" data-id=\"cb205d1\" data-element_type=\"container\">\n\t\t\t\t<div class=\"elementor-element elementor-element-55a31c1 elementor-widget elementor-widget-heading\" data-id=\"55a31c1\" data-element_type=\"widget\" data-widget_type=\"heading.default\">\n\t\t\t\t<div class=\"elementor-widget-container\">\n\t\t\t\t\t<h3 class=\"elementor-heading-title elementor-size-default\"><a href=\"https:\/\/comite-ecologique-ariegeois.org\/?page_id=343\">Eau<\/a><\/h3>\t\t\t\t<\/div>\n\t\t\t\t<\/div>\n\t\t\t\t<div class=\"elementor-element elementor-element-9d05939 elementor-widget elementor-widget-image\" data-id=\"9d05939\" data-element_type=\"widget\" data-widget_type=\"image.default\">\n\t\t\t\t<div class=\"elementor-widget-container\">\n\t\t\t\t\t\t\t\t\t\t\t\t\t\t\t\t<a href=\"https:\/\/comite-ecologique-ariegeois.org\/?page_id=343\">\n\t\t\t\t\t\t\t<img loading=\"lazy\" decoding=\"async\" width=\"1024\" height=\"685\" src=\"https:\/\/comite-ecologique-ariegeois.org\/wp-content\/uploads\/2024\/09\/Photo-CEA-lac-Riberot-Etang-13-08-2009-1-scaled-e1770822388459-1024x685.jpg\" class=\"attachment-large size-large wp-image-823\" alt=\"\" srcset=\"https:\/\/comite-ecologique-ariegeois.org\/wp-content\/uploads\/2024\/09\/Photo-CEA-lac-Riberot-Etang-13-08-2009-1-scaled-e1770822388459-1024x685.jpg 1024w, https:\/\/comite-ecologique-ariegeois.org\/wp-content\/uploads\/2024\/09\/Photo-CEA-lac-Riberot-Etang-13-08-2009-1-scaled-e1770822388459-300x201.jpg 300w, https:\/\/comite-ecologique-ariegeois.org\/wp-content\/uploads\/2024\/09\/Photo-CEA-lac-Riberot-Etang-13-08-2009-1-scaled-e1770822388459-768x514.jpg 768w, https:\/\/comite-ecologique-ariegeois.org\/wp-content\/uploads\/2024\/09\/Photo-CEA-lac-Riberot-Etang-13-08-2009-1-scaled-e1770822388459-1536x1028.jpg 1536w, https:\/\/comite-ecologique-ariegeois.org\/wp-content\/uploads\/2024\/09\/Photo-CEA-lac-Riberot-Etang-13-08-2009-1-scaled-e1770822388459-2048x1371.jpg 2048w\" sizes=\"(max-width: 1024px) 100vw, 1024px\" \/>\t\t\t\t\t\t\t\t<\/a>\n\t\t\t\t\t\t\t\t\t\t\t\t\t\t\t<\/div>\n\t\t\t\t<\/div>\n\t\t\t\t<div class=\"elementor-element elementor-element-327407f elementor-widget elementor-widget-text-editor\" data-id=\"327407f\" data-element_type=\"widget\" data-widget_type=\"text-editor.default\">\n\t\t\t\t<div class=\"elementor-widget-container\">\n\t\t\t\t\t\t\t\t\t<p><span style=\"color: #414141;\"><span style=\"font-family: Roboto, sans-serif;\"><span lang=\"fr-FR\">Une bonne eau au robinet, \u00e7a se pr\u00e9pare des ann\u00e9es, voire des d\u00e9cennies auparavant. Elle d\u00e9pend de l&rsquo;\u00e9tat des eaux sauvages : le CEA r\u00e9agit face aux pollutions actuelles ou \u00e0 venir des eaux superficielles ou souterraines.<\/span><\/span><\/span><\/p>\t\t\t\t\t\t\t\t<\/div>\n\t\t\t\t<\/div>\n\t\t\t\t<\/div>\n\t\t\t\t<\/div>\n\t\t<div class=\"elementor-element elementor-element-46b2946 e-con-full e-flex e-con e-child\" data-id=\"46b2946\" data-element_type=\"container\">\n\t\t<div class=\"elementor-element elementor-element-5cb1b4b e-con-full e-flex e-con e-child\" data-id=\"5cb1b4b\" data-element_type=\"container\">\n\t\t\t\t<div class=\"elementor-element elementor-element-4b10053 elementor-widget elementor-widget-heading\" data-id=\"4b10053\" data-element_type=\"widget\" data-widget_type=\"heading.default\">\n\t\t\t\t<div class=\"elementor-widget-container\">\n\t\t\t\t\t<h3 class=\"elementor-heading-title elementor-size-default\"><a href=\"https:\/\/comite-ecologique-ariegeois.org\/?page_id=1231\">Energie, Climat<\/a><\/h3>\t\t\t\t<\/div>\n\t\t\t\t<\/div>\n\t\t\t\t<div class=\"elementor-element elementor-element-67c7c82 elementor-widget elementor-widget-image\" data-id=\"67c7c82\" data-element_type=\"widget\" data-widget_type=\"image.default\">\n\t\t\t\t<div class=\"elementor-widget-container\">\n\t\t\t\t\t\t\t\t\t\t\t\t\t\t\t\t<a href=\"https:\/\/comite-ecologique-ariegeois.org\/?page_id=1231\">\n\t\t\t\t\t\t\t<img loading=\"lazy\" decoding=\"async\" width=\"1024\" height=\"666\" src=\"https:\/\/comite-ecologique-ariegeois.org\/wp-content\/uploads\/2024\/08\/Photo-Dossiers-1_Eau-Energie-Climat--scaled-e1770822437120-1024x666.jpg\" class=\"attachment-large size-large wp-image-387\" alt=\"\" srcset=\"https:\/\/comite-ecologique-ariegeois.org\/wp-content\/uploads\/2024\/08\/Photo-Dossiers-1_Eau-Energie-Climat--scaled-e1770822437120-1024x666.jpg 1024w, https:\/\/comite-ecologique-ariegeois.org\/wp-content\/uploads\/2024\/08\/Photo-Dossiers-1_Eau-Energie-Climat--scaled-e1770822437120-300x195.jpg 300w, https:\/\/comite-ecologique-ariegeois.org\/wp-content\/uploads\/2024\/08\/Photo-Dossiers-1_Eau-Energie-Climat--scaled-e1770822437120-768x500.jpg 768w, https:\/\/comite-ecologique-ariegeois.org\/wp-content\/uploads\/2024\/08\/Photo-Dossiers-1_Eau-Energie-Climat--scaled-e1770822437120-1536x1000.jpg 1536w, https:\/\/comite-ecologique-ariegeois.org\/wp-content\/uploads\/2024\/08\/Photo-Dossiers-1_Eau-Energie-Climat--scaled-e1770822437120-2048x1333.jpg 2048w\" sizes=\"(max-width: 1024px) 100vw, 1024px\" \/>\t\t\t\t\t\t\t\t<\/a>\n\t\t\t\t\t\t\t\t\t\t\t\t\t\t\t<\/div>\n\t\t\t\t<\/div>\n\t\t\t\t<div class=\"elementor-element elementor-element-2c4a616 elementor-widget elementor-widget-text-editor\" data-id=\"2c4a616\" data-element_type=\"widget\" data-widget_type=\"text-editor.default\">\n\t\t\t\t<div class=\"elementor-widget-container\">\n\t\t\t\t\t\t\t\t\t<p><em><span style=\"color: #414141;\"><span style=\"font-family: Roboto, sans-serif;\"><span style=\"font-size: 12pt;\"><span lang=\"fr-FR\"><span style=\"font-style: normal;\">Les \u00e9nergies renouvelables : pas n&rsquo;importe o\u00f9 ni n&rsquo;importe comment. Bien s\u00fbr, mais si nous voulons \u00e9pargner nos paysages, nos cours d&rsquo;eau, nos terres agricoles, et diminuer notre impact sur le climat, r\u00e9duisons notre consommation d&rsquo;\u00e9nergie. <br \/><\/span><\/span><\/span><\/span><\/span><\/em><\/p>\t\t\t\t\t\t\t\t<\/div>\n\t\t\t\t<\/div>\n\t\t\t\t<\/div>\n\t\t\t\t<\/div>\n\t\t<div class=\"elementor-element elementor-element-0cf1814 e-con-full e-flex e-con e-child\" data-id=\"0cf1814\" data-element_type=\"container\">\n\t\t<div class=\"elementor-element elementor-element-77a6062 e-con-full e-flex e-con e-child\" data-id=\"77a6062\" data-element_type=\"container\">\n\t\t\t\t<div class=\"elementor-element elementor-element-c95608a elementor-widget elementor-widget-heading\" data-id=\"c95608a\" data-element_type=\"widget\" data-widget_type=\"heading.default\">\n\t\t\t\t<div class=\"elementor-widget-container\">\n\t\t\t\t\t<h3 class=\"elementor-heading-title elementor-size-default\"><a href=\"https:\/\/comite-ecologique-ariegeois.org\/?page_id=345\">Am\u00e9nagements, Urbanisme<\/a><\/h3>\t\t\t\t<\/div>\n\t\t\t\t<\/div>\n\t\t\t\t<div class=\"elementor-element elementor-element-2e7bd49 elementor-widget elementor-widget-image\" data-id=\"2e7bd49\" data-element_type=\"widget\" data-widget_type=\"image.default\">\n\t\t\t\t<div class=\"elementor-widget-container\">\n\t\t\t\t\t\t\t\t\t\t\t\t\t\t\t\t<a href=\"https:\/\/comite-ecologique-ariegeois.org\/?page_id=3786\">\n\t\t\t\t\t\t\t<img loading=\"lazy\" decoding=\"async\" width=\"930\" height=\"620\" src=\"https:\/\/comite-ecologique-ariegeois.org\/wp-content\/uploads\/2025\/01\/Photo-CEA_Antennes-Laroque_01-01-2025_NX-scaled-e1770822516744-930x620.jpg\" class=\"attachment-neve-blog size-neve-blog wp-image-7432\" alt=\"\" \/>\t\t\t\t\t\t\t\t<\/a>\n\t\t\t\t\t\t\t\t\t\t\t\t\t\t\t<\/div>\n\t\t\t\t<\/div>\n\t\t\t\t<div class=\"elementor-element elementor-element-5e1b5e7 elementor-widget elementor-widget-text-editor\" data-id=\"5e1b5e7\" data-element_type=\"widget\" data-widget_type=\"text-editor.default\">\n\t\t\t\t<div class=\"elementor-widget-container\">\n\t\t\t\t\t\t\t\t\t<p><em><span style=\"color: #414141;\"><span style=\"font-family: Roboto, sans-serif;\"><span lang=\"fr-FR\"><span style=\"font-style: normal;\">Le num\u00e9rique a d\u00e9pass\u00e9 le stade utile pour verser dans le gadget, le consum\u00e9risme et la surveillance de masse. Nous nous opposons \u00e0 ce gaspillage de mat\u00e9riaux et d&rsquo;\u00e9nergie qui, de plus, affecte la sant\u00e9 de nombreux citoyens.<\/span><\/span><\/span><\/span><\/em><\/p>\t\t\t\t\t\t\t\t<\/div>\n\t\t\t\t<\/div>\n\t\t\t\t<\/div>\n\t\t\t\t<\/div>\n\t\t<div class=\"elementor-element elementor-element-c6a8f20 e-con-full e-flex e-con e-child\" data-id=\"c6a8f20\" data-element_type=\"container\">\n\t\t<div class=\"elementor-element elementor-element-d27c72b e-con-full e-flex e-con e-child\" data-id=\"d27c72b\" data-element_type=\"container\">\n\t\t\t\t<div class=\"elementor-element elementor-element-29a64c2 elementor-widget elementor-widget-heading\" data-id=\"29a64c2\" data-element_type=\"widget\" data-widget_type=\"heading.default\">\n\t\t\t\t<div class=\"elementor-widget-container\">\n\t\t\t\t\t<h3 class=\"elementor-heading-title elementor-size-default\"><a href=\"https:\/\/comite-ecologique-ariegeois.org\/?page_id=4111\">Carri\u00e8res, Gravi\u00e8res, Mines<\/a><\/h3>\t\t\t\t<\/div>\n\t\t\t\t<\/div>\n\t\t\t\t<div class=\"elementor-element elementor-element-fb410df elementor-widget elementor-widget-image\" data-id=\"fb410df\" data-element_type=\"widget\" data-widget_type=\"image.default\">\n\t\t\t\t<div class=\"elementor-widget-container\">\n\t\t\t\t\t\t\t\t\t\t\t\t\t\t\t\t<a href=\"https:\/\/comite-ecologique-ariegeois.org\/?page_id=4111\">\n\t\t\t\t\t\t\t<img loading=\"lazy\" decoding=\"async\" width=\"1024\" height=\"663\" src=\"https:\/\/comite-ecologique-ariegeois.org\/wp-content\/uploads\/2024\/09\/Photo-CEA-allegee-Graviere-Siadoux-a-Saverdun_17-07-12-scaled-e1770822561312-1024x663.jpg\" class=\"attachment-large size-large wp-image-778\" alt=\"\" srcset=\"https:\/\/comite-ecologique-ariegeois.org\/wp-content\/uploads\/2024\/09\/Photo-CEA-allegee-Graviere-Siadoux-a-Saverdun_17-07-12-scaled-e1770822561312-1024x663.jpg 1024w, https:\/\/comite-ecologique-ariegeois.org\/wp-content\/uploads\/2024\/09\/Photo-CEA-allegee-Graviere-Siadoux-a-Saverdun_17-07-12-scaled-e1770822561312-300x194.jpg 300w, https:\/\/comite-ecologique-ariegeois.org\/wp-content\/uploads\/2024\/09\/Photo-CEA-allegee-Graviere-Siadoux-a-Saverdun_17-07-12-scaled-e1770822561312-768x498.jpg 768w, https:\/\/comite-ecologique-ariegeois.org\/wp-content\/uploads\/2024\/09\/Photo-CEA-allegee-Graviere-Siadoux-a-Saverdun_17-07-12-scaled-e1770822561312-1536x995.jpg 1536w, https:\/\/comite-ecologique-ariegeois.org\/wp-content\/uploads\/2024\/09\/Photo-CEA-allegee-Graviere-Siadoux-a-Saverdun_17-07-12-scaled-e1770822561312-2048x1327.jpg 2048w\" sizes=\"(max-width: 1024px) 100vw, 1024px\" \/>\t\t\t\t\t\t\t\t<\/a>\n\t\t\t\t\t\t\t\t\t\t\t\t\t\t\t<\/div>\n\t\t\t\t<\/div>\n\t\t\t\t<div class=\"elementor-element elementor-element-bd1defd elementor-widget elementor-widget-text-editor\" data-id=\"bd1defd\" data-element_type=\"widget\" data-widget_type=\"text-editor.default\">\n\t\t\t\t<div class=\"elementor-widget-container\">\n\t\t\t\t\t\t\t\t\t<p><span style=\"color: #414141;\"><span style=\"font-family: Roboto, sans-serif;\"><span style=\"font-size: medium;\"><span lang=\"fr-FR\">L&rsquo;Ari\u00e8ge, d\u00e9partement \u00e9conomiquement pauvre, attire les carriers internationaux et autres miniers pour se servir dans ses ressources naturelles. \u00c0 la cl\u00e9f\u00a0: de gros b\u00e9n\u00e9fices, quelque rares emplois, ainsi que la destruction du vivant, la pollution des eaux et des sols, sans parler de l&rsquo;impact sur la sant\u00e9 des habitants.<\/span><\/span><\/span><\/span><\/p>\t\t\t\t\t\t\t\t<\/div>\n\t\t\t\t<\/div>\n\t\t\t\t<\/div>\n\t\t\t\t<\/div>\n\t\t<div class=\"elementor-element elementor-element-ca1fde8 e-con-full e-flex e-con e-child\" data-id=\"ca1fde8\" data-element_type=\"container\">\n\t\t<div class=\"elementor-element elementor-element-6906692 e-con-full e-flex e-con e-child\" data-id=\"6906692\" data-element_type=\"container\">\n\t\t\t\t<div class=\"elementor-element elementor-element-60d0acd elementor-widget elementor-widget-heading\" data-id=\"60d0acd\" data-element_type=\"widget\" data-widget_type=\"heading.default\">\n\t\t\t\t<div class=\"elementor-widget-container\">\n\t\t\t\t\t<h3 class=\"elementor-heading-title elementor-size-default\"><a href=\"https:\/\/comite-ecologique-ariegeois.org\/?page_id=347\">Cadre de vie, sant\u00e9 et agriculture<\/a><\/h3>\t\t\t\t<\/div>\n\t\t\t\t<\/div>\n\t\t\t\t<div class=\"elementor-element elementor-element-bba3f7f elementor-widget elementor-widget-image\" data-id=\"bba3f7f\" data-element_type=\"widget\" data-widget_type=\"image.default\">\n\t\t\t\t<div class=\"elementor-widget-container\">\n\t\t\t\t\t\t\t\t\t\t\t\t\t\t\t\t<a href=\"https:\/\/comite-ecologique-ariegeois.org\/?page_id=347\">\n\t\t\t\t\t\t\t<img loading=\"lazy\" decoding=\"async\" width=\"1024\" height=\"659\" src=\"https:\/\/comite-ecologique-ariegeois.org\/wp-content\/uploads\/2024\/08\/Photo-Dossiers-3_cadre-de-vie-santA\u00a9-agriculture-scaled-e1770822604954-1024x659.jpg\" class=\"attachment-large size-large wp-image-389\" alt=\"\" srcset=\"https:\/\/comite-ecologique-ariegeois.org\/wp-content\/uploads\/2024\/08\/Photo-Dossiers-3_cadre-de-vie-santA\u00a9-agriculture-scaled-e1770822604954-1024x659.jpg 1024w, https:\/\/comite-ecologique-ariegeois.org\/wp-content\/uploads\/2024\/08\/Photo-Dossiers-3_cadre-de-vie-santA\u00a9-agriculture-scaled-e1770822604954-300x193.jpg 300w, https:\/\/comite-ecologique-ariegeois.org\/wp-content\/uploads\/2024\/08\/Photo-Dossiers-3_cadre-de-vie-santA\u00a9-agriculture-scaled-e1770822604954-768x494.jpg 768w, https:\/\/comite-ecologique-ariegeois.org\/wp-content\/uploads\/2024\/08\/Photo-Dossiers-3_cadre-de-vie-santA\u00a9-agriculture-scaled-e1770822604954-1536x988.jpg 1536w, https:\/\/comite-ecologique-ariegeois.org\/wp-content\/uploads\/2024\/08\/Photo-Dossiers-3_cadre-de-vie-santA\u00a9-agriculture-scaled-e1770822604954-2048x1317.jpg 2048w\" sizes=\"(max-width: 1024px) 100vw, 1024px\" \/>\t\t\t\t\t\t\t\t<\/a>\n\t\t\t\t\t\t\t\t\t\t\t\t\t\t\t<\/div>\n\t\t\t\t<\/div>\n\t\t\t\t<div class=\"elementor-element elementor-element-8b6150f elementor-widget elementor-widget-text-editor\" data-id=\"8b6150f\" data-element_type=\"widget\" data-widget_type=\"text-editor.default\">\n\t\t\t\t<div class=\"elementor-widget-container\">\n\t\t\t\t\t\t\t\t\t<p><span style=\"color: #414141;\"><span style=\"font-family: Roboto, sans-serif;\"><span style=\"font-size: medium;\"><span lang=\"fr-FR\"><span class=\"author-a-jz77zbqrz70zz80zz72zz68z2jz65ziz88zlz74z b i\">L\u2019avenir que nous soutenons est l\u2019agriculture paysanne respectueuse des animaux et des humains qui produit une nourriture saine et garantit une bonne vie aux agriculteurs.<\/span><\/span><\/span><\/span><\/span><\/p>\t\t\t\t\t\t\t\t<\/div>\n\t\t\t\t<\/div>\n\t\t\t\t<\/div>\n\t\t\t\t<\/div>\n\t\t\t\t<\/div>\n\t\t\t\t\t<\/div>\n\t\t\t\t<\/div>\n\t\t\t\t<\/div>\n\t\t","protected":false},"excerpt":{"rendered":"<p>Nous vivons dans une des r\u00e9gions les plus belles, sauvages et pr\u00e9serv\u00e9es d&rsquo;Europe\u00a0: C&rsquo;est notre chance, c&rsquo;est aussi notre responsabilit\u00e9&#8230; La survie de l&rsquo;esp\u00e8ce humaine d\u00e9pend de sa capacit\u00e9 \u00e0 pr\u00e9server le vivant autour d&rsquo;elle. Le CEA agit localement dans ce sens et s&rsquo;investit pour la protection de notre environnement quand celui-ci est menac\u00e9. Actualit\u00e9s&hellip;&nbsp;<a href=\"https:\/\/comite-ecologique-ariegeois.org\/\" rel=\"bookmark\">Lire la suite &raquo;<span class=\"screen-reader-text\">Accueil<\/span><\/a><\/p>\n","protected":false},"author":2,"featured_media":0,"parent":0,"menu_order":0,"comment_status":"closed","ping_status":"closed","template":"","meta":{"neve_meta_sidebar":"","neve_meta_container":"","neve_meta_enable_content_width":"on","neve_meta_content_width":100,"neve_meta_title_alignment":"","neve_meta_author_avatar":"","neve_post_elements_order":"","neve_meta_disable_header":"","neve_meta_disable_footer":"","neve_meta_disable_title":"on","footnotes":""},"class_list":["post-8","page","type-page","status-publish","hentry"],"yoast_head":"<!-- This site is optimized with the Yoast SEO plugin v26.4 - https:\/\/yoast.com\/wordpress\/plugins\/seo\/ -->\n<title>Accueil - Comit\u00e9 Ecologique Ari\u00e8geois<\/title>\n<meta name=\"robots\" content=\"index, follow, max-snippet:-1, max-image-preview:large, max-video-preview:-1\" \/>\n<link rel=\"canonical\" href=\"https:\/\/comite-ecologique-ariegeois.org\/\" \/>\n<meta property=\"og:locale\" content=\"fr_FR\" \/>\n<meta property=\"og:type\" content=\"article\" \/>\n<meta property=\"og:title\" content=\"Accueil - Comit\u00e9 Ecologique Ari\u00e8geois\" \/>\n<meta property=\"og:description\" content=\"Nous vivons dans une des r\u00e9gions les plus belles, sauvages et pr\u00e9serv\u00e9es d&rsquo;Europe\u00a0: C&rsquo;est notre chance, c&rsquo;est aussi notre responsabilit\u00e9&#8230; La survie de l&rsquo;esp\u00e8ce humaine d\u00e9pend de sa capacit\u00e9 \u00e0 pr\u00e9server le vivant autour d&rsquo;elle. Le CEA agit localement dans ce sens et s&rsquo;investit pour la protection de notre environnement quand celui-ci est menac\u00e9. Actualit\u00e9s&hellip;&nbsp;Lire la suite &raquo;Accueil\" \/>\n<meta property=\"og:url\" content=\"https:\/\/comite-ecologique-ariegeois.org\/\" \/>\n<meta property=\"og:site_name\" content=\"Comit\u00e9 Ecologique Ari\u00e8geois\" \/>\n<meta property=\"article:publisher\" content=\"https:\/\/www.facebook.com\/comite.ariegeois\/\" \/>\n<meta property=\"article:modified_time\" content=\"2026-04-27T16:36:29+00:00\" \/>\n<meta property=\"og:image\" content=\"https:\/\/comite-ecologique-ariegeois.org\/wp-content\/uploads\/2024\/09\/Abeille-sauvage-2_NX-150x150.jpg\" \/>\n<meta name=\"twitter:card\" content=\"summary_large_image\" \/>\n<meta name=\"twitter:label1\" content=\"Dur\u00e9e de lecture estim\u00e9e\" \/>\n\t<meta name=\"twitter:data1\" content=\"7 minutes\" \/>\n<script type=\"application\/ld+json\" class=\"yoast-schema-graph\">{\"@context\":\"https:\/\/schema.org\",\"@graph\":[{\"@type\":\"WebPage\",\"@id\":\"https:\/\/comite-ecologique-ariegeois.org\/\",\"url\":\"https:\/\/comite-ecologique-ariegeois.org\/\",\"name\":\"Accueil - Comit\u00e9 Ecologique Ari\u00e8geois\",\"isPartOf\":{\"@id\":\"https:\/\/comite-ecologique-ariegeois.org\/#website\"},\"primaryImageOfPage\":{\"@id\":\"https:\/\/comite-ecologique-ariegeois.org\/#primaryimage\"},\"image\":{\"@id\":\"https:\/\/comite-ecologique-ariegeois.org\/#primaryimage\"},\"thumbnailUrl\":\"https:\/\/comite-ecologique-ariegeois.org\/wp-content\/uploads\/2024\/09\/Abeille-sauvage-2_NX-150x150.jpg\",\"datePublished\":\"2024-05-21T12:25:13+00:00\",\"dateModified\":\"2026-04-27T16:36:29+00:00\",\"breadcrumb\":{\"@id\":\"https:\/\/comite-ecologique-ariegeois.org\/#breadcrumb\"},\"inLanguage\":\"fr-FR\",\"potentialAction\":[{\"@type\":\"ReadAction\",\"target\":[\"https:\/\/comite-ecologique-ariegeois.org\/\"]}]},{\"@type\":\"ImageObject\",\"inLanguage\":\"fr-FR\",\"@id\":\"https:\/\/comite-ecologique-ariegeois.org\/#primaryimage\",\"url\":\"https:\/\/comite-ecologique-ariegeois.org\/wp-content\/uploads\/2024\/09\/Abeille-sauvage-2_NX.jpg\",\"contentUrl\":\"https:\/\/comite-ecologique-ariegeois.org\/wp-content\/uploads\/2024\/09\/Abeille-sauvage-2_NX.jpg\",\"width\":2130,\"height\":1477},{\"@type\":\"BreadcrumbList\",\"@id\":\"https:\/\/comite-ecologique-ariegeois.org\/#breadcrumb\",\"itemListElement\":[{\"@type\":\"ListItem\",\"position\":1,\"name\":\"Accueil\",\"item\":\"https:\/\/comite-ecologique-ariegeois.org\/\"},{\"@type\":\"ListItem\",\"position\":2,\"name\":\"Accueil\"}]},{\"@type\":\"WebSite\",\"@id\":\"https:\/\/comite-ecologique-ariegeois.org\/#website\",\"url\":\"https:\/\/comite-ecologique-ariegeois.org\/\",\"name\":\"Comit\u00e9 Ecologique Ari\u00e8geois\",\"description\":\"Assotiation de protection de la nature\",\"publisher\":{\"@id\":\"https:\/\/comite-ecologique-ariegeois.org\/#organization\"},\"potentialAction\":[{\"@type\":\"SearchAction\",\"target\":{\"@type\":\"EntryPoint\",\"urlTemplate\":\"https:\/\/comite-ecologique-ariegeois.org\/?s={search_term_string}\"},\"query-input\":{\"@type\":\"PropertyValueSpecification\",\"valueRequired\":true,\"valueName\":\"search_term_string\"}}],\"inLanguage\":\"fr-FR\"},{\"@type\":\"Organization\",\"@id\":\"https:\/\/comite-ecologique-ariegeois.org\/#organization\",\"name\":\"Comit\u00e9 Ecologique Ari\u00e8geois\",\"url\":\"https:\/\/comite-ecologique-ariegeois.org\/\",\"logo\":{\"@type\":\"ImageObject\",\"inLanguage\":\"fr-FR\",\"@id\":\"https:\/\/comite-ecologique-ariegeois.org\/#\/schema\/logo\/image\/\",\"url\":\"https:\/\/comite-ecologique-ariegeois.org\/wp-content\/uploads\/2025\/01\/logo_nouveau_cea_jpeg_250pix_02_03_24-a8816.jpg\",\"contentUrl\":\"https:\/\/comite-ecologique-ariegeois.org\/wp-content\/uploads\/2025\/01\/logo_nouveau_cea_jpeg_250pix_02_03_24-a8816.jpg\",\"width\":250,\"height\":250,\"caption\":\"Comit\u00e9 Ecologique Ari\u00e8geois\"},\"image\":{\"@id\":\"https:\/\/comite-ecologique-ariegeois.org\/#\/schema\/logo\/image\/\"},\"sameAs\":[\"https:\/\/www.facebook.com\/comite.ariegeois\/\",\"https:\/\/www.instagram.com\/comite.ecologique.ariegeois\/\"]}]}<\/script>\n<!-- \/ Yoast SEO plugin. -->","yoast_head_json":{"title":"Accueil - Comit\u00e9 Ecologique Ari\u00e8geois","robots":{"index":"index","follow":"follow","max-snippet":"max-snippet:-1","max-image-preview":"max-image-preview:large","max-video-preview":"max-video-preview:-1"},"canonical":"https:\/\/comite-ecologique-ariegeois.org\/","og_locale":"fr_FR","og_type":"article","og_title":"Accueil - Comit\u00e9 Ecologique Ari\u00e8geois","og_description":"Nous vivons dans une des r\u00e9gions les plus belles, sauvages et pr\u00e9serv\u00e9es d&rsquo;Europe\u00a0: C&rsquo;est notre chance, c&rsquo;est aussi notre responsabilit\u00e9&#8230; La survie de l&rsquo;esp\u00e8ce humaine d\u00e9pend de sa capacit\u00e9 \u00e0 pr\u00e9server le vivant autour d&rsquo;elle. Le CEA agit localement dans ce sens et s&rsquo;investit pour la protection de notre environnement quand celui-ci est menac\u00e9. Actualit\u00e9s&hellip;&nbsp;Lire la suite &raquo;Accueil","og_url":"https:\/\/comite-ecologique-ariegeois.org\/","og_site_name":"Comit\u00e9 Ecologique Ari\u00e8geois","article_publisher":"https:\/\/www.facebook.com\/comite.ariegeois\/","article_modified_time":"2026-04-27T16:36:29+00:00","og_image":[{"url":"https:\/\/comite-ecologique-ariegeois.org\/wp-content\/uploads\/2024\/09\/Abeille-sauvage-2_NX-150x150.jpg","type":"","width":"","height":""}],"twitter_card":"summary_large_image","twitter_misc":{"Dur\u00e9e de lecture estim\u00e9e":"7 minutes"},"schema":{"@context":"https:\/\/schema.org","@graph":[{"@type":"WebPage","@id":"https:\/\/comite-ecologique-ariegeois.org\/","url":"https:\/\/comite-ecologique-ariegeois.org\/","name":"Accueil - Comit\u00e9 Ecologique Ari\u00e8geois","isPartOf":{"@id":"https:\/\/comite-ecologique-ariegeois.org\/#website"},"primaryImageOfPage":{"@id":"https:\/\/comite-ecologique-ariegeois.org\/#primaryimage"},"image":{"@id":"https:\/\/comite-ecologique-ariegeois.org\/#primaryimage"},"thumbnailUrl":"https:\/\/comite-ecologique-ariegeois.org\/wp-content\/uploads\/2024\/09\/Abeille-sauvage-2_NX-150x150.jpg","datePublished":"2024-05-21T12:25:13+00:00","dateModified":"2026-04-27T16:36:29+00:00","breadcrumb":{"@id":"https:\/\/comite-ecologique-ariegeois.org\/#breadcrumb"},"inLanguage":"fr-FR","potentialAction":[{"@type":"ReadAction","target":["https:\/\/comite-ecologique-ariegeois.org\/"]}]},{"@type":"ImageObject","inLanguage":"fr-FR","@id":"https:\/\/comite-ecologique-ariegeois.org\/#primaryimage","url":"https:\/\/comite-ecologique-ariegeois.org\/wp-content\/uploads\/2024\/09\/Abeille-sauvage-2_NX.jpg","contentUrl":"https:\/\/comite-ecologique-ariegeois.org\/wp-content\/uploads\/2024\/09\/Abeille-sauvage-2_NX.jpg","width":2130,"height":1477},{"@type":"BreadcrumbList","@id":"https:\/\/comite-ecologique-ariegeois.org\/#breadcrumb","itemListElement":[{"@type":"ListItem","position":1,"name":"Accueil","item":"https:\/\/comite-ecologique-ariegeois.org\/"},{"@type":"ListItem","position":2,"name":"Accueil"}]},{"@type":"WebSite","@id":"https:\/\/comite-ecologique-ariegeois.org\/#website","url":"https:\/\/comite-ecologique-ariegeois.org\/","name":"Comit\u00e9 Ecologique Ari\u00e8geois","description":"Assotiation de protection de la nature","publisher":{"@id":"https:\/\/comite-ecologique-ariegeois.org\/#organization"},"potentialAction":[{"@type":"SearchAction","target":{"@type":"EntryPoint","urlTemplate":"https:\/\/comite-ecologique-ariegeois.org\/?s={search_term_string}"},"query-input":{"@type":"PropertyValueSpecification","valueRequired":true,"valueName":"search_term_string"}}],"inLanguage":"fr-FR"},{"@type":"Organization","@id":"https:\/\/comite-ecologique-ariegeois.org\/#organization","name":"Comit\u00e9 Ecologique Ari\u00e8geois","url":"https:\/\/comite-ecologique-ariegeois.org\/","logo":{"@type":"ImageObject","inLanguage":"fr-FR","@id":"https:\/\/comite-ecologique-ariegeois.org\/#\/schema\/logo\/image\/","url":"https:\/\/comite-ecologique-ariegeois.org\/wp-content\/uploads\/2025\/01\/logo_nouveau_cea_jpeg_250pix_02_03_24-a8816.jpg","contentUrl":"https:\/\/comite-ecologique-ariegeois.org\/wp-content\/uploads\/2025\/01\/logo_nouveau_cea_jpeg_250pix_02_03_24-a8816.jpg","width":250,"height":250,"caption":"Comit\u00e9 Ecologique Ari\u00e8geois"},"image":{"@id":"https:\/\/comite-ecologique-ariegeois.org\/#\/schema\/logo\/image\/"},"sameAs":["https:\/\/www.facebook.com\/comite.ariegeois\/","https:\/\/www.instagram.com\/comite.ecologique.ariegeois\/"]}]}},"_links":{"self":[{"href":"https:\/\/comite-ecologique-ariegeois.org\/index.php?rest_route=\/wp\/v2\/pages\/8","targetHints":{"allow":["GET"]}}],"collection":[{"href":"https:\/\/comite-ecologique-ariegeois.org\/index.php?rest_route=\/wp\/v2\/pages"}],"about":[{"href":"https:\/\/comite-ecologique-ariegeois.org\/index.php?rest_route=\/wp\/v2\/types\/page"}],"author":[{"embeddable":true,"href":"https:\/\/comite-ecologique-ariegeois.org\/index.php?rest_route=\/wp\/v2\/users\/2"}],"replies":[{"embeddable":true,"href":"https:\/\/comite-ecologique-ariegeois.org\/index.php?rest_route=%2Fwp%2Fv2%2Fcomments&post=8"}],"version-history":[{"count":1339,"href":"https:\/\/comite-ecologique-ariegeois.org\/index.php?rest_route=\/wp\/v2\/pages\/8\/revisions"}],"predecessor-version":[{"id":11720,"href":"https:\/\/comite-ecologique-ariegeois.org\/index.php?rest_route=\/wp\/v2\/pages\/8\/revisions\/11720"}],"wp:attachment":[{"href":"https:\/\/comite-ecologique-ariegeois.org\/index.php?rest_route=%2Fwp%2Fv2%2Fmedia&parent=8"}],"curies":[{"name":"wp","href":"https:\/\/api.w.org\/{rel}","templated":true}]}}