{"id":7198,"date":"2024-12-26T18:02:31","date_gmt":"2024-12-26T17:02:31","guid":{"rendered":"https:\/\/comite-ecologique-ariegeois.org\/?page_id=7198"},"modified":"2026-03-09T22:23:33","modified_gmt":"2026-03-09T21:23:33","slug":"biodiv","status":"publish","type":"page","link":"https:\/\/comite-ecologique-ariegeois.org\/?page_id=7198","title":{"rendered":"Biodiversit\u00e9"},"content":{"rendered":"\t\t<div data-elementor-type=\"wp-page\" data-elementor-id=\"7198\" class=\"elementor elementor-7198\">\n\t\t\t\t<div class=\"elementor-element elementor-element-dc3a0cf e-flex e-con-boxed e-con e-parent\" data-id=\"dc3a0cf\" data-element_type=\"container\">\n\t\t\t\t\t<div class=\"e-con-inner\">\n\t\t\t\t<div class=\"elementor-element elementor-element-6d232c0 elementor-widget elementor-widget-spacer\" data-id=\"6d232c0\" data-element_type=\"widget\" data-widget_type=\"spacer.default\">\n\t\t\t\t<div class=\"elementor-widget-container\">\n\t\t\t\t\t\t\t<div class=\"elementor-spacer\">\n\t\t\t<div class=\"elementor-spacer-inner\"><\/div>\n\t\t<\/div>\n\t\t\t\t\t\t<\/div>\n\t\t\t\t<\/div>\n\t\t\t\t<div class=\"elementor-element elementor-element-13691da elementor-widget elementor-widget-heading\" data-id=\"13691da\" data-element_type=\"widget\" data-widget_type=\"heading.default\">\n\t\t\t\t<div class=\"elementor-widget-container\">\n\t\t\t\t\t<h1 class=\"elementor-heading-title elementor-size-default\">Biodiversit\u00e9<\/h1>\t\t\t\t<\/div>\n\t\t\t\t<\/div>\n\t\t\t\t<div class=\"elementor-element elementor-element-4475813 elementor-widget elementor-widget-text-editor\" data-id=\"4475813\" data-element_type=\"widget\" data-widget_type=\"text-editor.default\">\n\t\t\t\t<div class=\"elementor-widget-container\">\n\t\t\t\t\t\t\t\t\t<p>L\u2019association veut sensibiliser \u00e0 cette priorit\u00e9 qu\u2019est la\u00a0pr\u00e9servation des espaces et des esp\u00e8ces. Elle s\u2019efforce de rappeler aux d\u00e9cideurs et au besoin en faisant valoir l\u2019int\u00e9r\u00eat commun aupr\u00e8s des juridictions, que cette\u00a0volont\u00e9 de pr\u00e9servation s\u2019impose au regard des projets \u00e0 entreprendre. Elle met\u00a0aussi en garde par rapport \u00e0 la tendance de tout \u00ab\u00a0valoriser\u00a0\u00bb, de faire du\u00a0business avec le vivant.<\/p>\t\t\t\t\t\t\t\t<\/div>\n\t\t\t\t<\/div>\n\t\t\t\t\t<\/div>\n\t\t\t\t<\/div>\n\t\t<div class=\"elementor-element elementor-element-43370d9c e-grid e-con-boxed e-con e-parent\" data-id=\"43370d9c\" data-element_type=\"container\" data-settings=\"{&quot;background_background&quot;:&quot;classic&quot;}\">\n\t\t\t\t\t<div class=\"e-con-inner\">\n\t\t\t\t<div class=\"elementor-element elementor-element-389dff74 elementor-widget elementor-widget-heading\" data-id=\"389dff74\" data-element_type=\"widget\" data-widget_type=\"heading.default\">\n\t\t\t\t<div class=\"elementor-widget-container\">\n\t\t\t\t\t<h3 class=\"elementor-heading-title elementor-size-default\"><a href=\"#faune\">Faune<\/a><\/h3>\t\t\t\t<\/div>\n\t\t\t\t<\/div>\n\t\t\t\t<div class=\"elementor-element elementor-element-6aba240e elementor-widget elementor-widget-heading\" data-id=\"6aba240e\" data-element_type=\"widget\" data-widget_type=\"heading.default\">\n\t\t\t\t<div class=\"elementor-widget-container\">\n\t\t\t\t\t<h3 class=\"elementor-heading-title elementor-size-default\"><a href=\"#flore\">Flore<\/a><\/h3>\t\t\t\t<\/div>\n\t\t\t\t<\/div>\n\t\t\t\t<div class=\"elementor-element elementor-element-37c56204 elementor-widget elementor-widget-heading\" data-id=\"37c56204\" data-element_type=\"widget\" data-widget_type=\"heading.default\">\n\t\t\t\t<div class=\"elementor-widget-container\">\n\t\t\t\t\t<h3 class=\"elementor-heading-title elementor-size-default\"><a href=\"#foret\">For\u00eats<\/a><\/h3>\t\t\t\t<\/div>\n\t\t\t\t<\/div>\n\t\t\t\t<div class=\"elementor-element elementor-element-cbb61a1 elementor-widget elementor-widget-heading\" data-id=\"cbb61a1\" data-element_type=\"widget\" data-widget_type=\"heading.default\">\n\t\t\t\t<div class=\"elementor-widget-container\">\n\t\t\t\t\t<h3 class=\"elementor-heading-title elementor-size-default\"><a href=\"#montagne\">Montagnes<\/a><\/h3>\t\t\t\t<\/div>\n\t\t\t\t<\/div>\n\t\t\t\t<div class=\"elementor-element elementor-element-ae49938 elementor-widget elementor-widget-heading\" data-id=\"ae49938\" data-element_type=\"widget\" data-widget_type=\"heading.default\">\n\t\t\t\t<div class=\"elementor-widget-container\">\n\t\t\t\t\t<h3 class=\"elementor-heading-title elementor-size-default\"><a href=\"#eau\">Eau<\/a><\/h3>\t\t\t\t<\/div>\n\t\t\t\t<\/div>\n\t\t\t\t<div class=\"elementor-element elementor-element-1f26442 elementor-widget elementor-widget-heading\" data-id=\"1f26442\" data-element_type=\"widget\" data-widget_type=\"heading.default\">\n\t\t\t\t<div class=\"elementor-widget-container\">\n\t\t\t\t\t<h3 class=\"elementor-heading-title elementor-size-default\"><a href=\"#agro\">Agro<\/a><\/h3>\t\t\t\t<\/div>\n\t\t\t\t<\/div>\n\t\t\t\t\t<\/div>\n\t\t\t\t<\/div>\n\t\t<div class=\"elementor-element elementor-element-345a3a5 e-flex e-con-boxed e-con e-parent\" data-id=\"345a3a5\" data-element_type=\"container\">\n\t\t\t\t\t<div class=\"e-con-inner\">\n\t\t\t\t<div class=\"elementor-element elementor-element-b66cad9 elementor-widget elementor-widget-spacer\" data-id=\"b66cad9\" data-element_type=\"widget\" data-widget_type=\"spacer.default\">\n\t\t\t\t<div class=\"elementor-widget-container\">\n\t\t\t\t\t\t\t<div class=\"elementor-spacer\">\n\t\t\t<div class=\"elementor-spacer-inner\"><\/div>\n\t\t<\/div>\n\t\t\t\t\t\t<\/div>\n\t\t\t\t<\/div>\n\t\t\t\t\t<\/div>\n\t\t\t\t<\/div>\n\t\t<div class=\"elementor-element elementor-element-2973a45 e-flex e-con-boxed e-con e-parent\" data-id=\"2973a45\" data-element_type=\"container\" data-settings=\"{&quot;background_background&quot;:&quot;classic&quot;}\">\n\t\t\t\t\t<div class=\"e-con-inner\">\n\t\t\t\t<div class=\"elementor-element elementor-element-ba2ecfe elementor-widget elementor-widget-heading\" data-id=\"ba2ecfe\" data-element_type=\"widget\" data-widget_type=\"heading.default\">\n\t\t\t\t<div class=\"elementor-widget-container\">\n\t\t\t\t\t<h2 class=\"elementor-heading-title elementor-size-default\">Esp\u00e8ces<\/h2>\t\t\t\t<\/div>\n\t\t\t\t<\/div>\n\t\t<div class=\"elementor-element elementor-element-3770d47 e-con-full e-flex e-con e-child\" data-id=\"3770d47\" data-element_type=\"container\">\n\t\t\t\t<div class=\"elementor-element elementor-element-aa5261c elementor-widget elementor-widget-menu-anchor\" data-id=\"aa5261c\" data-element_type=\"widget\" data-widget_type=\"menu-anchor.default\">\n\t\t\t\t<div class=\"elementor-widget-container\">\n\t\t\t\t\t\t\t<div class=\"elementor-menu-anchor\" id=\"faune\"><\/div>\n\t\t\t\t\t\t<\/div>\n\t\t\t\t<\/div>\n\t\t\t\t<div class=\"elementor-element elementor-element-506788df elementor-widget elementor-widget-heading\" data-id=\"506788df\" data-element_type=\"widget\" data-widget_type=\"heading.default\">\n\t\t\t\t<div class=\"elementor-widget-container\">\n\t\t\t\t\t<h3 class=\"elementor-heading-title elementor-size-default\">Faune<\/h3>\t\t\t\t<\/div>\n\t\t\t\t<\/div>\n\t\t\t\t<div class=\"elementor-element elementor-element-71fbd73c elementor-widget elementor-widget-text-editor\" data-id=\"71fbd73c\" data-element_type=\"widget\" data-widget_type=\"text-editor.default\">\n\t\t\t\t<div class=\"elementor-widget-container\">\n\t\t\t\t\t\t\t\t\t<p>Parmi les esp\u00e8ces animales, il y a celles qui font parler d&rsquo;elles, qui sont commun\u00e9ment mises en avant, les \u00ab embl\u00e9matiques \u00bb. S&rsquo;agissant de grandes<strong> esp\u00e8ces pr\u00e9datrices<\/strong>, leur cohabitation avec l&rsquo;activit\u00e9 d&rsquo;\u00e9levage en montagne demande des efforts d&rsquo;adaptation importants.\u00a0<br \/>Il y a aussi les <strong>esp\u00e8ces chassables<\/strong> malgr\u00e9 leur rar\u00e9faction, pour lesquelles se bat le CEA, comme les galliformes de montagne, l&rsquo;isard mais aussi le blaireau..<br \/>Il y a enfin les <strong>esp\u00e8ces ESOD<\/strong> (Esp\u00e8ces Susceptibles d&rsquo;Occasionner des D\u00e9g\u00e2ts) autrefois appel\u00e9es nuisibles en Ari\u00e8ge, qui sont g\u00e9n\u00e9ralement ignor\u00e9es comme le pigeon ramier ou tr\u00e8s connues comme le renard et le blaireau, la fouine, la martre, la corneille noire et la pie bavarde, cinq esp\u00e8ces qui se font massacrer , y compris en dehors de la saison de chasse, voire toute l\u2019ann\u00e9e.<br \/>Le Grand Cormoran est une esp\u00e8ce prot\u00e9g\u00e9e (en th\u00e9orie), mais des d\u00e9rogations autorisant sa destruction sont nombreuses, en particulier en Ari\u00e8ge.<\/p>\t\t\t\t\t\t\t\t<\/div>\n\t\t\t\t<\/div>\n\t\t\t\t<div class=\"elementor-element elementor-element-3a6c64c8 elementor-widget elementor-widget-text-editor\" data-id=\"3a6c64c8\" data-element_type=\"widget\" data-widget_type=\"text-editor.default\">\n\t\t\t\t<div class=\"elementor-widget-container\">\n\t\t\t\t\t\t\t\t\t<p><strong>Pour acc\u00e9der aux infos sur les esp\u00e8ces et aux actions du CEA en faveur de celles-ci, cliquez sur les vignettes.<\/strong><\/p>\t\t\t\t\t\t\t\t<\/div>\n\t\t\t\t<\/div>\n\t\t<div class=\"elementor-element elementor-element-676386ad e-grid e-con-full e-con e-child\" data-id=\"676386ad\" data-element_type=\"container\">\n\t\t<div class=\"elementor-element elementor-element-72801b7 e-con-full e-flex e-con e-child\" data-id=\"72801b7\" data-element_type=\"container\" data-settings=\"{&quot;background_background&quot;:&quot;classic&quot;}\">\n\t\t\t\t<div class=\"elementor-element elementor-element-e2b9f24 e-transform elementor-widget elementor-widget-heading\" data-id=\"e2b9f24\" data-element_type=\"widget\" data-settings=\"{&quot;_transform_scale_effect_hover&quot;:{&quot;unit&quot;:&quot;px&quot;,&quot;size&quot;:1.1,&quot;sizes&quot;:[]},&quot;_transform_scale_effect_hover_tablet&quot;:{&quot;unit&quot;:&quot;px&quot;,&quot;size&quot;:&quot;&quot;,&quot;sizes&quot;:[]},&quot;_transform_scale_effect_hover_mobile&quot;:{&quot;unit&quot;:&quot;px&quot;,&quot;size&quot;:&quot;&quot;,&quot;sizes&quot;:[]}}\" data-widget_type=\"heading.default\">\n\t\t\t\t<div class=\"elementor-widget-container\">\n\t\t\t\t\t<h4 class=\"elementor-heading-title elementor-size-default\"><a href=\"https:\/\/comite-ecologique-ariegeois.org\/?p=3756\">Le cerf \u00e9laphe\n<\/a><\/h4>\t\t\t\t<\/div>\n\t\t\t\t<\/div>\n\t\t\t\t<div class=\"elementor-element elementor-element-5fffa8cc elementor-widget elementor-widget-image\" data-id=\"5fffa8cc\" data-element_type=\"widget\" data-widget_type=\"image.default\">\n\t\t\t\t<div class=\"elementor-widget-container\">\n\t\t\t\t\t\t\t\t\t\t\t\t<figure class=\"wp-caption\">\n\t\t\t\t\t\t\t\t\t\t\t<a href=\"https:\/\/comite-ecologique-ariegeois.org\/?p=3756\">\n\t\t\t\t\t\t\t<img decoding=\"async\" width=\"150\" height=\"150\" src=\"https:\/\/comite-ecologique-ariegeois.org\/wp-content\/uploads\/2025\/03\/CERF_photo-Xavier-Pozza_Portet-daspet_NX-150x150.jpg\" class=\"elementor-animation-grow attachment-thumbnail size-thumbnail wp-image-8967\" alt=\"\" \/>\t\t\t\t\t\t\t\t<\/a>\n\t\t\t\t\t\t\t\t\t\t\t<figcaption class=\"widget-image-caption wp-caption-text\"><\/figcaption>\n\t\t\t\t\t\t\t\t\t\t<\/figure>\n\t\t\t\t\t\t\t\t\t<\/div>\n\t\t\t\t<\/div>\n\t\t\t\t<\/div>\n\t\t<div class=\"elementor-element elementor-element-15aceebd e-con-full e-flex e-con e-child\" data-id=\"15aceebd\" data-element_type=\"container\" data-settings=\"{&quot;background_background&quot;:&quot;classic&quot;}\">\n\t\t\t\t<div class=\"elementor-element elementor-element-4bca098d e-transform elementor-widget elementor-widget-heading\" data-id=\"4bca098d\" data-element_type=\"widget\" data-settings=\"{&quot;_transform_scale_effect_hover&quot;:{&quot;unit&quot;:&quot;px&quot;,&quot;size&quot;:1.1,&quot;sizes&quot;:[]},&quot;_transform_scale_effect_hover_tablet&quot;:{&quot;unit&quot;:&quot;px&quot;,&quot;size&quot;:&quot;&quot;,&quot;sizes&quot;:[]},&quot;_transform_scale_effect_hover_mobile&quot;:{&quot;unit&quot;:&quot;px&quot;,&quot;size&quot;:&quot;&quot;,&quot;sizes&quot;:[]}}\" data-widget_type=\"heading.default\">\n\t\t\t\t<div class=\"elementor-widget-container\">\n\t\t\t\t\t<h4 class=\"elementor-heading-title elementor-size-default\"><a href=\"https:\/\/comite-ecologique-ariegeois.org\/?p=3762\">Le bouquetin<\/a><\/h4>\t\t\t\t<\/div>\n\t\t\t\t<\/div>\n\t\t\t\t<div class=\"elementor-element elementor-element-64bc7910 elementor-widget elementor-widget-image\" data-id=\"64bc7910\" data-element_type=\"widget\" data-widget_type=\"image.default\">\n\t\t\t\t<div class=\"elementor-widget-container\">\n\t\t\t\t\t\t\t\t\t\t\t\t\t\t\t\t<a href=\"https:\/\/comite-ecologique-ariegeois.org\/?p=3762\">\n\t\t\t\t\t\t\t<img fetchpriority=\"high\" decoding=\"async\" width=\"300\" height=\"200\" src=\"https:\/\/comite-ecologique-ariegeois.org\/wp-content\/uploads\/2025\/04\/Mont-beat10-300x200.jpg\" class=\"elementor-animation-grow attachment-medium size-medium wp-image-9301\" alt=\"\" srcset=\"https:\/\/comite-ecologique-ariegeois.org\/wp-content\/uploads\/2025\/04\/Mont-beat10-300x200.jpg 300w, https:\/\/comite-ecologique-ariegeois.org\/wp-content\/uploads\/2025\/04\/Mont-beat10-768x512.jpg 768w, https:\/\/comite-ecologique-ariegeois.org\/wp-content\/uploads\/2025\/04\/Mont-beat10-930x620.jpg 930w, https:\/\/comite-ecologique-ariegeois.org\/wp-content\/uploads\/2025\/04\/Mont-beat10.jpg 1000w\" sizes=\"(max-width: 300px) 100vw, 300px\" \/>\t\t\t\t\t\t\t\t<\/a>\n\t\t\t\t\t\t\t\t\t\t\t\t\t\t\t<\/div>\n\t\t\t\t<\/div>\n\t\t\t\t<\/div>\n\t\t<div class=\"elementor-element elementor-element-1515cd8e e-con-full e-flex e-con e-child\" data-id=\"1515cd8e\" data-element_type=\"container\" data-settings=\"{&quot;background_background&quot;:&quot;classic&quot;}\">\n\t\t\t\t<div class=\"elementor-element elementor-element-64cb6181 e-transform elementor-widget elementor-widget-heading\" data-id=\"64cb6181\" data-element_type=\"widget\" data-settings=\"{&quot;_transform_scale_effect_hover&quot;:{&quot;unit&quot;:&quot;px&quot;,&quot;size&quot;:1.1,&quot;sizes&quot;:[]},&quot;_transform_scale_effect_hover_tablet&quot;:{&quot;unit&quot;:&quot;px&quot;,&quot;size&quot;:&quot;&quot;,&quot;sizes&quot;:[]},&quot;_transform_scale_effect_hover_mobile&quot;:{&quot;unit&quot;:&quot;px&quot;,&quot;size&quot;:&quot;&quot;,&quot;sizes&quot;:[]}}\" data-widget_type=\"heading.default\">\n\t\t\t\t<div class=\"elementor-widget-container\">\n\t\t\t\t\t<h4 class=\"elementor-heading-title elementor-size-default\"><a href=\"https:\/\/comite-ecologique-ariegeois.org\/?p=3770\">Les isards <\/a><\/h4>\t\t\t\t<\/div>\n\t\t\t\t<\/div>\n\t\t\t\t<div class=\"elementor-element elementor-element-139e70a7 elementor-widget elementor-widget-image\" data-id=\"139e70a7\" data-element_type=\"widget\" data-widget_type=\"image.default\">\n\t\t\t\t<div class=\"elementor-widget-container\">\n\t\t\t\t\t\t\t\t\t\t\t\t\t\t\t\t<a href=\"https:\/\/comite-ecologique-ariegeois.org\/?p=3770\">\n\t\t\t\t\t\t\t<img decoding=\"async\" width=\"300\" height=\"200\" src=\"https:\/\/comite-ecologique-ariegeois.org\/wp-content\/uploads\/2025\/05\/col-de-pause-3-1-300x200.jpg\" class=\"elementor-animation-grow attachment-medium size-medium wp-image-9545\" alt=\"\" srcset=\"https:\/\/comite-ecologique-ariegeois.org\/wp-content\/uploads\/2025\/05\/col-de-pause-3-1-300x200.jpg 300w, https:\/\/comite-ecologique-ariegeois.org\/wp-content\/uploads\/2025\/05\/col-de-pause-3-1-768x512.jpg 768w, https:\/\/comite-ecologique-ariegeois.org\/wp-content\/uploads\/2025\/05\/col-de-pause-3-1-930x620.jpg 930w, https:\/\/comite-ecologique-ariegeois.org\/wp-content\/uploads\/2025\/05\/col-de-pause-3-1.jpg 1000w\" sizes=\"(max-width: 300px) 100vw, 300px\" \/>\t\t\t\t\t\t\t\t<\/a>\n\t\t\t\t\t\t\t\t\t\t\t\t\t\t\t<\/div>\n\t\t\t\t<\/div>\n\t\t\t\t<\/div>\n\t\t<div class=\"elementor-element elementor-element-32a8a1 e-con-full e-flex e-con e-child\" data-id=\"32a8a1\" data-element_type=\"container\" data-settings=\"{&quot;background_background&quot;:&quot;classic&quot;}\">\n\t\t\t\t<div class=\"elementor-element elementor-element-1fc89752 e-transform elementor-widget elementor-widget-heading\" data-id=\"1fc89752\" data-element_type=\"widget\" data-settings=\"{&quot;_transform_scale_effect_hover&quot;:{&quot;unit&quot;:&quot;px&quot;,&quot;size&quot;:1.1,&quot;sizes&quot;:[]},&quot;_transform_scale_effect_hover_tablet&quot;:{&quot;unit&quot;:&quot;px&quot;,&quot;size&quot;:&quot;&quot;,&quot;sizes&quot;:[]},&quot;_transform_scale_effect_hover_mobile&quot;:{&quot;unit&quot;:&quot;px&quot;,&quot;size&quot;:&quot;&quot;,&quot;sizes&quot;:[]}}\" data-widget_type=\"heading.default\">\n\t\t\t\t<div class=\"elementor-widget-container\">\n\t\t\t\t\t<h4 class=\"elementor-heading-title elementor-size-default\"><a href=\"https:\/\/comite-ecologique-ariegeois.org\/?p=3764\">Le renard roux<\/a><\/h4>\t\t\t\t<\/div>\n\t\t\t\t<\/div>\n\t\t\t\t<div class=\"elementor-element elementor-element-4b77093 elementor-widget elementor-widget-image\" data-id=\"4b77093\" data-element_type=\"widget\" data-widget_type=\"image.default\">\n\t\t\t\t<div class=\"elementor-widget-container\">\n\t\t\t\t\t\t\t\t\t\t\t\t\t\t\t\t<a href=\"https:\/\/comite-ecologique-ariegeois.org\/?p=3764\">\n\t\t\t\t\t\t\t<img loading=\"lazy\" decoding=\"async\" width=\"1000\" height=\"667\" src=\"https:\/\/comite-ecologique-ariegeois.org\/wp-content\/uploads\/2024\/11\/Liers-5.jpg\" class=\"attachment-large size-large wp-image-9321\" alt=\"\" srcset=\"https:\/\/comite-ecologique-ariegeois.org\/wp-content\/uploads\/2024\/11\/Liers-5.jpg 1000w, https:\/\/comite-ecologique-ariegeois.org\/wp-content\/uploads\/2024\/11\/Liers-5-300x200.jpg 300w, https:\/\/comite-ecologique-ariegeois.org\/wp-content\/uploads\/2024\/11\/Liers-5-768x512.jpg 768w, https:\/\/comite-ecologique-ariegeois.org\/wp-content\/uploads\/2024\/11\/Liers-5-930x620.jpg 930w\" sizes=\"(max-width: 1000px) 100vw, 1000px\" \/>\t\t\t\t\t\t\t\t<\/a>\n\t\t\t\t\t\t\t\t\t\t\t\t\t\t\t<\/div>\n\t\t\t\t<\/div>\n\t\t\t\t<\/div>\n\t\t<div class=\"elementor-element elementor-element-59ffedb7 e-con-full e-flex e-con e-child\" data-id=\"59ffedb7\" data-element_type=\"container\" data-settings=\"{&quot;background_background&quot;:&quot;classic&quot;}\">\n\t\t\t\t<div class=\"elementor-element elementor-element-2bc57317 e-transform elementor-widget elementor-widget-heading\" data-id=\"2bc57317\" data-element_type=\"widget\" data-settings=\"{&quot;_transform_scale_effect_hover&quot;:{&quot;unit&quot;:&quot;px&quot;,&quot;size&quot;:1.1,&quot;sizes&quot;:[]},&quot;_transform_scale_effect_hover_tablet&quot;:{&quot;unit&quot;:&quot;px&quot;,&quot;size&quot;:&quot;&quot;,&quot;sizes&quot;:[]},&quot;_transform_scale_effect_hover_mobile&quot;:{&quot;unit&quot;:&quot;px&quot;,&quot;size&quot;:&quot;&quot;,&quot;sizes&quot;:[]}}\" data-widget_type=\"heading.default\">\n\t\t\t\t<div class=\"elementor-widget-container\">\n\t\t\t\t\t<h4 class=\"elementor-heading-title elementor-size-default\"><a href=\"https:\/\/comite-ecologique-ariegeois.org\/?p=3772\">Le loup gris<\/a><\/h4>\t\t\t\t<\/div>\n\t\t\t\t<\/div>\n\t\t\t\t<div class=\"elementor-element elementor-element-961bfc8 elementor-widget elementor-widget-image\" data-id=\"961bfc8\" data-element_type=\"widget\" data-widget_type=\"image.default\">\n\t\t\t\t<div class=\"elementor-widget-container\">\n\t\t\t\t\t\t\t\t\t\t\t\t\t\t\t\t<a href=\"https:\/\/comite-ecologique-ariegeois.org\/?p=3772\">\n\t\t\t\t\t\t\t<img loading=\"lazy\" decoding=\"async\" width=\"300\" height=\"220\" src=\"https:\/\/comite-ecologique-ariegeois.org\/wp-content\/uploads\/2025\/02\/Photo-Dessin-CEA_LOUP_NX_02-02-2025-1-1-300x220.jpg\" class=\"attachment-medium size-medium wp-image-8456\" alt=\"\" srcset=\"https:\/\/comite-ecologique-ariegeois.org\/wp-content\/uploads\/2025\/02\/Photo-Dessin-CEA_LOUP_NX_02-02-2025-1-1-300x220.jpg 300w, https:\/\/comite-ecologique-ariegeois.org\/wp-content\/uploads\/2025\/02\/Photo-Dessin-CEA_LOUP_NX_02-02-2025-1-1-768x562.jpg 768w, https:\/\/comite-ecologique-ariegeois.org\/wp-content\/uploads\/2025\/02\/Photo-Dessin-CEA_LOUP_NX_02-02-2025-1-1.jpg 1000w\" sizes=\"(max-width: 300px) 100vw, 300px\" \/>\t\t\t\t\t\t\t\t<\/a>\n\t\t\t\t\t\t\t\t\t\t\t\t\t\t\t<\/div>\n\t\t\t\t<\/div>\n\t\t\t\t<\/div>\n\t\t<div class=\"elementor-element elementor-element-2cab17fb e-con-full e-flex e-con e-child\" data-id=\"2cab17fb\" data-element_type=\"container\" data-settings=\"{&quot;background_background&quot;:&quot;classic&quot;}\">\n\t\t\t\t<div class=\"elementor-element elementor-element-40844cda e-transform elementor-widget elementor-widget-heading\" data-id=\"40844cda\" data-element_type=\"widget\" data-settings=\"{&quot;_transform_scale_effect_hover&quot;:{&quot;unit&quot;:&quot;px&quot;,&quot;size&quot;:1.1,&quot;sizes&quot;:[]},&quot;_transform_scale_effect_hover_tablet&quot;:{&quot;unit&quot;:&quot;px&quot;,&quot;size&quot;:&quot;&quot;,&quot;sizes&quot;:[]},&quot;_transform_scale_effect_hover_mobile&quot;:{&quot;unit&quot;:&quot;px&quot;,&quot;size&quot;:&quot;&quot;,&quot;sizes&quot;:[]}}\" data-widget_type=\"heading.default\">\n\t\t\t\t<div class=\"elementor-widget-container\">\n\t\t\t\t\t<h4 class=\"elementor-heading-title elementor-size-default\"><a href=\"https:\/\/comite-ecologique-ariegeois.org\/?p=3758\">Le castor <\/a><\/h4>\t\t\t\t<\/div>\n\t\t\t\t<\/div>\n\t\t\t\t<div class=\"elementor-element elementor-element-71ce04cf elementor-widget elementor-widget-image\" data-id=\"71ce04cf\" data-element_type=\"widget\" data-widget_type=\"image.default\">\n\t\t\t\t<div class=\"elementor-widget-container\">\n\t\t\t\t\t\t\t\t\t\t\t\t\t\t\t\t<a href=\"https:\/\/comite-ecologique-ariegeois.org\/?p=3758\">\n\t\t\t\t\t\t\t<img loading=\"lazy\" decoding=\"async\" width=\"768\" height=\"610\" src=\"https:\/\/comite-ecologique-ariegeois.org\/wp-content\/uploads\/2024\/11\/Dessin-CEA__Mere-castor-et-ses-petits-768x610.jpg\" class=\"elementor-animation-grow attachment-medium_large size-medium_large wp-image-4156\" alt=\"\" srcset=\"https:\/\/comite-ecologique-ariegeois.org\/wp-content\/uploads\/2024\/11\/Dessin-CEA__Mere-castor-et-ses-petits-768x610.jpg 768w, https:\/\/comite-ecologique-ariegeois.org\/wp-content\/uploads\/2024\/11\/Dessin-CEA__Mere-castor-et-ses-petits-300x238.jpg 300w, https:\/\/comite-ecologique-ariegeois.org\/wp-content\/uploads\/2024\/11\/Dessin-CEA__Mere-castor-et-ses-petits-1024x813.jpg 1024w, https:\/\/comite-ecologique-ariegeois.org\/wp-content\/uploads\/2024\/11\/Dessin-CEA__Mere-castor-et-ses-petits-1536x1219.jpg 1536w, https:\/\/comite-ecologique-ariegeois.org\/wp-content\/uploads\/2024\/11\/Dessin-CEA__Mere-castor-et-ses-petits-2048x1626.jpg 2048w\" sizes=\"(max-width: 768px) 100vw, 768px\" \/>\t\t\t\t\t\t\t\t<\/a>\n\t\t\t\t\t\t\t\t\t\t\t\t\t\t\t<\/div>\n\t\t\t\t<\/div>\n\t\t\t\t<\/div>\n\t\t<div class=\"elementor-element elementor-element-3987a5d2 e-con-full e-flex e-con e-child\" data-id=\"3987a5d2\" data-element_type=\"container\" data-settings=\"{&quot;background_background&quot;:&quot;classic&quot;}\">\n\t\t\t\t<div class=\"elementor-element elementor-element-7cb8094c e-transform elementor-widget elementor-widget-heading\" data-id=\"7cb8094c\" data-element_type=\"widget\" data-settings=\"{&quot;_transform_scale_effect_hover&quot;:{&quot;unit&quot;:&quot;px&quot;,&quot;size&quot;:1.1,&quot;sizes&quot;:[]},&quot;_transform_scale_effect_hover_tablet&quot;:{&quot;unit&quot;:&quot;px&quot;,&quot;size&quot;:&quot;&quot;,&quot;sizes&quot;:[]},&quot;_transform_scale_effect_hover_mobile&quot;:{&quot;unit&quot;:&quot;px&quot;,&quot;size&quot;:&quot;&quot;,&quot;sizes&quot;:[]}}\" data-widget_type=\"heading.default\">\n\t\t\t\t<div class=\"elementor-widget-container\">\n\t\t\t\t\t<h4 class=\"elementor-heading-title elementor-size-default\"><a href=\"https:\/\/comite-ecologique-ariegeois.org\/?p=3749\" target=\"_blank\">L'ours brun dans les Pyr\u00e9n\u00e9es<\/a><\/h4>\t\t\t\t<\/div>\n\t\t\t\t<\/div>\n\t\t\t\t<div class=\"elementor-element elementor-element-6f18c6b6 elementor-widget elementor-widget-image\" data-id=\"6f18c6b6\" data-element_type=\"widget\" data-widget_type=\"image.default\">\n\t\t\t\t<div class=\"elementor-widget-container\">\n\t\t\t\t\t\t\t\t\t\t\t\t\t\t\t\t<a href=\"https:\/\/comite-ecologique-ariegeois.org\/?p=3749\">\n\t\t\t\t\t\t\t<img loading=\"lazy\" decoding=\"async\" width=\"300\" height=\"200\" src=\"https:\/\/comite-ecologique-ariegeois.org\/wp-content\/uploads\/2025\/04\/Salau-2-300x200.jpg\" class=\"elementor-animation-grow attachment-medium size-medium wp-image-9248\" alt=\"\" srcset=\"https:\/\/comite-ecologique-ariegeois.org\/wp-content\/uploads\/2025\/04\/Salau-2-300x200.jpg 300w, https:\/\/comite-ecologique-ariegeois.org\/wp-content\/uploads\/2025\/04\/Salau-2-1024x682.jpg 1024w, https:\/\/comite-ecologique-ariegeois.org\/wp-content\/uploads\/2025\/04\/Salau-2-768x512.jpg 768w, https:\/\/comite-ecologique-ariegeois.org\/wp-content\/uploads\/2025\/04\/Salau-2-1536x1024.jpg 1536w, https:\/\/comite-ecologique-ariegeois.org\/wp-content\/uploads\/2025\/04\/Salau-2-2048x1365.jpg 2048w, https:\/\/comite-ecologique-ariegeois.org\/wp-content\/uploads\/2025\/04\/Salau-2-930x620.jpg 930w\" sizes=\"(max-width: 300px) 100vw, 300px\" \/>\t\t\t\t\t\t\t\t<\/a>\n\t\t\t\t\t\t\t\t\t\t\t\t\t\t\t<\/div>\n\t\t\t\t<\/div>\n\t\t\t\t<\/div>\n\t\t<div class=\"elementor-element elementor-element-42e700c7 e-con-full e-flex e-con e-child\" data-id=\"42e700c7\" data-element_type=\"container\" data-settings=\"{&quot;background_background&quot;:&quot;classic&quot;}\">\n\t\t\t\t<div class=\"elementor-element elementor-element-1e73904f e-transform elementor-widget elementor-widget-heading\" data-id=\"1e73904f\" data-element_type=\"widget\" data-settings=\"{&quot;_transform_scale_effect_hover&quot;:{&quot;unit&quot;:&quot;px&quot;,&quot;size&quot;:1.1,&quot;sizes&quot;:[]},&quot;_transform_scale_effect_hover_tablet&quot;:{&quot;unit&quot;:&quot;px&quot;,&quot;size&quot;:&quot;&quot;,&quot;sizes&quot;:[]},&quot;_transform_scale_effect_hover_mobile&quot;:{&quot;unit&quot;:&quot;px&quot;,&quot;size&quot;:&quot;&quot;,&quot;sizes&quot;:[]}}\" data-widget_type=\"heading.default\">\n\t\t\t\t<div class=\"elementor-widget-container\">\n\t\t\t\t\t<h4 class=\"elementor-heading-title elementor-size-default\"><a href=\"https:\/\/comite-ecologique-ariegeois.org\/?p=4047\">Le desman des Pyr\u00e9n\u00e9es<\/a><\/h4>\t\t\t\t<\/div>\n\t\t\t\t<\/div>\n\t\t\t\t<div class=\"elementor-element elementor-element-411b2b4 elementor-widget elementor-widget-image\" data-id=\"411b2b4\" data-element_type=\"widget\" data-widget_type=\"image.default\">\n\t\t\t\t<div class=\"elementor-widget-container\">\n\t\t\t\t\t\t\t\t\t\t\t\t\t\t\t\t<a href=\"https:\/\/comite-ecologique-ariegeois.org\/wp-content\/uploads\/2025\/11\/Photo-Dessin-CEA_-DESMAN_NX_02-02-202511.jpg\">\n\t\t\t\t\t\t\t<img loading=\"lazy\" decoding=\"async\" width=\"300\" height=\"200\" src=\"https:\/\/comite-ecologique-ariegeois.org\/wp-content\/uploads\/2025\/11\/Photo-Dessin-CEA_-DESMAN_NX_02-02-202511-300x200.jpg\" class=\"attachment-medium size-medium wp-image-10666\" alt=\"Desman\" srcset=\"https:\/\/comite-ecologique-ariegeois.org\/wp-content\/uploads\/2025\/11\/Photo-Dessin-CEA_-DESMAN_NX_02-02-202511-300x200.jpg 300w, https:\/\/comite-ecologique-ariegeois.org\/wp-content\/uploads\/2025\/11\/Photo-Dessin-CEA_-DESMAN_NX_02-02-202511-768x512.jpg 768w, https:\/\/comite-ecologique-ariegeois.org\/wp-content\/uploads\/2025\/11\/Photo-Dessin-CEA_-DESMAN_NX_02-02-202511-930x620.jpg 930w, https:\/\/comite-ecologique-ariegeois.org\/wp-content\/uploads\/2025\/11\/Photo-Dessin-CEA_-DESMAN_NX_02-02-202511.jpg 1000w\" sizes=\"(max-width: 300px) 100vw, 300px\" \/>\t\t\t\t\t\t\t\t<\/a>\n\t\t\t\t\t\t\t\t\t\t\t\t\t\t\t<\/div>\n\t\t\t\t<\/div>\n\t\t\t\t<div class=\"elementor-element elementor-element-c53021b elementor-widget elementor-widget-image\" data-id=\"c53021b\" data-element_type=\"widget\" data-widget_type=\"image.default\">\n\t\t\t\t<div class=\"elementor-widget-container\">\n\t\t\t\t\t\t\t\t\t\t\t\t\t\t\t<img decoding=\"async\" src=\"https:\/\/comite-ecologique-ariegeois.org\/wp-content\/uploads\/2025\/02\/Photo-Dessin-M_-DESMAN_NX_02-02-2025-Copie.jpg\" title=\"\" alt=\"\" loading=\"lazy\" \/>\t\t\t\t\t\t\t\t\t\t\t\t\t\t\t<\/div>\n\t\t\t\t<\/div>\n\t\t\t\t<\/div>\n\t\t<div class=\"elementor-element elementor-element-567b809e e-con-full e-flex e-con e-child\" data-id=\"567b809e\" data-element_type=\"container\" data-settings=\"{&quot;background_background&quot;:&quot;classic&quot;}\">\n\t\t\t\t<div class=\"elementor-element elementor-element-5066e4c6 e-transform elementor-widget elementor-widget-heading\" data-id=\"5066e4c6\" data-element_type=\"widget\" data-settings=\"{&quot;_transform_scale_effect_hover&quot;:{&quot;unit&quot;:&quot;px&quot;,&quot;size&quot;:1.1,&quot;sizes&quot;:[]},&quot;_transform_scale_effect_hover_tablet&quot;:{&quot;unit&quot;:&quot;px&quot;,&quot;size&quot;:&quot;&quot;,&quot;sizes&quot;:[]},&quot;_transform_scale_effect_hover_mobile&quot;:{&quot;unit&quot;:&quot;px&quot;,&quot;size&quot;:&quot;&quot;,&quot;sizes&quot;:[]}}\" data-widget_type=\"heading.default\">\n\t\t\t\t<div class=\"elementor-widget-container\">\n\t\t\t\t\t<h4 class=\"elementor-heading-title elementor-size-default\"><a href=\"https:\/\/comite-ecologique-ariegeois.org\/?p=3754\">Les chiropt\u00e8res<\/a><\/h4>\t\t\t\t<\/div>\n\t\t\t\t<\/div>\n\t\t\t\t<div class=\"elementor-element elementor-element-66382f9 elementor-widget elementor-widget-image\" data-id=\"66382f9\" data-element_type=\"widget\" data-widget_type=\"image.default\">\n\t\t\t\t<div class=\"elementor-widget-container\">\n\t\t\t\t\t\t\t\t\t\t\t\t\t\t\t\t<a href=\"https:\/\/comite-ecologique-ariegeois.org\/?p=3766\">\n\t\t\t\t\t\t\t<img loading=\"lazy\" decoding=\"async\" width=\"300\" height=\"205\" src=\"https:\/\/comite-ecologique-ariegeois.org\/wp-content\/uploads\/2024\/11\/Dessin-CEA-chauve-souris_NX8-300x205.jpg\" class=\"elementor-animation-grow attachment-medium size-medium wp-image-4730\" alt=\"\" srcset=\"https:\/\/comite-ecologique-ariegeois.org\/wp-content\/uploads\/2024\/11\/Dessin-CEA-chauve-souris_NX8-300x205.jpg 300w, https:\/\/comite-ecologique-ariegeois.org\/wp-content\/uploads\/2024\/11\/Dessin-CEA-chauve-souris_NX8-1024x699.jpg 1024w, https:\/\/comite-ecologique-ariegeois.org\/wp-content\/uploads\/2024\/11\/Dessin-CEA-chauve-souris_NX8-768x524.jpg 768w, https:\/\/comite-ecologique-ariegeois.org\/wp-content\/uploads\/2024\/11\/Dessin-CEA-chauve-souris_NX8-1536x1048.jpg 1536w, https:\/\/comite-ecologique-ariegeois.org\/wp-content\/uploads\/2024\/11\/Dessin-CEA-chauve-souris_NX8-2048x1397.jpg 2048w\" sizes=\"(max-width: 300px) 100vw, 300px\" \/>\t\t\t\t\t\t\t\t<\/a>\n\t\t\t\t\t\t\t\t\t\t\t\t\t\t\t<\/div>\n\t\t\t\t<\/div>\n\t\t\t\t<\/div>\n\t\t<div class=\"elementor-element elementor-element-6fd964cf e-con-full e-flex e-con e-child\" data-id=\"6fd964cf\" data-element_type=\"container\" data-settings=\"{&quot;background_background&quot;:&quot;classic&quot;}\">\n\t\t\t\t<div class=\"elementor-element elementor-element-2e24fe05 e-transform elementor-widget elementor-widget-heading\" data-id=\"2e24fe05\" data-element_type=\"widget\" data-settings=\"{&quot;_transform_scale_effect_hover&quot;:{&quot;unit&quot;:&quot;px&quot;,&quot;size&quot;:1.1,&quot;sizes&quot;:[]},&quot;_transform_scale_effect_hover_tablet&quot;:{&quot;unit&quot;:&quot;px&quot;,&quot;size&quot;:&quot;&quot;,&quot;sizes&quot;:[]},&quot;_transform_scale_effect_hover_mobile&quot;:{&quot;unit&quot;:&quot;px&quot;,&quot;size&quot;:&quot;&quot;,&quot;sizes&quot;:[]}}\" data-widget_type=\"heading.default\">\n\t\t\t\t<div class=\"elementor-widget-container\">\n\t\t\t\t\t<h4 class=\"elementor-heading-title elementor-size-default\"><a href=\"https:\/\/comite-ecologique-ariegeois.org\/?p=3768\">Les cormorans<\/a><\/h4>\t\t\t\t<\/div>\n\t\t\t\t<\/div>\n\t\t\t\t<div class=\"elementor-element elementor-element-3ac19c2a elementor-widget elementor-widget-image\" data-id=\"3ac19c2a\" data-element_type=\"widget\" data-widget_type=\"image.default\">\n\t\t\t\t<div class=\"elementor-widget-container\">\n\t\t\t\t\t\t\t\t\t\t\t\t\t\t\t\t<a href=\"https:\/\/comite-ecologique-ariegeois.org\/?p=3768\">\n\t\t\t\t\t\t\t<img loading=\"lazy\" decoding=\"async\" width=\"300\" height=\"190\" src=\"https:\/\/comite-ecologique-ariegeois.org\/wp-content\/uploads\/2024\/09\/Grand-Cormoran_NX_-300x190.jpg\" class=\"elementor-animation-grow attachment-medium size-medium wp-image-1042\" alt=\"\" srcset=\"https:\/\/comite-ecologique-ariegeois.org\/wp-content\/uploads\/2024\/09\/Grand-Cormoran_NX_-300x190.jpg 300w, https:\/\/comite-ecologique-ariegeois.org\/wp-content\/uploads\/2024\/09\/Grand-Cormoran_NX_-1024x649.jpg 1024w, https:\/\/comite-ecologique-ariegeois.org\/wp-content\/uploads\/2024\/09\/Grand-Cormoran_NX_-768x487.jpg 768w, https:\/\/comite-ecologique-ariegeois.org\/wp-content\/uploads\/2024\/09\/Grand-Cormoran_NX_-1536x974.jpg 1536w, https:\/\/comite-ecologique-ariegeois.org\/wp-content\/uploads\/2024\/09\/Grand-Cormoran_NX_-2048x1299.jpg 2048w\" sizes=\"(max-width: 300px) 100vw, 300px\" \/>\t\t\t\t\t\t\t\t<\/a>\n\t\t\t\t\t\t\t\t\t\t\t\t\t\t\t<\/div>\n\t\t\t\t<\/div>\n\t\t\t\t<\/div>\n\t\t<div class=\"elementor-element elementor-element-40b5ec44 e-con-full e-flex e-con e-child\" data-id=\"40b5ec44\" data-element_type=\"container\" data-settings=\"{&quot;background_background&quot;:&quot;classic&quot;}\">\n\t\t\t\t<div class=\"elementor-element elementor-element-17c29a0f e-transform elementor-widget elementor-widget-heading\" data-id=\"17c29a0f\" data-element_type=\"widget\" data-settings=\"{&quot;_transform_scale_effect_hover&quot;:{&quot;unit&quot;:&quot;px&quot;,&quot;size&quot;:1.1,&quot;sizes&quot;:[]},&quot;_transform_scale_effect_hover_tablet&quot;:{&quot;unit&quot;:&quot;px&quot;,&quot;size&quot;:&quot;&quot;,&quot;sizes&quot;:[]},&quot;_transform_scale_effect_hover_mobile&quot;:{&quot;unit&quot;:&quot;px&quot;,&quot;size&quot;:&quot;&quot;,&quot;sizes&quot;:[]}}\" data-widget_type=\"heading.default\">\n\t\t\t\t<div class=\"elementor-widget-container\">\n\t\t\t\t\t<h4 class=\"elementor-heading-title elementor-size-default\"><a href=\"https:\/\/comite-ecologique-ariegeois.org\/?p=3752\">Les galliformes de montagne<\/a><\/h4>\t\t\t\t<\/div>\n\t\t\t\t<\/div>\n\t\t\t\t<div class=\"elementor-element elementor-element-549e1c64 elementor-widget elementor-widget-image\" data-id=\"549e1c64\" data-element_type=\"widget\" data-widget_type=\"image.default\">\n\t\t\t\t<div class=\"elementor-widget-container\">\n\t\t\t\t\t\t\t\t\t\t\t\t<figure class=\"wp-caption\">\n\t\t\t\t\t\t\t\t\t\t\t<a href=\"https:\/\/comite-ecologique-ariegeois.org\/?p=3752\">\n\t\t\t\t\t\t\t<img loading=\"lazy\" decoding=\"async\" width=\"300\" height=\"196\" src=\"https:\/\/comite-ecologique-ariegeois.org\/wp-content\/uploads\/2024\/11\/Photo-CEA_Poule-et-coq-grand-tetras_NX-e1735151949325-300x196.jpg\" class=\"elementor-animation-grow attachment-medium size-medium wp-image-4936\" alt=\"\" srcset=\"https:\/\/comite-ecologique-ariegeois.org\/wp-content\/uploads\/2024\/11\/Photo-CEA_Poule-et-coq-grand-tetras_NX-e1735151949325-300x196.jpg 300w, https:\/\/comite-ecologique-ariegeois.org\/wp-content\/uploads\/2024\/11\/Photo-CEA_Poule-et-coq-grand-tetras_NX-e1735151949325-1024x668.jpg 1024w, https:\/\/comite-ecologique-ariegeois.org\/wp-content\/uploads\/2024\/11\/Photo-CEA_Poule-et-coq-grand-tetras_NX-e1735151949325-768x501.jpg 768w, https:\/\/comite-ecologique-ariegeois.org\/wp-content\/uploads\/2024\/11\/Photo-CEA_Poule-et-coq-grand-tetras_NX-e1735151949325-1536x1002.jpg 1536w, https:\/\/comite-ecologique-ariegeois.org\/wp-content\/uploads\/2024\/11\/Photo-CEA_Poule-et-coq-grand-tetras_NX-e1735151949325.jpg 1555w\" sizes=\"(max-width: 300px) 100vw, 300px\" \/>\t\t\t\t\t\t\t\t<\/a>\n\t\t\t\t\t\t\t\t\t\t\t<figcaption class=\"widget-image-caption wp-caption-text\"><\/figcaption>\n\t\t\t\t\t\t\t\t\t\t<\/figure>\n\t\t\t\t\t\t\t\t\t<\/div>\n\t\t\t\t<\/div>\n\t\t\t\t<\/div>\n\t\t<div class=\"elementor-element elementor-element-38dc6cd4 e-con-full e-flex e-con e-child\" data-id=\"38dc6cd4\" data-element_type=\"container\" data-settings=\"{&quot;background_background&quot;:&quot;classic&quot;}\">\n\t\t\t\t<div class=\"elementor-element elementor-element-75368ae7 e-transform elementor-widget__width-initial elementor-widget elementor-widget-heading\" data-id=\"75368ae7\" data-element_type=\"widget\" data-settings=\"{&quot;_transform_scale_effect_hover&quot;:{&quot;unit&quot;:&quot;px&quot;,&quot;size&quot;:1.1,&quot;sizes&quot;:[]},&quot;_transform_scale_effect_hover_tablet&quot;:{&quot;unit&quot;:&quot;px&quot;,&quot;size&quot;:&quot;&quot;,&quot;sizes&quot;:[]},&quot;_transform_scale_effect_hover_mobile&quot;:{&quot;unit&quot;:&quot;px&quot;,&quot;size&quot;:&quot;&quot;,&quot;sizes&quot;:[]}}\" data-widget_type=\"heading.default\">\n\t\t\t\t<div class=\"elementor-widget-container\">\n\t\t\t\t\t<h4 class=\"elementor-heading-title elementor-size-default\"><a href=\"https:\/\/comite-ecologique-ariegeois.org\/?p=3760\">Les grands rapaces pr\u00e9sents en Ari\u00e8ge<\/a><\/h4>\t\t\t\t<\/div>\n\t\t\t\t<\/div>\n\t\t\t\t<div class=\"elementor-element elementor-element-3296132c elementor-widget elementor-widget-image\" data-id=\"3296132c\" data-element_type=\"widget\" data-widget_type=\"image.default\">\n\t\t\t\t<div class=\"elementor-widget-container\">\n\t\t\t\t\t\t\t\t\t\t\t\t\t\t\t\t<a href=\"https:\/\/comite-ecologique-ariegeois.org\/?p=3760\">\n\t\t\t\t\t\t\t<img loading=\"lazy\" decoding=\"async\" width=\"300\" height=\"200\" src=\"https:\/\/comite-ecologique-ariegeois.org\/wp-content\/uploads\/2025\/04\/col-de-pause6-300x200.jpg\" class=\"elementor-animation-grow attachment-medium size-medium wp-image-9293\" alt=\"\" srcset=\"https:\/\/comite-ecologique-ariegeois.org\/wp-content\/uploads\/2025\/04\/col-de-pause6-300x200.jpg 300w, https:\/\/comite-ecologique-ariegeois.org\/wp-content\/uploads\/2025\/04\/col-de-pause6-768x512.jpg 768w, https:\/\/comite-ecologique-ariegeois.org\/wp-content\/uploads\/2025\/04\/col-de-pause6-930x620.jpg 930w, https:\/\/comite-ecologique-ariegeois.org\/wp-content\/uploads\/2025\/04\/col-de-pause6.jpg 1000w\" sizes=\"(max-width: 300px) 100vw, 300px\" \/>\t\t\t\t\t\t\t\t<\/a>\n\t\t\t\t\t\t\t\t\t\t\t\t\t\t\t<\/div>\n\t\t\t\t<\/div>\n\t\t\t\t<\/div>\n\t\t<div class=\"elementor-element elementor-element-47a164fe e-con-full e-flex e-con e-child\" data-id=\"47a164fe\" data-element_type=\"container\" data-settings=\"{&quot;background_background&quot;:&quot;classic&quot;}\">\n\t\t\t\t<div class=\"elementor-element elementor-element-435be9b1 e-transform elementor-widget elementor-widget-heading\" data-id=\"435be9b1\" data-element_type=\"widget\" data-settings=\"{&quot;_transform_scale_effect_hover&quot;:{&quot;unit&quot;:&quot;px&quot;,&quot;size&quot;:1.1,&quot;sizes&quot;:[]},&quot;_transform_scale_effect_hover_tablet&quot;:{&quot;unit&quot;:&quot;px&quot;,&quot;size&quot;:&quot;&quot;,&quot;sizes&quot;:[]},&quot;_transform_scale_effect_hover_mobile&quot;:{&quot;unit&quot;:&quot;px&quot;,&quot;size&quot;:&quot;&quot;,&quot;sizes&quot;:[]}}\" data-widget_type=\"heading.default\">\n\t\t\t\t<div class=\"elementor-widget-container\">\n\t\t\t\t\t<h4 class=\"elementor-heading-title elementor-size-default\"><a href=\"https:\/\/comite-ecologique-ariegeois.org\/?p=3754\">Les abeilles en Ari\u00e8ge<\/a><\/h4>\t\t\t\t<\/div>\n\t\t\t\t<\/div>\n\t\t\t\t<div class=\"elementor-element elementor-element-2651b1c1 elementor-widget elementor-widget-image\" data-id=\"2651b1c1\" data-element_type=\"widget\" data-widget_type=\"image.default\">\n\t\t\t\t<div class=\"elementor-widget-container\">\n\t\t\t\t\t\t\t\t\t\t\t\t\t\t\t\t<a href=\"https:\/\/comite-ecologique-ariegeois.org\/?p=3754\">\n\t\t\t\t\t\t\t<img loading=\"lazy\" decoding=\"async\" width=\"300\" height=\"219\" src=\"https:\/\/comite-ecologique-ariegeois.org\/wp-content\/uploads\/2024\/10\/Abeille-domestique_butineuse-sur-mauve-alcea_race-italienne-300x219.jpg\" class=\"elementor-animation-grow attachment-medium size-medium wp-image-1912\" alt=\"\" srcset=\"https:\/\/comite-ecologique-ariegeois.org\/wp-content\/uploads\/2024\/10\/Abeille-domestique_butineuse-sur-mauve-alcea_race-italienne-300x219.jpg 300w, https:\/\/comite-ecologique-ariegeois.org\/wp-content\/uploads\/2024\/10\/Abeille-domestique_butineuse-sur-mauve-alcea_race-italienne-1024x747.jpg 1024w, https:\/\/comite-ecologique-ariegeois.org\/wp-content\/uploads\/2024\/10\/Abeille-domestique_butineuse-sur-mauve-alcea_race-italienne-768x560.jpg 768w, https:\/\/comite-ecologique-ariegeois.org\/wp-content\/uploads\/2024\/10\/Abeille-domestique_butineuse-sur-mauve-alcea_race-italienne-1536x1120.jpg 1536w, https:\/\/comite-ecologique-ariegeois.org\/wp-content\/uploads\/2024\/10\/Abeille-domestique_butineuse-sur-mauve-alcea_race-italienne-2048x1494.jpg 2048w\" sizes=\"(max-width: 300px) 100vw, 300px\" \/>\t\t\t\t\t\t\t\t<\/a>\n\t\t\t\t\t\t\t\t\t\t\t\t\t\t\t<\/div>\n\t\t\t\t<\/div>\n\t\t\t\t<\/div>\n\t\t<div class=\"elementor-element elementor-element-13bd78d7 e-con-full e-flex e-con e-child\" data-id=\"13bd78d7\" data-element_type=\"container\" data-settings=\"{&quot;background_background&quot;:&quot;classic&quot;}\">\n\t\t\t\t<div class=\"elementor-element elementor-element-2e24e2f1 e-transform elementor-widget elementor-widget-heading\" data-id=\"2e24e2f1\" data-element_type=\"widget\" data-settings=\"{&quot;_transform_scale_effect_hover&quot;:{&quot;unit&quot;:&quot;px&quot;,&quot;size&quot;:1.1,&quot;sizes&quot;:[]},&quot;_transform_scale_effect_hover_tablet&quot;:{&quot;unit&quot;:&quot;px&quot;,&quot;size&quot;:&quot;&quot;,&quot;sizes&quot;:[]},&quot;_transform_scale_effect_hover_mobile&quot;:{&quot;unit&quot;:&quot;px&quot;,&quot;size&quot;:&quot;&quot;,&quot;sizes&quot;:[]}}\" data-widget_type=\"heading.default\">\n\t\t\t\t<div class=\"elementor-widget-container\">\n\t\t\t\t\t<h4 class=\"elementor-heading-title elementor-size-default\"><a href=\"https:\/\/comite-ecologique-ariegeois.org\/?p=3774\">Le saumon d'Atlantique\/ La truite Fario<\/a><\/h4>\t\t\t\t<\/div>\n\t\t\t\t<\/div>\n\t\t\t\t<div class=\"elementor-element elementor-element-7a08bbd2 elementor-widget elementor-widget-image\" data-id=\"7a08bbd2\" data-element_type=\"widget\" data-widget_type=\"image.default\">\n\t\t\t\t<div class=\"elementor-widget-container\">\n\t\t\t\t\t\t\t\t\t\t\t\t\t\t\t\t<a href=\"https:\/\/comite-ecologique-ariegeois.org\/?p=3774\">\n\t\t\t\t\t\t\t<img loading=\"lazy\" decoding=\"async\" width=\"300\" height=\"203\" src=\"https:\/\/comite-ecologique-ariegeois.org\/wp-content\/uploads\/2024\/09\/TRUITE-Fario_-l-Hers-a-Belesta_NX_23-08-2024_015-300x203.jpg\" class=\"elementor-animation-grow attachment-medium size-medium wp-image-738\" alt=\"\" srcset=\"https:\/\/comite-ecologique-ariegeois.org\/wp-content\/uploads\/2024\/09\/TRUITE-Fario_-l-Hers-a-Belesta_NX_23-08-2024_015-300x203.jpg 300w, https:\/\/comite-ecologique-ariegeois.org\/wp-content\/uploads\/2024\/09\/TRUITE-Fario_-l-Hers-a-Belesta_NX_23-08-2024_015-1024x694.jpg 1024w, https:\/\/comite-ecologique-ariegeois.org\/wp-content\/uploads\/2024\/09\/TRUITE-Fario_-l-Hers-a-Belesta_NX_23-08-2024_015-768x521.jpg 768w, https:\/\/comite-ecologique-ariegeois.org\/wp-content\/uploads\/2024\/09\/TRUITE-Fario_-l-Hers-a-Belesta_NX_23-08-2024_015-1536x1041.jpg 1536w, https:\/\/comite-ecologique-ariegeois.org\/wp-content\/uploads\/2024\/09\/TRUITE-Fario_-l-Hers-a-Belesta_NX_23-08-2024_015-2048x1389.jpg 2048w\" sizes=\"(max-width: 300px) 100vw, 300px\" \/>\t\t\t\t\t\t\t\t<\/a>\n\t\t\t\t\t\t\t\t\t\t\t\t\t\t\t<\/div>\n\t\t\t\t<\/div>\n\t\t\t\t<\/div>\n\t\t<div class=\"elementor-element elementor-element-158d151e e-con-full e-flex e-con e-child\" data-id=\"158d151e\" data-element_type=\"container\">\n\t\t\t\t<\/div>\n\t\t\t\t<\/div>\n\t\t\t\t<div class=\"elementor-element elementor-element-7812463 elementor-widget elementor-widget-spacer\" data-id=\"7812463\" data-element_type=\"widget\" data-widget_type=\"spacer.default\">\n\t\t\t\t<div class=\"elementor-widget-container\">\n\t\t\t\t\t\t\t<div class=\"elementor-spacer\">\n\t\t\t<div class=\"elementor-spacer-inner\"><\/div>\n\t\t<\/div>\n\t\t\t\t\t\t<\/div>\n\t\t\t\t<\/div>\n\t\t\t\t<div class=\"elementor-element elementor-element-3698e271 elementor-widget elementor-widget-heading\" data-id=\"3698e271\" data-element_type=\"widget\" data-widget_type=\"heading.default\">\n\t\t\t\t<div class=\"elementor-widget-container\">\n\t\t\t\t\t<h4 class=\"elementor-heading-title elementor-size-default\">Nos actions de protection de la faune<\/h4>\t\t\t\t<\/div>\n\t\t\t\t<\/div>\n\t\t<div class=\"elementor-element elementor-element-244ab944 e-con-full e-flex e-con e-child\" data-id=\"244ab944\" data-element_type=\"container\" data-settings=\"{&quot;background_background&quot;:&quot;classic&quot;}\">\n\t\t\t\t<div class=\"elementor-element elementor-element-2b5b711a elementor-widget elementor-widget-heading\" data-id=\"2b5b711a\" data-element_type=\"widget\" data-widget_type=\"heading.default\">\n\t\t\t\t<div class=\"elementor-widget-container\">\n\t\t\t\t\t<h4 class=\"elementor-heading-title elementor-size-default\">Changer le regard sur la faune dite nuisible<\/h4>\t\t\t\t<\/div>\n\t\t\t\t<\/div>\n\t\t\t\t<div class=\"elementor-element elementor-element-5bee0283 elementor-widget elementor-widget-text-editor\" data-id=\"5bee0283\" data-element_type=\"widget\" data-widget_type=\"text-editor.default\">\n\t\t\t\t<div class=\"elementor-widget-container\">\n\t\t\t\t\t\t\t\t\t<p><strong>Le statut d&rsquo;Esp\u00e8ce Susceptible d&rsquo;Occasionner des D\u00e9g\u00e2ts, ESOD, est un classement sans fondement scientifique et les services rendus par les esp\u00e8ces ainsi class\u00e9es sont des b\u00e9n\u00e9fices n\u00e9glig\u00e9s.<br \/><\/strong>Une \u00e9tude scientifique de la Fondation pour la Recherche sur la Biodiversit\u00e9 remet les pendules \u00e0 l&rsquo;heure sur cette notion et ses cons\u00e9quences : <a href=\"https:\/\/comite-ecologique-ariegeois.org\/archiveSPIP2024\/IMG\/pdf\/synthe_se_comite__socie_tal_esod.pdf\">Lire la synth\u00e8se<\/a><em><br \/><\/em><\/p><p>Le 09\/03\/2026 parait dans Le Monde un article de\u00a0 Perrine Mouterde intitul\u00e9 <strong><em>\u00a0\u00bb Tuer des millions de renards, corbeaux ou corneilles chaque ann\u00e9e est \u00a0\u00bb inefficace et injustifiable \u00e9conomiquement\u00a0\u00bb<\/em>, conclut une \u00e9tude\u00a0\u00bb<\/strong>. Celle-ci a \u00e9t\u00e9 effectu\u00e9e par des chercheurs du Mus\u00e9um d&rsquo;histoire naturelle..<\/p>\t\t\t\t\t\t\t\t<\/div>\n\t\t\t\t<\/div>\n\t\t\t\t<div class=\"elementor-element elementor-element-402323a elementor-widget elementor-widget-button\" data-id=\"402323a\" data-element_type=\"widget\" data-widget_type=\"button.default\">\n\t\t\t\t<div class=\"elementor-widget-container\">\n\t\t\t\t\t\t\t\t\t<div class=\"elementor-button-wrapper\">\n\t\t\t\t\t<a class=\"elementor-button elementor-button-link elementor-size-sm elementor-animation-grow\" href=\"https:\/\/soundcloud.com\/radiotransparence937\/alternatives-ecologiques-les-animaux-classes-esod?utm_source=clipboard&#038;utm_campaign=wtshare&#038;utm_medium=widget&#038;utm_content=https%253A%252F%252Fsoundcloud.com%252Fradiotransparence937%252Falternatives-ecologiques-les-animaux-classes-esod\">\n\t\t\t\t\t\t<span class=\"elementor-button-content-wrapper\">\n\t\t\t\t\t\t\t\t\t<span class=\"elementor-button-text\">Emission Radio Transparence du 02\/01\/2024 :  Les Animaux Class\u00e9s ESOD<\/span>\n\t\t\t\t\t<\/span>\n\t\t\t\t\t<\/a>\n\t\t\t\t<\/div>\n\t\t\t\t\t\t\t\t<\/div>\n\t\t\t\t<\/div>\n\t\t\t\t<div class=\"elementor-element elementor-element-cf676ef elementor-widget elementor-widget-button\" data-id=\"cf676ef\" data-element_type=\"widget\" data-widget_type=\"button.default\">\n\t\t\t\t<div class=\"elementor-widget-container\">\n\t\t\t\t\t\t\t\t\t<div class=\"elementor-button-wrapper\">\n\t\t\t\t\t<a class=\"elementor-button elementor-button-link elementor-size-sm elementor-animation-grow\" href=\"https:\/\/comite-ecologique-ariegeois.org\/wp-content\/uploads\/2025\/04\/Guide_des_dommages_occasionnes_par_toutes_les_especes_en_Ariege.pdf\">\n\t\t\t\t\t\t<span class=\"elementor-button-content-wrapper\">\n\t\t\t\t\t\t\t\t\t<span class=\"elementor-button-text\">\"Guide des dommages caus\u00e9s par toutes les esp\u00e8ces en Ari\u00e8ge\"_Chambre d'Agriculture _avril 2025 <\/span>\n\t\t\t\t\t<\/span>\n\t\t\t\t\t<\/a>\n\t\t\t\t<\/div>\n\t\t\t\t\t\t\t\t<\/div>\n\t\t\t\t<\/div>\n\t\t\t\t<\/div>\n\t\t<div class=\"elementor-element elementor-element-40c96bae e-con-full e-flex e-con e-child\" data-id=\"40c96bae\" data-element_type=\"container\" data-settings=\"{&quot;background_background&quot;:&quot;classic&quot;}\">\n\t\t\t\t<div class=\"elementor-element elementor-element-52ccef46 elementor-widget elementor-widget-heading\" data-id=\"52ccef46\" data-element_type=\"widget\" data-widget_type=\"heading.default\">\n\t\t\t\t<div class=\"elementor-widget-container\">\n\t\t\t\t\t<h4 class=\"elementor-heading-title elementor-size-default\">Temp\u00e9rer la chasse<\/h4>\t\t\t\t<\/div>\n\t\t\t\t<\/div>\n\t\t\t\t<div class=\"elementor-element elementor-element-2a08dcd9 elementor-widget elementor-widget-text-editor\" data-id=\"2a08dcd9\" data-element_type=\"widget\" data-widget_type=\"text-editor.default\">\n\t\t\t\t<div class=\"elementor-widget-container\">\n\t\t\t\t\t\t\t\t\t<p>Le CEA agit aupr\u00e8s des juridictions administratives pour<strong> suspendre les campagnes de chasse aux galliformes de montagne (grand t\u00e9tras, lagop\u00e8des, perdrix grises),<\/strong> estimant que la chasse \u00e0 ces esp\u00e8ces en grande difficult\u00e9 en Ari\u00e8ge est devenue un f<strong>acteur aggravant du d\u00e9clin<\/strong> de celles-ci, qu&rsquo;il faut stopper.\u00a0<br \/>L&rsquo;association s&rsquo;efforce de sensibiliser au scandale qu&rsquo;est la <strong>chasse du cerf au brame<\/strong> avec le commerce des troph\u00e9es organis\u00e9 par l&rsquo;ONF et certaines Acca. Beaucoup de partenaires associatifs ont rejoint cette d\u00e9marche.<br \/><span class=\"fontstyle0\">Nous avons demand\u00e9 l&rsquo;annulation de l&rsquo;arr\u00eat\u00e9 <\/span><span class=\"fontstyle0\">pr\u00e9fectoral du 19 mai 2022 fixant les fourchettes des plans de chasse aux grands gibiers pour\u00a0<\/span><span class=\"fontstyle0\">la campagne 2022\/2023 en tant qu\u2019il autorise le pr\u00e9l\u00e8vement de <strong>827 isards<\/strong> dans le\u00a0\u00a0<\/span><span class=\"fontstyle0\">d\u00e9partement de l\u2019Ari\u00e8ge.<\/span><span class=\"fontstyle0\">\u00a0<\/span><\/p>\t\t\t\t\t\t\t\t<\/div>\n\t\t\t\t<\/div>\n\t\t\t\t<div class=\"elementor-element elementor-element-03b73e3 elementor-widget elementor-widget-button\" data-id=\"03b73e3\" data-element_type=\"widget\" data-widget_type=\"button.default\">\n\t\t\t\t<div class=\"elementor-widget-container\">\n\t\t\t\t\t\t\t\t\t<div class=\"elementor-button-wrapper\">\n\t\t\t\t\t<a class=\"elementor-button elementor-button-link elementor-size-sm elementor-animation-grow\" href=\"https:\/\/soundcloud.com\/radiotransparence937\/alternative-ecologique-la-chasse?utm_source=clipboard&#038;utm_campaign=wtshare&#038;utm_medium=widget&#038;utm_content=https%253A%252F%252Fsoundcloud.com%252Fradiotransparence937%252Falternative-ecologique-la-chasse\">\n\t\t\t\t\t\t<span class=\"elementor-button-content-wrapper\">\n\t\t\t\t\t\t\t\t\t<span class=\"elementor-button-text\">Emission Radio Transparence du 21\/12\/2020 : La Chasse <\/span>\n\t\t\t\t\t<\/span>\n\t\t\t\t\t<\/a>\n\t\t\t\t<\/div>\n\t\t\t\t\t\t\t\t<\/div>\n\t\t\t\t<\/div>\n\t\t\t\t<div class=\"elementor-element elementor-element-22c8fb3 elementor-widget elementor-widget-button\" data-id=\"22c8fb3\" data-element_type=\"widget\" data-widget_type=\"button.default\">\n\t\t\t\t<div class=\"elementor-widget-container\">\n\t\t\t\t\t\t\t\t\t<div class=\"elementor-button-wrapper\">\n\t\t\t\t\t<a class=\"elementor-button elementor-button-link elementor-size-sm elementor-animation-grow\" href=\"https:\/\/comite-ecologique-ariegeois.org\/?p=8616\">\n\t\t\t\t\t\t<span class=\"elementor-button-content-wrapper\">\n\t\t\t\t\t\t\t\t\t<span class=\"elementor-button-text\">Article sur la pr\u00e9cocit\u00e9 des dates de chasse<\/span>\n\t\t\t\t\t<\/span>\n\t\t\t\t\t<\/a>\n\t\t\t\t<\/div>\n\t\t\t\t\t\t\t\t<\/div>\n\t\t\t\t<\/div>\n\t\t\t\t<\/div>\n\t\t\t\t<\/div>\n\t\t<div class=\"elementor-element elementor-element-d914750 e-con-full e-flex e-con e-child\" data-id=\"d914750\" data-element_type=\"container\">\n\t\t\t\t<div class=\"elementor-element elementor-element-fd98d21 elementor-widget elementor-widget-menu-anchor\" data-id=\"fd98d21\" data-element_type=\"widget\" data-widget_type=\"menu-anchor.default\">\n\t\t\t\t<div class=\"elementor-widget-container\">\n\t\t\t\t\t\t\t<div class=\"elementor-menu-anchor\" id=\"flore\"><\/div>\n\t\t\t\t\t\t<\/div>\n\t\t\t\t<\/div>\n\t\t\t\t<div class=\"elementor-element elementor-element-3e41156f elementor-widget elementor-widget-heading\" data-id=\"3e41156f\" data-element_type=\"widget\" data-widget_type=\"heading.default\">\n\t\t\t\t<div class=\"elementor-widget-container\">\n\t\t\t\t\t<h3 class=\"elementor-heading-title elementor-size-default\">Flore<\/h3>\t\t\t\t<\/div>\n\t\t\t\t<\/div>\n\t\t\t\t<div class=\"elementor-element elementor-element-5e88f7db elementor-widget elementor-widget-text-editor\" data-id=\"5e88f7db\" data-element_type=\"widget\" data-widget_type=\"text-editor.default\">\n\t\t\t\t<div class=\"elementor-widget-container\">\n\t\t\t\t\t\t\t\t\t<p>Les Pyr\u00e9n\u00e9es ari\u00e9geoises sont riches d\u2019une diversit\u00e9 floristique puisque l\u2019on comptabilise environ 1700 esp\u00e8ces! Cette diversit\u00e9 provient d\u2019une g\u00e9ologie complexe, du relief et des multiples influences climatiques.<br \/>L\u2019orchid\u00e9e est pr\u00e9sente au travers de 60 esp\u00e8ces diff\u00e9rentes en Ari\u00e8ge ! Si certaines se font tr\u00e8s rares, d\u2019autres sont au contraire tr\u00e8s abondantes et nous pouvons les observer dans les pr\u00e9s, et les for\u00eats\u2026<br \/>Certaines esp\u00e8ces v\u00e9g\u00e9tales sont prot\u00e9g\u00e9es au niveau d\u00e9partemental, voire national. Leur cueillette et leur destruction sont interdites. C\u2019est le cas de la ligrette engainante, de la c\u00e9raiste des Pyr\u00e9n\u00e9es\u2026<\/p>\t\t\t\t\t\t\t\t<\/div>\n\t\t\t\t<\/div>\n\t\t<div class=\"elementor-element elementor-element-e05b642 e-grid e-con-full e-con e-child\" data-id=\"e05b642\" data-element_type=\"container\">\n\t\t\t\t<div class=\"elementor-element elementor-element-a3b34fd elementor-widget elementor-widget-image\" data-id=\"a3b34fd\" data-element_type=\"widget\" data-widget_type=\"image.default\">\n\t\t\t\t<div class=\"elementor-widget-container\">\n\t\t\t\t\t\t\t\t\t\t\t\t<figure class=\"wp-caption\">\n\t\t\t\t\t\t\t\t\t\t<img loading=\"lazy\" decoding=\"async\" width=\"768\" height=\"483\" src=\"https:\/\/comite-ecologique-ariegeois.org\/wp-content\/uploads\/2024\/09\/Orchis-pyramidalis_NX_-27-05-12-159-1-768x483.jpg\" class=\"attachment-medium_large size-medium_large wp-image-1037\" alt=\"\" srcset=\"https:\/\/comite-ecologique-ariegeois.org\/wp-content\/uploads\/2024\/09\/Orchis-pyramidalis_NX_-27-05-12-159-1-768x483.jpg 768w, https:\/\/comite-ecologique-ariegeois.org\/wp-content\/uploads\/2024\/09\/Orchis-pyramidalis_NX_-27-05-12-159-1-300x189.jpg 300w, https:\/\/comite-ecologique-ariegeois.org\/wp-content\/uploads\/2024\/09\/Orchis-pyramidalis_NX_-27-05-12-159-1-1024x644.jpg 1024w, https:\/\/comite-ecologique-ariegeois.org\/wp-content\/uploads\/2024\/09\/Orchis-pyramidalis_NX_-27-05-12-159-1-1536x967.jpg 1536w, https:\/\/comite-ecologique-ariegeois.org\/wp-content\/uploads\/2024\/09\/Orchis-pyramidalis_NX_-27-05-12-159-1-2048x1289.jpg 2048w\" sizes=\"(max-width: 768px) 100vw, 768px\" \/>\t\t\t\t\t\t\t\t\t\t\t<figcaption class=\"widget-image-caption wp-caption-text\">Orchis pyramidalis<\/figcaption>\n\t\t\t\t\t\t\t\t\t\t<\/figure>\n\t\t\t\t\t\t\t\t\t<\/div>\n\t\t\t\t<\/div>\n\t\t\t\t<div class=\"elementor-element elementor-element-4cc4ea11 elementor-widget elementor-widget-text-editor\" data-id=\"4cc4ea11\" data-element_type=\"widget\" data-widget_type=\"text-editor.default\">\n\t\t\t\t<div class=\"elementor-widget-container\">\n\t\t\t\t\t\t\t\t\t<h4><em>Cette beaut\u00e9 presque banale, par l&rsquo;\u00e9merveillement qu&rsquo;elle nous procure, n&rsquo;est-elle pas \u00e0 la source de nos motivations ainsi que\u00a0 la \u00ab\u00a0r\u00e9compense\u00a0\u00bb de nos actions ?<\/em><\/h4>\t\t\t\t\t\t\t\t<\/div>\n\t\t\t\t<\/div>\n\t\t\t\t<div class=\"elementor-element elementor-element-78103561 elementor-widget elementor-widget-image\" data-id=\"78103561\" data-element_type=\"widget\" data-widget_type=\"image.default\">\n\t\t\t\t<div class=\"elementor-widget-container\">\n\t\t\t\t\t\t\t\t\t\t\t\t<figure class=\"wp-caption\">\n\t\t\t\t\t\t\t\t\t\t<img loading=\"lazy\" decoding=\"async\" width=\"300\" height=\"229\" src=\"https:\/\/comite-ecologique-ariegeois.org\/wp-content\/uploads\/2024\/11\/Photo-CEA_papillon-sur-esparcette-300x229.jpg\" class=\"attachment-medium size-medium wp-image-4472\" alt=\"\" srcset=\"https:\/\/comite-ecologique-ariegeois.org\/wp-content\/uploads\/2024\/11\/Photo-CEA_papillon-sur-esparcette-300x229.jpg 300w, https:\/\/comite-ecologique-ariegeois.org\/wp-content\/uploads\/2024\/11\/Photo-CEA_papillon-sur-esparcette-1024x780.jpg 1024w, https:\/\/comite-ecologique-ariegeois.org\/wp-content\/uploads\/2024\/11\/Photo-CEA_papillon-sur-esparcette-768x585.jpg 768w, https:\/\/comite-ecologique-ariegeois.org\/wp-content\/uploads\/2024\/11\/Photo-CEA_papillon-sur-esparcette-1536x1170.jpg 1536w, https:\/\/comite-ecologique-ariegeois.org\/wp-content\/uploads\/2024\/11\/Photo-CEA_papillon-sur-esparcette.jpg 1898w\" sizes=\"(max-width: 300px) 100vw, 300px\" \/>\t\t\t\t\t\t\t\t\t\t\t<figcaption class=\"widget-image-caption wp-caption-text\">Papillon sur fleurs d'esparcette<\/figcaption>\n\t\t\t\t\t\t\t\t\t\t<\/figure>\n\t\t\t\t\t\t\t\t\t<\/div>\n\t\t\t\t<\/div>\n\t\t\t\t<\/div>\n\t\t\t\t<div class=\"elementor-element elementor-element-dc65b44 elementor-widget elementor-widget-heading\" data-id=\"dc65b44\" data-element_type=\"widget\" data-widget_type=\"heading.default\">\n\t\t\t\t<div class=\"elementor-widget-container\">\n\t\t\t\t\t<h4 class=\"elementor-heading-title elementor-size-default\">Nos actions pour la flore<\/h4>\t\t\t\t<\/div>\n\t\t\t\t<\/div>\n\t\t<div class=\"elementor-element elementor-element-4d89254 e-con-full e-flex e-con e-child\" data-id=\"4d89254\" data-element_type=\"container\" data-settings=\"{&quot;background_background&quot;:&quot;classic&quot;}\">\n\t\t\t\t<div class=\"elementor-element elementor-element-a9efd86 elementor-widget elementor-widget-text-editor\" data-id=\"a9efd86\" data-element_type=\"widget\" data-widget_type=\"text-editor.default\">\n\t\t\t\t<div class=\"elementor-widget-container\">\n\t\t\t\t\t\t\t\t\t<p>Les actions du CEA sont bien souvent dirig\u00e9es en faveur des habitats, des milieux, que l&rsquo;on s&rsquo;efforce de pr\u00e9server de projets tr\u00e8s impactants, voire \u00ab\u00a0toxiques\u00a0\u00bb (refuge-h\u00f4tel en altitude, extensions de stations de ski en vall\u00e9es sauvages,\u00a0 extensions de carri\u00e8res, coupes rases, &#8230;) et du coup <strong>elles sont d\u2019abord en faveur de la flore menac\u00e9e<\/strong> par les projets que nous contestons.<\/p>\t\t\t\t\t\t\t\t<\/div>\n\t\t\t\t<\/div>\n\t\t\t\t<\/div>\n\t\t<div class=\"elementor-element elementor-element-f47fc57 e-con-full e-flex e-con e-child\" data-id=\"f47fc57\" data-element_type=\"container\" data-settings=\"{&quot;background_background&quot;:&quot;classic&quot;}\">\n\t\t\t\t<div class=\"elementor-element elementor-element-151ca7e elementor-widget elementor-widget-text-editor\" data-id=\"151ca7e\" data-element_type=\"widget\" data-widget_type=\"text-editor.default\">\n\t\t\t\t<div class=\"elementor-widget-container\">\n\t\t\t\t\t\t\t\t\t<p><strong>Le CEA organise des <a href=\"https:\/\/comite-ecologique-ariegeois.org\/?page_id=336\">sorties botaniques<\/a> pour ses adh\u00e9rents<\/strong> afin de faire d\u00e9couvrir cette richesse floristique exceptionnelle pr\u00e9sente sur notre territoire !<\/p>\t\t\t\t\t\t\t\t<\/div>\n\t\t\t\t<\/div>\n\t\t\t\t<\/div>\n\t\t<div class=\"elementor-element elementor-element-a8bb643 e-grid e-con-full e-con e-child\" data-id=\"a8bb643\" data-element_type=\"container\">\n\t\t<div class=\"elementor-element elementor-element-b7beaa3 e-con-full e-flex e-con e-child\" data-id=\"b7beaa3\" data-element_type=\"container\">\n\t\t\t\t<div class=\"elementor-element elementor-element-c962d14 elementor-widget elementor-widget-button\" data-id=\"c962d14\" data-element_type=\"widget\" data-widget_type=\"button.default\">\n\t\t\t\t<div class=\"elementor-widget-container\">\n\t\t\t\t\t\t\t\t\t<div class=\"elementor-button-wrapper\">\n\t\t\t\t\t<a class=\"elementor-button elementor-button-link elementor-size-sm elementor-animation-grow\" href=\"https:\/\/soundcloud.com\/radiotransparence937\/alternatives-ecologiques-les-simples-1\">\n\t\t\t\t\t\t<span class=\"elementor-button-content-wrapper\">\n\t\t\t\t\t\t\t\t\t<span class=\"elementor-button-text\">Emission Radio Transparence du 12\/09\/2022 : Les simples<\/span>\n\t\t\t\t\t<\/span>\n\t\t\t\t\t<\/a>\n\t\t\t\t<\/div>\n\t\t\t\t\t\t\t\t<\/div>\n\t\t\t\t<\/div>\n\t\t\t\t<\/div>\n\t\t<div class=\"elementor-element elementor-element-7045a27 e-con-full e-flex e-con e-child\" data-id=\"7045a27\" data-element_type=\"container\">\n\t\t\t\t<div class=\"elementor-element elementor-element-17b5dcf elementor-widget elementor-widget-button\" data-id=\"17b5dcf\" data-element_type=\"widget\" data-widget_type=\"button.default\">\n\t\t\t\t<div class=\"elementor-widget-container\">\n\t\t\t\t\t\t\t\t\t<div class=\"elementor-button-wrapper\">\n\t\t\t\t\t<a class=\"elementor-button elementor-button-link elementor-size-sm elementor-animation-grow\" href=\"https:\/\/soundcloud.com\/radiotransparence937\/alternatives-ecolo-les-plantes-associes?utm_source=comite-ecologique-ariegeois.org&#038;utm_campaign=wtshare&#038;utm_medium=widget&#038;utm_content=https%253A%252F%252Fsoundcloud.com%252Fradiotransparence937%252Falternatives-ecolo-les-plantes-associes#:~:text=Alternatives%20Ecolo%20Les,Radio%20Transparence\">\n\t\t\t\t\t\t<span class=\"elementor-button-content-wrapper\">\n\t\t\t\t\t\t\t\t\t<span class=\"elementor-button-text\">Emission Radio Transparence du 26\/06\/23 : Les plantes associ\u00e9es<\/span>\n\t\t\t\t\t<\/span>\n\t\t\t\t\t<\/a>\n\t\t\t\t<\/div>\n\t\t\t\t\t\t\t\t<\/div>\n\t\t\t\t<\/div>\n\t\t\t\t<\/div>\n\t\t\t\t<\/div>\n\t\t\t\t<\/div>\n\t\t\t\t\t<\/div>\n\t\t\t\t<\/div>\n\t\t<div class=\"elementor-element elementor-element-5483a0ff e-con-full e-flex e-con e-child\" data-id=\"5483a0ff\" data-element_type=\"container\" data-settings=\"{&quot;background_background&quot;:&quot;classic&quot;}\">\n\t\t\t\t<div class=\"elementor-element elementor-element-67f6404 elementor-widget elementor-widget-spacer\" data-id=\"67f6404\" data-element_type=\"widget\" data-widget_type=\"spacer.default\">\n\t\t\t\t<div class=\"elementor-widget-container\">\n\t\t\t\t\t\t\t<div class=\"elementor-spacer\">\n\t\t\t<div class=\"elementor-spacer-inner\"><\/div>\n\t\t<\/div>\n\t\t\t\t\t\t<\/div>\n\t\t\t\t<\/div>\n\t\t\t\t<\/div>\n\t\t<div class=\"elementor-element elementor-element-b603cd4 e-flex e-con-boxed e-con e-parent\" data-id=\"b603cd4\" data-element_type=\"container\" data-settings=\"{&quot;background_background&quot;:&quot;classic&quot;}\">\n\t\t\t\t\t<div class=\"e-con-inner\">\n\t\t\t\t<div class=\"elementor-element elementor-element-73360ee elementor-widget elementor-widget-heading\" data-id=\"73360ee\" data-element_type=\"widget\" data-widget_type=\"heading.default\">\n\t\t\t\t<div class=\"elementor-widget-container\">\n\t\t\t\t\t<h2 class=\"elementor-heading-title elementor-size-default\">Espaces<\/h2>\t\t\t\t<\/div>\n\t\t\t\t<\/div>\n\t\t\t\t<div class=\"elementor-element elementor-element-4ce0246 elementor-widget elementor-widget-text-editor\" data-id=\"4ce0246\" data-element_type=\"widget\" data-widget_type=\"text-editor.default\">\n\t\t\t\t<div class=\"elementor-widget-container\">\n\t\t\t\t\t\t\t\t\t<p>Le d\u00e9partement de l\u2019Ari\u00e8ge est compos\u00e9 de trois grandes zones : la plaine d\u2019Ari\u00e8ge (Nord du d\u00e9partement, avec des plaines, collines et de faibles vallons), le pi\u00e9mont pyr\u00e9n\u00e9en (Massif du Plantaurel et collines pr\u00e9-pyr\u00e9n\u00e9ennes inf\u00e9rieures \u00e0 1000m), le haut pays ari\u00e9geois (les hautes montagnes des Pyr\u00e9n\u00e9es d\u00e9passant les 1000m d\u2019altitude).<br \/>Cette diversit\u00e9 g\u00e9ologique et plusieurs influences climatiques permettent \u00e0 son territoire d\u2019abriter des esp\u00e8ces de flore et de faune consid\u00e9r\u00e9es comme embl\u00e9matiques de l\u2019Ari\u00e8ge.<\/p>\t\t\t\t\t\t\t\t<\/div>\n\t\t\t\t<\/div>\n\t\t<div class=\"elementor-element elementor-element-848acbe e-grid e-con-full e-con e-child\" data-id=\"848acbe\" data-element_type=\"container\" data-settings=\"{&quot;background_background&quot;:&quot;classic&quot;}\">\n\t\t<div class=\"elementor-element elementor-element-fe09984 e-con-full e-flex e-con e-child\" data-id=\"fe09984\" data-element_type=\"container\" data-settings=\"{&quot;background_background&quot;:&quot;classic&quot;}\">\n\t\t\t\t<div class=\"elementor-element elementor-element-aeb967e elementor-widget elementor-widget-menu-anchor\" data-id=\"aeb967e\" data-element_type=\"widget\" data-widget_type=\"menu-anchor.default\">\n\t\t\t\t<div class=\"elementor-widget-container\">\n\t\t\t\t\t\t\t<div class=\"elementor-menu-anchor\" id=\"foret\"><\/div>\n\t\t\t\t\t\t<\/div>\n\t\t\t\t<\/div>\n\t\t\t\t<div class=\"elementor-element elementor-element-3fe9196d elementor-widget elementor-widget-heading\" data-id=\"3fe9196d\" data-element_type=\"widget\" data-widget_type=\"heading.default\">\n\t\t\t\t<div class=\"elementor-widget-container\">\n\t\t\t\t\t<h3 class=\"elementor-heading-title elementor-size-default\">For\u00eats<\/h3>\t\t\t\t<\/div>\n\t\t\t\t<\/div>\n\t\t\t\t<div class=\"elementor-element elementor-element-1783fb95 elementor-widget elementor-widget-text-editor\" data-id=\"1783fb95\" data-element_type=\"widget\" data-widget_type=\"text-editor.default\">\n\t\t\t\t<div class=\"elementor-widget-container\">\n\t\t\t\t\t\t\t\t\t<p>Les for\u00eats ari\u00e9geoises sont riches et diversifi\u00e9es en terme d\u2019habitats et d\u2019esp\u00e8ces, notamment sur la haute cha\u00eene pyr\u00e9n\u00e9enne.<br \/>Elles sont exploit\u00e9es sur la majorit\u00e9 des massifs de montagne, de pi\u00e9mont et de plaine. Pour le CEA, il appara\u00eet n\u00e9cessaire que les pratiques foresti\u00e8res \u00e9voluent dans un souci d\u2019\u00e9quilibre avec la prise en compte du volet \u00e9cologique.\u00a0 Il est n\u00e9cessaire aussi de\u00a0 pr\u00e9server des espaces forestiers de taille cons\u00e9quente, afin d\u2019assurer leur libre \u00e9volution et la tranquillit\u00e9 de la biodiversit\u00e9 associ\u00e9e.<\/p>\t\t\t\t\t\t\t\t<\/div>\n\t\t\t\t<\/div>\n\t\t\t\t<div class=\"elementor-element elementor-element-551a5590 elementor-widget elementor-widget-button\" data-id=\"551a5590\" data-element_type=\"widget\" data-widget_type=\"button.default\">\n\t\t\t\t<div class=\"elementor-widget-container\">\n\t\t\t\t\t\t\t\t\t<div class=\"elementor-button-wrapper\">\n\t\t\t\t\t<a class=\"elementor-button elementor-button-link elementor-size-sm elementor-animation-grow\" href=\"https:\/\/comite-ecologique-ariegeois.org\/?p=4086\">\n\t\t\t\t\t\t<span class=\"elementor-button-content-wrapper\">\n\t\t\t\t\t\t\t\t\t<span class=\"elementor-button-text\">Lire article \"La for\u00eat en Ari\u00e8ge\"<\/span>\n\t\t\t\t\t<\/span>\n\t\t\t\t\t<\/a>\n\t\t\t\t<\/div>\n\t\t\t\t\t\t\t\t<\/div>\n\t\t\t\t<\/div>\n\t\t\t\t<\/div>\n\t\t\t\t<div class=\"elementor-element elementor-element-6a6fc6 elementor-widget elementor-widget-image\" data-id=\"6a6fc6\" data-element_type=\"widget\" data-widget_type=\"image.default\">\n\t\t\t\t<div class=\"elementor-widget-container\">\n\t\t\t\t\t\t\t\t\t\t\t\t<figure class=\"wp-caption\">\n\t\t\t\t\t\t\t\t\t\t<img loading=\"lazy\" decoding=\"async\" width=\"768\" height=\"504\" src=\"https:\/\/comite-ecologique-ariegeois.org\/wp-content\/uploads\/2024\/09\/Vieille-foret_NX_DSC00244-1-768x504.jpg\" class=\"attachment-medium_large size-medium_large wp-image-1035\" alt=\"\" srcset=\"https:\/\/comite-ecologique-ariegeois.org\/wp-content\/uploads\/2024\/09\/Vieille-foret_NX_DSC00244-1-768x504.jpg 768w, https:\/\/comite-ecologique-ariegeois.org\/wp-content\/uploads\/2024\/09\/Vieille-foret_NX_DSC00244-1-300x197.jpg 300w, https:\/\/comite-ecologique-ariegeois.org\/wp-content\/uploads\/2024\/09\/Vieille-foret_NX_DSC00244-1-1024x672.jpg 1024w, https:\/\/comite-ecologique-ariegeois.org\/wp-content\/uploads\/2024\/09\/Vieille-foret_NX_DSC00244-1.jpg 1500w\" sizes=\"(max-width: 768px) 100vw, 768px\" \/>\t\t\t\t\t\t\t\t\t\t\t<figcaption class=\"widget-image-caption wp-caption-text\"><\/figcaption>\n\t\t\t\t\t\t\t\t\t\t<\/figure>\n\t\t\t\t\t\t\t\t\t<\/div>\n\t\t\t\t<\/div>\n\t\t\t\t<\/div>\n\t\t<div class=\"elementor-element elementor-element-6dac7bc e-grid e-con-full e-con e-child\" data-id=\"6dac7bc\" data-element_type=\"container\" data-settings=\"{&quot;background_background&quot;:&quot;classic&quot;}\">\n\t\t<div class=\"elementor-element elementor-element-1ad78fa e-con-full e-flex e-con e-child\" data-id=\"1ad78fa\" data-element_type=\"container\" data-settings=\"{&quot;background_background&quot;:&quot;classic&quot;}\">\n\t\t\t\t<div class=\"elementor-element elementor-element-0520914 elementor-widget elementor-widget-menu-anchor\" data-id=\"0520914\" data-element_type=\"widget\" data-widget_type=\"menu-anchor.default\">\n\t\t\t\t<div class=\"elementor-widget-container\">\n\t\t\t\t\t\t\t<div class=\"elementor-menu-anchor\" id=\"montagne\"><\/div>\n\t\t\t\t\t\t<\/div>\n\t\t\t\t<\/div>\n\t\t\t\t<div class=\"elementor-element elementor-element-3e542836 elementor-widget elementor-widget-heading\" data-id=\"3e542836\" data-element_type=\"widget\" data-widget_type=\"heading.default\">\n\t\t\t\t<div class=\"elementor-widget-container\">\n\t\t\t\t\t<h3 class=\"elementor-heading-title elementor-size-default\">Montagne<\/h3>\t\t\t\t<\/div>\n\t\t\t\t<\/div>\n\t\t\t\t<div class=\"elementor-element elementor-element-64820d7d elementor-widget elementor-widget-image\" data-id=\"64820d7d\" data-element_type=\"widget\" data-widget_type=\"image.default\">\n\t\t\t\t<div class=\"elementor-widget-container\">\n\t\t\t\t\t\t\t\t\t\t\t\t\t\t\t<img loading=\"lazy\" decoding=\"async\" width=\"768\" height=\"432\" src=\"https:\/\/comite-ecologique-ariegeois.org\/wp-content\/uploads\/2025\/04\/Valier-depuis-mont-beat-768x432.jpg\" class=\"attachment-medium_large size-medium_large wp-image-9305\" alt=\"\" srcset=\"https:\/\/comite-ecologique-ariegeois.org\/wp-content\/uploads\/2025\/04\/Valier-depuis-mont-beat-768x432.jpg 768w, https:\/\/comite-ecologique-ariegeois.org\/wp-content\/uploads\/2025\/04\/Valier-depuis-mont-beat-300x169.jpg 300w, https:\/\/comite-ecologique-ariegeois.org\/wp-content\/uploads\/2025\/04\/Valier-depuis-mont-beat.jpg 1000w\" sizes=\"(max-width: 768px) 100vw, 768px\" \/>\t\t\t\t\t\t\t\t\t\t\t\t\t\t\t<\/div>\n\t\t\t\t<\/div>\n\t\t\t\t<\/div>\n\t\t<div class=\"elementor-element elementor-element-676bc62 e-con-full e-flex e-con e-child\" data-id=\"676bc62\" data-element_type=\"container\">\n\t\t\t\t<div class=\"elementor-element elementor-element-7b0f882 elementor-widget elementor-widget-spacer\" data-id=\"7b0f882\" data-element_type=\"widget\" data-widget_type=\"spacer.default\">\n\t\t\t\t<div class=\"elementor-widget-container\">\n\t\t\t\t\t\t\t<div class=\"elementor-spacer\">\n\t\t\t<div class=\"elementor-spacer-inner\"><\/div>\n\t\t<\/div>\n\t\t\t\t\t\t<\/div>\n\t\t\t\t<\/div>\n\t\t\t\t<div class=\"elementor-element elementor-element-1d1c27e2 elementor-widget elementor-widget-text-editor\" data-id=\"1d1c27e2\" data-element_type=\"widget\" data-widget_type=\"text-editor.default\">\n\t\t\t\t<div class=\"elementor-widget-container\">\n\t\t\t\t\t\t\t\t\t<p><span style=\"color: var( --e-global-color-text ); font-family: var( --e-global-typography-text-font-family ), Sans-serif; font-weight: var( --e-global-typography-text-font-weight ); text-align: var(--text-align); font-size: var(--bodyfontsize); letter-spacing: var(--bodyletterspacing); text-transform: var(--bodytexttransform);\"><strong>Nos montagnes ari\u00e9geoises ne sont pas \u00e0 l&rsquo;abri des dangers tels que des projets d&rsquo;am\u00e9nagements touristiques, l&rsquo;exploitation de carri\u00e8res, le sur-tourisme, les impacts du r\u00e9chauffement climatique&#8230;\u00a0<\/strong><br \/><\/span>Le milieu montagnard se retrouve profond\u00e9ment transform\u00e9 et des esp\u00e8ces commencent d\u00e9j\u00e0 \u00e0 se faire plus rares voire \u00e0 disparaitre.\u00a0\u00a0<br \/>Nous devons modifier nos pratiques et nous adapter \u00e0 la Nature, sans quoi nos montagnes, le patrimoine naturel qu&rsquo;elles abritent et leurs effets b\u00e9n\u00e9fiques sur l&rsquo;Homme disparaitront de fa\u00e7on irr\u00e9versible.\u00a0<strong>Nous devons repenser de nouvelles pratiques touristiques aujourd&rsquo;hui n\u00e9fastes et d\u00e9su\u00e8tes au regard des enjeux environnementaux qui se pr\u00e9sentent \u00e0 nous.\u00a0<\/strong><\/p>\t\t\t\t\t\t\t\t<\/div>\n\t\t\t\t<\/div>\n\t\t\t\t<div class=\"elementor-element elementor-element-570f90d1 elementor-widget elementor-widget-button\" data-id=\"570f90d1\" data-element_type=\"widget\" data-widget_type=\"button.default\">\n\t\t\t\t<div class=\"elementor-widget-container\">\n\t\t\t\t\t\t\t\t\t<div class=\"elementor-button-wrapper\">\n\t\t\t\t\t<a class=\"elementor-button elementor-button-link elementor-size-sm elementor-animation-grow\" href=\"https:\/\/comite-ecologique-ariegeois.org\/?page_id=3786#montagne\">\n\t\t\t\t\t\t<span class=\"elementor-button-content-wrapper\">\n\t\t\t\t\t\t\t\t\t<span class=\"elementor-button-text\">Voir \u00e0 Am\u00e9nagements, Urbanisme<\/span>\n\t\t\t\t\t<\/span>\n\t\t\t\t\t<\/a>\n\t\t\t\t<\/div>\n\t\t\t\t\t\t\t\t<\/div>\n\t\t\t\t<\/div>\n\t\t\t\t<\/div>\n\t\t\t\t<\/div>\n\t\t<div class=\"elementor-element elementor-element-76c75dd e-grid e-con-full e-con e-child\" data-id=\"76c75dd\" data-element_type=\"container\" data-settings=\"{&quot;background_background&quot;:&quot;classic&quot;}\">\n\t\t<div class=\"elementor-element elementor-element-03a0b96 e-con-full e-flex e-con e-child\" data-id=\"03a0b96\" data-element_type=\"container\" data-settings=\"{&quot;background_background&quot;:&quot;classic&quot;}\">\n\t\t\t\t<div class=\"elementor-element elementor-element-cb07ee5 elementor-widget elementor-widget-menu-anchor\" data-id=\"cb07ee5\" data-element_type=\"widget\" data-widget_type=\"menu-anchor.default\">\n\t\t\t\t<div class=\"elementor-widget-container\">\n\t\t\t\t\t\t\t<div class=\"elementor-menu-anchor\" id=\"eau\"><\/div>\n\t\t\t\t\t\t<\/div>\n\t\t\t\t<\/div>\n\t\t\t\t<div class=\"elementor-element elementor-element-b9d3e1f elementor-widget elementor-widget-heading\" data-id=\"b9d3e1f\" data-element_type=\"widget\" data-widget_type=\"heading.default\">\n\t\t\t\t<div class=\"elementor-widget-container\">\n\t\t\t\t\t<h3 class=\"elementor-heading-title elementor-size-default\">Cours d'eau<\/h3>\t\t\t\t<\/div>\n\t\t\t\t<\/div>\n\t\t\t\t<div class=\"elementor-element elementor-element-df6ad5d elementor-widget elementor-widget-text-editor\" data-id=\"df6ad5d\" data-element_type=\"widget\" data-widget_type=\"text-editor.default\">\n\t\t\t\t<div class=\"elementor-widget-container\">\n\t\t\t\t\t\t\t\t\t<p><span style=\"color: var( --e-global-color-text ); font-family: var( --e-global-typography-text-font-family ), Sans-serif; font-weight: var( --e-global-typography-text-font-weight ); text-align: var(--text-align); font-size: var(--bodyfontsize); letter-spacing: var(--bodyletterspacing); text-transform: var(--bodytexttransform);\"><strong>Toutes les formes de vie sur terre d\u00e9pendent de l&rsquo;eau. C\u2019est pourquoi la pr\u00e9servation de sa qualit\u00e9 est une priorit\u00e9 pour le CEA.<\/strong><\/span><\/p><p>La protection des cours d\u2019eau est d\u2019une actualit\u00e9 br\u00fblante en Ari\u00e8ge. Notons en particulier la r\u00e9daction du SAGE, les projets d\u2019am\u00e9nagements concernant le lac de Montbel et les gravi\u00e8res de basse Ari\u00e8ge d\u00e9truisant la nappe phr\u00e9atique qui alimente Toulouse en eau potable.<\/p>\t\t\t\t\t\t\t\t<\/div>\n\t\t\t\t<\/div>\n\t\t<div class=\"elementor-element elementor-element-3312dd0 e-con-full e-flex e-con e-child\" data-id=\"3312dd0\" data-element_type=\"container\">\n\t\t\t\t<div class=\"elementor-element elementor-element-4351c90 elementor-widget elementor-widget-button\" data-id=\"4351c90\" data-element_type=\"widget\" data-widget_type=\"button.default\">\n\t\t\t\t<div class=\"elementor-widget-container\">\n\t\t\t\t\t\t\t\t\t<div class=\"elementor-button-wrapper\">\n\t\t\t\t\t<a class=\"elementor-button elementor-button-link elementor-size-sm elementor-animation-grow\" href=\"https:\/\/comite-ecologique-ariegeois.org\/?page_id=343\">\n\t\t\t\t\t\t<span class=\"elementor-button-content-wrapper\">\n\t\t\t\t\t\t\t\t\t<span class=\"elementor-button-text\">Lire notre dossier complet sur l'eau <\/span>\n\t\t\t\t\t<\/span>\n\t\t\t\t\t<\/a>\n\t\t\t\t<\/div>\n\t\t\t\t\t\t\t\t<\/div>\n\t\t\t\t<\/div>\n\t\t\t\t<\/div>\n\t\t\t\t<\/div>\n\t\t\t\t<div class=\"elementor-element elementor-element-edd2526 elementor-widget elementor-widget-image\" data-id=\"edd2526\" data-element_type=\"widget\" data-widget_type=\"image.default\">\n\t\t\t\t<div class=\"elementor-widget-container\">\n\t\t\t\t\t\t\t\t\t\t\t\t\t\t\t<img loading=\"lazy\" decoding=\"async\" width=\"768\" height=\"510\" src=\"https:\/\/comite-ecologique-ariegeois.org\/wp-content\/uploads\/2024\/11\/Photo-CEA-ruis-Canadelle-afflu-Liers-768x510.jpg\" class=\"attachment-medium_large size-medium_large wp-image-4565\" alt=\"\" srcset=\"https:\/\/comite-ecologique-ariegeois.org\/wp-content\/uploads\/2024\/11\/Photo-CEA-ruis-Canadelle-afflu-Liers-768x510.jpg 768w, https:\/\/comite-ecologique-ariegeois.org\/wp-content\/uploads\/2024\/11\/Photo-CEA-ruis-Canadelle-afflu-Liers-300x199.jpg 300w, https:\/\/comite-ecologique-ariegeois.org\/wp-content\/uploads\/2024\/11\/Photo-CEA-ruis-Canadelle-afflu-Liers-1024x680.jpg 1024w, https:\/\/comite-ecologique-ariegeois.org\/wp-content\/uploads\/2024\/11\/Photo-CEA-ruis-Canadelle-afflu-Liers-1536x1020.jpg 1536w, https:\/\/comite-ecologique-ariegeois.org\/wp-content\/uploads\/2024\/11\/Photo-CEA-ruis-Canadelle-afflu-Liers-2048x1361.jpg 2048w\" sizes=\"(max-width: 768px) 100vw, 768px\" \/>\t\t\t\t\t\t\t\t\t\t\t\t\t\t\t<\/div>\n\t\t\t\t<\/div>\n\t\t\t\t<\/div>\n\t\t<div class=\"elementor-element elementor-element-ae46cb0 e-grid e-con-full e-con e-child\" data-id=\"ae46cb0\" data-element_type=\"container\" data-settings=\"{&quot;background_background&quot;:&quot;classic&quot;}\">\n\t\t<div class=\"elementor-element elementor-element-848ba49 e-con-full e-flex e-con e-child\" data-id=\"848ba49\" data-element_type=\"container\" data-settings=\"{&quot;background_background&quot;:&quot;classic&quot;}\">\n\t\t\t\t<div class=\"elementor-element elementor-element-01652d4 elementor-widget elementor-widget-menu-anchor\" data-id=\"01652d4\" data-element_type=\"widget\" data-widget_type=\"menu-anchor.default\">\n\t\t\t\t<div class=\"elementor-widget-container\">\n\t\t\t\t\t\t\t<div class=\"elementor-menu-anchor\" id=\"agro\"><\/div>\n\t\t\t\t\t\t<\/div>\n\t\t\t\t<\/div>\n\t\t\t\t<div class=\"elementor-element elementor-element-91ed706 elementor-widget elementor-widget-heading\" data-id=\"91ed706\" data-element_type=\"widget\" data-widget_type=\"heading.default\">\n\t\t\t\t<div class=\"elementor-widget-container\">\n\t\t\t\t\t<h3 class=\"elementor-heading-title elementor-size-default\">Espaces agricoles<\/h3>\t\t\t\t<\/div>\n\t\t\t\t<\/div>\n\t\t\t\t<div class=\"elementor-element elementor-element-2b6ef499 elementor-widget elementor-widget-heading\" data-id=\"2b6ef499\" data-element_type=\"widget\" data-widget_type=\"heading.default\">\n\t\t\t\t<div class=\"elementor-widget-container\">\n\t\t\t\t\t<h4 class=\"elementor-heading-title elementor-size-default\">Concilier souverainet\u00e9 alimentaire et pr\u00e9servation du vivant<\/h4>\t\t\t\t<\/div>\n\t\t\t\t<\/div>\n\t\t\t\t<div class=\"elementor-element elementor-element-7d520494 elementor-widget elementor-widget-image\" data-id=\"7d520494\" data-element_type=\"widget\" data-widget_type=\"image.default\">\n\t\t\t\t<div class=\"elementor-widget-container\">\n\t\t\t\t\t\t\t\t\t\t\t\t<figure class=\"wp-caption\">\n\t\t\t\t\t\t\t\t\t\t<img loading=\"lazy\" decoding=\"async\" width=\"1024\" height=\"654\" src=\"https:\/\/comite-ecologique-ariegeois.org\/wp-content\/uploads\/2024\/08\/12_Tournesols-en-plaine-1024x654.jpg\" class=\"attachment-large size-large wp-image-397\" alt=\"\" srcset=\"https:\/\/comite-ecologique-ariegeois.org\/wp-content\/uploads\/2024\/08\/12_Tournesols-en-plaine-1024x654.jpg 1024w, https:\/\/comite-ecologique-ariegeois.org\/wp-content\/uploads\/2024\/08\/12_Tournesols-en-plaine-300x192.jpg 300w, https:\/\/comite-ecologique-ariegeois.org\/wp-content\/uploads\/2024\/08\/12_Tournesols-en-plaine-768x490.jpg 768w, https:\/\/comite-ecologique-ariegeois.org\/wp-content\/uploads\/2024\/08\/12_Tournesols-en-plaine-1536x981.jpg 1536w, https:\/\/comite-ecologique-ariegeois.org\/wp-content\/uploads\/2024\/08\/12_Tournesols-en-plaine-2048x1308.jpg 2048w\" sizes=\"(max-width: 1024px) 100vw, 1024px\" \/>\t\t\t\t\t\t\t\t\t\t\t<figcaption class=\"widget-image-caption wp-caption-text\"><\/figcaption>\n\t\t\t\t\t\t\t\t\t\t<\/figure>\n\t\t\t\t\t\t\t\t\t<\/div>\n\t\t\t\t<\/div>\n\t\t\t\t<div class=\"elementor-element elementor-element-4c7232aa elementor-widget elementor-widget-button\" data-id=\"4c7232aa\" data-element_type=\"widget\" data-widget_type=\"button.default\">\n\t\t\t\t<div class=\"elementor-widget-container\">\n\t\t\t\t\t\t\t\t\t<div class=\"elementor-button-wrapper\">\n\t\t\t\t\t<a class=\"elementor-button elementor-button-link elementor-size-sm elementor-animation-grow\" href=\"https:\/\/comite-ecologique-ariegeois.org\/?page_id=347&#038;preview_id=347#agriculture\">\n\t\t\t\t\t\t<span class=\"elementor-button-content-wrapper\">\n\t\t\t\t\t\t\t\t\t<span class=\"elementor-button-text\">Voir le dossier consacr\u00e9 \u00e0 l'agriculture<\/span>\n\t\t\t\t\t<\/span>\n\t\t\t\t\t<\/a>\n\t\t\t\t<\/div>\n\t\t\t\t\t\t\t\t<\/div>\n\t\t\t\t<\/div>\n\t\t\t\t<\/div>\n\t\t<div class=\"elementor-element elementor-element-ecf13fa e-con-full e-flex e-con e-child\" data-id=\"ecf13fa\" data-element_type=\"container\">\n\t\t\t\t<div class=\"elementor-element elementor-element-3b3768dc elementor-widget elementor-widget-text-editor\" data-id=\"3b3768dc\" data-element_type=\"widget\" data-widget_type=\"text-editor.default\">\n\t\t\t\t<div class=\"elementor-widget-container\">\n\t\t\t\t\t\t\t\t\t<p>En Ari\u00e8ge, 308 communes sur 327 sont situ\u00e9es dans l&rsquo;espace rural. Cet espace abrite 93 000 ari\u00e9geois, soit 61% de la population du d\u00e9partement. C&rsquo;est pour cela, que l&rsquo;Ari\u00e8ge est consid\u00e9r\u00e9 comme un d\u00e9partement principalement rural par rapport aux 52 autres de la France.\u00a0<br \/>Ces espaces agricoles sont un atout important pour notre territoire, puisque l&rsquo;agriculture est un secteur qui repr\u00e9sente une grande part de l&rsquo;activit\u00e9 \u00e9conomique en Ari\u00e8ge.\u00a0<br \/><strong>On y trouve une diversit\u00e9 d&rsquo;activit\u00e9s agricoles : mara\u00eechage, exploitation bovine, ovine, production de lait et de viandes, polyculture, c\u00e9r\u00e9ales, semences&#8230;Au moins la moiti\u00e9 des terres sont consacr\u00e9es \u00e0 l&rsquo;\u00e9levage, le plus souvent extensif, avec les avantages pour l&rsquo;environnement et le paysage que cela comporte.<\/strong><br \/>Cependant, pour une part, ces espaces, bien que tr\u00e8s utiles pour le territoire, peuvent \u00eatre sujets \u00e0 des pratiques n\u00e9fastes pour notre environnement et pour nous-m\u00eames : monoculture, cultures gourmandes en eau, \u00e9pandage de pesticides, construction de m\u00e9thaniseurs, \u00e9levage intensif, installations de panneaux agrivolta\u00efques&#8230; <strong>Si certains\u00a0 efforts sont actuellemnt faits par la profession, il demeure que les modes de culture ont encore beaucoup \u00e0 \u00e9voluer pour\u00a0 r\u00e9pondre notamment aux enjeux environnementaux et de sant\u00e9 tels qu&rsquo;ils se pr\u00e9sentent aujourd&rsquo;hui.\u00a0<\/strong><\/p><p>\u00a0<\/p>\t\t\t\t\t\t\t\t<\/div>\n\t\t\t\t<\/div>\n\t\t\t\t<\/div>\n\t\t\t\t<\/div>\n\t\t\t\t\t<\/div>\n\t\t\t\t<\/div>\n\t\t<div class=\"elementor-element elementor-element-99685c8 e-flex e-con-boxed e-con e-parent\" data-id=\"99685c8\" data-element_type=\"container\">\n\t\t\t\t\t<div class=\"e-con-inner\">\n\t\t\t\t<div class=\"elementor-element elementor-element-9124dec elementor-widget__width-initial elementor-widget elementor-widget-image\" data-id=\"9124dec\" data-element_type=\"widget\" data-widget_type=\"image.default\">\n\t\t\t\t<div class=\"elementor-widget-container\">\n\t\t\t\t\t\t\t\t\t\t\t\t\t\t\t<img decoding=\"async\" src=\"https:\/\/comite-ecologique-ariegeois.org\/wp-content\/uploads\/2025\/01\/Photo-dessin-CEA_Loup_M_30-01-2025_NX.jpg\" title=\"\" alt=\"\" loading=\"lazy\" \/>\t\t\t\t\t\t\t\t\t\t\t\t\t\t\t<\/div>\n\t\t\t\t<\/div>\n\t\t\t\t\t<\/div>\n\t\t\t\t<\/div>\n\t\t<div class=\"elementor-element elementor-element-3dd36ee e-flex e-con-boxed e-con e-parent\" data-id=\"3dd36ee\" data-element_type=\"container\">\n\t\t\t\t\t<div class=\"e-con-inner\">\n\t\t\t\t<div class=\"elementor-element elementor-element-a1951b6 elementor-widget elementor-widget-button\" data-id=\"a1951b6\" data-element_type=\"widget\" data-widget_type=\"button.default\">\n\t\t\t\t<div class=\"elementor-widget-container\">\n\t\t\t\t\t\t\t\t\t<div class=\"elementor-button-wrapper\">\n\t\t\t\t\t<a class=\"elementor-button elementor-size-sm elementor-animation-grow\" role=\"button\">\n\t\t\t\t\t\t<span class=\"elementor-button-content-wrapper\">\n\t\t\t\t\t\t\t\t\t<span class=\"elementor-button-text\">En savoir plus<\/span>\n\t\t\t\t\t<\/span>\n\t\t\t\t\t<\/a>\n\t\t\t\t<\/div>\n\t\t\t\t\t\t\t\t<\/div>\n\t\t\t\t<\/div>\n\t\t\t\t\t<\/div>\n\t\t\t\t<\/div>\n\t\t\t\t<\/div>\n\t\t","protected":false},"excerpt":{"rendered":"<p>Biodiversit\u00e9 L\u2019association veut sensibiliser \u00e0 cette priorit\u00e9 qu\u2019est la\u00a0pr\u00e9servation des espaces et des esp\u00e8ces. Elle s\u2019efforce de rappeler aux d\u00e9cideurs et au besoin en faisant valoir l\u2019int\u00e9r\u00eat commun aupr\u00e8s des juridictions, que cette\u00a0volont\u00e9 de pr\u00e9servation s\u2019impose au regard des projets \u00e0 entreprendre. Elle met\u00a0aussi en garde par rapport \u00e0 la tendance de tout \u00ab\u00a0valoriser\u00a0\u00bb, de&hellip;&nbsp;<a href=\"https:\/\/comite-ecologique-ariegeois.org\/?page_id=7198\" rel=\"bookmark\">Lire la suite &raquo;<span class=\"screen-reader-text\">Biodiversit\u00e9<\/span><\/a><\/p>\n","protected":false},"author":2,"featured_media":0,"parent":0,"menu_order":0,"comment_status":"closed","ping_status":"closed","template":"","meta":{"neve_meta_sidebar":"","neve_meta_container":"","neve_meta_enable_content_width":"","neve_meta_content_width":0,"neve_meta_title_alignment":"","neve_meta_author_avatar":"","neve_post_elements_order":"","neve_meta_disable_header":"","neve_meta_disable_footer":"","neve_meta_disable_title":"","footnotes":""},"class_list":["post-7198","page","type-page","status-publish","hentry"],"yoast_head":"<!-- This site is optimized with the Yoast SEO plugin v26.4 - https:\/\/yoast.com\/wordpress\/plugins\/seo\/ -->\n<title>Biodiversit\u00e9 - Comit\u00e9 Ecologique Ari\u00e8geois<\/title>\n<meta name=\"robots\" content=\"index, follow, max-snippet:-1, max-image-preview:large, max-video-preview:-1\" \/>\n<link rel=\"canonical\" href=\"https:\/\/comite-ecologique-ariegeois.org\/?page_id=7198\" \/>\n<meta property=\"og:locale\" content=\"fr_FR\" \/>\n<meta property=\"og:type\" content=\"article\" \/>\n<meta property=\"og:title\" content=\"Biodiversit\u00e9 - Comit\u00e9 Ecologique Ari\u00e8geois\" \/>\n<meta property=\"og:description\" content=\"Biodiversit\u00e9 L\u2019association veut sensibiliser \u00e0 cette priorit\u00e9 qu\u2019est la\u00a0pr\u00e9servation des espaces et des esp\u00e8ces. Elle s\u2019efforce de rappeler aux d\u00e9cideurs et au besoin en faisant valoir l\u2019int\u00e9r\u00eat commun aupr\u00e8s des juridictions, que cette\u00a0volont\u00e9 de pr\u00e9servation s\u2019impose au regard des projets \u00e0 entreprendre. Elle met\u00a0aussi en garde par rapport \u00e0 la tendance de tout \u00ab\u00a0valoriser\u00a0\u00bb, de&hellip;&nbsp;Lire la suite &raquo;Biodiversit\u00e9\" \/>\n<meta property=\"og:url\" content=\"https:\/\/comite-ecologique-ariegeois.org\/?page_id=7198\" \/>\n<meta property=\"og:site_name\" content=\"Comit\u00e9 Ecologique Ari\u00e8geois\" \/>\n<meta property=\"article:publisher\" content=\"https:\/\/www.facebook.com\/comite.ariegeois\/\" \/>\n<meta property=\"article:modified_time\" content=\"2026-03-09T21:23:33+00:00\" \/>\n<meta property=\"og:image\" content=\"https:\/\/comite-ecologique-ariegeois.org\/wp-content\/uploads\/2025\/03\/CERF_photo-Xavier-Pozza_Portet-daspet_NX.jpg\" \/>\n\t<meta property=\"og:image:width\" content=\"1094\" \/>\n\t<meta property=\"og:image:height\" content=\"847\" \/>\n\t<meta property=\"og:image:type\" content=\"image\/jpeg\" \/>\n<meta name=\"twitter:card\" content=\"summary_large_image\" \/>\n<meta name=\"twitter:label1\" content=\"Dur\u00e9e de lecture estim\u00e9e\" \/>\n\t<meta name=\"twitter:data1\" content=\"11 minutes\" \/>\n<script type=\"application\/ld+json\" class=\"yoast-schema-graph\">{\"@context\":\"https:\/\/schema.org\",\"@graph\":[{\"@type\":\"WebPage\",\"@id\":\"https:\/\/comite-ecologique-ariegeois.org\/?page_id=7198\",\"url\":\"https:\/\/comite-ecologique-ariegeois.org\/?page_id=7198\",\"name\":\"Biodiversit\u00e9 - Comit\u00e9 Ecologique Ari\u00e8geois\",\"isPartOf\":{\"@id\":\"https:\/\/comite-ecologique-ariegeois.org\/#website\"},\"primaryImageOfPage\":{\"@id\":\"https:\/\/comite-ecologique-ariegeois.org\/?page_id=7198#primaryimage\"},\"image\":{\"@id\":\"https:\/\/comite-ecologique-ariegeois.org\/?page_id=7198#primaryimage\"},\"thumbnailUrl\":\"https:\/\/comite-ecologique-ariegeois.org\/wp-content\/uploads\/2025\/03\/CERF_photo-Xavier-Pozza_Portet-daspet_NX-150x150.jpg\",\"datePublished\":\"2024-12-26T17:02:31+00:00\",\"dateModified\":\"2026-03-09T21:23:33+00:00\",\"breadcrumb\":{\"@id\":\"https:\/\/comite-ecologique-ariegeois.org\/?page_id=7198#breadcrumb\"},\"inLanguage\":\"fr-FR\",\"potentialAction\":[{\"@type\":\"ReadAction\",\"target\":[\"https:\/\/comite-ecologique-ariegeois.org\/?page_id=7198\"]}]},{\"@type\":\"ImageObject\",\"inLanguage\":\"fr-FR\",\"@id\":\"https:\/\/comite-ecologique-ariegeois.org\/?page_id=7198#primaryimage\",\"url\":\"https:\/\/comite-ecologique-ariegeois.org\/wp-content\/uploads\/2025\/03\/CERF_photo-Xavier-Pozza_Portet-daspet_NX.jpg\",\"contentUrl\":\"https:\/\/comite-ecologique-ariegeois.org\/wp-content\/uploads\/2025\/03\/CERF_photo-Xavier-Pozza_Portet-daspet_NX.jpg\",\"width\":1094,\"height\":847},{\"@type\":\"BreadcrumbList\",\"@id\":\"https:\/\/comite-ecologique-ariegeois.org\/?page_id=7198#breadcrumb\",\"itemListElement\":[{\"@type\":\"ListItem\",\"position\":1,\"name\":\"Accueil\",\"item\":\"https:\/\/comite-ecologique-ariegeois.org\/\"},{\"@type\":\"ListItem\",\"position\":2,\"name\":\"Biodiversit\u00e9\"}]},{\"@type\":\"WebSite\",\"@id\":\"https:\/\/comite-ecologique-ariegeois.org\/#website\",\"url\":\"https:\/\/comite-ecologique-ariegeois.org\/\",\"name\":\"Comit\u00e9 Ecologique Ari\u00e8geois\",\"description\":\"Assotiation de protection de la nature\",\"publisher\":{\"@id\":\"https:\/\/comite-ecologique-ariegeois.org\/#organization\"},\"potentialAction\":[{\"@type\":\"SearchAction\",\"target\":{\"@type\":\"EntryPoint\",\"urlTemplate\":\"https:\/\/comite-ecologique-ariegeois.org\/?s={search_term_string}\"},\"query-input\":{\"@type\":\"PropertyValueSpecification\",\"valueRequired\":true,\"valueName\":\"search_term_string\"}}],\"inLanguage\":\"fr-FR\"},{\"@type\":\"Organization\",\"@id\":\"https:\/\/comite-ecologique-ariegeois.org\/#organization\",\"name\":\"Comit\u00e9 Ecologique Ari\u00e8geois\",\"url\":\"https:\/\/comite-ecologique-ariegeois.org\/\",\"logo\":{\"@type\":\"ImageObject\",\"inLanguage\":\"fr-FR\",\"@id\":\"https:\/\/comite-ecologique-ariegeois.org\/#\/schema\/logo\/image\/\",\"url\":\"https:\/\/comite-ecologique-ariegeois.org\/wp-content\/uploads\/2025\/01\/logo_nouveau_cea_jpeg_250pix_02_03_24-a8816.jpg\",\"contentUrl\":\"https:\/\/comite-ecologique-ariegeois.org\/wp-content\/uploads\/2025\/01\/logo_nouveau_cea_jpeg_250pix_02_03_24-a8816.jpg\",\"width\":250,\"height\":250,\"caption\":\"Comit\u00e9 Ecologique Ari\u00e8geois\"},\"image\":{\"@id\":\"https:\/\/comite-ecologique-ariegeois.org\/#\/schema\/logo\/image\/\"},\"sameAs\":[\"https:\/\/www.facebook.com\/comite.ariegeois\/\",\"https:\/\/www.instagram.com\/comite.ecologique.ariegeois\/\"]}]}<\/script>\n<!-- \/ Yoast SEO plugin. -->","yoast_head_json":{"title":"Biodiversit\u00e9 - Comit\u00e9 Ecologique Ari\u00e8geois","robots":{"index":"index","follow":"follow","max-snippet":"max-snippet:-1","max-image-preview":"max-image-preview:large","max-video-preview":"max-video-preview:-1"},"canonical":"https:\/\/comite-ecologique-ariegeois.org\/?page_id=7198","og_locale":"fr_FR","og_type":"article","og_title":"Biodiversit\u00e9 - Comit\u00e9 Ecologique Ari\u00e8geois","og_description":"Biodiversit\u00e9 L\u2019association veut sensibiliser \u00e0 cette priorit\u00e9 qu\u2019est la\u00a0pr\u00e9servation des espaces et des esp\u00e8ces. Elle s\u2019efforce de rappeler aux d\u00e9cideurs et au besoin en faisant valoir l\u2019int\u00e9r\u00eat commun aupr\u00e8s des juridictions, que cette\u00a0volont\u00e9 de pr\u00e9servation s\u2019impose au regard des projets \u00e0 entreprendre. Elle met\u00a0aussi en garde par rapport \u00e0 la tendance de tout \u00ab\u00a0valoriser\u00a0\u00bb, de&hellip;&nbsp;Lire la suite &raquo;Biodiversit\u00e9","og_url":"https:\/\/comite-ecologique-ariegeois.org\/?page_id=7198","og_site_name":"Comit\u00e9 Ecologique Ari\u00e8geois","article_publisher":"https:\/\/www.facebook.com\/comite.ariegeois\/","article_modified_time":"2026-03-09T21:23:33+00:00","og_image":[{"width":1094,"height":847,"url":"https:\/\/comite-ecologique-ariegeois.org\/wp-content\/uploads\/2025\/03\/CERF_photo-Xavier-Pozza_Portet-daspet_NX.jpg","type":"image\/jpeg"}],"twitter_card":"summary_large_image","twitter_misc":{"Dur\u00e9e de lecture estim\u00e9e":"11 minutes"},"schema":{"@context":"https:\/\/schema.org","@graph":[{"@type":"WebPage","@id":"https:\/\/comite-ecologique-ariegeois.org\/?page_id=7198","url":"https:\/\/comite-ecologique-ariegeois.org\/?page_id=7198","name":"Biodiversit\u00e9 - Comit\u00e9 Ecologique Ari\u00e8geois","isPartOf":{"@id":"https:\/\/comite-ecologique-ariegeois.org\/#website"},"primaryImageOfPage":{"@id":"https:\/\/comite-ecologique-ariegeois.org\/?page_id=7198#primaryimage"},"image":{"@id":"https:\/\/comite-ecologique-ariegeois.org\/?page_id=7198#primaryimage"},"thumbnailUrl":"https:\/\/comite-ecologique-ariegeois.org\/wp-content\/uploads\/2025\/03\/CERF_photo-Xavier-Pozza_Portet-daspet_NX-150x150.jpg","datePublished":"2024-12-26T17:02:31+00:00","dateModified":"2026-03-09T21:23:33+00:00","breadcrumb":{"@id":"https:\/\/comite-ecologique-ariegeois.org\/?page_id=7198#breadcrumb"},"inLanguage":"fr-FR","potentialAction":[{"@type":"ReadAction","target":["https:\/\/comite-ecologique-ariegeois.org\/?page_id=7198"]}]},{"@type":"ImageObject","inLanguage":"fr-FR","@id":"https:\/\/comite-ecologique-ariegeois.org\/?page_id=7198#primaryimage","url":"https:\/\/comite-ecologique-ariegeois.org\/wp-content\/uploads\/2025\/03\/CERF_photo-Xavier-Pozza_Portet-daspet_NX.jpg","contentUrl":"https:\/\/comite-ecologique-ariegeois.org\/wp-content\/uploads\/2025\/03\/CERF_photo-Xavier-Pozza_Portet-daspet_NX.jpg","width":1094,"height":847},{"@type":"BreadcrumbList","@id":"https:\/\/comite-ecologique-ariegeois.org\/?page_id=7198#breadcrumb","itemListElement":[{"@type":"ListItem","position":1,"name":"Accueil","item":"https:\/\/comite-ecologique-ariegeois.org\/"},{"@type":"ListItem","position":2,"name":"Biodiversit\u00e9"}]},{"@type":"WebSite","@id":"https:\/\/comite-ecologique-ariegeois.org\/#website","url":"https:\/\/comite-ecologique-ariegeois.org\/","name":"Comit\u00e9 Ecologique Ari\u00e8geois","description":"Assotiation de protection de la nature","publisher":{"@id":"https:\/\/comite-ecologique-ariegeois.org\/#organization"},"potentialAction":[{"@type":"SearchAction","target":{"@type":"EntryPoint","urlTemplate":"https:\/\/comite-ecologique-ariegeois.org\/?s={search_term_string}"},"query-input":{"@type":"PropertyValueSpecification","valueRequired":true,"valueName":"search_term_string"}}],"inLanguage":"fr-FR"},{"@type":"Organization","@id":"https:\/\/comite-ecologique-ariegeois.org\/#organization","name":"Comit\u00e9 Ecologique Ari\u00e8geois","url":"https:\/\/comite-ecologique-ariegeois.org\/","logo":{"@type":"ImageObject","inLanguage":"fr-FR","@id":"https:\/\/comite-ecologique-ariegeois.org\/#\/schema\/logo\/image\/","url":"https:\/\/comite-ecologique-ariegeois.org\/wp-content\/uploads\/2025\/01\/logo_nouveau_cea_jpeg_250pix_02_03_24-a8816.jpg","contentUrl":"https:\/\/comite-ecologique-ariegeois.org\/wp-content\/uploads\/2025\/01\/logo_nouveau_cea_jpeg_250pix_02_03_24-a8816.jpg","width":250,"height":250,"caption":"Comit\u00e9 Ecologique Ari\u00e8geois"},"image":{"@id":"https:\/\/comite-ecologique-ariegeois.org\/#\/schema\/logo\/image\/"},"sameAs":["https:\/\/www.facebook.com\/comite.ariegeois\/","https:\/\/www.instagram.com\/comite.ecologique.ariegeois\/"]}]}},"_links":{"self":[{"href":"https:\/\/comite-ecologique-ariegeois.org\/index.php?rest_route=\/wp\/v2\/pages\/7198","targetHints":{"allow":["GET"]}}],"collection":[{"href":"https:\/\/comite-ecologique-ariegeois.org\/index.php?rest_route=\/wp\/v2\/pages"}],"about":[{"href":"https:\/\/comite-ecologique-ariegeois.org\/index.php?rest_route=\/wp\/v2\/types\/page"}],"author":[{"embeddable":true,"href":"https:\/\/comite-ecologique-ariegeois.org\/index.php?rest_route=\/wp\/v2\/users\/2"}],"replies":[{"embeddable":true,"href":"https:\/\/comite-ecologique-ariegeois.org\/index.php?rest_route=%2Fwp%2Fv2%2Fcomments&post=7198"}],"version-history":[{"count":240,"href":"https:\/\/comite-ecologique-ariegeois.org\/index.php?rest_route=\/wp\/v2\/pages\/7198\/revisions"}],"predecessor-version":[{"id":11484,"href":"https:\/\/comite-ecologique-ariegeois.org\/index.php?rest_route=\/wp\/v2\/pages\/7198\/revisions\/11484"}],"wp:attachment":[{"href":"https:\/\/comite-ecologique-ariegeois.org\/index.php?rest_route=%2Fwp%2Fv2%2Fmedia&parent=7198"}],"curies":[{"name":"wp","href":"https:\/\/api.w.org\/{rel}","templated":true}]}}