{"id":4111,"date":"2024-11-17T21:19:55","date_gmt":"2024-11-17T20:19:55","guid":{"rendered":"https:\/\/comite-ecologique-ariegeois.org\/?page_id=4111"},"modified":"2026-03-16T11:19:28","modified_gmt":"2026-03-16T10:19:28","slug":"gravieres-mines-carrieres","status":"publish","type":"page","link":"https:\/\/comite-ecologique-ariegeois.org\/?page_id=4111","title":{"rendered":"Gravi\u00e8res, mines, carri\u00e8res"},"content":{"rendered":"\t\t<div data-elementor-type=\"wp-page\" data-elementor-id=\"4111\" class=\"elementor elementor-4111\">\n\t\t\t\t<div class=\"elementor-element elementor-element-e76cb53 e-flex e-con-boxed e-con e-parent\" data-id=\"e76cb53\" data-element_type=\"container\">\n\t\t\t\t\t<div class=\"e-con-inner\">\n\t\t\t\t<div class=\"elementor-element elementor-element-fc34ea5 elementor-widget elementor-widget-spacer\" data-id=\"fc34ea5\" data-element_type=\"widget\" data-widget_type=\"spacer.default\">\n\t\t\t\t<div class=\"elementor-widget-container\">\n\t\t\t\t\t\t\t<div class=\"elementor-spacer\">\n\t\t\t<div class=\"elementor-spacer-inner\"><\/div>\n\t\t<\/div>\n\t\t\t\t\t\t<\/div>\n\t\t\t\t<\/div>\n\t\t\t\t<div class=\"elementor-element elementor-element-8e4fa71 elementor-widget elementor-widget-heading\" data-id=\"8e4fa71\" data-element_type=\"widget\" data-widget_type=\"heading.default\">\n\t\t\t\t<div class=\"elementor-widget-container\">\n\t\t\t\t\t<h1 class=\"elementor-heading-title elementor-size-default\">Extractivisme<\/h1>\t\t\t\t<\/div>\n\t\t\t\t<\/div>\n\t\t\t\t<div class=\"elementor-element elementor-element-c8b995c elementor-widget elementor-widget-text-editor\" data-id=\"c8b995c\" data-element_type=\"widget\" data-widget_type=\"text-editor.default\">\n\t\t\t\t<div class=\"elementor-widget-container\">\n\t\t\t\t\t\t\t\t\t<p><em>\u00ab\u00a0L\u2019extractivisme est l\u2019exploitation massive des ressources de la nature ou de la biosph\u00e8re. L&rsquo;extractivisme consiste \u00e0 extraire, directement dans le milieu naturel et sans retour vers lui, des ressources naturelles qui ne se renouvellent pas ou peu, lentement, difficilement ou co\u00fbteusement.\u00a0\u00bb<\/em> wikipedia<\/p>\t\t\t\t\t\t\t\t<\/div>\n\t\t\t\t<\/div>\n\t\t\t\t<div class=\"elementor-element elementor-element-34c20cd elementor-widget elementor-widget-spacer\" data-id=\"34c20cd\" data-element_type=\"widget\" data-widget_type=\"spacer.default\">\n\t\t\t\t<div class=\"elementor-widget-container\">\n\t\t\t\t\t\t\t<div class=\"elementor-spacer\">\n\t\t\t<div class=\"elementor-spacer-inner\"><\/div>\n\t\t<\/div>\n\t\t\t\t\t\t<\/div>\n\t\t\t\t<\/div>\n\t\t\t\t\t<\/div>\n\t\t\t\t<\/div>\n\t\t<div class=\"elementor-element elementor-element-c9a3fc7 e-grid e-con-boxed e-con e-parent\" data-id=\"c9a3fc7\" data-element_type=\"container\" data-settings=\"{&quot;background_background&quot;:&quot;classic&quot;}\">\n\t\t\t\t\t<div class=\"e-con-inner\">\n\t\t\t\t<div class=\"elementor-element elementor-element-7e14c831 e-transform e-transform e-transform elementor-widget elementor-widget-heading\" data-id=\"7e14c831\" data-element_type=\"widget\" data-settings=\"{&quot;_animation&quot;:&quot;none&quot;,&quot;_transform_scale_effect&quot;:{&quot;unit&quot;:&quot;px&quot;,&quot;size&quot;:&quot;&quot;,&quot;sizes&quot;:[]},&quot;_transform_scale_effect_tablet&quot;:{&quot;unit&quot;:&quot;px&quot;,&quot;size&quot;:&quot;&quot;,&quot;sizes&quot;:[]},&quot;_transform_scale_effect_mobile&quot;:{&quot;unit&quot;:&quot;px&quot;,&quot;size&quot;:&quot;&quot;,&quot;sizes&quot;:[]},&quot;_transform_rotateZ_effect_hover&quot;:{&quot;unit&quot;:&quot;px&quot;,&quot;size&quot;:&quot;&quot;,&quot;sizes&quot;:[]},&quot;_transform_rotateZ_effect_hover_tablet&quot;:{&quot;unit&quot;:&quot;deg&quot;,&quot;size&quot;:&quot;&quot;,&quot;sizes&quot;:[]},&quot;_transform_rotateZ_effect_hover_mobile&quot;:{&quot;unit&quot;:&quot;deg&quot;,&quot;size&quot;:&quot;&quot;,&quot;sizes&quot;:[]},&quot;_transform_translateX_effect_hover&quot;:{&quot;unit&quot;:&quot;px&quot;,&quot;size&quot;:&quot;&quot;,&quot;sizes&quot;:[]},&quot;_transform_translateX_effect_hover_tablet&quot;:{&quot;unit&quot;:&quot;px&quot;,&quot;size&quot;:&quot;&quot;,&quot;sizes&quot;:[]},&quot;_transform_translateX_effect_hover_mobile&quot;:{&quot;unit&quot;:&quot;px&quot;,&quot;size&quot;:&quot;&quot;,&quot;sizes&quot;:[]},&quot;_transform_translateY_effect_hover&quot;:{&quot;unit&quot;:&quot;px&quot;,&quot;size&quot;:&quot;&quot;,&quot;sizes&quot;:[]},&quot;_transform_translateY_effect_hover_tablet&quot;:{&quot;unit&quot;:&quot;px&quot;,&quot;size&quot;:&quot;&quot;,&quot;sizes&quot;:[]},&quot;_transform_translateY_effect_hover_mobile&quot;:{&quot;unit&quot;:&quot;px&quot;,&quot;size&quot;:&quot;&quot;,&quot;sizes&quot;:[]}}\" data-widget_type=\"heading.default\">\n\t\t\t\t<div class=\"elementor-widget-container\">\n\t\t\t\t\t<h3 class=\"elementor-heading-title elementor-size-default\"><a href=\"#graviere\">Gravi\u00e8res<\/a><\/h3>\t\t\t\t<\/div>\n\t\t\t\t<\/div>\n\t\t\t\t<div class=\"elementor-element elementor-element-7951c35c e-transform e-transform e-transform elementor-widget elementor-widget-heading\" data-id=\"7951c35c\" data-element_type=\"widget\" data-settings=\"{&quot;_animation&quot;:&quot;none&quot;,&quot;_transform_scale_effect&quot;:{&quot;unit&quot;:&quot;px&quot;,&quot;size&quot;:&quot;&quot;,&quot;sizes&quot;:[]},&quot;_transform_scale_effect_tablet&quot;:{&quot;unit&quot;:&quot;px&quot;,&quot;size&quot;:&quot;&quot;,&quot;sizes&quot;:[]},&quot;_transform_scale_effect_mobile&quot;:{&quot;unit&quot;:&quot;px&quot;,&quot;size&quot;:&quot;&quot;,&quot;sizes&quot;:[]},&quot;_transform_rotateZ_effect_hover&quot;:{&quot;unit&quot;:&quot;px&quot;,&quot;size&quot;:&quot;&quot;,&quot;sizes&quot;:[]},&quot;_transform_rotateZ_effect_hover_tablet&quot;:{&quot;unit&quot;:&quot;deg&quot;,&quot;size&quot;:&quot;&quot;,&quot;sizes&quot;:[]},&quot;_transform_rotateZ_effect_hover_mobile&quot;:{&quot;unit&quot;:&quot;deg&quot;,&quot;size&quot;:&quot;&quot;,&quot;sizes&quot;:[]},&quot;_transform_translateX_effect_hover&quot;:{&quot;unit&quot;:&quot;px&quot;,&quot;size&quot;:&quot;&quot;,&quot;sizes&quot;:[]},&quot;_transform_translateX_effect_hover_tablet&quot;:{&quot;unit&quot;:&quot;px&quot;,&quot;size&quot;:&quot;&quot;,&quot;sizes&quot;:[]},&quot;_transform_translateX_effect_hover_mobile&quot;:{&quot;unit&quot;:&quot;px&quot;,&quot;size&quot;:&quot;&quot;,&quot;sizes&quot;:[]},&quot;_transform_translateY_effect_hover&quot;:{&quot;unit&quot;:&quot;px&quot;,&quot;size&quot;:&quot;&quot;,&quot;sizes&quot;:[]},&quot;_transform_translateY_effect_hover_tablet&quot;:{&quot;unit&quot;:&quot;px&quot;,&quot;size&quot;:&quot;&quot;,&quot;sizes&quot;:[]},&quot;_transform_translateY_effect_hover_mobile&quot;:{&quot;unit&quot;:&quot;px&quot;,&quot;size&quot;:&quot;&quot;,&quot;sizes&quot;:[]}}\" data-widget_type=\"heading.default\">\n\t\t\t\t<div class=\"elementor-widget-container\">\n\t\t\t\t\t<h3 class=\"elementor-heading-title elementor-size-default\"><a href=\"#mine\">Mines<\/a><\/h3>\t\t\t\t<\/div>\n\t\t\t\t<\/div>\n\t\t\t\t<div class=\"elementor-element elementor-element-37b3c9e5 e-transform e-transform e-transform elementor-widget elementor-widget-heading\" data-id=\"37b3c9e5\" data-element_type=\"widget\" data-settings=\"{&quot;_animation&quot;:&quot;none&quot;,&quot;_transform_scale_effect&quot;:{&quot;unit&quot;:&quot;px&quot;,&quot;size&quot;:&quot;&quot;,&quot;sizes&quot;:[]},&quot;_transform_scale_effect_tablet&quot;:{&quot;unit&quot;:&quot;px&quot;,&quot;size&quot;:&quot;&quot;,&quot;sizes&quot;:[]},&quot;_transform_scale_effect_mobile&quot;:{&quot;unit&quot;:&quot;px&quot;,&quot;size&quot;:&quot;&quot;,&quot;sizes&quot;:[]},&quot;_transform_rotateZ_effect_hover&quot;:{&quot;unit&quot;:&quot;px&quot;,&quot;size&quot;:&quot;&quot;,&quot;sizes&quot;:[]},&quot;_transform_rotateZ_effect_hover_tablet&quot;:{&quot;unit&quot;:&quot;deg&quot;,&quot;size&quot;:&quot;&quot;,&quot;sizes&quot;:[]},&quot;_transform_rotateZ_effect_hover_mobile&quot;:{&quot;unit&quot;:&quot;deg&quot;,&quot;size&quot;:&quot;&quot;,&quot;sizes&quot;:[]},&quot;_transform_translateX_effect_hover&quot;:{&quot;unit&quot;:&quot;px&quot;,&quot;size&quot;:&quot;&quot;,&quot;sizes&quot;:[]},&quot;_transform_translateX_effect_hover_tablet&quot;:{&quot;unit&quot;:&quot;px&quot;,&quot;size&quot;:&quot;&quot;,&quot;sizes&quot;:[]},&quot;_transform_translateX_effect_hover_mobile&quot;:{&quot;unit&quot;:&quot;px&quot;,&quot;size&quot;:&quot;&quot;,&quot;sizes&quot;:[]},&quot;_transform_translateY_effect_hover&quot;:{&quot;unit&quot;:&quot;px&quot;,&quot;size&quot;:&quot;&quot;,&quot;sizes&quot;:[]},&quot;_transform_translateY_effect_hover_tablet&quot;:{&quot;unit&quot;:&quot;px&quot;,&quot;size&quot;:&quot;&quot;,&quot;sizes&quot;:[]},&quot;_transform_translateY_effect_hover_mobile&quot;:{&quot;unit&quot;:&quot;px&quot;,&quot;size&quot;:&quot;&quot;,&quot;sizes&quot;:[]}}\" data-widget_type=\"heading.default\">\n\t\t\t\t<div class=\"elementor-widget-container\">\n\t\t\t\t\t<h3 class=\"elementor-heading-title elementor-size-default\"><a href=\"#carriere\">Carri\u00e8res<\/a><\/h3>\t\t\t\t<\/div>\n\t\t\t\t<\/div>\n\t\t\t\t<div class=\"elementor-element elementor-element-a399b90 e-transform e-transform e-transform elementor-widget elementor-widget-heading\" data-id=\"a399b90\" data-element_type=\"widget\" data-settings=\"{&quot;_animation&quot;:&quot;none&quot;,&quot;_transform_scale_effect&quot;:{&quot;unit&quot;:&quot;px&quot;,&quot;size&quot;:&quot;&quot;,&quot;sizes&quot;:[]},&quot;_transform_scale_effect_tablet&quot;:{&quot;unit&quot;:&quot;px&quot;,&quot;size&quot;:&quot;&quot;,&quot;sizes&quot;:[]},&quot;_transform_scale_effect_mobile&quot;:{&quot;unit&quot;:&quot;px&quot;,&quot;size&quot;:&quot;&quot;,&quot;sizes&quot;:[]},&quot;_transform_rotateZ_effect_hover&quot;:{&quot;unit&quot;:&quot;px&quot;,&quot;size&quot;:&quot;&quot;,&quot;sizes&quot;:[]},&quot;_transform_rotateZ_effect_hover_tablet&quot;:{&quot;unit&quot;:&quot;deg&quot;,&quot;size&quot;:&quot;&quot;,&quot;sizes&quot;:[]},&quot;_transform_rotateZ_effect_hover_mobile&quot;:{&quot;unit&quot;:&quot;deg&quot;,&quot;size&quot;:&quot;&quot;,&quot;sizes&quot;:[]},&quot;_transform_translateX_effect_hover&quot;:{&quot;unit&quot;:&quot;px&quot;,&quot;size&quot;:&quot;&quot;,&quot;sizes&quot;:[]},&quot;_transform_translateX_effect_hover_tablet&quot;:{&quot;unit&quot;:&quot;px&quot;,&quot;size&quot;:&quot;&quot;,&quot;sizes&quot;:[]},&quot;_transform_translateX_effect_hover_mobile&quot;:{&quot;unit&quot;:&quot;px&quot;,&quot;size&quot;:&quot;&quot;,&quot;sizes&quot;:[]},&quot;_transform_translateY_effect_hover&quot;:{&quot;unit&quot;:&quot;px&quot;,&quot;size&quot;:&quot;&quot;,&quot;sizes&quot;:[]},&quot;_transform_translateY_effect_hover_tablet&quot;:{&quot;unit&quot;:&quot;px&quot;,&quot;size&quot;:&quot;&quot;,&quot;sizes&quot;:[]},&quot;_transform_translateY_effect_hover_mobile&quot;:{&quot;unit&quot;:&quot;px&quot;,&quot;size&quot;:&quot;&quot;,&quot;sizes&quot;:[]}}\" data-widget_type=\"heading.default\">\n\t\t\t\t<div class=\"elementor-widget-container\">\n\t\t\t\t\t<h3 class=\"elementor-heading-title elementor-size-default\"><a href=\"#schema\">SRCO<\/a><\/h3>\t\t\t\t<\/div>\n\t\t\t\t<\/div>\n\t\t\t\t\t<\/div>\n\t\t\t\t<\/div>\n\t\t<div class=\"elementor-element elementor-element-9b424c4 e-flex e-con-boxed e-con e-parent\" data-id=\"9b424c4\" data-element_type=\"container\">\n\t\t\t\t\t<div class=\"e-con-inner\">\n\t\t\t\t<div class=\"elementor-element elementor-element-93a9205 elementor-widget elementor-widget-spacer\" data-id=\"93a9205\" data-element_type=\"widget\" data-widget_type=\"spacer.default\">\n\t\t\t\t<div class=\"elementor-widget-container\">\n\t\t\t\t\t\t\t<div class=\"elementor-spacer\">\n\t\t\t<div class=\"elementor-spacer-inner\"><\/div>\n\t\t<\/div>\n\t\t\t\t\t\t<\/div>\n\t\t\t\t<\/div>\n\t\t\t\t\t<\/div>\n\t\t\t\t<\/div>\n\t\t<div class=\"elementor-element elementor-element-3cdeaef5 e-flex e-con-boxed e-con e-parent\" data-id=\"3cdeaef5\" data-element_type=\"container\" data-settings=\"{&quot;background_background&quot;:&quot;classic&quot;}\">\n\t\t\t\t\t<div class=\"e-con-inner\">\n\t\t\t\t<div class=\"elementor-element elementor-element-5d4d051 elementor-widget elementor-widget-menu-anchor\" data-id=\"5d4d051\" data-element_type=\"widget\" data-widget_type=\"menu-anchor.default\">\n\t\t\t\t<div class=\"elementor-widget-container\">\n\t\t\t\t\t\t\t<div class=\"elementor-menu-anchor\" id=\"graviere\"><\/div>\n\t\t\t\t\t\t<\/div>\n\t\t\t\t<\/div>\n\t\t\t\t<div class=\"elementor-element elementor-element-2a82610a elementor-widget elementor-widget-heading\" data-id=\"2a82610a\" data-element_type=\"widget\" data-widget_type=\"heading.default\">\n\t\t\t\t<div class=\"elementor-widget-container\">\n\t\t\t\t\t<h2 class=\"elementor-heading-title elementor-size-default\">Gravi\u00e8res de basse Ari\u00e8ge<\/h2>\t\t\t\t<\/div>\n\t\t\t\t<\/div>\n\t\t\t\t<div class=\"elementor-element elementor-element-2907a2d8 elementor-widget elementor-widget-text-editor\" data-id=\"2907a2d8\" data-element_type=\"widget\" data-widget_type=\"text-editor.default\">\n\t\t\t\t<div class=\"elementor-widget-container\">\n\t\t\t\t\t\t\t\t\t\n<p>Exploitants agricoles, \u00e9lus, citoyens font le m\u00eame constat : la surexploitation du granulat <strong>met en danger la ressource en eau<\/strong> de la grande nappe ari\u00e9geoise ainsi que des cours d\u2019eau dans la zone d\u2019extraction, bouleversant les activit\u00e9s \u00e9conomiques locales. Un bouleversement aggrav\u00e9 par la crise climatique. L\u2019extraction engendre une forte \u00e9mission de CO2. Le comblement par les d\u00e9chets du BTP et l\u2019utilisation des pesticides provoquent une <strong>pollution chimique<\/strong> de notre bassin hydrographique.<strong> La nappe phr\u00e9atique de l\u2019Ari\u00e8ge est menac\u00e9e.<\/strong><\/p>\t\t\t\t\t\t\t\t<\/div>\n\t\t\t\t<\/div>\n\t\t\t\t<div class=\"elementor-element elementor-element-57726f7 elementor-widget elementor-widget-heading\" data-id=\"57726f7\" data-element_type=\"widget\" data-widget_type=\"heading.default\">\n\t\t\t\t<div class=\"elementor-widget-container\">\n\t\t\t\t\t<h3 class=\"elementor-heading-title elementor-size-default\">Mobilisation des associations de protection de la nature<\/h3>\t\t\t\t<\/div>\n\t\t\t\t<\/div>\n\t\t<div class=\"elementor-element elementor-element-3eed8396 e-grid e-con-full e-con e-child\" data-id=\"3eed8396\" data-element_type=\"container\" data-settings=\"{&quot;background_background&quot;:&quot;classic&quot;}\">\n\t\t<div class=\"elementor-element elementor-element-1767f8bb e-con-full e-flex e-con e-child\" data-id=\"1767f8bb\" data-element_type=\"container\" data-settings=\"{&quot;background_background&quot;:&quot;classic&quot;}\">\n\t\t\t\t<div class=\"elementor-element elementor-element-45a3b835 elementor-widget elementor-widget-heading\" data-id=\"45a3b835\" data-element_type=\"widget\" data-widget_type=\"heading.default\">\n\t\t\t\t<div class=\"elementor-widget-container\">\n\t\t\t\t\t<h4 class=\"elementor-heading-title elementor-size-default\">Plus de 15 ans d'alertes<\/h4>\t\t\t\t<\/div>\n\t\t\t\t<\/div>\n\t\t\t\t<div class=\"elementor-element elementor-element-483a96e6 elementor-widget elementor-widget-text-editor\" data-id=\"483a96e6\" data-element_type=\"widget\" data-widget_type=\"text-editor.default\">\n\t\t\t\t<div class=\"elementor-widget-container\">\n\t\t\t\t\t\t\t\t\t<p><span style=\"font-family: Arial;\">Depuis plus de 15 ans, les associations de protection de la nature effectuent un <b>minutieux travail sur tous les fronts<\/b> : Elles multiplient les alertes aupr\u00e8s des autorit\u00e9s pr\u00e9fectorales. Elles publient des communiqu\u00e9s de presse et les r\u00e9sultats des analyses qu&rsquo;elles font r\u00e9aliser de leur propre initiative sur la pollution des nappes phr\u00e9atiques. Et elles ont pu sensibiliser le d\u00e9put\u00e9 Michel Larive, qui est intervenu en la mati\u00e8re. Leurs actions en justice successives ont n\u00e9anmoins toutes \u00e9t\u00e9 contr\u00e9es par les grands groupes du BTP. <br \/>Ce n&rsquo;est qu&rsquo;en 2024 que l&rsquo;administration a commenc\u00e9 \u00e0 r\u00e9agir, en mettant certains carriers en demeure de mise en conformit\u00e9.<\/span><\/p><p>Ensemble avec plusieures APNE, le CEA <span style=\"font-family: Arial;\">poursuit <\/span><span style=\"font-family: Arial;\">au sein du collectif\u00a0<\/span><b style=\"font-family: Arial; color: var( --e-global-color-nvtextcolor ); background-color: var( --e-global-color-nvsitebg ); font-size: var(--bodyfontsize); letter-spacing: var(--bodyletterspacing); text-transform: var(--bodytexttransform);\">Stop Gravi\u00e8res<\/b><span style=\"font-family: Arial; color: var( --e-global-color-nvtextcolor ); font-weight: var( --e-global-typography-text-font-weight ); background-color: var( --e-global-color-nvsitebg ); font-size: var(--bodyfontsize); letter-spacing: var(--bodyletterspacing); text-transform: var(--bodytexttransform);\">\u00a0son action pour la pr\u00e9servation de notre ressource en eau et de nos terres.\u00a0<\/span><\/p>\t\t\t\t\t\t\t\t<\/div>\n\t\t\t\t<\/div>\n\t\t\t\t<div class=\"elementor-element elementor-element-feda797 elementor-widget elementor-widget-button\" data-id=\"feda797\" data-element_type=\"widget\" data-widget_type=\"button.default\">\n\t\t\t\t<div class=\"elementor-widget-container\">\n\t\t\t\t\t\t\t\t\t<div class=\"elementor-button-wrapper\">\n\t\t\t\t\t<a class=\"elementor-button elementor-button-link elementor-size-sm elementor-animation-grow\" href=\"https:\/\/comite-ecologique-ariegeois.org\/?p=4118\">\n\t\t\t\t\t\t<span class=\"elementor-button-content-wrapper\">\n\t\t\t\t\t\t\t\t\t<span class=\"elementor-button-text\">Communiqu\u00e9 du collectif Stop Gravi\u00e8res de sept. 2024<\/span>\n\t\t\t\t\t<\/span>\n\t\t\t\t\t<\/a>\n\t\t\t\t<\/div>\n\t\t\t\t\t\t\t\t<\/div>\n\t\t\t\t<\/div>\n\t\t\t\t<div class=\"elementor-element elementor-element-cf2355d elementor-widget elementor-widget-button\" data-id=\"cf2355d\" data-element_type=\"widget\" data-widget_type=\"button.default\">\n\t\t\t\t<div class=\"elementor-widget-container\">\n\t\t\t\t\t\t\t\t\t<div class=\"elementor-button-wrapper\">\n\t\t\t\t\t<a class=\"elementor-button elementor-button-link elementor-size-sm elementor-animation-grow\" href=\"https:\/\/comite-ecologique-ariegeois.org\/wp-content\/uploads\/2026\/01\/Dossier-CP-gravieres-26-1-26.pdf\" target=\"_blank\">\n\t\t\t\t\t\t<span class=\"elementor-button-content-wrapper\">\n\t\t\t\t\t\t\t\t\t<span class=\"elementor-button-text\">Dossier Conf\u00e9rence de presse des associations 26\/01\/2026<\/span>\n\t\t\t\t\t<\/span>\n\t\t\t\t\t<\/a>\n\t\t\t\t<\/div>\n\t\t\t\t\t\t\t\t<\/div>\n\t\t\t\t<\/div>\n\t\t\t\t<\/div>\n\t\t<div class=\"elementor-element elementor-element-342befc e-con-full e-flex e-con e-child\" data-id=\"342befc\" data-element_type=\"container\" data-settings=\"{&quot;background_background&quot;:&quot;classic&quot;}\">\n\t\t\t\t<div class=\"elementor-element elementor-element-63ecc45 elementor-widget elementor-widget-heading\" data-id=\"63ecc45\" data-element_type=\"widget\" data-widget_type=\"heading.default\">\n\t\t\t\t<div class=\"elementor-widget-container\">\n\t\t\t\t\t<h4 class=\"elementor-heading-title elementor-size-default\">La r\u00e9sistance s'amplifie<\/h4>\t\t\t\t<\/div>\n\t\t\t\t<\/div>\n\t\t\t\t<div class=\"elementor-element elementor-element-0f03e50 elementor-widget elementor-widget-text-editor\" data-id=\"0f03e50\" data-element_type=\"widget\" data-widget_type=\"text-editor.default\">\n\t\t\t\t<div class=\"elementor-widget-container\">\n\t\t\t\t\t\t\t\t\t<p>Les actions se durcissent et se diversifient depuis 2020 : des actions d\u2019envergure comme <strong>Au Fil de l\u2019Eau<\/strong>, <b>La Gravi\u00e8re s\u2019Amuse<\/b>, <b>La Gravi\u00e8re est une Ordure<\/b>\u2026 permettent de mettre le focus sur un des probl\u00e8mes environnementaux les plus pr\u00e9occupants de la r\u00e9gion.<\/p>\t\t\t\t\t\t\t\t<\/div>\n\t\t\t\t<\/div>\n\t\t<div class=\"elementor-element elementor-element-c528603 e-grid e-con-full e-con e-child\" data-id=\"c528603\" data-element_type=\"container\">\n\t\t\t\t<div class=\"elementor-element elementor-element-d6cde5e elementor-widget elementor-widget-image\" data-id=\"d6cde5e\" data-element_type=\"widget\" data-widget_type=\"image.default\">\n\t\t\t\t<div class=\"elementor-widget-container\">\n\t\t\t\t\t\t\t\t\t\t\t\t<figure class=\"wp-caption\">\n\t\t\t\t\t\t\t\t\t\t<img fetchpriority=\"high\" decoding=\"async\" width=\"725\" height=\"1024\" src=\"https:\/\/comite-ecologique-ariegeois.org\/wp-content\/uploads\/2024\/12\/Au-fil-de-leau-LAffiche-p-725x1024.jpg\" class=\"attachment-large size-large wp-image-5305\" alt=\"\" srcset=\"https:\/\/comite-ecologique-ariegeois.org\/wp-content\/uploads\/2024\/12\/Au-fil-de-leau-LAffiche-p-725x1024.jpg 725w, https:\/\/comite-ecologique-ariegeois.org\/wp-content\/uploads\/2024\/12\/Au-fil-de-leau-LAffiche-p-212x300.jpg 212w, https:\/\/comite-ecologique-ariegeois.org\/wp-content\/uploads\/2024\/12\/Au-fil-de-leau-LAffiche-p-768x1085.jpg 768w, https:\/\/comite-ecologique-ariegeois.org\/wp-content\/uploads\/2024\/12\/Au-fil-de-leau-LAffiche-p.jpg 997w\" sizes=\"(max-width: 725px) 100vw, 725px\" \/>\t\t\t\t\t\t\t\t\t\t\t<figcaption class=\"widget-image-caption wp-caption-text\">organis\u00e9 par le collectif Stop Gravi\u00e8res<\/figcaption>\n\t\t\t\t\t\t\t\t\t\t<\/figure>\n\t\t\t\t\t\t\t\t\t<\/div>\n\t\t\t\t<\/div>\n\t\t\t\t<div class=\"elementor-element elementor-element-bb3c31d elementor-widget elementor-widget-image\" data-id=\"bb3c31d\" data-element_type=\"widget\" data-widget_type=\"image.default\">\n\t\t\t\t<div class=\"elementor-widget-container\">\n\t\t\t\t\t\t\t\t\t\t\t\t<figure class=\"wp-caption\">\n\t\t\t\t\t\t\t\t\t\t<img decoding=\"async\" width=\"500\" height=\"707\" src=\"https:\/\/comite-ecologique-ariegeois.org\/wp-content\/uploads\/2024\/12\/la-graviere-s-amuse-2.jpg\" class=\"attachment-large size-large wp-image-5307\" alt=\"\" srcset=\"https:\/\/comite-ecologique-ariegeois.org\/wp-content\/uploads\/2024\/12\/la-graviere-s-amuse-2.jpg 500w, https:\/\/comite-ecologique-ariegeois.org\/wp-content\/uploads\/2024\/12\/la-graviere-s-amuse-2-212x300.jpg 212w\" sizes=\"(max-width: 500px) 100vw, 500px\" \/>\t\t\t\t\t\t\t\t\t\t\t<figcaption class=\"widget-image-caption wp-caption-text\">organis\u00e9 par XR Foix<\/figcaption>\n\t\t\t\t\t\t\t\t\t\t<\/figure>\n\t\t\t\t\t\t\t\t\t<\/div>\n\t\t\t\t<\/div>\n\t\t\t\t<div class=\"elementor-element elementor-element-ee7a9a3 elementor-widget elementor-widget-image\" data-id=\"ee7a9a3\" data-element_type=\"widget\" data-widget_type=\"image.default\">\n\t\t\t\t<div class=\"elementor-widget-container\">\n\t\t\t\t\t\t\t\t\t\t\t\t<figure class=\"wp-caption\">\n\t\t\t\t\t\t\t\t\t\t<img decoding=\"async\" width=\"723\" height=\"1024\" src=\"https:\/\/comite-ecologique-ariegeois.org\/wp-content\/uploads\/2024\/12\/photo_2024-04-07_11-00-49-723x1024.jpg\" class=\"attachment-large size-large wp-image-5302\" alt=\"\" srcset=\"https:\/\/comite-ecologique-ariegeois.org\/wp-content\/uploads\/2024\/12\/photo_2024-04-07_11-00-49-723x1024.jpg 723w, https:\/\/comite-ecologique-ariegeois.org\/wp-content\/uploads\/2024\/12\/photo_2024-04-07_11-00-49-212x300.jpg 212w, https:\/\/comite-ecologique-ariegeois.org\/wp-content\/uploads\/2024\/12\/photo_2024-04-07_11-00-49-768x1087.jpg 768w, https:\/\/comite-ecologique-ariegeois.org\/wp-content\/uploads\/2024\/12\/photo_2024-04-07_11-00-49.jpg 904w\" sizes=\"(max-width: 723px) 100vw, 723px\" \/>\t\t\t\t\t\t\t\t\t\t\t<figcaption class=\"widget-image-caption wp-caption-text\">organis\u00e9 par XR Foix<\/figcaption>\n\t\t\t\t\t\t\t\t\t\t<\/figure>\n\t\t\t\t\t\t\t\t\t<\/div>\n\t\t\t\t<\/div>\n\t\t\t\t<\/div>\n\t\t\t\t<div class=\"elementor-element elementor-element-8b12bd5 elementor-widget elementor-widget-button\" data-id=\"8b12bd5\" data-element_type=\"widget\" data-widget_type=\"button.default\">\n\t\t\t\t<div class=\"elementor-widget-container\">\n\t\t\t\t\t\t\t\t\t<div class=\"elementor-button-wrapper\">\n\t\t\t\t\t<a class=\"elementor-button elementor-button-link elementor-size-sm elementor-animation-grow\" href=\"https:\/\/comite-ecologique-ariegeois.org\/archiveSPIP2024\/actions\/carrieres-gravieres-et-mines\/gravieres-de-saverdun-mazeres-montaut\/article\/xr-alerte-sur-le-danger-des-gravieres-de-la-basse-vallee-d-ariege.html\">\n\t\t\t\t\t\t<span class=\"elementor-button-content-wrapper\">\n\t\t\t\t\t\t\t\t\t<span class=\"elementor-button-text\">En savoir plus<\/span>\n\t\t\t\t\t<\/span>\n\t\t\t\t\t<\/a>\n\t\t\t\t<\/div>\n\t\t\t\t\t\t\t\t<\/div>\n\t\t\t\t<\/div>\n\t\t\t\t<\/div>\n\t\t\t\t<\/div>\n\t\t\t\t<div class=\"elementor-element elementor-element-fc9fb85 elementor-widget elementor-widget-heading\" data-id=\"fc9fb85\" data-element_type=\"widget\" data-widget_type=\"heading.default\">\n\t\t\t\t<div class=\"elementor-widget-container\">\n\t\t\t\t\t<h3 class=\"elementor-heading-title elementor-size-default\">Pollution de la ressource en eau potable<\/h3>\t\t\t\t<\/div>\n\t\t\t\t<\/div>\n\t\t\t\t<div class=\"elementor-element elementor-element-3389a31 elementor-widget elementor-widget-text-editor\" data-id=\"3389a31\" data-element_type=\"widget\" data-widget_type=\"text-editor.default\">\n\t\t\t\t<div class=\"elementor-widget-container\">\n\t\t\t\t\t\t\t\t\t<p>Mise \u00e0 nue de la nappe phr\u00e9atique, intervention subaquatique d&rsquo;engins de chantier, d\u00e9pot de d\u00e9chets du BTP et d&rsquo;autres d\u00e9chets non inertes en cas de n\u00e9gligence des carriers. <strong>Cela concerne la ressource en eau potable de tout le secteur toulousain.<\/strong><\/p>\t\t\t\t\t\t\t\t<\/div>\n\t\t\t\t<\/div>\n\t\t<div class=\"elementor-element elementor-element-9b3f18a e-grid e-con-full e-con e-child\" data-id=\"9b3f18a\" data-element_type=\"container\" data-settings=\"{&quot;background_background&quot;:&quot;classic&quot;}\">\n\t\t<div class=\"elementor-element elementor-element-d4347a6 e-con-full e-flex e-con e-child\" data-id=\"d4347a6\" data-element_type=\"container\" data-settings=\"{&quot;background_background&quot;:&quot;classic&quot;}\">\n\t\t\t\t<div class=\"elementor-element elementor-element-2ae25e2 elementor-widget elementor-widget-heading\" data-id=\"2ae25e2\" data-element_type=\"widget\" data-widget_type=\"heading.default\">\n\t\t\t\t<div class=\"elementor-widget-container\">\n\t\t\t\t\t<h4 class=\"elementor-heading-title elementor-size-default\">Des d\u00e9chets du BTP directement dans la  nappe alluvionnaire<\/h4>\t\t\t\t<\/div>\n\t\t\t\t<\/div>\n\t\t\t\t<div class=\"elementor-element elementor-element-8d7a3d0 elementor-widget elementor-widget-text-editor\" data-id=\"8d7a3d0\" data-element_type=\"widget\" data-widget_type=\"text-editor.default\">\n\t\t\t\t<div class=\"elementor-widget-container\">\n\t\t\t\t\t\t\t\t\t<p>Les sites de gravi\u00e8res jouissent d\u2019une r\u00e9glementation leur permettant de servir de d\u00e9p\u00f4t de d\u00e9chets du BTP dit \u00ab inertes \u00bb et d\u2019enfouir ceux-ci dans la nappe en remplacement du gravier extrait. Mais<strong> le b\u00e9ton qui s\u00e9journe dans l\u2019eau n\u2019est plus un d\u00e9chet inerte : il d\u00e9gage au terme de r\u00e9actions chimiques, de l\u2019aluminium.<\/strong>\u00a0Les analyses r\u00e9alis\u00e9es par les associations ont d&rsquo;ailleurs mis en \u00e9vidence l\u2019augmentation de ce m\u00e9tal dans des points d\u2019eau proches.<\/p>\t\t\t\t\t\t\t\t<\/div>\n\t\t\t\t<\/div>\n\t\t\t\t<\/div>\n\t\t<div class=\"elementor-element elementor-element-f88ec22 e-con-full e-flex e-con e-child\" data-id=\"f88ec22\" data-element_type=\"container\" data-settings=\"{&quot;background_background&quot;:&quot;classic&quot;}\">\n\t\t\t\t<div class=\"elementor-element elementor-element-d75548c elementor-widget elementor-widget-heading\" data-id=\"d75548c\" data-element_type=\"widget\" data-widget_type=\"heading.default\">\n\t\t\t\t<div class=\"elementor-widget-container\">\n\t\t\t\t\t<h4 class=\"elementor-heading-title elementor-size-default\">Pas de contr\u00f4le ind\u00e9pendant du type de d\u00e9chets <\/h4>\t\t\t\t<\/div>\n\t\t\t\t<\/div>\n\t\t\t\t<div class=\"elementor-element elementor-element-ce0e606 elementor-widget elementor-widget-text-editor\" data-id=\"ce0e606\" data-element_type=\"widget\" data-widget_type=\"text-editor.default\">\n\t\t\t\t<div class=\"elementor-widget-container\">\n\t\t\t\t\t\t\t\t\t<p>Ce sont<strong> les soci\u00e9t\u00e9s de carriers elles-m\u00eames qui sont charg\u00e9es de contr\u00f4ler<\/strong> le contenu des camions de d\u00e9chets du BTP en provenance des chantiers pour \u00eatre d\u00e9pos\u00e9s sur les sites puis enfouis dans l\u2019eau de la nappe. Or<strong> l\u2019exp\u00e9rience a largement montr\u00e9 la \u00ab faiblesse \u00bb des auto-contr\u00f4les<\/strong> de ces gros volumes de d\u00e9chets.<\/p>\t\t\t\t\t\t\t\t<\/div>\n\t\t\t\t<\/div>\n\t\t\t\t<div class=\"elementor-element elementor-element-a1a4526 elementor-widget elementor-widget-button\" data-id=\"a1a4526\" data-element_type=\"widget\" data-widget_type=\"button.default\">\n\t\t\t\t<div class=\"elementor-widget-container\">\n\t\t\t\t\t\t\t\t\t<div class=\"elementor-button-wrapper\">\n\t\t\t\t\t<a class=\"elementor-button elementor-button-link elementor-size-sm elementor-animation-grow\" href=\"https:\/\/comite-ecologique-ariegeois.org\/archiveSPIP2024\/actions\/carrieres-gravieres-et-mines\/gravieres-de-saverdun-mazeres-montaut\/article\/pollution-de-la-nappe-a-saverdun-montaut-video-manifeste-au-rond-point-denjean.html\">\n\t\t\t\t\t\t<span class=\"elementor-button-content-wrapper\">\n\t\t\t\t\t\t\t\t\t<span class=\"elementor-button-text\">En savoir plus<\/span>\n\t\t\t\t\t<\/span>\n\t\t\t\t\t<\/a>\n\t\t\t\t<\/div>\n\t\t\t\t\t\t\t\t<\/div>\n\t\t\t\t<\/div>\n\t\t\t\t<\/div>\n\t\t\t\t<\/div>\n\t\t\t\t<div class=\"elementor-element elementor-element-da51fe7 elementor-widget elementor-widget-heading\" data-id=\"da51fe7\" data-element_type=\"widget\" data-widget_type=\"heading.default\">\n\t\t\t\t<div class=\"elementor-widget-container\">\n\t\t\t\t\t<h3 class=\"elementor-heading-title elementor-size-default\">Et ce n'est pas tout ...<\/h3>\t\t\t\t<\/div>\n\t\t\t\t<\/div>\n\t\t<div class=\"elementor-element elementor-element-bf38ffe e-grid e-con-full e-con e-child\" data-id=\"bf38ffe\" data-element_type=\"container\" data-settings=\"{&quot;background_background&quot;:&quot;classic&quot;}\">\n\t\t<div class=\"elementor-element elementor-element-35f30f1 e-con-full e-flex e-con e-child\" data-id=\"35f30f1\" data-element_type=\"container\" data-settings=\"{&quot;background_background&quot;:&quot;classic&quot;}\">\n\t\t\t\t<div class=\"elementor-element elementor-element-5a7a7d9 elementor-widget elementor-widget-heading\" data-id=\"5a7a7d9\" data-element_type=\"widget\" data-widget_type=\"heading.default\">\n\t\t\t\t<div class=\"elementor-widget-container\">\n\t\t\t\t\t<h4 class=\"elementor-heading-title elementor-size-default\"><b>Pr\u00e8s de 800 ha de belles terres agricoles en voie de      destruction<\/b><\/h4>\t\t\t\t<\/div>\n\t\t\t\t<\/div>\n\t\t\t\t<div class=\"elementor-element elementor-element-96ec8c4 elementor-widget elementor-widget-text-editor\" data-id=\"96ec8c4\" data-element_type=\"widget\" data-widget_type=\"text-editor.default\">\n\t\t\t\t<div class=\"elementor-widget-container\">\n\t\t\t\t\t\t\t\t\t<p align=\"JUSTIFY\"><span style=\"color: #000000;\"><span style=\"font-family: Roboto, sans-serif;\"><span style=\"font-size: medium;\">Ces terres agricoles de plaine sont souvent d\u00e9j\u00e0 \u00e9quip\u00e9es<\/span><\/span><\/span> <span style=\"color: #000000;\"><span style=\"font-family: Roboto, sans-serif;\"><span style=\"font-size: medium;\">en drains et<\/span><\/span><\/span> <span style=\"color: #000000;\"><span style=\"font-family: Roboto, sans-serif;\"><span style=\"font-size: medium;\">dispositifs<\/span><\/span><\/span> <span style=\"color: #000000;\"><span style=\"font-family: Roboto, sans-serif;\"><span style=\"font-size: medium;\">d&rsquo;arrosage. Apr\u00e8s l&rsquo;exploitation des gravi\u00e8res, elles seront transform\u00e9es en terrains de moindre valeur agricole. <\/span><\/span><\/span><span style=\"color: #000000;\"><span style=\"font-family: Roboto, sans-serif;\"><span style=\"font-size: medium;\"><b>De la <\/b><\/span><\/span><\/span><strong><span style=\"color: #000000;\"><span style=\"font-family: Roboto, sans-serif;\"><span style=\"font-size: medium;\">terre v\u00e9g\u00e9tale sera rapport\u00e9e sur les d\u00e9chets du BTP<\/span><\/span><\/span><\/strong> <strong><span style=\"color: #000000;\"><span style=\"font-family: Roboto, sans-serif;\"><span style=\"font-size: medium;\">enfouis<\/span><\/span><\/span><\/strong><span style=\"color: #000000;\"><span style=\"font-family: Roboto, sans-serif;\"><span style=\"font-size: medium;\">.<\/span><\/span><\/span><\/p>\t\t\t\t\t\t\t\t<\/div>\n\t\t\t\t<\/div>\n\t\t\t\t<\/div>\n\t\t<div class=\"elementor-element elementor-element-692bdec e-con-full e-flex e-con e-child\" data-id=\"692bdec\" data-element_type=\"container\" data-settings=\"{&quot;background_background&quot;:&quot;classic&quot;}\">\n\t\t\t\t<div class=\"elementor-element elementor-element-aea84d2 elementor-widget elementor-widget-heading\" data-id=\"aea84d2\" data-element_type=\"widget\" data-widget_type=\"heading.default\">\n\t\t\t\t<div class=\"elementor-widget-container\">\n\t\t\t\t\t<h4 class=\"elementor-heading-title elementor-size-default\"><b>Des graviers d'excellente qualit\u00e9 pour le tout venant<\/b><\/h4>\t\t\t\t<\/div>\n\t\t\t\t<\/div>\n\t\t\t\t<div class=\"elementor-element elementor-element-df81fbc elementor-widget elementor-widget-text-editor\" data-id=\"df81fbc\" data-element_type=\"widget\" data-widget_type=\"text-editor.default\">\n\t\t\t\t<div class=\"elementor-widget-container\">\n\t\t\t\t\t\t\t\t\t<p><span style=\"font-family: Arial, sans-serif;\"><span style=\"font-size: medium;\"><span style=\"color: #000000;\">Les graviers extraits de la nappe alluvionnaire sont reconnus de qualit\u00e9 exceptionnelle. Mais elles servent \u00e0 toutes sortes de b\u00e9tons, alors qu&rsquo;ils devraient \u00eatre r\u00e9serv\u00e9s \u00e0 des ouvrages particuliers. En revanche, il n&rsquo;y a <b>pas d\u2019extraction dans les collines alluvionnaires<\/b> plus \u00e9loign\u00e9es de la rivi\u00e8re. Elles seraient moins rentables, mais serviraient une bonne partie des besoins.<\/span><\/span><\/span><\/p>\t\t\t\t\t\t\t\t<\/div>\n\t\t\t\t<\/div>\n\t\t\t\t<\/div>\n\t\t<div class=\"elementor-element elementor-element-cb08df0 e-con-full e-flex e-con e-child\" data-id=\"cb08df0\" data-element_type=\"container\" data-settings=\"{&quot;background_background&quot;:&quot;classic&quot;}\">\n\t\t\t\t<div class=\"elementor-element elementor-element-87cee97 elementor-widget elementor-widget-heading\" data-id=\"87cee97\" data-element_type=\"widget\" data-widget_type=\"heading.default\">\n\t\t\t\t<div class=\"elementor-widget-container\">\n\t\t\t\t\t<h4 class=\"elementor-heading-title elementor-size-default\">Par la route et pour la route<\/h4>\t\t\t\t<\/div>\n\t\t\t\t<\/div>\n\t\t\t\t<div class=\"elementor-element elementor-element-4480391 elementor-widget elementor-widget-text-editor\" data-id=\"4480391\" data-element_type=\"widget\" data-widget_type=\"text-editor.default\">\n\t\t\t\t<div class=\"elementor-widget-container\">\n\t\t\t\t\t\t\t\t\t<p>Les quantit\u00e9s de graviers extraits, <strong>sans commune mesure avec les besoins de l\u2019Ari\u00e8ge<\/strong>, sont le plus souvent export\u00e9es par la route (<strong>faute des \u00e9quipements ferroviaires th\u00e9oriquement pr\u00e9vus<\/strong>) vers des chantiers d\u2019utilit\u00e9 tout \u00e0 fait contestables (<strong>A69<\/strong>, etc\u2026) du point de vue de l\u2019int\u00e9r\u00eat g\u00e9n\u00e9ral et du bien commun.<\/p>\t\t\t\t\t\t\t\t<\/div>\n\t\t\t\t<\/div>\n\t\t\t\t<\/div>\n\t\t<div class=\"elementor-element elementor-element-7d66c6a e-con-full e-flex e-con e-child\" data-id=\"7d66c6a\" data-element_type=\"container\" data-settings=\"{&quot;background_background&quot;:&quot;classic&quot;}\">\n\t\t\t\t<div class=\"elementor-element elementor-element-a452011 elementor-widget elementor-widget-heading\" data-id=\"a452011\" data-element_type=\"widget\" data-widget_type=\"heading.default\">\n\t\t\t\t<div class=\"elementor-widget-container\">\n\t\t\t\t\t<h4 class=\"elementor-heading-title elementor-size-default\">Ass\u00e8chement des sources et des sols<\/h4>\t\t\t\t<\/div>\n\t\t\t\t<\/div>\n\t\t\t\t<div class=\"elementor-element elementor-element-7f57c9d elementor-widget elementor-widget-text-editor\" data-id=\"7f57c9d\" data-element_type=\"widget\" data-widget_type=\"text-editor.default\">\n\t\t\t\t<div class=\"elementor-widget-container\">\n\t\t\t\t\t\t\t\t\t<p><strong>Remplacer les graves de la nappe<\/strong> d\u2019accompagnement de l\u2019Ari\u00e8ge <strong>par des d\u00e9chets du b\u00e2timent modifie profond\u00e9ment l\u2019\u00e9coulement<\/strong> de celle-ci et produit un<strong> ass\u00e8chement des sources et des sols<\/strong> environnant dont se plaignent \u00e0 juste titre mais en vain les riverains agriculteurs et les propri\u00e9taires de b\u00e2timents et d\u2019arbres impact\u00e9s.<\/p>\t\t\t\t\t\t\t\t<\/div>\n\t\t\t\t<\/div>\n\t\t\t\t<\/div>\n\t\t\t\t<\/div>\n\t\t<div class=\"elementor-element elementor-element-ec636aa e-grid e-con-full e-con e-child\" data-id=\"ec636aa\" data-element_type=\"container\">\n\t\t<div class=\"elementor-element elementor-element-1f87eca e-con-full e-flex e-con e-child\" data-id=\"1f87eca\" data-element_type=\"container\">\n\t\t\t\t<div class=\"elementor-element elementor-element-19bf094 elementor-widget elementor-widget-button\" data-id=\"19bf094\" data-element_type=\"widget\" data-widget_type=\"button.default\">\n\t\t\t\t<div class=\"elementor-widget-container\">\n\t\t\t\t\t\t\t\t\t<div class=\"elementor-button-wrapper\">\n\t\t\t\t\t<a class=\"elementor-button elementor-button-link elementor-size-sm elementor-animation-grow\" href=\"https:\/\/comite-ecologique-ariegeois.org\/?p=4118\">\n\t\t\t\t\t\t<span class=\"elementor-button-content-wrapper\">\n\t\t\t\t\t\t\t\t\t<span class=\"elementor-button-text\">Communiqu\u00e9 du collectif Stop Gravi\u00e8res de sept. 2024<\/span>\n\t\t\t\t\t<\/span>\n\t\t\t\t\t<\/a>\n\t\t\t\t<\/div>\n\t\t\t\t\t\t\t\t<\/div>\n\t\t\t\t<\/div>\n\t\t\t\t<\/div>\n\t\t\t\t<div class=\"elementor-element elementor-element-62832e4 elementor-widget elementor-widget-image\" data-id=\"62832e4\" data-element_type=\"widget\" data-widget_type=\"image.default\">\n\t\t\t\t<div class=\"elementor-widget-container\">\n\t\t\t\t\t\t\t\t\t\t\t\t\t\t\t\t<a href=\"https:\/\/stop-gravieres.ariege.eu.org\/\">\n\t\t\t\t\t\t\t<img loading=\"lazy\" decoding=\"async\" width=\"150\" height=\"150\" src=\"https:\/\/comite-ecologique-ariegeois.org\/wp-content\/uploads\/2024\/11\/logo-small-150x150.jpg\" class=\"attachment-thumbnail size-thumbnail wp-image-4113\" alt=\"\" \/>\t\t\t\t\t\t\t\t<\/a>\n\t\t\t\t\t\t\t\t\t\t\t\t\t\t\t<\/div>\n\t\t\t\t<\/div>\n\t\t\t\t<\/div>\n\t\t\t\t\t<\/div>\n\t\t\t\t<\/div>\n\t\t<div class=\"elementor-element elementor-element-7c00120 e-flex e-con-boxed e-con e-parent\" data-id=\"7c00120\" data-element_type=\"container\">\n\t\t\t\t\t<div class=\"e-con-inner\">\n\t\t\t\t<div class=\"elementor-element elementor-element-fa7b19d elementor-widget elementor-widget-spacer\" data-id=\"fa7b19d\" data-element_type=\"widget\" data-widget_type=\"spacer.default\">\n\t\t\t\t<div class=\"elementor-widget-container\">\n\t\t\t\t\t\t\t<div class=\"elementor-spacer\">\n\t\t\t<div class=\"elementor-spacer-inner\"><\/div>\n\t\t<\/div>\n\t\t\t\t\t\t<\/div>\n\t\t\t\t<\/div>\n\t\t\t\t\t<\/div>\n\t\t\t\t<\/div>\n\t\t<div class=\"elementor-element elementor-element-2a1685a e-flex e-con-boxed e-con e-parent\" data-id=\"2a1685a\" data-element_type=\"container\" data-settings=\"{&quot;background_background&quot;:&quot;classic&quot;}\">\n\t\t\t\t\t<div class=\"e-con-inner\">\n\t\t\t\t<div class=\"elementor-element elementor-element-8100c40 elementor-widget elementor-widget-menu-anchor\" data-id=\"8100c40\" data-element_type=\"widget\" data-widget_type=\"menu-anchor.default\">\n\t\t\t\t<div class=\"elementor-widget-container\">\n\t\t\t\t\t\t\t<div class=\"elementor-menu-anchor\" id=\"mine\"><\/div>\n\t\t\t\t\t\t<\/div>\n\t\t\t\t<\/div>\n\t\t\t\t<div class=\"elementor-element elementor-element-815da53 elementor-widget elementor-widget-heading\" data-id=\"815da53\" data-element_type=\"widget\" data-widget_type=\"heading.default\">\n\t\t\t\t<div class=\"elementor-widget-container\">\n\t\t\t\t\t<h2 class=\"elementor-heading-title elementor-size-default\">Mines<\/h2>\t\t\t\t<\/div>\n\t\t\t\t<\/div>\n\t\t\t\t<div class=\"elementor-element elementor-element-8563296 elementor-widget elementor-widget-text-editor\" data-id=\"8563296\" data-element_type=\"widget\" data-widget_type=\"text-editor.default\">\n\t\t\t\t<div class=\"elementor-widget-container\">\n\t\t\t\t\t\t\t\t\t<p>L&rsquo;Ari\u00e8ge est d\u00e9j\u00e0 marqu\u00e9e par l&rsquo;exploitation pass\u00e9e de mines et par l&rsquo;ensemble des cons\u00e9quences de la cessation d&rsquo;une activit\u00e9 mini\u00e8re.\u00a0<br \/>Une r\u00e9cente demande de permis concernant la mine de Salau est tr\u00e8s pr\u00e9occupante et a raviv\u00e9 le r\u00e9seau s&rsquo;opposant \u00e0 sa r\u00e9ouverture.<\/p>\t\t\t\t\t\t\t\t<\/div>\n\t\t\t\t<\/div>\n\t\t\t\t<div class=\"elementor-element elementor-element-fd04539 elementor-widget elementor-widget-button\" data-id=\"fd04539\" data-element_type=\"widget\" data-widget_type=\"button.default\">\n\t\t\t\t<div class=\"elementor-widget-container\">\n\t\t\t\t\t\t\t\t\t<div class=\"elementor-button-wrapper\">\n\t\t\t\t\t<a class=\"elementor-button elementor-button-link elementor-size-sm elementor-animation-grow\" href=\"https:\/\/reporterre.net\/Nous-n-avons-pas-besoin-d-ouvrir-des-mines-en-Europe\">\n\t\t\t\t\t\t<span class=\"elementor-button-content-wrapper\">\n\t\t\t\t\t\t\t\t\t<span class=\"elementor-button-text\">Celia Izoard : Nous n'avons pas besoin d'ouvrir des mines en Europe, Article Reporterre du 25\/10\/2022<\/span>\n\t\t\t\t\t<\/span>\n\t\t\t\t\t<\/a>\n\t\t\t\t<\/div>\n\t\t\t\t\t\t\t\t<\/div>\n\t\t\t\t<\/div>\n\t\t\t\t<div class=\"elementor-element elementor-element-d7baaef elementor-widget elementor-widget-heading\" data-id=\"d7baaef\" data-element_type=\"widget\" data-widget_type=\"heading.default\">\n\t\t\t\t<div class=\"elementor-widget-container\">\n\t\t\t\t\t<h3 class=\"elementor-heading-title elementor-size-default\">Mine de Salau<\/h3>\t\t\t\t<\/div>\n\t\t\t\t<\/div>\n\t\t\t\t<div class=\"elementor-element elementor-element-f5b03d9 elementor-widget elementor-widget-text-editor\" data-id=\"f5b03d9\" data-element_type=\"widget\" data-widget_type=\"text-editor.default\">\n\t\t\t\t<div class=\"elementor-widget-container\">\n\t\t\t\t\t\t\t\t\t<p>Une ancienne mine du Haut Couserans \u00e0 Couflens-Salau, bien qu\u2019en terrain amiantif\u00e8re et <strong>en d\u00e9pit de l\u2019opposition de la commune, d\u2019habitants de la vall\u00e9e et de leurs soutiens associatifs,<\/strong> est convoit\u00e9e \u00e0 nouveau pour le tungst\u00e8ne (WO3) mais aussi pour l\u2019or.<\/p>\t\t\t\t\t\t\t\t<\/div>\n\t\t\t\t<\/div>\n\t\t<div class=\"elementor-element elementor-element-d563a9d e-grid e-con-full e-con e-child\" data-id=\"d563a9d\" data-element_type=\"container\" data-settings=\"{&quot;background_background&quot;:&quot;classic&quot;}\">\n\t\t<div class=\"elementor-element elementor-element-7d67187 e-con-full e-flex e-con e-child\" data-id=\"7d67187\" data-element_type=\"container\" data-settings=\"{&quot;background_background&quot;:&quot;classic&quot;}\">\n\t\t\t\t<div class=\"elementor-element elementor-element-1564389 elementor-widget elementor-widget-heading\" data-id=\"1564389\" data-element_type=\"widget\" data-widget_type=\"heading.default\">\n\t\t\t\t<div class=\"elementor-widget-container\">\n\t\t\t\t\t<h4 class=\"elementor-heading-title elementor-size-default\">Exploitation de 1971 \u00e0 1986<\/h4>\t\t\t\t<\/div>\n\t\t\t\t<\/div>\n\t\t\t\t<div class=\"elementor-element elementor-element-6091698 elementor-widget elementor-widget-text-editor\" data-id=\"6091698\" data-element_type=\"widget\" data-widget_type=\"text-editor.default\">\n\t\t\t\t<div class=\"elementor-widget-container\">\n\t\t\t\t\t\t\t\t\t<p>Pr\u00e8s des sources de la rivi\u00e8re exceptionnelle qu\u2019est Le Salat, la mine d&rsquo;Anglade a employ\u00e9 jusqu&rsquo;\u00e0 140 salari\u00e9s. Malheureusement, Il s\u2019est av\u00e9r\u00e9 que les<strong> poussi\u00e8res de l\u2019amiante<\/strong> pr\u00e9sente dans les roches contenant le minerai avaient caus\u00e9 des<strong> pathologies pulmonaires graves<\/strong> (asbestoses).<\/p>\t\t\t\t\t\t\t\t<\/div>\n\t\t\t\t<\/div>\n\t\t\t\t<\/div>\n\t\t<div class=\"elementor-element elementor-element-c140ec4 e-con-full e-flex e-con e-child\" data-id=\"c140ec4\" data-element_type=\"container\" data-settings=\"{&quot;background_background&quot;:&quot;classic&quot;}\">\n\t\t\t\t<div class=\"elementor-element elementor-element-1ce4e97 elementor-widget elementor-widget-heading\" data-id=\"1ce4e97\" data-element_type=\"widget\" data-widget_type=\"heading.default\">\n\t\t\t\t<div class=\"elementor-widget-container\">\n\t\t\t\t\t<h4 class=\"elementor-heading-title elementor-size-default\">D\u00e9charges de produits toxiques<\/h4>\t\t\t\t<\/div>\n\t\t\t\t<\/div>\n\t\t\t\t<div class=\"elementor-element elementor-element-7c6519b elementor-widget elementor-widget-text-editor\" data-id=\"7c6519b\" data-element_type=\"widget\" data-widget_type=\"text-editor.default\">\n\t\t\t\t<div class=\"elementor-widget-container\">\n\t\t\t\t\t\t\t\t\t<p>L&rsquo;extraction de minerais implique la <strong>production de tonnes de mat\u00e9riaux toxiques<\/strong>. Aucun traitement possible alors c&rsquo;est d\u00e9pos\u00e9 sur la montagne ou mieux : juste au dessus de la rivi\u00e8re,\u00a0 dans des big bags qui se d\u00e9chirent.<\/p>\t\t\t\t\t\t\t\t<\/div>\n\t\t\t\t<\/div>\n\t\t\t\t<\/div>\n\t\t<div class=\"elementor-element elementor-element-57554cc e-con-full e-flex e-con e-child\" data-id=\"57554cc\" data-element_type=\"container\" data-settings=\"{&quot;background_background&quot;:&quot;classic&quot;}\">\n\t\t\t\t<div class=\"elementor-element elementor-element-cbd4250 elementor-widget elementor-widget-heading\" data-id=\"cbd4250\" data-element_type=\"widget\" data-widget_type=\"heading.default\">\n\t\t\t\t<div class=\"elementor-widget-container\">\n\t\t\t\t\t<h4 class=\"elementor-heading-title elementor-size-default\">Nouveaux permis en vue !<\/h4>\t\t\t\t<\/div>\n\t\t\t\t<\/div>\n\t\t\t\t<div class=\"elementor-element elementor-element-199c8db elementor-widget elementor-widget-text-editor\" data-id=\"199c8db\" data-element_type=\"widget\" data-widget_type=\"text-editor.default\">\n\t\t\t\t<div class=\"elementor-widget-container\">\n\t\t\t\t\t\t\t\t\t<p>La justice administrative a inflig\u00e9 successivement <strong>trois annulations au permis de recherches.<\/strong> <br \/>Mais en juin 2024,<strong> une nouvelle demande de Permis de Recherche<\/strong> de Mines (PERM), pour une superficie de 101 km\u00b2, <strong>a \u00e9t\u00e9 adress\u00e9e au Ministre charg\u00e9 des Mines.<\/strong><\/p>\t\t\t\t\t\t\t\t<\/div>\n\t\t\t\t<\/div>\n\t\t\t\t<\/div>\n\t\t\t\t<\/div>\n\t\t<div class=\"elementor-element elementor-element-cff171f e-grid e-con-full e-con e-child\" data-id=\"cff171f\" data-element_type=\"container\" data-settings=\"{&quot;background_background&quot;:&quot;classic&quot;}\">\n\t\t<div class=\"elementor-element elementor-element-db7967d e-con-full e-flex e-con e-child\" data-id=\"db7967d\" data-element_type=\"container\">\n\t\t<div class=\"elementor-element elementor-element-a6d2bc9 e-con-full e-flex e-con e-child\" data-id=\"a6d2bc9\" data-element_type=\"container\">\n\t\t\t\t<div class=\"elementor-element elementor-element-9cfd957 elementor-widget elementor-widget-button\" data-id=\"9cfd957\" data-element_type=\"widget\" data-widget_type=\"button.default\">\n\t\t\t\t<div class=\"elementor-widget-container\">\n\t\t\t\t\t\t\t\t\t<div class=\"elementor-button-wrapper\">\n\t\t\t\t\t<a class=\"elementor-button elementor-button-link elementor-size-sm elementor-animation-grow\" href=\"https:\/\/comite-ecologique-ariegeois.org\/?p=1362#:~:text=Menu%20de%20navigation-,MINE%20de%20SALAU%C2%A0%3A%20Relance%20des%20recherches%C2%A0%3D%20une%20histoire%20de%20oufs%E2%80%A6%20Et%20de%20gros%20sous,-par%20Marcel%20Ricordeau%C2%A0\">\n\t\t\t\t\t\t<span class=\"elementor-button-content-wrapper\">\n\t\t\t\t\t\t\t\t\t<span class=\"elementor-button-text\">Article d\u00e9taill\u00e9<\/span>\n\t\t\t\t\t<\/span>\n\t\t\t\t\t<\/a>\n\t\t\t\t<\/div>\n\t\t\t\t\t\t\t\t<\/div>\n\t\t\t\t<\/div>\n\t\t\t\t<\/div>\n\t\t\t\t<\/div>\n\t\t<div class=\"elementor-element elementor-element-459b81e e-con-full e-flex e-con e-child\" data-id=\"459b81e\" data-element_type=\"container\">\n\t\t\t\t<\/div>\n\t\t<div class=\"elementor-element elementor-element-1ea937d e-con-full e-flex e-con e-child\" data-id=\"1ea937d\" data-element_type=\"container\">\n\t\t\t\t<div class=\"elementor-element elementor-element-a9e7d65 elementor-widget elementor-widget-image\" data-id=\"a9e7d65\" data-element_type=\"widget\" data-widget_type=\"image.default\">\n\t\t\t\t<div class=\"elementor-widget-container\">\n\t\t\t\t\t\t\t\t\t\t\t\t\t\t\t\t<a href=\"https:\/\/www.stopminesalau.com\/\">\n\t\t\t\t\t\t\t<img loading=\"lazy\" decoding=\"async\" width=\"538\" height=\"196\" src=\"https:\/\/comite-ecologique-ariegeois.org\/wp-content\/uploads\/2024\/10\/xvle4ts5.bmp\" class=\"attachment-medium_large size-medium_large wp-image-3978\" alt=\"stop mine salau\" srcset=\"https:\/\/comite-ecologique-ariegeois.org\/wp-content\/uploads\/2024\/10\/xvle4ts5.bmp 538w, https:\/\/comite-ecologique-ariegeois.org\/wp-content\/uploads\/2024\/10\/xvle4ts5-300x109.jpg 300w\" sizes=\"(max-width: 538px) 100vw, 538px\" \/>\t\t\t\t\t\t\t\t<\/a>\n\t\t\t\t\t\t\t\t\t\t\t\t\t\t\t<\/div>\n\t\t\t\t<\/div>\n\t\t\t\t<\/div>\n\t\t\t\t<div class=\"elementor-element elementor-element-487076c elementor-widget elementor-widget-image\" data-id=\"487076c\" data-element_type=\"widget\" data-widget_type=\"image.default\">\n\t\t\t\t<div class=\"elementor-widget-container\">\n\t\t\t\t\t\t\t\t\t\t\t\t\t\t\t\t<a href=\"https:\/\/pasdemines.noblogs.org\/\">\n\t\t\t\t\t\t\t<img loading=\"lazy\" decoding=\"async\" width=\"1153\" height=\"335\" src=\"https:\/\/comite-ecologique-ariegeois.org\/wp-content\/uploads\/2026\/03\/pasdemines.png\" class=\"attachment-full size-full wp-image-11537\" alt=\"assembl\u00e9e des luttes contre les projets miniers en ariege et ailleurs\" srcset=\"https:\/\/comite-ecologique-ariegeois.org\/wp-content\/uploads\/2026\/03\/pasdemines.png 1153w, https:\/\/comite-ecologique-ariegeois.org\/wp-content\/uploads\/2026\/03\/pasdemines-300x87.png 300w, https:\/\/comite-ecologique-ariegeois.org\/wp-content\/uploads\/2026\/03\/pasdemines-1024x298.png 1024w, https:\/\/comite-ecologique-ariegeois.org\/wp-content\/uploads\/2026\/03\/pasdemines-768x223.png 768w\" sizes=\"(max-width: 1153px) 100vw, 1153px\" \/>\t\t\t\t\t\t\t\t<\/a>\n\t\t\t\t\t\t\t\t\t\t\t\t\t\t\t<\/div>\n\t\t\t\t<\/div>\n\t\t\t\t<\/div>\n\t\t\t\t<div class=\"elementor-element elementor-element-72a9ee0 elementor-widget elementor-widget-heading\" data-id=\"72a9ee0\" data-element_type=\"widget\" data-widget_type=\"heading.default\">\n\t\t\t\t<div class=\"elementor-widget-container\">\n\t\t\t\t\t<h3 class=\"elementor-heading-title elementor-size-default\">Les anciennes mines du Biros\n<\/h3>\t\t\t\t<\/div>\n\t\t\t\t<\/div>\n\t\t\t\t<div class=\"elementor-element elementor-element-d6bf2b1 elementor-widget elementor-widget-text-editor\" data-id=\"d6bf2b1\" data-element_type=\"widget\" data-widget_type=\"text-editor.default\">\n\t\t\t\t<div class=\"elementor-widget-container\">\n\t\t\t\t\t\t\t\t\t<p>Ces mines&nbsp;<span style=\"color: var( --e-global-color-text ); font-family: var( --e-global-typography-text-font-family ), Sans-serif; font-weight: var( --e-global-typography-text-font-weight ); text-align: var(--text-align); background-color: var( --e-global-color-nvlightbg ); font-size: var(--bodyfontsize); letter-spacing: var(--bodyletterspacing); text-transform: var(--bodytexttransform);\">de plomb et de zinc<\/span><span style=\"color: var( --e-global-color-text ); font-family: var( --e-global-typography-text-font-family ), Sans-serif; font-weight: var( --e-global-typography-text-font-weight ); text-align: var(--text-align); background-color: var( --e-global-color-nvlightbg ); font-size: var(--bodyfontsize); letter-spacing: var(--bodyletterspacing); text-transform: var(--bodytexttransform);\">, ouvertes en 1853 et ferm\u00e9es en janvier 1954 ont jou\u00e9 durant un si\u00e8cle un r\u00f4le important dans le d\u00e9veloppement industriel local, elles n\u2019en ont pas moins <\/span><strong style=\"color: var( --e-global-color-text ); font-family: var( --e-global-typography-text-font-family ), Sans-serif; text-align: var(--text-align); background-color: var( --e-global-color-nvlightbg ); font-size: var(--bodyfontsize); letter-spacing: var(--bodyletterspacing); text-transform: var(--bodytexttransform);\">pollu\u00e9 pour longtemps le secteur de Sentein et les s\u00e9diments du Lez.<\/strong><\/p>\t\t\t\t\t\t\t\t<\/div>\n\t\t\t\t<\/div>\n\t\t<div class=\"elementor-element elementor-element-431d873 e-grid e-con-full e-con e-child\" data-id=\"431d873\" data-element_type=\"container\" data-settings=\"{&quot;background_background&quot;:&quot;classic&quot;}\">\n\t\t\t\t<div class=\"elementor-element elementor-element-2ca2b9b elementor-widget elementor-widget-image\" data-id=\"2ca2b9b\" data-element_type=\"widget\" data-widget_type=\"image.default\">\n\t\t\t\t<div class=\"elementor-widget-container\">\n\t\t\t\t\t\t\t\t\t\t\t\t<figure class=\"wp-caption\">\n\t\t\t\t\t\t\t\t\t\t<img loading=\"lazy\" decoding=\"async\" width=\"1024\" height=\"655\" src=\"https:\/\/comite-ecologique-ariegeois.org\/wp-content\/uploads\/2024\/10\/Biros_2ieme-mine-du-Bentaillou-1-4-scaled-e1773576271604-1024x655.jpg\" class=\"attachment-large size-large wp-image-2350\" alt=\"\" srcset=\"https:\/\/comite-ecologique-ariegeois.org\/wp-content\/uploads\/2024\/10\/Biros_2ieme-mine-du-Bentaillou-1-4-scaled-e1773576271604-1024x655.jpg 1024w, https:\/\/comite-ecologique-ariegeois.org\/wp-content\/uploads\/2024\/10\/Biros_2ieme-mine-du-Bentaillou-1-4-scaled-e1773576271604-300x192.jpg 300w, https:\/\/comite-ecologique-ariegeois.org\/wp-content\/uploads\/2024\/10\/Biros_2ieme-mine-du-Bentaillou-1-4-scaled-e1773576271604-768x491.jpg 768w, https:\/\/comite-ecologique-ariegeois.org\/wp-content\/uploads\/2024\/10\/Biros_2ieme-mine-du-Bentaillou-1-4-scaled-e1773576271604-1536x983.jpg 1536w, https:\/\/comite-ecologique-ariegeois.org\/wp-content\/uploads\/2024\/10\/Biros_2ieme-mine-du-Bentaillou-1-4-scaled-e1773576271604-2048x1310.jpg 2048w\" sizes=\"(max-width: 1024px) 100vw, 1024px\" \/>\t\t\t\t\t\t\t\t\t\t\t<figcaption class=\"widget-image-caption wp-caption-text\">Haute mine du Bentaillou<\/figcaption>\n\t\t\t\t\t\t\t\t\t\t<\/figure>\n\t\t\t\t\t\t\t\t\t<\/div>\n\t\t\t\t<\/div>\n\t\t\t\t<div class=\"elementor-element elementor-element-a92624b elementor-widget elementor-widget-image\" data-id=\"a92624b\" data-element_type=\"widget\" data-widget_type=\"image.default\">\n\t\t\t\t<div class=\"elementor-widget-container\">\n\t\t\t\t\t\t\t\t\t\t\t\t<figure class=\"wp-caption\">\n\t\t\t\t\t\t\t\t\t\t<img loading=\"lazy\" decoding=\"async\" width=\"1024\" height=\"648\" src=\"https:\/\/comite-ecologique-ariegeois.org\/wp-content\/uploads\/2024\/10\/Retenue-de-Bonnac-sediments-pollues_Lez-Biros-1-2-scaled-e1773576317542-1024x648.jpg\" class=\"attachment-large size-large wp-image-2352\" alt=\"\" srcset=\"https:\/\/comite-ecologique-ariegeois.org\/wp-content\/uploads\/2024\/10\/Retenue-de-Bonnac-sediments-pollues_Lez-Biros-1-2-scaled-e1773576317542-1024x648.jpg 1024w, https:\/\/comite-ecologique-ariegeois.org\/wp-content\/uploads\/2024\/10\/Retenue-de-Bonnac-sediments-pollues_Lez-Biros-1-2-scaled-e1773576317542-300x190.jpg 300w, https:\/\/comite-ecologique-ariegeois.org\/wp-content\/uploads\/2024\/10\/Retenue-de-Bonnac-sediments-pollues_Lez-Biros-1-2-scaled-e1773576317542-768x486.jpg 768w, https:\/\/comite-ecologique-ariegeois.org\/wp-content\/uploads\/2024\/10\/Retenue-de-Bonnac-sediments-pollues_Lez-Biros-1-2-scaled-e1773576317542-1536x972.jpg 1536w, https:\/\/comite-ecologique-ariegeois.org\/wp-content\/uploads\/2024\/10\/Retenue-de-Bonnac-sediments-pollues_Lez-Biros-1-2-scaled-e1773576317542-2048x1296.jpg 2048w\" sizes=\"(max-width: 1024px) 100vw, 1024px\" \/>\t\t\t\t\t\t\t\t\t\t\t<figcaption class=\"widget-image-caption wp-caption-text\">Le Lez et ses s\u00e9diments pollu\u00e9s<\/figcaption>\n\t\t\t\t\t\t\t\t\t\t<\/figure>\n\t\t\t\t\t\t\t\t\t<\/div>\n\t\t\t\t<\/div>\n\t\t\t\t<div class=\"elementor-element elementor-element-e9ff5b5 elementor-widget elementor-widget-image\" data-id=\"e9ff5b5\" data-element_type=\"widget\" data-widget_type=\"image.default\">\n\t\t\t\t<div class=\"elementor-widget-container\">\n\t\t\t\t\t\t\t\t\t\t\t\t<figure class=\"wp-caption\">\n\t\t\t\t\t\t\t\t\t\t<img loading=\"lazy\" decoding=\"async\" width=\"1024\" height=\"640\" src=\"https:\/\/comite-ecologique-ariegeois.org\/wp-content\/uploads\/2024\/10\/Anciennes-installation-de-descente-du-minerai-vers-la-laveries-de-la-Plagne_Biros-1-3-scaled-e1773576354142-1024x640.jpg\" class=\"attachment-large size-large wp-image-2351\" alt=\"\" srcset=\"https:\/\/comite-ecologique-ariegeois.org\/wp-content\/uploads\/2024\/10\/Anciennes-installation-de-descente-du-minerai-vers-la-laveries-de-la-Plagne_Biros-1-3-scaled-e1773576354142-1024x640.jpg 1024w, https:\/\/comite-ecologique-ariegeois.org\/wp-content\/uploads\/2024\/10\/Anciennes-installation-de-descente-du-minerai-vers-la-laveries-de-la-Plagne_Biros-1-3-scaled-e1773576354142-300x188.jpg 300w, https:\/\/comite-ecologique-ariegeois.org\/wp-content\/uploads\/2024\/10\/Anciennes-installation-de-descente-du-minerai-vers-la-laveries-de-la-Plagne_Biros-1-3-scaled-e1773576354142-768x480.jpg 768w, https:\/\/comite-ecologique-ariegeois.org\/wp-content\/uploads\/2024\/10\/Anciennes-installation-de-descente-du-minerai-vers-la-laveries-de-la-Plagne_Biros-1-3-scaled-e1773576354142-1536x960.jpg 1536w, https:\/\/comite-ecologique-ariegeois.org\/wp-content\/uploads\/2024\/10\/Anciennes-installation-de-descente-du-minerai-vers-la-laveries-de-la-Plagne_Biros-1-3-scaled-e1773576354142-2048x1280.jpg 2048w\" sizes=\"(max-width: 1024px) 100vw, 1024px\" \/>\t\t\t\t\t\t\t\t\t\t\t<figcaption class=\"widget-image-caption wp-caption-text\">Le minerai \u00e9tait descendu jusqu'\u00e0 la laverie de La Plagne <\/figcaption>\n\t\t\t\t\t\t\t\t\t\t<\/figure>\n\t\t\t\t\t\t\t\t\t<\/div>\n\t\t\t\t<\/div>\n\t\t\t\t<\/div>\n\t\t\t\t<div class=\"elementor-element elementor-element-c3c5ad6 elementor-widget elementor-widget-button\" data-id=\"c3c5ad6\" data-element_type=\"widget\" data-widget_type=\"button.default\">\n\t\t\t\t<div class=\"elementor-widget-container\">\n\t\t\t\t\t\t\t\t\t<div class=\"elementor-button-wrapper\">\n\t\t\t\t\t<a class=\"elementor-button elementor-button-link elementor-size-sm elementor-animation-grow\" href=\"https:\/\/comite-ecologique-ariegeois.org\/archiveSPIP2024\/actions\/carrieres-gravieres-et-mines\/vallee-du-lez-pollution-au-plomb-zinc-arsenic\/index.html\">\n\t\t\t\t\t\t<span class=\"elementor-button-content-wrapper\">\n\t\t\t\t\t\t\t\t\t<span class=\"elementor-button-text\">En savoir plus<\/span>\n\t\t\t\t\t<\/span>\n\t\t\t\t\t<\/a>\n\t\t\t\t<\/div>\n\t\t\t\t\t\t\t\t<\/div>\n\t\t\t\t<\/div>\n\t\t\t\t\t<\/div>\n\t\t\t\t<\/div>\n\t\t<div class=\"elementor-element elementor-element-6d46a19 e-flex e-con-boxed e-con e-parent\" data-id=\"6d46a19\" data-element_type=\"container\">\n\t\t\t\t\t<div class=\"e-con-inner\">\n\t\t\t\t<div class=\"elementor-element elementor-element-61cc88c elementor-widget elementor-widget-spacer\" data-id=\"61cc88c\" data-element_type=\"widget\" data-widget_type=\"spacer.default\">\n\t\t\t\t<div class=\"elementor-widget-container\">\n\t\t\t\t\t\t\t<div class=\"elementor-spacer\">\n\t\t\t<div class=\"elementor-spacer-inner\"><\/div>\n\t\t<\/div>\n\t\t\t\t\t\t<\/div>\n\t\t\t\t<\/div>\n\t\t\t\t\t<\/div>\n\t\t\t\t<\/div>\n\t\t<div class=\"elementor-element elementor-element-bf85b4e e-flex e-con-boxed e-con e-parent\" data-id=\"bf85b4e\" data-element_type=\"container\" data-settings=\"{&quot;background_background&quot;:&quot;classic&quot;}\">\n\t\t\t\t\t<div class=\"e-con-inner\">\n\t\t\t\t<div class=\"elementor-element elementor-element-4867571 elementor-widget elementor-widget-menu-anchor\" data-id=\"4867571\" data-element_type=\"widget\" data-widget_type=\"menu-anchor.default\">\n\t\t\t\t<div class=\"elementor-widget-container\">\n\t\t\t\t\t\t\t<div class=\"elementor-menu-anchor\" id=\"carriere\"><\/div>\n\t\t\t\t\t\t<\/div>\n\t\t\t\t<\/div>\n\t\t<div class=\"elementor-element elementor-element-02cf9c9 e-grid e-con-full e-con e-child\" data-id=\"02cf9c9\" data-element_type=\"container\">\n\t\t\t\t<div class=\"elementor-element elementor-element-271af35 elementor-widget elementor-widget-heading\" data-id=\"271af35\" data-element_type=\"widget\" data-widget_type=\"heading.default\">\n\t\t\t\t<div class=\"elementor-widget-container\">\n\t\t\t\t\t<h2 class=\"elementor-heading-title elementor-size-default\">Carri\u00e8res<\/h2>\t\t\t\t<\/div>\n\t\t\t\t<\/div>\n\t\t\t\t<div class=\"elementor-element elementor-element-fe66ea6 elementor-widget elementor-widget-button\" data-id=\"fe66ea6\" data-element_type=\"widget\" data-widget_type=\"button.default\">\n\t\t\t\t<div class=\"elementor-widget-container\">\n\t\t\t\t\t\t\t\t\t<div class=\"elementor-button-wrapper\">\n\t\t\t\t\t<a class=\"elementor-button elementor-button-link elementor-size-sm elementor-animation-grow\" href=\"https:\/\/comite-ecologique-ariegeois.org\/wp-content\/uploads\/2024\/10\/Annexe-3-Liste-des-carrieres-autorisees.pdf\">\n\t\t\t\t\t\t<span class=\"elementor-button-content-wrapper\">\n\t\t\t\t\t\t\t\t\t<span class=\"elementor-button-text\">Liste des carri\u00e8res autoris\u00e9es en Ari\u00e8ge au 01 08 2012<\/span>\n\t\t\t\t\t<\/span>\n\t\t\t\t\t<\/a>\n\t\t\t\t<\/div>\n\t\t\t\t\t\t\t\t<\/div>\n\t\t\t\t<\/div>\n\t\t\t\t<\/div>\n\t\t\t\t<div class=\"elementor-element elementor-element-5590e1e elementor-widget elementor-widget-text-editor\" data-id=\"5590e1e\" data-element_type=\"widget\" data-widget_type=\"text-editor.default\">\n\t\t\t\t<div class=\"elementor-widget-container\">\n\t\t\t\t\t\t\t\t\t<p>La distinction entre mine et carri\u00e8re tient \u00e0 la nature du mat\u00e9riau extrait (strat\u00e9gique ou pr\u00e9cieux pour la mine, de <strong>moindre valeur<\/strong> pour la carri\u00e8re)<\/p>\t\t\t\t\t\t\t\t<\/div>\n\t\t\t\t<\/div>\n\t\t\t\t<div class=\"elementor-element elementor-element-dd00c01 elementor-widget elementor-widget-heading\" data-id=\"dd00c01\" data-element_type=\"widget\" data-widget_type=\"heading.default\">\n\t\t\t\t<div class=\"elementor-widget-container\">\n\t\t\t\t\t<h3 class=\"elementor-heading-title elementor-size-default\">Les carri\u00e8res de calcaire \u00e0 granulats\n<\/h3>\t\t\t\t<\/div>\n\t\t\t\t<\/div>\n\t\t\t\t<div class=\"elementor-element elementor-element-5d97a2c elementor-widget elementor-widget-text-editor\" data-id=\"5d97a2c\" data-element_type=\"widget\" data-widget_type=\"text-editor.default\">\n\t\t\t\t<div class=\"elementor-widget-container\">\n\t\t\t\t\t\t\t\t\t<p>La roche calcaire est<strong> extraite \u00e0 l\u2019explosif<\/strong> et <strong>broy\u00e9e sur place<\/strong> dans des <strong>carri\u00e8res \u00e0 ciel ouvert<\/strong> pour \u00eatre vendue sous forme de granulats servant aux b\u00e9tons, aux chemins et aux sous-couches des routes. Les 5 carri\u00e8res actuellement en exploitation en Ari\u00e8ge sont autoris\u00e9es au total \u00e0 une exploitation th\u00e9orique d\u2019environ <strong>650 000 tonnes\/an.<\/strong><\/p>\t\t\t\t\t\t\t\t<\/div>\n\t\t\t\t<\/div>\n\t\t<div class=\"elementor-element elementor-element-6c473ba e-grid e-con-full e-con e-child\" data-id=\"6c473ba\" data-element_type=\"container\" data-settings=\"{&quot;background_background&quot;:&quot;classic&quot;}\">\n\t\t<div class=\"elementor-element elementor-element-fa7f1dd e-con-full e-flex e-con e-child\" data-id=\"fa7f1dd\" data-element_type=\"container\" data-settings=\"{&quot;background_background&quot;:&quot;classic&quot;}\">\n\t\t\t\t<div class=\"elementor-element elementor-element-0a7e9eb elementor-widget elementor-widget-heading\" data-id=\"0a7e9eb\" data-element_type=\"widget\" data-widget_type=\"heading.default\">\n\t\t\t\t<div class=\"elementor-widget-container\">\n\t\t\t\t\t<h4 class=\"elementor-heading-title elementor-size-default\">La carri\u00e8re de B\u00e9deilhac : rejet du projet d'extension\n<\/h4>\t\t\t\t<\/div>\n\t\t\t\t<\/div>\n\t\t\t\t<div class=\"elementor-element elementor-element-a6b29a6 elementor-widget elementor-widget-text-editor\" data-id=\"a6b29a6\" data-element_type=\"widget\" data-widget_type=\"text-editor.default\">\n\t\t\t\t<div class=\"elementor-widget-container\">\n\t\t\t\t\t\t\t\t\t<p>Le projet de carri\u00e8re de granulats calcaire pr\u00e9vu en extension de l\u2019ancienne carri\u00e8re Cuminetti dont l\u2019exploitation s\u2019est finie fin 2009, se situait <strong>dans le PNR, dans une zone Natura 2000 et Znieff, \u00e0 500 m d\u2019une grotte class\u00e9e monuments historiques, au pied des ruines du ch\u00e2teau cathare du Calam\u00e8s et \u00e0 140 m des premi\u00e8res habitations du village\u2026<\/strong> Beaucoup d\u2019oppositions \u00e0 ce projet se sont lev\u00e9es \u00e0 partir du moment o\u00f9 le CEA a commenc\u00e9 \u00e0 alerter, par tract, les citoyens de B\u00e9deilhac en novembre 2013. Une association d\u2019opposants s\u2019est constitu\u00e9e sur la commune : \u00ab Les gardiens du Calam\u00e8s \u00bb\u2026 <strong>Et la mobilisation a pay\u00e9 !<\/strong><\/p>\t\t\t\t\t\t\t\t<\/div>\n\t\t\t\t<\/div>\n\t\t\t\t<div class=\"elementor-element elementor-element-a4bd423 elementor-widget elementor-widget-button\" data-id=\"a4bd423\" data-element_type=\"widget\" data-widget_type=\"button.default\">\n\t\t\t\t<div class=\"elementor-widget-container\">\n\t\t\t\t\t\t\t\t\t<div class=\"elementor-button-wrapper\">\n\t\t\t\t\t<a class=\"elementor-button elementor-button-link elementor-size-sm elementor-animation-grow\" href=\"https:\/\/comite-ecologique-ariegeois.org\/archiveSPIP2024\/actions\/carrieres-gravieres-et-mines\/carriere-de-bedeilhac\/index.html\">\n\t\t\t\t\t\t<span class=\"elementor-button-content-wrapper\">\n\t\t\t\t\t\t\t\t\t<span class=\"elementor-button-text\">En savoir plus<\/span>\n\t\t\t\t\t<\/span>\n\t\t\t\t\t<\/a>\n\t\t\t\t<\/div>\n\t\t\t\t\t\t\t\t<\/div>\n\t\t\t\t<\/div>\n\t\t\t\t<\/div>\n\t\t<div class=\"elementor-element elementor-element-8b87ca8 e-con-full e-flex e-con e-child\" data-id=\"8b87ca8\" data-element_type=\"container\" data-settings=\"{&quot;background_background&quot;:&quot;classic&quot;}\">\n\t\t\t\t<div class=\"elementor-element elementor-element-df6800f elementor-widget elementor-widget-heading\" data-id=\"df6800f\" data-element_type=\"widget\" data-widget_type=\"heading.default\">\n\t\t\t\t<div class=\"elementor-widget-container\">\n\t\t\t\t\t<h4 class=\"elementor-heading-title elementor-size-default\">\nLa carri\u00e8re de Sabarat : une opposition victorieuse au projet d'extension\n<\/h4>\t\t\t\t<\/div>\n\t\t\t\t<\/div>\n\t\t\t\t<div class=\"elementor-element elementor-element-e938f23 elementor-widget elementor-widget-image\" data-id=\"e938f23\" data-element_type=\"widget\" data-widget_type=\"image.default\">\n\t\t\t\t<div class=\"elementor-widget-container\">\n\t\t\t\t\t\t\t\t\t\t\t\t\t\t\t<img loading=\"lazy\" decoding=\"async\" width=\"1024\" height=\"648\" src=\"https:\/\/comite-ecologique-ariegeois.org\/wp-content\/uploads\/2024\/10\/Carriere-de-Sabarat-20-06-13--scaled-e1773576389782-1024x648.jpg\" class=\"attachment-large size-large wp-image-2451\" alt=\"\" srcset=\"https:\/\/comite-ecologique-ariegeois.org\/wp-content\/uploads\/2024\/10\/Carriere-de-Sabarat-20-06-13--scaled-e1773576389782-1024x648.jpg 1024w, https:\/\/comite-ecologique-ariegeois.org\/wp-content\/uploads\/2024\/10\/Carriere-de-Sabarat-20-06-13--scaled-e1773576389782-300x190.jpg 300w, https:\/\/comite-ecologique-ariegeois.org\/wp-content\/uploads\/2024\/10\/Carriere-de-Sabarat-20-06-13--scaled-e1773576389782-768x486.jpg 768w, https:\/\/comite-ecologique-ariegeois.org\/wp-content\/uploads\/2024\/10\/Carriere-de-Sabarat-20-06-13--scaled-e1773576389782-1536x972.jpg 1536w, https:\/\/comite-ecologique-ariegeois.org\/wp-content\/uploads\/2024\/10\/Carriere-de-Sabarat-20-06-13--scaled-e1773576389782-2048x1296.jpg 2048w\" sizes=\"(max-width: 1024px) 100vw, 1024px\" \/>\t\t\t\t\t\t\t\t\t\t\t\t\t\t\t<\/div>\n\t\t\t\t<\/div>\n\t\t\t\t<div class=\"elementor-element elementor-element-f955891 elementor-widget elementor-widget-text-editor\" data-id=\"f955891\" data-element_type=\"widget\" data-widget_type=\"text-editor.default\">\n\t\t\t\t<div class=\"elementor-widget-container\">\n\t\t\t\t\t\t\t\t\t<p><strong>2017<\/strong> : Gr\u00e2ce \u00e0 la mobilisation de l\u2019association \u00ab\u00a0Quel avenir pour notre vall\u00e9e\u00a0\u00bb\u00a0 et du CEA, avec l\u2019aide aussi de l\u2019avis du Conseil National de la Protection de la Nature en d\u00e9faveur du projet d\u2019extension, sur invitation de la Pr\u00e9f\u00e8te, <strong>le porteur du projet, Mr Zago, a retir\u00e9 son projet.<\/strong><\/p>\t\t\t\t\t\t\t\t<\/div>\n\t\t\t\t<\/div>\n\t\t\t\t<div class=\"elementor-element elementor-element-4eec9b6 elementor-widget elementor-widget-button\" data-id=\"4eec9b6\" data-element_type=\"widget\" data-widget_type=\"button.default\">\n\t\t\t\t<div class=\"elementor-widget-container\">\n\t\t\t\t\t\t\t\t\t<div class=\"elementor-button-wrapper\">\n\t\t\t\t\t<a class=\"elementor-button elementor-button-link elementor-size-sm elementor-animation-grow\" href=\"https:\/\/comite-ecologique-ariegeois.org\/archiveSPIP2024\/actions\/carrieres-gravieres-et-mines\/carriere-de-sabarat\/index.html\">\n\t\t\t\t\t\t<span class=\"elementor-button-content-wrapper\">\n\t\t\t\t\t\t\t\t\t<span class=\"elementor-button-text\">En savoir plus<\/span>\n\t\t\t\t\t<\/span>\n\t\t\t\t\t<\/a>\n\t\t\t\t<\/div>\n\t\t\t\t\t\t\t\t<\/div>\n\t\t\t\t<\/div>\n\t\t\t\t<\/div>\n\t\t<div class=\"elementor-element elementor-element-b0784eb e-con-full e-flex e-con e-child\" data-id=\"b0784eb\" data-element_type=\"container\" data-settings=\"{&quot;background_background&quot;:&quot;classic&quot;}\">\n\t\t\t\t<div class=\"elementor-element elementor-element-5657196 elementor-widget elementor-widget-heading\" data-id=\"5657196\" data-element_type=\"widget\" data-widget_type=\"heading.default\">\n\t\t\t\t<div class=\"elementor-widget-container\">\n\t\t\t\t\t<h4 class=\"elementor-heading-title elementor-size-default\">Une carri\u00e8re de roche tendre : la carri\u00e8re de talc de Trimouns <\/h4>\t\t\t\t<\/div>\n\t\t\t\t<\/div>\n\t\t\t\t<div class=\"elementor-element elementor-element-ff326de elementor-widget elementor-widget-text-editor\" data-id=\"ff326de\" data-element_type=\"widget\" data-widget_type=\"text-editor.default\">\n\t\t\t\t<div class=\"elementor-widget-container\">\n\t\t\t\t\t\t\t\t\t<p><strong>La plus grande carri\u00e8re de talc au monde<\/strong> est exploit\u00e9e par le groupe franco-belge Ymeris. Fond\u00e9e en 1905, elle est situ\u00e9e sur le flanc du pic de Soularac, \u00e0 1800 m d\u2019altitude. D\u2019une superficie de<strong> 1113 ha<\/strong>, le gisement s\u2019\u00e9tend sur le territoire des communes de Lordat, Vernaux et Bestiac et un peu sur celle de Monts\u00e9gur.<\/p>\t\t\t\t\t\t\t\t<\/div>\n\t\t\t\t<\/div>\n\t\t\t\t<div class=\"elementor-element elementor-element-7f5d747 elementor-widget elementor-widget-image\" data-id=\"7f5d747\" data-element_type=\"widget\" data-widget_type=\"image.default\">\n\t\t\t\t<div class=\"elementor-widget-container\">\n\t\t\t\t\t\t\t\t\t\t\t\t\t\t\t<img loading=\"lazy\" decoding=\"async\" width=\"488\" height=\"320\" src=\"https:\/\/comite-ecologique-ariegeois.org\/wp-content\/uploads\/2024\/11\/Photo-Ymeris_carriere-talc-de-Trimouns-e1773576421949.jpg\" class=\"attachment-large size-large wp-image-4853\" alt=\"\" srcset=\"https:\/\/comite-ecologique-ariegeois.org\/wp-content\/uploads\/2024\/11\/Photo-Ymeris_carriere-talc-de-Trimouns-e1773576421949.jpg 488w, https:\/\/comite-ecologique-ariegeois.org\/wp-content\/uploads\/2024\/11\/Photo-Ymeris_carriere-talc-de-Trimouns-e1773576421949-300x197.jpg 300w\" sizes=\"(max-width: 488px) 100vw, 488px\" \/>\t\t\t\t\t\t\t\t\t\t\t\t\t\t\t<\/div>\n\t\t\t\t<\/div>\n\t\t\t\t<div class=\"elementor-element elementor-element-0849a3f elementor-widget elementor-widget-button\" data-id=\"0849a3f\" data-element_type=\"widget\" data-widget_type=\"button.default\">\n\t\t\t\t<div class=\"elementor-widget-container\">\n\t\t\t\t\t\t\t\t\t<div class=\"elementor-button-wrapper\">\n\t\t\t\t\t<a class=\"elementor-button elementor-button-link elementor-size-sm elementor-animation-grow\" href=\"https:\/\/comite-ecologique-ariegeois.org\/wp-content\/uploads\/2024\/10\/Carriere-Talc-Luzenac-article-Gazette-AR.pdf\">\n\t\t\t\t\t\t<span class=\"elementor-button-content-wrapper\">\n\t\t\t\t\t\t\t\t\t<span class=\"elementor-button-text\">'Probl\u00e8mes environnementaux', article la Gazette, 23\/07\/2024 <\/span>\n\t\t\t\t\t<\/span>\n\t\t\t\t\t<\/a>\n\t\t\t\t<\/div>\n\t\t\t\t\t\t\t\t<\/div>\n\t\t\t\t<\/div>\n\t\t\t\t<div class=\"elementor-element elementor-element-c4f8cc8 elementor-widget elementor-widget-button\" data-id=\"c4f8cc8\" data-element_type=\"widget\" data-widget_type=\"button.default\">\n\t\t\t\t<div class=\"elementor-widget-container\">\n\t\t\t\t\t\t\t\t\t<div class=\"elementor-button-wrapper\">\n\t\t\t\t\t<a class=\"elementor-button elementor-button-link elementor-size-sm elementor-animation-grow\" href=\"https:\/\/comite-ecologique-ariegeois.org\/wp-content\/uploads\/2024\/10\/Contrib-CEA-a-demande-renouvel-ext.pdf\">\n\t\t\t\t\t\t<span class=\"elementor-button-content-wrapper\">\n\t\t\t\t\t\t\t\t\t<span class=\"elementor-button-text\">Avis du CEA concernant le renouvellement  et l'extension de la carri\u00e8re<\/span>\n\t\t\t\t\t<\/span>\n\t\t\t\t\t<\/a>\n\t\t\t\t<\/div>\n\t\t\t\t\t\t\t\t<\/div>\n\t\t\t\t<\/div>\n\t\t\t\t<\/div>\n\t\t<div class=\"elementor-element elementor-element-2a92036 e-con-full e-flex e-con e-child\" data-id=\"2a92036\" data-element_type=\"container\" data-settings=\"{&quot;background_background&quot;:&quot;classic&quot;}\">\n\t\t\t\t<div class=\"elementor-element elementor-element-bc14e65 elementor-widget elementor-widget-heading\" data-id=\"bc14e65\" data-element_type=\"widget\" data-widget_type=\"heading.default\">\n\t\t\t\t<div class=\"elementor-widget-container\">\n\t\t\t\t\t<h4 class=\"elementor-heading-title elementor-size-default\">Encourtiech<\/h4>\t\t\t\t<\/div>\n\t\t\t\t<\/div>\n\t\t\t\t<div class=\"elementor-element elementor-element-5f09b8d elementor-widget elementor-widget-text-editor\" data-id=\"5f09b8d\" data-element_type=\"widget\" data-widget_type=\"text-editor.default\">\n\t\t\t\t<div class=\"elementor-widget-container\">\n\t\t\t\t\t\t\t\t\t<p>250 000 tonnes autoris\u00e9es, <strong>concession jusqu\u2019en 2030<\/strong>, 2 salari\u00e9s, production 45 000 tonnes\/an : anciennement carri\u00e8re Mallet-Soum, actuellement SPIE-Batignolles, \u00e0 priori pas de probl\u00e8mes, travaillent correctement, en face de la papeterie dans un environnement industriel et de routes \u00e0 fort passage.<\/p>\t\t\t\t\t\t\t\t<\/div>\n\t\t\t\t<\/div>\n\t\t\t\t<\/div>\n\t\t<div class=\"elementor-element elementor-element-08b0e1a e-con-full e-flex e-con e-child\" data-id=\"08b0e1a\" data-element_type=\"container\" data-settings=\"{&quot;background_background&quot;:&quot;classic&quot;}\">\n\t\t\t\t<div class=\"elementor-element elementor-element-01e7ee3 elementor-widget elementor-widget-heading\" data-id=\"01e7ee3\" data-element_type=\"widget\" data-widget_type=\"heading.default\">\n\t\t\t\t<div class=\"elementor-widget-container\">\n\t\t\t\t\t<h4 class=\"elementor-heading-title elementor-size-default\">Raissac P\u00e9reille (Plantaurel)<\/h4>\t\t\t\t<\/div>\n\t\t\t\t<\/div>\n\t\t\t\t<div class=\"elementor-element elementor-element-2a705a8 elementor-widget elementor-widget-text-editor\" data-id=\"2a705a8\" data-element_type=\"widget\" data-widget_type=\"text-editor.default\">\n\t\t\t\t<div class=\"elementor-widget-container\">\n\t\t\t\t\t\t\t\t\t<p>Rescani\u00e8res SAS (extension 2012) 250 000 tonnes de calcaire : <strong>les nouveaux exploitants sont mieux que ceux qui y \u00e9taient \u00e0 l\u2019origine.<\/strong> Les habitants de P\u00e9reille semblent s\u2019y \u00eatre habitu\u00e9s et le front de taille semble s\u2019\u00e9loigner du village en s\u2019enfon\u00e7ant.<\/p>\t\t\t\t\t\t\t\t<\/div>\n\t\t\t\t<\/div>\n\t\t\t\t<\/div>\n\t\t<div class=\"elementor-element elementor-element-2090665 e-con-full e-flex e-con e-child\" data-id=\"2090665\" data-element_type=\"container\" data-settings=\"{&quot;background_background&quot;:&quot;classic&quot;}\">\n\t\t\t\t<div class=\"elementor-element elementor-element-a9a0dad elementor-widget elementor-widget-heading\" data-id=\"a9a0dad\" data-element_type=\"widget\" data-widget_type=\"heading.default\">\n\t\t\t\t<div class=\"elementor-widget-container\">\n\t\t\t\t\t<h4 class=\"elementor-heading-title elementor-size-default\">Au col de Py \u00e0 l\u2019Herm (Plantaurel)<\/h4>\t\t\t\t<\/div>\n\t\t\t\t<\/div>\n\t\t\t\t<div class=\"elementor-element elementor-element-401ed5a elementor-widget elementor-widget-text-editor\" data-id=\"401ed5a\" data-element_type=\"widget\" data-widget_type=\"text-editor.default\">\n\t\t\t\t<div class=\"elementor-widget-container\">\n\t\t\t\t\t\t\t\t\t<p>Exploitation par \u00ab Calcaires du Plantaurel \u00bb de <strong>150 000 tonnes\/an<\/strong>. Pas de gros probl\u00e8mes a priori, pas d\u2019opposition locale.<\/p>\t\t\t\t\t\t\t\t<\/div>\n\t\t\t\t<\/div>\n\t\t\t\t<\/div>\n\t\t\t\t<\/div>\n\t\t\t\t<div class=\"elementor-element elementor-element-b73b272 elementor-widget elementor-widget-spacer\" data-id=\"b73b272\" data-element_type=\"widget\" data-widget_type=\"spacer.default\">\n\t\t\t\t<div class=\"elementor-widget-container\">\n\t\t\t\t\t\t\t<div class=\"elementor-spacer\">\n\t\t\t<div class=\"elementor-spacer-inner\"><\/div>\n\t\t<\/div>\n\t\t\t\t\t\t<\/div>\n\t\t\t\t<\/div>\n\t\t\t\t<div class=\"elementor-element elementor-element-96939f4 elementor-widget elementor-widget-heading\" data-id=\"96939f4\" data-element_type=\"widget\" data-widget_type=\"heading.default\">\n\t\t\t\t<div class=\"elementor-widget-container\">\n\t\t\t\t\t<h3 class=\"elementor-heading-title elementor-size-default\">Les carri\u00e8res de marbre du Couserans\n<\/h3>\t\t\t\t<\/div>\n\t\t\t\t<\/div>\n\t\t\t\t<div class=\"elementor-element elementor-element-151e207 elementor-widget elementor-widget-text-editor\" data-id=\"151e207\" data-element_type=\"widget\" data-widget_type=\"text-editor.default\">\n\t\t\t\t<div class=\"elementor-widget-container\">\n\t\t\t\t\t\t\t\t\t<p>La part relativement faible de la production de roches ornementales et de construction ne doit pas masquer l\u2019importance de ces extractions qui <strong>tr\u00e8s souvent se concentrent dans des zones \u00e0 enjeux environnementaux tr\u00e8s forts<\/strong> (Natura 2000, ZNIEFF, r\u00e9serves, corridors \u00e9cologiques\u2026). <br \/>Dans des conditions de crise environnementale, d\u2019effondrement de la biodiversit\u00e9, ces zones refuges doivent \u00eatre fortement prot\u00e9g\u00e9es. <br \/>Dans notre d\u00e9partement, les marbri\u00e8res concentr\u00e9es en zone de montagne sont isol\u00e9es et \u00e9loign\u00e9es des moyens de transports non g\u00e9n\u00e9rateurs de CO2. <br \/>Elles font l\u2019objet d\u2019<strong>oppositions locales fortes<\/strong>, justifi\u00e9es par les nuisances transports, bruits, risque d\u2019accidents sur des r\u00e9seaux routiers totalement inadapt\u00e9s.<br \/>Pour pouvoir fonctionner il leur faut des infrastructures routi\u00e8res adapt\u00e9es \u00e0 la circulation de <strong>poids lourds de plus de 40 tonnes<\/strong>. Or les autorisations ont \u00e9t\u00e9 donn\u00e9es sans tenir compte de cette sp\u00e9cificit\u00e9.<br \/>La construction ou mise aux normes des ouvrages d\u2019art et des routes signifient <b>d&rsquo;\u00e9normes\u00a0<\/b><strong>d\u00e9penses \u00e0 financer par le contribuable.<\/strong>\u00a0Pourtant les carriers auraient largement les moyens de les financer, le marbre valant entre 750 \u20ac et 2500\u20ac la tonne.<\/p>\t\t\t\t\t\t\t\t<\/div>\n\t\t\t\t<\/div>\n\t\t<div class=\"elementor-element elementor-element-1c26dc7 e-grid e-con-full e-con e-child\" data-id=\"1c26dc7\" data-element_type=\"container\" data-settings=\"{&quot;background_background&quot;:&quot;classic&quot;}\">\n\t\t<div class=\"elementor-element elementor-element-922ea7d e-con-full e-flex e-con e-child\" data-id=\"922ea7d\" data-element_type=\"container\" data-settings=\"{&quot;background_background&quot;:&quot;classic&quot;}\">\n\t\t\t\t<div class=\"elementor-element elementor-element-6b74cdc elementor-widget elementor-widget-heading\" data-id=\"6b74cdc\" data-element_type=\"widget\" data-widget_type=\"heading.default\">\n\t\t\t\t<div class=\"elementor-widget-container\">\n\t\t\t\t\t<h4 class=\"elementor-heading-title elementor-size-default\">La carri\u00e8re de Saint Lary\n\n<\/h4>\t\t\t\t<\/div>\n\t\t\t\t<\/div>\n\t\t\t\t<div class=\"elementor-element elementor-element-e7d281e elementor-widget elementor-widget-text-editor\" data-id=\"e7d281e\" data-element_type=\"widget\" data-widget_type=\"text-editor.default\">\n\t\t\t\t<div class=\"elementor-widget-container\">\n\t\t\t\t\t\t\t\t\t<p>Le CEA, avec l\u2019<strong>association Prot\u00e9geons la Haute Bellongue<\/strong>, s\u2019est pourvu en <strong>Cour d\u2019Appel<\/strong> <strong>Administrative<\/strong> pour obtenir la confirmation du jugement du TA Toulouse du 18 avril 2024, lequel <strong>a annul\u00e9 l\u2019arr\u00eat\u00e9 du 6 juillet 2020 autorisant la SAS Carri\u00e8res 4 saisons d\u2019exploiter la carri\u00e8re<\/strong> aux lieux dits \u00ab Cabanasse \u00bb et \u00ab Goulau \u00bb sur la commune de Saint Lary.<\/p>\t\t\t\t\t\t\t\t<\/div>\n\t\t\t\t<\/div>\n\t\t\t\t<div class=\"elementor-element elementor-element-64af529 elementor-widget elementor-widget-button\" data-id=\"64af529\" data-element_type=\"widget\" data-widget_type=\"button.default\">\n\t\t\t\t<div class=\"elementor-widget-container\">\n\t\t\t\t\t\t\t\t\t<div class=\"elementor-button-wrapper\">\n\t\t\t\t\t<a class=\"elementor-button elementor-button-link elementor-size-sm elementor-animation-grow\" href=\"https:\/\/comite-ecologique-ariegeois.org\/archiveSPIP2024\/actions\/carrieres-gravieres-et-mines\/st-lary-09800-le-marbre-met-une-vallee-en-peril\/article\/le-blog-de-la-carriere-de-st-lary-des-nouvelles-de-la-haute-bellongue.html\">\n\t\t\t\t\t\t<span class=\"elementor-button-content-wrapper\">\n\t\t\t\t\t\t\t\t\t<span class=\"elementor-button-text\">Blog archiv\u00e9 de fevrier 2023<\/span>\n\t\t\t\t\t<\/span>\n\t\t\t\t\t<\/a>\n\t\t\t\t<\/div>\n\t\t\t\t\t\t\t\t<\/div>\n\t\t\t\t<\/div>\n\t\t\t\t<div class=\"elementor-element elementor-element-eb950f8 elementor-widget elementor-widget-button\" data-id=\"eb950f8\" data-element_type=\"widget\" data-widget_type=\"button.default\">\n\t\t\t\t<div class=\"elementor-widget-container\">\n\t\t\t\t\t\t\t\t\t<div class=\"elementor-button-wrapper\">\n\t\t\t\t\t<a class=\"elementor-button elementor-button-link elementor-size-sm elementor-animation-grow\" href=\"https:\/\/soundcloud.com\/radiotransparence937\/alternatives-ecolo-01-marbre-en-couserans?utm_source=comite-ecologique-ariegeois.org&#038;utm_campaign=wtshare&#038;utm_medium=widget&#038;utm_content=https%253A%252F%252Fsoundcloud.com%252Fradiotransparence937%252Falternatives-ecolo-01-marbre-en-couserans\">\n\t\t\t\t\t\t<span class=\"elementor-button-content-wrapper\">\n\t\t\t\t\t\t\t\t\t<span class=\"elementor-button-text\">Emission radio du CEA, mars 2023 <\/span>\n\t\t\t\t\t<\/span>\n\t\t\t\t\t<\/a>\n\t\t\t\t<\/div>\n\t\t\t\t\t\t\t\t<\/div>\n\t\t\t\t<\/div>\n\t\t\t\t<\/div>\n\t\t<div class=\"elementor-element elementor-element-5bd9d96 e-con-full e-flex e-con e-child\" data-id=\"5bd9d96\" data-element_type=\"container\" data-settings=\"{&quot;background_background&quot;:&quot;classic&quot;}\">\n\t\t\t\t<div class=\"elementor-element elementor-element-cf34aba elementor-widget elementor-widget-heading\" data-id=\"cf34aba\" data-element_type=\"widget\" data-widget_type=\"heading.default\">\n\t\t\t\t<div class=\"elementor-widget-container\">\n\t\t\t\t\t<h4 class=\"elementor-heading-title elementor-size-default\">La carri\u00e8re d\u2019Estours\n\n\n<\/h4>\t\t\t\t<\/div>\n\t\t\t\t<\/div>\n\t\t\t\t<div class=\"elementor-element elementor-element-95305ef elementor-widget elementor-widget-text-editor\" data-id=\"95305ef\" data-element_type=\"widget\" data-widget_type=\"text-editor.default\">\n\t\t\t\t<div class=\"elementor-widget-container\">\n\t\t\t\t\t\t\t\t\t<p>Voil\u00e0 une carri\u00e8re qu\u2019on<br \/>exploite alors que beaucoup de contraintes n\u2019ont pas \u00e9t\u00e9 observ\u00e9es : <strong>pr\u00e9sence d\u2019une maison<\/strong> proche (150m), <strong>source alimentant le village sur le m\u00eame versant<\/strong>, <strong>\u00e9tude<\/strong> g\u00e9ologique, g\u00e9omorphologique et p\u00e9dologique <strong>non r\u00e9alis\u00e9e, route d&rsquo;acc\u00e8s ne pouvant supporter les fortes charges, &#8230;<\/strong><\/p><p>\u00a0<\/p><p>\u00a0<\/p>\t\t\t\t\t\t\t\t<\/div>\n\t\t\t\t<\/div>\n\t\t\t\t<div class=\"elementor-element elementor-element-761a660 elementor-widget elementor-widget-button\" data-id=\"761a660\" data-element_type=\"widget\" data-widget_type=\"button.default\">\n\t\t\t\t<div class=\"elementor-widget-container\">\n\t\t\t\t\t\t\t\t\t<div class=\"elementor-button-wrapper\">\n\t\t\t\t\t<a class=\"elementor-button elementor-button-link elementor-size-sm elementor-animation-grow\" href=\"https:\/\/comite-ecologique-ariegeois.org\/archiveSPIP2024\/actions\/carrieres-gravieres-et-mines\/carriere-de-marbre-d-estours\/index.html\">\n\t\t\t\t\t\t<span class=\"elementor-button-content-wrapper\">\n\t\t\t\t\t\t\t\t\t<span class=\"elementor-button-text\">En savoir plus<\/span>\n\t\t\t\t\t<\/span>\n\t\t\t\t\t<\/a>\n\t\t\t\t<\/div>\n\t\t\t\t\t\t\t\t<\/div>\n\t\t\t\t<\/div>\n\t\t\t\t<\/div>\n\t\t<div class=\"elementor-element elementor-element-c7c9cd6 e-con-full e-flex e-con e-child\" data-id=\"c7c9cd6\" data-element_type=\"container\" data-settings=\"{&quot;background_background&quot;:&quot;classic&quot;}\">\n\t\t\t\t<div class=\"elementor-element elementor-element-2d1b742 elementor-widget elementor-widget-heading\" data-id=\"2d1b742\" data-element_type=\"widget\" data-widget_type=\"heading.default\">\n\t\t\t\t<div class=\"elementor-widget-container\">\n\t\t\t\t\t<h4 class=\"elementor-heading-title elementor-size-default\">La carri\u00e8re de Mont\u00e9gut en Couserans\n\n\n<\/h4>\t\t\t\t<\/div>\n\t\t\t\t<\/div>\n\t\t\t\t<div class=\"elementor-element elementor-element-982a2f5 elementor-widget elementor-widget-text-editor\" data-id=\"982a2f5\" data-element_type=\"widget\" data-widget_type=\"text-editor.default\">\n\t\t\t\t<div class=\"elementor-widget-container\">\n\t\t\t\t\t\t\t\t\t<p><strong>Ancien site actuellement convoit\u00e9<\/strong> par la soc Escavamar \u2013 MAP qui a \u00e9t\u00e9 appel\u00e9e par la commune pour purger les parois. En \u00e9change de quoi, la soci\u00e9t\u00e9 prend des blocs du marbre \u00ab noir de noir \u00bb, des \u00e9chantillons qui prendront la direction de Carrare pour juger de la qualit\u00e9 et de l\u2019importance du gisement. Le maire a d\u00e9clar\u00e9 qu\u2019en cas de demande d\u2019autorisation, au maximum 20 blocs seraient extraits chaque ann\u00e9e. <strong>Le CEA est attentif \u00e0 la suite<\/strong> qui sera donn\u00e9e.<\/p>\t\t\t\t\t\t\t\t<\/div>\n\t\t\t\t<\/div>\n\t\t\t\t<\/div>\n\t\t\t\t<\/div>\n\t\t<div class=\"elementor-element elementor-element-363df5b e-grid e-con-full e-con e-child\" data-id=\"363df5b\" data-element_type=\"container\" data-settings=\"{&quot;background_background&quot;:&quot;classic&quot;}\">\n\t\t<div class=\"elementor-element elementor-element-8d9cffb e-con-full e-flex e-con e-child\" data-id=\"8d9cffb\" data-element_type=\"container\" data-settings=\"{&quot;background_background&quot;:&quot;classic&quot;}\">\n\t\t\t\t<div class=\"elementor-element elementor-element-467c92f elementor-widget elementor-widget-heading\" data-id=\"467c92f\" data-element_type=\"widget\" data-widget_type=\"heading.default\">\n\t\t\t\t<div class=\"elementor-widget-container\">\n\t\t\t\t\t<h4 class=\"elementor-heading-title elementor-size-default\">La carri\u00e8re de Moulis<\/h4>\t\t\t\t<\/div>\n\t\t\t\t<\/div>\n\t\t\t\t<div class=\"elementor-element elementor-element-6676e92 elementor-widget elementor-widget-text-editor\" data-id=\"6676e92\" data-element_type=\"widget\" data-widget_type=\"text-editor.default\">\n\t\t\t\t<div class=\"elementor-widget-container\">\n\t\t\t\t\t\t\t\t\t<p>Carri\u00e8re d\u2019Aubert Grand antique Marbre noir (Georgio Rivieri ESCAVAMAR. MAP)<strong> aucun emploi mais d\u00e9j\u00e0 705 000 \u20ac d\u00e9pens\u00e9s publiques + 500 000\u20ac \u00e0 pr\u00e9voir pour le pont !<\/strong> <br \/>D\u2019apr\u00e8s les \u00e9lus, la presse, et les services de l\u2019\u00e9tat, cette carri\u00e8re est un exemple. Elle est surtout un <strong>exemple de lobbying<\/strong> : statues dans tous les coins de la commune, \u00e0 la piscine de Saint-Girons, sur le chemin de Saint Jacques de Compostelle, Journ\u00e9es du Marbre avec grand renfort de publicit\u00e9 dans les m\u00e9dias locaux, participation \u00e0 Autrefois le Couserans et la visite du d\u00e9put\u00e9 Michel Larive.<br \/>Pourtant<strong> l\u2019industriel ne respecte pas l\u2019 arr\u00eat\u00e9 pr\u00e9fectoral<\/strong> : Les dispositifs de pr\u00e9vention des pollutions ne sont toujours pas en place, le raccordement au r\u00e9seau \u00e9lectrique n\u2019est toujours pas fait. Suite aux d\u00e9gats importants sur le petit pont historique sur le Lez, la construction d&rsquo;un nouveau s&rsquo;impose pour un co\u00fbt estim\u00e9 environ 500 000 \u20ac. Pour l&rsquo;instant, on traverse le Lez \u00e0 gu\u00e9 sans aucune pr\u00e9caution et sans autorisation. Le rond point qui a cout\u00e9 705 000 \u20ac au conseil d\u00e9partemental est termin\u00e9. En tout, plus de 1200 000 \u20ac auront \u00e9t\u00e9 investi (sans compter le chemin sur berge). Il serait tout \u00e0 fait opportun de demander une contribution au carrier, qui compte bien faire de bonnes affaires chez nous.<\/p>\t\t\t\t\t\t\t\t<\/div>\n\t\t\t\t<\/div>\n\t\t\t\t<\/div>\n\t\t\t\t<\/div>\n\t\t\t\t\t<\/div>\n\t\t\t\t<\/div>\n\t\t<div class=\"elementor-element elementor-element-3fda626 e-flex e-con-boxed e-con e-parent\" data-id=\"3fda626\" data-element_type=\"container\">\n\t\t\t\t\t<div class=\"e-con-inner\">\n\t\t\t\t<div class=\"elementor-element elementor-element-71ef313 elementor-widget elementor-widget-spacer\" data-id=\"71ef313\" data-element_type=\"widget\" data-widget_type=\"spacer.default\">\n\t\t\t\t<div class=\"elementor-widget-container\">\n\t\t\t\t\t\t\t<div class=\"elementor-spacer\">\n\t\t\t<div class=\"elementor-spacer-inner\"><\/div>\n\t\t<\/div>\n\t\t\t\t\t\t<\/div>\n\t\t\t\t<\/div>\n\t\t\t\t\t<\/div>\n\t\t\t\t<\/div>\n\t\t<div class=\"elementor-element elementor-element-54bfc16 e-flex e-con-boxed e-con e-parent\" data-id=\"54bfc16\" data-element_type=\"container\" data-settings=\"{&quot;background_background&quot;:&quot;classic&quot;}\">\n\t\t\t\t\t<div class=\"e-con-inner\">\n\t\t\t\t<div class=\"elementor-element elementor-element-7751d05 elementor-widget elementor-widget-menu-anchor\" data-id=\"7751d05\" data-element_type=\"widget\" data-widget_type=\"menu-anchor.default\">\n\t\t\t\t<div class=\"elementor-widget-container\">\n\t\t\t\t\t\t\t<div class=\"elementor-menu-anchor\" id=\"schema\"><\/div>\n\t\t\t\t\t\t<\/div>\n\t\t\t\t<\/div>\n\t\t\t\t<div class=\"elementor-element elementor-element-487bbf3 elementor-widget elementor-widget-heading\" data-id=\"487bbf3\" data-element_type=\"widget\" data-widget_type=\"heading.default\">\n\t\t\t\t<div class=\"elementor-widget-container\">\n\t\t\t\t\t<h2 class=\"elementor-heading-title elementor-size-default\">Le Sch\u00e9ma r\u00e9gional des Carri\u00e8res SRCO<\/h2>\t\t\t\t<\/div>\n\t\t\t\t<\/div>\n\t\t\t\t<div class=\"elementor-element elementor-element-6ef3271 elementor-widget elementor-widget-text-editor\" data-id=\"6ef3271\" data-element_type=\"widget\" data-widget_type=\"text-editor.default\">\n\t\t\t\t<div class=\"elementor-widget-container\">\n\t\t\t\t\t\t\t\t\t<p>Face au groupe des g\u00e9ants du BTP qui \u00e9laborent en connivence avec l\u2019administration le SRCO aux orientations toutes consum\u00e9ristes, <strong>nous demandons un moratoire sur tout nouveau projet d\u2019extraction<\/strong> en Ari\u00e8ge et l\u2019<strong>arr\u00eat imm\u00e9diat de l\u2019enfouissement des d\u00e9chets du b\u00e2timent dans la nappe alluvionnaire<\/strong>. L\u2019adaptation de l\u2019industrie au d\u00e9fi environnemental de notre plan\u00e8te doit \u00eatre planifi\u00e9e et accompagn\u00e9e.<br \/>C\u2019est pourquoi FNE-OP, Le Chabot, le CEA ont d\u00e9pos\u00e9 le 13 aout 2024 un <strong>recours aupr\u00e8s du TA Toulouse demandant l\u2019annulation de l\u2019arr\u00eat\u00e9<\/strong> du 16 f\u00e9vrier 2024 portant approbation du Sch\u00e9ma R\u00e9gional des Carri\u00e8res de la R\u00e9gion Occitanie, SRCO.<\/p>\t\t\t\t\t\t\t\t<\/div>\n\t\t\t\t<\/div>\n\t\t<div class=\"elementor-element elementor-element-20bc877 e-grid e-con-full e-con e-child\" data-id=\"20bc877\" data-element_type=\"container\" data-settings=\"{&quot;background_background&quot;:&quot;classic&quot;}\">\n\t\t\t\t<div class=\"elementor-element elementor-element-c8ad45d elementor-widget elementor-widget-button\" data-id=\"c8ad45d\" data-element_type=\"widget\" data-widget_type=\"button.default\">\n\t\t\t\t<div class=\"elementor-widget-container\">\n\t\t\t\t\t\t\t\t\t<div class=\"elementor-button-wrapper\">\n\t\t\t\t\t<a class=\"elementor-button elementor-button-link elementor-size-sm elementor-animation-grow\" href=\"https:\/\/comite-ecologique-ariegeois.org\/wp-content\/uploads\/2024\/10\/Deposition-de-FNE-OP-ert-APRA-le-Chabot-au-SRCO-2023-.pdf\">\n\t\t\t\t\t\t<span class=\"elementor-button-content-wrapper\">\n\t\t\t\t\t\t\t\t\t<span class=\"elementor-button-text\">D\u00e9position de FNE et Chabot \u00e0 la Consultation Publique du SRCO  (Juillet 2023)<\/span>\n\t\t\t\t\t<\/span>\n\t\t\t\t\t<\/a>\n\t\t\t\t<\/div>\n\t\t\t\t\t\t\t\t<\/div>\n\t\t\t\t<\/div>\n\t\t\t\t<div class=\"elementor-element elementor-element-0db8ce8 elementor-align-justify elementor-widget elementor-widget-button\" data-id=\"0db8ce8\" data-element_type=\"widget\" data-widget_type=\"button.default\">\n\t\t\t\t<div class=\"elementor-widget-container\">\n\t\t\t\t\t\t\t\t\t<div class=\"elementor-button-wrapper\">\n\t\t\t\t\t<a class=\"elementor-button elementor-button-link elementor-size-sm elementor-animation-grow\" href=\"https:\/\/comite-ecologique-ariegeois.org\/wp-content\/uploads\/2024\/12\/Avis-CEA_SRCO_23-07-2023.pdf\">\n\t\t\t\t\t\t<span class=\"elementor-button-content-wrapper\">\n\t\t\t\t\t\t\t\t\t<span class=\"elementor-button-text\">Avis du CEA concernant le SRCO 23\/07\/2023<\/span>\n\t\t\t\t\t<\/span>\n\t\t\t\t\t<\/a>\n\t\t\t\t<\/div>\n\t\t\t\t\t\t\t\t<\/div>\n\t\t\t\t<\/div>\n\t\t\t\t<\/div>\n\t\t\t\t<div class=\"elementor-element elementor-element-38c76ed elementor-widget elementor-widget-spacer\" data-id=\"38c76ed\" data-element_type=\"widget\" data-widget_type=\"spacer.default\">\n\t\t\t\t<div class=\"elementor-widget-container\">\n\t\t\t\t\t\t\t<div class=\"elementor-spacer\">\n\t\t\t<div class=\"elementor-spacer-inner\"><\/div>\n\t\t<\/div>\n\t\t\t\t\t\t<\/div>\n\t\t\t\t<\/div>\n\t\t\t\t\t<\/div>\n\t\t\t\t<\/div>\n\t\t\t\t<\/div>\n\t\t","protected":false},"excerpt":{"rendered":"<p>Extractivisme \u00ab\u00a0L\u2019extractivisme est l\u2019exploitation massive des ressources de la nature ou de la biosph\u00e8re. L&rsquo;extractivisme consiste \u00e0 extraire, directement dans le milieu naturel et sans retour vers lui, des ressources naturelles qui ne se renouvellent pas ou peu, lentement, difficilement ou co\u00fbteusement.\u00a0\u00bb wikipedia Gravi\u00e8res Mines Carri\u00e8res SRCO Gravi\u00e8res de basse Ari\u00e8ge Exploitants agricoles, \u00e9lus, citoyens&hellip;&nbsp;<a href=\"https:\/\/comite-ecologique-ariegeois.org\/?page_id=4111\" rel=\"bookmark\">Lire la suite &raquo;<span class=\"screen-reader-text\">Gravi\u00e8res, mines, carri\u00e8res<\/span><\/a><\/p>\n","protected":false},"author":2,"featured_media":0,"parent":0,"menu_order":0,"comment_status":"closed","ping_status":"closed","template":"","meta":{"neve_meta_sidebar":"","neve_meta_container":"","neve_meta_enable_content_width":"","neve_meta_content_width":0,"neve_meta_title_alignment":"","neve_meta_author_avatar":"","neve_post_elements_order":"","neve_meta_disable_header":"","neve_meta_disable_footer":"","neve_meta_disable_title":"","footnotes":""},"class_list":["post-4111","page","type-page","status-publish","hentry"],"yoast_head":"<!-- This site is optimized with the Yoast SEO plugin v26.4 - https:\/\/yoast.com\/wordpress\/plugins\/seo\/ -->\n<title>Gravi\u00e8res, mines, carri\u00e8res - Comit\u00e9 Ecologique Ari\u00e8geois<\/title>\n<meta name=\"robots\" content=\"index, follow, max-snippet:-1, max-image-preview:large, max-video-preview:-1\" \/>\n<link rel=\"canonical\" href=\"https:\/\/comite-ecologique-ariegeois.org\/?page_id=4111\" \/>\n<meta property=\"og:locale\" content=\"fr_FR\" \/>\n<meta property=\"og:type\" content=\"article\" \/>\n<meta property=\"og:title\" content=\"Gravi\u00e8res, mines, carri\u00e8res - Comit\u00e9 Ecologique Ari\u00e8geois\" \/>\n<meta property=\"og:description\" content=\"Extractivisme \u00ab\u00a0L\u2019extractivisme est l\u2019exploitation massive des ressources de la nature ou de la biosph\u00e8re. L&rsquo;extractivisme consiste \u00e0 extraire, directement dans le milieu naturel et sans retour vers lui, des ressources naturelles qui ne se renouvellent pas ou peu, lentement, difficilement ou co\u00fbteusement.\u00a0\u00bb wikipedia Gravi\u00e8res Mines Carri\u00e8res SRCO Gravi\u00e8res de basse Ari\u00e8ge Exploitants agricoles, \u00e9lus, citoyens&hellip;&nbsp;Lire la suite &raquo;Gravi\u00e8res, mines, carri\u00e8res\" \/>\n<meta property=\"og:url\" content=\"https:\/\/comite-ecologique-ariegeois.org\/?page_id=4111\" \/>\n<meta property=\"og:site_name\" content=\"Comit\u00e9 Ecologique Ari\u00e8geois\" \/>\n<meta property=\"article:publisher\" content=\"https:\/\/www.facebook.com\/comite.ariegeois\/\" \/>\n<meta property=\"article:modified_time\" content=\"2026-03-16T10:19:28+00:00\" \/>\n<meta property=\"og:image\" content=\"https:\/\/comite-ecologique-ariegeois.org\/wp-content\/uploads\/2024\/12\/Au-fil-de-leau-LAffiche-p.jpg\" \/>\n\t<meta property=\"og:image:width\" content=\"997\" \/>\n\t<meta property=\"og:image:height\" content=\"1408\" \/>\n\t<meta property=\"og:image:type\" content=\"image\/jpeg\" \/>\n<meta name=\"twitter:card\" content=\"summary_large_image\" \/>\n<meta name=\"twitter:label1\" content=\"Dur\u00e9e de lecture estim\u00e9e\" \/>\n\t<meta name=\"twitter:data1\" content=\"14 minutes\" \/>\n<script type=\"application\/ld+json\" class=\"yoast-schema-graph\">{\"@context\":\"https:\/\/schema.org\",\"@graph\":[{\"@type\":\"WebPage\",\"@id\":\"https:\/\/comite-ecologique-ariegeois.org\/?page_id=4111\",\"url\":\"https:\/\/comite-ecologique-ariegeois.org\/?page_id=4111\",\"name\":\"Gravi\u00e8res, mines, carri\u00e8res - Comit\u00e9 Ecologique Ari\u00e8geois\",\"isPartOf\":{\"@id\":\"https:\/\/comite-ecologique-ariegeois.org\/#website\"},\"primaryImageOfPage\":{\"@id\":\"https:\/\/comite-ecologique-ariegeois.org\/?page_id=4111#primaryimage\"},\"image\":{\"@id\":\"https:\/\/comite-ecologique-ariegeois.org\/?page_id=4111#primaryimage\"},\"thumbnailUrl\":\"https:\/\/comite-ecologique-ariegeois.org\/wp-content\/uploads\/2024\/12\/Au-fil-de-leau-LAffiche-p-725x1024.jpg\",\"datePublished\":\"2024-11-17T20:19:55+00:00\",\"dateModified\":\"2026-03-16T10:19:28+00:00\",\"breadcrumb\":{\"@id\":\"https:\/\/comite-ecologique-ariegeois.org\/?page_id=4111#breadcrumb\"},\"inLanguage\":\"fr-FR\",\"potentialAction\":[{\"@type\":\"ReadAction\",\"target\":[\"https:\/\/comite-ecologique-ariegeois.org\/?page_id=4111\"]}]},{\"@type\":\"ImageObject\",\"inLanguage\":\"fr-FR\",\"@id\":\"https:\/\/comite-ecologique-ariegeois.org\/?page_id=4111#primaryimage\",\"url\":\"https:\/\/comite-ecologique-ariegeois.org\/wp-content\/uploads\/2024\/12\/Au-fil-de-leau-LAffiche-p.jpg\",\"contentUrl\":\"https:\/\/comite-ecologique-ariegeois.org\/wp-content\/uploads\/2024\/12\/Au-fil-de-leau-LAffiche-p.jpg\",\"width\":997,\"height\":1408},{\"@type\":\"BreadcrumbList\",\"@id\":\"https:\/\/comite-ecologique-ariegeois.org\/?page_id=4111#breadcrumb\",\"itemListElement\":[{\"@type\":\"ListItem\",\"position\":1,\"name\":\"Accueil\",\"item\":\"https:\/\/comite-ecologique-ariegeois.org\/\"},{\"@type\":\"ListItem\",\"position\":2,\"name\":\"Gravi\u00e8res, mines, carri\u00e8res\"}]},{\"@type\":\"WebSite\",\"@id\":\"https:\/\/comite-ecologique-ariegeois.org\/#website\",\"url\":\"https:\/\/comite-ecologique-ariegeois.org\/\",\"name\":\"Comit\u00e9 Ecologique Ari\u00e8geois\",\"description\":\"Assotiation de protection de la nature\",\"publisher\":{\"@id\":\"https:\/\/comite-ecologique-ariegeois.org\/#organization\"},\"potentialAction\":[{\"@type\":\"SearchAction\",\"target\":{\"@type\":\"EntryPoint\",\"urlTemplate\":\"https:\/\/comite-ecologique-ariegeois.org\/?s={search_term_string}\"},\"query-input\":{\"@type\":\"PropertyValueSpecification\",\"valueRequired\":true,\"valueName\":\"search_term_string\"}}],\"inLanguage\":\"fr-FR\"},{\"@type\":\"Organization\",\"@id\":\"https:\/\/comite-ecologique-ariegeois.org\/#organization\",\"name\":\"Comit\u00e9 Ecologique Ari\u00e8geois\",\"url\":\"https:\/\/comite-ecologique-ariegeois.org\/\",\"logo\":{\"@type\":\"ImageObject\",\"inLanguage\":\"fr-FR\",\"@id\":\"https:\/\/comite-ecologique-ariegeois.org\/#\/schema\/logo\/image\/\",\"url\":\"https:\/\/comite-ecologique-ariegeois.org\/wp-content\/uploads\/2025\/01\/logo_nouveau_cea_jpeg_250pix_02_03_24-a8816.jpg\",\"contentUrl\":\"https:\/\/comite-ecologique-ariegeois.org\/wp-content\/uploads\/2025\/01\/logo_nouveau_cea_jpeg_250pix_02_03_24-a8816.jpg\",\"width\":250,\"height\":250,\"caption\":\"Comit\u00e9 Ecologique Ari\u00e8geois\"},\"image\":{\"@id\":\"https:\/\/comite-ecologique-ariegeois.org\/#\/schema\/logo\/image\/\"},\"sameAs\":[\"https:\/\/www.facebook.com\/comite.ariegeois\/\",\"https:\/\/www.instagram.com\/comite.ecologique.ariegeois\/\"]}]}<\/script>\n<!-- \/ Yoast SEO plugin. -->","yoast_head_json":{"title":"Gravi\u00e8res, mines, carri\u00e8res - Comit\u00e9 Ecologique Ari\u00e8geois","robots":{"index":"index","follow":"follow","max-snippet":"max-snippet:-1","max-image-preview":"max-image-preview:large","max-video-preview":"max-video-preview:-1"},"canonical":"https:\/\/comite-ecologique-ariegeois.org\/?page_id=4111","og_locale":"fr_FR","og_type":"article","og_title":"Gravi\u00e8res, mines, carri\u00e8res - Comit\u00e9 Ecologique Ari\u00e8geois","og_description":"Extractivisme \u00ab\u00a0L\u2019extractivisme est l\u2019exploitation massive des ressources de la nature ou de la biosph\u00e8re. L&rsquo;extractivisme consiste \u00e0 extraire, directement dans le milieu naturel et sans retour vers lui, des ressources naturelles qui ne se renouvellent pas ou peu, lentement, difficilement ou co\u00fbteusement.\u00a0\u00bb wikipedia Gravi\u00e8res Mines Carri\u00e8res SRCO Gravi\u00e8res de basse Ari\u00e8ge Exploitants agricoles, \u00e9lus, citoyens&hellip;&nbsp;Lire la suite &raquo;Gravi\u00e8res, mines, carri\u00e8res","og_url":"https:\/\/comite-ecologique-ariegeois.org\/?page_id=4111","og_site_name":"Comit\u00e9 Ecologique Ari\u00e8geois","article_publisher":"https:\/\/www.facebook.com\/comite.ariegeois\/","article_modified_time":"2026-03-16T10:19:28+00:00","og_image":[{"width":997,"height":1408,"url":"https:\/\/comite-ecologique-ariegeois.org\/wp-content\/uploads\/2024\/12\/Au-fil-de-leau-LAffiche-p.jpg","type":"image\/jpeg"}],"twitter_card":"summary_large_image","twitter_misc":{"Dur\u00e9e de lecture estim\u00e9e":"14 minutes"},"schema":{"@context":"https:\/\/schema.org","@graph":[{"@type":"WebPage","@id":"https:\/\/comite-ecologique-ariegeois.org\/?page_id=4111","url":"https:\/\/comite-ecologique-ariegeois.org\/?page_id=4111","name":"Gravi\u00e8res, mines, carri\u00e8res - Comit\u00e9 Ecologique Ari\u00e8geois","isPartOf":{"@id":"https:\/\/comite-ecologique-ariegeois.org\/#website"},"primaryImageOfPage":{"@id":"https:\/\/comite-ecologique-ariegeois.org\/?page_id=4111#primaryimage"},"image":{"@id":"https:\/\/comite-ecologique-ariegeois.org\/?page_id=4111#primaryimage"},"thumbnailUrl":"https:\/\/comite-ecologique-ariegeois.org\/wp-content\/uploads\/2024\/12\/Au-fil-de-leau-LAffiche-p-725x1024.jpg","datePublished":"2024-11-17T20:19:55+00:00","dateModified":"2026-03-16T10:19:28+00:00","breadcrumb":{"@id":"https:\/\/comite-ecologique-ariegeois.org\/?page_id=4111#breadcrumb"},"inLanguage":"fr-FR","potentialAction":[{"@type":"ReadAction","target":["https:\/\/comite-ecologique-ariegeois.org\/?page_id=4111"]}]},{"@type":"ImageObject","inLanguage":"fr-FR","@id":"https:\/\/comite-ecologique-ariegeois.org\/?page_id=4111#primaryimage","url":"https:\/\/comite-ecologique-ariegeois.org\/wp-content\/uploads\/2024\/12\/Au-fil-de-leau-LAffiche-p.jpg","contentUrl":"https:\/\/comite-ecologique-ariegeois.org\/wp-content\/uploads\/2024\/12\/Au-fil-de-leau-LAffiche-p.jpg","width":997,"height":1408},{"@type":"BreadcrumbList","@id":"https:\/\/comite-ecologique-ariegeois.org\/?page_id=4111#breadcrumb","itemListElement":[{"@type":"ListItem","position":1,"name":"Accueil","item":"https:\/\/comite-ecologique-ariegeois.org\/"},{"@type":"ListItem","position":2,"name":"Gravi\u00e8res, mines, carri\u00e8res"}]},{"@type":"WebSite","@id":"https:\/\/comite-ecologique-ariegeois.org\/#website","url":"https:\/\/comite-ecologique-ariegeois.org\/","name":"Comit\u00e9 Ecologique Ari\u00e8geois","description":"Assotiation de protection de la nature","publisher":{"@id":"https:\/\/comite-ecologique-ariegeois.org\/#organization"},"potentialAction":[{"@type":"SearchAction","target":{"@type":"EntryPoint","urlTemplate":"https:\/\/comite-ecologique-ariegeois.org\/?s={search_term_string}"},"query-input":{"@type":"PropertyValueSpecification","valueRequired":true,"valueName":"search_term_string"}}],"inLanguage":"fr-FR"},{"@type":"Organization","@id":"https:\/\/comite-ecologique-ariegeois.org\/#organization","name":"Comit\u00e9 Ecologique Ari\u00e8geois","url":"https:\/\/comite-ecologique-ariegeois.org\/","logo":{"@type":"ImageObject","inLanguage":"fr-FR","@id":"https:\/\/comite-ecologique-ariegeois.org\/#\/schema\/logo\/image\/","url":"https:\/\/comite-ecologique-ariegeois.org\/wp-content\/uploads\/2025\/01\/logo_nouveau_cea_jpeg_250pix_02_03_24-a8816.jpg","contentUrl":"https:\/\/comite-ecologique-ariegeois.org\/wp-content\/uploads\/2025\/01\/logo_nouveau_cea_jpeg_250pix_02_03_24-a8816.jpg","width":250,"height":250,"caption":"Comit\u00e9 Ecologique Ari\u00e8geois"},"image":{"@id":"https:\/\/comite-ecologique-ariegeois.org\/#\/schema\/logo\/image\/"},"sameAs":["https:\/\/www.facebook.com\/comite.ariegeois\/","https:\/\/www.instagram.com\/comite.ecologique.ariegeois\/"]}]}},"_links":{"self":[{"href":"https:\/\/comite-ecologique-ariegeois.org\/index.php?rest_route=\/wp\/v2\/pages\/4111","targetHints":{"allow":["GET"]}}],"collection":[{"href":"https:\/\/comite-ecologique-ariegeois.org\/index.php?rest_route=\/wp\/v2\/pages"}],"about":[{"href":"https:\/\/comite-ecologique-ariegeois.org\/index.php?rest_route=\/wp\/v2\/types\/page"}],"author":[{"embeddable":true,"href":"https:\/\/comite-ecologique-ariegeois.org\/index.php?rest_route=\/wp\/v2\/users\/2"}],"replies":[{"embeddable":true,"href":"https:\/\/comite-ecologique-ariegeois.org\/index.php?rest_route=%2Fwp%2Fv2%2Fcomments&post=4111"}],"version-history":[{"count":142,"href":"https:\/\/comite-ecologique-ariegeois.org\/index.php?rest_route=\/wp\/v2\/pages\/4111\/revisions"}],"predecessor-version":[{"id":11544,"href":"https:\/\/comite-ecologique-ariegeois.org\/index.php?rest_route=\/wp\/v2\/pages\/4111\/revisions\/11544"}],"wp:attachment":[{"href":"https:\/\/comite-ecologique-ariegeois.org\/index.php?rest_route=%2Fwp%2Fv2%2Fmedia&parent=4111"}],"curies":[{"name":"wp","href":"https:\/\/api.w.org\/{rel}","templated":true}]}}