{"id":3786,"date":"2024-11-10T13:40:01","date_gmt":"2024-11-10T12:40:01","guid":{"rendered":"https:\/\/comite-ecologique-ariegeois.org\/?page_id=3786"},"modified":"2026-02-28T19:20:55","modified_gmt":"2026-02-28T18:20:55","slug":"amenagements-urbanisme-2","status":"publish","type":"page","link":"https:\/\/comite-ecologique-ariegeois.org\/?page_id=3786","title":{"rendered":"Am\u00e9nagements, urbanisme"},"content":{"rendered":"\t\t<div data-elementor-type=\"wp-page\" data-elementor-id=\"3786\" class=\"elementor elementor-3786\">\n\t\t\t\t<div class=\"elementor-element elementor-element-da8954b e-flex e-con-boxed e-con e-parent\" data-id=\"da8954b\" data-element_type=\"container\">\n\t\t\t\t\t<div class=\"e-con-inner\">\n\t\t\t\t<div class=\"elementor-element elementor-element-453d4bf elementor-widget elementor-widget-spacer\" data-id=\"453d4bf\" data-element_type=\"widget\" data-widget_type=\"spacer.default\">\n\t\t\t\t<div class=\"elementor-widget-container\">\n\t\t\t\t\t\t\t<div class=\"elementor-spacer\">\n\t\t\t<div class=\"elementor-spacer-inner\"><\/div>\n\t\t<\/div>\n\t\t\t\t\t\t<\/div>\n\t\t\t\t<\/div>\n\t\t\t\t<div class=\"elementor-element elementor-element-f78d86c elementor-widget elementor-widget-heading\" data-id=\"f78d86c\" data-element_type=\"widget\" data-widget_type=\"heading.default\">\n\t\t\t\t<div class=\"elementor-widget-container\">\n\t\t\t\t\t<h1 class=\"elementor-heading-title elementor-size-default\">Am\u00e9nagements et urbanisme<\/h1>\t\t\t\t<\/div>\n\t\t\t\t<\/div>\n\t\t\t\t<div class=\"elementor-element elementor-element-79339ca elementor-widget elementor-widget-text-editor\" data-id=\"79339ca\" data-element_type=\"widget\" data-widget_type=\"text-editor.default\">\n\t\t\t\t<div class=\"elementor-widget-container\">\n\t\t\t\t\t\t\t\t\t<p>Le CEA intervient lorsque les projets d\u2019am\u00e9nagement et d\u2019urbanisation lui semblent d\u00e9passer les besoins soci\u00e9taux vrais, compatibles avec le bien commun et le vivant.\u00a0<span style=\"color: var( --e-global-color-text ); font-family: var( --e-global-typography-text-font-family ), Sans-serif; font-weight: var( --e-global-typography-text-font-weight ); text-align: var(--text-align); background-color: var(--nv-site-bg); font-size: var(--bodyfontsize); letter-spacing: var(--bodyletterspacing); text-transform: var(--bodytexttransform);\">Ainsi dans l&rsquo;association, beaucoup d&rsquo;\u00e9nergie b\u00e9n\u00e9vole a \u00e9t\u00e9 consacr\u00e9e souvent avec succ\u00e8s, parfois en vain, \u00e0 pr\u00e9server le milieu montagnard d&rsquo;am\u00e9nagements inutilement ruineux pour les finances publiques, et cette veille \u00e0 laquelle nous sommes attach\u00e9s demeure d&rsquo;actualit\u00e9.<br \/><\/span><span style=\"color: var( --e-global-color-text ); font-family: var( --e-global-typography-text-font-family ), Sans-serif; font-weight: var( --e-global-typography-text-font-weight ); text-align: var(--text-align); background-color: var(--nv-site-bg); font-size: var(--bodyfontsize); letter-spacing: var(--bodyletterspacing); text-transform: var(--bodytexttransform);\">Par ailleurs, l&rsquo;association est amen\u00e9e \u00e0 se positionner en d\u00e9faveur d&rsquo;autres types de projets (plut\u00f4t en plaine, pi\u00e9mont et en ville) qui risquent d&rsquo;endommager outre l&rsquo;environnement, la qualit\u00e9 de vie et la sant\u00e9.<\/span><\/p>\t\t\t\t\t\t\t\t<\/div>\n\t\t\t\t<\/div>\n\t\t\t\t\t<\/div>\n\t\t\t\t<\/div>\n\t\t<div class=\"elementor-element elementor-element-6f7c8942 e-grid e-con-boxed e-con e-parent\" data-id=\"6f7c8942\" data-element_type=\"container\" data-settings=\"{&quot;background_background&quot;:&quot;classic&quot;}\">\n\t\t\t\t\t<div class=\"e-con-inner\">\n\t\t\t\t<div class=\"elementor-element elementor-element-7b5e1a5 e-transform e-transform e-transform elementor-widget elementor-widget-heading\" data-id=\"7b5e1a5\" data-element_type=\"widget\" data-settings=\"{&quot;_animation&quot;:&quot;none&quot;,&quot;_transform_scale_effect&quot;:{&quot;unit&quot;:&quot;px&quot;,&quot;size&quot;:&quot;&quot;,&quot;sizes&quot;:[]},&quot;_transform_scale_effect_tablet&quot;:{&quot;unit&quot;:&quot;px&quot;,&quot;size&quot;:&quot;&quot;,&quot;sizes&quot;:[]},&quot;_transform_scale_effect_mobile&quot;:{&quot;unit&quot;:&quot;px&quot;,&quot;size&quot;:&quot;&quot;,&quot;sizes&quot;:[]},&quot;_transform_rotateZ_effect_hover&quot;:{&quot;unit&quot;:&quot;px&quot;,&quot;size&quot;:&quot;&quot;,&quot;sizes&quot;:[]},&quot;_transform_rotateZ_effect_hover_tablet&quot;:{&quot;unit&quot;:&quot;deg&quot;,&quot;size&quot;:&quot;&quot;,&quot;sizes&quot;:[]},&quot;_transform_rotateZ_effect_hover_mobile&quot;:{&quot;unit&quot;:&quot;deg&quot;,&quot;size&quot;:&quot;&quot;,&quot;sizes&quot;:[]},&quot;_transform_translateX_effect_hover&quot;:{&quot;unit&quot;:&quot;px&quot;,&quot;size&quot;:&quot;&quot;,&quot;sizes&quot;:[]},&quot;_transform_translateX_effect_hover_tablet&quot;:{&quot;unit&quot;:&quot;px&quot;,&quot;size&quot;:&quot;&quot;,&quot;sizes&quot;:[]},&quot;_transform_translateX_effect_hover_mobile&quot;:{&quot;unit&quot;:&quot;px&quot;,&quot;size&quot;:&quot;&quot;,&quot;sizes&quot;:[]},&quot;_transform_translateY_effect_hover&quot;:{&quot;unit&quot;:&quot;px&quot;,&quot;size&quot;:&quot;&quot;,&quot;sizes&quot;:[]},&quot;_transform_translateY_effect_hover_tablet&quot;:{&quot;unit&quot;:&quot;px&quot;,&quot;size&quot;:&quot;&quot;,&quot;sizes&quot;:[]},&quot;_transform_translateY_effect_hover_mobile&quot;:{&quot;unit&quot;:&quot;px&quot;,&quot;size&quot;:&quot;&quot;,&quot;sizes&quot;:[]}}\" data-widget_type=\"heading.default\">\n\t\t\t\t<div class=\"elementor-widget-container\">\n\t\t\t\t\t<h3 class=\"elementor-heading-title elementor-size-default\"><a href=\"#plannification\">Documents d'urbanisme<\/a><\/h3>\t\t\t\t<\/div>\n\t\t\t\t<\/div>\n\t\t\t\t<div class=\"elementor-element elementor-element-83b92c1 e-transform e-transform e-transform elementor-widget elementor-widget-heading\" data-id=\"83b92c1\" data-element_type=\"widget\" data-settings=\"{&quot;_animation&quot;:&quot;none&quot;,&quot;_transform_scale_effect&quot;:{&quot;unit&quot;:&quot;px&quot;,&quot;size&quot;:&quot;&quot;,&quot;sizes&quot;:[]},&quot;_transform_scale_effect_tablet&quot;:{&quot;unit&quot;:&quot;px&quot;,&quot;size&quot;:&quot;&quot;,&quot;sizes&quot;:[]},&quot;_transform_scale_effect_mobile&quot;:{&quot;unit&quot;:&quot;px&quot;,&quot;size&quot;:&quot;&quot;,&quot;sizes&quot;:[]},&quot;_transform_rotateZ_effect_hover&quot;:{&quot;unit&quot;:&quot;px&quot;,&quot;size&quot;:&quot;&quot;,&quot;sizes&quot;:[]},&quot;_transform_rotateZ_effect_hover_tablet&quot;:{&quot;unit&quot;:&quot;deg&quot;,&quot;size&quot;:&quot;&quot;,&quot;sizes&quot;:[]},&quot;_transform_rotateZ_effect_hover_mobile&quot;:{&quot;unit&quot;:&quot;deg&quot;,&quot;size&quot;:&quot;&quot;,&quot;sizes&quot;:[]},&quot;_transform_translateX_effect_hover&quot;:{&quot;unit&quot;:&quot;px&quot;,&quot;size&quot;:&quot;&quot;,&quot;sizes&quot;:[]},&quot;_transform_translateX_effect_hover_tablet&quot;:{&quot;unit&quot;:&quot;px&quot;,&quot;size&quot;:&quot;&quot;,&quot;sizes&quot;:[]},&quot;_transform_translateX_effect_hover_mobile&quot;:{&quot;unit&quot;:&quot;px&quot;,&quot;size&quot;:&quot;&quot;,&quot;sizes&quot;:[]},&quot;_transform_translateY_effect_hover&quot;:{&quot;unit&quot;:&quot;px&quot;,&quot;size&quot;:&quot;&quot;,&quot;sizes&quot;:[]},&quot;_transform_translateY_effect_hover_tablet&quot;:{&quot;unit&quot;:&quot;px&quot;,&quot;size&quot;:&quot;&quot;,&quot;sizes&quot;:[]},&quot;_transform_translateY_effect_hover_mobile&quot;:{&quot;unit&quot;:&quot;px&quot;,&quot;size&quot;:&quot;&quot;,&quot;sizes&quot;:[]}}\" data-widget_type=\"heading.default\">\n\t\t\t\t<div class=\"elementor-widget-container\">\n\t\t\t\t\t<h3 class=\"elementor-heading-title elementor-size-default\"><a href=\"#montagne\">Montagne<\/a><\/h3>\t\t\t\t<\/div>\n\t\t\t\t<\/div>\n\t\t\t\t<div class=\"elementor-element elementor-element-cc1db85 e-transform e-transform e-transform elementor-widget elementor-widget-heading\" data-id=\"cc1db85\" data-element_type=\"widget\" data-settings=\"{&quot;_animation&quot;:&quot;none&quot;,&quot;_transform_scale_effect&quot;:{&quot;unit&quot;:&quot;px&quot;,&quot;size&quot;:&quot;&quot;,&quot;sizes&quot;:[]},&quot;_transform_scale_effect_tablet&quot;:{&quot;unit&quot;:&quot;px&quot;,&quot;size&quot;:&quot;&quot;,&quot;sizes&quot;:[]},&quot;_transform_scale_effect_mobile&quot;:{&quot;unit&quot;:&quot;px&quot;,&quot;size&quot;:&quot;&quot;,&quot;sizes&quot;:[]},&quot;_transform_rotateZ_effect_hover&quot;:{&quot;unit&quot;:&quot;px&quot;,&quot;size&quot;:&quot;&quot;,&quot;sizes&quot;:[]},&quot;_transform_rotateZ_effect_hover_tablet&quot;:{&quot;unit&quot;:&quot;deg&quot;,&quot;size&quot;:&quot;&quot;,&quot;sizes&quot;:[]},&quot;_transform_rotateZ_effect_hover_mobile&quot;:{&quot;unit&quot;:&quot;deg&quot;,&quot;size&quot;:&quot;&quot;,&quot;sizes&quot;:[]},&quot;_transform_translateX_effect_hover&quot;:{&quot;unit&quot;:&quot;px&quot;,&quot;size&quot;:&quot;&quot;,&quot;sizes&quot;:[]},&quot;_transform_translateX_effect_hover_tablet&quot;:{&quot;unit&quot;:&quot;px&quot;,&quot;size&quot;:&quot;&quot;,&quot;sizes&quot;:[]},&quot;_transform_translateX_effect_hover_mobile&quot;:{&quot;unit&quot;:&quot;px&quot;,&quot;size&quot;:&quot;&quot;,&quot;sizes&quot;:[]},&quot;_transform_translateY_effect_hover&quot;:{&quot;unit&quot;:&quot;px&quot;,&quot;size&quot;:&quot;&quot;,&quot;sizes&quot;:[]},&quot;_transform_translateY_effect_hover_tablet&quot;:{&quot;unit&quot;:&quot;px&quot;,&quot;size&quot;:&quot;&quot;,&quot;sizes&quot;:[]},&quot;_transform_translateY_effect_hover_mobile&quot;:{&quot;unit&quot;:&quot;px&quot;,&quot;size&quot;:&quot;&quot;,&quot;sizes&quot;:[]}}\" data-widget_type=\"heading.default\">\n\t\t\t\t<div class=\"elementor-widget-container\">\n\t\t\t\t\t<h3 class=\"elementor-heading-title elementor-size-default\"><a href=\"#voirie\">Voirie  <\/a><\/h3>\t\t\t\t<\/div>\n\t\t\t\t<\/div>\n\t\t\t\t<div class=\"elementor-element elementor-element-7951f1e3 e-transform e-transform e-transform elementor-widget elementor-widget-heading\" data-id=\"7951f1e3\" data-element_type=\"widget\" data-settings=\"{&quot;_animation&quot;:&quot;none&quot;,&quot;_transform_scale_effect&quot;:{&quot;unit&quot;:&quot;px&quot;,&quot;size&quot;:&quot;&quot;,&quot;sizes&quot;:[]},&quot;_transform_scale_effect_tablet&quot;:{&quot;unit&quot;:&quot;px&quot;,&quot;size&quot;:&quot;&quot;,&quot;sizes&quot;:[]},&quot;_transform_scale_effect_mobile&quot;:{&quot;unit&quot;:&quot;px&quot;,&quot;size&quot;:&quot;&quot;,&quot;sizes&quot;:[]},&quot;_transform_rotateZ_effect_hover&quot;:{&quot;unit&quot;:&quot;px&quot;,&quot;size&quot;:&quot;&quot;,&quot;sizes&quot;:[]},&quot;_transform_rotateZ_effect_hover_tablet&quot;:{&quot;unit&quot;:&quot;deg&quot;,&quot;size&quot;:&quot;&quot;,&quot;sizes&quot;:[]},&quot;_transform_rotateZ_effect_hover_mobile&quot;:{&quot;unit&quot;:&quot;deg&quot;,&quot;size&quot;:&quot;&quot;,&quot;sizes&quot;:[]},&quot;_transform_translateX_effect_hover&quot;:{&quot;unit&quot;:&quot;px&quot;,&quot;size&quot;:&quot;&quot;,&quot;sizes&quot;:[]},&quot;_transform_translateX_effect_hover_tablet&quot;:{&quot;unit&quot;:&quot;px&quot;,&quot;size&quot;:&quot;&quot;,&quot;sizes&quot;:[]},&quot;_transform_translateX_effect_hover_mobile&quot;:{&quot;unit&quot;:&quot;px&quot;,&quot;size&quot;:&quot;&quot;,&quot;sizes&quot;:[]},&quot;_transform_translateY_effect_hover&quot;:{&quot;unit&quot;:&quot;px&quot;,&quot;size&quot;:&quot;&quot;,&quot;sizes&quot;:[]},&quot;_transform_translateY_effect_hover_tablet&quot;:{&quot;unit&quot;:&quot;px&quot;,&quot;size&quot;:&quot;&quot;,&quot;sizes&quot;:[]},&quot;_transform_translateY_effect_hover_mobile&quot;:{&quot;unit&quot;:&quot;px&quot;,&quot;size&quot;:&quot;&quot;,&quot;sizes&quot;:[]}}\" data-widget_type=\"heading.default\">\n\t\t\t\t<div class=\"elementor-widget-container\">\n\t\t\t\t\t<h3 class=\"elementor-heading-title elementor-size-default\"><a href=\"#numerique\">D\u00e9ploiement num\u00e9rique \n<\/a><\/h3>\t\t\t\t<\/div>\n\t\t\t\t<\/div>\n\t\t\t\t<div class=\"elementor-element elementor-element-5d5b1f9 e-transform e-transform e-transform elementor-widget elementor-widget-heading\" data-id=\"5d5b1f9\" data-element_type=\"widget\" data-settings=\"{&quot;_animation&quot;:&quot;none&quot;,&quot;_transform_scale_effect&quot;:{&quot;unit&quot;:&quot;px&quot;,&quot;size&quot;:&quot;&quot;,&quot;sizes&quot;:[]},&quot;_transform_scale_effect_tablet&quot;:{&quot;unit&quot;:&quot;px&quot;,&quot;size&quot;:&quot;&quot;,&quot;sizes&quot;:[]},&quot;_transform_scale_effect_mobile&quot;:{&quot;unit&quot;:&quot;px&quot;,&quot;size&quot;:&quot;&quot;,&quot;sizes&quot;:[]},&quot;_transform_rotateZ_effect_hover&quot;:{&quot;unit&quot;:&quot;px&quot;,&quot;size&quot;:&quot;&quot;,&quot;sizes&quot;:[]},&quot;_transform_rotateZ_effect_hover_tablet&quot;:{&quot;unit&quot;:&quot;deg&quot;,&quot;size&quot;:&quot;&quot;,&quot;sizes&quot;:[]},&quot;_transform_rotateZ_effect_hover_mobile&quot;:{&quot;unit&quot;:&quot;deg&quot;,&quot;size&quot;:&quot;&quot;,&quot;sizes&quot;:[]},&quot;_transform_translateX_effect_hover&quot;:{&quot;unit&quot;:&quot;px&quot;,&quot;size&quot;:&quot;&quot;,&quot;sizes&quot;:[]},&quot;_transform_translateX_effect_hover_tablet&quot;:{&quot;unit&quot;:&quot;px&quot;,&quot;size&quot;:&quot;&quot;,&quot;sizes&quot;:[]},&quot;_transform_translateX_effect_hover_mobile&quot;:{&quot;unit&quot;:&quot;px&quot;,&quot;size&quot;:&quot;&quot;,&quot;sizes&quot;:[]},&quot;_transform_translateY_effect_hover&quot;:{&quot;unit&quot;:&quot;px&quot;,&quot;size&quot;:&quot;&quot;,&quot;sizes&quot;:[]},&quot;_transform_translateY_effect_hover_tablet&quot;:{&quot;unit&quot;:&quot;px&quot;,&quot;size&quot;:&quot;&quot;,&quot;sizes&quot;:[]},&quot;_transform_translateY_effect_hover_mobile&quot;:{&quot;unit&quot;:&quot;px&quot;,&quot;size&quot;:&quot;&quot;,&quot;sizes&quot;:[]}}\" data-widget_type=\"heading.default\">\n\t\t\t\t<div class=\"elementor-widget-container\">\n\t\t\t\t\t<h3 class=\"elementor-heading-title elementor-size-default\"><a href=\"#super\">Commerces Industries                   <\/a><\/h3>\t\t\t\t<\/div>\n\t\t\t\t<\/div>\n\t\t\t\t\t<\/div>\n\t\t\t\t<\/div>\n\t\t<div class=\"elementor-element elementor-element-5b9f29a e-flex e-con-boxed e-con e-parent\" data-id=\"5b9f29a\" data-element_type=\"container\">\n\t\t\t\t\t<div class=\"e-con-inner\">\n\t\t\t\t<div class=\"elementor-element elementor-element-5c4df84 elementor-widget elementor-widget-spacer\" data-id=\"5c4df84\" data-element_type=\"widget\" data-widget_type=\"spacer.default\">\n\t\t\t\t<div class=\"elementor-widget-container\">\n\t\t\t\t\t\t\t<div class=\"elementor-spacer\">\n\t\t\t<div class=\"elementor-spacer-inner\"><\/div>\n\t\t<\/div>\n\t\t\t\t\t\t<\/div>\n\t\t\t\t<\/div>\n\t\t\t\t\t<\/div>\n\t\t\t\t<\/div>\n\t\t<div class=\"elementor-element elementor-element-e9b2249 e-flex e-con-boxed e-con e-parent\" data-id=\"e9b2249\" data-element_type=\"container\" data-settings=\"{&quot;background_background&quot;:&quot;classic&quot;}\">\n\t\t\t\t\t<div class=\"e-con-inner\">\n\t\t\t\t<div class=\"elementor-element elementor-element-fa68381 elementor-widget elementor-widget-menu-anchor\" data-id=\"fa68381\" data-element_type=\"widget\" data-widget_type=\"menu-anchor.default\">\n\t\t\t\t<div class=\"elementor-widget-container\">\n\t\t\t\t\t\t\t<div class=\"elementor-menu-anchor\" id=\"plannification\"><\/div>\n\t\t\t\t\t\t<\/div>\n\t\t\t\t<\/div>\n\t\t\t\t<div class=\"elementor-element elementor-element-be589ac elementor-widget elementor-widget-heading\" data-id=\"be589ac\" data-element_type=\"widget\" data-widget_type=\"heading.default\">\n\t\t\t\t<div class=\"elementor-widget-container\">\n\t\t\t\t\t<h3 class=\"elementor-heading-title elementor-size-default\">Documents de planification de l'urbanisme <\/h3>\t\t\t\t<\/div>\n\t\t\t\t<\/div>\n\t\t\t\t<div class=\"elementor-element elementor-element-ab7c296 elementor-widget elementor-widget-heading\" data-id=\"ab7c296\" data-element_type=\"widget\" data-widget_type=\"heading.default\">\n\t\t\t\t<div class=\"elementor-widget-container\">\n\t\t\t\t\t<h4 class=\"elementor-heading-title elementor-size-default\">PLU = Plan Local d'Urbanisme (suivi d'un \"i\" s'il est intercommunal)<\/h4>\t\t\t\t<\/div>\n\t\t\t\t<\/div>\n\t\t\t\t<div class=\"elementor-element elementor-element-ef360a3 elementor-widget elementor-widget-text-editor\" data-id=\"ef360a3\" data-element_type=\"widget\" data-widget_type=\"text-editor.default\">\n\t\t\t\t<div class=\"elementor-widget-container\">\n\t\t\t\t\t\t\t\t\t<p>Document d&rsquo;urbanisme qui, \u00e0 l&rsquo;\u00e9chelle du groupement de communes ou de la commune, traduit un projet global d&rsquo;am\u00e9nagement et d&rsquo;urbanisme et fixe en cons\u00e9quence les r\u00e8gles d&rsquo;am\u00e9nagement et d&rsquo;utilisation des sols.<\/p>\t\t\t\t\t\t\t\t<\/div>\n\t\t\t\t<\/div>\n\t\t<div class=\"elementor-element elementor-element-a259990 e-grid e-con-full e-con e-child\" data-id=\"a259990\" data-element_type=\"container\">\n\t\t<div class=\"elementor-element elementor-element-48685d5 e-con-full e-flex e-con e-child\" data-id=\"48685d5\" data-element_type=\"container\" data-settings=\"{&quot;background_background&quot;:&quot;classic&quot;}\">\n\t\t\t\t<div class=\"elementor-element elementor-element-28c2990 elementor-widget elementor-widget-heading\" data-id=\"28c2990\" data-element_type=\"widget\" data-widget_type=\"heading.default\">\n\t\t\t\t<div class=\"elementor-widget-container\">\n\t\t\t\t\t<h4 class=\"elementor-heading-title elementor-size-default\">PLU de Crampagna : contestation en attente de l'audience en cours d'appel<\/h4>\t\t\t\t<\/div>\n\t\t\t\t<\/div>\n\t\t\t\t<div class=\"elementor-element elementor-element-87cbff1 elementor-widget elementor-widget-text-editor\" data-id=\"87cbff1\" data-element_type=\"widget\" data-widget_type=\"text-editor.default\">\n\t\t\t\t<div class=\"elementor-widget-container\">\n\t\t\t\t\t\t\t\t\t<p>Approuv\u00e9 par le conseil municipal en septembre <strong>2019<\/strong>, il <strong>ne respecte pas les objectifs du Scot Val d\u2019Ari\u00e8ge (consommation fonci\u00e8re beaucoup trop \u00e9lev\u00e9e).<\/strong><\/p>\t\t\t\t\t\t\t\t<\/div>\n\t\t\t\t<\/div>\n\t\t\t\t<\/div>\n\t\t<div class=\"elementor-element elementor-element-e0c7b7b e-con-full e-flex e-con e-child\" data-id=\"e0c7b7b\" data-element_type=\"container\" data-settings=\"{&quot;background_background&quot;:&quot;classic&quot;}\">\n\t\t\t\t<div class=\"elementor-element elementor-element-a0d8128 elementor-widget elementor-widget-heading\" data-id=\"a0d8128\" data-element_type=\"widget\" data-widget_type=\"heading.default\">\n\t\t\t\t<div class=\"elementor-widget-container\">\n\t\t\t\t\t<h4 class=\"elementor-heading-title elementor-size-default\">PLU de Montbel : objet d\u2019un recours associatif<\/h4>\t\t\t\t<\/div>\n\t\t\t\t<\/div>\n\t\t\t\t<div class=\"elementor-element elementor-element-18674dd elementor-widget elementor-widget-text-editor\" data-id=\"18674dd\" data-element_type=\"widget\" data-widget_type=\"text-editor.default\">\n\t\t\t\t<div class=\"elementor-widget-container\">\n\t\t\t\t\t\t\t\t\t<p>Cette r\u00e9vision a pour but de permettre l&rsquo;<strong>urbanisation autour du lac constant<\/strong> alors que cette zone \u00e9tait pr\u00e9vue pour rester naturelle dans le PLU initial.<\/p>\t\t\t\t\t\t\t\t<\/div>\n\t\t\t\t<\/div>\n\t\t\t\t<div class=\"elementor-element elementor-element-a071022 elementor-widget elementor-widget-button\" data-id=\"a071022\" data-element_type=\"widget\" data-widget_type=\"button.default\">\n\t\t\t\t<div class=\"elementor-widget-container\">\n\t\t\t\t\t\t\t\t\t<div class=\"elementor-button-wrapper\">\n\t\t\t\t\t<a class=\"elementor-button elementor-button-link elementor-size-sm elementor-animation-grow\" href=\"https:\/\/comite-ecologique-ariegeois.org\/wp-content\/uploads\/2024\/11\/Rep-CEA-EP-PLU-Montbel-1_09-11-2020.pdf\">\n\t\t\t\t\t\t<span class=\"elementor-button-content-wrapper\">\n\t\t\t\t\t\t\t\t\t<span class=\"elementor-button-text\">Lire l'avis du CEA novembre 2020<\/span>\n\t\t\t\t\t<\/span>\n\t\t\t\t\t<\/a>\n\t\t\t\t<\/div>\n\t\t\t\t\t\t\t\t<\/div>\n\t\t\t\t<\/div>\n\t\t\t\t<\/div>\n\t\t<div class=\"elementor-element elementor-element-87ab03d e-con-full e-flex e-con e-child\" data-id=\"87ab03d\" data-element_type=\"container\" data-settings=\"{&quot;background_background&quot;:&quot;classic&quot;}\">\n\t\t\t\t<div class=\"elementor-element elementor-element-38e3006 elementor-widget elementor-widget-heading\" data-id=\"38e3006\" data-element_type=\"widget\" data-widget_type=\"heading.default\">\n\t\t\t\t<div class=\"elementor-widget-container\">\n\t\t\t\t\t<h4 class=\"elementor-heading-title elementor-size-default\">PLUi de Mirepoix :    avis d\u00e9favorable<\/h4>\t\t\t\t<\/div>\n\t\t\t\t<\/div>\n\t\t\t\t<div class=\"elementor-element elementor-element-b8d597d elementor-widget elementor-widget-text-editor\" data-id=\"b8d597d\" data-element_type=\"widget\" data-widget_type=\"text-editor.default\">\n\t\t\t\t<div class=\"elementor-widget-container\">\n\t\t\t\t\t\t\t\t\t<p><strong>Ecoquartier bidon, artificialisation de terres agricoles, complexe touristique de luxe en zone naturelle, parc photovoltaique sur une zone natura 2000<\/strong>, autant de raisons pour \u00e9mettre un avis d\u00e9favorable \u00e0 la validation du PLUi de Mirepoix.<\/p>\t\t\t\t\t\t\t\t<\/div>\n\t\t\t\t<\/div>\n\t\t\t\t<div class=\"elementor-element elementor-element-24c1661 elementor-widget elementor-widget-button\" data-id=\"24c1661\" data-element_type=\"widget\" data-widget_type=\"button.default\">\n\t\t\t\t<div class=\"elementor-widget-container\">\n\t\t\t\t\t\t\t\t\t<div class=\"elementor-button-wrapper\">\n\t\t\t\t\t<a class=\"elementor-button elementor-button-link elementor-size-sm elementor-animation-grow\" href=\"https:\/\/comite-ecologique-ariegeois.org\/wp-content\/uploads\/2024\/11\/AVIS-CEA_PLUi-Mirepoix_Juin-2021.pdf\">\n\t\t\t\t\t\t<span class=\"elementor-button-content-wrapper\">\n\t\t\t\t\t\t\t\t\t<span class=\"elementor-button-text\">Lire l'avis du CEA juin 2021<\/span>\n\t\t\t\t\t<\/span>\n\t\t\t\t\t<\/a>\n\t\t\t\t<\/div>\n\t\t\t\t\t\t\t\t<\/div>\n\t\t\t\t<\/div>\n\t\t\t\t<\/div>\n\t\t<div class=\"elementor-element elementor-element-ccbe831 e-con-full e-flex e-con e-child\" data-id=\"ccbe831\" data-element_type=\"container\" data-settings=\"{&quot;background_background&quot;:&quot;classic&quot;}\">\n\t\t\t\t<div class=\"elementor-element elementor-element-05bf8d9 elementor-widget elementor-widget-heading\" data-id=\"05bf8d9\" data-element_type=\"widget\" data-widget_type=\"heading.default\">\n\t\t\t\t<div class=\"elementor-widget-container\">\n\t\t\t\t\t<h4 class=\"elementor-heading-title elementor-size-default\">PLUi Pays d\u2019Olmes : de larges r\u00e9serves<\/h4>\t\t\t\t<\/div>\n\t\t\t\t<\/div>\n\t\t\t\t<div class=\"elementor-element elementor-element-a324f59 elementor-widget__width-initial elementor-widget elementor-widget-text-editor\" data-id=\"a324f59\" data-element_type=\"widget\" data-widget_type=\"text-editor.default\">\n\t\t\t\t<div class=\"elementor-widget-container\">\n\t\t\t\t\t\t\t\t\t<p>Faute de r\u00e9ponses concr\u00e8tes de la part du Commissaire Enqu\u00eateur lors de la visite du repr\u00e9sentant de l\u2019association, aux questions que se pose celle-ci, le CEA \u00e9met de <strong>larges r\u00e9serves<\/strong> vis \u00e0 vis du PLUi tel que pr\u00e9sent\u00e9 dans cette Enqu\u00eate Publique.<\/p>\t\t\t\t\t\t\t\t<\/div>\n\t\t\t\t<\/div>\n\t\t\t\t<div class=\"elementor-element elementor-element-659ef06 elementor-widget elementor-widget-button\" data-id=\"659ef06\" data-element_type=\"widget\" data-widget_type=\"button.default\">\n\t\t\t\t<div class=\"elementor-widget-container\">\n\t\t\t\t\t\t\t\t\t<div class=\"elementor-button-wrapper\">\n\t\t\t\t\t<a class=\"elementor-button elementor-button-link elementor-size-sm elementor-animation-grow\" href=\"https:\/\/comite-ecologique-ariegeois.org\/wp-content\/uploads\/2024\/11\/Avis-CEA_Enquete-publique-PLUi-Pays-dOlmes_23-10-2024.pdf\">\n\t\t\t\t\t\t<span class=\"elementor-button-content-wrapper\">\n\t\t\t\t\t\t\t\t\t<span class=\"elementor-button-text\">Lire l'avis du CEA octobre 2024<\/span>\n\t\t\t\t\t<\/span>\n\t\t\t\t\t<\/a>\n\t\t\t\t<\/div>\n\t\t\t\t\t\t\t\t<\/div>\n\t\t\t\t<\/div>\n\t\t\t\t<\/div>\n\t\t\t\t<\/div>\n\t\t\t\t<div class=\"elementor-element elementor-element-1df2d8d elementor-widget elementor-widget-spacer\" data-id=\"1df2d8d\" data-element_type=\"widget\" data-widget_type=\"spacer.default\">\n\t\t\t\t<div class=\"elementor-widget-container\">\n\t\t\t\t\t\t\t<div class=\"elementor-spacer\">\n\t\t\t<div class=\"elementor-spacer-inner\"><\/div>\n\t\t<\/div>\n\t\t\t\t\t\t<\/div>\n\t\t\t\t<\/div>\n\t\t\t\t<div class=\"elementor-element elementor-element-1bbfdf8 elementor-widget elementor-widget-heading\" data-id=\"1bbfdf8\" data-element_type=\"widget\" data-widget_type=\"heading.default\">\n\t\t\t\t<div class=\"elementor-widget-container\">\n\t\t\t\t\t<h4 class=\"elementor-heading-title elementor-size-default\">SCoT = Sch\u00e9ma de COh\u00e9rence Territoriale<\/h4>\t\t\t\t<\/div>\n\t\t\t\t<\/div>\n\t\t\t\t<div class=\"elementor-element elementor-element-1fe2188 elementor-widget elementor-widget-text-editor\" data-id=\"1fe2188\" data-element_type=\"widget\" data-widget_type=\"text-editor.default\">\n\t\t\t\t<div class=\"elementor-widget-container\">\n\t\t\t\t\t\t\t\t\t<p>Document d&rsquo;urbanisme qui d\u00e9termine, \u00e0 l&rsquo;\u00e9chelle de plusieurs communes ou groupements de communes, un projet de territoire visant \u00e0 mettre en coh\u00e9rence l&rsquo;ensemble des politiques sectorielles, notamment en mati\u00e8re d&rsquo;habitat, de mobilit\u00e9, d&rsquo;am\u00e9nagement commercial, d&rsquo;environnement et de paysage.<\/p>\t\t\t\t\t\t\t\t<\/div>\n\t\t\t\t<\/div>\n\t\t<div class=\"elementor-element elementor-element-a4829da e-grid e-con-full e-con e-child\" data-id=\"a4829da\" data-element_type=\"container\" data-settings=\"{&quot;background_background&quot;:&quot;classic&quot;}\">\n\t\t<div class=\"elementor-element elementor-element-b4691b7 e-con-full e-flex e-con e-child\" data-id=\"b4691b7\" data-element_type=\"container\" data-settings=\"{&quot;background_background&quot;:&quot;classic&quot;}\">\n\t\t\t\t<div class=\"elementor-element elementor-element-e351b6d elementor-widget elementor-widget-heading\" data-id=\"e351b6d\" data-element_type=\"widget\" data-widget_type=\"heading.default\">\n\t\t\t\t<div class=\"elementor-widget-container\">\n\t\t\t\t\t<h4 class=\"elementor-heading-title elementor-size-default\">SCoT de la Vall\u00e9e de l'Ari\u00e8ge : contest\u00e9 en vain en 2015, il subit actuellement une r\u00e9vision<\/h4>\t\t\t\t<\/div>\n\t\t\t\t<\/div>\n\t\t\t\t<div class=\"elementor-element elementor-element-b9cb1aa elementor-widget elementor-widget-text-editor\" data-id=\"b9cb1aa\" data-element_type=\"widget\" data-widget_type=\"text-editor.default\">\n\t\t\t\t<div class=\"elementor-widget-container\">\n\t\t\t\t\t\t\t\t\t<p>P\u00e9rim\u00e8tre concern\u00e9 : <strong>Aglom\u00e9ration Foix-Varilhes, Pays de Tarascon, Portes d\u2019Ari\u00e8ge Pyr\u00e9n\u00e9es<\/strong><\/p><ul style=\"margin-top: -0px;\"><li><strong>2015<\/strong> : contestation aupr\u00e8s du TA Toulouse le Scot Val d\u2019Ari\u00e8ge principalement pour l\u2019<strong>insuffisance de l\u2019\u00e9valuation environnementale<\/strong> : Insuffisance de l\u2019\u00e9tude sur les zones humides ; \u00e9valuation fausse de la quantit\u00e9 de d\u00e9chets du BTP collect\u00e9 et des mesures \u00e0 mettre en \u0153uvre pour l\u2019am\u00e9lioration de leur valorisation et la pr\u00e9vention des risques ; aucune mesure v\u00e9ritablement efficace pour les corridors \u00e9cologiques (trame vertes et bleues).<\/li><li>R\u00e9vision du SCoT actuel : Le projet du futur SCoT r\u00e9vis\u00e9 se poursuit, lequel devrait \u00eatre approuv\u00e9 en fin d\u2019ann\u00e9e <strong>2025<\/strong>. En r\u00e9f\u00e9rence \u00e0 l\u2019article L132-2 du Code de l\u2019urbanisme,<strong> notre association agr\u00e9\u00e9e pour la protection de l\u2019environnement a sollicit\u00e9 sa participation<\/strong>, en tant que Personne Publique Associ\u00e9e, aux r\u00e9unions de consultation pour l\u2019\u00e9laboration en cours du prochain Sch\u00e9ma de Coh\u00e9rence Territoriale.<\/li><\/ul>\t\t\t\t\t\t\t\t<\/div>\n\t\t\t\t<\/div>\n\t\t\t\t<\/div>\n\t\t<div class=\"elementor-element elementor-element-e8136ec e-con-full e-flex e-con e-child\" data-id=\"e8136ec\" data-element_type=\"container\" data-settings=\"{&quot;background_background&quot;:&quot;classic&quot;}\">\n\t\t\t\t<div class=\"elementor-element elementor-element-c721b9e elementor-widget elementor-widget-heading\" data-id=\"c721b9e\" data-element_type=\"widget\" data-widget_type=\"heading.default\">\n\t\t\t\t<div class=\"elementor-widget-container\">\n\t\t\t\t\t<h4 class=\"elementor-heading-title elementor-size-default\">SCoT Couserans : en cours d\u2019\u00e9laboration<\/h4>\t\t\t\t<\/div>\n\t\t\t\t<\/div>\n\t\t\t\t<\/div>\n\t\t\t\t<\/div>\n\t\t\t\t\t<\/div>\n\t\t\t\t<\/div>\n\t\t<div class=\"elementor-element elementor-element-ecc324d e-flex e-con-boxed e-con e-parent\" data-id=\"ecc324d\" data-element_type=\"container\">\n\t\t\t\t\t<div class=\"e-con-inner\">\n\t\t\t\t<div class=\"elementor-element elementor-element-a468722 elementor-widget elementor-widget-spacer\" data-id=\"a468722\" data-element_type=\"widget\" data-widget_type=\"spacer.default\">\n\t\t\t\t<div class=\"elementor-widget-container\">\n\t\t\t\t\t\t\t<div class=\"elementor-spacer\">\n\t\t\t<div class=\"elementor-spacer-inner\"><\/div>\n\t\t<\/div>\n\t\t\t\t\t\t<\/div>\n\t\t\t\t<\/div>\n\t\t\t\t\t<\/div>\n\t\t\t\t<\/div>\n\t\t<div class=\"elementor-element elementor-element-7182be59 e-flex e-con-boxed e-con e-parent\" data-id=\"7182be59\" data-element_type=\"container\" data-settings=\"{&quot;background_background&quot;:&quot;classic&quot;}\">\n\t\t\t\t\t<div class=\"e-con-inner\">\n\t\t\t\t<div class=\"elementor-element elementor-element-7ac88e5a elementor-widget elementor-widget-menu-anchor\" data-id=\"7ac88e5a\" data-element_type=\"widget\" data-widget_type=\"menu-anchor.default\">\n\t\t\t\t<div class=\"elementor-widget-container\">\n\t\t\t\t\t\t\t<div class=\"elementor-menu-anchor\" id=\"montagne\"><\/div>\n\t\t\t\t\t\t<\/div>\n\t\t\t\t<\/div>\n\t\t\t\t<div class=\"elementor-element elementor-element-4504cb1 elementor-widget elementor-widget-heading\" data-id=\"4504cb1\" data-element_type=\"widget\" data-widget_type=\"heading.default\">\n\t\t\t\t<div class=\"elementor-widget-container\">\n\t\t\t\t\t<h3 class=\"elementor-heading-title elementor-size-default\">Projets d'am\u00e9nagements en montagne<\/h3>\t\t\t\t<\/div>\n\t\t\t\t<\/div>\n\t\t\t\t<div class=\"elementor-element elementor-element-2d631c6 elementor-widget elementor-widget-heading\" data-id=\"2d631c6\" data-element_type=\"widget\" data-widget_type=\"heading.default\">\n\t\t\t\t<div class=\"elementor-widget-container\">\n\t\t\t\t\t<h4 class=\"elementor-heading-title elementor-size-default\">Actualit\u00e9s<\/h4>\t\t\t\t<\/div>\n\t\t\t\t<\/div>\n\t\t<div class=\"elementor-element elementor-element-7e42e680 e-grid e-con-full e-con e-child\" data-id=\"7e42e680\" data-element_type=\"container\" data-settings=\"{&quot;background_background&quot;:&quot;classic&quot;}\">\n\t\t<div class=\"elementor-element elementor-element-95332ee e-con-full e-flex e-con e-child\" data-id=\"95332ee\" data-element_type=\"container\" data-settings=\"{&quot;background_background&quot;:&quot;classic&quot;}\">\n\t\t\t\t<div class=\"elementor-element elementor-element-535d1553 elementor-widget elementor-widget-heading\" data-id=\"535d1553\" data-element_type=\"widget\" data-widget_type=\"heading.default\">\n\t\t\t\t<div class=\"elementor-widget-container\">\n\t\t\t\t\t<h4 class=\"elementor-heading-title elementor-size-default\">Projet de retenue d\u2019eau de G\u00e9rac \u00e0 Guzet<\/h4>\t\t\t\t<\/div>\n\t\t\t\t<\/div>\n\t\t\t\t<div class=\"elementor-element elementor-element-aaecff4 elementor-widget elementor-widget-text-editor\" data-id=\"aaecff4\" data-element_type=\"widget\" data-widget_type=\"text-editor.default\">\n\t\t\t\t<div class=\"elementor-widget-container\">\n\t\t\t\t\t\t\t\t\t<p>C\u2019est gr\u00e2ce \u00e0 l\u2019opposition du CEA que la station de Guzet ne s&rsquo;est pas \u00e9tendue (voir ci-dessous Affaires pass\u00e9es\u00a0\u00bb). L&rsquo;actualit\u00e9 ? <strong>6 millions d&rsquo;euros pour une retenue collinaire de 100 000\u00a0m3 destin\u00e9e \u00e0 produire de la neige artificielle<\/strong> alors que les projections climatologiques annihilent cette possibilit\u00e9 d\u00e8s 2030. Ajouter \u00e0 cela l&rsquo;impact sur des esp\u00e8ces prot\u00e9g\u00e9es et sur la source d&rsquo;eau potable.<\/p>\t\t\t\t\t\t\t\t<\/div>\n\t\t\t\t<\/div>\n\t\t<div class=\"elementor-element elementor-element-5d8c31f e-grid e-con-full e-con e-child\" data-id=\"5d8c31f\" data-element_type=\"container\">\n\t\t\t\t<div class=\"elementor-element elementor-element-9b4bde0 elementor-widget elementor-widget-button\" data-id=\"9b4bde0\" data-element_type=\"widget\" data-widget_type=\"button.default\">\n\t\t\t\t<div class=\"elementor-widget-container\">\n\t\t\t\t\t\t\t\t\t<div class=\"elementor-button-wrapper\">\n\t\t\t\t\t<a class=\"elementor-button elementor-button-link elementor-size-sm elementor-animation-grow\" href=\"https:\/\/comite-ecologique-ariegeois.org\/wp-content\/uploads\/2025\/01\/Infos-consultation-derogation-Gerac_03-06-2024-4.pdf\">\n\t\t\t\t\t\t<span class=\"elementor-button-content-wrapper\">\n\t\t\t\t\t\t\t\t\t<span class=\"elementor-button-text\">Synth\u00e8se de CEA et Chabot du 03\/06\/2024<\/span>\n\t\t\t\t\t<\/span>\n\t\t\t\t\t<\/a>\n\t\t\t\t<\/div>\n\t\t\t\t\t\t\t\t<\/div>\n\t\t\t\t<\/div>\n\t\t\t\t<div class=\"elementor-element elementor-element-95d70fa elementor-widget elementor-widget-image\" data-id=\"95d70fa\" data-element_type=\"widget\" data-widget_type=\"image.default\">\n\t\t\t\t<div class=\"elementor-widget-container\">\n\t\t\t\t\t\t\t\t\t\t\t\t\t\t\t\t<a href=\"https:\/\/www.apra-lechabot.fr\/?s=guzet\">\n\t\t\t\t\t\t\t<img decoding=\"async\" src=\"https:\/\/comite-ecologique-ariegeois.org\/wp-content\/uploads\/elementor\/thumbs\/logo1-qth9u4dkxz9ce6mly6gqbhyzyfryhqumx7f0kfmbgc.png\" title=\"logo1\" alt=\"logo1\" loading=\"lazy\" \/>\t\t\t\t\t\t\t\t<\/a>\n\t\t\t\t\t\t\t\t\t\t\t\t\t\t\t<\/div>\n\t\t\t\t<\/div>\n\t\t\t\t<\/div>\n\t\t\t\t<div class=\"elementor-element elementor-element-5a567afe elementor-widget elementor-widget-image\" data-id=\"5a567afe\" data-element_type=\"widget\" data-widget_type=\"image.default\">\n\t\t\t\t<div class=\"elementor-widget-container\">\n\t\t\t\t\t\t\t\t\t\t\t\t<figure class=\"wp-caption\">\n\t\t\t\t\t\t\t\t\t\t<img fetchpriority=\"high\" decoding=\"async\" width=\"1024\" height=\"768\" src=\"https:\/\/comite-ecologique-ariegeois.org\/wp-content\/uploads\/2024\/11\/cirqueGerac-1024x768.jpg\" class=\"attachment-large size-large wp-image-3789\" alt=\"\" srcset=\"https:\/\/comite-ecologique-ariegeois.org\/wp-content\/uploads\/2024\/11\/cirqueGerac-1024x768.jpg 1024w, https:\/\/comite-ecologique-ariegeois.org\/wp-content\/uploads\/2024\/11\/cirqueGerac-300x225.jpg 300w, https:\/\/comite-ecologique-ariegeois.org\/wp-content\/uploads\/2024\/11\/cirqueGerac-768x576.jpg 768w, https:\/\/comite-ecologique-ariegeois.org\/wp-content\/uploads\/2024\/11\/cirqueGerac-1536x1152.jpg 1536w, https:\/\/comite-ecologique-ariegeois.org\/wp-content\/uploads\/2024\/11\/cirqueGerac-2048x1536.jpg 2048w\" sizes=\"(max-width: 1024px) 100vw, 1024px\" \/>\t\t\t\t\t\t\t\t\t\t\t<figcaption class=\"widget-image-caption wp-caption-text\">Le cirque de G\u00e9rac dans son \u00e9crin d\u2019un des plus beaux paysages du Haut-Couserans.<\/figcaption>\n\t\t\t\t\t\t\t\t\t\t<\/figure>\n\t\t\t\t\t\t\t\t\t<\/div>\n\t\t\t\t<\/div>\n\t\t\t\t<\/div>\n\t\t<div class=\"elementor-element elementor-element-35a37d0e e-con-full e-flex e-con e-child\" data-id=\"35a37d0e\" data-element_type=\"container\" data-settings=\"{&quot;background_background&quot;:&quot;classic&quot;}\">\n\t\t\t\t<div class=\"elementor-element elementor-element-49a5ed08 elementor-widget elementor-widget-heading\" data-id=\"49a5ed08\" data-element_type=\"widget\" data-widget_type=\"heading.default\">\n\t\t\t\t<div class=\"elementor-widget-container\">\n\t\t\t\t\t<h4 class=\"elementor-heading-title elementor-size-default\">Projet d\u2019observatoire astronomique Guzet<\/h4>\t\t\t\t<\/div>\n\t\t\t\t<\/div>\n\t\t\t\t<div class=\"elementor-element elementor-element-c669202 elementor-widget elementor-widget-text-editor\" data-id=\"c669202\" data-element_type=\"widget\" data-widget_type=\"text-editor.default\">\n\t\t\t\t<div class=\"elementor-widget-container\">\n\t\t\t\t\t\t\t\t\t<p>Le CEA ne s\u2019oppose pas au projet d\u2019observatoire astronomique port\u00e9 par la Com-com mais <strong>conteste l\u2019emplacement choisi<\/strong>. En effet, l&rsquo;endroit induit un impact important sur le paysage et la biodiversit\u00e9 alors que d\u2019autres lieux (qui le rapprocheraient de la zone d\u00e9j\u00e0 urbanis\u00e9e) pourraient convenir pour cette construction \u00e0 Guzet sans entra\u00eener de tels impacts. Malheureusement, les propositions alternatives du CEA ont fait l\u2019objet d\u2019une fin de non-recevoir de la part de l\u2019association Ciel d\u2019Occitanie initiatrice du projet.<\/p>\t\t\t\t\t\t\t\t<\/div>\n\t\t\t\t<\/div>\n\t\t\t\t<div class=\"elementor-element elementor-element-78f2af0 elementor-widget elementor-widget-button\" data-id=\"78f2af0\" data-element_type=\"widget\" data-widget_type=\"button.default\">\n\t\t\t\t<div class=\"elementor-widget-container\">\n\t\t\t\t\t\t\t\t\t<div class=\"elementor-button-wrapper\">\n\t\t\t\t\t<a class=\"elementor-button elementor-button-link elementor-size-sm elementor-animation-grow\" href=\"https:\/\/comite-ecologique-ariegeois.org\/archiveSPIP2024\/actions\/amenagements-en-milieux-naturels\/article\/pour-guzet-un-projet-astronomique.html\">\n\t\t\t\t\t\t<span class=\"elementor-button-content-wrapper\">\n\t\t\t\t\t\t\t\t\t<span class=\"elementor-button-text\">En savoir plus<\/span>\n\t\t\t\t\t<\/span>\n\t\t\t\t\t<\/a>\n\t\t\t\t<\/div>\n\t\t\t\t\t\t\t\t<\/div>\n\t\t\t\t<\/div>\n\t\t\t\t<div class=\"elementor-element elementor-element-1064d331 elementor-widget elementor-widget-image\" data-id=\"1064d331\" data-element_type=\"widget\" data-widget_type=\"image.default\">\n\t\t\t\t<div class=\"elementor-widget-container\">\n\t\t\t\t\t\t\t\t\t\t\t\t<figure class=\"wp-caption\">\n\t\t\t\t\t\t\t\t\t\t<img decoding=\"async\" width=\"900\" height=\"496\" src=\"https:\/\/comite-ecologique-ariegeois.org\/wp-content\/uploads\/2024\/11\/Photo-travaux-implantation-observatoire-NOUVEAUX-TRAVAUX-DSC04910_01-1-e1772302632261.jpg\" class=\"attachment-large size-large wp-image-3387\" alt=\"\" srcset=\"https:\/\/comite-ecologique-ariegeois.org\/wp-content\/uploads\/2024\/11\/Photo-travaux-implantation-observatoire-NOUVEAUX-TRAVAUX-DSC04910_01-1-e1772302632261.jpg 900w, https:\/\/comite-ecologique-ariegeois.org\/wp-content\/uploads\/2024\/11\/Photo-travaux-implantation-observatoire-NOUVEAUX-TRAVAUX-DSC04910_01-1-e1772302632261-300x165.jpg 300w, https:\/\/comite-ecologique-ariegeois.org\/wp-content\/uploads\/2024\/11\/Photo-travaux-implantation-observatoire-NOUVEAUX-TRAVAUX-DSC04910_01-1-e1772302632261-768x423.jpg 768w\" sizes=\"(max-width: 900px) 100vw, 900px\" \/>\t\t\t\t\t\t\t\t\t\t\t<figcaption class=\"widget-image-caption wp-caption-text\">Travaux d'implantation de l'observatoire<\/figcaption>\n\t\t\t\t\t\t\t\t\t\t<\/figure>\n\t\t\t\t\t\t\t\t\t<\/div>\n\t\t\t\t<\/div>\n\t\t\t\t<\/div>\n\t\t\t\t<\/div>\n\t\t\t\t<div class=\"elementor-element elementor-element-640a4f31 elementor-widget elementor-widget-heading\" data-id=\"640a4f31\" data-element_type=\"widget\" data-widget_type=\"heading.default\">\n\t\t\t\t<div class=\"elementor-widget-container\">\n\t\t\t\t\t<h4 class=\"elementor-heading-title elementor-size-default\">Affaires pass\u00e9es<\/h4>\t\t\t\t<\/div>\n\t\t\t\t<\/div>\n\t\t<div class=\"elementor-element elementor-element-6e9e027 e-grid e-con-full e-con e-child\" data-id=\"6e9e027\" data-element_type=\"container\" data-settings=\"{&quot;background_background&quot;:&quot;classic&quot;}\">\n\t\t<div class=\"elementor-element elementor-element-f6fe3c8 e-con-full e-flex e-con e-child\" data-id=\"f6fe3c8\" data-element_type=\"container\" data-settings=\"{&quot;background_background&quot;:&quot;classic&quot;}\">\n\t\t\t\t<div class=\"elementor-element elementor-element-4a47183 elementor-widget elementor-widget-heading\" data-id=\"4a47183\" data-element_type=\"widget\" data-widget_type=\"heading.default\">\n\t\t\t\t<div class=\"elementor-widget-container\">\n\t\t\t\t\t<h4 class=\"elementor-heading-title elementor-size-default\">Extension du domaine skiable de  Guzet<\/h4>\t\t\t\t<\/div>\n\t\t\t\t<\/div>\n\t\t\t\t<div class=\"elementor-element elementor-element-189cf17 elementor-widget elementor-widget-text-editor\" data-id=\"189cf17\" data-element_type=\"widget\" data-widget_type=\"text-editor.default\">\n\t\t\t\t<div class=\"elementor-widget-container\">\n\t\t\t\t\t\t\t\t\t<p>C\u2019est gr\u00e2ce \u00e0 l\u2019opposition efficace du CEA en <strong>1989<\/strong> que la grande <strong>extension de la station de Guzet<\/strong>, qui aurait d\u00e9truit la vall\u00e9e de Turguilla, d\u2019Aub\u00e9, de Romedo et de Couillac-La Hilette, <strong>a pu \u00eatre emp\u00each\u00e9e.<\/strong> <br \/>En <strong>2005<\/strong> et suivantes, c\u2019est la <strong>vall\u00e9e du Fouillet qui a \u00e9t\u00e9 pr\u00e9serv\u00e9e<\/strong> d\u2019une autre extension de la station.<\/p>\t\t\t\t\t\t\t\t<\/div>\n\t\t\t\t<\/div>\n\t\t\t\t<div class=\"elementor-element elementor-element-eb636fc elementor-widget elementor-widget-button\" data-id=\"eb636fc\" data-element_type=\"widget\" data-widget_type=\"button.default\">\n\t\t\t\t<div class=\"elementor-widget-container\">\n\t\t\t\t\t\t\t\t\t<div class=\"elementor-button-wrapper\">\n\t\t\t\t\t<a class=\"elementor-button elementor-button-link elementor-size-sm elementor-animation-grow\" href=\"https:\/\/comite-ecologique-ariegeois.org\/wp-content\/uploads\/2024\/10\/Historique-travaux-illegaux_-destruction-du-cirque-de-Gerac.pdf\">\n\t\t\t\t\t\t<span class=\"elementor-button-content-wrapper\">\n\t\t\t\t\t\t\t\t\t<span class=\"elementor-button-text\">Historique depuis 1936<\/span>\n\t\t\t\t\t<\/span>\n\t\t\t\t\t<\/a>\n\t\t\t\t<\/div>\n\t\t\t\t\t\t\t\t<\/div>\n\t\t\t\t<\/div>\n\t\t\t\t<div class=\"elementor-element elementor-element-76d9f1f elementor-widget elementor-widget-button\" data-id=\"76d9f1f\" data-element_type=\"widget\" data-widget_type=\"button.default\">\n\t\t\t\t<div class=\"elementor-widget-container\">\n\t\t\t\t\t\t\t\t\t<div class=\"elementor-button-wrapper\">\n\t\t\t\t\t<a class=\"elementor-button elementor-button-link elementor-size-sm elementor-animation-grow\" href=\"https:\/\/comite-ecologique-ariegeois.org\/wp-content\/uploads\/2024\/10\/projet-UTN-Guzet2005.pdf\">\n\t\t\t\t\t\t<span class=\"elementor-button-content-wrapper\">\n\t\t\t\t\t\t\t\t\t<span class=\"elementor-button-text\">Avis CEA \/ le projet de 2005<\/span>\n\t\t\t\t\t<\/span>\n\t\t\t\t\t<\/a>\n\t\t\t\t<\/div>\n\t\t\t\t\t\t\t\t<\/div>\n\t\t\t\t<\/div>\n\t\t\t\t<div class=\"elementor-element elementor-element-88f3b13 elementor-widget elementor-widget-image\" data-id=\"88f3b13\" data-element_type=\"widget\" data-widget_type=\"image.default\">\n\t\t\t\t<div class=\"elementor-widget-container\">\n\t\t\t\t\t\t\t\t\t\t\t\t<figure class=\"wp-caption\">\n\t\t\t\t\t\t\t\t\t\t<img decoding=\"async\" width=\"1024\" height=\"884\" src=\"https:\/\/comite-ecologique-ariegeois.org\/wp-content\/uploads\/2024\/10\/travaux-Freychet-Gerac-Seron-point-source-1024x884.jpg\" class=\"attachment-large size-large wp-image-3228\" alt=\"\" srcset=\"https:\/\/comite-ecologique-ariegeois.org\/wp-content\/uploads\/2024\/10\/travaux-Freychet-Gerac-Seron-point-source-1024x884.jpg 1024w, https:\/\/comite-ecologique-ariegeois.org\/wp-content\/uploads\/2024\/10\/travaux-Freychet-Gerac-Seron-point-source-300x259.jpg 300w, https:\/\/comite-ecologique-ariegeois.org\/wp-content\/uploads\/2024\/10\/travaux-Freychet-Gerac-Seron-point-source-768x663.jpg 768w, https:\/\/comite-ecologique-ariegeois.org\/wp-content\/uploads\/2024\/10\/travaux-Freychet-Gerac-Seron-point-source-1536x1326.jpg 1536w, https:\/\/comite-ecologique-ariegeois.org\/wp-content\/uploads\/2024\/10\/travaux-Freychet-Gerac-Seron-point-source-2048x1768.jpg 2048w\" sizes=\"(max-width: 1024px) 100vw, 1024px\" \/>\t\t\t\t\t\t\t\t\t\t\t<figcaption class=\"widget-image-caption wp-caption-text\">GERAC : Un quart de si\u00e8cle apr\u00e8s les travaux les s\u00e9quelles sont encore bien visibles : Au premier plan l'arr\u00eate du S\u00e9ron d\u00e9truite pour tenter le passage pour des skieurs vers la vall\u00e9e de Turguilla.<\/figcaption>\n\t\t\t\t\t\t\t\t\t\t<\/figure>\n\t\t\t\t\t\t\t\t\t<\/div>\n\t\t\t\t<\/div>\n\t\t\t\t<\/div>\n\t\t<div class=\"elementor-element elementor-element-b49c176 e-con-full e-flex e-con e-child\" data-id=\"b49c176\" data-element_type=\"container\" data-settings=\"{&quot;background_background&quot;:&quot;classic&quot;}\">\n\t\t\t\t<div class=\"elementor-element elementor-element-bcb7dd0 elementor-widget elementor-widget-heading\" data-id=\"bcb7dd0\" data-element_type=\"widget\" data-widget_type=\"heading.default\">\n\t\t\t\t<div class=\"elementor-widget-container\">\n\t\t\t\t\t<h4 class=\"elementor-heading-title elementor-size-default\">Station de ski nordique du plateau de Beille<\/h4>\t\t\t\t<\/div>\n\t\t\t\t<\/div>\n\t\t\t\t<div class=\"elementor-element elementor-element-ceac5d7 elementor-widget elementor-widget-text-editor\" data-id=\"ceac5d7\" data-element_type=\"widget\" data-widget_type=\"text-editor.default\">\n\t\t\t\t<div class=\"elementor-widget-container\">\n\t\t\t\t\t\t\t\t\t<p>Cette station, cr\u00e9\u00e9e en 1988, ouverte au public en 1989, s\u2019est faite avec de lourds am\u00e9nagements du milieu montagnard : voies d\u2019acc\u00e8s goudronn\u00e9es, parkings, b\u00e2timent d\u2019accueil, captages d\u2019AEP, assainissement, nombreuses pistes de ski de fond et circuits de randonn\u00e9e, pistes de raquettes, sans grand d\u00e9fens du hors-piste etc. C\u2019est <strong>la qualit\u00e9 du milieu qui a \u00e9t\u00e9 sacrifi\u00e9e<\/strong> car le plateau de Beille \u00e9tait une zone naturelle exceptionnelle qui jouait un r\u00f4le pyr\u00e9n\u00e9en clef pour la<strong> conservation du Grand T\u00e9tras<\/strong><\/p>\t\t\t\t\t\t\t\t<\/div>\n\t\t\t\t<\/div>\n\t\t\t\t<div class=\"elementor-element elementor-element-1163c33 elementor-widget elementor-widget-button\" data-id=\"1163c33\" data-element_type=\"widget\" data-widget_type=\"button.default\">\n\t\t\t\t<div class=\"elementor-widget-container\">\n\t\t\t\t\t\t\t\t\t<div class=\"elementor-button-wrapper\">\n\t\t\t\t\t<a class=\"elementor-button elementor-button-link elementor-size-sm elementor-animation-grow\" href=\"https:\/\/comite-ecologique-ariegeois.org\/wp-content\/uploads\/2024\/10\/Avis-des-APNE_-Amenagements-au-Plateau-de-Beille_16-11-2020.pdf\">\n\t\t\t\t\t\t<span class=\"elementor-button-content-wrapper\">\n\t\t\t\t\t\t\t\t\t<span class=\"elementor-button-text\">Avis des APNE Nov. 2020<\/span>\n\t\t\t\t\t<\/span>\n\t\t\t\t\t<\/a>\n\t\t\t\t<\/div>\n\t\t\t\t\t\t\t\t<\/div>\n\t\t\t\t<\/div>\n\t\t\t\t<div class=\"elementor-element elementor-element-144e5e1 elementor-widget elementor-widget-image\" data-id=\"144e5e1\" data-element_type=\"widget\" data-widget_type=\"image.default\">\n\t\t\t\t<div class=\"elementor-widget-container\">\n\t\t\t\t\t\t\t\t\t\t\t\t<figure class=\"wp-caption\">\n\t\t\t\t\t\t\t\t\t\t<img loading=\"lazy\" decoding=\"async\" width=\"1024\" height=\"589\" src=\"https:\/\/comite-ecologique-ariegeois.org\/wp-content\/uploads\/2024\/10\/Plateau-de-Beille_NX-1-e1772302779872-1024x589.jpg\" class=\"attachment-large size-large wp-image-3317\" alt=\"\" srcset=\"https:\/\/comite-ecologique-ariegeois.org\/wp-content\/uploads\/2024\/10\/Plateau-de-Beille_NX-1-e1772302779872-1024x589.jpg 1024w, https:\/\/comite-ecologique-ariegeois.org\/wp-content\/uploads\/2024\/10\/Plateau-de-Beille_NX-1-e1772302779872-300x173.jpg 300w, https:\/\/comite-ecologique-ariegeois.org\/wp-content\/uploads\/2024\/10\/Plateau-de-Beille_NX-1-e1772302779872-768x442.jpg 768w, https:\/\/comite-ecologique-ariegeois.org\/wp-content\/uploads\/2024\/10\/Plateau-de-Beille_NX-1-e1772302779872-1536x883.jpg 1536w, https:\/\/comite-ecologique-ariegeois.org\/wp-content\/uploads\/2024\/10\/Plateau-de-Beille_NX-1-e1772302779872-2048x1178.jpg 2048w\" sizes=\"(max-width: 1024px) 100vw, 1024px\" \/>\t\t\t\t\t\t\t\t\t\t\t<figcaption class=\"widget-image-caption wp-caption-text\">Les pineraies \u00e0 crochets du Plateau de Beille forment un milieu favorable au Grand t\u00e9tras mais faute d'avoir jouer la carte de la conservation de cette esp\u00e8ce embl\u00e9matique, la station a laiss\u00e9 s'effondrer le peuplement.<\/figcaption>\n\t\t\t\t\t\t\t\t\t\t<\/figure>\n\t\t\t\t\t\t\t\t\t<\/div>\n\t\t\t\t<\/div>\n\t\t\t\t<\/div>\n\t\t<div class=\"elementor-element elementor-element-697d948 e-con-full e-flex e-con e-child\" data-id=\"697d948\" data-element_type=\"container\" data-settings=\"{&quot;background_background&quot;:&quot;classic&quot;}\">\n\t\t\t\t<div class=\"elementor-element elementor-element-90bd0bc elementor-widget elementor-widget-heading\" data-id=\"90bd0bc\" data-element_type=\"widget\" data-widget_type=\"heading.default\">\n\t\t\t\t<div class=\"elementor-widget-container\">\n\t\t\t\t\t<h4 class=\"elementor-heading-title elementor-size-default\">Refuge-Chalet \u00e0 Soulcem<\/h4>\t\t\t\t<\/div>\n\t\t\t\t<\/div>\n\t\t\t\t<div class=\"elementor-element elementor-element-6a30b80 elementor-widget elementor-widget-text-editor\" data-id=\"6a30b80\" data-element_type=\"widget\" data-widget_type=\"text-editor.default\">\n\t\t\t\t<div class=\"elementor-widget-container\">\n\t\t\t\t\t\t\t\t\t<p>\u00a0Un refuge de 830\u00a0m\u00b2, incluant un restaurant et 50 lits, dans une <strong>vall\u00e9e extr\u00eamement dangereuse, truff\u00e9e de couloirs d\u2019avalanche et de pierriers instables.<\/strong> Le permis de construire, accord\u00e9 par le pr\u00e9fet, a \u00e9t\u00e9 port\u00e9 devant le juge administratif. Celui-ci a jug\u00e9 le 19 novembre <strong>2014<\/strong> que d\u2019une part le projet se situait \u00e0 <strong>moins de 300\u00a0m du rivage du lac o\u00f9 les constructions sont interdites<\/strong> et d\u2019autre part que ce \u00ab\u00a0chalet-refuge\u00a0\u00bb ne correspondait en rien \u00e0 un refuge\u00a0 et constitue un h\u00f4tel-restaurant d\u2019altitude visant \u00e0 attirer la client\u00e8le la plus large dans des conditions identiques \u00e0 celles de l\u2019h\u00f4tellerie traditionnelle&#8230;<\/p>\t\t\t\t\t\t\t\t<\/div>\n\t\t\t\t<\/div>\n\t\t\t\t<div class=\"elementor-element elementor-element-343b8a1 elementor-widget elementor-widget-button\" data-id=\"343b8a1\" data-element_type=\"widget\" data-widget_type=\"button.default\">\n\t\t\t\t<div class=\"elementor-widget-container\">\n\t\t\t\t\t\t\t\t\t<div class=\"elementor-button-wrapper\">\n\t\t\t\t\t<a class=\"elementor-button elementor-button-link elementor-size-sm elementor-animation-grow\" href=\"https:\/\/comite-ecologique-ariegeois.org\/archiveSPIP2024\/actions\/amenagements-en-milieux-naturels\/amenagement-en-montagne\/article\/l-ex-projet-de-refuge-chalet-a-soulcem-pour-comprendre-le-role-du-cea-en-ariege.html\">\n\t\t\t\t\t\t<span class=\"elementor-button-content-wrapper\">\n\t\t\t\t\t\t\t\t\t<span class=\"elementor-button-text\">En savoir plus<\/span>\n\t\t\t\t\t<\/span>\n\t\t\t\t\t<\/a>\n\t\t\t\t<\/div>\n\t\t\t\t\t\t\t\t<\/div>\n\t\t\t\t<\/div>\n\t\t\t\t<div class=\"elementor-element elementor-element-6d069f7 elementor-widget elementor-widget-image\" data-id=\"6d069f7\" data-element_type=\"widget\" data-widget_type=\"image.default\">\n\t\t\t\t<div class=\"elementor-widget-container\">\n\t\t\t\t\t\t\t\t\t\t\t\t<figure class=\"wp-caption\">\n\t\t\t\t\t\t\t\t\t\t<img loading=\"lazy\" decoding=\"async\" width=\"486\" height=\"359\" src=\"https:\/\/comite-ecologique-ariegeois.org\/wp-content\/uploads\/2024\/11\/Versant-route-Carla-Soulcem-1-e1772302824440.jpg\" class=\"attachment-large size-large wp-image-3401\" alt=\"\" srcset=\"https:\/\/comite-ecologique-ariegeois.org\/wp-content\/uploads\/2024\/11\/Versant-route-Carla-Soulcem-1-e1772302824440.jpg 486w, https:\/\/comite-ecologique-ariegeois.org\/wp-content\/uploads\/2024\/11\/Versant-route-Carla-Soulcem-1-e1772302824440-300x222.jpg 300w\" sizes=\"(max-width: 486px) 100vw, 486px\" \/>\t\t\t\t\t\t\t\t\t\t\t<figcaption class=\"widget-image-caption wp-caption-text\">Photo de la route qui m\u00e8ne du barrage vers le site du projet de Chalet-Refuge surplomb\u00e9e par 1000m de pentes tr\u00e8s raides truff\u00e9es de rochers instables.<\/figcaption>\n\t\t\t\t\t\t\t\t\t\t<\/figure>\n\t\t\t\t\t\t\t\t\t<\/div>\n\t\t\t\t<\/div>\n\t\t\t\t<\/div>\n\t\t<div class=\"elementor-element elementor-element-bb3785a e-con-full e-flex e-con e-child\" data-id=\"bb3785a\" data-element_type=\"container\" data-settings=\"{&quot;background_background&quot;:&quot;classic&quot;}\">\n\t\t\t\t<div class=\"elementor-element elementor-element-8ff06de elementor-widget elementor-widget-heading\" data-id=\"8ff06de\" data-element_type=\"widget\" data-widget_type=\"heading.default\">\n\t\t\t\t<div class=\"elementor-widget-container\">\n\t\t\t\t\t<h4 class=\"elementor-heading-title elementor-size-default\">Travaux \u00e0 Ax 3 Domaines<\/h4>\t\t\t\t<\/div>\n\t\t\t\t<\/div>\n\t\t\t\t<div class=\"elementor-element elementor-element-c390485 elementor-widget elementor-widget-text-editor\" data-id=\"c390485\" data-element_type=\"widget\" data-widget_type=\"text-editor.default\">\n\t\t\t\t<div class=\"elementor-widget-container\">\n\t\t\t\t\t\t\t\t\t<p>Le tribunal administratif a annul\u00e9 en ao\u00fbt <strong>2020<\/strong> l&rsquo;autorisation de destruction d\u2019esp\u00e8ces et d\u2019habitats prot\u00e9g\u00e9s concernant des travaux sur la station de ski d\u2019Ax les 3 Domaines. Mais <strong>cette d\u00e9cision n&rsquo;a \u00e9t\u00e9 prononc\u00e9e qu&rsquo;une fois les travaux termin\u00e9s et la biodiversit\u00e9 d\u00e9grad\u00e9e !<br \/><\/strong><\/p>\t\t\t\t\t\t\t\t<\/div>\n\t\t\t\t<\/div>\n\t\t\t\t<div class=\"elementor-element elementor-element-bc930e1 elementor-widget elementor-widget-button\" data-id=\"bc930e1\" data-element_type=\"widget\" data-widget_type=\"button.default\">\n\t\t\t\t<div class=\"elementor-widget-container\">\n\t\t\t\t\t\t\t\t\t<div class=\"elementor-button-wrapper\">\n\t\t\t\t\t<a class=\"elementor-button elementor-button-link elementor-size-sm elementor-animation-grow\" href=\"https:\/\/comite-ecologique-ariegeois.org\/wp-content\/uploads\/2024\/10\/Communique-de-presse-APNE_11-08-2020.pdf\">\n\t\t\t\t\t\t<span class=\"elementor-button-content-wrapper\">\n\t\t\t\t\t\t\t\t\t<span class=\"elementor-button-text\">Communiqu\u00e9 des associations 10\/08\/2020<\/span>\n\t\t\t\t\t<\/span>\n\t\t\t\t\t<\/a>\n\t\t\t\t<\/div>\n\t\t\t\t\t\t\t\t<\/div>\n\t\t\t\t<\/div>\n\t\t\t\t<div class=\"elementor-element elementor-element-780842e elementor-widget elementor-widget-image\" data-id=\"780842e\" data-element_type=\"widget\" data-widget_type=\"image.default\">\n\t\t\t\t<div class=\"elementor-widget-container\">\n\t\t\t\t\t\t\t\t\t\t\t\t<figure class=\"wp-caption\">\n\t\t\t\t\t\t\t\t\t\t<img loading=\"lazy\" decoding=\"async\" width=\"1024\" height=\"481\" src=\"https:\/\/comite-ecologique-ariegeois.org\/wp-content\/uploads\/2024\/10\/Pistes-nouvelles-Savis-Carroutch-1-e1731276242638-1024x481.jpg\" class=\"attachment-large size-large wp-image-3316\" alt=\"\" srcset=\"https:\/\/comite-ecologique-ariegeois.org\/wp-content\/uploads\/2024\/10\/Pistes-nouvelles-Savis-Carroutch-1-e1731276242638-1024x481.jpg 1024w, https:\/\/comite-ecologique-ariegeois.org\/wp-content\/uploads\/2024\/10\/Pistes-nouvelles-Savis-Carroutch-1-e1731276242638-300x141.jpg 300w, https:\/\/comite-ecologique-ariegeois.org\/wp-content\/uploads\/2024\/10\/Pistes-nouvelles-Savis-Carroutch-1-e1731276242638-768x361.jpg 768w, https:\/\/comite-ecologique-ariegeois.org\/wp-content\/uploads\/2024\/10\/Pistes-nouvelles-Savis-Carroutch-1-e1731276242638-1536x722.jpg 1536w, https:\/\/comite-ecologique-ariegeois.org\/wp-content\/uploads\/2024\/10\/Pistes-nouvelles-Savis-Carroutch-1-e1731276242638-2048x962.jpg 2048w\" sizes=\"(max-width: 1024px) 100vw, 1024px\" \/>\t\t\t\t\t\t\t\t\t\t\t<figcaption class=\"widget-image-caption wp-caption-text\">Nouvelles pistes Savis-Carroutch<\/figcaption>\n\t\t\t\t\t\t\t\t\t\t<\/figure>\n\t\t\t\t\t\t\t\t\t<\/div>\n\t\t\t\t<\/div>\n\t\t\t\t<\/div>\n\t\t<div class=\"elementor-element elementor-element-ca46680 e-con-full e-flex e-con e-child\" data-id=\"ca46680\" data-element_type=\"container\" data-settings=\"{&quot;background_background&quot;:&quot;classic&quot;}\">\n\t\t\t\t<div class=\"elementor-element elementor-element-ab0a330 elementor-widget elementor-widget-heading\" data-id=\"ab0a330\" data-element_type=\"widget\" data-widget_type=\"heading.default\">\n\t\t\t\t<div class=\"elementor-widget-container\">\n\t\t\t\t\t<h4 class=\"elementor-heading-title elementor-size-default\">Annulation de l'extension de la station de ski de Mijan\u00e8s<\/h4>\t\t\t\t<\/div>\n\t\t\t\t<\/div>\n\t\t\t\t<div class=\"elementor-element elementor-element-d386e28 elementor-widget elementor-widget-text-editor\" data-id=\"d386e28\" data-element_type=\"widget\" data-widget_type=\"text-editor.default\">\n\t\t\t\t<div class=\"elementor-widget-container\">\n\t\t\t\t\t\t\t\t\t<p>Outre une <strong>zone d\u2019hivernage vitale pour le Grand T\u00e9tras<\/strong> les milieux vis\u00e9s par le projet comprennent<strong> 9\u00a0habitats d&rsquo;int\u00e9r\u00eat communautaire et au moins 5plantes prot\u00e9g\u00e9es<\/strong>. <span id=\"page7R_mcid9\" class=\"markedContent\"><span dir=\"ltr\" role=\"presentation\">Le Comit\u00e9 Ecologique<\/span> <span dir=\"ltr\" role=\"presentation\">Ari\u00e9geois et l\u2019association Nature Midi-Pyr\u00e9n\u00e9es, devant la d\u00e9vastation annonc\u00e9e, ont saisi le juge<\/span> <span dir=\"ltr\" role=\"presentation\">administratif qui a annul\u00e9 en d\u00e9cembre <strong>2011<\/strong> l\u2019autorisation de cr\u00e9ation de cette Unit\u00e9 Touristique Nouvelle<\/span><\/span><\/p>\t\t\t\t\t\t\t\t<\/div>\n\t\t\t\t<\/div>\n\t\t\t\t<div class=\"elementor-element elementor-element-c50d9f9 elementor-widget elementor-widget-button\" data-id=\"c50d9f9\" data-element_type=\"widget\" data-widget_type=\"button.default\">\n\t\t\t\t<div class=\"elementor-widget-container\">\n\t\t\t\t\t\t\t\t\t<div class=\"elementor-button-wrapper\">\n\t\t\t\t\t<a class=\"elementor-button elementor-button-link elementor-size-sm elementor-animation-grow\" href=\"https:\/\/comite-ecologique-ariegeois.org\/wp-content\/uploads\/2024\/10\/Communique-de-Presse-Mijanes-19.12.2011.pdf\">\n\t\t\t\t\t\t<span class=\"elementor-button-content-wrapper\">\n\t\t\t\t\t\t\t\t\t<span class=\"elementor-button-text\">Communiqu\u00e9 de presse CEA 19\/12\/2011<\/span>\n\t\t\t\t\t<\/span>\n\t\t\t\t\t<\/a>\n\t\t\t\t<\/div>\n\t\t\t\t\t\t\t\t<\/div>\n\t\t\t\t<\/div>\n\t\t\t\t<\/div>\n\t\t<div class=\"elementor-element elementor-element-4a36ebc e-con-full e-flex e-con e-child\" data-id=\"4a36ebc\" data-element_type=\"container\" data-settings=\"{&quot;background_background&quot;:&quot;classic&quot;}\">\n\t\t\t\t<div class=\"elementor-element elementor-element-3b236b5 elementor-widget elementor-widget-heading\" data-id=\"3b236b5\" data-element_type=\"widget\" data-widget_type=\"heading.default\">\n\t\t\t\t<div class=\"elementor-widget-container\">\n\t\t\t\t\t<h4 class=\"elementor-heading-title elementor-size-default\">Projet de refuge-h\u00f4tel de La Hillette<\/h4>\t\t\t\t<\/div>\n\t\t\t\t<\/div>\n\t\t\t\t<div class=\"elementor-element elementor-element-117c9a0 elementor-widget elementor-widget-text-editor\" data-id=\"117c9a0\" data-element_type=\"widget\" data-widget_type=\"text-editor.default\">\n\t\t\t\t<div class=\"elementor-widget-container\">\n\t\t\t\t\t\t\t\t\t<p>10 ans de lutte contre la construction d&rsquo;un refuge-h\u00f4tel dans ce <strong>site \u00e0 la fois fragile et remarquable<\/strong>. <br>Le Tribunal Administratif de Toulouse a jug\u00e9 au fond et a \u00e9t\u00e9 prononc\u00e9 en juin <strong>2003<\/strong> l\u2019annulation du permis de construire.<\/p>\t\t\t\t\t\t\t\t<\/div>\n\t\t\t\t<\/div>\n\t\t\t\t<div class=\"elementor-element elementor-element-9e31d59 elementor-widget elementor-widget-button\" data-id=\"9e31d59\" data-element_type=\"widget\" data-widget_type=\"button.default\">\n\t\t\t\t<div class=\"elementor-widget-container\">\n\t\t\t\t\t\t\t\t\t<div class=\"elementor-button-wrapper\">\n\t\t\t\t\t<a class=\"elementor-button elementor-button-link elementor-size-sm elementor-animation-grow\" href=\"https:\/\/comite-ecologique-ariegeois.org\/archiveSPIP2024\/l-association\/vie-de-l-association\/l-association-dans-le-temps\/article\/annulation-du-projet-de-la-hillette.html\">\n\t\t\t\t\t\t<span class=\"elementor-button-content-wrapper\">\n\t\t\t\t\t\t\t\t\t<span class=\"elementor-button-text\">Communiqu\u00e9 de presse CEA 08\/10\/2003<\/span>\n\t\t\t\t\t<\/span>\n\t\t\t\t\t<\/a>\n\t\t\t\t<\/div>\n\t\t\t\t\t\t\t\t<\/div>\n\t\t\t\t<\/div>\n\t\t\t\t<\/div>\n\t\t\t\t<\/div>\n\t\t\t\t\t<\/div>\n\t\t\t\t<\/div>\n\t\t<div class=\"elementor-element elementor-element-b710721 e-flex e-con-boxed e-con e-parent\" data-id=\"b710721\" data-element_type=\"container\">\n\t\t\t\t\t<div class=\"e-con-inner\">\n\t\t\t\t<div class=\"elementor-element elementor-element-b5ec436 elementor-widget elementor-widget-spacer\" data-id=\"b5ec436\" data-element_type=\"widget\" data-widget_type=\"spacer.default\">\n\t\t\t\t<div class=\"elementor-widget-container\">\n\t\t\t\t\t\t\t<div class=\"elementor-spacer\">\n\t\t\t<div class=\"elementor-spacer-inner\"><\/div>\n\t\t<\/div>\n\t\t\t\t\t\t<\/div>\n\t\t\t\t<\/div>\n\t\t\t\t\t<\/div>\n\t\t\t\t<\/div>\n\t\t<div class=\"elementor-element elementor-element-eb9d860 e-flex e-con-boxed e-con e-parent\" data-id=\"eb9d860\" data-element_type=\"container\" data-settings=\"{&quot;background_background&quot;:&quot;classic&quot;}\">\n\t\t\t\t\t<div class=\"e-con-inner\">\n\t\t\t\t<div class=\"elementor-element elementor-element-6b74a24 elementor-widget elementor-widget-menu-anchor\" data-id=\"6b74a24\" data-element_type=\"widget\" data-widget_type=\"menu-anchor.default\">\n\t\t\t\t<div class=\"elementor-widget-container\">\n\t\t\t\t\t\t\t<div class=\"elementor-menu-anchor\" id=\"voirie\"><\/div>\n\t\t\t\t\t\t<\/div>\n\t\t\t\t<\/div>\n\t\t\t\t<div class=\"elementor-element elementor-element-74c5184 elementor-widget elementor-widget-heading\" data-id=\"74c5184\" data-element_type=\"widget\" data-widget_type=\"heading.default\">\n\t\t\t\t<div class=\"elementor-widget-container\">\n\t\t\t\t\t<h3 class=\"elementor-heading-title elementor-size-default\">Voiries<\/h3>\t\t\t\t<\/div>\n\t\t\t\t<\/div>\n\t\t\t\t<div class=\"elementor-element elementor-element-e4f3ef2 elementor-widget elementor-widget-text-editor\" data-id=\"e4f3ef2\" data-element_type=\"widget\" data-widget_type=\"text-editor.default\">\n\t\t\t\t<div class=\"elementor-widget-container\">\n\t\t\t\t\t\t\t\t\t<p>Contre la destruction de zones naturelles et en faveur du trafic routier, le CEA \u0153uvre pour des alternatives \u00e0 la hauteur des enjeux de notre si\u00e8cle.<\/p>\t\t\t\t\t\t\t\t<\/div>\n\t\t\t\t<\/div>\n\t\t<div class=\"elementor-element elementor-element-8beb07a e-grid e-con-full e-con e-child\" data-id=\"8beb07a\" data-element_type=\"container\" data-settings=\"{&quot;background_background&quot;:&quot;classic&quot;}\">\n\t\t<div class=\"elementor-element elementor-element-3ce6ae5 e-con-full e-flex e-con e-child\" data-id=\"3ce6ae5\" data-element_type=\"container\" data-settings=\"{&quot;background_background&quot;:&quot;classic&quot;}\">\n\t\t\t\t<div class=\"elementor-element elementor-element-1c7b9a6 elementor-widget elementor-widget-heading\" data-id=\"1c7b9a6\" data-element_type=\"widget\" data-widget_type=\"heading.default\">\n\t\t\t\t<div class=\"elementor-widget-container\">\n\t\t\t\t\t<h4 class=\"elementor-heading-title elementor-size-default\">Saint-Girons : alternative \u00e0 la p\u00e9n\u00e9trante<\/h4>\t\t\t\t<\/div>\n\t\t\t\t<\/div>\n\t\t\t\t<div class=\"elementor-element elementor-element-76b1b29 elementor-widget elementor-widget-text-editor\" data-id=\"76b1b29\" data-element_type=\"widget\" data-widget_type=\"text-editor.default\">\n\t\t\t\t<div class=\"elementor-widget-container\">\n\t\t\t\t\t\t\t\t\t<p>Le Conseil D\u00e9partemental envisage d\u2019am\u00e9nager une voie nouvelle dite \u00ab p\u00e9n\u00e9trante \u00bb en doublement de la RD117 actuelle, sur les communes de Saint-Girons et de Saint-Lizier, entre le carrefour d\u2019Aldi et celui de Balagu\u00e9.<\/p><p><strong>Le collectif \u00ab Pour une alternative au projet de P\u00e9n\u00e9trante \u00bb\u00a0 propose de<\/strong> <strong>transf\u00e9rer une grosse partie du financement de ce gros projet carbon\u00e9, principalement destin\u00e9 aux flux des v\u00e9hicules motoris\u00e9s, \u00e0 la cr\u00e9ation de voies cyclables<\/strong> \u00e0 St Girons et sur les principaux axes du Couserans.<\/p>\t\t\t\t\t\t\t\t<\/div>\n\t\t\t\t<\/div>\n\t\t\t\t<div class=\"elementor-element elementor-element-2adacf4 elementor-widget elementor-widget-button\" data-id=\"2adacf4\" data-element_type=\"widget\" data-widget_type=\"button.default\">\n\t\t\t\t<div class=\"elementor-widget-container\">\n\t\t\t\t\t\t\t\t\t<div class=\"elementor-button-wrapper\">\n\t\t\t\t\t<a class=\"elementor-button elementor-button-link elementor-size-sm elementor-animation-grow\" href=\"https:\/\/soundcloud.com\/radiotransparence937\/alternative-ecologique-la-penetrante?utm_source=comite-ecologique-ariegeois.org&#038;utm_campaign=wtshare&#038;utm_medium=widget&#038;utm_content=https%253A%252F%252Fsoundcloud.com%252Fradiotransparence937%252Falternative-ecologique-la-penetrante#:~:text=Alternative%20%C3%89cologique%20%2D%20La,Radio%20Transparence\">\n\t\t\t\t\t\t<span class=\"elementor-button-content-wrapper\">\n\t\t\t\t\t\t\t\t\t<span class=\"elementor-button-text\">Emission Radio Transparance 01\/04\/2021 : \u00ab La P\u00e9n\u00e9trante de Saint Girons \u00bb<\/span>\n\t\t\t\t\t<\/span>\n\t\t\t\t\t<\/a>\n\t\t\t\t<\/div>\n\t\t\t\t\t\t\t\t<\/div>\n\t\t\t\t<\/div>\n\t\t\t\t<\/div>\n\t\t<div class=\"elementor-element elementor-element-1e985e3 e-con-full e-flex e-con e-child\" data-id=\"1e985e3\" data-element_type=\"container\" data-settings=\"{&quot;background_background&quot;:&quot;classic&quot;}\">\n\t\t\t\t<div class=\"elementor-element elementor-element-6996702 elementor-widget elementor-widget-heading\" data-id=\"6996702\" data-element_type=\"widget\" data-widget_type=\"heading.default\">\n\t\t\t\t<div class=\"elementor-widget-container\">\n\t\t\t\t\t<h4 class=\"elementor-heading-title elementor-size-default\">D\u00e9viation de Salvayre : d'autres voies sont possibles<\/h4>\t\t\t\t<\/div>\n\t\t\t\t<\/div>\n\t\t\t\t<div class=\"elementor-element elementor-element-14668cc elementor-widget elementor-widget-text-editor\" data-id=\"14668cc\" data-element_type=\"widget\" data-widget_type=\"text-editor.default\">\n\t\t\t\t<div class=\"elementor-widget-container\">\n\t\t\t\t\t\t\t\t\t<p>L\u2019emprise des travaux de d\u00e9viation est d\u2019environ <strong>6,9 ha<\/strong> pour un co\u00fbt de <strong>7 millions d&rsquo;euros<\/strong>. Et le ScoT Val d&rsquo;Ari\u00e8ge a identifi\u00e9 la zone d\u2019\u00e9tude comme un r\u00e9servoir de biodiversit\u00e9.<br \/><strong>Des solutions moins co\u00fbteuses et plus rapides<\/strong> pour r\u00e9pondre au besoin de s\u00e9curisation des riverains existent :<\/p><ul style=\"margin-top: -0px;\"><li><span style=\"text-decoration: underline;\">Utilit\u00e9 de l&rsquo;autoroute A66<\/span> : Prendre en compte la possibilt\u00e9 d&rsquo;abonnements bonifi\u00e9s comme recommand\u00e9 par l&rsquo;Autorit\u00e9 des autoroutes.<\/li><li><span style=\"text-decoration: underline;\">Am\u00e9nager la travers\u00e9e du hameau<\/span> qui n&rsquo;a toujours pas \u00e9t\u00e9 r\u00e9alis\u00e9e.<\/li><li><span style=\"text-decoration: underline;\">D\u00e9velopper le ferroutage (transport\u00a0 ferroviaire des graviers<\/span>) pour r\u00e9duire les passages de camions en respect des obligations locales et des protocoles sign\u00e9s par les producteurs de granulats (voir notre page gravi\u00e8res)<\/li><\/ul>\t\t\t\t\t\t\t\t<\/div>\n\t\t\t\t<\/div>\n\t\t\t\t<div class=\"elementor-element elementor-element-dda9c87 elementor-widget elementor-widget-button\" data-id=\"dda9c87\" data-element_type=\"widget\" data-widget_type=\"button.default\">\n\t\t\t\t<div class=\"elementor-widget-container\">\n\t\t\t\t\t\t\t\t\t<div class=\"elementor-button-wrapper\">\n\t\t\t\t\t<a class=\"elementor-button elementor-button-link elementor-size-sm elementor-animation-grow\" href=\"https:\/\/comite-ecologique-ariegeois.org\/wp-content\/uploads\/2024\/11\/Observations_FNE-MP-NEO-APRA-LE-CHABOT-CEA_DEVIATION-SALVAYRE_20220513.pdf\">\n\t\t\t\t\t\t<span class=\"elementor-button-content-wrapper\">\n\t\t\t\t\t\t\t\t\t<span class=\"elementor-button-text\">Avis des associations<\/span>\n\t\t\t\t\t<\/span>\n\t\t\t\t\t<\/a>\n\t\t\t\t<\/div>\n\t\t\t\t\t\t\t\t<\/div>\n\t\t\t\t<\/div>\n\t\t\t\t<div class=\"elementor-element elementor-element-10848f3 elementor-widget elementor-widget-button\" data-id=\"10848f3\" data-element_type=\"widget\" data-widget_type=\"button.default\">\n\t\t\t\t<div class=\"elementor-widget-container\">\n\t\t\t\t\t\t\t\t\t<div class=\"elementor-button-wrapper\">\n\t\t\t\t\t<a class=\"elementor-button elementor-button-link elementor-size-sm elementor-animation-grow\" href=\"https:\/\/comite-ecologique-ariegeois.org\/wp-content\/uploads\/2024\/11\/24-02-23-avis-cnpn-deviation_salvayre_bonnac_09.pdf\">\n\t\t\t\t\t\t<span class=\"elementor-button-content-wrapper\">\n\t\t\t\t\t\t\t\t\t<span class=\"elementor-button-text\">Avis du CNPN<\/span>\n\t\t\t\t\t<\/span>\n\t\t\t\t\t<\/a>\n\t\t\t\t<\/div>\n\t\t\t\t\t\t\t\t<\/div>\n\t\t\t\t<\/div>\n\t\t\t\t<\/div>\n\t\t<div class=\"elementor-element elementor-element-8fe8333 e-con-full e-flex e-con e-child\" data-id=\"8fe8333\" data-element_type=\"container\" data-settings=\"{&quot;background_background&quot;:&quot;classic&quot;}\">\n\t\t\t\t<div class=\"elementor-element elementor-element-d8ff33b elementor-widget elementor-widget-heading\" data-id=\"d8ff33b\" data-element_type=\"widget\" data-widget_type=\"heading.default\">\n\t\t\t\t<div class=\"elementor-widget-container\">\n\t\t\t\t\t<h4 class=\"elementor-heading-title elementor-size-default\">D\u00e9viation Tarascon<\/h4>\t\t\t\t<\/div>\n\t\t\t\t<\/div>\n\t\t\t\t<div class=\"elementor-element elementor-element-eb68634 elementor-widget elementor-widget-text-editor\" data-id=\"eb68634\" data-element_type=\"widget\" data-widget_type=\"text-editor.default\">\n\t\t\t\t<div class=\"elementor-widget-container\">\n\t\t\t\t\t\t\t\t\t<p><strong>L\u2019Enqu\u00eate Publique qui s\u2019est d\u00e9roul\u00e9e du 16\/12\/2024 au 01\/02\/2025 a port\u00e9 sur la demande d\u2019autorisation environnementale concernant les travaux de d\u00e9viation de la RN20 et de r\u00e9alisation du tunnel de Qui\u00e9<\/strong> sur les communes de Tarascon-sur-Ari\u00e8ge, de Qui\u00e9 et de Surba, pr\u00e9sent\u00e9e par la direction r\u00e9gionale de l\u2019environnement, de l\u2019am\u00e9nagement et du logement (DREAL) d\u2019Occitanie, au titre des proc\u00e9dures suivantes : loi sur l\u2019eau, \u00e9valuation environnementale, d\u00e9rogation aux interdictions de destruction d\u2019esp\u00e8ces v\u00e9g\u00e9tales et animales prot\u00e9g\u00e9es, \u00e9valuation des incidences du projet sur Natura 2000.<\/p>\t\t\t\t\t\t\t\t<\/div>\n\t\t\t\t<\/div>\n\t\t\t\t<\/div>\n\t\t<div class=\"elementor-element elementor-element-368a52f e-con-full e-flex e-con e-child\" data-id=\"368a52f\" data-element_type=\"container\" data-settings=\"{&quot;background_background&quot;:&quot;classic&quot;}\">\n\t\t\t\t<div class=\"elementor-element elementor-element-828c54b elementor-widget elementor-widget-heading\" data-id=\"828c54b\" data-element_type=\"widget\" data-widget_type=\"heading.default\">\n\t\t\t\t<div class=\"elementor-widget-container\">\n\t\t\t\t\t<h4 class=\"elementor-heading-title elementor-size-default\">Pamiers : petite prairie ou parking ?<\/h4>\t\t\t\t<\/div>\n\t\t\t\t<\/div>\n\t\t\t\t<div class=\"elementor-element elementor-element-d6ff4e3 elementor-widget elementor-widget-text-editor\" data-id=\"d6ff4e3\" data-element_type=\"widget\" data-widget_type=\"text-editor.default\">\n\t\t\t\t<div class=\"elementor-widget-container\">\n\t\t\t\t\t\t\t\t\t<p><strong>2019<\/strong>, la petite prairie est un espace vert au c\u0153ur de Pamiers, mais \u00e0 l\u2019\u00e9tat naturel. La commune pensait la transformer en stationnement de voitures. Sollicit\u00e9 par un citoyen, <strong>le CEA a facilit\u00e9 la mobilisation locale et a soumis un recours gracieux aupr\u00e8s de la mairie<\/strong>. Celui-ci a \u00e9t\u00e9 rapidement entendu et <strong>ce \u00ab\u00a0petit poumon vert\u00a0\u00bb de la ville auquel sont attach\u00e9s les riverains, a \u00e9t\u00e9 pr\u00e9serv\u00e9.<\/strong><\/p>\t\t\t\t\t\t\t\t<\/div>\n\t\t\t\t<\/div>\n\t\t\t\t<div class=\"elementor-element elementor-element-b2262ee elementor-widget elementor-widget-button\" data-id=\"b2262ee\" data-element_type=\"widget\" data-widget_type=\"button.default\">\n\t\t\t\t<div class=\"elementor-widget-container\">\n\t\t\t\t\t\t\t\t\t<div class=\"elementor-button-wrapper\">\n\t\t\t\t\t<a class=\"elementor-button elementor-button-link elementor-size-sm elementor-animation-grow\" href=\"https:\/\/comite-ecologique-ariegeois.org\/archiveSPIP2024\/actions\/urbanisme\/actions-sur-l-urbanisme-suivies-par-le-cea\/article\/le-projet-inutile-de-parking-a-pamiers-ne-se-fera-pas-le-cea-salue-cette-bonne.html\">\n\t\t\t\t\t\t<span class=\"elementor-button-content-wrapper\">\n\t\t\t\t\t\t\t\t\t<span class=\"elementor-button-text\">En savoir plus<\/span>\n\t\t\t\t\t<\/span>\n\t\t\t\t\t<\/a>\n\t\t\t\t<\/div>\n\t\t\t\t\t\t\t\t<\/div>\n\t\t\t\t<\/div>\n\t\t\t\t<\/div>\n\t\t\t\t<\/div>\n\t\t\t\t\t<\/div>\n\t\t\t\t<\/div>\n\t\t<div class=\"elementor-element elementor-element-f5b2f73 e-flex e-con-boxed e-con e-parent\" data-id=\"f5b2f73\" data-element_type=\"container\">\n\t\t\t\t\t<div class=\"e-con-inner\">\n\t\t\t\t<div class=\"elementor-element elementor-element-4320425 elementor-widget elementor-widget-spacer\" data-id=\"4320425\" data-element_type=\"widget\" data-widget_type=\"spacer.default\">\n\t\t\t\t<div class=\"elementor-widget-container\">\n\t\t\t\t\t\t\t<div class=\"elementor-spacer\">\n\t\t\t<div class=\"elementor-spacer-inner\"><\/div>\n\t\t<\/div>\n\t\t\t\t\t\t<\/div>\n\t\t\t\t<\/div>\n\t\t\t\t\t<\/div>\n\t\t\t\t<\/div>\n\t\t<div class=\"elementor-element elementor-element-3e302a00 e-flex e-con-boxed e-con e-parent\" data-id=\"3e302a00\" data-element_type=\"container\" data-settings=\"{&quot;background_background&quot;:&quot;classic&quot;}\">\n\t\t\t\t\t<div class=\"e-con-inner\">\n\t\t\t\t<div class=\"elementor-element elementor-element-464657bd elementor-widget elementor-widget-menu-anchor\" data-id=\"464657bd\" data-element_type=\"widget\" data-widget_type=\"menu-anchor.default\">\n\t\t\t\t<div class=\"elementor-widget-container\">\n\t\t\t\t\t\t\t<div class=\"elementor-menu-anchor\" id=\"numerique\"><\/div>\n\t\t\t\t\t\t<\/div>\n\t\t\t\t<\/div>\n\t\t\t\t<div class=\"elementor-element elementor-element-175f9175 elementor-widget elementor-widget-heading\" data-id=\"175f9175\" data-element_type=\"widget\" data-widget_type=\"heading.default\">\n\t\t\t\t<div class=\"elementor-widget-container\">\n\t\t\t\t\t<h3 class=\"elementor-heading-title elementor-size-default\">Installations li\u00e9es au d\u00e9ploiement des communications num\u00e9riques<\/h3>\t\t\t\t<\/div>\n\t\t\t\t<\/div>\n\t\t\t\t<div class=\"elementor-element elementor-element-32bd3fda elementor-widget elementor-widget-text-editor\" data-id=\"32bd3fda\" data-element_type=\"widget\" data-widget_type=\"text-editor.default\">\n\t\t\t\t<div class=\"elementor-widget-container\">\n\t\t\t\t\t\t\t\t\t<p>Il faudrait toujours plus d&rsquo;\u00e9changes de donn\u00e9es, et toujours plus vite &#8230; Et si on s\u2019arr\u00eatait un instant pour questionner les priorit\u00e9s ?<\/p>\t\t\t\t\t\t\t\t<\/div>\n\t\t\t\t<\/div>\n\t\t<div class=\"elementor-element elementor-element-5323631d e-grid e-con-full e-con e-child\" data-id=\"5323631d\" data-element_type=\"container\" data-settings=\"{&quot;background_background&quot;:&quot;classic&quot;}\">\n\t\t<div class=\"elementor-element elementor-element-5b23341d e-con-full e-flex e-con e-child\" data-id=\"5b23341d\" data-element_type=\"container\" data-settings=\"{&quot;background_background&quot;:&quot;classic&quot;}\">\n\t\t\t\t<div class=\"elementor-element elementor-element-56c11a2b elementor-widget elementor-widget-heading\" data-id=\"56c11a2b\" data-element_type=\"widget\" data-widget_type=\"heading.default\">\n\t\t\t\t<div class=\"elementor-widget-container\">\n\t\t\t\t\t<h4 class=\"elementor-heading-title elementor-size-default\">Antennes relais<\/h4>\t\t\t\t<\/div>\n\t\t\t\t<\/div>\n\t\t\t\t<div class=\"elementor-element elementor-element-4613706 elementor-widget elementor-widget-text-editor\" data-id=\"4613706\" data-element_type=\"widget\" data-widget_type=\"text-editor.default\">\n\t\t\t\t<div class=\"elementor-widget-container\">\n\t\t\t\t\t\t\t\t\t<p><strong>Atteinte au paysage, absence de concertation locale, inqui\u00e9tudes sur les effets sanitaires et soci\u00e9tales<\/strong> : de nombreux collectifs et associations se sont cr\u00e9\u00e9s en Ari\u00e8ge, comme dans toute la France, pour lutter contre l\u2019installation d\u2019antennes-relais. L\u2019ordonnance n\u00b02020-320 du 25 mars 2020 a donn\u00e9 durant la p\u00e9riode Covid un coup d\u2019acc\u00e9l\u00e9rateur formidable au\u00a0\u00abd\u00e9ploiement num\u00e9rique\u00bb. D\u00e8s lors, les habitants opposants bataillent dur pour ne pas voir s&rsquo;implanter ces pyl\u00f4nes aux plus majestueux points de vue ou dans leur voisinage imm\u00e9diat.\u00a0<\/p>\t\t\t\t\t\t\t\t<\/div>\n\t\t\t\t<\/div>\n\t\t\t\t<div class=\"elementor-element elementor-element-e67da3d elementor-widget elementor-widget-button\" data-id=\"e67da3d\" data-element_type=\"widget\" data-widget_type=\"button.default\">\n\t\t\t\t<div class=\"elementor-widget-container\">\n\t\t\t\t\t\t\t\t\t<div class=\"elementor-button-wrapper\">\n\t\t\t\t\t<a class=\"elementor-button elementor-button-link elementor-size-sm elementor-animation-grow\" href=\"https:\/\/comite-ecologique-ariegeois.org\/?p=3799\">\n\t\t\t\t\t\t<span class=\"elementor-button-content-wrapper\">\n\t\t\t\t\t\t\t\t\t<span class=\"elementor-button-text\">Lire l'article<\/span>\n\t\t\t\t\t<\/span>\n\t\t\t\t\t<\/a>\n\t\t\t\t<\/div>\n\t\t\t\t\t\t\t\t<\/div>\n\t\t\t\t<\/div>\n\t\t\t\t<\/div>\n\t\t<div class=\"elementor-element elementor-element-35770ced e-con-full e-flex e-con e-child\" data-id=\"35770ced\" data-element_type=\"container\" data-settings=\"{&quot;background_background&quot;:&quot;classic&quot;}\">\n\t\t\t\t<div class=\"elementor-element elementor-element-7034a591 elementor-widget elementor-widget-heading\" data-id=\"7034a591\" data-element_type=\"widget\" data-widget_type=\"heading.default\">\n\t\t\t\t<div class=\"elementor-widget-container\">\n\t\t\t\t\t<h4 class=\"elementor-heading-title elementor-size-default\">Fibre optique<\/h4>\t\t\t\t<\/div>\n\t\t\t\t<\/div>\n\t\t\t\t<div class=\"elementor-element elementor-element-1537133 elementor-widget elementor-widget-text-editor\" data-id=\"1537133\" data-element_type=\"widget\" data-widget_type=\"text-editor.default\">\n\t\t\t\t<div class=\"elementor-widget-container\">\n\t\t\t\t\t\t\t\t\t<p><strong>Le d\u00e9ploiement de la fibre optique pose divers probl\u00e8mes dont un d\u00e9frichement intense des haies en bord de routes<\/strong> et parfois des bois, car le Conseil D\u00e9partemental a d\u00e9cid\u00e9 de faire passer les lignes de la fibre en a\u00e9rien et de d\u00e9fricher sur 3 lignes d&rsquo;arbres jusqu&rsquo;\u00e0 10\u00a0m de largeur !<br \/>M\u00eame si ces lignes sont plus sensibles \u00e0 la chute des branches ou des arbres que celles en cuivre &#8211; qui vont toutes \u00eatre remplac\u00e9es &#8211; souvent un\u00a0 \u00e9lagage ou un abattage beaucoup moins large suffirait.<\/p><p><a href=\"https:\/\/france3-regions.francetvinfo.fr\/occitanie\/haute-garonne\/toulouse\/a-certains-endroits-c-est-un-veritable-massacre-l-installation-de-la-fibre-optique-choque-certains-riverains-3102034.html\"><strong>Article int\u00e9ressant de FR3 R\u00e9gions<\/strong><\/a> du 08\/02\/2025 comparant la m\u00e9thode du CD 09 avec celle du CD 31, de \u00ab\u00a0s\u00e9curisation\u00a0\u00bb des lignes HD de fibre\u00a0 : vertueuse en Haute Garonne et tr\u00e8s impactante en Ari\u00e8ge ?!<\/p>\t\t\t\t\t\t\t\t<\/div>\n\t\t\t\t<\/div>\n\t\t\t\t<\/div>\n\t\t\t\t<\/div>\n\t\t\t\t\t<\/div>\n\t\t\t\t<\/div>\n\t\t<div class=\"elementor-element elementor-element-4316a12 e-flex e-con-boxed e-con e-parent\" data-id=\"4316a12\" data-element_type=\"container\">\n\t\t\t\t\t<div class=\"e-con-inner\">\n\t\t\t\t<div class=\"elementor-element elementor-element-620eb68 elementor-widget elementor-widget-spacer\" data-id=\"620eb68\" data-element_type=\"widget\" data-widget_type=\"spacer.default\">\n\t\t\t\t<div class=\"elementor-widget-container\">\n\t\t\t\t\t\t\t<div class=\"elementor-spacer\">\n\t\t\t<div class=\"elementor-spacer-inner\"><\/div>\n\t\t<\/div>\n\t\t\t\t\t\t<\/div>\n\t\t\t\t<\/div>\n\t\t\t\t\t<\/div>\n\t\t\t\t<\/div>\n\t\t<div class=\"elementor-element elementor-element-77f46e8 e-flex e-con-boxed e-con e-parent\" data-id=\"77f46e8\" data-element_type=\"container\" data-settings=\"{&quot;background_background&quot;:&quot;classic&quot;}\">\n\t\t\t\t\t<div class=\"e-con-inner\">\n\t\t\t\t<div class=\"elementor-element elementor-element-2cea8c4 elementor-widget elementor-widget-menu-anchor\" data-id=\"2cea8c4\" data-element_type=\"widget\" data-widget_type=\"menu-anchor.default\">\n\t\t\t\t<div class=\"elementor-widget-container\">\n\t\t\t\t\t\t\t<div class=\"elementor-menu-anchor\" id=\"super\"><\/div>\n\t\t\t\t\t\t<\/div>\n\t\t\t\t<\/div>\n\t\t\t\t<div class=\"elementor-element elementor-element-7831604 elementor-widget elementor-widget-heading\" data-id=\"7831604\" data-element_type=\"widget\" data-widget_type=\"heading.default\">\n\t\t\t\t<div class=\"elementor-widget-container\">\n\t\t\t\t\t<h3 class=\"elementor-heading-title elementor-size-default\">Installations commerciales et industrielles<\/h3>\t\t\t\t<\/div>\n\t\t\t\t<\/div>\n\t\t\t\t<div class=\"elementor-element elementor-element-eef185d elementor-widget elementor-widget-heading\" data-id=\"eef185d\" data-element_type=\"widget\" data-widget_type=\"heading.default\">\n\t\t\t\t<div class=\"elementor-widget-container\">\n\t\t\t\t\t<h4 class=\"elementor-heading-title elementor-size-default\">Supermarch\u00e9s<\/h4>\t\t\t\t<\/div>\n\t\t\t\t<\/div>\n\t\t\t\t<div class=\"elementor-element elementor-element-7139041 elementor-widget elementor-widget-text-editor\" data-id=\"7139041\" data-element_type=\"widget\" data-widget_type=\"text-editor.default\">\n\t\t\t\t<div class=\"elementor-widget-container\">\n\t\t\t\t\t\t\t\t\t\n\nForte contradiction entre le discours des \u00e9lus qui s\u2019attache \u00e0 revitaliser les centres bourgs et l\u2019attraction exerc\u00e9e par l\u2019implantation de nouvelles grandes surfaces commerciales. \n\t\t\t\t\t\t\t\t<\/div>\n\t\t\t\t<\/div>\n\t\t<div class=\"elementor-element elementor-element-325a5b3 e-grid e-con-full e-con e-child\" data-id=\"325a5b3\" data-element_type=\"container\" data-settings=\"{&quot;background_background&quot;:&quot;classic&quot;}\">\n\t\t<div class=\"elementor-element elementor-element-d0cca60 e-con-full e-flex e-con e-child\" data-id=\"d0cca60\" data-element_type=\"container\" data-settings=\"{&quot;background_background&quot;:&quot;classic&quot;}\">\n\t\t\t\t<div class=\"elementor-element elementor-element-7ebecd3 elementor-widget elementor-widget-heading\" data-id=\"7ebecd3\" data-element_type=\"widget\" data-widget_type=\"heading.default\">\n\t\t\t\t<div class=\"elementor-widget-container\">\n\t\t\t\t\t<h4 class=\"elementor-heading-title elementor-size-default\">Projet de supermarch\u00e9 Carrefour au Fossat <\/h4>\t\t\t\t<\/div>\n\t\t\t\t<\/div>\n\t\t\t\t<div class=\"elementor-element elementor-element-a6e1dec elementor-widget elementor-widget-text-editor\" data-id=\"a6e1dec\" data-element_type=\"widget\" data-widget_type=\"text-editor.default\">\n\t\t\t\t<div class=\"elementor-widget-container\">\n\t\t\t\t\t\t\t\t\t<p>Contestation du projet depuis 2021 (Permis accord\u00e9 en zone inondable !) puis du projet modifi\u00e9 (parking encore en zone inondable). En juillet 2024, le Tribunal administratif, accorde 4 mois \u00e0 la soci\u00e9t\u00e9 Carrefour proximit\u00e9 France pour r\u00e9gulariser\u00a0<strong style=\"color: var( --e-global-color-nvtextcolor ); font-family: var( --e-global-typography-text-font-family ), Sans-serif; font-size: var(--bodyfontsize); letter-spacing: var(--bodyletterspacing); text-transform: var(--bodytexttransform);\"><span style=\"color: #414141;\"><span style=\"font-family: Roboto, sans-serif;\"><span style=\"font-size: 12pt;\"><span lang=\"fr-FR\"><span style=\"font-weight: normal;\">\u00ab<\/span><\/span><\/span><\/span><\/span><\/strong><span style=\"color: var( --e-global-color-nvtextcolor ); font-family: var( --e-global-typography-text-font-family ), Sans-serif; font-weight: var( --e-global-typography-text-font-weight ); font-size: var(--bodyfontsize); letter-spacing: var(--bodyletterspacing); text-transform: var(--bodytexttransform);\">les vices affectant le permis de construire en litige\u00bb.\u00a0<\/span><strong style=\"color: var( --e-global-color-nvtextcolor ); font-family: var( --e-global-typography-text-font-family ), Sans-serif; font-size: var(--bodyfontsize); letter-spacing: var(--bodyletterspacing); text-transform: var(--bodytexttransform);\">Une autre solution est possible au c\u0153ur du village<\/strong><span style=\"color: var( --e-global-color-nvtextcolor ); font-family: var( --e-global-typography-text-font-family ), Sans-serif; font-weight: var( --e-global-typography-text-font-weight ); font-size: var(--bodyfontsize); letter-spacing: var(--bodyletterspacing); text-transform: var(--bodytexttransform);\">, sans qu\u2019il soit n\u00e9cessaire de le d\u00e9figurer, pour permettre \u00e0 la sup\u00e9rette existante de s\u2019adapter.\u00a0<\/span><strong style=\"color: var( --e-global-color-nvtextcolor ); font-family: var( --e-global-typography-text-font-family ), Sans-serif; font-size: var(--bodyfontsize); letter-spacing: var(--bodyletterspacing); text-transform: var(--bodytexttransform);\">Le Collectif Arize L\u00e8ze Citoyen m\u00e8ne l&rsquo;action<\/strong><span style=\"color: var( --e-global-color-nvtextcolor ); font-family: var( --e-global-typography-text-font-family ), Sans-serif; font-weight: var( --e-global-typography-text-font-weight ); font-size: var(--bodyfontsize); letter-spacing: var(--bodyletterspacing); text-transform: var(--bodytexttransform);\">.<\/span><\/p>\t\t\t\t\t\t\t\t<\/div>\n\t\t\t\t<\/div>\n\t\t<div class=\"elementor-element elementor-element-c550e8c e-grid e-con-full e-con e-child\" data-id=\"c550e8c\" data-element_type=\"container\">\n\t\t\t\t<div class=\"elementor-element elementor-element-ba6e269 elementor-widget elementor-widget-button\" data-id=\"ba6e269\" data-element_type=\"widget\" data-widget_type=\"button.default\">\n\t\t\t\t<div class=\"elementor-widget-container\">\n\t\t\t\t\t\t\t\t\t<div class=\"elementor-button-wrapper\">\n\t\t\t\t\t<a class=\"elementor-button elementor-button-link elementor-size-sm elementor-animation-grow\" href=\"https:\/\/comite-ecologique-ariegeois.org\/wp-content\/uploads\/2024\/11\/Communique-de-presse-07-2024-1.pdf\">\n\t\t\t\t\t\t<span class=\"elementor-button-content-wrapper\">\n\t\t\t\t\t\t\t\t\t<span class=\"elementor-button-text\">Communiqu\u00e9 de presse juillet 2024<\/span>\n\t\t\t\t\t<\/span>\n\t\t\t\t\t<\/a>\n\t\t\t\t<\/div>\n\t\t\t\t\t\t\t\t<\/div>\n\t\t\t\t<\/div>\n\t\t\t\t<div class=\"elementor-element elementor-element-4a7f6d5 elementor-widget elementor-widget-button\" data-id=\"4a7f6d5\" data-element_type=\"widget\" data-widget_type=\"button.default\">\n\t\t\t\t<div class=\"elementor-widget-container\">\n\t\t\t\t\t\t\t\t\t<div class=\"elementor-button-wrapper\">\n\t\t\t\t\t<a class=\"elementor-button elementor-button-link elementor-size-sm elementor-animation-grow\" href=\"https:\/\/comite-ecologique-ariegeois.org\/archiveSPIP2024\/actions\/amenagements-en-milieux-naturels\/constructions\/article\/carrefour-du-fossat-la-conference-de-presse-manifeste-la-convergence-des.html\">\n\t\t\t\t\t\t<span class=\"elementor-button-content-wrapper\">\n\t\t\t\t\t\t\t\t\t<span class=\"elementor-button-text\">Conf\u00e9rence de presse du CLAC 19 mai 2021<\/span>\n\t\t\t\t\t<\/span>\n\t\t\t\t\t<\/a>\n\t\t\t\t<\/div>\n\t\t\t\t\t\t\t\t<\/div>\n\t\t\t\t<\/div>\n\t\t\t\t<\/div>\n\t\t\t\t<\/div>\n\t\t<div class=\"elementor-element elementor-element-4c01a91 e-con-full e-flex e-con e-child\" data-id=\"4c01a91\" data-element_type=\"container\" data-settings=\"{&quot;background_background&quot;:&quot;classic&quot;}\">\n\t\t\t\t<div class=\"elementor-element elementor-element-e770bec elementor-widget elementor-widget-heading\" data-id=\"e770bec\" data-element_type=\"widget\" data-widget_type=\"heading.default\">\n\t\t\t\t<div class=\"elementor-widget-container\">\n\t\t\t\t\t<h4 class=\"elementor-heading-title elementor-size-default\">Le nouvel Intermarch\u00e9 \u00e0  Tarascon<\/h4>\t\t\t\t<\/div>\n\t\t\t\t<\/div>\n\t\t\t\t<div class=\"elementor-element elementor-element-0fb22e6 elementor-widget elementor-widget-text-editor\" data-id=\"0fb22e6\" data-element_type=\"widget\" data-widget_type=\"text-editor.default\">\n\t\t\t\t<div class=\"elementor-widget-container\">\n\t\t\t\t\t\t\t\t\t<p>Un projet de supermarch\u00e9 pr\u00e9vu en lieu et place du jardin d\u2019enfants \u00e0 c\u00f4t\u00e9 de l&rsquo;espace culturel a suscit\u00e9 l\u2019indignation des habitants. Devant la lev\u00e9e de boucliers qui s&rsquo;en est suivie, le nouvel Intermarch\u00e9 a \u00e9t\u00e9 construit \u00e0 la sortie de la ville.<\/p>\t\t\t\t\t\t\t\t<\/div>\n\t\t\t\t<\/div>\n\t\t\t\t<div class=\"elementor-element elementor-element-211e9ba elementor-widget elementor-widget-button\" data-id=\"211e9ba\" data-element_type=\"widget\" data-widget_type=\"button.default\">\n\t\t\t\t<div class=\"elementor-widget-container\">\n\t\t\t\t\t\t\t\t\t<div class=\"elementor-button-wrapper\">\n\t\t\t\t\t<a class=\"elementor-button elementor-button-link elementor-size-sm elementor-animation-grow\" href=\"https:\/\/comite-ecologique-ariegeois.org\/wp-content\/uploads\/2024\/11\/Art-DDM_manif-projet-Inter-Tarascon_25-09-2020_rotated.pdf\">\n\t\t\t\t\t\t<span class=\"elementor-button-content-wrapper\">\n\t\t\t\t\t\t\t\t\t<span class=\"elementor-button-text\">Article La D\u00e9p\u00eache sept. 2020<\/span>\n\t\t\t\t\t<\/span>\n\t\t\t\t\t<\/a>\n\t\t\t\t<\/div>\n\t\t\t\t\t\t\t\t<\/div>\n\t\t\t\t<\/div>\n\t\t\t\t<\/div>\n\t\t\t\t<\/div>\n\t\t\t\t<div class=\"elementor-element elementor-element-b1c06dd elementor-widget elementor-widget-heading\" data-id=\"b1c06dd\" data-element_type=\"widget\" data-widget_type=\"heading.default\">\n\t\t\t\t<div class=\"elementor-widget-container\">\n\t\t\t\t\t<h4 class=\"elementor-heading-title elementor-size-default\">Industries<\/h4>\t\t\t\t<\/div>\n\t\t\t\t<\/div>\n\t\t<div class=\"elementor-element elementor-element-3e8a843 e-grid e-con-full e-con e-child\" data-id=\"3e8a843\" data-element_type=\"container\" data-settings=\"{&quot;background_background&quot;:&quot;classic&quot;}\">\n\t\t<div class=\"elementor-element elementor-element-2edd6f1 e-con-full e-flex e-con e-child\" data-id=\"2edd6f1\" data-element_type=\"container\" data-settings=\"{&quot;background_background&quot;:&quot;classic&quot;}\">\n\t\t\t\t<div class=\"elementor-element elementor-element-f40eb1c elementor-widget elementor-widget-heading\" data-id=\"f40eb1c\" data-element_type=\"widget\" data-widget_type=\"heading.default\">\n\t\t\t\t<div class=\"elementor-widget-container\">\n\t\t\t\t\t<h4 class=\"elementor-heading-title elementor-size-default\">Fonderie alu de Tarascon-sur-Ari\u00e8ge<\/h4>\t\t\t\t<\/div>\n\t\t\t\t<\/div>\n\t\t\t\t<div class=\"elementor-element elementor-element-50e9e38 elementor-widget elementor-widget-text-editor\" data-id=\"50e9e38\" data-element_type=\"widget\" data-widget_type=\"text-editor.default\">\n\t\t\t\t<div class=\"elementor-widget-container\">\n\t\t\t\t\t\t\t\t\t<p>D\u00e9versement de 300 l de fuel dans la rivi\u00e8re Vicdessos, pollution qui s\u2019est transmise \u00e0 la rivi\u00e8re Ari\u00e8ge,\u00a0 en septembre 2023. Les syndicats de l\u2019usine pointent des dysfonctionnements r\u00e9currents dans cette entreprise de traitement de l\u2019aluminium aux mains du groupe chinois Jin Jiang depuis 2017.<\/p>\t\t\t\t\t\t\t\t<\/div>\n\t\t\t\t<\/div>\n\t\t\t\t<div class=\"elementor-element elementor-element-77a282d elementor-widget elementor-widget-button\" data-id=\"77a282d\" data-element_type=\"widget\" data-widget_type=\"button.default\">\n\t\t\t\t<div class=\"elementor-widget-container\">\n\t\t\t\t\t\t\t\t\t<div class=\"elementor-button-wrapper\">\n\t\t\t\t\t<a class=\"elementor-button elementor-button-link elementor-size-sm elementor-animation-grow\" href=\"https:\/\/comite-ecologique-ariegeois.org\/archiveSPIP2024\/actions\/faune-flore-foret-chasse\/protection\/article\/inquietudes-apres-un-nouvel-incident-a-la-fonderie-alu-de-tarascon-sur-ariege.html\">\n\t\t\t\t\t\t<span class=\"elementor-button-content-wrapper\">\n\t\t\t\t\t\t\t\t\t<span class=\"elementor-button-text\">En savoir plus<\/span>\n\t\t\t\t\t<\/span>\n\t\t\t\t\t<\/a>\n\t\t\t\t<\/div>\n\t\t\t\t\t\t\t\t<\/div>\n\t\t\t\t<\/div>\n\t\t\t\t<\/div>\n\t\t<div class=\"elementor-element elementor-element-e8a91c0 e-con-full e-flex e-con e-child\" data-id=\"e8a91c0\" data-element_type=\"container\" data-settings=\"{&quot;background_background&quot;:&quot;classic&quot;}\">\n\t\t\t\t<div class=\"elementor-element elementor-element-d80d6b2 elementor-widget elementor-widget-heading\" data-id=\"d80d6b2\" data-element_type=\"widget\" data-widget_type=\"heading.default\">\n\t\t\t\t<div class=\"elementor-widget-container\">\n\t\t\t\t\t<h4 class=\"elementor-heading-title elementor-size-default\">Usine Aubert et Duval \u00e0 Pamiers<\/h4>\t\t\t\t<\/div>\n\t\t\t\t<\/div>\n\t\t\t\t<div class=\"elementor-element elementor-element-f76c8ab elementor-widget elementor-widget-text-editor\" data-id=\"f76c8ab\" data-element_type=\"widget\" data-widget_type=\"text-editor.default\">\n\t\t\t\t<div class=\"elementor-widget-container\">\n\t\t\t\t\t\t\t\t\t<p>Extrait de la lettre du CEA \u00e0 la Pr\u00e9f\u00e8te, <strong>suite \u00e0 l&rsquo;incendie de l&rsquo;atelier ACS du 10\/09\/2021<\/strong> <strong>qui a entra\u00een\u00e9 le confinement des habitants durant plusieurs heures<\/strong> : <em>Est-ce que les contr\u00f4les de l\u2019Etat vont \u00eatre renforc\u00e9s sur les installations de cette grosse usine proche de l\u2019Ari\u00e8ge et attenante \u00e0 la ville, qui \u00e9chappe de tr\u00e8s peu au classement Seveso et qui n\u2019en est pas \u00e0 son premier accident sur son site ? <br \/><\/em><strong>En 2025, les \u00e9missions a\u00e9riennes de particicules <\/strong><strong>toxiques vers les rues voisines de l&rsquo;usine suscitent l&rsquo;inqui\u00e9tude des riverains<\/strong> (<a href=\"https:\/\/comite-ecologique-ariegeois.org\/wp-content\/uploads\/2025\/02\/Art-LDDM_12-02-2025_Pollution-AUBERT-DUVAL-a-PAMIERS.pdf\">article de La D\u00e9p\u00eache 12\/02\/2025).<\/a> Pourtant deux rapports de l&rsquo;Inspection des installations class\u00e9es avaient dress\u00e9, en octobre et novembre 2024, le constat des d\u00e9faillances de l&rsquo;usine avec proposition au pr\u00e9fet de suites administratives.<\/p>\t\t\t\t\t\t\t\t<\/div>\n\t\t\t\t<\/div>\n\t\t\t\t<\/div>\n\t\t\t\t<\/div>\n\t\t\t\t\t<\/div>\n\t\t\t\t<\/div>\n\t\t\t\t<\/div>\n\t\t","protected":false},"excerpt":{"rendered":"<p>Am\u00e9nagements et urbanisme Le CEA intervient lorsque les projets d\u2019am\u00e9nagement et d\u2019urbanisation lui semblent d\u00e9passer les besoins soci\u00e9taux vrais, compatibles avec le bien commun et le vivant.\u00a0Ainsi dans l&rsquo;association, beaucoup d&rsquo;\u00e9nergie b\u00e9n\u00e9vole a \u00e9t\u00e9 consacr\u00e9e souvent avec succ\u00e8s, parfois en vain, \u00e0 pr\u00e9server le milieu montagnard d&rsquo;am\u00e9nagements inutilement ruineux pour les finances publiques, et cette&hellip;&nbsp;<a href=\"https:\/\/comite-ecologique-ariegeois.org\/?page_id=3786\" rel=\"bookmark\">Lire la suite &raquo;<span class=\"screen-reader-text\">Am\u00e9nagements, urbanisme<\/span><\/a><\/p>\n","protected":false},"author":2,"featured_media":0,"parent":0,"menu_order":0,"comment_status":"closed","ping_status":"closed","template":"","meta":{"neve_meta_sidebar":"","neve_meta_container":"","neve_meta_enable_content_width":"","neve_meta_content_width":0,"neve_meta_title_alignment":"","neve_meta_author_avatar":"","neve_post_elements_order":"","neve_meta_disable_header":"","neve_meta_disable_footer":"","neve_meta_disable_title":"","footnotes":""},"class_list":["post-3786","page","type-page","status-publish","hentry"],"yoast_head":"<!-- This site is optimized with the Yoast SEO plugin v26.4 - https:\/\/yoast.com\/wordpress\/plugins\/seo\/ -->\n<title>Am\u00e9nagements, urbanisme - Comit\u00e9 Ecologique Ari\u00e8geois<\/title>\n<meta name=\"robots\" content=\"index, follow, max-snippet:-1, max-image-preview:large, max-video-preview:-1\" \/>\n<link rel=\"canonical\" href=\"https:\/\/comite-ecologique-ariegeois.org\/?page_id=3786\" \/>\n<meta property=\"og:locale\" content=\"fr_FR\" \/>\n<meta property=\"og:type\" content=\"article\" \/>\n<meta property=\"og:title\" content=\"Am\u00e9nagements, urbanisme - Comit\u00e9 Ecologique Ari\u00e8geois\" \/>\n<meta property=\"og:description\" content=\"Am\u00e9nagements et urbanisme Le CEA intervient lorsque les projets d\u2019am\u00e9nagement et d\u2019urbanisation lui semblent d\u00e9passer les besoins soci\u00e9taux vrais, compatibles avec le bien commun et le vivant.\u00a0Ainsi dans l&rsquo;association, beaucoup d&rsquo;\u00e9nergie b\u00e9n\u00e9vole a \u00e9t\u00e9 consacr\u00e9e souvent avec succ\u00e8s, parfois en vain, \u00e0 pr\u00e9server le milieu montagnard d&rsquo;am\u00e9nagements inutilement ruineux pour les finances publiques, et cette&hellip;&nbsp;Lire la suite &raquo;Am\u00e9nagements, urbanisme\" \/>\n<meta property=\"og:url\" content=\"https:\/\/comite-ecologique-ariegeois.org\/?page_id=3786\" \/>\n<meta property=\"og:site_name\" content=\"Comit\u00e9 Ecologique Ari\u00e8geois\" \/>\n<meta property=\"article:publisher\" content=\"https:\/\/www.facebook.com\/comite.ariegeois\/\" \/>\n<meta property=\"article:modified_time\" content=\"2026-02-28T18:20:55+00:00\" \/>\n<meta property=\"og:image\" content=\"https:\/\/comite-ecologique-ariegeois.org\/wp-content\/uploads\/elementor\/thumbs\/logo1-qth9u4dkxz9ce6mly6gqbhyzyfryhqumx7f0kfmbgc.png\" \/>\n<meta name=\"twitter:card\" content=\"summary_large_image\" \/>\n<meta name=\"twitter:label1\" content=\"Dur\u00e9e de lecture estim\u00e9e\" \/>\n\t<meta name=\"twitter:data1\" content=\"13 minutes\" \/>\n<script type=\"application\/ld+json\" class=\"yoast-schema-graph\">{\"@context\":\"https:\/\/schema.org\",\"@graph\":[{\"@type\":\"WebPage\",\"@id\":\"https:\/\/comite-ecologique-ariegeois.org\/?page_id=3786\",\"url\":\"https:\/\/comite-ecologique-ariegeois.org\/?page_id=3786\",\"name\":\"Am\u00e9nagements, urbanisme - Comit\u00e9 Ecologique Ari\u00e8geois\",\"isPartOf\":{\"@id\":\"https:\/\/comite-ecologique-ariegeois.org\/#website\"},\"primaryImageOfPage\":{\"@id\":\"https:\/\/comite-ecologique-ariegeois.org\/?page_id=3786#primaryimage\"},\"image\":{\"@id\":\"https:\/\/comite-ecologique-ariegeois.org\/?page_id=3786#primaryimage\"},\"thumbnailUrl\":\"https:\/\/comite-ecologique-ariegeois.org\/wp-content\/uploads\/elementor\/thumbs\/logo1-qth9u4dkxz9ce6mly6gqbhyzyfryhqumx7f0kfmbgc.png\",\"datePublished\":\"2024-11-10T12:40:01+00:00\",\"dateModified\":\"2026-02-28T18:20:55+00:00\",\"breadcrumb\":{\"@id\":\"https:\/\/comite-ecologique-ariegeois.org\/?page_id=3786#breadcrumb\"},\"inLanguage\":\"fr-FR\",\"potentialAction\":[{\"@type\":\"ReadAction\",\"target\":[\"https:\/\/comite-ecologique-ariegeois.org\/?page_id=3786\"]}]},{\"@type\":\"ImageObject\",\"inLanguage\":\"fr-FR\",\"@id\":\"https:\/\/comite-ecologique-ariegeois.org\/?page_id=3786#primaryimage\",\"url\":\"https:\/\/comite-ecologique-ariegeois.org\/wp-content\/uploads\/elementor\/thumbs\/logo1-qth9u4dkxz9ce6mly6gqbhyzyfryhqumx7f0kfmbgc.png\",\"contentUrl\":\"https:\/\/comite-ecologique-ariegeois.org\/wp-content\/uploads\/elementor\/thumbs\/logo1-qth9u4dkxz9ce6mly6gqbhyzyfryhqumx7f0kfmbgc.png\"},{\"@type\":\"BreadcrumbList\",\"@id\":\"https:\/\/comite-ecologique-ariegeois.org\/?page_id=3786#breadcrumb\",\"itemListElement\":[{\"@type\":\"ListItem\",\"position\":1,\"name\":\"Accueil\",\"item\":\"https:\/\/comite-ecologique-ariegeois.org\/\"},{\"@type\":\"ListItem\",\"position\":2,\"name\":\"Am\u00e9nagements, urbanisme\"}]},{\"@type\":\"WebSite\",\"@id\":\"https:\/\/comite-ecologique-ariegeois.org\/#website\",\"url\":\"https:\/\/comite-ecologique-ariegeois.org\/\",\"name\":\"Comit\u00e9 Ecologique Ari\u00e8geois\",\"description\":\"Assotiation de protection de la nature\",\"publisher\":{\"@id\":\"https:\/\/comite-ecologique-ariegeois.org\/#organization\"},\"potentialAction\":[{\"@type\":\"SearchAction\",\"target\":{\"@type\":\"EntryPoint\",\"urlTemplate\":\"https:\/\/comite-ecologique-ariegeois.org\/?s={search_term_string}\"},\"query-input\":{\"@type\":\"PropertyValueSpecification\",\"valueRequired\":true,\"valueName\":\"search_term_string\"}}],\"inLanguage\":\"fr-FR\"},{\"@type\":\"Organization\",\"@id\":\"https:\/\/comite-ecologique-ariegeois.org\/#organization\",\"name\":\"Comit\u00e9 Ecologique Ari\u00e8geois\",\"url\":\"https:\/\/comite-ecologique-ariegeois.org\/\",\"logo\":{\"@type\":\"ImageObject\",\"inLanguage\":\"fr-FR\",\"@id\":\"https:\/\/comite-ecologique-ariegeois.org\/#\/schema\/logo\/image\/\",\"url\":\"https:\/\/comite-ecologique-ariegeois.org\/wp-content\/uploads\/2025\/01\/logo_nouveau_cea_jpeg_250pix_02_03_24-a8816.jpg\",\"contentUrl\":\"https:\/\/comite-ecologique-ariegeois.org\/wp-content\/uploads\/2025\/01\/logo_nouveau_cea_jpeg_250pix_02_03_24-a8816.jpg\",\"width\":250,\"height\":250,\"caption\":\"Comit\u00e9 Ecologique Ari\u00e8geois\"},\"image\":{\"@id\":\"https:\/\/comite-ecologique-ariegeois.org\/#\/schema\/logo\/image\/\"},\"sameAs\":[\"https:\/\/www.facebook.com\/comite.ariegeois\/\",\"https:\/\/www.instagram.com\/comite.ecologique.ariegeois\/\"]}]}<\/script>\n<!-- \/ Yoast SEO plugin. -->","yoast_head_json":{"title":"Am\u00e9nagements, urbanisme - Comit\u00e9 Ecologique Ari\u00e8geois","robots":{"index":"index","follow":"follow","max-snippet":"max-snippet:-1","max-image-preview":"max-image-preview:large","max-video-preview":"max-video-preview:-1"},"canonical":"https:\/\/comite-ecologique-ariegeois.org\/?page_id=3786","og_locale":"fr_FR","og_type":"article","og_title":"Am\u00e9nagements, urbanisme - Comit\u00e9 Ecologique Ari\u00e8geois","og_description":"Am\u00e9nagements et urbanisme Le CEA intervient lorsque les projets d\u2019am\u00e9nagement et d\u2019urbanisation lui semblent d\u00e9passer les besoins soci\u00e9taux vrais, compatibles avec le bien commun et le vivant.\u00a0Ainsi dans l&rsquo;association, beaucoup d&rsquo;\u00e9nergie b\u00e9n\u00e9vole a \u00e9t\u00e9 consacr\u00e9e souvent avec succ\u00e8s, parfois en vain, \u00e0 pr\u00e9server le milieu montagnard d&rsquo;am\u00e9nagements inutilement ruineux pour les finances publiques, et cette&hellip;&nbsp;Lire la suite &raquo;Am\u00e9nagements, urbanisme","og_url":"https:\/\/comite-ecologique-ariegeois.org\/?page_id=3786","og_site_name":"Comit\u00e9 Ecologique Ari\u00e8geois","article_publisher":"https:\/\/www.facebook.com\/comite.ariegeois\/","article_modified_time":"2026-02-28T18:20:55+00:00","og_image":[{"url":"https:\/\/comite-ecologique-ariegeois.org\/wp-content\/uploads\/elementor\/thumbs\/logo1-qth9u4dkxz9ce6mly6gqbhyzyfryhqumx7f0kfmbgc.png","type":"","width":"","height":""}],"twitter_card":"summary_large_image","twitter_misc":{"Dur\u00e9e de lecture estim\u00e9e":"13 minutes"},"schema":{"@context":"https:\/\/schema.org","@graph":[{"@type":"WebPage","@id":"https:\/\/comite-ecologique-ariegeois.org\/?page_id=3786","url":"https:\/\/comite-ecologique-ariegeois.org\/?page_id=3786","name":"Am\u00e9nagements, urbanisme - Comit\u00e9 Ecologique Ari\u00e8geois","isPartOf":{"@id":"https:\/\/comite-ecologique-ariegeois.org\/#website"},"primaryImageOfPage":{"@id":"https:\/\/comite-ecologique-ariegeois.org\/?page_id=3786#primaryimage"},"image":{"@id":"https:\/\/comite-ecologique-ariegeois.org\/?page_id=3786#primaryimage"},"thumbnailUrl":"https:\/\/comite-ecologique-ariegeois.org\/wp-content\/uploads\/elementor\/thumbs\/logo1-qth9u4dkxz9ce6mly6gqbhyzyfryhqumx7f0kfmbgc.png","datePublished":"2024-11-10T12:40:01+00:00","dateModified":"2026-02-28T18:20:55+00:00","breadcrumb":{"@id":"https:\/\/comite-ecologique-ariegeois.org\/?page_id=3786#breadcrumb"},"inLanguage":"fr-FR","potentialAction":[{"@type":"ReadAction","target":["https:\/\/comite-ecologique-ariegeois.org\/?page_id=3786"]}]},{"@type":"ImageObject","inLanguage":"fr-FR","@id":"https:\/\/comite-ecologique-ariegeois.org\/?page_id=3786#primaryimage","url":"https:\/\/comite-ecologique-ariegeois.org\/wp-content\/uploads\/elementor\/thumbs\/logo1-qth9u4dkxz9ce6mly6gqbhyzyfryhqumx7f0kfmbgc.png","contentUrl":"https:\/\/comite-ecologique-ariegeois.org\/wp-content\/uploads\/elementor\/thumbs\/logo1-qth9u4dkxz9ce6mly6gqbhyzyfryhqumx7f0kfmbgc.png"},{"@type":"BreadcrumbList","@id":"https:\/\/comite-ecologique-ariegeois.org\/?page_id=3786#breadcrumb","itemListElement":[{"@type":"ListItem","position":1,"name":"Accueil","item":"https:\/\/comite-ecologique-ariegeois.org\/"},{"@type":"ListItem","position":2,"name":"Am\u00e9nagements, urbanisme"}]},{"@type":"WebSite","@id":"https:\/\/comite-ecologique-ariegeois.org\/#website","url":"https:\/\/comite-ecologique-ariegeois.org\/","name":"Comit\u00e9 Ecologique Ari\u00e8geois","description":"Assotiation de protection de la nature","publisher":{"@id":"https:\/\/comite-ecologique-ariegeois.org\/#organization"},"potentialAction":[{"@type":"SearchAction","target":{"@type":"EntryPoint","urlTemplate":"https:\/\/comite-ecologique-ariegeois.org\/?s={search_term_string}"},"query-input":{"@type":"PropertyValueSpecification","valueRequired":true,"valueName":"search_term_string"}}],"inLanguage":"fr-FR"},{"@type":"Organization","@id":"https:\/\/comite-ecologique-ariegeois.org\/#organization","name":"Comit\u00e9 Ecologique Ari\u00e8geois","url":"https:\/\/comite-ecologique-ariegeois.org\/","logo":{"@type":"ImageObject","inLanguage":"fr-FR","@id":"https:\/\/comite-ecologique-ariegeois.org\/#\/schema\/logo\/image\/","url":"https:\/\/comite-ecologique-ariegeois.org\/wp-content\/uploads\/2025\/01\/logo_nouveau_cea_jpeg_250pix_02_03_24-a8816.jpg","contentUrl":"https:\/\/comite-ecologique-ariegeois.org\/wp-content\/uploads\/2025\/01\/logo_nouveau_cea_jpeg_250pix_02_03_24-a8816.jpg","width":250,"height":250,"caption":"Comit\u00e9 Ecologique Ari\u00e8geois"},"image":{"@id":"https:\/\/comite-ecologique-ariegeois.org\/#\/schema\/logo\/image\/"},"sameAs":["https:\/\/www.facebook.com\/comite.ariegeois\/","https:\/\/www.instagram.com\/comite.ecologique.ariegeois\/"]}]}},"_links":{"self":[{"href":"https:\/\/comite-ecologique-ariegeois.org\/index.php?rest_route=\/wp\/v2\/pages\/3786","targetHints":{"allow":["GET"]}}],"collection":[{"href":"https:\/\/comite-ecologique-ariegeois.org\/index.php?rest_route=\/wp\/v2\/pages"}],"about":[{"href":"https:\/\/comite-ecologique-ariegeois.org\/index.php?rest_route=\/wp\/v2\/types\/page"}],"author":[{"embeddable":true,"href":"https:\/\/comite-ecologique-ariegeois.org\/index.php?rest_route=\/wp\/v2\/users\/2"}],"replies":[{"embeddable":true,"href":"https:\/\/comite-ecologique-ariegeois.org\/index.php?rest_route=%2Fwp%2Fv2%2Fcomments&post=3786"}],"version-history":[{"count":376,"href":"https:\/\/comite-ecologique-ariegeois.org\/index.php?rest_route=\/wp\/v2\/pages\/3786\/revisions"}],"predecessor-version":[{"id":11344,"href":"https:\/\/comite-ecologique-ariegeois.org\/index.php?rest_route=\/wp\/v2\/pages\/3786\/revisions\/11344"}],"wp:attachment":[{"href":"https:\/\/comite-ecologique-ariegeois.org\/index.php?rest_route=%2Fwp%2Fv2%2Fmedia&parent=3786"}],"curies":[{"name":"wp","href":"https:\/\/api.w.org\/{rel}","templated":true}]}}