{"id":347,"date":"2024-07-31T16:47:05","date_gmt":"2024-07-31T14:47:05","guid":{"rendered":"https:\/\/comite-ecologique-ariegeois.org\/?page_id=347"},"modified":"2026-03-15T10:49:06","modified_gmt":"2026-03-15T09:49:06","slug":"cadre-de-vie-et-sante","status":"publish","type":"page","link":"https:\/\/comite-ecologique-ariegeois.org\/?page_id=347","title":{"rendered":"Cadre de vie, sant\u00e9, agriculture"},"content":{"rendered":"\t\t<div data-elementor-type=\"wp-page\" data-elementor-id=\"347\" class=\"elementor elementor-347\">\n\t\t\t\t<div class=\"elementor-element elementor-element-89dbf88 e-flex e-con-boxed e-con e-parent\" data-id=\"89dbf88\" data-element_type=\"container\">\n\t\t\t\t\t<div class=\"e-con-inner\">\n\t\t\t\t<div class=\"elementor-element elementor-element-d7714c4 elementor-widget elementor-widget-spacer\" data-id=\"d7714c4\" data-element_type=\"widget\" data-widget_type=\"spacer.default\">\n\t\t\t\t<div class=\"elementor-widget-container\">\n\t\t\t\t\t\t\t<div class=\"elementor-spacer\">\n\t\t\t<div class=\"elementor-spacer-inner\"><\/div>\n\t\t<\/div>\n\t\t\t\t\t\t<\/div>\n\t\t\t\t<\/div>\n\t\t\t\t<div class=\"elementor-element elementor-element-2513c6e elementor-widget elementor-widget-heading\" data-id=\"2513c6e\" data-element_type=\"widget\" data-widget_type=\"heading.default\">\n\t\t\t\t<div class=\"elementor-widget-container\">\n\t\t\t\t\t<h1 class=\"elementor-heading-title elementor-size-default\">Cadre de vie, sant\u00e9, alimentation, agriculture<\/h1>\t\t\t\t<\/div>\n\t\t\t\t<\/div>\n\t\t\t\t<div class=\"elementor-element elementor-element-628917f elementor-widget elementor-widget-text-editor\" data-id=\"628917f\" data-element_type=\"widget\" data-widget_type=\"text-editor.default\">\n\t\t\t\t<div class=\"elementor-widget-container\">\n\t\t\t\t\t\t\t\t\t<p>A l\u2019article 2 des <a href=\"https:\/\/comite-ecologique-ariegeois.org\/wp-content\/uploads\/2024\/08\/StatutsCEA2020.pdf\">statuts<\/a> du Comit\u00e9 Ecologique Ari\u00e8geois, il est \u00e9crit \u00ab Cette association a pour buts:<\/p><ul style=\"margin-top: -0px;\"><li>de <strong>lutter contre toute autre nuisance d\u00e9coulant du fonctionnement de notre soci\u00e9t\u00e9<\/strong>, notamment (\u2026) : les nuisances engendr\u00e9es par les pollutions chimiques, industrielles et agricoles (O.G.M, pesticides, etc) .<\/li><li>de <strong>promouvoir une \u00e9ducation populaire, sanitaire, sociale et culturelle<\/strong> afin d\u2019agir pour maintenir des rapports sains et harmonieux entre les \u00eatres humains et leur milieu de vie. \u00bb<\/li><\/ul>\t\t\t\t\t\t\t\t<\/div>\n\t\t\t\t<\/div>\n\t\t\t\t\t<\/div>\n\t\t\t\t<\/div>\n\t\t<div class=\"elementor-element elementor-element-3f2c7a8a e-grid e-con-boxed e-con e-parent\" data-id=\"3f2c7a8a\" data-element_type=\"container\" data-settings=\"{&quot;background_background&quot;:&quot;classic&quot;}\">\n\t\t\t\t\t<div class=\"e-con-inner\">\n\t\t\t\t<div class=\"elementor-element elementor-element-b3d4be0 elementor-widget elementor-widget-heading\" data-id=\"b3d4be0\" data-element_type=\"widget\" data-widget_type=\"heading.default\">\n\t\t\t\t<div class=\"elementor-widget-container\">\n\t\t\t\t\t<h3 class=\"elementor-heading-title elementor-size-default\"><a href=\"#sante\">Sant\u00e9<\/a><\/h3>\t\t\t\t<\/div>\n\t\t\t\t<\/div>\n\t\t\t\t<div class=\"elementor-element elementor-element-2a836a56 elementor-widget elementor-widget-heading\" data-id=\"2a836a56\" data-element_type=\"widget\" data-widget_type=\"heading.default\">\n\t\t\t\t<div class=\"elementor-widget-container\">\n\t\t\t\t\t<h3 class=\"elementor-heading-title elementor-size-default\"><a href=\"#cadre\">Cadre de vie<\/a><\/h3>\t\t\t\t<\/div>\n\t\t\t\t<\/div>\n\t\t\t\t<div class=\"elementor-element elementor-element-202e341 elementor-widget elementor-widget-heading\" data-id=\"202e341\" data-element_type=\"widget\" data-widget_type=\"heading.default\">\n\t\t\t\t<div class=\"elementor-widget-container\">\n\t\t\t\t\t<h3 class=\"elementor-heading-title elementor-size-default\"><a href=\"#agriculture\">Agriculture<\/a><\/h3>\t\t\t\t<\/div>\n\t\t\t\t<\/div>\n\t\t\t\t<div class=\"elementor-element elementor-element-33969ba7 elementor-widget elementor-widget-heading\" data-id=\"33969ba7\" data-element_type=\"widget\" data-widget_type=\"heading.default\">\n\t\t\t\t<div class=\"elementor-widget-container\">\n\t\t\t\t\t<h3 class=\"elementor-heading-title elementor-size-default\"><a href=\"#alimentation\">Alimentation<\/a><\/h3>\t\t\t\t<\/div>\n\t\t\t\t<\/div>\n\t\t\t\t\t<\/div>\n\t\t\t\t<\/div>\n\t\t<div class=\"elementor-element elementor-element-fc52858 e-flex e-con-boxed e-con e-parent\" data-id=\"fc52858\" data-element_type=\"container\">\n\t\t\t\t\t<div class=\"e-con-inner\">\n\t\t\t\t<div class=\"elementor-element elementor-element-8181259 elementor-widget elementor-widget-spacer\" data-id=\"8181259\" data-element_type=\"widget\" data-widget_type=\"spacer.default\">\n\t\t\t\t<div class=\"elementor-widget-container\">\n\t\t\t\t\t\t\t<div class=\"elementor-spacer\">\n\t\t\t<div class=\"elementor-spacer-inner\"><\/div>\n\t\t<\/div>\n\t\t\t\t\t\t<\/div>\n\t\t\t\t<\/div>\n\t\t\t\t\t<\/div>\n\t\t\t\t<\/div>\n\t\t<div class=\"elementor-element elementor-element-bf18000 e-flex e-con-boxed e-con e-parent\" data-id=\"bf18000\" data-element_type=\"container\" data-settings=\"{&quot;background_background&quot;:&quot;classic&quot;}\">\n\t\t\t\t\t<div class=\"e-con-inner\">\n\t\t\t\t<div class=\"elementor-element elementor-element-aba8c7a elementor-widget elementor-widget-heading\" data-id=\"aba8c7a\" data-element_type=\"widget\" data-widget_type=\"heading.default\">\n\t\t\t\t<div class=\"elementor-widget-container\">\n\t\t\t\t\t<h2 class=\"elementor-heading-title elementor-size-default\">Sant\u00e9<\/h2>\t\t\t\t<\/div>\n\t\t\t\t<\/div>\n\t\t\t\t<div class=\"elementor-element elementor-element-9340055 elementor-widget elementor-widget-text-editor\" data-id=\"9340055\" data-element_type=\"widget\" data-widget_type=\"text-editor.default\">\n\t\t\t\t<div class=\"elementor-widget-container\">\n\t\t\t\t\t\t\t\t\t<p class=\"western\">En prot\u00e9geant l&rsquo;environnement et le vivant, toutes les actions men\u00e9es par le CEA oeuvrent directement ou indirecement \u00e0 pr\u00e9server la sant\u00e9, quelle soit physique ou psychique<\/p>\t\t\t\t\t\t\t\t<\/div>\n\t\t\t\t<\/div>\n\t\t<div class=\"elementor-element elementor-element-ba7feed e-con-full e-flex e-con e-child\" data-id=\"ba7feed\" data-element_type=\"container\">\n\t\t<div class=\"elementor-element elementor-element-8e44d9d e-con-full e-flex e-con e-child\" data-id=\"8e44d9d\" data-element_type=\"container\" data-settings=\"{&quot;background_background&quot;:&quot;classic&quot;}\">\n\t\t\t\t<div class=\"elementor-element elementor-element-4809274 elementor-widget elementor-widget-heading\" data-id=\"4809274\" data-element_type=\"widget\" data-widget_type=\"heading.default\">\n\t\t\t\t<div class=\"elementor-widget-container\">\n\t\t\t\t\t<h4 class=\"elementor-heading-title elementor-size-default\">Conf\u00e9rence\u00a0: \u00ab\u00a0Comment renforcer son immunit\u00e9 naturelle\u00a0\u00bb<\/h4>\t\t\t\t<\/div>\n\t\t\t\t<\/div>\n\t\t\t\t<div class=\"elementor-element elementor-element-c15aa51 elementor-widget elementor-widget-text-editor\" data-id=\"c15aa51\" data-element_type=\"widget\" data-widget_type=\"text-editor.default\">\n\t\t\t\t<div class=\"elementor-widget-container\">\n\t\t\t\t\t\t\t\t\t<p>Jeudi 31\/03\/2022 : La salle des f\u00eates de Pailh\u00e8s ne paraissait pas trop grande pour accueillir quelque quarante personnes (distance entre les chaises oblige !) \u00e0 l\u2019<strong>invitation du CEA et de la Commission Communale d\u2019Aide Sociale<\/strong> qui coorganisaient la tenue d\u2019une conf\u00e9rence\u00a0: \u00ab\u00a0Comment renforcer son immunit\u00e9 naturelle\u00a0\u00bb tenue par une <strong>adh\u00e9rente m\u00e9decin retrait\u00e9e<\/strong>.<\/p><ul style=\"margin-top: -0px;\"><li><a href=\"https:\/\/comite-ecologique-ariegeois.org\/archiveSPIP2024\/soutiens-divers\/article\/un-de-nos-adherents-contre-l-ordre-des-medecins-pas-simplement-un-defaut-de.html\">Article CEA<\/a> : \u00ab Un de nos adh\u00e9rents contre l\u2019ordre des m\u00e9decins. Pas simplement un d\u00e9faut de cotisation \u00bb, 30\/06\/2021<\/li><\/ul>\t\t\t\t\t\t\t\t<\/div>\n\t\t\t\t<\/div>\n\t\t\t\t<\/div>\n\t\t<div class=\"elementor-element elementor-element-d2ef90a e-con-full e-flex e-con e-child\" data-id=\"d2ef90a\" data-element_type=\"container\" data-settings=\"{&quot;background_background&quot;:&quot;classic&quot;}\">\n\t\t\t\t<div class=\"elementor-element elementor-element-9fcc7b4 elementor-widget elementor-widget-heading\" data-id=\"9fcc7b4\" data-element_type=\"widget\" data-widget_type=\"heading.default\">\n\t\t\t\t<div class=\"elementor-widget-container\">\n\t\t\t\t\t<h4 class=\"elementor-heading-title elementor-size-default\">Tiques et moustiques<\/h4>\t\t\t\t<\/div>\n\t\t\t\t<\/div>\n\t\t\t\t<div class=\"elementor-element elementor-element-390ff90 elementor-widget elementor-widget-text-editor\" data-id=\"390ff90\" data-element_type=\"widget\" data-widget_type=\"text-editor.default\">\n\t\t\t\t<div class=\"elementor-widget-container\">\n\t\t\t\t\t\t\t\t\t<p>Pas question de d\u00e9rouler ici un sc\u00e9nario-catastrophe, seulement informer sur une maladie m\u00e9connue, la <strong>maladie de Lyme<\/strong>, pas si facile \u00e0 soigner et qui est propag\u00e9e par certaines morsures de tiques, abondantes dans les herbes, foug\u00e8res et buissons de l\u2019Ari\u00e8ge particuli\u00e8rement \u00e0 la belle saison.<br \/>Et puis une information sur le<strong> moustique-tigre<\/strong> d\u00e9sormais pr\u00e9sent en Ari\u00e8ge.<\/p><ul style=\"margin-top: -0px;\"><li><a href=\"https:\/\/comite-ecologique-ariegeois.org\/archiveSPIP2024\/actions\/sante\/article\/maladie-de-lyme-en-ariege-les-tiques-pullulent-par-endroit.html\">Article CEA tr\u00e8s complet, 31\/03\/2018<\/a> : \u00ab Maladie de Lyme : en Ari\u00e8ge les tiques pullulent par endroit ! \u00bb<\/li><li><a href=\"https:\/\/comite-ecologique-ariegeois.org\/archiveSPIP2024\/actions\/faune-flore-foret-chasse\/protection\/article\/moustiques-tigres-les-particuliers-et-les-communes-ont-leur-role-a-jouer.html\">Article CEA, 30\/06\/2024<\/a> : \u00ab Moustiques tigres : les particuliers et les communes ont leur r\u00f4le \u00e0 jouer \u00bb<\/li><\/ul>\t\t\t\t\t\t\t\t<\/div>\n\t\t\t\t<\/div>\n\t\t\t\t<\/div>\n\t\t<div class=\"elementor-element elementor-element-7f5b778 e-con-full e-flex e-con e-child\" data-id=\"7f5b778\" data-element_type=\"container\" data-settings=\"{&quot;background_background&quot;:&quot;classic&quot;}\">\n\t\t\t\t<div class=\"elementor-element elementor-element-1fbd0a4 elementor-widget elementor-widget-heading\" data-id=\"1fbd0a4\" data-element_type=\"widget\" data-widget_type=\"heading.default\">\n\t\t\t\t<div class=\"elementor-widget-container\">\n\t\t\t\t\t<h4 class=\"elementor-heading-title elementor-size-default\">Amiante \u00e0 Salau<\/h4>\t\t\t\t<\/div>\n\t\t\t\t<\/div>\n\t\t\t\t<div class=\"elementor-element elementor-element-dcb3cb8 elementor-widget elementor-widget-text-editor\" data-id=\"dcb3cb8\" data-element_type=\"widget\" data-widget_type=\"text-editor.default\">\n\t\t\t\t<div class=\"elementor-widget-container\">\n\t\t\t\t\t\t\t\t\t<p>En aout 2023, Annie Th\u00e9baud-Mony, chercheure qui \u00e9tait intervenue \u00e0 la mine de Salau en activit\u00e9 \u00e0 la demande de syndicalistes, commente un article de Misseri et Billon Galand, experts nomm\u00e9s par l\u2019Etat pour expertiser l\u2019amiante au gisement\u00a0: \u00ab\u00a0Autoriser l\u2019exploration puis potentiellement l\u2019exploitation d\u2019une mine incontestablement contamin\u00e9e par l\u2019amiante revient \u00e0 <strong>transgresser l\u2019interdiction de l\u2019amiante en France et en Europe<\/strong>, tout en consid\u00e9rant qu\u2019il redeviendrait possible d\u2019envisager un \u00ab usage contr\u00f4l\u00e9 de l\u2019amiante \u00bb. Celui-ci fut le c\u0153ur de la strat\u00e9gie des industriels de l\u2019amiante dans les d\u00e9cennies avant l\u2019interdiction, ayant conduit \u00e0 l\u2019h\u00e9catombe que l\u2019on sait : plus de <strong>3000 d\u00e9c\u00e8s par cancers de l\u2019amiante en France chaque ann\u00e9e. \u00bb<\/strong><\/p><ul style=\"margin-top: -0px;\"><li>Annie Th\u00e9bault-Mony, 20\/09\/2015 : \u00ab <a href=\"https:\/\/comite-ecologique-ariegeois.org\/wp-content\/uploads\/2024\/11\/Rapport2015_Annie-Thebaud-Mony.pdf\">Rapport<\/a> concernant les risques sanitaires de l\u2019ancienne mine de Tungst\u00e8ne \u00e0 Salau (Ari\u00e8ge) \u00bb<\/li><li>Annie Th\u00e9baud Mony, mars 2016 : \u00ab <a href=\"https:\/\/comite-ecologique-ariegeois.org\/wp-content\/uploads\/2024\/11\/Note-complementaire-Salau_Annie-thebaud-Mony_mars-2016.pdf\">Note<\/a> comple\u0301mentaire Salau \u00bb<\/li><li>Annie Th\u00e9baud Mony, 18\/01\/2025 : <a href=\"https:\/\/comite-ecologique-ariegeois.org\/wp-content\/uploads\/2025\/01\/Actu.fr-18-01-25-Interview.-Pyrenees.-Cette-mine-ne-peut-et-ne-doit-pas-rouvrir-estime-une-specialiste-de-la-lut.pdf\">Interview<\/a> Actu.fr : \u00ab Cette mine ne peut et ne doit pas rouvrir\u00bb<\/li><\/ul>\t\t\t\t\t\t\t\t<\/div>\n\t\t\t\t<\/div>\n\t\t\t\t<div class=\"elementor-element elementor-element-75b6397 elementor-widget elementor-widget-button\" data-id=\"75b6397\" data-element_type=\"widget\" data-widget_type=\"button.default\">\n\t\t\t\t<div class=\"elementor-widget-container\">\n\t\t\t\t\t\t\t\t\t<div class=\"elementor-button-wrapper\">\n\t\t\t\t\t<a class=\"elementor-button elementor-button-link elementor-size-sm elementor-animation-grow\" href=\"https:\/\/comite-ecologique-ariegeois.org\/?p=1362\">\n\t\t\t\t\t\t<span class=\"elementor-button-content-wrapper\">\n\t\t\t\t\t\t\t\t\t<span class=\"elementor-button-text\">Voir notre article complet sur la mine de Salau<\/span>\n\t\t\t\t\t<\/span>\n\t\t\t\t\t<\/a>\n\t\t\t\t<\/div>\n\t\t\t\t\t\t\t\t<\/div>\n\t\t\t\t<\/div>\n\t\t\t\t<div class=\"elementor-element elementor-element-ae3b7b5 elementor-widget elementor-widget-image\" data-id=\"ae3b7b5\" data-element_type=\"widget\" data-widget_type=\"image.default\">\n\t\t\t\t<div class=\"elementor-widget-container\">\n\t\t\t\t\t\t\t\t\t\t\t\t\t\t\t<img fetchpriority=\"high\" decoding=\"async\" width=\"1024\" height=\"442\" src=\"https:\/\/comite-ecologique-ariegeois.org\/wp-content\/uploads\/2024\/12\/Devant-le-TA-Toulouse_Audience-permis-de-recherches-Couflens-SalauI_11-06-2019-scaled-e1735063309592-1024x442.jpg\" class=\"attachment-large size-large wp-image-5729\" alt=\"\" srcset=\"https:\/\/comite-ecologique-ariegeois.org\/wp-content\/uploads\/2024\/12\/Devant-le-TA-Toulouse_Audience-permis-de-recherches-Couflens-SalauI_11-06-2019-scaled-e1735063309592-1024x442.jpg 1024w, https:\/\/comite-ecologique-ariegeois.org\/wp-content\/uploads\/2024\/12\/Devant-le-TA-Toulouse_Audience-permis-de-recherches-Couflens-SalauI_11-06-2019-scaled-e1735063309592-300x129.jpg 300w, https:\/\/comite-ecologique-ariegeois.org\/wp-content\/uploads\/2024\/12\/Devant-le-TA-Toulouse_Audience-permis-de-recherches-Couflens-SalauI_11-06-2019-scaled-e1735063309592-768x332.jpg 768w, https:\/\/comite-ecologique-ariegeois.org\/wp-content\/uploads\/2024\/12\/Devant-le-TA-Toulouse_Audience-permis-de-recherches-Couflens-SalauI_11-06-2019-scaled-e1735063309592-1536x663.jpg 1536w, https:\/\/comite-ecologique-ariegeois.org\/wp-content\/uploads\/2024\/12\/Devant-le-TA-Toulouse_Audience-permis-de-recherches-Couflens-SalauI_11-06-2019-scaled-e1735063309592-2048x884.jpg 2048w\" sizes=\"(max-width: 1024px) 100vw, 1024px\" \/>\t\t\t\t\t\t\t\t\t\t\t\t\t\t\t<\/div>\n\t\t\t\t<\/div>\n\t\t\t\t<\/div>\n\t\t<div class=\"elementor-element elementor-element-423732c e-con-full e-flex e-con e-child\" data-id=\"423732c\" data-element_type=\"container\" data-settings=\"{&quot;background_background&quot;:&quot;classic&quot;}\">\n\t\t\t\t<div class=\"elementor-element elementor-element-eae1f99 elementor-widget elementor-widget-heading\" data-id=\"eae1f99\" data-element_type=\"widget\" data-widget_type=\"heading.default\">\n\t\t\t\t<div class=\"elementor-widget-container\">\n\t\t\t\t\t<h4 class=\"elementor-heading-title elementor-size-default\">Electro-hypersensibles<\/h4>\t\t\t\t<\/div>\n\t\t\t\t<\/div>\n\t\t\t\t<div class=\"elementor-element elementor-element-21824d6 elementor-widget elementor-widget-text-editor\" data-id=\"21824d6\" data-element_type=\"widget\" data-widget_type=\"text-editor.default\">\n\t\t\t\t<div class=\"elementor-widget-container\">\n\t\t\t\t\t\t\t\t\t<p>2018, l\u2019association Zone blanche en vall\u00e9e de l\u2019Artillac d\u00e9file dans les rues de Foix pour sensibiliser sur la condition des personnes \u00e9lectrosensibles et demander la c<strong>r\u00e9ation d\u2019une zone blanche en Ari\u00e8ge.<\/strong> Les manifestants se sont rendus devant la pr\u00e9fecture pour remettre un courrier \u00e0 Mme la pr\u00e9f\u00e8te en lui demandant de cr\u00e9er une zone vierge de toutes \u00e9missions d\u2019ondes \u00e9lectromagn\u00e9tiques. Le lieu propos\u00e9 est la <strong>vall\u00e9e de l\u2019Artillac sur la commune de l\u2019Esplas-de-S\u00e9rou.<\/strong> L\u2019association souhaite ainsi permettre aux personnes \u00e9lectrosensibles de b\u00e9n\u00e9ficier d\u2019un lieu pour \u00ab vivre normalement \u00bb.<br \/>Le CEA soutien ce projet pour des raisons humanitaires d\u2019une part et par <strong>principe de pr\u00e9caution<\/strong> d\u2019autre part devant une pollution \u00e9lectromagn\u00e9tique de plus en plus dense du fait des technologies de communication actuelles. Les pouvoirs publics n\u2019ont fait pour l\u2019instant qu\u2019\u00e9couter d\u2019une oreille distraite ces lanceurs d\u2019alertes que sont les Electro Hyper Sensibles, il est temps maintenant d\u2019agir.<\/p><ul style=\"margin-top: -0px;\"><li><a href=\"https:\/\/comite-ecologique-ariegeois.org\/archiveSPIP2024\/actions\/sante\/ondes-et-hypersensibilite-electro-magnetiques\/article\/une-ehs-ariegeoise-voit-son-handicap-reconnu-par-le-tribunal-administratif-de.html\">Article CEA 12\/09\/2015<\/a> : \u00ab Une EHS Ari\u00e9geoise reconnue par le tribunal administratif de Toulouse. \u00bb<\/li><li><a href=\"https:\/\/comite-ecologique-ariegeois.org\/archiveSPIP2024\/actions\/sante\/ondes-et-hypersensibilite-electro-magnetiques\/article\/une-loi-pour-les-hyper-electro-sensibles-urgent-lettre-aux-deputes-de-l-ariege.html\">Art CEA 31\/08\/2020<\/a> : \u00ab Une loi pour les Hyper-\u00e9lectro-sensibles&#8230;URGENT ! Lettre du CEA aux d\u00e9put\u00e9s de l\u2019Ari\u00e8ge \u00bb<\/li><li><a href=\"https:\/\/comite-ecologique-ariegeois.org\/archiveSPIP2024\/actions\/sante\/ondes-et-hypersensibilite-electro-magnetiques\/article\/ehs-un-document-tres-parlant-va-les-rendre-plus-proches-de-nous.html\">Article CEA, 4\/02\/2023<\/a> : \u00ab\u00a0EHS : un document tr\u00e8s parlant va les rendre plus proches de nous\u00a0\u00bb<\/li><li><a href=\"https:\/\/youtu.be\/kkBYBsUdshU?si=nHaSOQ3sqvoE2Nmf\" target=\"_blank\" rel=\"noopener\">Vid\u00e9o<\/a> 2024 : \u00ab Le dilemme num\u00e9rique \u00bb<\/li><li><a href=\"https:\/\/comite-ecologique-ariegeois.org\/wp-content\/uploads\/2025\/10\/Livre-Blanc-des-associations-sur-la-consultation-ANFR-02.10.2025.pdf\" target=\"_blank\" rel=\"noopener\">Livre Blanc des associations sur la consultation ANFR 02\/10\/2025<\/a><\/li><\/ul>\t\t\t\t\t\t\t\t<\/div>\n\t\t\t\t<\/div>\n\t\t\t\t<\/div>\n\t\t\t\t<\/div>\n\t\t\t\t\t<\/div>\n\t\t\t\t<\/div>\n\t\t<div class=\"elementor-element elementor-element-c6b3562 e-flex e-con-boxed e-con e-parent\" data-id=\"c6b3562\" data-element_type=\"container\">\n\t\t\t\t\t<div class=\"e-con-inner\">\n\t\t\t\t<div class=\"elementor-element elementor-element-8d7a938 elementor-widget elementor-widget-spacer\" data-id=\"8d7a938\" data-element_type=\"widget\" data-widget_type=\"spacer.default\">\n\t\t\t\t<div class=\"elementor-widget-container\">\n\t\t\t\t\t\t\t<div class=\"elementor-spacer\">\n\t\t\t<div class=\"elementor-spacer-inner\"><\/div>\n\t\t<\/div>\n\t\t\t\t\t\t<\/div>\n\t\t\t\t<\/div>\n\t\t\t\t\t<\/div>\n\t\t\t\t<\/div>\n\t\t<div class=\"elementor-element elementor-element-124e4d42 e-con-full e-flex e-con e-parent\" data-id=\"124e4d42\" data-element_type=\"container\" data-settings=\"{&quot;background_background&quot;:&quot;classic&quot;}\">\n\t\t\t\t<div class=\"elementor-element elementor-element-65ebdb51 elementor-widget elementor-widget-heading\" data-id=\"65ebdb51\" data-element_type=\"widget\" data-widget_type=\"heading.default\">\n\t\t\t\t<div class=\"elementor-widget-container\">\n\t\t\t\t\t<h2 class=\"elementor-heading-title elementor-size-default\">Cadre de vie<\/h2>\t\t\t\t<\/div>\n\t\t\t\t<\/div>\n\t\t\t\t<div class=\"elementor-element elementor-element-3bf3be9f elementor-widget elementor-widget-text-editor\" data-id=\"3bf3be9f\" data-element_type=\"widget\" data-widget_type=\"text-editor.default\">\n\t\t\t\t<div class=\"elementor-widget-container\">\n\t\t\t\t\t\t\t\t\t<p class=\"western\">D\u2019une mani\u00e8re g\u00e9n\u00e9rale, l\u2019association assure en tous lieux et aupr\u00e8s de toutes instances, notamment en justice,<strong> la d\u00e9fense de la nature, de l&rsquo;environnement et du cadre de vie.<\/strong><\/p>\t\t\t\t\t\t\t\t<\/div>\n\t\t\t\t<\/div>\n\t\t<div class=\"elementor-element elementor-element-51bd3974 e-grid e-con-full e-con e-child\" data-id=\"51bd3974\" data-element_type=\"container\" data-settings=\"{&quot;background_background&quot;:&quot;classic&quot;}\">\n\t\t<div class=\"elementor-element elementor-element-5b6cd906 e-con-full e-flex e-con e-child\" data-id=\"5b6cd906\" data-element_type=\"container\" data-settings=\"{&quot;background_background&quot;:&quot;classic&quot;}\">\n\t\t\t\t<div class=\"elementor-element elementor-element-90b7b42 elementor-widget elementor-widget-heading\" data-id=\"90b7b42\" data-element_type=\"widget\" data-widget_type=\"heading.default\">\n\t\t\t\t<div class=\"elementor-widget-container\">\n\t\t\t\t\t<h4 class=\"elementor-heading-title elementor-size-default\">Charte de l'Environnement (Loi constitutionnelle depuis 2005)<\/h4>\t\t\t\t<\/div>\n\t\t\t\t<\/div>\n\t\t\t\t<div class=\"elementor-element elementor-element-5d8b2e8d elementor-widget elementor-widget-text-editor\" data-id=\"5d8b2e8d\" data-element_type=\"widget\" data-widget_type=\"text-editor.default\">\n\t\t\t\t<div class=\"elementor-widget-container\">\n\t\t\t\t\t\t\t\t\t<p>Consid\u00e9rant (\u2026) que la diversit\u00e9 biologique, l\u2019\u00e9panouissement de la personne et le progr\u00e8s des soci\u00e9t\u00e9s humaines sont affect\u00e9s par certains modes de consommation ou de production et par l\u2019exploitation excessive des ressources naturelles ; (\u2026)<\/p><ul style=\"margin-top: -0px;\"><li>Article 1er. <strong>Chacun a le droit de vivre dans un environnement \u00e9quilibr\u00e9 et respectueux de la sant\u00e9.<\/strong><\/li><li>Article 2. <strong>Toute personne a le devoir de prendre part \u00e0 la pr\u00e9servation et \u00e0 l\u2019am\u00e9lioration de l\u2019environnement.<\/strong><\/li><li>Article 7. Toute personne a le droit, dans les conditions et les limites d\u00e9finies par la loi, d\u2019<strong>acc\u00e9der aux informations relatives \u00e0 l\u2019environnement d\u00e9tenues par les autorit\u00e9s publiques et de participer \u00e0 l\u2019\u00e9laboration des d\u00e9cisions publiques ayant une incidence sur l\u2019environnement.<\/strong><\/li><\/ul>\t\t\t\t\t\t\t\t<\/div>\n\t\t\t\t<\/div>\n\t\t\t\t<\/div>\n\t\t<div class=\"elementor-element elementor-element-4ede6f81 e-con-full e-flex e-con e-child\" data-id=\"4ede6f81\" data-element_type=\"container\" data-settings=\"{&quot;background_background&quot;:&quot;classic&quot;}\">\n\t\t\t\t<div class=\"elementor-element elementor-element-84c332b elementor-widget elementor-widget-heading\" data-id=\"84c332b\" data-element_type=\"widget\" data-widget_type=\"heading.default\">\n\t\t\t\t<div class=\"elementor-widget-container\">\n\t\t\t\t\t<h4 class=\"elementor-heading-title elementor-size-default\">Distances d'\u00e9pandage<\/h4>\t\t\t\t<\/div>\n\t\t\t\t<\/div>\n\t\t\t\t<div class=\"elementor-element elementor-element-7b4c44ff elementor-widget elementor-widget-text-editor\" data-id=\"7b4c44ff\" data-element_type=\"widget\" data-widget_type=\"text-editor.default\">\n\t\t\t\t<div class=\"elementor-widget-container\">\n\t\t\t\t\t\t\t\t\t<p>Le Conseil Constitutionnel reconnait dans <a href=\"https:\/\/www.conseil-constitutionnel.fr\/actualites\/communique\/decision-n-2021-891-qpc-du-19-mars-2021-communique-de-presse\">sa d\u00e9cision du 19 mars 2021<\/a> que les chartes, qui r\u00e9gissent les conditions d\u2019<strong>utilisations \u00e0 proximit\u00e9 des habitations des produits \u00ab phytopharmaceutiques \u00bb<\/strong>, ont une incidence directe et significative \u00e0 la fois sur la biodiversit\u00e9 et sur la sant\u00e9 publique.<\/p><p>En savoir plus :<\/p><ul style=\"margin-top: -0px;\"><li><a href=\"https:\/\/www.generations-futures.fr\/\">Article au site G\u00e9n\u00e9rations futures, sept 2022<\/a> : \u00ables associations demandent l\u2019application d\u2019une<strong> distance minimale de s\u00e9curit\u00e9 de 150 m au-del\u00e0 des habitations<\/strong>\u00ab\u00a0<\/li><li><a href=\"https:\/\/comite-ecologique-ariegeois.org\/wp-content\/uploads\/2024\/11\/rapport-failles-riverains-1.pdf\">Rapport de G\u00e9n\u00e9rations futures, Juillet 2022<\/a> : \u00ab <strong>Riverains expos\u00e9s aux pesticides<\/strong> : les failles de l\u2019\u00e9valuation des risques \u00bb<\/li><li><a href=\"https:\/\/comite-ecologique-ariegeois.org\/wp-content\/uploads\/2024\/11\/COMMUNIQUE-PRESSE-CEA-Chabot_-concertation-Charte-epandages_03-05-2020-1.pdf\">Communiqu\u00e9 de presse CEA et APRA Le Chabot, 3\/05\/2020<\/a><\/li><\/ul>\t\t\t\t\t\t\t\t<\/div>\n\t\t\t\t<\/div>\n\t\t\t\t<\/div>\n\t\t\t\t<\/div>\n\t\t<div class=\"elementor-element elementor-element-c3e1ff4 e-con-full e-flex e-con e-child\" data-id=\"c3e1ff4\" data-element_type=\"container\">\n\t\t<div class=\"elementor-element elementor-element-6ded08dc e-con-full e-flex e-con e-child\" data-id=\"6ded08dc\" data-element_type=\"container\" data-settings=\"{&quot;background_background&quot;:&quot;classic&quot;}\">\n\t\t\t\t<div class=\"elementor-element elementor-element-afcfa57 elementor-widget elementor-widget-heading\" data-id=\"afcfa57\" data-element_type=\"widget\" data-widget_type=\"heading.default\">\n\t\t\t\t<div class=\"elementor-widget-container\">\n\t\t\t\t\t<h4 class=\"elementor-heading-title elementor-size-default\">L'impossible dialogue avec les agriculteurs ?<\/h4>\t\t\t\t<\/div>\n\t\t\t\t<\/div>\n\t\t\t\t<div class=\"elementor-element elementor-element-837fa1b elementor-widget elementor-widget-text-editor\" data-id=\"837fa1b\" data-element_type=\"widget\" data-widget_type=\"text-editor.default\">\n\t\t\t\t<div class=\"elementor-widget-container\">\n\t\t\t\t\t\t\t\t\t<p>Le 5 mai 2018 \u00e0 La Bastide de S\u00e9rou, la FDSEA, les JA, l\u2019ASPAP et la FDC ont organis\u00e9 une <strong>manifestation violente emp\u00eachant le public de venir \u00e0 la salle Jean Nayrou o\u00f9 les associations environnementales \u00e9taient r\u00e9unies pour un \u00e9tat des lieux de l\u2019environnement en Ari\u00e8ge.<\/strong><br \/>Apr\u00e8s la manifestation, des repr\u00e9sentants agricoles ont \u00e9t\u00e9 re\u00e7us \u00e0 leur demande par les associations pour un temps d\u2019\u00e9change. Mais le dialogue s\u2019est arr\u00eat\u00e9 l\u00e0. Ensuite, \u00e0 plusieurs reprises, les m\u00eames organisations ont manifest\u00e9 leur hostilit\u00e9 envers les environnementalistes.<br \/>Les associations ont port\u00e9 plainte pour atteinte \u00e0 la libert\u00e9 de r\u00e9union : le tribunal de Foix a condamn\u00e9 le 29\/11\/2022 les responsables des organisations \u00e0 trois mois de prison avec sursis. Un an apr\u00e8s, la Cour d\u2019Appel de Toulouse a annul\u00e9 ce jugement, mais le Procureur g\u00e9n\u00e9ral s\u2019est pourvu en cassation et \u00e0 sa suite les associations. En novembre 2024, en p\u00e9riode de manifestations agricoles g\u00e9n\u00e9ralis\u00e9es, la Cour de cassation a finalement relax\u00e9 les six repr\u00e9sentants ari\u00e9geois des organisations responsables de la manifestation. Ceci dans un contexte g\u00e9n\u00e9ral d\u2019agressions impunies contre les APNE et contre la police de l\u2019environnement, l\u2019Office Fran\u00e7ais de la Biodiversit\u00e9 !<\/p>\t\t\t\t\t\t\t\t<\/div>\n\t\t\t\t<\/div>\n\t\t<div class=\"elementor-element elementor-element-94de019 e-grid e-con-full e-con e-child\" data-id=\"94de019\" data-element_type=\"container\">\n\t\t\t\t<div class=\"elementor-element elementor-element-b97d4ac elementor-widget elementor-widget-image\" data-id=\"b97d4ac\" data-element_type=\"widget\" data-widget_type=\"image.default\">\n\t\t\t\t<div class=\"elementor-widget-container\">\n\t\t\t\t\t\t\t\t\t\t\t\t\t\t\t<img decoding=\"async\" width=\"485\" height=\"323\" src=\"https:\/\/comite-ecologique-ariegeois.org\/wp-content\/uploads\/2024\/12\/LBDS-FDO.jpg\" class=\"attachment-large size-large wp-image-6984\" alt=\"\" srcset=\"https:\/\/comite-ecologique-ariegeois.org\/wp-content\/uploads\/2024\/12\/LBDS-FDO.jpg 485w, https:\/\/comite-ecologique-ariegeois.org\/wp-content\/uploads\/2024\/12\/LBDS-FDO-300x200.jpg 300w\" sizes=\"(max-width: 485px) 100vw, 485px\" \/>\t\t\t\t\t\t\t\t\t\t\t\t\t\t\t<\/div>\n\t\t\t\t<\/div>\n\t\t\t\t<div class=\"elementor-element elementor-element-6483d1e elementor-widget elementor-widget-text-editor\" data-id=\"6483d1e\" data-element_type=\"widget\" data-widget_type=\"text-editor.default\">\n\t\t\t\t<div class=\"elementor-widget-container\">\n\t\t\t\t\t\t\t\t\t<p><a href=\"https:\/\/comite-ecologique-ariegeois.org\/wp-content\/uploads\/2024\/12\/CP-CEA_reponse-manif-FDSEA-et-JA-31-Janvier.pdf\">Communiqu\u00e9 de presse du CEA du 31\/01\/2022<\/a><\/p><p><a href=\"https:\/\/www.ladepeche.fr\/2022\/01\/31\/ariege-en-colere-les-agriculteurs-bloquent-les-routes-en-tracteurs-10080139.php\">Article de la d\u00e9p\u00eache de 01\/02\/2022<\/a> : \u00ab Arie\u0300ge en cole\u0300re, les agriculteurs bloquent les routes en tracteur. \u00bb<\/p><p>\u00ab <a href=\"https:\/\/comite-ecologique-ariegeois.org\/wp-content\/uploads\/2024\/11\/Carte-OFB.jpg\">Carte<\/a> des actions men\u00e9es contre l\u2019OFB par les agriculteurs en 2024 \u00bb (source Lib\u00e9ration)<\/p>\t\t\t\t\t\t\t\t<\/div>\n\t\t\t\t<\/div>\n\t\t\t\t<div class=\"elementor-element elementor-element-d0ef426 elementor-widget elementor-widget-image\" data-id=\"d0ef426\" data-element_type=\"widget\" data-widget_type=\"image.default\">\n\t\t\t\t<div class=\"elementor-widget-container\">\n\t\t\t\t\t\t\t\t\t\t\t\t\t\t\t<img decoding=\"async\" width=\"401\" height=\"266\" src=\"https:\/\/comite-ecologique-ariegeois.org\/wp-content\/uploads\/2024\/12\/LBDS.jpg\" class=\"attachment-large size-large wp-image-6985\" alt=\"\" srcset=\"https:\/\/comite-ecologique-ariegeois.org\/wp-content\/uploads\/2024\/12\/LBDS.jpg 401w, https:\/\/comite-ecologique-ariegeois.org\/wp-content\/uploads\/2024\/12\/LBDS-300x199.jpg 300w\" sizes=\"(max-width: 401px) 100vw, 401px\" \/>\t\t\t\t\t\t\t\t\t\t\t\t\t\t\t<\/div>\n\t\t\t\t<\/div>\n\t\t\t\t<\/div>\n\t\t\t\t<\/div>\n\t\t\t\t<\/div>\n\t\t\t\t<\/div>\n\t\t<div class=\"elementor-element elementor-element-9ddc430 e-flex e-con-boxed e-con e-parent\" data-id=\"9ddc430\" data-element_type=\"container\">\n\t\t\t\t\t<div class=\"e-con-inner\">\n\t\t\t\t<div class=\"elementor-element elementor-element-5dc42a9 elementor-widget elementor-widget-spacer\" data-id=\"5dc42a9\" data-element_type=\"widget\" data-widget_type=\"spacer.default\">\n\t\t\t\t<div class=\"elementor-widget-container\">\n\t\t\t\t\t\t\t<div class=\"elementor-spacer\">\n\t\t\t<div class=\"elementor-spacer-inner\"><\/div>\n\t\t<\/div>\n\t\t\t\t\t\t<\/div>\n\t\t\t\t<\/div>\n\t\t\t\t\t<\/div>\n\t\t\t\t<\/div>\n\t\t<div class=\"elementor-element elementor-element-fe768be e-con-full e-flex e-con e-parent\" data-id=\"fe768be\" data-element_type=\"container\" data-settings=\"{&quot;background_background&quot;:&quot;classic&quot;}\">\n\t\t\t\t<div class=\"elementor-element elementor-element-ebe9a9e elementor-widget elementor-widget-menu-anchor\" data-id=\"ebe9a9e\" data-element_type=\"widget\" data-widget_type=\"menu-anchor.default\">\n\t\t\t\t<div class=\"elementor-widget-container\">\n\t\t\t\t\t\t\t<div class=\"elementor-menu-anchor\" id=\"agriculture\"><\/div>\n\t\t\t\t\t\t<\/div>\n\t\t\t\t<\/div>\n\t\t\t\t<div class=\"elementor-element elementor-element-e006eb8 elementor-widget elementor-widget-heading\" data-id=\"e006eb8\" data-element_type=\"widget\" data-widget_type=\"heading.default\">\n\t\t\t\t<div class=\"elementor-widget-container\">\n\t\t\t\t\t<h2 class=\"elementor-heading-title elementor-size-default\">Agriculture<\/h2>\t\t\t\t<\/div>\n\t\t\t\t<\/div>\n\t\t\t\t<div class=\"elementor-element elementor-element-fcc309e elementor-widget elementor-widget-text-editor\" data-id=\"fcc309e\" data-element_type=\"widget\" data-widget_type=\"text-editor.default\">\n\t\t\t\t<div class=\"elementor-widget-container\">\n\t\t\t\t\t\t\t\t\t<p class=\"western\">En Ari\u00e8ge, <strong>131 milliers d\u2019hectares sont en Surface Agricole Utile, soit 27 % de la superficie du d\u00e9partement<\/strong> (source Agri\u2019scopie Occitanie GC 2022). Alors que la montagne et le pi\u00e9mont exploitent les ressources de la for\u00eat et vivent principalement de l\u2019\u00e9levage, les grandes cultures occupent le tiers nord du d\u00e9partement, en irrigu\u00e9 dans la plaine ou sans irrigation dans les coteaux.<br \/>Les <strong>principales cultures<\/strong> sont le bl\u00e9 tendre, le bl\u00e9 dur, l\u2019orge d\u2019hiver, le ma\u00efs grain, le ma\u00efs ensilage, le ma\u00efs semence, le colza d\u2019hiver, le tournesol, le soja et le sorgho. La particularit\u00e9 du d\u00e9partement est la production de semences : ma\u00efs principalement mais aussi colza et tournesol. Cette <strong>production de semences<\/strong>, possible et performante gr\u00e2ce au savoir-faire et \u00e0 l\u2019\u00e9quipement des exploitations, est responsable (avec aussi les cultures du tournesol et du ma\u00efs pour bestiaux) de la diffusion dans les sols et dans l\u2019eau des nitrates et pesticides, et elle n\u00e9cessite une forte consommation d\u2019eau.<br \/><strong>L\u2019agriculture biologique est en fort d\u00e9veloppement<\/strong> dans le d\u00e9partement depuis une douzaine d\u2019ann\u00e9es.<\/p>\t\t\t\t\t\t\t\t<\/div>\n\t\t\t\t<\/div>\n\t\t<div class=\"elementor-element elementor-element-f564178 e-con-full e-flex e-con e-child\" data-id=\"f564178\" data-element_type=\"container\">\n\t\t<div class=\"elementor-element elementor-element-4f4ecba e-con-full e-flex e-con e-child\" data-id=\"4f4ecba\" data-element_type=\"container\" data-settings=\"{&quot;background_background&quot;:&quot;classic&quot;}\">\n\t\t\t\t<div class=\"elementor-element elementor-element-769b951 elementor-widget elementor-widget-heading\" data-id=\"769b951\" data-element_type=\"widget\" data-widget_type=\"heading.default\">\n\t\t\t\t<div class=\"elementor-widget-container\">\n\t\t\t\t\t<h3 class=\"elementor-heading-title elementor-size-default\">L' Agro\u00e9cologie<\/h3>\t\t\t\t<\/div>\n\t\t\t\t<\/div>\n\t\t\t\t<div class=\"elementor-element elementor-element-7cfc8f0 elementor-widget elementor-widget-text-editor\" data-id=\"7cfc8f0\" data-element_type=\"widget\" data-widget_type=\"text-editor.default\">\n\t\t\t\t<div class=\"elementor-widget-container\">\n\t\t\t\t\t\t\t\t\t<p><strong>L\u2019agro\u00e9cologie vise \u00e0 lier l\u2019agronomie \u00e0 l\u2019\u00e9cologie.<\/strong><br \/>Beaucoup d\u2019agriculteurs pratiquent l&rsquo;agro\u00e9cologie et l\u2019agriculture biologique dans notre d\u00e9partement. Le plus souvent, les jeunes, malgr\u00e9 les difficult\u00e9s qu\u2019entra\u00eene leur choix, retirent une satisfaction de leur activit\u00e9 bio. <strong>570 exploitants sont en bio sur 31 000 hectares, soit environ 1\/4 des exploitations et des surfaces.<\/strong><br \/>Alors que le programme ambition bio 2022 pr\u00e9tendait vouloir parvenir \u00e0 15 % de la surface agricole en bio, le gouvernement (en pleine 6\u00e8me extinction de masse) d\u00e9cide en 2023-2024 de SABORDER 40 ans d&rsquo;agriculture bio, pour pousser son label HVE pas clair du tout et de se plier une fois de plus aux desiderata du lobby des pesticides. \u00ab\u00a0En avant les d\u00e9conversions de fermes bio, les entreprises en faillite et les fermetures de magasins bio. Dommage pour les 10 millions de fran\u00e7ais qui choisissent les produits bio chaque mois, qui pourront se rabattre sur les <strong>produits HVE largement pesticid\u00e9s<\/strong> \u2620\ufe0f\u00a0\u00bb.<\/p>\t\t\t\t\t\t\t\t<\/div>\n\t\t\t\t<\/div>\n\t\t<div class=\"elementor-element elementor-element-a9a6e84 e-grid e-con-full e-con e-child\" data-id=\"a9a6e84\" data-element_type=\"container\">\n\t\t\t\t<div class=\"elementor-element elementor-element-f017ec9 elementor-widget elementor-widget-image\" data-id=\"f017ec9\" data-element_type=\"widget\" data-widget_type=\"image.default\">\n\t\t\t\t<div class=\"elementor-widget-container\">\n\t\t\t\t\t\t\t\t\t\t\t\t\t\t\t<img loading=\"lazy\" decoding=\"async\" width=\"150\" height=\"150\" src=\"https:\/\/comite-ecologique-ariegeois.org\/wp-content\/uploads\/2024\/12\/Photo-CEA_papillon-Azure_Sabarat_NX--150x150.jpg\" class=\"attachment-thumbnail size-thumbnail wp-image-6941\" alt=\"\" \/>\t\t\t\t\t\t\t\t\t\t\t\t\t\t\t<\/div>\n\t\t\t\t<\/div>\n\t\t\t\t<div class=\"elementor-element elementor-element-19ff56f elementor-widget elementor-widget-text-editor\" data-id=\"19ff56f\" data-element_type=\"widget\" data-widget_type=\"text-editor.default\">\n\t\t\t\t<div class=\"elementor-widget-container\">\n\t\t\t\t\t\t\t\t\t<p><strong><a href=\"https:\/\/comite-ecologique-ariegeois.org\/?page_id=1257\">Nos \u00e9missions sur Radio-transparence<\/a> <\/strong>: \u00ab La Traction Animale \u00bb diffus\u00e9e le 18\/01\/2021 avec Roberto Mazzone et Tiffen Tolnay.<\/p>\t\t\t\t\t\t\t\t<\/div>\n\t\t\t\t<\/div>\n\t\t\t\t<div class=\"elementor-element elementor-element-605b33b elementor-widget elementor-widget-text-editor\" data-id=\"605b33b\" data-element_type=\"widget\" data-widget_type=\"text-editor.default\">\n\t\t\t\t<div class=\"elementor-widget-container\">\n\t\t\t\t\t\t\t\t\t<p><a href=\"https:\/\/comite-ecologique-ariegeois.org\/wp-content\/uploads\/2024\/12\/Doc-FNE_Agroecologie_Avril-2016.pdf\"><strong>Document FNE, avril 2016<\/strong><\/a> : \u00ab Qu\u2019est-ce que l\u2019agro-\u00e9cologie ? \u00bb<\/p><p><strong>Signez la <a href=\"https:\/\/www.mesopinions.com\/petition\/nature-environnement\/stop-mepris-agriculture-bio-gouvernement\/202294\/actualite\/80970\">p\u00e9tition<\/a><\/strong> \u00ab\u00a0Stop au m\u00e9pris de l&rsquo;agriculture bio par le gouvernement !\u00a0\u00bb<\/p>\t\t\t\t\t\t\t\t<\/div>\n\t\t\t\t<\/div>\n\t\t\t\t<\/div>\n\t\t\t\t<\/div>\n\t\t\t\t<\/div>\n\t\t<div class=\"elementor-element elementor-element-5e1f31b e-grid e-con-full e-con e-child\" data-id=\"5e1f31b\" data-element_type=\"container\" data-settings=\"{&quot;background_background&quot;:&quot;classic&quot;}\">\n\t\t<div class=\"elementor-element elementor-element-3184e97 e-con-full e-flex e-con e-child\" data-id=\"3184e97\" data-element_type=\"container\" data-settings=\"{&quot;background_background&quot;:&quot;classic&quot;}\">\n\t\t\t\t<div class=\"elementor-element elementor-element-69bb900 elementor-widget elementor-widget-heading\" data-id=\"69bb900\" data-element_type=\"widget\" data-widget_type=\"heading.default\">\n\t\t\t\t<div class=\"elementor-widget-container\">\n\t\t\t\t\t<h4 class=\"elementor-heading-title elementor-size-default\">La pollution par les Nitrates<\/h4>\t\t\t\t<\/div>\n\t\t\t\t<\/div>\n\t\t\t\t<div class=\"elementor-element elementor-element-707a18d elementor-widget elementor-widget-text-editor\" data-id=\"707a18d\" data-element_type=\"widget\" data-widget_type=\"text-editor.default\">\n\t\t\t\t<div class=\"elementor-widget-container\">\n\t\t\t\t\t\t\t\t\t<p>La pollution des eaux par les nitrates a des cons\u00e9quences sur la <strong>potabilit\u00e9 des ressources<\/strong> et perturbe<strong> l&rsquo;\u00e9quilibre biologique des milieux.<\/strong> Pour lutter contre ces pollutions diffuses, l&rsquo;Europe a adopt\u00e9 une directive, dite \u00ab nitrates \u00bb, qui a donn\u00e9 lieu en France depuis 1996 \u00e0 la <strong>d\u00e9limitation de zones dites \u00ab vuln\u00e9rables \u00bb (ZV)<\/strong> aux pollutions par les nitrates d&rsquo;origine agricole et \u00e0 des programmes d&rsquo;actions quadriennaux pour encadrer l&rsquo;utilisation des fertilisants azot\u00e9s dans ces zones.<\/p>\n<p>La concentration \u00ab naturelle \u00bb de nitrate dans les eaux souterraines sans fertilisation agricole varie selon les sols de 5 \u00e0 15 mg\/L. La norme OMS de potabilit\u00e9 pour la concentration en nitrates NO3 est de 50 mg\/L.<\/p>\n<p><strong>En 2014, c\u2019est notamment la r\u00e9cente condamnation de la France par la Cour de Justice Europ\u00e9enne qui a pouss\u00e9 le gouvernement \u00e0 pr\u00e9senter \u00e0 Bruxelles des crit\u00e8res plus s\u00e9v\u00e8res<\/strong> (quantit\u00e9 de nitrates dans les eaux souterraines et superficielles) pour la d\u00e9finition des \u00ab zones vuln\u00e9rables \u00bb et par voie de cons\u00e9quence \u00e0 doubler la superficie de celles-ci au niveau du <strong>bassin Adour Garonne.<\/strong><\/p><p><strong><br><\/strong><\/p><p><strong><br><\/strong><\/p>\n<p><\/p>\t\t\t\t\t\t\t\t<\/div>\n\t\t\t\t<\/div>\n\t\t\t\t<div class=\"elementor-element elementor-element-318f313 elementor-widget elementor-widget-button\" data-id=\"318f313\" data-element_type=\"widget\" data-widget_type=\"button.default\">\n\t\t\t\t<div class=\"elementor-widget-container\">\n\t\t\t\t\t\t\t\t\t<div class=\"elementor-button-wrapper\">\n\t\t\t\t\t<a class=\"elementor-button elementor-button-link elementor-size-sm elementor-animation-grow\" href=\"https:\/\/comite-ecologique-ariegeois.org\/archiveSPIP2024\/commissions\/comite-departemental-des-risques-sanitaires-et-technologiques\/article\/coderst-du-8-12-14-sur-la-revision-des-zones-vulnerables-au-titre-de-la.html\">\n\t\t\t\t\t\t<span class=\"elementor-button-content-wrapper\">\n\t\t\t\t\t\t\t\t\t<span class=\"elementor-button-text\">Lire notre article du 8\/12\/2014\u00a0: \u00ab\u00a0R\u00e9vision des Zones Vuln\u00e9rables (directive nitrates)\u00a0\u00bb<\/span>\n\t\t\t\t\t<\/span>\n\t\t\t\t\t<\/a>\n\t\t\t\t<\/div>\n\t\t\t\t\t\t\t\t<\/div>\n\t\t\t\t<\/div>\n\t\t\t\t<\/div>\n\t\t<div class=\"elementor-element elementor-element-049eb20 e-con-full e-flex e-con e-child\" data-id=\"049eb20\" data-element_type=\"container\" data-settings=\"{&quot;background_background&quot;:&quot;classic&quot;}\">\n\t\t\t\t<div class=\"elementor-element elementor-element-25e5a99 elementor-widget elementor-widget-heading\" data-id=\"25e5a99\" data-element_type=\"widget\" data-widget_type=\"heading.default\">\n\t\t\t\t<div class=\"elementor-widget-container\">\n\t\t\t\t\t<h4 class=\"elementor-heading-title elementor-size-default\">L\u2019irrigation<\/h4>\t\t\t\t<\/div>\n\t\t\t\t<\/div>\n\t\t\t\t<div class=\"elementor-element elementor-element-2405f95 elementor-widget elementor-widget-text-editor\" data-id=\"2405f95\" data-element_type=\"widget\" data-widget_type=\"text-editor.default\">\n\t\t\t\t<div class=\"elementor-widget-container\">\n\t\t\t\t\t\t\t\t\t<p>L\u2019agriculture est le <strong>secteur le plus consommateur d\u2019eau<\/strong> et les besoins agricoles se manifestent au moment o\u00f9 la ressource est la moins disponible, ce qui g\u00e9n\u00e8re des conflits d&rsquo;usage. Il y a urgence de mettre en place des modes de culture \u00e9conomes en eau et adapt\u00e9s aux changements climatiques.<br \/>Selon la Chambre d\u2019Agriculture, l\u2019irrigation en Ari\u00e8ge est essentiellement r\u00e9alis\u00e9e gr\u00e2ce aux <strong>rivi\u00e8res r\u00e9aliment\u00e9es (90 % des pr\u00e9l\u00e8vements) l&rsquo;Ari\u00e8ge et l&rsquo;Hers-vif par le barrage de Montbel, la L\u00e8ze par le barrage de Mond\u00e9ly et l&rsquo;Arize par le barrage de Filheit.<\/strong><br \/>La principale culture irrigu\u00e9e en Ari\u00e8ge reste le ma\u00efs (75 %), avec une proportion importante de ma\u00efs semence, viennent ensuite des cultures telles que le soja, le sorgho, le tournesol, les prairies mais \u00e9galement des cultures d\u2019hiver (colza, c\u00e9r\u00e9ales \u00e0 paille, pois). Maraichage, cultures l\u00e9gumi\u00e8res et arboriculture repr\u00e9sentent environ 200 ha sur le d\u00e9partement de l\u2019Ari\u00e8ge.<br \/>Pour chaque campagne annuelle d\u2019irrigation, les repr\u00e9sentants des associations CEA et Chabot demandent vainement en CODERST que les<strong> volumes d\u2019eau accord\u00e9s se basent sur la consommation r\u00e9elle au lieu d\u2019\u00eatre syst\u00e9matiquement surestim\u00e9s.<\/strong> Ils insistent aussi sur le n\u00e9cessaire changement vers des modes de culture moins gourmands en eau.<\/p>\t\t\t\t\t\t\t\t<\/div>\n\t\t\t\t<\/div>\n\t\t\t\t<div class=\"elementor-element elementor-element-372b4b6 elementor-widget elementor-widget-button\" data-id=\"372b4b6\" data-element_type=\"widget\" data-widget_type=\"button.default\">\n\t\t\t\t<div class=\"elementor-widget-container\">\n\t\t\t\t\t\t\t\t\t<div class=\"elementor-button-wrapper\">\n\t\t\t\t\t<a class=\"elementor-button elementor-button-link elementor-size-sm elementor-animation-grow\" href=\"https:\/\/comite-ecologique-ariegeois.org\/wp-content\/uploads\/2024\/11\/NP_GestionQuanti_EauAgri_VF.pdf\">\n\t\t\t\t\t\t<span class=\"elementor-button-content-wrapper\">\n\t\t\t\t\t\t\t\t\t<span class=\"elementor-button-text\">Lire le document complet FNE, avril 2018<\/span>\n\t\t\t\t\t<\/span>\n\t\t\t\t\t<\/a>\n\t\t\t\t<\/div>\n\t\t\t\t\t\t\t\t<\/div>\n\t\t\t\t<\/div>\n\t\t\t\t<\/div>\n\t\t<div class=\"elementor-element elementor-element-2d7b112 e-con-full e-flex e-con e-child\" data-id=\"2d7b112\" data-element_type=\"container\" data-settings=\"{&quot;background_background&quot;:&quot;classic&quot;}\">\n\t\t\t\t<div class=\"elementor-element elementor-element-1eb2849 elementor-widget elementor-widget-heading\" data-id=\"1eb2849\" data-element_type=\"widget\" data-widget_type=\"heading.default\">\n\t\t\t\t<div class=\"elementor-widget-container\">\n\t\t\t\t\t<h4 class=\"elementor-heading-title elementor-size-default\">Ecobuages<\/h4>\t\t\t\t<\/div>\n\t\t\t\t<\/div>\n\t\t\t\t<div class=\"elementor-element elementor-element-610dbee elementor-widget elementor-widget-text-editor\" data-id=\"610dbee\" data-element_type=\"widget\" data-widget_type=\"text-editor.default\">\n\t\t\t\t<div class=\"elementor-widget-container\">\n\t\t\t\t\t\t\t\t\t<p>Une pratique depuis des si\u00e8cles en Ari\u00e8ge, mais qui devient pr\u00e9occupante du fait de la d\u00e9prise humaine en montagne, de l\u2019enfrichement des surfaces auparavant en prairies et donc de l\u2019<strong>augmentation de la puissance de ces feux<\/strong>.<br \/>En mai 2019, la pr\u00e9fecture a r\u00e9uni l\u2019ensemble des partenaires de la chambre d\u2019agriculture pour dire stop \u00e0 l\u2019\u00e9cobuage irresponsable et non contr\u00f4l\u00e9 qui <strong>a d\u00e9truit (de janvier \u00e0 mai 2019) 1350 ha<\/strong> et co\u00fbter plus de 100.000\u20ac pour la protection des biens et des personnes.<br \/>Mais ces mesures ne tiennent pas compte des d\u00e9g\u00e2ts \u00e9cologiques de l\u2019\u00e9cobuage :<strong> destruction de la faune et la flore montagnarde, acidification des terres <\/strong>permettant l\u2019essor de la foug\u00e8re au lieu de celui des plantes \u00e0 brouter,<strong> d\u00e9gagement d\u2019une quantit\u00e9 colossale de poussi\u00e8res, micro-poussi\u00e8res et CO2.<\/strong><br \/>L\u2019association pr\u00e9conise d\u2019avoir recours au <strong>d\u00e9broussaillage m\u00e9canis\u00e9 t\u00e9l\u00e9guid\u00e9 sur les pentes<\/strong>, d\u2019\u00e9tablir les besoins pastoraux, de favoriser la ma\u00eetrise fonci\u00e8re des candidats \u00e0 l\u2019installation, de pratiquer l\u2019agroforesterie.<\/p><ul style=\"margin-top: -0px;\"><li><a href=\"https:\/\/comite-ecologique-ariegeois.org\/archiveSPIP2024\/actions\/agriculture-et-alimentation\/agriculture-elevage-filieres-agricoles\/article\/ecobuage-une-nouvelle-approche-lettre-ouverte-a-mme-la-prefete.html\"><b>Article CEA, 08\/02\/2017<\/b><\/a> : \u00ab Ecobuage : une nouvelle approche &#8211; lettre ouverte \u00e0 Mme la Pr\u00e9f\u00e8te \u00bb<\/li><li><strong><a href=\"https:\/\/comite-ecologique-ariegeois.org\/?page_id=1257\">Nos \u00e9missions sur Radio-transparence<\/a>\u00a0:<\/strong> \u00ab\u00a0Les \u00e9cobuages\u00a0\u00bb diffus\u00e9e le 28 avril 2021.<\/li><\/ul>\t\t\t\t\t\t\t\t<\/div>\n\t\t\t\t<\/div>\n\t\t\t\t<div class=\"elementor-element elementor-element-4864764 elementor-widget elementor-widget-image\" data-id=\"4864764\" data-element_type=\"widget\" data-widget_type=\"image.default\">\n\t\t\t\t<div class=\"elementor-widget-container\">\n\t\t\t\t\t\t\t\t\t\t\t\t\t\t\t<img loading=\"lazy\" decoding=\"async\" width=\"500\" height=\"375\" src=\"https:\/\/comite-ecologique-ariegeois.org\/wp-content\/uploads\/2024\/12\/ecobuage.png\" class=\"attachment-large size-large wp-image-6471\" alt=\"\" srcset=\"https:\/\/comite-ecologique-ariegeois.org\/wp-content\/uploads\/2024\/12\/ecobuage.png 500w, https:\/\/comite-ecologique-ariegeois.org\/wp-content\/uploads\/2024\/12\/ecobuage-300x225.png 300w\" sizes=\"(max-width: 500px) 100vw, 500px\" \/>\t\t\t\t\t\t\t\t\t\t\t\t\t\t\t<\/div>\n\t\t\t\t<\/div>\n\t\t\t\t<\/div>\n\t\t\t\t<\/div>\n\t\t\t\t<div class=\"elementor-element elementor-element-8685d1f elementor-widget elementor-widget-button\" data-id=\"8685d1f\" data-element_type=\"widget\" data-widget_type=\"button.default\">\n\t\t\t\t<div class=\"elementor-widget-container\">\n\t\t\t\t\t\t\t\t\t<div class=\"elementor-button-wrapper\">\n\t\t\t\t\t<a class=\"elementor-button elementor-button-link elementor-size-sm elementor-animation-grow\" href=\"https:\/\/comite-ecologique-ariegeois.org\/?page_id=1231#methane\">\n\t\t\t\t\t\t<span class=\"elementor-button-content-wrapper\">\n\t\t\t\t\t\t\t\t\t<span class=\"elementor-button-text\">Acc\u00e9der au sujet m\u00e9thanisation dans le dossier \u00e9nergie<\/span>\n\t\t\t\t\t<\/span>\n\t\t\t\t\t<\/a>\n\t\t\t\t<\/div>\n\t\t\t\t\t\t\t\t<\/div>\n\t\t\t\t<\/div>\n\t\t<div class=\"elementor-element elementor-element-175efa1 e-con-full e-flex e-con e-child\" data-id=\"175efa1\" data-element_type=\"container\">\n\t\t\t\t<div class=\"elementor-element elementor-element-e431462 elementor-widget elementor-widget-heading\" data-id=\"e431462\" data-element_type=\"widget\" data-widget_type=\"heading.default\">\n\t\t\t\t<div class=\"elementor-widget-container\">\n\t\t\t\t\t<h3 class=\"elementor-heading-title elementor-size-default\">Pesticides<\/h3>\t\t\t\t<\/div>\n\t\t\t\t<\/div>\n\t\t\t\t<div class=\"elementor-element elementor-element-662b1f4 elementor-widget elementor-widget-text-editor\" data-id=\"662b1f4\" data-element_type=\"widget\" data-widget_type=\"text-editor.default\">\n\t\t\t\t<div class=\"elementor-widget-container\">\n\t\t\t\t\t\t\t\t\t<p>Pour Claudine Joly (FNE 23\/03\/2022) : \u00ab (\u2026) si 25% de la surface agricole fran\u00e7aise passait du conventionnel \u00e0 l\u2019agriculture biologique, pr\u00e8s de la moiti\u00e9 de l\u2019objectif de <strong>r\u00e9duction de 50% de l\u2019usage des pesticides<\/strong> serait atteinte. Qu\u2019attend le gouvernement pour conforter cette agriculture alors que l\u2019on voit au contraire dispara\u00eetre l\u2019aide au maintien de l\u2019agriculture biologique dans la nouvelle PAC ? \u201d\u00a0<\/p>\t\t\t\t\t\t\t\t<\/div>\n\t\t\t\t<\/div>\n\t\t<div class=\"elementor-element elementor-element-d0e8da7 e-grid e-con-full e-con e-child\" data-id=\"d0e8da7\" data-element_type=\"container\">\n\t\t<div class=\"elementor-element elementor-element-984e6c8 e-con-full e-flex e-con e-child\" data-id=\"984e6c8\" data-element_type=\"container\" data-settings=\"{&quot;background_background&quot;:&quot;classic&quot;}\">\n\t\t\t\t<div class=\"elementor-element elementor-element-3693403 elementor-widget elementor-widget-heading\" data-id=\"3693403\" data-element_type=\"widget\" data-widget_type=\"heading.default\">\n\t\t\t\t<div class=\"elementor-widget-container\">\n\t\t\t\t\t<h4 class=\"elementor-heading-title elementor-size-default\">Campagne Glyphosate France<\/h4>\t\t\t\t<\/div>\n\t\t\t\t<\/div>\n\t\t\t\t<div class=\"elementor-element elementor-element-86b2059 elementor-widget elementor-widget-text-editor\" data-id=\"86b2059\" data-element_type=\"widget\" data-widget_type=\"text-editor.default\">\n\t\t\t\t<div class=\"elementor-widget-container\">\n\t\t\t\t\t\t\t\t\t<p>Communiqu\u00e9 15\/10\/2023 : \u00ab Les actualit\u00e9s sur les pesticides r\u00e9voltent toutes celles et tous ceux qui d\u00e9fendent le vivant en luttant contre les pesticides, notamment le classement sans suite de quelques 5400 plaintes p\u00e9nales d\u00e9pos\u00e9es dans le cadre de la Campagne Glyphosate France suite aux<strong> 6850 analyses d\u2019urines qui d\u00e9montrent l\u2019impr\u00e9gnation permanente et quasi g\u00e9n\u00e9rale de la population fran\u00e7aise<\/strong> par des pesticides bas\u00e9s sur cette mol\u00e9cule \u00bb.<\/p>\t\t\t\t\t\t\t\t<\/div>\n\t\t\t\t<\/div>\n\t\t\t\t<div class=\"elementor-element elementor-element-4a8372e elementor-widget elementor-widget-image\" data-id=\"4a8372e\" data-element_type=\"widget\" data-widget_type=\"image.default\">\n\t\t\t\t<div class=\"elementor-widget-container\">\n\t\t\t\t\t\t\t\t\t\t\t\t\t\t\t<img loading=\"lazy\" decoding=\"async\" width=\"1024\" height=\"680\" src=\"https:\/\/comite-ecologique-ariegeois.org\/wp-content\/uploads\/2024\/12\/Photo-CEA_Traitement-chimique-_St-Amadou_NX-1024x680.jpg\" class=\"attachment-large size-large wp-image-6931\" alt=\"\" srcset=\"https:\/\/comite-ecologique-ariegeois.org\/wp-content\/uploads\/2024\/12\/Photo-CEA_Traitement-chimique-_St-Amadou_NX-1024x680.jpg 1024w, https:\/\/comite-ecologique-ariegeois.org\/wp-content\/uploads\/2024\/12\/Photo-CEA_Traitement-chimique-_St-Amadou_NX-300x199.jpg 300w, https:\/\/comite-ecologique-ariegeois.org\/wp-content\/uploads\/2024\/12\/Photo-CEA_Traitement-chimique-_St-Amadou_NX-768x510.jpg 768w, https:\/\/comite-ecologique-ariegeois.org\/wp-content\/uploads\/2024\/12\/Photo-CEA_Traitement-chimique-_St-Amadou_NX-1536x1020.jpg 1536w, https:\/\/comite-ecologique-ariegeois.org\/wp-content\/uploads\/2024\/12\/Photo-CEA_Traitement-chimique-_St-Amadou_NX-2048x1360.jpg 2048w\" sizes=\"(max-width: 1024px) 100vw, 1024px\" \/>\t\t\t\t\t\t\t\t\t\t\t\t\t\t\t<\/div>\n\t\t\t\t<\/div>\n\t\t\t\t<\/div>\n\t\t<div class=\"elementor-element elementor-element-fe4c153 e-con-full e-flex e-con e-child\" data-id=\"fe4c153\" data-element_type=\"container\" data-settings=\"{&quot;background_background&quot;:&quot;classic&quot;}\">\n\t\t\t\t<div class=\"elementor-element elementor-element-a1f7ba8 elementor-widget elementor-widget-heading\" data-id=\"a1f7ba8\" data-element_type=\"widget\" data-widget_type=\"heading.default\">\n\t\t\t\t<div class=\"elementor-widget-container\">\n\t\t\t\t\t<h4 class=\"elementor-heading-title elementor-size-default\">Campagne Secrets Toxiques<\/h4>\t\t\t\t<\/div>\n\t\t\t\t<\/div>\n\t\t\t\t<div class=\"elementor-element elementor-element-bd7a524 elementor-widget elementor-widget-text-editor\" data-id=\"bd7a524\" data-element_type=\"widget\" data-widget_type=\"text-editor.default\">\n\t\t\t\t<div class=\"elementor-widget-container\">\n\t\t\t\t\t\t\t\t\t<p>Le CEA adh\u00e8re \u00e0 <strong>\u00ab\u00a0<a href=\"https:\/\/secretstoxiques.fr\/\">Secrets toxiques<\/a>\u00a0\u00bb<\/strong> qui regroupe pr\u00e8s de 80 associations.<strong><br \/><\/strong>Article France 3 Occitanie, 04\/10\/2022 : \u00ab Pesticides, v\u00e9ritables bombes toxiques : une<strong> plainte d\u00e9pos\u00e9e en Ari\u00e8ge<\/strong> pour des soup\u00e7ons de <strong>fraude sur les \u00e9tiquettes<\/strong>\u00a0\u00bb\u00a0: \u00ab\u00a0La composition chimique de 14 produits herbicides, dont 10 vendus en France, a \u00e9t\u00e9 r\u00e9v\u00e9l\u00e9e en 2020 dans une \u00e9tude scientifique (en anglais). L&rsquo;\u00e9tude d\u00e9montre que ces produits dissimulent des <strong>mati\u00e8res extr\u00eamement dangereuses<\/strong> pour la sant\u00e9 (des m\u00e9taux lourds, des d\u00e9chets de l&rsquo;industrie p\u00e9troli\u00e8re ou encore de l&rsquo;arsenic) et n&rsquo;ont \u00e9t\u00e9 ni d\u00e9clar\u00e9es, ni affich\u00e9es sur l&#8217;emballage.\u00a0\u00bb<br \/><a href=\"https:\/\/comite-ecologique-ariegeois.org\/?page_id=1257\"><strong>Nos \u00e9missions sur Radio-transparence<\/strong><\/a> : \u00ab Secrets toxiques \u00bb avec Dominique Masset, vice-pr\u00e9sident de l\u2019association Secrets toxiques (07\/12\/2021)<\/p>\t\t\t\t\t\t\t\t<\/div>\n\t\t\t\t<\/div>\n\t\t\t\t<div class=\"elementor-element elementor-element-c9eb15f elementor-widget elementor-widget-image\" data-id=\"c9eb15f\" data-element_type=\"widget\" data-widget_type=\"image.default\">\n\t\t\t\t<div class=\"elementor-widget-container\">\n\t\t\t\t\t\t\t\t\t\t\t\t\t\t\t\t<a href=\"https:\/\/secretstoxiques.fr\/\">\n\t\t\t\t\t\t\t<img decoding=\"async\" src=\"https:\/\/comite-ecologique-ariegeois.org\/wp-content\/uploads\/elementor\/thumbs\/proxy-image-2-qthdk64zpsn18czv7en89kibszn4ye510imktv9cos.png\" title=\"proxy-image\" alt=\"proxy-image\" loading=\"lazy\" \/>\t\t\t\t\t\t\t\t<\/a>\n\t\t\t\t\t\t\t\t\t\t\t\t\t\t\t<\/div>\n\t\t\t\t<\/div>\n\t\t\t\t<\/div>\n\t\t<div class=\"elementor-element elementor-element-178ce83 e-con-full e-flex e-con e-child\" data-id=\"178ce83\" data-element_type=\"container\" data-settings=\"{&quot;background_background&quot;:&quot;classic&quot;}\">\n\t\t\t\t<div class=\"elementor-element elementor-element-39120e9 elementor-widget elementor-widget-heading\" data-id=\"39120e9\" data-element_type=\"widget\" data-widget_type=\"heading.default\">\n\t\t\t\t<div class=\"elementor-widget-container\">\n\t\t\t\t\t<h4 class=\"elementor-heading-title elementor-size-default\">                 Loi Duplomb<\/h4>\t\t\t\t<\/div>\n\t\t\t\t<\/div>\n\t\t\t\t<div class=\"elementor-element elementor-element-f8df656 elementor-widget elementor-widget-text-editor\" data-id=\"f8df656\" data-element_type=\"widget\" data-widget_type=\"text-editor.default\">\n\t\t\t\t<div class=\"elementor-widget-container\">\n\t\t\t\t\t\t\t\t\t<p>Apr\u00e8s un passage en force \u00e0 l\u2019Assembl\u00e9e nationale,\u00a0 la loi Duplomb a \u00e9t\u00e9 discut\u00e9e en Commission Mixte Paritaire (CMP), une instance seulement compos\u00e9e de 7 d\u00e9put\u00e9\u00b7es et 7 s\u00e9nateur\u00b7rices, charg\u00e9e de trouver une version d\u00e9finitive du texte. L\u2019Assembl\u00e9e nationale a adopt\u00e9 ce texte, qui facilite l\u2019utilisation de pesticides dangereux, la construction de m\u00e9gabassines et l\u2019\u00e9levage industriel.<br \/>Une loi vot\u00e9e sous la pression des lobbies industriels favorisant l\u2019agrobusiness et, qui n\u2019aborde absolument pas les causes structurelles de la crise agricole.<br \/><strong>La p\u00e9tition contre la loi Duplomb, <a href=\"https:\/\/petitions.assemblee-nationale.fr\/initiatives\/i-3014\">d\u00e9pos\u00e9e par l&rsquo;\u00e9tudiante El\u00e9onore Pattery<\/a>, connait un succ\u00e8s in\u00e9dit soulignant le besoin urgent d&rsquo;un d\u00e9bat d\u00e9mocratique pour une l\u00e9gislation qui prenne en consid\u00e9ration le revenu paysan, la sant\u00e9, le droit \u00e0 l&rsquo;alimentation, la pr\u00e9servation de notre environnement et les droits sociaux<\/strong>.<br \/>Lire aussi l\u2019article de <a href=\"https:\/\/reporterre.net\/Loi-Duplomb-adoption-d-un-texte-funeste-pour-l-environnement\">Reporterre<\/a>.<\/p>\t\t\t\t\t\t\t\t<\/div>\n\t\t\t\t<\/div>\n\t\t\t\t<\/div>\n\t\t\t\t<\/div>\n\t\t\t\t<\/div>\n\t\t<div class=\"elementor-element elementor-element-fa0e20c e-con-full e-flex e-con e-child\" data-id=\"fa0e20c\" data-element_type=\"container\">\n\t\t\t\t<div class=\"elementor-element elementor-element-dc8c3a3 elementor-widget elementor-widget-heading\" data-id=\"dc8c3a3\" data-element_type=\"widget\" data-widget_type=\"heading.default\">\n\t\t\t\t<div class=\"elementor-widget-container\">\n\t\t\t\t\t<h3 class=\"elementor-heading-title elementor-size-default\">Elevage et estives<\/h3>\t\t\t\t<\/div>\n\t\t\t\t<\/div>\n\t\t\t\t<div class=\"elementor-element elementor-element-7d102a2 elementor-widget elementor-widget-text-editor\" data-id=\"7d102a2\" data-element_type=\"widget\" data-widget_type=\"text-editor.default\">\n\t\t\t\t<div class=\"elementor-widget-container\">\n\t\t\t\t\t\t\t\t\t<p>Dans sa tr\u00e8s grande majorit\u00e9,<strong> l\u2019\u00e9levage en Ari\u00e8ge est extensif<\/strong>, avec quelques exceptions, et la montagne y a permis le <strong>pastoralisme pour des bovins, \u00e9quins et brebis.<\/strong><\/p>\t\t\t\t\t\t\t\t<\/div>\n\t\t\t\t<\/div>\n\t\t<div class=\"elementor-element elementor-element-80617ce e-grid e-con-full e-con e-child\" data-id=\"80617ce\" data-element_type=\"container\">\n\t\t<div class=\"elementor-element elementor-element-ed9ff99 e-con-full e-flex e-con e-child\" data-id=\"ed9ff99\" data-element_type=\"container\" data-settings=\"{&quot;background_background&quot;:&quot;classic&quot;}\">\n\t\t\t\t<div class=\"elementor-element elementor-element-1da89a9 elementor-widget elementor-widget-heading\" data-id=\"1da89a9\" data-element_type=\"widget\" data-widget_type=\"heading.default\">\n\t\t\t\t<div class=\"elementor-widget-container\">\n\t\t\t\t\t<h4 class=\"elementor-heading-title elementor-size-default\">Elevages intensifs<\/h4>\t\t\t\t<\/div>\n\t\t\t\t<\/div>\n\t\t\t\t<div class=\"elementor-element elementor-element-6ad5a40 elementor-widget__width-initial elementor-widget elementor-widget-text-editor\" data-id=\"6ad5a40\" data-element_type=\"widget\" data-widget_type=\"text-editor.default\">\n\t\t\t\t<div class=\"elementor-widget-container\">\n\t\t\t\t\t\t\t\t\t<p>En soutien des habitants concern\u00e9s, les associations environnementales se sont oppos\u00e9es avec <strong>succ\u00e8s<\/strong> contre des \u00e9levages intensifs particuli\u00e8rement mal situ\u00e9s :<\/p><ul style=\"margin-top: -0px;\"><li>Elevage de canards \u00e0 Mont\u00e9gut Plantaurel : <a href=\"https:\/\/comite-ecologique-ariegeois.org\/archiveSPIP2024\/actions\/agriculture-et-alimentation\/agriculture-elevage-filieres-agricoles\/article\/montegut-plantaurel-un-projet-de-gavage-de-canards-qui-passe-mal.html\"><b>article<\/b><\/a> du 17\/04\/2018<\/li><li>Elevage intensif de bovins \u00e0 Tourtouse,\u00a0 : <a href=\"https:\/\/comite-ecologique-ariegeois.org\/archiveSPIP2024\/actions\/agriculture-et-alimentation\/agriculture-elevage-filieres-agricoles\/article\/tourtouse-l-agro-business-installe-240-vaches-au-dessus-d-un-cours-d-eau.html\"><b>article<\/b><\/a> du 04\/03\/2016<\/li><\/ul>\t\t\t\t\t\t\t\t<\/div>\n\t\t\t\t<\/div>\n\t\t\t\t<\/div>\n\t\t<div class=\"elementor-element elementor-element-9ea36d3 e-con-full e-flex e-con e-child\" data-id=\"9ea36d3\" data-element_type=\"container\" data-settings=\"{&quot;background_background&quot;:&quot;classic&quot;}\">\n\t\t\t\t<div class=\"elementor-element elementor-element-5a025b3 elementor-widget elementor-widget-heading\" data-id=\"5a025b3\" data-element_type=\"widget\" data-widget_type=\"heading.default\">\n\t\t\t\t<div class=\"elementor-widget-container\">\n\t\t\t\t\t<h4 class=\"elementor-heading-title elementor-size-default\">Le pastoralisme<\/h4>\t\t\t\t<\/div>\n\t\t\t\t<\/div>\n\t\t\t\t<div class=\"elementor-element elementor-element-5d80488 elementor-widget elementor-widget-text-editor\" data-id=\"5d80488\" data-element_type=\"widget\" data-widget_type=\"text-editor.default\">\n\t\t\t\t<div class=\"elementor-widget-container\">\n\t\t\t\t\t\t\t\t\t<p><strong>Une fiert\u00e9 qui n\u00e9cessite la<\/strong> <strong>formation des bergers<\/strong> : <strong><a href=\"https:\/\/www.youtube.com\/watch?v=Z75P4bZB6zU\">Film<\/a><\/strong> du collectif PYRPASTUM, 2019\/2020 (avec la participation de la F\u00e9d\u00e9ration Pastorale de l\u2019Ari\u00e8ge et le CFPPA Comminges : \u00ab Elevage de montagne : ces m\u00e9tiers cl\u00e9s du territoire pyr\u00e9n\u00e9en.\u00bb<br \/><strong>La n\u00e9cessaire cohabitation avec l\u2019ours impose de gros efforts d\u2019adaptation aux \u00e9leveurs pour assurer la protection des troupeaux en estives\u00a0:<\/strong> pr\u00e9sence de bergers, chiens de protection, regroupement en parcs de nuits \u00e9lectrifi\u00e9s\u2026 <strong>Chaque estive n\u00e9cessiterait un diagnostic, pas que pour le pacage et le respect de la ressource, mais aussi pour la protection la mieux adapt\u00e9e.<\/strong><br \/>Les \u00e9leveurs, souvent en groupements pastoraux (80 en Ari\u00e8ge), b\u00e9n\u00e9ficient de l\u2019aide de l\u2019Etat pour mettre en place cette protection ainsi que d\u2019indemnisations des pertes de b\u00eates attribu\u00e9es \u00e0 la pr\u00e9dation des ours.<br \/><strong>Le CEA qui comprend la difficult\u00e9 du pastoralisme \u00e0 faire \u00e9voluer ses pratiques, partage cependant le point de vue de la coordination Cap Ours\u00a0:<\/strong> \u00ab\u00a0Chaque \u00e9t\u00e9 environ 25000 brebis meurent dans les Pyr\u00e9n\u00e9es de chutes, maladies, foudre, pr\u00e9dations (chiens errants notamment). <strong>La part de l\u2019ours<\/strong> repr\u00e9sente environ 500 b\u00eates par an, soit<strong> 2% des pertes globales<\/strong>, mais c\u2019est la seule cause de mortalit\u00e9 que l\u2019on compte et dont on parle.<\/p><ul style=\"margin-top: -0px;\"><li><strong>Voir au site cap Ours \u00ab <a href=\"https:\/\/paysdelours.com\/fr\/homme-ours\/les-mesures-daccompagnement\/\">Les mesures d\u2019accompagnement<\/a><\/strong> \u00bb<\/li><li><strong><a href=\"https:\/\/www.pastoralepyreneenne.fr\">La Pastorale pyr\u00e9n\u00e9enne<\/a><\/strong> est une association d\u2019\u00e9leveurs au service des \u00e9leveurs, bergers\/berg\u00e8res et apiculteurs sur les Pyr\u00e9n\u00e9es. Sp\u00e9cialistes des moyens de protection des troupeaux, elle \u0153uvre depuis 1997 pour <strong>aider les professionnels de l\u2019\u00e9levage et du pastoralisme<\/strong> \u00e0 se pr\u00e9munir contre la pr\u00e9dation<\/li><\/ul>\t\t\t\t\t\t\t\t<\/div>\n\t\t\t\t<\/div>\n\t\t<div class=\"elementor-element elementor-element-c6a972a e-grid e-con-full e-con e-child\" data-id=\"c6a972a\" data-element_type=\"container\">\n\t\t\t\t<div class=\"elementor-element elementor-element-9a2ad9c elementor-widget elementor-widget-image\" data-id=\"9a2ad9c\" data-element_type=\"widget\" data-widget_type=\"image.default\">\n\t\t\t\t<div class=\"elementor-widget-container\">\n\t\t\t\t\t\t\t\t\t\t\t\t<figure class=\"wp-caption\">\n\t\t\t\t\t\t\t\t\t\t<img loading=\"lazy\" decoding=\"async\" width=\"1024\" height=\"655\" src=\"https:\/\/comite-ecologique-ariegeois.org\/wp-content\/uploads\/2024\/12\/Photo-CEA-troupeau-de-Gasconnes-en-piemont_NX_05-11-2024-scaled-e1773566425998-1024x655.jpg\" class=\"attachment-large size-large wp-image-6683\" alt=\"\" srcset=\"https:\/\/comite-ecologique-ariegeois.org\/wp-content\/uploads\/2024\/12\/Photo-CEA-troupeau-de-Gasconnes-en-piemont_NX_05-11-2024-scaled-e1773566425998-1024x655.jpg 1024w, https:\/\/comite-ecologique-ariegeois.org\/wp-content\/uploads\/2024\/12\/Photo-CEA-troupeau-de-Gasconnes-en-piemont_NX_05-11-2024-scaled-e1773566425998-300x192.jpg 300w, https:\/\/comite-ecologique-ariegeois.org\/wp-content\/uploads\/2024\/12\/Photo-CEA-troupeau-de-Gasconnes-en-piemont_NX_05-11-2024-scaled-e1773566425998-768x491.jpg 768w, https:\/\/comite-ecologique-ariegeois.org\/wp-content\/uploads\/2024\/12\/Photo-CEA-troupeau-de-Gasconnes-en-piemont_NX_05-11-2024-scaled-e1773566425998-1536x983.jpg 1536w, https:\/\/comite-ecologique-ariegeois.org\/wp-content\/uploads\/2024\/12\/Photo-CEA-troupeau-de-Gasconnes-en-piemont_NX_05-11-2024-scaled-e1773566425998-2048x1310.jpg 2048w\" sizes=\"(max-width: 1024px) 100vw, 1024px\" \/>\t\t\t\t\t\t\t\t\t\t\t<figcaption class=\"widget-image-caption wp-caption-text\">Beau troupeau de gasconnes en pi\u00e9mont<\/figcaption>\n\t\t\t\t\t\t\t\t\t\t<\/figure>\n\t\t\t\t\t\t\t\t\t<\/div>\n\t\t\t\t<\/div>\n\t\t\t\t<div class=\"elementor-element elementor-element-c19516c elementor-widget elementor-widget-image\" data-id=\"c19516c\" data-element_type=\"widget\" data-widget_type=\"image.default\">\n\t\t\t\t<div class=\"elementor-widget-container\">\n\t\t\t\t\t\t\t\t\t\t\t\t<figure class=\"wp-caption\">\n\t\t\t\t\t\t\t\t\t\t<img loading=\"lazy\" decoding=\"async\" width=\"542\" height=\"347\" src=\"https:\/\/comite-ecologique-ariegeois.org\/wp-content\/uploads\/2024\/12\/brebis-e1773566454999.jpg\" class=\"attachment-large size-large wp-image-6467\" alt=\"\" srcset=\"https:\/\/comite-ecologique-ariegeois.org\/wp-content\/uploads\/2024\/12\/brebis-e1773566454999.jpg 542w, https:\/\/comite-ecologique-ariegeois.org\/wp-content\/uploads\/2024\/12\/brebis-e1773566454999-300x192.jpg 300w\" sizes=\"(max-width: 542px) 100vw, 542px\" \/>\t\t\t\t\t\t\t\t\t\t\t<figcaption class=\"widget-image-caption wp-caption-text\">Brebis \u00e0 l\u2019estive<\/figcaption>\n\t\t\t\t\t\t\t\t\t\t<\/figure>\n\t\t\t\t\t\t\t\t\t<\/div>\n\t\t\t\t<\/div>\n\t\t\t\t<\/div>\n\t\t\t\t<\/div>\n\t\t\t\t<\/div>\n\t\t\t\t<\/div>\n\t\t\t\t<\/div>\n\t\t<div class=\"elementor-element elementor-element-22137f7 e-flex e-con-boxed e-con e-parent\" data-id=\"22137f7\" data-element_type=\"container\">\n\t\t\t\t\t<div class=\"e-con-inner\">\n\t\t\t\t<div class=\"elementor-element elementor-element-6f495d3 elementor-widget elementor-widget-spacer\" data-id=\"6f495d3\" data-element_type=\"widget\" data-widget_type=\"spacer.default\">\n\t\t\t\t<div class=\"elementor-widget-container\">\n\t\t\t\t\t\t\t<div class=\"elementor-spacer\">\n\t\t\t<div class=\"elementor-spacer-inner\"><\/div>\n\t\t<\/div>\n\t\t\t\t\t\t<\/div>\n\t\t\t\t<\/div>\n\t\t\t\t\t<\/div>\n\t\t\t\t<\/div>\n\t\t<div class=\"elementor-element elementor-element-d2ec903 e-flex e-con-boxed e-con e-parent\" data-id=\"d2ec903\" data-element_type=\"container\" data-settings=\"{&quot;background_background&quot;:&quot;classic&quot;}\">\n\t\t\t\t\t<div class=\"e-con-inner\">\n\t\t\t\t<div class=\"elementor-element elementor-element-9951277 elementor-widget elementor-widget-menu-anchor\" data-id=\"9951277\" data-element_type=\"widget\" data-widget_type=\"menu-anchor.default\">\n\t\t\t\t<div class=\"elementor-widget-container\">\n\t\t\t\t\t\t\t<div class=\"elementor-menu-anchor\" id=\"alimentation\"><\/div>\n\t\t\t\t\t\t<\/div>\n\t\t\t\t<\/div>\n\t\t\t\t<div class=\"elementor-element elementor-element-dbbce78 elementor-widget elementor-widget-heading\" data-id=\"dbbce78\" data-element_type=\"widget\" data-widget_type=\"heading.default\">\n\t\t\t\t<div class=\"elementor-widget-container\">\n\t\t\t\t\t<h2 class=\"elementor-heading-title elementor-size-default\">Alimentation<\/h2>\t\t\t\t<\/div>\n\t\t\t\t<\/div>\n\t\t\t\t<div class=\"elementor-element elementor-element-7afd88d elementor-widget elementor-widget-text-editor\" data-id=\"7afd88d\" data-element_type=\"widget\" data-widget_type=\"text-editor.default\">\n\t\t\t\t<div class=\"elementor-widget-container\">\n\t\t\t\t\t\t\t\t\t<p class=\"western\">L&rsquo;acc\u00e8s \u00e0 une nourriture saine et \u00e9quilibr\u00e9e est de plus en plus difficile, en particulier pour les foyers modestes. Et en m\u00eame temps, les paysans et agriculteurs ont de plus en plus de mal \u00e0 survivre. N&rsquo;est-il pas temps de repenser tout \u00e7a ?<\/p>\t\t\t\t\t\t\t\t<\/div>\n\t\t\t\t<\/div>\n\t\t<div class=\"elementor-element elementor-element-e48563d e-grid e-con-full e-con e-child\" data-id=\"e48563d\" data-element_type=\"container\" data-settings=\"{&quot;background_background&quot;:&quot;classic&quot;}\">\n\t\t<div class=\"elementor-element elementor-element-c4c547a e-con-full e-flex e-con e-child\" data-id=\"c4c547a\" data-element_type=\"container\" data-settings=\"{&quot;background_background&quot;:&quot;classic&quot;}\">\n\t\t\t\t<div class=\"elementor-element elementor-element-f8300a4 elementor-widget elementor-widget-heading\" data-id=\"f8300a4\" data-element_type=\"widget\" data-widget_type=\"heading.default\">\n\t\t\t\t<div class=\"elementor-widget-container\">\n\t\t\t\t\t<h4 class=\"elementor-heading-title elementor-size-default\">La nourriture vendue par les super-march\u00e9s\u00a0<\/h4>\t\t\t\t<\/div>\n\t\t\t\t<\/div>\n\t\t\t\t<div class=\"elementor-element elementor-element-4fc2804 elementor-widget elementor-widget-text-editor\" data-id=\"4fc2804\" data-element_type=\"widget\" data-widget_type=\"text-editor.default\">\n\t\t\t\t<div class=\"elementor-widget-container\">\n\t\t\t\t\t\t\t\t\t<p><a href=\"https:\/\/reporterre.net\/Les-supermarches-favorisent-les-aliments-de-mauvaise-qualit\u00e9\" target=\"_blank\" rel=\"noopener\">Article Reporterre 02\/02\/2023<\/a>\u00a0: \u00ab\u00a0Les supermarch\u00e9s favorisent les <strong>aliments de mauvaise qualit\u00e9<\/strong>\u00a0\u00bb<br \/><a href=\"https:\/\/comite-ecologique-ariegeois.org\/archiveSPIP2024\/actions\/agriculture-et-alimentation\/alimentation\/article\/bonne-nourriture-et-supermarches-ne-vont-pas-ensemble-d-apres-reseau-action.html\">Article CEA 28\/02\/2023<\/a> : \u00ab Bonne nourriture et supermarch\u00e9s ne vont pas ensemble d\u2019apr\u00e8s R\u00e9seau Action Climat \u00bb<\/p>\t\t\t\t\t\t\t\t<\/div>\n\t\t\t\t<\/div>\n\t\t\t\t<\/div>\n\t\t<div class=\"elementor-element elementor-element-7600173 e-con-full e-flex e-con e-child\" data-id=\"7600173\" data-element_type=\"container\" data-settings=\"{&quot;background_background&quot;:&quot;classic&quot;}\">\n\t\t\t\t<div class=\"elementor-element elementor-element-02d9f75 elementor-widget elementor-widget-heading\" data-id=\"02d9f75\" data-element_type=\"widget\" data-widget_type=\"heading.default\">\n\t\t\t\t<div class=\"elementor-widget-container\">\n\t\t\t\t\t<h4 class=\"elementor-heading-title elementor-size-default\">Nos aliments sont devenus des coquilles vides\u2026 de nutriments<\/h4>\t\t\t\t<\/div>\n\t\t\t\t<\/div>\n\t\t\t\t<div class=\"elementor-element elementor-element-ecb211a elementor-widget elementor-widget-text-editor\" data-id=\"ecb211a\" data-element_type=\"widget\" data-widget_type=\"text-editor.default\">\n\t\t\t\t<div class=\"elementor-widget-container\">\n\t\t\t\t\t\t\t\t\t<p>Combien de p\u00eaches, d\u2019oranges, de brocolis faut-il ingurgiter pour<strong> retrouver les bienfaits d\u2019il y a un demi-si\u00e8cle<\/strong> ?<br \/><a href=\"https:\/\/comite-ecologique-ariegeois.org\/archiveSPIP2024\/actions\/agriculture-et-alimentation\/agriculture-elevage-filieres-agricoles\/article\/l-ariege-et-ses-prairies-un-marche-de-dupes-avec-l-etat.html\">Article CEA, 15\/02\/2015<\/a> : \u00ab La vie dans son assiette : aliments m\u00fbrs, bien produits et de vari\u00e9t\u00e9s oubli\u00e9es \u00bb<\/p>\t\t\t\t\t\t\t\t<\/div>\n\t\t\t\t<\/div>\n\t\t\t\t<\/div>\n\t\t<div class=\"elementor-element elementor-element-92afa57 e-con-full e-flex e-con e-child\" data-id=\"92afa57\" data-element_type=\"container\" data-settings=\"{&quot;background_background&quot;:&quot;classic&quot;}\">\n\t\t\t\t<div class=\"elementor-element elementor-element-f486e8b elementor-widget elementor-widget-heading\" data-id=\"f486e8b\" data-element_type=\"widget\" data-widget_type=\"heading.default\">\n\t\t\t\t<div class=\"elementor-widget-container\">\n\t\t\t\t\t<h4 class=\"elementor-heading-title elementor-size-default\">La n\u00e9cessaire transition agro-environnementale et alimentaire.<\/h4>\t\t\t\t<\/div>\n\t\t\t\t<\/div>\n\t\t\t\t<div class=\"elementor-element elementor-element-15b83cf elementor-widget elementor-widget-text-editor\" data-id=\"15b83cf\" data-element_type=\"widget\" data-widget_type=\"text-editor.default\">\n\t\t\t\t<div class=\"elementor-widget-container\">\n\t\t\t\t\t\t\t\t\t<p>Pour un autre syst\u00e8me de production et de consommation, ayant pour objectifs premiers la relocalisation d\u2019une <strong>alimentation bio, \u00e9thique, solidaire et cr\u00e9atrice d\u2019emploi.<\/strong><br \/>CIVAM bio, ADEAR, Terre de Liens (09) : <a href=\"https:\/\/comite-ecologique-ariegeois.org\/archiveSPIP2024\/actions\/agriculture-et-alimentation\/article\/civam-bio-09-adear-09-et-terre-de-liens-09-l-agri-alimentaire-avec-les.html\">invitation \u00e9changes, 27\/02\/2020<\/a> : \u00ab L\u2019agri-alimentaire avec les candidats \u00bb<\/p>\t\t\t\t\t\t\t\t<\/div>\n\t\t\t\t<\/div>\n\t\t\t\t<\/div>\n\t\t<div class=\"elementor-element elementor-element-53b4bbe e-con-full e-flex e-con e-child\" data-id=\"53b4bbe\" data-element_type=\"container\" data-settings=\"{&quot;background_background&quot;:&quot;classic&quot;}\">\n\t\t\t\t<div class=\"elementor-element elementor-element-fe7d6d9 elementor-widget elementor-widget-heading\" data-id=\"fe7d6d9\" data-element_type=\"widget\" data-widget_type=\"heading.default\">\n\t\t\t\t<div class=\"elementor-widget-container\">\n\t\t\t\t\t<h4 class=\"elementor-heading-title elementor-size-default\">\u00ab\u00a0Il faut cultiver son jardin\u00a0\u00bb<\/h4>\t\t\t\t<\/div>\n\t\t\t\t<\/div>\n\t\t\t\t<div class=\"elementor-element elementor-element-bd2beb9 elementor-widget elementor-widget-text-editor\" data-id=\"bd2beb9\" data-element_type=\"widget\" data-widget_type=\"text-editor.default\">\n\t\t\t\t<div class=\"elementor-widget-container\">\n\t\t\t\t\t\t\t\t\t<p><a href=\"https:\/\/comite-ecologique-ariegeois.org\/wp-content\/uploads\/2024\/11\/220225_presentation_rencontre_jardins_partages_VF.pdf\">Doc DDT 09, 25\/02\/2022<\/a> : \u00ab Rencontre Jardins Partag\u00e9s et Collectifs en Ari\u00e8ge \u00bb <br \/><a href=\"https:\/\/www.lepetitjournal.net\/09-ariege\/2024\/11\/25\/les-jardins-partages-du-village-bientot-disponibles\/\">Article Le petit journal, 25\/11\/2024<\/a> : \u00ab Les jardins partag\u00e9s du village bient\u00f4t disponibles \u00bb<\/p>\t\t\t\t\t\t\t\t<\/div>\n\t\t\t\t<\/div>\n\t\t\t\t<\/div>\n\t\t\t\t<\/div>\n\t\t\t\t\t<\/div>\n\t\t\t\t<\/div>\n\t\t\t\t<\/div>\n\t\t","protected":false},"excerpt":{"rendered":"<p>Cadre de vie, sant\u00e9, alimentation, agriculture A l\u2019article 2 des statuts du Comit\u00e9 Ecologique Ari\u00e8geois, il est \u00e9crit \u00ab Cette association a pour buts: de lutter contre toute autre nuisance d\u00e9coulant du fonctionnement de notre soci\u00e9t\u00e9, notamment (\u2026) : les nuisances engendr\u00e9es par les pollutions chimiques, industrielles et agricoles (O.G.M, pesticides, etc) . de promouvoir&hellip;&nbsp;<a href=\"https:\/\/comite-ecologique-ariegeois.org\/?page_id=347\" rel=\"bookmark\">Lire la suite &raquo;<span class=\"screen-reader-text\">Cadre de vie, sant\u00e9, agriculture<\/span><\/a><\/p>\n","protected":false},"author":2,"featured_media":0,"parent":0,"menu_order":0,"comment_status":"closed","ping_status":"closed","template":"","meta":{"neve_meta_sidebar":"","neve_meta_container":"","neve_meta_enable_content_width":"","neve_meta_content_width":0,"neve_meta_title_alignment":"","neve_meta_author_avatar":"","neve_post_elements_order":"","neve_meta_disable_header":"","neve_meta_disable_footer":"","neve_meta_disable_title":"","footnotes":""},"class_list":["post-347","page","type-page","status-publish","hentry"],"yoast_head":"<!-- This site is optimized with the Yoast SEO plugin v26.4 - https:\/\/yoast.com\/wordpress\/plugins\/seo\/ -->\n<title>Cadre de vie, sant\u00e9, agriculture - Comit\u00e9 Ecologique Ari\u00e8geois<\/title>\n<meta name=\"robots\" content=\"index, follow, max-snippet:-1, max-image-preview:large, max-video-preview:-1\" \/>\n<link rel=\"canonical\" href=\"https:\/\/comite-ecologique-ariegeois.org\/?page_id=347\" \/>\n<meta property=\"og:locale\" content=\"fr_FR\" \/>\n<meta property=\"og:type\" content=\"article\" \/>\n<meta property=\"og:title\" content=\"Cadre de vie, sant\u00e9, agriculture - Comit\u00e9 Ecologique Ari\u00e8geois\" \/>\n<meta property=\"og:description\" content=\"Cadre de vie, sant\u00e9, alimentation, agriculture A l\u2019article 2 des statuts du Comit\u00e9 Ecologique Ari\u00e8geois, il est \u00e9crit \u00ab Cette association a pour buts: de lutter contre toute autre nuisance d\u00e9coulant du fonctionnement de notre soci\u00e9t\u00e9, notamment (\u2026) : les nuisances engendr\u00e9es par les pollutions chimiques, industrielles et agricoles (O.G.M, pesticides, etc) . de promouvoir&hellip;&nbsp;Lire la suite &raquo;Cadre de vie, sant\u00e9, agriculture\" \/>\n<meta property=\"og:url\" content=\"https:\/\/comite-ecologique-ariegeois.org\/?page_id=347\" \/>\n<meta property=\"og:site_name\" content=\"Comit\u00e9 Ecologique Ari\u00e8geois\" \/>\n<meta property=\"article:publisher\" content=\"https:\/\/www.facebook.com\/comite.ariegeois\/\" \/>\n<meta property=\"article:modified_time\" content=\"2026-03-15T09:49:06+00:00\" \/>\n<meta property=\"og:image\" content=\"https:\/\/comite-ecologique-ariegeois.org\/wp-content\/uploads\/2024\/12\/Devant-le-TA-Toulouse_Audience-permis-de-recherches-Couflens-SalauI_11-06-2019-scaled-e1735063309592.jpg\" \/>\n\t<meta property=\"og:image:width\" content=\"2560\" \/>\n\t<meta property=\"og:image:height\" content=\"1105\" \/>\n\t<meta property=\"og:image:type\" content=\"image\/jpeg\" \/>\n<meta name=\"twitter:card\" content=\"summary_large_image\" \/>\n<meta name=\"twitter:label1\" content=\"Dur\u00e9e de lecture estim\u00e9e\" \/>\n\t<meta name=\"twitter:data1\" content=\"17 minutes\" \/>\n<script type=\"application\/ld+json\" class=\"yoast-schema-graph\">{\"@context\":\"https:\/\/schema.org\",\"@graph\":[{\"@type\":\"WebPage\",\"@id\":\"https:\/\/comite-ecologique-ariegeois.org\/?page_id=347\",\"url\":\"https:\/\/comite-ecologique-ariegeois.org\/?page_id=347\",\"name\":\"Cadre de vie, sant\u00e9, agriculture - Comit\u00e9 Ecologique Ari\u00e8geois\",\"isPartOf\":{\"@id\":\"https:\/\/comite-ecologique-ariegeois.org\/#website\"},\"primaryImageOfPage\":{\"@id\":\"https:\/\/comite-ecologique-ariegeois.org\/?page_id=347#primaryimage\"},\"image\":{\"@id\":\"https:\/\/comite-ecologique-ariegeois.org\/?page_id=347#primaryimage\"},\"thumbnailUrl\":\"https:\/\/comite-ecologique-ariegeois.org\/wp-content\/uploads\/2024\/12\/Devant-le-TA-Toulouse_Audience-permis-de-recherches-Couflens-SalauI_11-06-2019-scaled-e1735063309592-1024x442.jpg\",\"datePublished\":\"2024-07-31T14:47:05+00:00\",\"dateModified\":\"2026-03-15T09:49:06+00:00\",\"breadcrumb\":{\"@id\":\"https:\/\/comite-ecologique-ariegeois.org\/?page_id=347#breadcrumb\"},\"inLanguage\":\"fr-FR\",\"potentialAction\":[{\"@type\":\"ReadAction\",\"target\":[\"https:\/\/comite-ecologique-ariegeois.org\/?page_id=347\"]}]},{\"@type\":\"ImageObject\",\"inLanguage\":\"fr-FR\",\"@id\":\"https:\/\/comite-ecologique-ariegeois.org\/?page_id=347#primaryimage\",\"url\":\"https:\/\/comite-ecologique-ariegeois.org\/wp-content\/uploads\/2024\/12\/Devant-le-TA-Toulouse_Audience-permis-de-recherches-Couflens-SalauI_11-06-2019-scaled-e1735063309592.jpg\",\"contentUrl\":\"https:\/\/comite-ecologique-ariegeois.org\/wp-content\/uploads\/2024\/12\/Devant-le-TA-Toulouse_Audience-permis-de-recherches-Couflens-SalauI_11-06-2019-scaled-e1735063309592.jpg\",\"width\":2560,\"height\":1105},{\"@type\":\"BreadcrumbList\",\"@id\":\"https:\/\/comite-ecologique-ariegeois.org\/?page_id=347#breadcrumb\",\"itemListElement\":[{\"@type\":\"ListItem\",\"position\":1,\"name\":\"Accueil\",\"item\":\"https:\/\/comite-ecologique-ariegeois.org\/\"},{\"@type\":\"ListItem\",\"position\":2,\"name\":\"Cadre de vie, sant\u00e9, agriculture\"}]},{\"@type\":\"WebSite\",\"@id\":\"https:\/\/comite-ecologique-ariegeois.org\/#website\",\"url\":\"https:\/\/comite-ecologique-ariegeois.org\/\",\"name\":\"Comit\u00e9 Ecologique Ari\u00e8geois\",\"description\":\"Assotiation de protection de la nature\",\"publisher\":{\"@id\":\"https:\/\/comite-ecologique-ariegeois.org\/#organization\"},\"potentialAction\":[{\"@type\":\"SearchAction\",\"target\":{\"@type\":\"EntryPoint\",\"urlTemplate\":\"https:\/\/comite-ecologique-ariegeois.org\/?s={search_term_string}\"},\"query-input\":{\"@type\":\"PropertyValueSpecification\",\"valueRequired\":true,\"valueName\":\"search_term_string\"}}],\"inLanguage\":\"fr-FR\"},{\"@type\":\"Organization\",\"@id\":\"https:\/\/comite-ecologique-ariegeois.org\/#organization\",\"name\":\"Comit\u00e9 Ecologique Ari\u00e8geois\",\"url\":\"https:\/\/comite-ecologique-ariegeois.org\/\",\"logo\":{\"@type\":\"ImageObject\",\"inLanguage\":\"fr-FR\",\"@id\":\"https:\/\/comite-ecologique-ariegeois.org\/#\/schema\/logo\/image\/\",\"url\":\"https:\/\/comite-ecologique-ariegeois.org\/wp-content\/uploads\/2025\/01\/logo_nouveau_cea_jpeg_250pix_02_03_24-a8816.jpg\",\"contentUrl\":\"https:\/\/comite-ecologique-ariegeois.org\/wp-content\/uploads\/2025\/01\/logo_nouveau_cea_jpeg_250pix_02_03_24-a8816.jpg\",\"width\":250,\"height\":250,\"caption\":\"Comit\u00e9 Ecologique Ari\u00e8geois\"},\"image\":{\"@id\":\"https:\/\/comite-ecologique-ariegeois.org\/#\/schema\/logo\/image\/\"},\"sameAs\":[\"https:\/\/www.facebook.com\/comite.ariegeois\/\",\"https:\/\/www.instagram.com\/comite.ecologique.ariegeois\/\"]}]}<\/script>\n<!-- \/ Yoast SEO plugin. -->","yoast_head_json":{"title":"Cadre de vie, sant\u00e9, agriculture - Comit\u00e9 Ecologique Ari\u00e8geois","robots":{"index":"index","follow":"follow","max-snippet":"max-snippet:-1","max-image-preview":"max-image-preview:large","max-video-preview":"max-video-preview:-1"},"canonical":"https:\/\/comite-ecologique-ariegeois.org\/?page_id=347","og_locale":"fr_FR","og_type":"article","og_title":"Cadre de vie, sant\u00e9, agriculture - Comit\u00e9 Ecologique Ari\u00e8geois","og_description":"Cadre de vie, sant\u00e9, alimentation, agriculture A l\u2019article 2 des statuts du Comit\u00e9 Ecologique Ari\u00e8geois, il est \u00e9crit \u00ab Cette association a pour buts: de lutter contre toute autre nuisance d\u00e9coulant du fonctionnement de notre soci\u00e9t\u00e9, notamment (\u2026) : les nuisances engendr\u00e9es par les pollutions chimiques, industrielles et agricoles (O.G.M, pesticides, etc) . de promouvoir&hellip;&nbsp;Lire la suite &raquo;Cadre de vie, sant\u00e9, agriculture","og_url":"https:\/\/comite-ecologique-ariegeois.org\/?page_id=347","og_site_name":"Comit\u00e9 Ecologique Ari\u00e8geois","article_publisher":"https:\/\/www.facebook.com\/comite.ariegeois\/","article_modified_time":"2026-03-15T09:49:06+00:00","og_image":[{"width":2560,"height":1105,"url":"https:\/\/comite-ecologique-ariegeois.org\/wp-content\/uploads\/2024\/12\/Devant-le-TA-Toulouse_Audience-permis-de-recherches-Couflens-SalauI_11-06-2019-scaled-e1735063309592.jpg","type":"image\/jpeg"}],"twitter_card":"summary_large_image","twitter_misc":{"Dur\u00e9e de lecture estim\u00e9e":"17 minutes"},"schema":{"@context":"https:\/\/schema.org","@graph":[{"@type":"WebPage","@id":"https:\/\/comite-ecologique-ariegeois.org\/?page_id=347","url":"https:\/\/comite-ecologique-ariegeois.org\/?page_id=347","name":"Cadre de vie, sant\u00e9, agriculture - Comit\u00e9 Ecologique Ari\u00e8geois","isPartOf":{"@id":"https:\/\/comite-ecologique-ariegeois.org\/#website"},"primaryImageOfPage":{"@id":"https:\/\/comite-ecologique-ariegeois.org\/?page_id=347#primaryimage"},"image":{"@id":"https:\/\/comite-ecologique-ariegeois.org\/?page_id=347#primaryimage"},"thumbnailUrl":"https:\/\/comite-ecologique-ariegeois.org\/wp-content\/uploads\/2024\/12\/Devant-le-TA-Toulouse_Audience-permis-de-recherches-Couflens-SalauI_11-06-2019-scaled-e1735063309592-1024x442.jpg","datePublished":"2024-07-31T14:47:05+00:00","dateModified":"2026-03-15T09:49:06+00:00","breadcrumb":{"@id":"https:\/\/comite-ecologique-ariegeois.org\/?page_id=347#breadcrumb"},"inLanguage":"fr-FR","potentialAction":[{"@type":"ReadAction","target":["https:\/\/comite-ecologique-ariegeois.org\/?page_id=347"]}]},{"@type":"ImageObject","inLanguage":"fr-FR","@id":"https:\/\/comite-ecologique-ariegeois.org\/?page_id=347#primaryimage","url":"https:\/\/comite-ecologique-ariegeois.org\/wp-content\/uploads\/2024\/12\/Devant-le-TA-Toulouse_Audience-permis-de-recherches-Couflens-SalauI_11-06-2019-scaled-e1735063309592.jpg","contentUrl":"https:\/\/comite-ecologique-ariegeois.org\/wp-content\/uploads\/2024\/12\/Devant-le-TA-Toulouse_Audience-permis-de-recherches-Couflens-SalauI_11-06-2019-scaled-e1735063309592.jpg","width":2560,"height":1105},{"@type":"BreadcrumbList","@id":"https:\/\/comite-ecologique-ariegeois.org\/?page_id=347#breadcrumb","itemListElement":[{"@type":"ListItem","position":1,"name":"Accueil","item":"https:\/\/comite-ecologique-ariegeois.org\/"},{"@type":"ListItem","position":2,"name":"Cadre de vie, sant\u00e9, agriculture"}]},{"@type":"WebSite","@id":"https:\/\/comite-ecologique-ariegeois.org\/#website","url":"https:\/\/comite-ecologique-ariegeois.org\/","name":"Comit\u00e9 Ecologique Ari\u00e8geois","description":"Assotiation de protection de la nature","publisher":{"@id":"https:\/\/comite-ecologique-ariegeois.org\/#organization"},"potentialAction":[{"@type":"SearchAction","target":{"@type":"EntryPoint","urlTemplate":"https:\/\/comite-ecologique-ariegeois.org\/?s={search_term_string}"},"query-input":{"@type":"PropertyValueSpecification","valueRequired":true,"valueName":"search_term_string"}}],"inLanguage":"fr-FR"},{"@type":"Organization","@id":"https:\/\/comite-ecologique-ariegeois.org\/#organization","name":"Comit\u00e9 Ecologique Ari\u00e8geois","url":"https:\/\/comite-ecologique-ariegeois.org\/","logo":{"@type":"ImageObject","inLanguage":"fr-FR","@id":"https:\/\/comite-ecologique-ariegeois.org\/#\/schema\/logo\/image\/","url":"https:\/\/comite-ecologique-ariegeois.org\/wp-content\/uploads\/2025\/01\/logo_nouveau_cea_jpeg_250pix_02_03_24-a8816.jpg","contentUrl":"https:\/\/comite-ecologique-ariegeois.org\/wp-content\/uploads\/2025\/01\/logo_nouveau_cea_jpeg_250pix_02_03_24-a8816.jpg","width":250,"height":250,"caption":"Comit\u00e9 Ecologique Ari\u00e8geois"},"image":{"@id":"https:\/\/comite-ecologique-ariegeois.org\/#\/schema\/logo\/image\/"},"sameAs":["https:\/\/www.facebook.com\/comite.ariegeois\/","https:\/\/www.instagram.com\/comite.ecologique.ariegeois\/"]}]}},"_links":{"self":[{"href":"https:\/\/comite-ecologique-ariegeois.org\/index.php?rest_route=\/wp\/v2\/pages\/347","targetHints":{"allow":["GET"]}}],"collection":[{"href":"https:\/\/comite-ecologique-ariegeois.org\/index.php?rest_route=\/wp\/v2\/pages"}],"about":[{"href":"https:\/\/comite-ecologique-ariegeois.org\/index.php?rest_route=\/wp\/v2\/types\/page"}],"author":[{"embeddable":true,"href":"https:\/\/comite-ecologique-ariegeois.org\/index.php?rest_route=\/wp\/v2\/users\/2"}],"replies":[{"embeddable":true,"href":"https:\/\/comite-ecologique-ariegeois.org\/index.php?rest_route=%2Fwp%2Fv2%2Fcomments&post=347"}],"version-history":[{"count":159,"href":"https:\/\/comite-ecologique-ariegeois.org\/index.php?rest_route=\/wp\/v2\/pages\/347\/revisions"}],"predecessor-version":[{"id":11521,"href":"https:\/\/comite-ecologique-ariegeois.org\/index.php?rest_route=\/wp\/v2\/pages\/347\/revisions\/11521"}],"wp:attachment":[{"href":"https:\/\/comite-ecologique-ariegeois.org\/index.php?rest_route=%2Fwp%2Fv2%2Fmedia&parent=347"}],"curies":[{"name":"wp","href":"https:\/\/api.w.org\/{rel}","templated":true}]}}