{"id":339,"date":"2024-07-31T16:44:34","date_gmt":"2024-07-31T14:44:34","guid":{"rendered":"https:\/\/comite-ecologique-ariegeois.org\/?page_id=339"},"modified":"2026-04-12T20:29:26","modified_gmt":"2026-04-12T18:29:26","slug":"actions-a-venir-ou-en-cours","status":"publish","type":"page","link":"https:\/\/comite-ecologique-ariegeois.org\/?page_id=339","title":{"rendered":"Actions en justice"},"content":{"rendered":"\t\t<div data-elementor-type=\"wp-page\" data-elementor-id=\"339\" class=\"elementor elementor-339\">\n\t\t\t\t<div class=\"elementor-element elementor-element-5c19441 e-flex e-con-boxed e-con e-parent\" data-id=\"5c19441\" data-element_type=\"container\">\n\t\t\t\t\t<div class=\"e-con-inner\">\n\t\t\t\t<div class=\"elementor-element elementor-element-e643c06 elementor-widget elementor-widget-spacer\" data-id=\"e643c06\" data-element_type=\"widget\" data-widget_type=\"spacer.default\">\n\t\t\t\t<div class=\"elementor-widget-container\">\n\t\t\t\t\t\t\t<div class=\"elementor-spacer\">\n\t\t\t<div class=\"elementor-spacer-inner\"><\/div>\n\t\t<\/div>\n\t\t\t\t\t\t<\/div>\n\t\t\t\t<\/div>\n\t\t<div class=\"elementor-element elementor-element-77be071 e-con-full e-flex e-con e-child\" data-id=\"77be071\" data-element_type=\"container\">\n\t\t\t\t<div class=\"elementor-element elementor-element-be3f8c0 elementor-widget elementor-widget-heading\" data-id=\"be3f8c0\" data-element_type=\"widget\" data-widget_type=\"heading.default\">\n\t\t\t\t<div class=\"elementor-widget-container\">\n\t\t\t\t\t<h1 class=\"elementor-heading-title elementor-size-default\">Actions en justice<\/h1>\t\t\t\t<\/div>\n\t\t\t\t<\/div>\n\t\t\t\t<div class=\"elementor-element elementor-element-87fdeed elementor-widget elementor-widget-text-editor\" data-id=\"87fdeed\" data-element_type=\"widget\" data-widget_type=\"text-editor.default\">\n\t\t\t\t<div class=\"elementor-widget-container\">\n\t\t\t\t\t\t\t\t\t<p><strong>Le Comit\u00e9 Ecologique Ari\u00e9geois a le droit d\u2019agir en justice en tant qu\u2018association de protection de l\u2019environnement (APNE) d\u00e8s lors que son action concerne bien son objet tel que d\u00e9fini dans ses statuts.<\/strong> Une fois la d\u00e9cision prise \u00ab d\u2019acter \u00bb par son Conseil coll\u00e9gial, il s\u2019attache par l\u2019interm\u00e9diaire de ses avocates \u00e0 d\u00e9montrer aupr\u00e8s des juges son int\u00e9r\u00eat \u00e0 agir ainsi que le bien-fond\u00e9 en droit de ses arguments.<\/p>\t\t\t\t\t\t\t\t<\/div>\n\t\t\t\t<\/div>\n\t\t\t\t<\/div>\n\t\t<div class=\"elementor-element elementor-element-745593f e-grid e-con-full e-con e-child\" data-id=\"745593f\" data-element_type=\"container\">\n\t\t\t\t<div class=\"elementor-element elementor-element-25e8f25 elementor-widget elementor-widget-text-editor\" data-id=\"25e8f25\" data-element_type=\"widget\" data-widget_type=\"text-editor.default\">\n\t\t\t\t<div class=\"elementor-widget-container\">\n\t\t\t\t\t\t\t\t\t<p>Gr\u00e2ce au \u00ab\u00a0conseil\u00a0\u00bb (terme juridique) de ses avocates et parfois du juriste de FNE-Occitanie Pyr\u00e9n\u00e9es,<strong> le CEA\u00a0 gagne de nombreux contentieux juridiques qui permettent de sauvegarder des esp\u00e8ces et des espaces. <\/strong>Bien \u00e9videmment il en perd aussi<strong>. Dans l&rsquo;int\u00e9r\u00eat du vivant,<\/strong> il en gagnera encore bien d&rsquo;autres, souvent alli\u00e9 \u00e0 des associations partenaires.<\/p>\t\t\t\t\t\t\t\t<\/div>\n\t\t\t\t<\/div>\n\t\t\t\t<div class=\"elementor-element elementor-element-7c40b3f elementor-widget elementor-widget-image\" data-id=\"7c40b3f\" data-element_type=\"widget\" data-widget_type=\"image.default\">\n\t\t\t\t<div class=\"elementor-widget-container\">\n\t\t\t\t\t\t\t\t\t\t\t\t\t\t\t<img decoding=\"async\" width=\"1\" height=\"1\" src=\"https:\/\/comite-ecologique-ariegeois.org\/wp-content\/uploads\/2025\/01\/Photo-CEA-Palais-justice-Foix_30-01-2025_NX.jpg\" class=\"attachment-thumbnail size-thumbnail wp-image-8127\" alt=\"\" \/>\t\t\t\t\t\t\t\t\t\t\t\t\t\t\t<\/div>\n\t\t\t\t<\/div>\n\t\t\t\t<\/div>\n\t\t\t\t\t<\/div>\n\t\t\t\t<\/div>\n\t\t<div class=\"elementor-element elementor-element-5aab95a3 e-flex e-con-boxed e-con e-parent\" data-id=\"5aab95a3\" data-element_type=\"container\" data-settings=\"{&quot;background_background&quot;:&quot;classic&quot;}\">\n\t\t\t\t\t<div class=\"e-con-inner\">\n\t\t\t\t<div class=\"elementor-element elementor-element-59d8a6ee elementor-widget elementor-widget-menu-anchor\" data-id=\"59d8a6ee\" data-element_type=\"widget\" data-widget_type=\"menu-anchor.default\">\n\t\t\t\t<div class=\"elementor-widget-container\">\n\t\t\t\t\t\t\t<div class=\"elementor-menu-anchor\" id=\"cours\"><\/div>\n\t\t\t\t\t\t<\/div>\n\t\t\t\t<\/div>\n\t\t\t\t<div class=\"elementor-element elementor-element-4de5b1f1 elementor-widget elementor-widget-heading\" data-id=\"4de5b1f1\" data-element_type=\"widget\" data-widget_type=\"heading.default\">\n\t\t\t\t<div class=\"elementor-widget-container\">\n\t\t\t\t\t<h2 class=\"elementor-heading-title elementor-size-default\">Actions r\u00e9centes ou en cours<\/h2>\t\t\t\t<\/div>\n\t\t\t\t<\/div>\n\t\t\t\t<div class=\"elementor-element elementor-element-88546ec elementor-widget elementor-widget-heading\" data-id=\"88546ec\" data-element_type=\"widget\" data-widget_type=\"heading.default\">\n\t\t\t\t<div class=\"elementor-widget-container\">\n\t\t\t\t\t<h3 class=\"elementor-heading-title elementor-size-default\">Au tribunal administratif<\/h3>\t\t\t\t<\/div>\n\t\t\t\t<\/div>\n\t\t\t\t<div class=\"elementor-element elementor-element-4a6d8af elementor-widget elementor-widget-text-editor\" data-id=\"4a6d8af\" data-element_type=\"widget\" data-widget_type=\"text-editor.default\">\n\t\t\t\t<div class=\"elementor-widget-container\">\n\t\t\t\t\t\t\t\t\t<p><strong>Lorsqu\u2019 il estime qu\u2019une d\u00e9cision (exemple\u00a0: arr\u00eat\u00e9 chasse) ou un projet d\u2019am\u00e9nagement va porter atteinte \u00e0 un milieu naturel ou \u00e0 une esp\u00e8ce<\/strong>, le CEA, faute de voir ses propositions alternatives prises en compte, peut contester l\u2019arr\u00eat\u00e9 pr\u00e9fectoral d\u2019autorisation en d\u00e9posant un recours juridique aupr\u00e8s du Tribunal Administratif (TA). L\u2019association engage alors une d\u00e9marche qui peut r\u00e9ussir ou \u00e9chouer au terme d\u2019une proc\u00e9dure g\u00e9n\u00e9ralement longue, assez co\u00fbteuse (frais d\u2019avocates) et qui peut passer par les diff\u00e9rents degr\u00e9s des juridictions administratives (Tribunal Administratif, Cour d\u2019Appel, Conseil d\u2019Etat).<\/p>\t\t\t\t\t\t\t\t<\/div>\n\t\t\t\t<\/div>\n\t\t<div class=\"elementor-element elementor-element-973a61a e-grid e-con-full e-con e-child\" data-id=\"973a61a\" data-element_type=\"container\" data-settings=\"{&quot;background_background&quot;:&quot;classic&quot;}\">\n\t\t<div class=\"elementor-element elementor-element-70c0d61 e-con-full e-flex e-con e-child\" data-id=\"70c0d61\" data-element_type=\"container\" data-settings=\"{&quot;background_background&quot;:&quot;classic&quot;}\">\n\t\t\t\t<div class=\"elementor-element elementor-element-03c9b39 elementor-widget elementor-widget-heading\" data-id=\"03c9b39\" data-element_type=\"widget\" data-widget_type=\"heading.default\">\n\t\t\t\t<div class=\"elementor-widget-container\">\n\t\t\t\t\t<h4 class=\"elementor-heading-title elementor-size-default\">Grand T\u00e9tras, Lagop\u00e8des alpins et Perdrix grises de montagne<\/h4>\t\t\t\t<\/div>\n\t\t\t\t<\/div>\n\t\t\t\t<div class=\"elementor-element elementor-element-7d8f1ff elementor-widget elementor-widget-text-editor\" data-id=\"7d8f1ff\" data-element_type=\"widget\" data-widget_type=\"text-editor.default\">\n\t\t\t\t<div class=\"elementor-widget-container\">\n\t\t\t\t\t\t\t\t\t<p>De septembre 2008 \u00e0 mars 2026, pas moins de<strong> 76 proc\u00e9dures ont \u00e9t\u00e9 gagn\u00e9es au Tribunal Administratif<\/strong> par les associations (CEA, FNE Midi-Pyr\u00e9n\u00e9es, Nature Midi Pyr\u00e9n\u00e9es, FNE 65, GOR et One Voice) ou perdues par le Minist\u00e8re de l\u2019\u00c9cologie devant la Cour d\u2019Appel et le Conseil d\u2019\u00c9tat, concernant le Grand T\u00e9tras, le Lagop\u00e8de alpin et la Perdrix grise de montagne.<strong> \u00c9tonnante attitude pour un Minist\u00e8re de \u00ab l\u2019\u00c9cologie \u00bb qui s\u2019acharne \u00e0 faire perdurer la chasse de ces esp\u00e8ces en danger, malgr\u00e9 des jugements syst\u00e9matiquement en sa d\u00e9faveur.<\/strong><\/p>\t\t\t\t\t\t\t\t<\/div>\n\t\t\t\t<\/div>\n\t\t\t\t<div class=\"elementor-element elementor-element-ae9bdc1 elementor-widget elementor-widget-button\" data-id=\"ae9bdc1\" data-element_type=\"widget\" data-widget_type=\"button.default\">\n\t\t\t\t<div class=\"elementor-widget-container\">\n\t\t\t\t\t\t\t\t\t<div class=\"elementor-button-wrapper\">\n\t\t\t\t\t<a class=\"elementor-button elementor-button-link elementor-size-sm elementor-animation-grow\" href=\"https:\/\/comite-ecologique-ariegeois.org\/wp-content\/uploads\/2026\/03\/Recapitulatif-jugements-grand-tetras-lagopedes-alpins-perdrix-grises-montagne_02-03-2026.pdf\">\n\t\t\t\t\t\t<span class=\"elementor-button-content-wrapper\">\n\t\t\t\t\t\t\t\t\t<span class=\"elementor-button-text\">R\u00e9capitulatif jugements grand t\u00e9tras, lagop\u00e8des alpins et perdrix grises de montagne<\/span>\n\t\t\t\t\t<\/span>\n\t\t\t\t\t<\/a>\n\t\t\t\t<\/div>\n\t\t\t\t\t\t\t\t<\/div>\n\t\t\t\t<\/div>\n\t\t\t\t<\/div>\n\t\t\t\t<div class=\"elementor-element elementor-element-313a72e elementor-widget elementor-widget-image\" data-id=\"313a72e\" data-element_type=\"widget\" data-widget_type=\"image.default\">\n\t\t\t\t<div class=\"elementor-widget-container\">\n\t\t\t\t\t\t\t\t\t\t\t\t<figure class=\"wp-caption\">\n\t\t\t\t\t\t\t\t\t\t<img fetchpriority=\"high\" decoding=\"async\" width=\"768\" height=\"501\" src=\"https:\/\/comite-ecologique-ariegeois.org\/wp-content\/uploads\/2024\/11\/Photo-CEA_Poule-et-coq-grand-tetras_NX-e1735151949325-768x501.jpg\" class=\"attachment-medium_large size-medium_large wp-image-4936\" alt=\"\" srcset=\"https:\/\/comite-ecologique-ariegeois.org\/wp-content\/uploads\/2024\/11\/Photo-CEA_Poule-et-coq-grand-tetras_NX-e1735151949325-768x501.jpg 768w, https:\/\/comite-ecologique-ariegeois.org\/wp-content\/uploads\/2024\/11\/Photo-CEA_Poule-et-coq-grand-tetras_NX-e1735151949325-300x196.jpg 300w, https:\/\/comite-ecologique-ariegeois.org\/wp-content\/uploads\/2024\/11\/Photo-CEA_Poule-et-coq-grand-tetras_NX-e1735151949325-1024x668.jpg 1024w, https:\/\/comite-ecologique-ariegeois.org\/wp-content\/uploads\/2024\/11\/Photo-CEA_Poule-et-coq-grand-tetras_NX-e1735151949325-1536x1002.jpg 1536w, https:\/\/comite-ecologique-ariegeois.org\/wp-content\/uploads\/2024\/11\/Photo-CEA_Poule-et-coq-grand-tetras_NX-e1735151949325.jpg 1555w\" sizes=\"(max-width: 768px) 100vw, 768px\" \/>\t\t\t\t\t\t\t\t\t\t\t<figcaption class=\"widget-image-caption wp-caption-text\"><\/figcaption>\n\t\t\t\t\t\t\t\t\t\t<\/figure>\n\t\t\t\t\t\t\t\t\t<\/div>\n\t\t\t\t<\/div>\n\t\t\t\t<\/div>\n\t\t<div class=\"elementor-element elementor-element-5d609522 e-grid e-con-full e-con e-child\" data-id=\"5d609522\" data-element_type=\"container\" data-settings=\"{&quot;background_background&quot;:&quot;classic&quot;}\">\n\t\t<div class=\"elementor-element elementor-element-63e211df e-con-full e-flex e-con e-child\" data-id=\"63e211df\" data-element_type=\"container\" data-settings=\"{&quot;background_background&quot;:&quot;classic&quot;}\">\n\t\t\t\t<div class=\"elementor-element elementor-element-5cb19642 elementor-widget elementor-widget-heading\" data-id=\"5cb19642\" data-element_type=\"widget\" data-widget_type=\"heading.default\">\n\t\t\t\t<div class=\"elementor-widget-container\">\n\t\t\t\t\t<h4 class=\"elementor-heading-title elementor-size-default\">Centrale photovolta\u00efque flottante \u00e0 Montaut<\/h4>\t\t\t\t<\/div>\n\t\t\t\t<\/div>\n\t\t\t\t<div class=\"elementor-element elementor-element-44ca5b7a elementor-widget elementor-widget-text-editor\" data-id=\"44ca5b7a\" data-element_type=\"widget\" data-widget_type=\"text-editor.default\">\n\t\t\t\t<div class=\"elementor-widget-container\">\n\t\t\t\t\t\t\t\t\t<p><strong>Jugement favorable<\/strong> du Tribunal administratif de Toulouse qui a approuv\u00e9 le 3\/02\/2025 la requ\u00eate commune des associations NEO, CEA, Chabot, en annulant l\u2019arr\u00eat\u00e9 du 8\/02\/2024 par lequel le pr\u00e9fet de l\u2019Ari\u00e8ge a autoris\u00e9 la soci\u00e9t\u00e9 CN\u2019AIR \u00e0 <strong>d\u00e9roger \u00e0 l\u2019interdiction de destruction d\u2019esp\u00e8ces prot\u00e9g\u00e9es<\/strong>.<br \/>Le Tribunal a retenu l\u2019absence de solution alternative satisfaisante et<strong> a condamn\u00e9 l\u2019Etat \u00e0 1500 \u20ac<\/strong> au titre des frais irr\u00e9p\u00e9tibles.<\/p><p><strong>La soci\u00e9t\u00e9 CN&rsquo;Air et l&rsquo;Etat ayant fait appel, les associations ont suivi et gagn\u00e9 la proc\u00e9dure<\/strong><strong> en seconde instance par un jugement de la Cour d&rsquo;Appel de Toulouse du 11\/12\/2025.<\/strong><\/p>\t\t\t\t\t\t\t\t<\/div>\n\t\t\t\t<\/div>\n\t\t\t\t<div class=\"elementor-element elementor-element-f3c17b8 elementor-widget elementor-widget-button\" data-id=\"f3c17b8\" data-element_type=\"widget\" data-widget_type=\"button.default\">\n\t\t\t\t<div class=\"elementor-widget-container\">\n\t\t\t\t\t\t\t\t\t<div class=\"elementor-button-wrapper\">\n\t\t\t\t\t<a class=\"elementor-button elementor-button-link elementor-size-sm elementor-animation-grow\" href=\"https:\/\/comite-ecologique-ariegeois.org\/?p=1430\">\n\t\t\t\t\t\t<span class=\"elementor-button-content-wrapper\">\n\t\t\t\t\t\t\t\t\t<span class=\"elementor-button-text\">Article sur le photovoltaique en Ari\u00e8ge<\/span>\n\t\t\t\t\t<\/span>\n\t\t\t\t\t<\/a>\n\t\t\t\t<\/div>\n\t\t\t\t\t\t\t\t<\/div>\n\t\t\t\t<\/div>\n\t\t\t\t<\/div>\n\t\t<div class=\"elementor-element elementor-element-143d3dca e-con-full e-flex e-con e-child\" data-id=\"143d3dca\" data-element_type=\"container\" data-settings=\"{&quot;background_background&quot;:&quot;classic&quot;}\">\n\t\t\t\t<div class=\"elementor-element elementor-element-4c8451a8 elementor-widget elementor-widget-heading\" data-id=\"4c8451a8\" data-element_type=\"widget\" data-widget_type=\"heading.default\">\n\t\t\t\t<div class=\"elementor-widget-container\">\n\t\t\t\t\t<h4 class=\"elementor-heading-title elementor-size-default\">Recours indemnitaire \/ Grand t\u00e9tras et Lagop\u00e8de alpin<\/h4>\t\t\t\t<\/div>\n\t\t\t\t<\/div>\n\t\t\t\t<div class=\"elementor-element elementor-element-5ce2b3d6 elementor-widget elementor-widget-text-editor\" data-id=\"5ce2b3d6\" data-element_type=\"widget\" data-widget_type=\"text-editor.default\">\n\t\t\t\t<div class=\"elementor-widget-container\">\n\t\t\t\t\t\t\t\t\t<p>Demande au tribunal administratif Toulouse du 26\/07\/2024 \u00e0 : <strong><br \/>\u2013 r\u00e9parer le pr\u00e9judice \u00e9cologique n\u00e9 de l\u2019atteinte port\u00e9e aux esp\u00e8ces et \u00e0 leurs fonctions \u00e9cologiques r\u00e9sultant de la prise r\u00e9p\u00e9t\u00e9e de 2016 \u00e0 2021 d\u2019arr\u00eat\u00e9s ill\u00e9gaux du Pr\u00e9fet de l\u2019Ari\u00e8ge <\/strong>fixant des quotas de pr\u00e9l\u00e8vement de Grand t\u00e9tras et de Lagop\u00e8de alpin.<\/p><p><br \/>\u2013 r\u00e9parer le pr\u00e9judice moral de l\u2019Association CEA caus\u00e9 par les arr\u00eat\u00e9s ill\u00e9gaux du pr\u00e9fet de 2016 \u00e0 2021 fixant des quotas de pr\u00e9l\u00e8vement de Grand t\u00e9tras et de Lagop\u00e8de alpin.<\/p>\t\t\t\t\t\t\t\t<\/div>\n\t\t\t\t<\/div>\n\t\t\t\t<\/div>\n\t\t<div class=\"elementor-element elementor-element-59fe6080 e-con-full e-flex e-con e-child\" data-id=\"59fe6080\" data-element_type=\"container\" data-settings=\"{&quot;background_background&quot;:&quot;classic&quot;}\">\n\t\t\t\t<div class=\"elementor-element elementor-element-1bf6ee1d elementor-widget elementor-widget-heading\" data-id=\"1bf6ee1d\" data-element_type=\"widget\" data-widget_type=\"heading.default\">\n\t\t\t\t<div class=\"elementor-widget-container\">\n\t\t\t\t\t<h4 class=\"elementor-heading-title elementor-size-default\">Coucoo au lac de Montbel<\/h4>\t\t\t\t<\/div>\n\t\t\t\t<\/div>\n\t\t\t\t<div class=\"elementor-element elementor-element-5ba4581c elementor-widget elementor-widget-text-editor\" data-id=\"5ba4581c\" data-element_type=\"widget\" data-widget_type=\"text-editor.default\">\n\t\t\t\t<div class=\"elementor-widget-container\">\n\t\t\t\t\t\t\t\t\t<p><strong>Quatre actions juridiques sont en cours dans lesquelles est impliqu\u00e9 le CEA<\/strong> concernant plusieurs importants am\u00e9nagements touristiques au lac de Montbel que nous contestons avec <strong>Le<\/strong> <b>Chabot<\/b>, <b>Nature en Occitanie<\/b> <strong>et le collectif A Pas de Loutre.<br \/><\/strong><strong>Le 26 juin 2025, les juges en premi\u00e8re instance ont donn\u00e9 raison au CEA et au Chabot<\/strong> en invalidant le pe<span class=\"fontstyle0\">rmis d\u2019am\u00e9nager (du Maire de Montbel) un parc r\u00e9sidentiel de loisirs de cabanes\u00a0<\/span><span class=\"fontstyle0\"> sur le secteur du lac \u00e0 niveau constant (en fait seulement une part du projet de 25 cabanes), ainsi que la d\u00e9lib\u00e9ration de la Com-com Pays de Mirepoix approuvant \u00a0la cr\u00e9ation de zones AUL1 dans le bois de la Fajane. <strong>En revanche\u00a0 ils ont donn\u00e9 tort aux associations <\/strong>exigeant un dossier de d\u00e9rogation \u00e0 destruction d&rsquo;esp\u00e8ces prot\u00e9g\u00e9es et contestant le permis de construire du maire pour un ensemble touristique au \u00ab\u00a0hameau de Luga\u00a0\u00bb.<strong> Le CEA et Le Chabot ont d\u00e9cid\u00e9 de faire appel.\u00a0<\/strong><\/span><\/p>\t\t\t\t\t\t\t\t<\/div>\n\t\t\t\t<\/div>\n\t\t\t\t<div class=\"elementor-element elementor-element-68d53ff elementor-widget elementor-widget-button\" data-id=\"68d53ff\" data-element_type=\"widget\" data-widget_type=\"button.default\">\n\t\t\t\t<div class=\"elementor-widget-container\">\n\t\t\t\t\t\t\t\t\t<div class=\"elementor-button-wrapper\">\n\t\t\t\t\t<a class=\"elementor-button elementor-button-link elementor-size-sm elementor-animation-grow\" href=\"https:\/\/comite-ecologique-ariegeois.org\/?p=5061\">\n\t\t\t\t\t\t<span class=\"elementor-button-content-wrapper\">\n\t\t\t\t\t\t\t\t\t<span class=\"elementor-button-text\">Article d\u00e9taill\u00e9 sur le sujet<\/span>\n\t\t\t\t\t<\/span>\n\t\t\t\t\t<\/a>\n\t\t\t\t<\/div>\n\t\t\t\t\t\t\t\t<\/div>\n\t\t\t\t<\/div>\n\t\t\t\t<\/div>\n\t\t<div class=\"elementor-element elementor-element-5d6369a e-con-full e-flex e-con e-child\" data-id=\"5d6369a\" data-element_type=\"container\" data-settings=\"{&quot;background_background&quot;:&quot;classic&quot;}\">\n\t\t\t\t<div class=\"elementor-element elementor-element-93fc1d1 elementor-widget elementor-widget-heading\" data-id=\"93fc1d1\" data-element_type=\"widget\" data-widget_type=\"heading.default\">\n\t\t\t\t<div class=\"elementor-widget-container\">\n\t\t\t\t\t<h4 class=\"elementor-heading-title elementor-size-default\">Projet Carrefour au Fossat<\/h4>\t\t\t\t<\/div>\n\t\t\t\t<\/div>\n\t\t\t\t<div class=\"elementor-element elementor-element-8b78a1a elementor-widget elementor-widget-text-editor\" data-id=\"8b78a1a\" data-element_type=\"widget\" data-widget_type=\"text-editor.default\">\n\t\t\t\t<div class=\"elementor-widget-container\">\n\t\t\t\t\t\t\t\t\t<p>Le 26\/07\/2021, le CEA a demand\u00e9 avec succ\u00e8s au tribunal administratif de Toulouse l\u2019annulation du permis de construire d\u00e9livr\u00e9 par le maire. Suite aux prescriptions du juge, La soci\u00e9t\u00e9 carrefour a vers\u00e9 aux d\u00e9bats un<strong> permis de construire modificatif qui cependant maintient la voie d\u2019acc\u00e8s en zone Naturelle, en contradiction avec le PLU.\u00a0\u00a0<\/strong><br \/>Le 3\/07\/2025, le juge a estim\u00e9 qu\u2019au vu des am\u00e9liorations apport\u00e9es au projet, il n\u2019avait plus rien \u00e0 redire au projet alors m\u00eame que la voie d\u2019acc\u00e8s demeure en zone Naturelle du PLU. <strong>Pour cette raison, le 06\/09\/2025, le CEA d\u00e9cide de contester le jugement aupr\u00e8s de la Cour d\u2019Appel de Bordeaux<\/strong>.\u00a0<\/p>\t\t\t\t\t\t\t\t<\/div>\n\t\t\t\t<\/div>\n\t\t\t\t<div class=\"elementor-element elementor-element-88cec97 elementor-widget elementor-widget-button\" data-id=\"88cec97\" data-element_type=\"widget\" data-widget_type=\"button.default\">\n\t\t\t\t<div class=\"elementor-widget-container\">\n\t\t\t\t\t\t\t\t\t<div class=\"elementor-button-wrapper\">\n\t\t\t\t\t<a class=\"elementor-button elementor-button-link elementor-size-sm elementor-animation-grow\" href=\"https:\/\/comite-ecologique-ariegeois.org\/wp-content\/uploads\/2024\/11\/Communique-de-presse-07-2024.pdf\">\n\t\t\t\t\t\t<span class=\"elementor-button-content-wrapper\">\n\t\t\t\t\t\t\t\t\t<span class=\"elementor-button-text\">En savoir plus<\/span>\n\t\t\t\t\t<\/span>\n\t\t\t\t\t<\/a>\n\t\t\t\t<\/div>\n\t\t\t\t\t\t\t\t<\/div>\n\t\t\t\t<\/div>\n\t\t\t\t<\/div>\n\t\t<div class=\"elementor-element elementor-element-777e8968 e-con-full e-flex e-con e-child\" data-id=\"777e8968\" data-element_type=\"container\" data-settings=\"{&quot;background_background&quot;:&quot;classic&quot;}\">\n\t\t\t\t<div class=\"elementor-element elementor-element-f702b1a elementor-widget elementor-widget-heading\" data-id=\"f702b1a\" data-element_type=\"widget\" data-widget_type=\"heading.default\">\n\t\t\t\t<div class=\"elementor-widget-container\">\n\t\t\t\t\t<h4 class=\"elementor-heading-title elementor-size-default\">Le PERM de Couflens\n<\/h4>\t\t\t\t<\/div>\n\t\t\t\t<\/div>\n\t\t\t\t<div class=\"elementor-element elementor-element-416ae166 elementor-widget elementor-widget-text-editor\" data-id=\"416ae166\" data-element_type=\"widget\" data-widget_type=\"text-editor.default\">\n\t\t\t\t<div class=\"elementor-widget-container\">\n\t\t\t\t\t\t\t\t\t<p><strong>Malgr\u00e9 nos trois succ\u00e8s en annulation du PERM en premi\u00e8re et seconde instance administratives, obtenus avec les associations Henri P\u00e9zerat, Couflens-Salau Demain et la mairie de Couflens, le Conseil d\u2019Etat a valid\u00e9 le 24\/11\/2025 le permis<\/strong><strong> de recherches mini\u00e8res a<\/strong><strong>u terme de neuf ann\u00e9es de proc\u00e9dure.<\/strong><\/p><p>Alors que deux nouveaux projets de recherches mini\u00e8res ont \u00e9t\u00e9 d\u00e9pos\u00e9s par les soci\u00e9t\u00e9s N\u00e9om\u00e9tal et Coforgia, l\u2019un sur le secteur historique de la mine et l\u2019autre sur un secteur plus \u00e9tendu (communes de Couflens, Ustou, Aulus, Saurat, l\u2019Etat a r\u00e9attribu\u00e9 le PERM \u00e0 Appollo Minerals &#8211; Variscan sans qu\u2019une demande de prolongation n\u2019ait \u00e9t\u00e9 demand\u00e9e. La soci\u00e9t\u00e9 Neom\u00e9tal s\u2019estimant l\u00e9s\u00e9e, a attaqu\u00e9 cette d\u00e9cision minist\u00e9rielle en justice<strong>. Nous sommes avec le cabinet Lafforgue qui d\u00e9fend nos int\u00e9r\u00eats en l\u2019affaire, en train d\u2019examiner la possibilit\u00e9 d\u2019attaquer au fond la d\u00e9cision de l\u2019Etat.<\/strong><\/p>\t\t\t\t\t\t\t\t<\/div>\n\t\t\t\t<\/div>\n\t\t\t\t<div class=\"elementor-element elementor-element-79c4a36 elementor-widget elementor-widget-button\" data-id=\"79c4a36\" data-element_type=\"widget\" data-widget_type=\"button.default\">\n\t\t\t\t<div class=\"elementor-widget-container\">\n\t\t\t\t\t\t\t\t\t<div class=\"elementor-button-wrapper\">\n\t\t\t\t\t<a class=\"elementor-button elementor-button-link elementor-size-sm elementor-animation-grow\" href=\"https:\/\/comite-ecologique-ariegeois.org\/?p=1362\">\n\t\t\t\t\t\t<span class=\"elementor-button-content-wrapper\">\n\t\t\t\t\t\t\t\t\t<span class=\"elementor-button-text\">Articles Mine de Salau<\/span>\n\t\t\t\t\t<\/span>\n\t\t\t\t\t<\/a>\n\t\t\t\t<\/div>\n\t\t\t\t\t\t\t\t<\/div>\n\t\t\t\t<\/div>\n\t\t\t\t<\/div>\n\t\t<div class=\"elementor-element elementor-element-4c8755fe e-con-full e-flex e-con e-child\" data-id=\"4c8755fe\" data-element_type=\"container\" data-settings=\"{&quot;background_background&quot;:&quot;classic&quot;}\">\n\t\t\t\t<div class=\"elementor-element elementor-element-5780b19d elementor-widget elementor-widget-heading\" data-id=\"5780b19d\" data-element_type=\"widget\" data-widget_type=\"heading.default\">\n\t\t\t\t<div class=\"elementor-widget-container\">\n\t\t\t\t\t<h4 class=\"elementor-heading-title elementor-size-default\">Sch\u00e9ma r\u00e9gional des carri\u00e8res d\u2019Occitanie<\/h4>\t\t\t\t<\/div>\n\t\t\t\t<\/div>\n\t\t\t\t<div class=\"elementor-element elementor-element-64af6966 elementor-widget elementor-widget-text-editor\" data-id=\"64af6966\" data-element_type=\"widget\" data-widget_type=\"text-editor.default\">\n\t\t\t\t<div class=\"elementor-widget-container\">\n\t\t\t\t\t\t\t\t\t<p>Le 12 aout 2024, le CEA et le <b>Chabot<\/b> ont d\u00e9pos\u00e9 au tribunal administratif de Toulouse une requ\u00eate demandant l\u2019annulation du <b>Sch\u00e9ma r\u00e9gional des carri\u00e8res d\u2019Occitanie<\/b> (SRCO) car celui-ci reprend exactement le projet initial sans tenir compte les observations \u00e9mises par les associations consult\u00e9es ; de plus, ses orientations restent celles d\u2019un sch\u00e9ma consum\u00e9riste et \u00e9cocide en de nombreux points tels que la mesure 3.2.4 portant atteinte \u00e0 la qualit\u00e9 de la nappe d\u2019eau. Avec nos avocates nous travaillons \u00e0 la mise en forme juridique de cette action.<\/p>\t\t\t\t\t\t\t\t<\/div>\n\t\t\t\t<\/div>\n\t\t\t\t<div class=\"elementor-element elementor-element-96154c5 elementor-widget elementor-widget-button\" data-id=\"96154c5\" data-element_type=\"widget\" data-widget_type=\"button.default\">\n\t\t\t\t<div class=\"elementor-widget-container\">\n\t\t\t\t\t\t\t\t\t<div class=\"elementor-button-wrapper\">\n\t\t\t\t\t<a class=\"elementor-button elementor-button-link elementor-size-sm elementor-animation-grow\" href=\"https:\/\/comite-ecologique-ariegeois.org\/?page_id=4111#schema\">\n\t\t\t\t\t\t<span class=\"elementor-button-content-wrapper\">\n\t\t\t\t\t\t\t\t\t<span class=\"elementor-button-text\">En savoir plus<\/span>\n\t\t\t\t\t<\/span>\n\t\t\t\t\t<\/a>\n\t\t\t\t<\/div>\n\t\t\t\t\t\t\t\t<\/div>\n\t\t\t\t<\/div>\n\t\t\t\t<\/div>\n\t\t<div class=\"elementor-element elementor-element-ccc94a5 e-con-full e-flex e-con e-child\" data-id=\"ccc94a5\" data-element_type=\"container\" data-settings=\"{&quot;background_background&quot;:&quot;classic&quot;}\">\n\t\t\t\t<div class=\"elementor-element elementor-element-3cc2608 elementor-widget elementor-widget-heading\" data-id=\"3cc2608\" data-element_type=\"widget\" data-widget_type=\"heading.default\">\n\t\t\t\t<div class=\"elementor-widget-container\">\n\t\t\t\t\t<h4 class=\"elementor-heading-title elementor-size-default\">Projet de micro-centrale hydro-\u00e9lectrique sur l\u2019Ori\u00e8ge \u00e0 Orlu<\/h4>\t\t\t\t<\/div>\n\t\t\t\t<\/div>\n\t\t\t\t<div class=\"elementor-element elementor-element-1c379ea elementor-widget elementor-widget-text-editor\" data-id=\"1c379ea\" data-element_type=\"widget\" data-widget_type=\"text-editor.default\">\n\t\t\t\t<div class=\"elementor-widget-container\">\n\t\t\t\t\t\t\t\t\t<p>La demande de suspension de l\u2019ex\u00e9cution de l\u2019arr\u00eat\u00e9 ayant autoris\u00e9 l\u2019exploitation d\u2019une micro-centrale \u00e0 Orlu, formul\u00e9e par <strong>Le CEA, le Chabot, FNE-MP et NEO<\/strong>, a \u00e9t\u00e9 rejet\u00e9e le 6 d\u00e9cembre 2021 par le <span class=\"author-a-m12ylz88zz66zz83zz87zz86zrz66zuun2\">tribunal administratif<\/span> <span class=\"author-a-m12ylz88zz66zz83zz87zz86zrz66zuun2\">de <\/span><span class=\"author-a-z66zxqrk9gcxhq5z65zz67zo1\">Toulouse. <strong>Le jugement au fond<\/strong> avec audience publique a \u00e9t\u00e9 rendu le 29 avril 2025 : La SARL SHEMA a 18 mois pour <strong>r\u00e9gulariser l&rsquo;insuffisance des mesures compensatoires sur le Desman Pyr\u00e9n\u00e9es et l&rsquo;absence de recherche s\u00e9rieuse de solutions alternatives<\/strong> satisfaisantes.<\/span><\/p>\t\t\t\t\t\t\t\t<\/div>\n\t\t\t\t<\/div>\n\t\t\t\t<div class=\"elementor-element elementor-element-8c371b2 elementor-widget elementor-widget-button\" data-id=\"8c371b2\" data-element_type=\"widget\" data-widget_type=\"button.default\">\n\t\t\t\t<div class=\"elementor-widget-container\">\n\t\t\t\t\t\t\t\t\t<div class=\"elementor-button-wrapper\">\n\t\t\t\t\t<a class=\"elementor-button elementor-button-link elementor-size-sm elementor-animation-grow\" href=\"https:\/\/comite-ecologique-ariegeois.org\/?p=1552\">\n\t\t\t\t\t\t<span class=\"elementor-button-content-wrapper\">\n\t\t\t\t\t\t\t\t\t<span class=\"elementor-button-text\">Voir l'article sur le sujet<\/span>\n\t\t\t\t\t<\/span>\n\t\t\t\t\t<\/a>\n\t\t\t\t<\/div>\n\t\t\t\t\t\t\t\t<\/div>\n\t\t\t\t<\/div>\n\t\t\t\t<\/div>\n\t\t<div class=\"elementor-element elementor-element-dd796bf e-con-full e-flex e-con e-child\" data-id=\"dd796bf\" data-element_type=\"container\" data-settings=\"{&quot;background_background&quot;:&quot;classic&quot;}\">\n\t\t\t\t<div class=\"elementor-element elementor-element-8b739f0 elementor-widget elementor-widget-heading\" data-id=\"8b739f0\" data-element_type=\"widget\" data-widget_type=\"heading.default\">\n\t\t\t\t<div class=\"elementor-widget-container\">\n\t\t\t\t\t<h4 class=\"elementor-heading-title elementor-size-default\">Victoire au Conseil d\u2019Etat : moratoire obtenu le 2 mars 2026 (supension pour 5 ans) de la chasse au lagop\u00e8de alpin !<\/h4>\t\t\t\t<\/div>\n\t\t\t\t<\/div>\n\t\t\t\t<div class=\"elementor-element elementor-element-07ee900 elementor-widget elementor-widget-text-editor\" data-id=\"07ee900\" data-element_type=\"widget\" data-widget_type=\"text-editor.default\">\n\t\t\t\t<div class=\"elementor-widget-container\">\n\t\t\t\t\t\t\t\t\t<p><strong>Apr\u00e8s l\u2019avis du 01\/06\/2022 du Conseil d\u2019\u00c9tat (obtenu par les assos <span class=\"fontstyle0\">CEA, FNE-MP, FNE 65, NEO, Nature Comminges, GOR, FNE) qui a<\/span> <br \/>impos\u00e9\u00a0 un moratoire de cinq ans sur la chasse au grand t\u00e9tras dans les Pyr\u00e9n\u00e9es, nous obtenons le 02\/03\/2026 un moratoire de cinq ans pour le lagop\u00e8de alpin<\/strong> <strong>dans les Pyr\u00e9n\u00e9es et les Alpes,<\/strong> <strong>suite \u00e0 une requ\u00eate du CEA, de la LPO et de One Voice. <\/strong><a href=\"https:\/\/comite-ecologique-ariegeois.org\/wp-content\/uploads\/2026\/03\/202603_CP-Moratoire-Lagopede-inter-asso.pdf\">Lire le CP des <strong>associations.<\/strong><\/a><br \/><a href=\"https:\/\/comite-ecologique-ariegeois.org\/wp-content\/uploads\/2026\/03\/Recapitulatif-jugements-grand-tetras-lagopedes-alpins-perdrix-grises-montagne_02-03-2026.pdf\"><strong>Voir le r\u00e9capitulatif des 76 jugements Galliformes favorables<\/strong><\/a><\/p>\t\t\t\t\t\t\t\t<\/div>\n\t\t\t\t<\/div>\n\t\t\t\t<div class=\"elementor-element elementor-element-2e82e7e elementor-widget elementor-widget-button\" data-id=\"2e82e7e\" data-element_type=\"widget\" data-widget_type=\"button.default\">\n\t\t\t\t<div class=\"elementor-widget-container\">\n\t\t\t\t\t\t\t\t\t<div class=\"elementor-button-wrapper\">\n\t\t\t\t\t<a class=\"elementor-button elementor-button-link elementor-size-sm elementor-animation-grow\" href=\"https:\/\/comite-ecologique-ariegeois.org\/?p=3752\">\n\t\t\t\t\t\t<span class=\"elementor-button-content-wrapper\">\n\t\t\t\t\t\t\t\t\t<span class=\"elementor-button-text\">Articles Les Galliformes de montagne<\/span>\n\t\t\t\t\t<\/span>\n\t\t\t\t\t<\/a>\n\t\t\t\t<\/div>\n\t\t\t\t\t\t\t\t<\/div>\n\t\t\t\t<\/div>\n\t\t\t\t<\/div>\n\t\t<div class=\"elementor-element elementor-element-d07b110 e-con-full e-flex e-con e-child\" data-id=\"d07b110\" data-element_type=\"container\" data-settings=\"{&quot;background_background&quot;:&quot;classic&quot;}\">\n\t\t\t\t<div class=\"elementor-element elementor-element-5be5363 elementor-widget elementor-widget-heading\" data-id=\"5be5363\" data-element_type=\"widget\" data-widget_type=\"heading.default\">\n\t\t\t\t<div class=\"elementor-widget-container\">\n\t\t\t\t\t<h4 class=\"elementor-heading-title elementor-size-default\">PLU Crampagna<\/h4>\t\t\t\t<\/div>\n\t\t\t\t<\/div>\n\t\t\t\t<div class=\"elementor-element elementor-element-0daedf3 elementor-widget elementor-widget-text-editor\" data-id=\"0daedf3\" data-element_type=\"widget\" data-widget_type=\"text-editor.default\">\n\t\t\t\t<div class=\"elementor-widget-container\">\n\t\t\t\t\t\t\t\t\t<p>Approuv\u00e9 par le conseil municipal en septembre 2019, <strong>ce PLU ne respecte pas les objectifs du Scot Val d\u2019Ari\u00e8ge en raison notamment d&rsquo;une consommation fonci\u00e8re beaucoup trop \u00e9lev\u00e9e. <\/strong>A la demande du CEA et du Chabot et de plusieurs habitants, le <span class=\"author-a-m12ylz88zz66zz83zz87zz86zrz66zuun2\">tribunal administratif<\/span> de Toulouse a annul\u00e9 la d\u00e9lib\u00e9ration du conseil municipal de Crampagna du 09\/09\/2019 approuvant la r\u00e9vision du plan local d\u2019urbanisme de la commune. <strong>Audience en appel en attente.\u00a0<\/strong><\/p>\t\t\t\t\t\t\t\t<\/div>\n\t\t\t\t<\/div>\n\t\t\t\t<\/div>\n\t\t<div class=\"elementor-element elementor-element-67aa660 e-con-full e-flex e-con e-child\" data-id=\"67aa660\" data-element_type=\"container\" data-settings=\"{&quot;background_background&quot;:&quot;classic&quot;}\">\n\t\t\t\t<div class=\"elementor-element elementor-element-93e4d01 elementor-widget elementor-widget-heading\" data-id=\"93e4d01\" data-element_type=\"widget\" data-widget_type=\"heading.default\">\n\t\t\t\t<div class=\"elementor-widget-container\">\n\t\t\t\t\t<h4 class=\"elementor-heading-title elementor-size-default\">Annulation par le tribunal administratif de l\u2019arret\u00e9 prefectoral chasse 2024-25 Lagop\u00e8de et Perdrix grise<\/h4>\t\t\t\t<\/div>\n\t\t\t\t<\/div>\n\t\t\t\t<div class=\"elementor-element elementor-element-30eb1d2 elementor-widget elementor-widget-text-editor\" data-id=\"30eb1d2\" data-element_type=\"widget\" data-widget_type=\"text-editor.default\">\n\t\t\t\t<div class=\"elementor-widget-container\">\n\t\t\t\t\t\t\t\t\t<p><strong>L\u2019arr\u00eat\u00e9 du 27\/09\/2024 a \u00e9t\u00e9 annul\u00e9 \u00e0 la demande du CEA et de l\u2019association <\/strong><em>One Voice<\/em><strong> par le juge administratif le 12\/11\/2025<\/strong> en tant qu\u2019il instaure un pr\u00e9l\u00e8vement maximal autoris\u00e9 et fixe les quotas de pr\u00e9l\u00e8vement des perdrix grises de montagne et des lagop\u00e8des alpins pour la campagne cyn\u00e9g\u00e9tique 2024\/2025.<\/p>\t\t\t\t\t\t\t\t<\/div>\n\t\t\t\t<\/div>\n\t\t\t\t<\/div>\n\t\t<div class=\"elementor-element elementor-element-3ce9aa5 e-con-full e-flex e-con e-child\" data-id=\"3ce9aa5\" data-element_type=\"container\" data-settings=\"{&quot;background_background&quot;:&quot;classic&quot;}\">\n\t\t\t\t<div class=\"elementor-element elementor-element-81e2eca elementor-widget elementor-widget-heading\" data-id=\"81e2eca\" data-element_type=\"widget\" data-widget_type=\"heading.default\">\n\t\t\t\t<div class=\"elementor-widget-container\">\n\t\t\t\t\t<h4 class=\"elementor-heading-title elementor-size-default\">Chasse \u00e0 l'Isard et aux sangliers<\/h4>\t\t\t\t<\/div>\n\t\t\t\t<\/div>\n\t\t\t\t<div class=\"elementor-element elementor-element-1648801 elementor-widget elementor-widget-text-editor\" data-id=\"1648801\" data-element_type=\"widget\" data-widget_type=\"text-editor.default\">\n\t\t\t\t<div class=\"elementor-widget-container\">\n\t\t\t\t\t\t\t\t\t<p><strong>Nous avons demand\u00e9 l\u2019annulation de l&rsquo;AP du 19 \/05\/2022 en ce qui concerne la chasse en battue du sanglier et la chasse \u00e0 l&rsquo;Isard dans la r\u00e9serve de chasse et de faune sauvage du Mont Valie<\/strong>r. (Requ\u00eate au TA du 30\/11\/2022.) De plus, nous avons demand\u00e9 l\u2019annulation de cet arr\u00eat\u00e9 qui fixe les fourchettes des plans de chasse aux grands gibiers pour la campagne 2022\/2023 en tant qu\u2019il autorise le pr\u00e9l\u00e8vement de 827 isards dans le d\u00e9partement de l\u2019Ari\u00e8ge.<\/p>\t\t\t\t\t\t\t\t<\/div>\n\t\t\t\t<\/div>\n\t\t\t\t<div class=\"elementor-element elementor-element-880cced elementor-widget elementor-widget-button\" data-id=\"880cced\" data-element_type=\"widget\" data-widget_type=\"button.default\">\n\t\t\t\t<div class=\"elementor-widget-container\">\n\t\t\t\t\t\t\t\t\t<div class=\"elementor-button-wrapper\">\n\t\t\t\t\t<a class=\"elementor-button elementor-button-link elementor-size-sm elementor-animation-grow\" href=\"https:\/\/comite-ecologique-ariegeois.org\/?p=8616\">\n\t\t\t\t\t\t<span class=\"elementor-button-content-wrapper\">\n\t\t\t\t\t\t\t\t\t<span class=\"elementor-button-text\">Dates de chasse au gros gibier 2024-2025<\/span>\n\t\t\t\t\t<\/span>\n\t\t\t\t\t<\/a>\n\t\t\t\t<\/div>\n\t\t\t\t\t\t\t\t<\/div>\n\t\t\t\t<\/div>\n\t\t\t\t<\/div>\n\t\t<div class=\"elementor-element elementor-element-8bb8b90 e-con-full e-flex e-con e-child\" data-id=\"8bb8b90\" data-element_type=\"container\" data-settings=\"{&quot;background_background&quot;:&quot;classic&quot;}\">\n\t\t\t\t<div class=\"elementor-element elementor-element-41ca720 elementor-widget elementor-widget-heading\" data-id=\"41ca720\" data-element_type=\"widget\" data-widget_type=\"heading.default\">\n\t\t\t\t<div class=\"elementor-widget-container\">\n\t\t\t\t\t<h4 class=\"elementor-heading-title elementor-size-default\">Contestation des arr\u00eat\u00e9s  pr\u00e9fectoraux autorisant des tirs de r\u00e9gulation des grands cormorans<\/h4>\t\t\t\t<\/div>\n\t\t\t\t<\/div>\n\t\t\t\t<div class=\"elementor-element elementor-element-364901b elementor-widget elementor-widget-text-editor\" data-id=\"364901b\" data-element_type=\"widget\" data-widget_type=\"text-editor.default\">\n\t\t\t\t<div class=\"elementor-widget-container\">\n\t\t\t\t\t\t\t\t\t<p><span class=\"fontstyle0\"><strong>Succ\u00e8s au TA le 29\/01\/2026 de la contestation (CEA + FNE-OP) <\/strong>de l\u2019arr\u00eat\u00e9 modificatif du 18\/12\/2020 par lequel la pr\u00e9f\u00e8te de l\u2019Ari\u00e8ge<strong> a autoris\u00e9 des op\u00e9rations de r\u00e9gulation (par des tirs) des populations de grands cormorans sur les eaux libres.<\/strong><\/span><\/p><p><span class=\"fontstyle0\"><strong>Echec au TA le 29\/01\/2026 de la contestation (CEA + FNE-OP) de l\u2019arr\u00eat\u00e9 modificatif du 25\/11\/2020<\/strong> par lequel la pr\u00e9f\u00e8te de l\u2019Ari\u00e8ge <\/span><span class=\"fontstyle0\">a autoris\u00e9 <strong>des op\u00e9rations de r\u00e9gulation des populations de grands cormorans sur les piscicultures.<\/strong><\/span><\/p>\t\t\t\t\t\t\t\t<\/div>\n\t\t\t\t<\/div>\n\t\t\t\t<\/div>\n\t\t<div class=\"elementor-element elementor-element-5fdb5905 e-con-full e-flex e-con e-child\" data-id=\"5fdb5905\" data-element_type=\"container\" data-settings=\"{&quot;background_background&quot;:&quot;classic&quot;}\">\n\t\t\t\t<div class=\"elementor-element elementor-element-61fd52e2 elementor-widget elementor-widget-heading\" data-id=\"61fd52e2\" data-element_type=\"widget\" data-widget_type=\"heading.default\">\n\t\t\t\t<div class=\"elementor-widget-container\">\n\t\t\t\t\t<h4 class=\"elementor-heading-title elementor-size-default\">Projet retenue d'eau neige de culture \u00e0 G\u00e9rac<\/h4>\t\t\t\t<\/div>\n\t\t\t\t<\/div>\n\t\t\t\t<div class=\"elementor-element elementor-element-7c78ccca elementor-widget elementor-widget-text-editor\" data-id=\"7c78ccca\" data-element_type=\"widget\" data-widget_type=\"text-editor.default\">\n\t\t\t\t<div class=\"elementor-widget-container\">\n\t\t\t\t\t\t\t\t\t<p><strong>A notre demande et celle du Chabot, l&rsquo;arr\u00eat\u00e9 pr\u00e9fectoral du 31\/03\/2017, portant autorisation d\u2019un pr\u00e9l\u00e8vement d\u2019eau sur la source de G\u00e9rac, de la construction d\u2019une retenue d\u2019eau dans le cirque de G\u00e9rac pour la production de neige de culture, a \u00e9t\u00e9 annul\u00e9 partiellement au TA le 18\/03\/2022 <\/strong>en exigeant une d\u00e9rogation \u00e0 destruction d\u2019esp\u00e8ces prot\u00e9g\u00e9es et un nouvel avis favorable du Conseil National de la Protection de la Nature.<\/p><p>Par un AP du 15\/07\/025 le pr\u00e9fet a donn\u00e9 l\u2019autorisation de captage et de construction de la retenue augment\u00e9e de 50 000 \u00e0 100 000 m3<strong>. Le CEA a attaqu\u00e9 cet arr\u00eat\u00e9 au TA.<\/strong><\/p>\t\t\t\t\t\t\t\t<\/div>\n\t\t\t\t<\/div>\n\t\t\t\t<\/div>\n\t\t\t\t<\/div>\n\t\t\t\t<div class=\"elementor-element elementor-element-3e3c0c6 elementor-widget elementor-widget-spacer\" data-id=\"3e3c0c6\" data-element_type=\"widget\" data-widget_type=\"spacer.default\">\n\t\t\t\t<div class=\"elementor-widget-container\">\n\t\t\t\t\t\t\t<div class=\"elementor-spacer\">\n\t\t\t<div class=\"elementor-spacer-inner\"><\/div>\n\t\t<\/div>\n\t\t\t\t\t\t<\/div>\n\t\t\t\t<\/div>\n\t\t\t\t<div class=\"elementor-element elementor-element-71864ba elementor-widget elementor-widget-heading\" data-id=\"71864ba\" data-element_type=\"widget\" data-widget_type=\"heading.default\">\n\t\t\t\t<div class=\"elementor-widget-container\">\n\t\t\t\t\t<h3 class=\"elementor-heading-title elementor-size-default\">Plaintes au tribunal judiciaire (actions au p\u00e9nal)<\/h3>\t\t\t\t<\/div>\n\t\t\t\t<\/div>\n\t\t\t\t<div class=\"elementor-element elementor-element-575c1e8 elementor-widget elementor-widget-text-editor\" data-id=\"575c1e8\" data-element_type=\"widget\" data-widget_type=\"text-editor.default\">\n\t\t\t\t<div class=\"elementor-widget-container\">\n\t\t\t\t\t\t\t\t\t<p><strong>S\u2019il est inform\u00e9 d\u2019une action ill\u00e9gale nocive \u00e0 l\u2019environnement<\/strong> (exemple\u00a0: coupe rase \u00e9tendue au-del\u00e0 de la superficie autoris\u00e9e), le CEA peut d\u00e9poser plainte aupr\u00e8s de l\u2019Office Fran\u00e7ais de la Biodiversit\u00e9 qui enqu\u00eatera. Si le Procureur estime recevable la plainte, l\u2019association engage une action en justice au p\u00e9nal aupr\u00e8s du tribunal judiciaire. Cette proc\u00e9dure peut comporter aussi deux autres degr\u00e9s\u00a0suppl\u00e9mentaires : Cour d\u2019Appel, Cour de Cassation. \u00a0<\/p>\t\t\t\t\t\t\t\t<\/div>\n\t\t\t\t<\/div>\n\t\t<div class=\"elementor-element elementor-element-4fffae5 e-grid e-con-full e-con e-child\" data-id=\"4fffae5\" data-element_type=\"container\" data-settings=\"{&quot;background_background&quot;:&quot;classic&quot;}\">\n\t\t<div class=\"elementor-element elementor-element-57180b8 e-con-full e-flex e-con e-child\" data-id=\"57180b8\" data-element_type=\"container\" data-settings=\"{&quot;background_background&quot;:&quot;classic&quot;}\">\n\t\t\t\t<div class=\"elementor-element elementor-element-b0fdb23 elementor-widget elementor-widget-heading\" data-id=\"b0fdb23\" data-element_type=\"widget\" data-widget_type=\"heading.default\">\n\t\t\t\t<div class=\"elementor-widget-container\">\n\t\t\t\t\t<h4 class=\"elementor-heading-title elementor-size-default\"> Plainte CEA-Chabot-FNE \/ SAS BOIS ARIEGEOIS du 06\/03\/25<\/h4>\t\t\t\t<\/div>\n\t\t\t\t<\/div>\n\t\t\t\t<div class=\"elementor-element elementor-element-0c9346b elementor-widget elementor-widget-text-editor\" data-id=\"0c9346b\" data-element_type=\"widget\" data-widget_type=\"text-editor.default\">\n\t\t\t\t<div class=\"elementor-widget-container\">\n\t\t\t\t\t\t\t\t\t<p><strong>Suite au constat par l&rsquo;OFB d&rsquo;une pollution du Scios par 450 l d&rsquo;huile hydraulique provenant du r\u00e9seau de collecte des eaux de ruissellement.<\/strong> C&rsquo;est donc une nouvelle action des associations apr\u00e8s celle provoqu\u00e9e par le d\u00e9versement de produits dangereux en bordure du ruisseau Scios qui a \u00e9t\u00e9 condamn\u00e9e par le tribunal correctionnel de Foix fin 2024.<\/p>\t\t\t\t\t\t\t\t<\/div>\n\t\t\t\t<\/div>\n\t\t\t\t<\/div>\n\t\t<div class=\"elementor-element elementor-element-5a21b57 e-con-full e-flex e-con e-child\" data-id=\"5a21b57\" data-element_type=\"container\" data-settings=\"{&quot;background_background&quot;:&quot;classic&quot;}\">\n\t\t\t\t<div class=\"elementor-element elementor-element-0a76436 elementor-widget elementor-widget-heading\" data-id=\"0a76436\" data-element_type=\"widget\" data-widget_type=\"heading.default\">\n\t\t\t\t<div class=\"elementor-widget-container\">\n\t\t\t\t\t<h4 class=\"elementor-heading-title elementor-size-default\">Plainte du CEA \/d\u00e9gradations du ruisseau de Rieufourcant par un chantier forestier<\/h4>\t\t\t\t<\/div>\n\t\t\t\t<\/div>\n\t\t\t\t<div class=\"elementor-element elementor-element-ea44c57 elementor-widget elementor-widget-text-editor\" data-id=\"ea44c57\" data-element_type=\"widget\" data-widget_type=\"text-editor.default\">\n\t\t\t\t<div class=\"elementor-widget-container\">\n\t\t\t\t\t\t\t\t\t<p>Le 29\/08\/2025, l\u2019association a donn\u00e9 mandat \u00e0 Monsieur Christian CORDELIER, afin d\u2019\u00eatre repr\u00e9sent\u00e9e dans le cadre d\u2019un d\u00e9p\u00f4t de<strong> plainte collective aupr\u00e8s du service d\u00e9partemental de l\u2019Ari\u00e8ge pour des faits de coupes d\u2019arbres<\/strong> (travaux forestiers) en violation des dispositions des codes forestiers et de l\u2019environnement, au niveau du ruisseau de Rieufourcant sur la commune de BELESTA.<\/p>\t\t\t\t\t\t\t\t<\/div>\n\t\t\t\t<\/div>\n\t\t\t\t<\/div>\n\t\t<div class=\"elementor-element elementor-element-0877b0c e-con-full e-flex e-con e-child\" data-id=\"0877b0c\" data-element_type=\"container\" data-settings=\"{&quot;background_background&quot;:&quot;classic&quot;}\">\n\t\t\t\t<div class=\"elementor-element elementor-element-d1d1acc elementor-widget elementor-widget-heading\" data-id=\"d1d1acc\" data-element_type=\"widget\" data-widget_type=\"heading.default\">\n\t\t\t\t<div class=\"elementor-widget-container\">\n\t\t\t\t\t<h4 class=\"elementor-heading-title elementor-size-default\">Plainte des associations \/ infractions gravi\u00e8re Malet<\/h4>\t\t\t\t<\/div>\n\t\t\t\t<\/div>\n\t\t\t\t<div class=\"elementor-element elementor-element-24b9e82 elementor-widget elementor-widget-text-editor\" data-id=\"24b9e82\" data-element_type=\"widget\" data-widget_type=\"text-editor.default\">\n\t\t\t\t<div class=\"elementor-widget-container\">\n\t\t\t\t\t\t\t\t\t<p>La pr\u00e9fecture a sign\u00e9 le 22\/09\/2025 une amende administrative in\u00e9dite de 15.000 euros \u00e0 l\u2019encontre des SABLIERES MALET pour sa gravi\u00e8re de Montaut (09), qui ne respecte pas les r\u00e8gles environnementales cens\u00e9es \u00e9viter toute pollution des eaux souterraines lors de l\u2019enfouissement de d\u00e9chets de chantier dans les lacs de gravi\u00e8res.<\/p><p><strong>Particuli\u00e8rement actives sur cette probl\u00e9matique depuis une quinzaine d\u2019ann\u00e9e, FNE OP, Le Chabot et le CEA ont port\u00e9 plainte.<\/strong><\/p>\t\t\t\t\t\t\t\t<\/div>\n\t\t\t\t<\/div>\n\t\t\t\t<\/div>\n\t\t<div class=\"elementor-element elementor-element-9124877 e-con-full e-flex e-con e-child\" data-id=\"9124877\" data-element_type=\"container\" data-settings=\"{&quot;background_background&quot;:&quot;classic&quot;}\">\n\t\t\t\t<div class=\"elementor-element elementor-element-4042688 elementor-widget elementor-widget-heading\" data-id=\"4042688\" data-element_type=\"widget\" data-widget_type=\"heading.default\">\n\t\t\t\t<div class=\"elementor-widget-container\">\n\t\t\t\t\t<h4 class=\"elementor-heading-title elementor-size-default\">Le CEA partie civile \/ extension gravi\u00e8re Rescani\u00e8res \u00e0 Roumengoux<\/h4>\t\t\t\t<\/div>\n\t\t\t\t<\/div>\n\t\t\t\t<div class=\"elementor-element elementor-element-75a9732 elementor-widget elementor-widget-text-editor\" data-id=\"75a9732\" data-element_type=\"widget\" data-widget_type=\"text-editor.default\">\n\t\t\t\t<div class=\"elementor-widget-container\">\n\t\t\t\t\t\t\t\t\t<p><strong>Le CEA s\u2019est constitu\u00e9 partie civile dans la proc\u00e9dure correctionnelle visant la soci\u00e9t\u00e9 Rescani\u00e8res pour son non-respect des prescriptions de la remise en \u00e9tat et extension de la carri\u00e8re de Roumengoux<\/strong>, notamment la destruction d\u2019un nid de gu\u00eapiers (en r\u00e9alit\u00e9 une belle colonie de cet oiseau, alors que des panonceaux aux cl\u00f4tures annoncent : respect des gu\u00eapiers et des hirondelles de rivage !\u2026). <strong>Le 03\/07\/2025, le tribunal a condamn\u00e9 la soci\u00e9t\u00e9 \u00e0 30 000\u20ac d\u2019amende et \u00e0 verser pour le pr\u00e9judice moral subi, 2000\u20ac au CEA, ainsi que 5000\u20ac \u00e0 FNE-OC et \u00e0 Nature En Occitanie.<\/strong><\/p><p><strong>La proc\u00e9dure se poursuit en Appel.<\/strong><\/p>\t\t\t\t\t\t\t\t<\/div>\n\t\t\t\t<\/div>\n\t\t\t\t<\/div>\n\t\t\t\t<\/div>\n\t\t<div class=\"elementor-element elementor-element-e560d07 e-grid e-con-full e-con e-child\" data-id=\"e560d07\" data-element_type=\"container\">\n\t\t<div class=\"elementor-element elementor-element-4a5075c e-con-full e-flex e-con e-child\" data-id=\"4a5075c\" data-element_type=\"container\" data-settings=\"{&quot;background_background&quot;:&quot;classic&quot;}\">\n\t\t\t\t<div class=\"elementor-element elementor-element-f88989f elementor-widget elementor-widget-heading\" data-id=\"f88989f\" data-element_type=\"widget\" data-widget_type=\"heading.default\">\n\t\t\t\t<div class=\"elementor-widget-container\">\n\t\t\t\t\t<h4 class=\"elementor-heading-title elementor-size-default\">Ourse Caramelles tu\u00e9e au cours d'une battue en novembre 2021 dans la r\u00e9serve du Mt Valier<\/h4>\t\t\t\t<\/div>\n\t\t\t\t<\/div>\n\t\t\t\t<div class=\"elementor-element elementor-element-116133e elementor-widget elementor-widget-text-editor\" data-id=\"116133e\" data-element_type=\"widget\" data-widget_type=\"text-editor.default\">\n\t\t\t\t<div class=\"elementor-widget-container\">\n\t\t\t\t\t\t\t\t\t<p>Le CEA avec 11 associations de Cap Ours s&rsquo;est constitu\u00e9 partie civile au motif d&rsquo;une destruction d&rsquo;esp\u00e8ces prot\u00e9g\u00e9e \u00ab\u00a0Ours brun\u00a0\u00bb. A L&rsquo;audience\u00a0 au tribunal judiciaire de Foix les 18 et 19 mars 2025, le Procureur a mis en \u00e9vidence l&rsquo;absence de s\u00e9rieux des chasseurs qui ne pouvaient ignorer les limites de la r\u00e9serve et la pr\u00e9sence de l&rsquo;ourse suit\u00e9e. <strong>06\/05\/2025<\/strong> : <strong>M. Rives Andr\u00e9, bless\u00e9 par l&rsquo;ourse d\u00e9fendant ses petits, et auteur du tir, est condamn\u00e9 \u00e0 <\/strong><span class=\"fontstyle0\"><strong>4 mois de prison avec sursis + confiscation des armes saisies\u00a0 + retrait du permis de chasse + 750 \u20ac d&rsquo;amendes.<\/strong> <strong>Les autres participants de la battue sont condamn\u00e9s<\/strong> \u00e0 des amendes avec sursis + des amendes l\u00e9g\u00e8res + indemnisation des parties civiles (pr\u00e9judice moral variable selon les associations + pr\u00e9judice ecologique pour les grandes associations). <\/span><span class=\"fontstyle0\"><strong>Le pr\u00e9venu auteur du tir a fait appel.<\/strong><\/span><\/p>\t\t\t\t\t\t\t\t<\/div>\n\t\t\t\t<\/div>\n\t\t\t\t<div class=\"elementor-element elementor-element-2c6c813 elementor-widget elementor-widget-button\" data-id=\"2c6c813\" data-element_type=\"widget\" data-widget_type=\"button.default\">\n\t\t\t\t<div class=\"elementor-widget-container\">\n\t\t\t\t\t\t\t\t\t<div class=\"elementor-button-wrapper\">\n\t\t\t\t\t<a class=\"elementor-button elementor-button-link elementor-size-sm elementor-animation-grow\" href=\"https:\/\/comite-ecologique-ariegeois.org\/?p=3749\">\n\t\t\t\t\t\t<span class=\"elementor-button-content-wrapper\">\n\t\t\t\t\t\t\t\t\t<span class=\"elementor-button-text\">Voir l'article sur les ours <\/span>\n\t\t\t\t\t<\/span>\n\t\t\t\t\t<\/a>\n\t\t\t\t<\/div>\n\t\t\t\t\t\t\t\t<\/div>\n\t\t\t\t<\/div>\n\t\t\t\t<\/div>\n\t\t\t\t<\/div>\n\t\t\t\t\t<\/div>\n\t\t\t\t<\/div>\n\t\t<div class=\"elementor-element elementor-element-1ce18ea e-flex e-con-boxed e-con e-parent\" data-id=\"1ce18ea\" data-element_type=\"container\">\n\t\t\t\t\t<div class=\"e-con-inner\">\n\t\t\t\t<div class=\"elementor-element elementor-element-343f7ae elementor-widget elementor-widget-spacer\" data-id=\"343f7ae\" data-element_type=\"widget\" data-widget_type=\"spacer.default\">\n\t\t\t\t<div class=\"elementor-widget-container\">\n\t\t\t\t\t\t\t<div class=\"elementor-spacer\">\n\t\t\t<div class=\"elementor-spacer-inner\"><\/div>\n\t\t<\/div>\n\t\t\t\t\t\t<\/div>\n\t\t\t\t<\/div>\n\t\t\t\t\t<\/div>\n\t\t\t\t<\/div>\n\t\t<div class=\"elementor-element elementor-element-fc3b760 e-con-full e-flex e-con e-parent\" data-id=\"fc3b760\" data-element_type=\"container\" data-settings=\"{&quot;background_background&quot;:&quot;classic&quot;}\">\n\t\t\t\t<div class=\"elementor-element elementor-element-5881b52 elementor-widget elementor-widget-heading\" data-id=\"5881b52\" data-element_type=\"widget\" data-widget_type=\"heading.default\">\n\t\t\t\t<div class=\"elementor-widget-container\">\n\t\t\t\t\t<h2 class=\"elementor-heading-title elementor-size-default\">Actions pass\u00e9es<\/h2>\t\t\t\t<\/div>\n\t\t\t\t<\/div>\n\t\t<div class=\"elementor-element elementor-element-2713fcb e-con-full e-flex e-con e-child\" data-id=\"2713fcb\" data-element_type=\"container\">\n\t\t<div class=\"elementor-element elementor-element-5378058 e-con-full e-flex e-con e-child\" data-id=\"5378058\" data-element_type=\"container\" data-settings=\"{&quot;background_background&quot;:&quot;classic&quot;}\">\n\t\t\t\t<div class=\"elementor-element elementor-element-7ec189b elementor-widget elementor-widget-heading\" data-id=\"7ec189b\" data-element_type=\"widget\" data-widget_type=\"heading.default\">\n\t\t\t\t<div class=\"elementor-widget-container\">\n\t\t\t\t\t<h4 class=\"elementor-heading-title elementor-size-default\">Double succ\u00e8s d\u2019action en r\u00e9f\u00e9r\u00e9-libert\u00e9 pour la protection du Lagop\u00e8de alpin en Ari\u00e8ge<\/h4>\t\t\t\t<\/div>\n\t\t\t\t<\/div>\n\t\t<div class=\"elementor-element elementor-element-e4a4685 e-grid e-con-full e-con e-child\" data-id=\"e4a4685\" data-element_type=\"container\">\n\t\t<div class=\"elementor-element elementor-element-c2ed9c2 e-con-full e-flex e-con e-child\" data-id=\"c2ed9c2\" data-element_type=\"container\">\n\t\t\t\t<div class=\"elementor-element elementor-element-67ad1b9 elementor-widget elementor-widget-text-editor\" data-id=\"67ad1b9\" data-element_type=\"widget\" data-widget_type=\"text-editor.default\">\n\t\t\t\t<div class=\"elementor-widget-container\">\n\t\t\t\t\t\t\t\t\t<p>Le Tribunal administratif de Toulouse a donn\u00e9 raison \u00e0 la demande du CEA de n\u2019accorder <strong>aucun pr\u00e9l\u00e8vement de Lagop\u00e8de<\/strong> durant la campagne de chasse ari\u00e9geoise 2024-2025, puis le <strong>Conseil d\u2019Etat<\/strong> a confirm\u00e9 cette d\u00e9cision que le Minist\u00e8re de la transition Ecologique avait cru bon de contester !<\/p>\t\t\t\t\t\t\t\t<\/div>\n\t\t\t\t<\/div>\n\t\t\t\t<div class=\"elementor-element elementor-element-2b0dcba elementor-widget elementor-widget-image\" data-id=\"2b0dcba\" data-element_type=\"widget\" data-widget_type=\"image.default\">\n\t\t\t\t<div class=\"elementor-widget-container\">\n\t\t\t\t\t\t\t\t\t\t\t\t\t\t\t<img decoding=\"async\" width=\"150\" height=\"150\" src=\"https:\/\/comite-ecologique-ariegeois.org\/wp-content\/uploads\/2024\/08\/05-LagopA\u00a8de-alpin-e1770822209143-150x150.jpg\" class=\"attachment-thumbnail size-thumbnail wp-image-404\" alt=\"\" \/>\t\t\t\t\t\t\t\t\t\t\t\t\t\t\t<\/div>\n\t\t\t\t<\/div>\n\t\t\t\t<div class=\"elementor-element elementor-element-2e3b9f5 elementor-widget elementor-widget-button\" data-id=\"2e3b9f5\" data-element_type=\"widget\" data-widget_type=\"button.default\">\n\t\t\t\t<div class=\"elementor-widget-container\">\n\t\t\t\t\t\t\t\t\t<div class=\"elementor-button-wrapper\">\n\t\t\t\t\t<a class=\"elementor-button elementor-button-link elementor-size-sm elementor-animation-grow\" href=\"https:\/\/comite-ecologique-ariegeois.org\/wp-content\/uploads\/2024\/12\/Jugement-Conseil-dEtat-Lagopede_Oct-.pdf\">\n\t\t\t\t\t\t<span class=\"elementor-button-content-wrapper\">\n\t\t\t\t\t\t\t\t\t<span class=\"elementor-button-text\">Le jugement du conseil d'\u00e9tat  du 18\/10\/2024<\/span>\n\t\t\t\t\t<\/span>\n\t\t\t\t\t<\/a>\n\t\t\t\t<\/div>\n\t\t\t\t\t\t\t\t<\/div>\n\t\t\t\t<\/div>\n\t\t\t\t<\/div>\n\t\t<div class=\"elementor-element elementor-element-5aee7e8 e-con-full e-flex e-con e-child\" data-id=\"5aee7e8\" data-element_type=\"container\">\n\t\t\t\t<div class=\"elementor-element elementor-element-146031e elementor-widget elementor-widget-text-editor\" data-id=\"146031e\" data-element_type=\"widget\" data-widget_type=\"text-editor.default\">\n\t\t\t\t<div class=\"elementor-widget-container\">\n\t\t\t\t\t\t\t\t\t<p><span style=\"text-decoration: underline;\">Commentaire de notre avocate<\/span> :\u00a0Au-del\u00e0 de cette excellente nouvelle pour le Lagop\u00e8de alpin, qui se voit reconna\u00eetre au plus haut niveau de nos juridictions, un \u00e9tat tr\u00e8s pr\u00e9occupant de ses populations dans les Pyr\u00e9n\u00e9es, <strong>le CEA, par cette action, a fait avancer le droit de l\u2019environnement. <br \/><\/strong>En effet, cette d\u00e9cision marque une \u00e9tape importante dans l\u2019application concr\u00e8te du <strong>droit de chacun de vivre dans un environnement \u00e9quilibr\u00e9 et respectueux de la sant\u00e9 comme une libert\u00e9 fondamentale<\/strong> au sens de l\u2019article L.521-2 du code de justice administrative. <br \/>La d\u00e9cision du Conseil d\u2019\u00c9tat confirme que <strong>la protection de l\u2019environnement et de la biodiversit\u00e9 peut d\u00e9sormais b\u00e9n\u00e9ficier de cette voie de droit.<\/strong><\/p>\t\t\t\t\t\t\t\t<\/div>\n\t\t\t\t<\/div>\n\t\t\t\t<\/div>\n\t\t\t\t<\/div>\n\t\t\t\t<\/div>\n\t\t\t\t<\/div>\n\t\t<div class=\"elementor-element elementor-element-d9865d7 e-grid e-con-full e-con e-child\" data-id=\"d9865d7\" data-element_type=\"container\" data-settings=\"{&quot;background_background&quot;:&quot;classic&quot;}\">\n\t\t<div class=\"elementor-element elementor-element-0f19acb e-con-full e-flex e-con e-child\" data-id=\"0f19acb\" data-element_type=\"container\" data-settings=\"{&quot;background_background&quot;:&quot;classic&quot;}\">\n\t\t\t\t<div class=\"elementor-element elementor-element-b227f36 elementor-widget elementor-widget-heading\" data-id=\"b227f36\" data-element_type=\"widget\" data-widget_type=\"heading.default\">\n\t\t\t\t<div class=\"elementor-widget-container\">\n\t\t\t\t\t<h4 class=\"elementor-heading-title elementor-size-default\">D\u00e9versements de produits dangereux en bordure du ruisseau Scios<\/h4>\t\t\t\t<\/div>\n\t\t\t\t<\/div>\n\t\t\t\t<div class=\"elementor-element elementor-element-c40f65e elementor-widget elementor-widget-text-editor\" data-id=\"c40f65e\" data-element_type=\"widget\" data-widget_type=\"text-editor.default\">\n\t\t\t\t<div class=\"elementor-widget-container\">\n\t\t\t\t\t\t\t\t\t<p>Le 10\/09\/2024, s&rsquo;est tenue l&rsquo;audience de SAS Charouleau et SARL Bois ari\u00e9geois au tribunal correctionnel de Foix. <strong>Des<\/strong> <b>produits\u00a0<span style=\"color: var( --e-global-color-text ); font-family: var( --e-global-typography-text-font-family ), Sans-serif; text-align: var(--text-align); font-size: var(--bodyfontsize); letter-spacing: var(--bodyletterspacing); text-transform: var(--bodytexttransform);\">\u00a0<\/span><\/b><strong style=\"color: var( --e-global-color-text ); font-family: var( --e-global-typography-text-font-family ), Sans-serif; text-align: var(--text-align); font-size: var(--bodyfontsize); letter-spacing: var(--bodyletterspacing); text-transform: var(--bodytexttransform);\">dangereux pour l\u2019environnement<\/strong><span style=\"color: var( --e-global-color-text ); font-family: var( --e-global-typography-text-font-family ), Sans-serif; font-weight: var( --e-global-typography-text-font-weight ); text-align: var(--text-align); font-size: var(--bodyfontsize); letter-spacing: var(--bodyletterspacing); text-transform: var(--bodytexttransform);\">\u00a0(ICPE) qui devaient faire l\u2019objet d\u2019un\u00a0 recyclage en \u00e9tablissement sp\u00e9cialis\u00e9, <strong>avaient \u00e9t\u00e9 d\u00e9vers\u00e9s illicitement de mani\u00e8re cons\u00e9quante\u00a0<\/strong><\/span><strong><span style=\"color: var( --e-global-color-text ); font-family: var( --e-global-typography-text-font-family ), Sans-serif; text-align: var(--text-align); font-size: var(--bodyfontsize); letter-spacing: var(--bodyletterspacing); text-transform: var(--bodytexttransform);\">en bordure du ruisseau Scios.\u00a0<\/span><\/strong><span style=\"color: var( --e-global-color-text ); font-family: var( --e-global-typography-text-font-family ), Sans-serif; font-weight: var( --e-global-typography-text-font-weight ); text-align: var(--text-align); font-size: var(--bodyfontsize); letter-spacing: var(--bodyletterspacing); text-transform: var(--bodytexttransform);\"><strong>Nous nous sommes constitu\u00e9s partie civile avec<\/strong> <\/span><b style=\"color: var( --e-global-color-text ); font-family: var( --e-global-typography-text-font-family ), Sans-serif; text-align: var(--text-align); font-size: var(--bodyfontsize); letter-spacing: var(--bodyletterspacing); text-transform: var(--bodytexttransform);\">FNE-OP<\/b><span style=\"color: var( --e-global-color-text ); font-family: var( --e-global-typography-text-font-family ), Sans-serif; font-weight: var( --e-global-typography-text-font-weight ); text-align: var(--text-align); font-size: var(--bodyfontsize); letter-spacing: var(--bodyletterspacing); text-transform: var(--bodytexttransform);\"> et <\/span><b style=\"color: var( --e-global-color-text ); font-family: var( --e-global-typography-text-font-family ), Sans-serif; text-align: var(--text-align); font-size: var(--bodyfontsize); letter-spacing: var(--bodyletterspacing); text-transform: var(--bodytexttransform);\">Le Chabot<\/b><span style=\"color: var( --e-global-color-text ); font-family: var( --e-global-typography-text-font-family ), Sans-serif; font-weight: var( --e-global-typography-text-font-weight ); text-align: var(--text-align); font-size: var(--bodyfontsize); letter-spacing: var(--bodyletterspacing); text-transform: var(--bodytexttransform);\">. <br \/><\/span><\/p><p><strong>Seule la SAS Bois Ari\u00e9geois a \u00e9t\u00e9 d\u00e9clar\u00e9e coupable<\/strong> (avec une amende de 1500 \u20ac). De plus, elle versera 1000 \u20ac \u00e0 chaque association plaignante pour <strong>le\u00a0 pr\u00e9judice moral caus\u00e9 reconnu par le tribunal.<\/strong><\/p><p>\u00a0<\/p>\t\t\t\t\t\t\t\t<\/div>\n\t\t\t\t<\/div>\n\t\t\t\t<\/div>\n\t\t<div class=\"elementor-element elementor-element-bff82aa e-con-full e-flex e-con e-child\" data-id=\"bff82aa\" data-element_type=\"container\" data-settings=\"{&quot;background_background&quot;:&quot;classic&quot;}\">\n\t\t\t\t<div class=\"elementor-element elementor-element-d64022f elementor-widget elementor-widget-heading\" data-id=\"d64022f\" data-element_type=\"widget\" data-widget_type=\"heading.default\">\n\t\t\t\t<div class=\"elementor-widget-container\">\n\t\t\t\t\t<h4 class=\"elementor-heading-title elementor-size-default\">Coupes d'arbres \n\n<\/h4>\t\t\t\t<\/div>\n\t\t\t\t<\/div>\n\t\t\t\t<div class=\"elementor-element elementor-element-6ab5993 elementor-widget elementor-widget-text-editor\" data-id=\"6ab5993\" data-element_type=\"widget\" data-widget_type=\"text-editor.default\">\n\t\t\t\t<div class=\"elementor-widget-container\">\n\t\t\t\t\t\t\t\t\t<p>Le 4\/02\/2025, jugement d\u00e9favorable du TA Toulouse qui a rejet\u00e9 la demande du CEA en r\u00e9f\u00e9r\u00e9-libert\u00e9 (avec le Groupe National de Surveillance des Arbres) de stopper l\u2019op\u00e9ration de d\u00e9frichement men\u00e9e sans autorisation ni \u00e9valuation environnementale, par le CD 09, op\u00e9ration alors en cours sur Montagagne et\u00a0 la D119, pour la \u00ab s\u00e9curisation \u00bb des lignes HD de fibre optique. Les associations ont \u00e9t\u00e9 condamn\u00e9es \u00e0 verser 1.500 euros au CD 09.<\/p><p><a href=\"https:\/\/france3-regions.francetvinfo.fr\/occitanie\/haute-garonne\/toulouse\/a-certains-endroits-c-est-un-veritable-massacre-l-installation-de-la-fibre-optique-choque-certains-riverains-3102034.html\" target=\"_blank\" rel=\"noopener\"><strong>Article int\u00e9ressant de FR3 R\u00e9gions<\/strong><\/a> du 08\/02\/2025 comparant la m\u00e9thode du CD 09 avec celle du CD 31, de \u00ab\u00a0s\u00e9curisation\u00a0\u00bb des lignes HD de fibre\u00a0 : vertueuse en Haute Garonne et tr\u00e8s impactante en Ari\u00e8ge ?!<\/p>\t\t\t\t\t\t\t\t<\/div>\n\t\t\t\t<\/div>\n\t\t\t\t<\/div>\n\t\t<div class=\"elementor-element elementor-element-f5c2f50 e-con-full e-flex e-con e-child\" data-id=\"f5c2f50\" data-element_type=\"container\" data-settings=\"{&quot;background_background&quot;:&quot;classic&quot;}\">\n\t\t\t\t<div class=\"elementor-element elementor-element-b28a6a2 elementor-widget elementor-widget-heading\" data-id=\"b28a6a2\" data-element_type=\"widget\" data-widget_type=\"heading.default\">\n\t\t\t\t<div class=\"elementor-widget-container\">\n\t\t\t\t\t<h4 class=\"elementor-heading-title elementor-size-default\">Gravi\u00e8res Denjean<\/h4>\t\t\t\t<\/div>\n\t\t\t\t<\/div>\n\t\t\t\t<div class=\"elementor-element elementor-element-3d580e5 elementor-widget elementor-widget-text-editor\" data-id=\"3d580e5\" data-element_type=\"widget\" data-widget_type=\"text-editor.default\">\n\t\t\t\t<div class=\"elementor-widget-container\">\n\t\t\t\t\t\t\t\t\t<p>Juin 2024 : Echec au Conseil d\u2019Etat des associations <b>CEA<\/b>, <b>Chabot<\/b>, <b>APPROVA<\/b> qui demandaient l\u2019annulation de l\u2019autorisation pr\u00e9fectorale de la gravi\u00e8re Denjean. Selon l\u2019avocat des associations, le Conseil d\u2019Etat \u00ab\u00a0<em>a \u00e9cart\u00e9 notre moyen d\u2019erreur de droit relatif \u00e0 l\u2019insuffisance de l\u2019\u00e9tude d\u2019impact en ce qui concerne la pollution des eaux sur le site Natura 2000, sans r\u00e9ellement motiver sa d\u00e9cision sur ce point. Je peine en effet \u00e0 accepter que ce combat, que vous menez depuis plusieurs ann\u00e9es, trouve un tel d\u00e9nouement, alors m\u00eame que nous savons combien ce projet est \u00e9maill\u00e9 d\u2019insuffisances et de difficult\u00e9 r\u00e9elles pour la pr\u00e9servation de l\u2019environnement<\/em>\u00bb<\/p>\t\t\t\t\t\t\t\t<\/div>\n\t\t\t\t<\/div>\n\t\t\t\t<div class=\"elementor-element elementor-element-e57df31 elementor-widget elementor-widget-button\" data-id=\"e57df31\" data-element_type=\"widget\" data-widget_type=\"button.default\">\n\t\t\t\t<div class=\"elementor-widget-container\">\n\t\t\t\t\t\t\t\t\t<div class=\"elementor-button-wrapper\">\n\t\t\t\t\t<a class=\"elementor-button elementor-button-link elementor-size-sm elementor-animation-grow\" href=\"https:\/\/comite-ecologique-ariegeois.org\/?page_id=4111#graviere\">\n\t\t\t\t\t\t<span class=\"elementor-button-content-wrapper\">\n\t\t\t\t\t\t\t\t\t<span class=\"elementor-button-text\">En savoir plus sur les gravi\u00e8res<\/span>\n\t\t\t\t\t<\/span>\n\t\t\t\t\t<\/a>\n\t\t\t\t<\/div>\n\t\t\t\t\t\t\t\t<\/div>\n\t\t\t\t<\/div>\n\t\t\t\t<\/div>\n\t\t<div class=\"elementor-element elementor-element-16f2266 e-con-full e-flex e-con e-child\" data-id=\"16f2266\" data-element_type=\"container\" data-settings=\"{&quot;background_background&quot;:&quot;classic&quot;}\">\n\t\t\t\t<div class=\"elementor-element elementor-element-7d46da5 elementor-widget elementor-widget-heading\" data-id=\"7d46da5\" data-element_type=\"widget\" data-widget_type=\"heading.default\">\n\t\t\t\t<div class=\"elementor-widget-container\">\n\t\t\t\t\t<h4 class=\"elementor-heading-title elementor-size-default\">Manif violente contre les \u00e9cologistes de 2018<\/h4>\t\t\t\t<\/div>\n\t\t\t\t<\/div>\n\t\t\t\t<div class=\"elementor-element elementor-element-2e6de64 elementor-widget elementor-widget-text-editor\" data-id=\"2e6de64\" data-element_type=\"widget\" data-widget_type=\"text-editor.default\">\n\t\t\t\t<div class=\"elementor-widget-container\">\n\t\t\t\t\t\t\t\t\t<div class=\"elementor-element elementor-element-4a5baa9 elementor-widget elementor-widget-text-editor\" data-id=\"4a5baa9\" data-element_type=\"widget\" data-widget_type=\"text-editor.default\"><div class=\"elementor-widget-container\"><p>Le 26\/11\/2024, en pleine p\u00e9riode de manifestations agricoles g\u00e9n\u00e9ralis\u00e9es, la Cour de Cassation a <strong>relax\u00e9 les 6\u00a0repr\u00e9sentants des organisations responsables<\/strong> de la manifestation violente du 5\u00a0mai 2018 \u00e0 la Bastide de S\u00e9rou que le Tribunal de Foix avait condamn\u00e9 \u00e0<strong> 3 mois de prison avec sursis\u2026\u00a0<\/strong> Ceci dans un contexte g\u00e9n\u00e9ral d\u2019agressions impunies contre les APNE et la police de l\u2019environnement l\u2019OFB.\u00a0<\/p><\/div><\/div>\t\t\t\t\t\t\t\t<\/div>\n\t\t\t\t<\/div>\n\t\t\t\t<div class=\"elementor-element elementor-element-cdd7c42 elementor-widget elementor-widget-button\" data-id=\"cdd7c42\" data-element_type=\"widget\" data-widget_type=\"button.default\">\n\t\t\t\t<div class=\"elementor-widget-container\">\n\t\t\t\t\t\t\t\t\t<div class=\"elementor-button-wrapper\">\n\t\t\t\t\t<a class=\"elementor-button elementor-button-link elementor-size-sm elementor-animation-grow\" href=\"https:\/\/comite-ecologique-ariegeois.org\/?page_id=347#manif\">\n\t\t\t\t\t\t<span class=\"elementor-button-content-wrapper\">\n\t\t\t\t\t\t\t\t\t<span class=\"elementor-button-text\">Les d\u00e9tails de cette manifestation<\/span>\n\t\t\t\t\t<\/span>\n\t\t\t\t\t<\/a>\n\t\t\t\t<\/div>\n\t\t\t\t\t\t\t\t<\/div>\n\t\t\t\t<\/div>\n\t\t\t\t<\/div>\n\t\t<div class=\"elementor-element elementor-element-a96b19c e-con-full e-flex e-con e-child\" data-id=\"a96b19c\" data-element_type=\"container\" data-settings=\"{&quot;background_background&quot;:&quot;classic&quot;}\">\n\t\t\t\t<div class=\"elementor-element elementor-element-110d80d elementor-widget elementor-widget-heading\" data-id=\"110d80d\" data-element_type=\"widget\" data-widget_type=\"heading.default\">\n\t\t\t\t<div class=\"elementor-widget-container\">\n\t\t\t\t\t<h4 class=\"elementor-heading-title elementor-size-default\"><a href=\"http:\/\/h1%20class=title%20entry-titleLes%20grands%20rapaces%20pr\u00e9sents%20en%20Ari\u00e8ge\/h1\">Milan royal empoisonn\u00e9 : les associations ont port\u00e9 plainte<\/a><\/h4>\t\t\t\t<\/div>\n\t\t\t\t<\/div>\n\t\t\t\t<div class=\"elementor-element elementor-element-849d86a elementor-widget elementor-widget-text-editor\" data-id=\"849d86a\" data-element_type=\"widget\" data-widget_type=\"text-editor.default\">\n\t\t\t\t<div class=\"elementor-widget-container\">\n\t\t\t\t\t\t\t\t\t<p><strong>La LPO, NEO, le CEA, l\u2019ANA-CEN ont port\u00e9 plainte et se sont constitu\u00e9s partie civile \u00e0 l\u2019audience du 5 mai au tribunal judiciaire de Foix<\/strong> <strong>en r\u00e9action \u00e0 l\u2019empoisonnement d\u2019un Milan Royal \u00e0 Pamiers le 11\/03\/2024.<\/strong> <strong>Le tribunal a condamn\u00e9 l&rsquo;auteur des faits \u00e0 5 mois de prison avec sursis pour ce d\u00e9lit<\/strong> + 1 amende d\u00e9lictuelle de 400 \u20ac + une amende contraventionnelle de 250 \u20ac <strong>+ 3 ans interdiction de d\u00e9tenir ou porter une arme + l&rsquo;obligation d&rsquo;accomplir \u00e0 ses frais un stage de sensibilisation \u00e0 la pr\u00e9vention et \u00e0 la lutte contre la maltraitance animale<\/strong> + 12 mois de retrait permis de chasser + 254 \u20ac de droit fixe de proc\u00e9dure. <strong>Mme la Juge a accord\u00e9 800 \u20ac de pr\u00e9judice \u00e9cologique \u00e0 la LPO et 800 \u20ac de pr\u00e9judice moral \u00e0 chacune des 4 associations.<\/strong><\/p>\t\t\t\t\t\t\t\t<\/div>\n\t\t\t\t<\/div>\n\t\t\t\t<div class=\"elementor-element elementor-element-7e0fed8 elementor-widget elementor-widget-button\" data-id=\"7e0fed8\" data-element_type=\"widget\" data-widget_type=\"button.default\">\n\t\t\t\t<div class=\"elementor-widget-container\">\n\t\t\t\t\t\t\t\t\t<div class=\"elementor-button-wrapper\">\n\t\t\t\t\t<a class=\"elementor-button elementor-button-link elementor-size-sm elementor-animation-grow\" href=\"https:\/\/comite-ecologique-ariegeois.org\/?p=3760\">\n\t\t\t\t\t\t<span class=\"elementor-button-content-wrapper\">\n\t\t\t\t\t\t\t\t\t<span class=\"elementor-button-text\">Article Rapaces d'Ari\u00e8ge<\/span>\n\t\t\t\t\t<\/span>\n\t\t\t\t\t<\/a>\n\t\t\t\t<\/div>\n\t\t\t\t\t\t\t\t<\/div>\n\t\t\t\t<\/div>\n\t\t\t\t<\/div>\n\t\t\t\t<\/div>\n\t\t\t\t<\/div>\n\t\t\t\t<\/div>\n\t\t","protected":false},"excerpt":{"rendered":"<p>Actions en justice Le Comit\u00e9 Ecologique Ari\u00e9geois a le droit d\u2019agir en justice en tant qu\u2018association de protection de l\u2019environnement (APNE) d\u00e8s lors que son action concerne bien son objet tel que d\u00e9fini dans ses statuts. Une fois la d\u00e9cision prise \u00ab d\u2019acter \u00bb par son Conseil coll\u00e9gial, il s\u2019attache par l\u2019interm\u00e9diaire de ses avocates&hellip;&nbsp;<a href=\"https:\/\/comite-ecologique-ariegeois.org\/?page_id=339\" rel=\"bookmark\">Lire la suite &raquo;<span class=\"screen-reader-text\">Actions en justice<\/span><\/a><\/p>\n","protected":false},"author":2,"featured_media":0,"parent":0,"menu_order":0,"comment_status":"closed","ping_status":"closed","template":"","meta":{"neve_meta_sidebar":"","neve_meta_container":"","neve_meta_enable_content_width":"","neve_meta_content_width":0,"neve_meta_title_alignment":"","neve_meta_author_avatar":"","neve_post_elements_order":"","neve_meta_disable_header":"","neve_meta_disable_footer":"","neve_meta_disable_title":"","footnotes":""},"class_list":["post-339","page","type-page","status-publish","hentry"],"yoast_head":"<!-- This site is optimized with the Yoast SEO plugin v26.4 - https:\/\/yoast.com\/wordpress\/plugins\/seo\/ -->\n<title>Actions en justice - Comit\u00e9 Ecologique Ari\u00e8geois<\/title>\n<meta name=\"robots\" content=\"index, follow, max-snippet:-1, max-image-preview:large, max-video-preview:-1\" \/>\n<link rel=\"canonical\" href=\"https:\/\/comite-ecologique-ariegeois.org\/?page_id=339\" \/>\n<meta property=\"og:locale\" content=\"fr_FR\" \/>\n<meta property=\"og:type\" content=\"article\" \/>\n<meta property=\"og:title\" content=\"Actions en justice - Comit\u00e9 Ecologique Ari\u00e8geois\" \/>\n<meta property=\"og:description\" content=\"Actions en justice Le Comit\u00e9 Ecologique Ari\u00e9geois a le droit d\u2019agir en justice en tant qu\u2018association de protection de l\u2019environnement (APNE) d\u00e8s lors que son action concerne bien son objet tel que d\u00e9fini dans ses statuts. Une fois la d\u00e9cision prise \u00ab d\u2019acter \u00bb par son Conseil coll\u00e9gial, il s\u2019attache par l\u2019interm\u00e9diaire de ses avocates&hellip;&nbsp;Lire la suite &raquo;Actions en justice\" \/>\n<meta property=\"og:url\" content=\"https:\/\/comite-ecologique-ariegeois.org\/?page_id=339\" \/>\n<meta property=\"og:site_name\" content=\"Comit\u00e9 Ecologique Ari\u00e8geois\" \/>\n<meta property=\"article:publisher\" content=\"https:\/\/www.facebook.com\/comite.ariegeois\/\" \/>\n<meta property=\"article:modified_time\" content=\"2026-04-12T18:29:26+00:00\" \/>\n<meta property=\"og:image\" content=\"https:\/\/comite-ecologique-ariegeois.org\/wp-content\/uploads\/2025\/01\/Photo-CEA-Palais-justice-Foix_30-01-2025_NX.jpg\" \/>\n\t<meta property=\"og:image:width\" content=\"1\" \/>\n\t<meta property=\"og:image:height\" content=\"1\" \/>\n\t<meta property=\"og:image:type\" content=\"image\/jpeg\" \/>\n<meta name=\"twitter:card\" content=\"summary_large_image\" \/>\n<meta name=\"twitter:label1\" content=\"Dur\u00e9e de lecture estim\u00e9e\" \/>\n\t<meta name=\"twitter:data1\" content=\"16 minutes\" \/>\n<script type=\"application\/ld+json\" class=\"yoast-schema-graph\">{\"@context\":\"https:\/\/schema.org\",\"@graph\":[{\"@type\":\"WebPage\",\"@id\":\"https:\/\/comite-ecologique-ariegeois.org\/?page_id=339\",\"url\":\"https:\/\/comite-ecologique-ariegeois.org\/?page_id=339\",\"name\":\"Actions en justice - Comit\u00e9 Ecologique Ari\u00e8geois\",\"isPartOf\":{\"@id\":\"https:\/\/comite-ecologique-ariegeois.org\/#website\"},\"primaryImageOfPage\":{\"@id\":\"https:\/\/comite-ecologique-ariegeois.org\/?page_id=339#primaryimage\"},\"image\":{\"@id\":\"https:\/\/comite-ecologique-ariegeois.org\/?page_id=339#primaryimage\"},\"thumbnailUrl\":\"https:\/\/comite-ecologique-ariegeois.org\/wp-content\/uploads\/2025\/01\/Photo-CEA-Palais-justice-Foix_30-01-2025_NX.jpg\",\"datePublished\":\"2024-07-31T14:44:34+00:00\",\"dateModified\":\"2026-04-12T18:29:26+00:00\",\"breadcrumb\":{\"@id\":\"https:\/\/comite-ecologique-ariegeois.org\/?page_id=339#breadcrumb\"},\"inLanguage\":\"fr-FR\",\"potentialAction\":[{\"@type\":\"ReadAction\",\"target\":[\"https:\/\/comite-ecologique-ariegeois.org\/?page_id=339\"]}]},{\"@type\":\"ImageObject\",\"inLanguage\":\"fr-FR\",\"@id\":\"https:\/\/comite-ecologique-ariegeois.org\/?page_id=339#primaryimage\",\"url\":\"https:\/\/comite-ecologique-ariegeois.org\/wp-content\/uploads\/2025\/01\/Photo-CEA-Palais-justice-Foix_30-01-2025_NX.jpg\",\"contentUrl\":\"https:\/\/comite-ecologique-ariegeois.org\/wp-content\/uploads\/2025\/01\/Photo-CEA-Palais-justice-Foix_30-01-2025_NX.jpg\"},{\"@type\":\"BreadcrumbList\",\"@id\":\"https:\/\/comite-ecologique-ariegeois.org\/?page_id=339#breadcrumb\",\"itemListElement\":[{\"@type\":\"ListItem\",\"position\":1,\"name\":\"Accueil\",\"item\":\"https:\/\/comite-ecologique-ariegeois.org\/\"},{\"@type\":\"ListItem\",\"position\":2,\"name\":\"Actions en justice\"}]},{\"@type\":\"WebSite\",\"@id\":\"https:\/\/comite-ecologique-ariegeois.org\/#website\",\"url\":\"https:\/\/comite-ecologique-ariegeois.org\/\",\"name\":\"Comit\u00e9 Ecologique Ari\u00e8geois\",\"description\":\"Assotiation de protection de la nature\",\"publisher\":{\"@id\":\"https:\/\/comite-ecologique-ariegeois.org\/#organization\"},\"potentialAction\":[{\"@type\":\"SearchAction\",\"target\":{\"@type\":\"EntryPoint\",\"urlTemplate\":\"https:\/\/comite-ecologique-ariegeois.org\/?s={search_term_string}\"},\"query-input\":{\"@type\":\"PropertyValueSpecification\",\"valueRequired\":true,\"valueName\":\"search_term_string\"}}],\"inLanguage\":\"fr-FR\"},{\"@type\":\"Organization\",\"@id\":\"https:\/\/comite-ecologique-ariegeois.org\/#organization\",\"name\":\"Comit\u00e9 Ecologique Ari\u00e8geois\",\"url\":\"https:\/\/comite-ecologique-ariegeois.org\/\",\"logo\":{\"@type\":\"ImageObject\",\"inLanguage\":\"fr-FR\",\"@id\":\"https:\/\/comite-ecologique-ariegeois.org\/#\/schema\/logo\/image\/\",\"url\":\"https:\/\/comite-ecologique-ariegeois.org\/wp-content\/uploads\/2025\/01\/logo_nouveau_cea_jpeg_250pix_02_03_24-a8816.jpg\",\"contentUrl\":\"https:\/\/comite-ecologique-ariegeois.org\/wp-content\/uploads\/2025\/01\/logo_nouveau_cea_jpeg_250pix_02_03_24-a8816.jpg\",\"width\":250,\"height\":250,\"caption\":\"Comit\u00e9 Ecologique Ari\u00e8geois\"},\"image\":{\"@id\":\"https:\/\/comite-ecologique-ariegeois.org\/#\/schema\/logo\/image\/\"},\"sameAs\":[\"https:\/\/www.facebook.com\/comite.ariegeois\/\",\"https:\/\/www.instagram.com\/comite.ecologique.ariegeois\/\"]}]}<\/script>\n<!-- \/ Yoast SEO plugin. -->","yoast_head_json":{"title":"Actions en justice - Comit\u00e9 Ecologique Ari\u00e8geois","robots":{"index":"index","follow":"follow","max-snippet":"max-snippet:-1","max-image-preview":"max-image-preview:large","max-video-preview":"max-video-preview:-1"},"canonical":"https:\/\/comite-ecologique-ariegeois.org\/?page_id=339","og_locale":"fr_FR","og_type":"article","og_title":"Actions en justice - Comit\u00e9 Ecologique Ari\u00e8geois","og_description":"Actions en justice Le Comit\u00e9 Ecologique Ari\u00e9geois a le droit d\u2019agir en justice en tant qu\u2018association de protection de l\u2019environnement (APNE) d\u00e8s lors que son action concerne bien son objet tel que d\u00e9fini dans ses statuts. Une fois la d\u00e9cision prise \u00ab d\u2019acter \u00bb par son Conseil coll\u00e9gial, il s\u2019attache par l\u2019interm\u00e9diaire de ses avocates&hellip;&nbsp;Lire la suite &raquo;Actions en justice","og_url":"https:\/\/comite-ecologique-ariegeois.org\/?page_id=339","og_site_name":"Comit\u00e9 Ecologique Ari\u00e8geois","article_publisher":"https:\/\/www.facebook.com\/comite.ariegeois\/","article_modified_time":"2026-04-12T18:29:26+00:00","og_image":[{"url":"https:\/\/comite-ecologique-ariegeois.org\/wp-content\/uploads\/2025\/01\/Photo-CEA-Palais-justice-Foix_30-01-2025_NX.jpg","width":1,"height":1,"type":"image\/jpeg"}],"twitter_card":"summary_large_image","twitter_misc":{"Dur\u00e9e de lecture estim\u00e9e":"16 minutes"},"schema":{"@context":"https:\/\/schema.org","@graph":[{"@type":"WebPage","@id":"https:\/\/comite-ecologique-ariegeois.org\/?page_id=339","url":"https:\/\/comite-ecologique-ariegeois.org\/?page_id=339","name":"Actions en justice - Comit\u00e9 Ecologique Ari\u00e8geois","isPartOf":{"@id":"https:\/\/comite-ecologique-ariegeois.org\/#website"},"primaryImageOfPage":{"@id":"https:\/\/comite-ecologique-ariegeois.org\/?page_id=339#primaryimage"},"image":{"@id":"https:\/\/comite-ecologique-ariegeois.org\/?page_id=339#primaryimage"},"thumbnailUrl":"https:\/\/comite-ecologique-ariegeois.org\/wp-content\/uploads\/2025\/01\/Photo-CEA-Palais-justice-Foix_30-01-2025_NX.jpg","datePublished":"2024-07-31T14:44:34+00:00","dateModified":"2026-04-12T18:29:26+00:00","breadcrumb":{"@id":"https:\/\/comite-ecologique-ariegeois.org\/?page_id=339#breadcrumb"},"inLanguage":"fr-FR","potentialAction":[{"@type":"ReadAction","target":["https:\/\/comite-ecologique-ariegeois.org\/?page_id=339"]}]},{"@type":"ImageObject","inLanguage":"fr-FR","@id":"https:\/\/comite-ecologique-ariegeois.org\/?page_id=339#primaryimage","url":"https:\/\/comite-ecologique-ariegeois.org\/wp-content\/uploads\/2025\/01\/Photo-CEA-Palais-justice-Foix_30-01-2025_NX.jpg","contentUrl":"https:\/\/comite-ecologique-ariegeois.org\/wp-content\/uploads\/2025\/01\/Photo-CEA-Palais-justice-Foix_30-01-2025_NX.jpg"},{"@type":"BreadcrumbList","@id":"https:\/\/comite-ecologique-ariegeois.org\/?page_id=339#breadcrumb","itemListElement":[{"@type":"ListItem","position":1,"name":"Accueil","item":"https:\/\/comite-ecologique-ariegeois.org\/"},{"@type":"ListItem","position":2,"name":"Actions en justice"}]},{"@type":"WebSite","@id":"https:\/\/comite-ecologique-ariegeois.org\/#website","url":"https:\/\/comite-ecologique-ariegeois.org\/","name":"Comit\u00e9 Ecologique Ari\u00e8geois","description":"Assotiation de protection de la nature","publisher":{"@id":"https:\/\/comite-ecologique-ariegeois.org\/#organization"},"potentialAction":[{"@type":"SearchAction","target":{"@type":"EntryPoint","urlTemplate":"https:\/\/comite-ecologique-ariegeois.org\/?s={search_term_string}"},"query-input":{"@type":"PropertyValueSpecification","valueRequired":true,"valueName":"search_term_string"}}],"inLanguage":"fr-FR"},{"@type":"Organization","@id":"https:\/\/comite-ecologique-ariegeois.org\/#organization","name":"Comit\u00e9 Ecologique Ari\u00e8geois","url":"https:\/\/comite-ecologique-ariegeois.org\/","logo":{"@type":"ImageObject","inLanguage":"fr-FR","@id":"https:\/\/comite-ecologique-ariegeois.org\/#\/schema\/logo\/image\/","url":"https:\/\/comite-ecologique-ariegeois.org\/wp-content\/uploads\/2025\/01\/logo_nouveau_cea_jpeg_250pix_02_03_24-a8816.jpg","contentUrl":"https:\/\/comite-ecologique-ariegeois.org\/wp-content\/uploads\/2025\/01\/logo_nouveau_cea_jpeg_250pix_02_03_24-a8816.jpg","width":250,"height":250,"caption":"Comit\u00e9 Ecologique Ari\u00e8geois"},"image":{"@id":"https:\/\/comite-ecologique-ariegeois.org\/#\/schema\/logo\/image\/"},"sameAs":["https:\/\/www.facebook.com\/comite.ariegeois\/","https:\/\/www.instagram.com\/comite.ecologique.ariegeois\/"]}]}},"_links":{"self":[{"href":"https:\/\/comite-ecologique-ariegeois.org\/index.php?rest_route=\/wp\/v2\/pages\/339","targetHints":{"allow":["GET"]}}],"collection":[{"href":"https:\/\/comite-ecologique-ariegeois.org\/index.php?rest_route=\/wp\/v2\/pages"}],"about":[{"href":"https:\/\/comite-ecologique-ariegeois.org\/index.php?rest_route=\/wp\/v2\/types\/page"}],"author":[{"embeddable":true,"href":"https:\/\/comite-ecologique-ariegeois.org\/index.php?rest_route=\/wp\/v2\/users\/2"}],"replies":[{"embeddable":true,"href":"https:\/\/comite-ecologique-ariegeois.org\/index.php?rest_route=%2Fwp%2Fv2%2Fcomments&post=339"}],"version-history":[{"count":447,"href":"https:\/\/comite-ecologique-ariegeois.org\/index.php?rest_route=\/wp\/v2\/pages\/339\/revisions"}],"predecessor-version":[{"id":11672,"href":"https:\/\/comite-ecologique-ariegeois.org\/index.php?rest_route=\/wp\/v2\/pages\/339\/revisions\/11672"}],"wp:attachment":[{"href":"https:\/\/comite-ecologique-ariegeois.org\/index.php?rest_route=%2Fwp%2Fv2%2Fmedia&parent=339"}],"curies":[{"name":"wp","href":"https:\/\/api.w.org\/{rel}","templated":true}]}}