{"id":336,"date":"2024-07-31T16:34:39","date_gmt":"2024-07-31T14:34:39","guid":{"rendered":"https:\/\/comite-ecologique-ariegeois.org\/?page_id=336"},"modified":"2026-04-27T18:29:05","modified_gmt":"2026-04-27T16:29:05","slug":"sorties-nature","status":"publish","type":"page","link":"https:\/\/comite-ecologique-ariegeois.org\/?page_id=336","title":{"rendered":"Sorties nature"},"content":{"rendered":"\t\t<div data-elementor-type=\"wp-page\" data-elementor-id=\"336\" class=\"elementor elementor-336\">\n\t\t\t\t<div class=\"elementor-element elementor-element-249ea78 e-flex e-con-boxed e-con e-parent\" data-id=\"249ea78\" data-element_type=\"container\">\n\t\t\t\t\t<div class=\"e-con-inner\">\n\t\t\t\t<div class=\"elementor-element elementor-element-7adea60 elementor-widget elementor-widget-spacer\" data-id=\"7adea60\" data-element_type=\"widget\" data-widget_type=\"spacer.default\">\n\t\t\t\t<div class=\"elementor-widget-container\">\n\t\t\t\t\t\t\t<div class=\"elementor-spacer\">\n\t\t\t<div class=\"elementor-spacer-inner\"><\/div>\n\t\t<\/div>\n\t\t\t\t\t\t<\/div>\n\t\t\t\t<\/div>\n\t\t\t\t<div class=\"elementor-element elementor-element-e63db5d elementor-widget elementor-widget-heading\" data-id=\"e63db5d\" data-element_type=\"widget\" data-widget_type=\"heading.default\">\n\t\t\t\t<div class=\"elementor-widget-container\">\n\t\t\t\t\t<h1 class=\"elementor-heading-title elementor-size-default\">Sorties nature<\/h1>\t\t\t\t<\/div>\n\t\t\t\t<\/div>\n\t\t\t\t<div class=\"elementor-element elementor-element-e689365 elementor-widget elementor-widget-text-editor\" data-id=\"e689365\" data-element_type=\"widget\" data-widget_type=\"text-editor.default\">\n\t\t\t\t<div class=\"elementor-widget-container\">\n\t\t\t\t\t\t\t\t\t<p>Notre association propose des <strong>randonn\u00e9es<\/strong> naturalistes accompagn\u00e9es pour sensibiliser le plus grand nombre sur la <strong>richesse du patrimoine naturel ari\u00e9geois<\/strong>, lui faire prendre conscience de sa fragilit\u00e9, de sa vuln\u00e9rabilit\u00e9 et par cons\u00e9quent de la n\u00e9cessit\u00e9 de sa conservation.<br \/>Ces sorties nature sont <strong>ouvertes et accessibles \u00e0 tous<\/strong> sous la conduite d&rsquo;un accompagnateur en montagne dipl\u00f4m\u00e9 d&rsquo;\u00e9tat et membre de l&rsquo;association. Elles se d\u00e9roulent sur la journ\u00e9e dans un esprit de partage dans des lieux remarquables de notre d\u00e9partement.<\/p>\t\t\t\t\t\t\t\t<\/div>\n\t\t\t\t<\/div>\n\t\t\t\t<div class=\"elementor-element elementor-element-9b48807 elementor-widget elementor-widget-spacer\" data-id=\"9b48807\" data-element_type=\"widget\" data-widget_type=\"spacer.default\">\n\t\t\t\t<div class=\"elementor-widget-container\">\n\t\t\t\t\t\t\t<div class=\"elementor-spacer\">\n\t\t\t<div class=\"elementor-spacer-inner\"><\/div>\n\t\t<\/div>\n\t\t\t\t\t\t<\/div>\n\t\t\t\t<\/div>\n\t\t\t\t\t<\/div>\n\t\t\t\t<\/div>\n\t\t<div class=\"elementor-element elementor-element-82ce772 e-flex e-con-boxed e-con e-parent\" data-id=\"82ce772\" data-element_type=\"container\">\n\t\t\t\t\t<div class=\"e-con-inner\">\n\t\t<div class=\"elementor-element elementor-element-5356043 e-con-full e-flex e-con e-child\" data-id=\"5356043\" data-element_type=\"container\" data-settings=\"{&quot;background_background&quot;:&quot;classic&quot;}\">\n\t\t\t\t<div class=\"elementor-element elementor-element-4529cd6 elementor-widget elementor-widget-heading\" data-id=\"4529cd6\" data-element_type=\"widget\" data-widget_type=\"heading.default\">\n\t\t\t\t<div class=\"elementor-widget-container\">\n\t\t\t\t\t<h2 class=\"elementor-heading-title elementor-size-default\">Programme des sorties 2026<\/h2>\t\t\t\t<\/div>\n\t\t\t\t<\/div>\n\t\t<div class=\"elementor-element elementor-element-135fb69 e-grid e-con-full e-con e-child\" data-id=\"135fb69\" data-element_type=\"container\">\n\t\t<div class=\"elementor-element elementor-element-bec07c7 e-con-full e-flex e-con e-child\" data-id=\"bec07c7\" data-element_type=\"container\">\n\t\t\t\t<div class=\"elementor-element elementor-element-931f78d elementor-widget elementor-widget-text-editor\" data-id=\"931f78d\" data-element_type=\"widget\" data-widget_type=\"text-editor.default\">\n\t\t\t\t<div class=\"elementor-widget-container\">\n\t\t\t\t\t\t\t\t\t<p><strong>7 F\u00e9vrier<\/strong> : Maz\u00e8res (Sortie ornithologique au domaine des oiseaux) \/\/ <a href=\"https:\/\/comite-ecologique-ariegeois.org\/wp-content\/uploads\/2026\/02\/CR7-DDO-Mazeres-1.pdf\">CR7<\/a><br \/><strong>22 Mars<\/strong> : Alzen (Sortie ornithologique &#8211; oiseaux de printemps) \/\/ <a href=\"https:\/\/comite-ecologique-ariegeois.org\/wp-content\/uploads\/2026\/03\/CR8-Alzen.pdf\">CR8<\/a><br \/>12<strong> Avril<\/strong> : Gorges de P\u00e9reille, Pays d\u2019Olmes (Histoire, g\u00e9ologie et botanique)<br \/><strong>26 Avril<\/strong> : Soueix (Ornithologie &#8211; oiseaux de montagne) \/\/<a href=\"https:\/\/comite-ecologique-ariegeois.org\/wp-content\/uploads\/2026\/04\/CR9-Soueix.pdf\">CR9<\/a><br \/><strong>10 Mai<\/strong> : Prat d\u2019Albis, Foix (Paysages et botanique)\u00a0<br \/><strong>24 Mai<\/strong> : Qui\u00e9 de Lujat, Verdun (Histoire \/ botanique \/ orchid\u00e9es)\u00a0<br \/><strong>7 Juin :<\/strong> Port de Saleix, Aulus les Bains (Botanique pyr\u00e9n\u00e9enne)<br \/><strong>21 Juin<\/strong> : Etang d\u2019Ay\u00e8s, Bethmale (G\u00e9ologie, lac et botanique)<br \/><strong>5 Juillet<\/strong> : Pic du Carmil, Foix &#8211; Massat (Traditions, botanique)<br \/><strong>2 Aout<\/strong> : Pic de Freychet, Aulus les Bains (Ornithologie &#8211; rapaces)<br \/><strong>6 Septembre<\/strong> : Arignac (Papillons, faunistique et botanique)<br \/><strong>4 Octobre<\/strong> : Montagagne (Brame du cerf, faunistique)<\/p>\t\t\t\t\t\t\t\t<\/div>\n\t\t\t\t<\/div>\n\t\t<div class=\"elementor-element elementor-element-8df39c4 e-grid e-con-full e-con e-child\" data-id=\"8df39c4\" data-element_type=\"container\">\n\t\t\t\t<div class=\"elementor-element elementor-element-a092958 elementor-align-center elementor-widget elementor-widget-button\" data-id=\"a092958\" data-element_type=\"widget\" data-widget_type=\"button.default\">\n\t\t\t\t<div class=\"elementor-widget-container\">\n\t\t\t\t\t\t\t\t\t<div class=\"elementor-button-wrapper\">\n\t\t\t\t\t<a class=\"elementor-button elementor-button-link elementor-size-sm elementor-animation-grow\" href=\"https:\/\/comite-ecologique-ariegeois.org\/wp-content\/uploads\/2026\/03\/CEA-Programme-allege-2026-v1.pdf\" target=\"_blank\">\n\t\t\t\t\t\t<span class=\"elementor-button-content-wrapper\">\n\t\t\t\t\t\t\t\t\t<span class=\"elementor-button-text\">Programme synth\u00e9tique<\/span>\n\t\t\t\t\t<\/span>\n\t\t\t\t\t<\/a>\n\t\t\t\t<\/div>\n\t\t\t\t\t\t\t\t<\/div>\n\t\t\t\t<\/div>\n\t\t\t\t<div class=\"elementor-element elementor-element-9e4f853 elementor-align-center elementor-widget elementor-widget-button\" data-id=\"9e4f853\" data-element_type=\"widget\" data-widget_type=\"button.default\">\n\t\t\t\t<div class=\"elementor-widget-container\">\n\t\t\t\t\t\t\t\t\t<div class=\"elementor-button-wrapper\">\n\t\t\t\t\t<a class=\"elementor-button elementor-button-link elementor-size-sm elementor-animation-grow\" href=\"https:\/\/comite-ecologique-ariegeois.org\/wp-content\/uploads\/2026\/03\/CEA-Programme-detaille-2026v1.pdf\" target=\"_blank\">\n\t\t\t\t\t\t<span class=\"elementor-button-content-wrapper\">\n\t\t\t\t\t\t\t\t\t<span class=\"elementor-button-text\">Programme d\u00e9taill\u00e9<\/span>\n\t\t\t\t\t<\/span>\n\t\t\t\t\t<\/a>\n\t\t\t\t<\/div>\n\t\t\t\t\t\t\t\t<\/div>\n\t\t\t\t<\/div>\n\t\t\t\t<\/div>\n\t\t\t\t<\/div>\n\t\t\t\t<div class=\"elementor-element elementor-element-c66f776 elementor-widget elementor-widget-image\" data-id=\"c66f776\" data-element_type=\"widget\" data-widget_type=\"image.default\">\n\t\t\t\t<div class=\"elementor-widget-container\">\n\t\t\t\t\t\t\t\t\t\t\t\t\t\t\t<img fetchpriority=\"high\" decoding=\"async\" width=\"998\" height=\"710\" src=\"https:\/\/comite-ecologique-ariegeois.org\/wp-content\/uploads\/2025\/07\/Photo-CEA_Sortie-NatureNX_P10205571-e1770817461210.jpg\" class=\"attachment-large size-large wp-image-10027\" alt=\"\" srcset=\"https:\/\/comite-ecologique-ariegeois.org\/wp-content\/uploads\/2025\/07\/Photo-CEA_Sortie-NatureNX_P10205571-e1770817461210.jpg 998w, https:\/\/comite-ecologique-ariegeois.org\/wp-content\/uploads\/2025\/07\/Photo-CEA_Sortie-NatureNX_P10205571-e1770817461210-300x213.jpg 300w, https:\/\/comite-ecologique-ariegeois.org\/wp-content\/uploads\/2025\/07\/Photo-CEA_Sortie-NatureNX_P10205571-e1770817461210-768x546.jpg 768w\" sizes=\"(max-width: 998px) 100vw, 998px\" \/>\t\t\t\t\t\t\t\t\t\t\t\t\t\t\t<\/div>\n\t\t\t\t<\/div>\n\t\t\t\t<div class=\"elementor-element elementor-element-87e1868 elementor-widget elementor-widget-image\" data-id=\"87e1868\" data-element_type=\"widget\" data-widget_type=\"image.default\">\n\t\t\t\t<div class=\"elementor-widget-container\">\n\t\t\t\t\t\t\t\t\t\t\t\t\t\t\t<img decoding=\"async\" width=\"1024\" height=\"643\" src=\"https:\/\/comite-ecologique-ariegeois.org\/wp-content\/uploads\/2026\/02\/Sortie-nature-2-e1776700974431-1024x643.jpg\" class=\"attachment-large size-large wp-image-11258\" alt=\"\" srcset=\"https:\/\/comite-ecologique-ariegeois.org\/wp-content\/uploads\/2026\/02\/Sortie-nature-2-e1776700974431-1024x643.jpg 1024w, https:\/\/comite-ecologique-ariegeois.org\/wp-content\/uploads\/2026\/02\/Sortie-nature-2-e1776700974431-300x188.jpg 300w, https:\/\/comite-ecologique-ariegeois.org\/wp-content\/uploads\/2026\/02\/Sortie-nature-2-e1776700974431-768x482.jpg 768w, https:\/\/comite-ecologique-ariegeois.org\/wp-content\/uploads\/2026\/02\/Sortie-nature-2-e1776700974431-1536x965.jpg 1536w, https:\/\/comite-ecologique-ariegeois.org\/wp-content\/uploads\/2026\/02\/Sortie-nature-2-e1776700974431.jpg 1665w\" sizes=\"(max-width: 1024px) 100vw, 1024px\" \/>\t\t\t\t\t\t\t\t\t\t\t\t\t\t\t<\/div>\n\t\t\t\t<\/div>\n\t\t\t\t<div class=\"elementor-element elementor-element-7170762 elementor-widget elementor-widget-text-editor\" data-id=\"7170762\" data-element_type=\"widget\" data-widget_type=\"text-editor.default\">\n\t\t\t\t<div class=\"elementor-widget-container\">\n\t\t\t\t\t\t\t\t\t<h3><strong>Pour s&rsquo;inscrire : <\/strong><\/h3><p><strong>Inscriptions aupr\u00e8s de l&rsquo;accompagnateur<\/strong> par t\u00e9l\u00e9phone. Il vous donnera toutes les pr\u00e9cisions n\u00e9cessaires et enregistrera votre inscription.<br \/>&#8211; Dominique 06 84 46 92 40<br \/>&#8211; Henri 06 28 26 06 32<\/p><p>Dans un deuxi\u00e8me temps, vous avez la possibilit\u00e9 de r\u00e9gler soit en ligne via le lien <a href=\"https:\/\/www.helloasso.com\/associations\/comite-ecologique-ariegeois\/evenements\/sortie-nature-alzen\"><strong>HelloAsso <\/strong><\/a>de la sortie en question soit de r\u00e9gler sur place le jour de la sortie par <strong>ch\u00e8que de pr\u00e9f\u00e9rence<\/strong> (\u00e0 l\u2019ordre du Comit\u00e9 Ecologique Ari\u00e9geois)<\/p><p><strong>ATTENTION<\/strong>: le r\u00e8glement sur Helloasso n&rsquo;a pas valeur d&rsquo;inscription. La sortie peut \u00eatre compl\u00e8te ou annul\u00e9e. <span style=\"text-decoration: underline;\">Contactez l&rsquo;accompagnateur au pr\u00e9alable<\/span><\/p>\t\t\t\t\t\t\t\t<\/div>\n\t\t\t\t<\/div>\n\t\t\t\t<\/div>\n\t\t\t\t<\/div>\n\t\t\t\t\t<\/div>\n\t\t\t\t<\/div>\n\t\t<div class=\"elementor-element elementor-element-1d6350c e-flex e-con-boxed e-con e-parent\" data-id=\"1d6350c\" data-element_type=\"container\">\n\t\t\t\t\t<div class=\"e-con-inner\">\n\t\t\t\t<div class=\"elementor-element elementor-element-96b6c44 elementor-widget elementor-widget-spacer\" data-id=\"96b6c44\" data-element_type=\"widget\" data-widget_type=\"spacer.default\">\n\t\t\t\t<div class=\"elementor-widget-container\">\n\t\t\t\t\t\t\t<div class=\"elementor-spacer\">\n\t\t\t<div class=\"elementor-spacer-inner\"><\/div>\n\t\t<\/div>\n\t\t\t\t\t\t<\/div>\n\t\t\t\t<\/div>\n\t\t<div class=\"elementor-element elementor-element-97a8a19 e-con-full e-flex e-con e-child\" data-id=\"97a8a19\" data-element_type=\"container\" data-settings=\"{&quot;background_background&quot;:&quot;classic&quot;}\">\n\t\t\t\t<div class=\"elementor-element elementor-element-86fa075 elementor-widget elementor-widget-heading\" data-id=\"86fa075\" data-element_type=\"widget\" data-widget_type=\"heading.default\">\n\t\t\t\t<div class=\"elementor-widget-container\">\n\t\t\t\t\t<h2 class=\"elementor-heading-title elementor-size-default\">Ann\u00e9es pr\u00e9c\u00e9dentes<\/h2>\t\t\t\t<\/div>\n\t\t\t\t<\/div>\n\t\t\t\t<div class=\"elementor-element elementor-element-9fd292f elementor-widget elementor-widget-text-editor\" data-id=\"9fd292f\" data-element_type=\"widget\" data-widget_type=\"text-editor.default\">\n\t\t\t\t<div class=\"elementor-widget-container\">\n\t\t\t\t\t\t\t\t\t<p>Si vous souhaitez (re)d\u00e9couvrir les oiseaux ou les plantes identifi\u00e9s lors des sorties depuis 2023, des compte-rendu, r\u00e9dig\u00e9s par nos accompagnateurs, sont \u00e0 votre disposition en t\u00e9l\u00e9chargement (CR)\u00a0<\/p>\t\t\t\t\t\t\t\t<\/div>\n\t\t\t\t<\/div>\n\t\t<div class=\"elementor-element elementor-element-c1065ea e-grid e-con-full e-con e-child\" data-id=\"c1065ea\" data-element_type=\"container\">\n\t\t<div class=\"elementor-element elementor-element-f50c753 e-con-full e-flex e-con e-child\" data-id=\"f50c753\" data-element_type=\"container\">\n\t\t\t\t<div class=\"elementor-element elementor-element-e09459c elementor-widget elementor-widget-heading\" data-id=\"e09459c\" data-element_type=\"widget\" data-widget_type=\"heading.default\">\n\t\t\t\t<div class=\"elementor-widget-container\">\n\t\t\t\t\t<h3 class=\"elementor-heading-title elementor-size-default\">2025<\/h3>\t\t\t\t<\/div>\n\t\t\t\t<\/div>\n\t\t\t\t<div class=\"elementor-element elementor-element-3c6a226 elementor-widget elementor-widget-text-editor\" data-id=\"3c6a226\" data-element_type=\"widget\" data-widget_type=\"text-editor.default\">\n\t\t\t\t<div class=\"elementor-widget-container\">\n\t\t\t\t\t\t\t\t\t<p>30 mars : Saurat (Ornithologie) \/\/ <a href=\"https:\/\/comite-ecologique-ariegeois.org\/wp-content\/uploads\/2025\/10\/CR4-Saurat.pdf\">CR O4<\/a><br \/>6 avril : Montr\u00e9al de Sos vers Vicdessos (Histoire et botanique)\u00a0<br \/>20 avril : Gorges de P\u00e9reille dans le Pays d\u2019Olmes (Histoire et biodiversit\u00e9)<br \/>4 mai : Vall\u00e9e du Rib\u00e9rot (sortie botanique)<br \/>18 mai : Beille vers Aston (Ornithologie) \/\/ <a href=\"https:\/\/comite-ecologique-ariegeois.org\/wp-content\/uploads\/2026\/02\/CR5-Beille.pdf\">CR O5<\/a><br \/>1er juin : Soulcem vers Vicdessos (Traditions, botanique et marmottes) \/\/ <a href=\"https:\/\/comite-ecologique-ariegeois.org\/wp-content\/uploads\/2026\/02\/CR-B12-Soulcem.pdf\">CR B12<\/a><br \/>15 juin : Etang de Comte en Haute Ari\u00e8ge (Milieux aquatiques et botanique) \/\/ <a href=\"https:\/\/comite-ecologique-ariegeois.org\/wp-content\/uploads\/2026\/02\/CR-B11-Comte.pdf\">CR B11<\/a><br \/>6 juillet : Etangs de Turguilla dans le Couserans (Milieux aquatiques et botanique)<br \/>20 juillet : Cap du carmil\u00a0vers Massat\u00a0(Traditions, belv\u00e9d\u00e8re, botanique)<br \/>3 aout : Trois seigneurs vers Vicdessos (Ornithologie) \/\/ <a href=\"https:\/\/comite-ecologique-ariegeois.org\/wp-content\/uploads\/2026\/02\/CR6-3-seigneurs.pdf\">CR O6<\/a><br \/>7 septembre : Randonn\u00e9e au plateau du Bispou \/\/ <a href=\"https:\/\/comite-ecologique-ariegeois.org\/wp-content\/uploads\/2026\/02\/CR-13-Bispou.pdf\">CR B13<\/a><br \/>5 octobre : Brame du cerf vers Foix (Faunistique).<\/p>\t\t\t\t\t\t\t\t<\/div>\n\t\t\t\t<\/div>\n\t\t\t\t<\/div>\n\t\t\t\t<div class=\"elementor-element elementor-element-b2b408f elementor-widget elementor-widget-image\" data-id=\"b2b408f\" data-element_type=\"widget\" data-widget_type=\"image.default\">\n\t\t\t\t<div class=\"elementor-widget-container\">\n\t\t\t\t\t\t\t\t\t\t\t\t\t\t\t<img decoding=\"async\" width=\"1024\" height=\"650\" src=\"https:\/\/comite-ecologique-ariegeois.org\/wp-content\/uploads\/2024\/12\/Photo-CEA-Nigritelle-e1776701057460-1024x650.jpg\" class=\"attachment-large size-large wp-image-6705\" alt=\"\" srcset=\"https:\/\/comite-ecologique-ariegeois.org\/wp-content\/uploads\/2024\/12\/Photo-CEA-Nigritelle-e1776701057460-1024x650.jpg 1024w, https:\/\/comite-ecologique-ariegeois.org\/wp-content\/uploads\/2024\/12\/Photo-CEA-Nigritelle-e1776701057460-300x191.jpg 300w, https:\/\/comite-ecologique-ariegeois.org\/wp-content\/uploads\/2024\/12\/Photo-CEA-Nigritelle-e1776701057460-768x488.jpg 768w, https:\/\/comite-ecologique-ariegeois.org\/wp-content\/uploads\/2024\/12\/Photo-CEA-Nigritelle-e1776701057460-1536x976.jpg 1536w, https:\/\/comite-ecologique-ariegeois.org\/wp-content\/uploads\/2024\/12\/Photo-CEA-Nigritelle-e1776701057460-2048x1301.jpg 2048w\" sizes=\"(max-width: 1024px) 100vw, 1024px\" \/>\t\t\t\t\t\t\t\t\t\t\t\t\t\t\t<\/div>\n\t\t\t\t<\/div>\n\t\t\t\t<div class=\"elementor-element elementor-element-5fd4938 elementor-widget elementor-widget-image\" data-id=\"5fd4938\" data-element_type=\"widget\" data-widget_type=\"image.default\">\n\t\t\t\t<div class=\"elementor-widget-container\">\n\t\t\t\t\t\t\t\t\t\t\t\t\t\t\t<img decoding=\"async\" src=\"https:\/\/comite-ecologique-ariegeois.org\/wp-content\/uploads\/elementor\/thumbs\/pic-epeiche1-768x1023-1-e1734458889610-qyni84vu3x4c1dovv3sfzkqx4x91rsj1s8bn21kf0e.jpg\" title=\"pic-epeiche1-768&#215;1023\" alt=\"pic-epeiche1-768x1023\" loading=\"lazy\" \/>\t\t\t\t\t\t\t\t\t\t\t\t\t\t\t<\/div>\n\t\t\t\t<\/div>\n\t\t<div class=\"elementor-element elementor-element-1f878e7 e-con-full e-flex e-con e-child\" data-id=\"1f878e7\" data-element_type=\"container\">\n\t\t\t\t<div class=\"elementor-element elementor-element-d5051e1 elementor-widget elementor-widget-heading\" data-id=\"d5051e1\" data-element_type=\"widget\" data-widget_type=\"heading.default\">\n\t\t\t\t<div class=\"elementor-widget-container\">\n\t\t\t\t\t<h3 class=\"elementor-heading-title elementor-size-default\">2024<\/h3>\t\t\t\t<\/div>\n\t\t\t\t<\/div>\n\t\t\t\t<div class=\"elementor-element elementor-element-0be7a64 elementor-widget elementor-widget-text-editor\" data-id=\"0be7a64\" data-element_type=\"widget\" data-widget_type=\"text-editor.default\">\n\t\t\t\t<div class=\"elementor-widget-container\">\n\t\t\t\t\t\t\t\t\t<p>B\u00e9deilhac (d\u00e9couverte des pics) (Vall\u00e9e de Saurat) \/\/ <a href=\"https:\/\/comite-ecologique-ariegeois.org\/wp-content\/uploads\/2025\/10\/CR1-Bedeilhac.pdf\">CR O1<\/a><br \/>Mas d\u2019Azil (circuit natura 2000) (Vall\u00e9e de l\u2019Arize) \/\/ <a href=\"https:\/\/comite-ecologique-ariegeois.org\/wp-content\/uploads\/2025\/10\/CR-5-Mas-dAzil-v2.pdf\">CR B5<\/a><br \/>Cascades de Roquefort (Pays d\u2019Olmes) \/\/ <a href=\"https:\/\/comite-ecologique-ariegeois.org\/wp-content\/uploads\/2025\/10\/CR-6-Roquefort-les-Cascades.pdf\">CR B6\u00a0<\/a><br \/>Le tour de Roquefixade (Pays de Foix) \/\/ <a href=\"https:\/\/comite-ecologique-ariegeois.org\/wp-content\/uploads\/2025\/11\/CR-B7-Roquefixade.pdf\">CR B7 <\/a><br \/>Vall\u00e9e d\u2019Estours &#8211; Oiseaux de montagne (Couserans) \/\/ <a href=\"https:\/\/comite-ecologique-ariegeois.org\/wp-content\/uploads\/2025\/10\/CR2-Estours.pdf\">CR O2<\/a><br \/>Soulcem (Vicdessos)<br \/>Bernadouze (Vicdessos) \/\/ <a href=\"https:\/\/comite-ecologique-ariegeois.org\/wp-content\/uploads\/2025\/10\/CR-8-Bernadouze-1.pdf\">CR B8\u00a0<\/a><br \/>Etangs de Turguilla (Couserans)<br \/>Rapaces vers le Port d\u2019Aula (Couserans) \/\/ <a href=\"https:\/\/comite-ecologique-ariegeois.org\/wp-content\/uploads\/2025\/10\/CR3-col-de-pause.pdf\">CR O3<\/a><br \/>Etangs de Fontargente (Haute-Ari\u00e8ge) \/\/ <a href=\"https:\/\/comite-ecologique-ariegeois.org\/wp-content\/uploads\/2025\/10\/CR-9-Fontargente.pdf\">CR B9<\/a><br \/>Orlu \/ Rut de l\u2019isard (Haute-Ari\u00e8ge)<\/p>\t\t\t\t\t\t\t\t<\/div>\n\t\t\t\t<\/div>\n\t\t\t\t<\/div>\n\t\t<div class=\"elementor-element elementor-element-9aa8cd9 e-con-full e-flex e-con e-child\" data-id=\"9aa8cd9\" data-element_type=\"container\">\n\t\t\t\t<div class=\"elementor-element elementor-element-4c70d92 elementor-widget elementor-widget-heading\" data-id=\"4c70d92\" data-element_type=\"widget\" data-widget_type=\"heading.default\">\n\t\t\t\t<div class=\"elementor-widget-container\">\n\t\t\t\t\t<h3 class=\"elementor-heading-title elementor-size-default\">2023<\/h3>\t\t\t\t<\/div>\n\t\t\t\t<\/div>\n\t\t\t\t<div class=\"elementor-element elementor-element-231be02 elementor-widget elementor-widget-text-editor\" data-id=\"231be02\" data-element_type=\"widget\" data-widget_type=\"text-editor.default\">\n\t\t\t\t<div class=\"elementor-widget-container\">\n\t\t\t\t\t\t\t\t\t<p>Lac de Montbel (Pays d\u2019Olmes)<br \/>Pech de Montgailhard (Pays de Foix) \/\/ <a href=\"https:\/\/comite-ecologique-ariegeois.org\/wp-content\/uploads\/2025\/10\/CR-1_Pech_de_Montgailhard_v21.pdf\">CR B1<\/a><br \/>Le Qui\u00e9 de Lujeat (Haute-Ari\u00e8ge)<br \/>La tourbi\u00e8re de Bernadouze (Vicdessos)<br \/>Vall\u00e9e de Massat- Obsevation des oiseaux (Couserans)<br \/>Etang de Comte (Haute-Ari\u00e8ge)<br \/>La Bellongue (Couserans) \/\/ <a href=\"https:\/\/comite-ecologique-ariegeois.org\/wp-content\/uploads\/2025\/10\/CR-2-Bellongue-v2.pdf\">CR B2<\/a><br \/>Vall\u00e9e d\u2019Estours (Couserans) \/\/ <a href=\"https:\/\/comite-ecologique-ariegeois.org\/wp-content\/uploads\/2025\/10\/CR-3-Estours-v2.pdf\">CR B3<\/a><br \/>Mont Ceint \u2013 sortie oiseaux (Port de l\u2019Hers)<br \/>Circuit autour de Calam\u00e8s et de Montorgueil (Vall\u00e9e de Saurat)<br \/>Brame du cerf en Barguill\u00e8re (Pays de Foix)<\/p>\t\t\t\t\t\t\t\t<\/div>\n\t\t\t\t<\/div>\n\t\t\t\t<\/div>\n\t\t\t\t<div class=\"elementor-element elementor-element-3d1487b elementor-widget elementor-widget-image\" data-id=\"3d1487b\" data-element_type=\"widget\" data-widget_type=\"image.default\">\n\t\t\t\t<div class=\"elementor-widget-container\">\n\t\t\t\t\t\t\t\t\t\t\t\t\t\t\t<img decoding=\"async\" src=\"https:\/\/comite-ecologique-ariegeois.org\/wp-content\/uploads\/elementor\/thumbs\/grande-astrance-768x871-1-qynifju00v9rmmx4kb6hnpdtucpahtytgxljcmkm48.jpg\" title=\"grande-astrance-768&#215;871\" alt=\"grande-astrance-768x871\" loading=\"lazy\" \/>\t\t\t\t\t\t\t\t\t\t\t\t\t\t\t<\/div>\n\t\t\t\t<\/div>\n\t\t\t\t<\/div>\n\t\t\t\t<\/div>\n\t\t\t\t\t<\/div>\n\t\t\t\t<\/div>\n\t\t\t\t<\/div>\n\t\t","protected":false},"excerpt":{"rendered":"<p>Sorties nature Notre association propose des randonn\u00e9es naturalistes accompagn\u00e9es pour sensibiliser le plus grand nombre sur la richesse du patrimoine naturel ari\u00e9geois, lui faire prendre conscience de sa fragilit\u00e9, de sa vuln\u00e9rabilit\u00e9 et par cons\u00e9quent de la n\u00e9cessit\u00e9 de sa conservation.Ces sorties nature sont ouvertes et accessibles \u00e0 tous sous la conduite d&rsquo;un accompagnateur en&hellip;&nbsp;<a href=\"https:\/\/comite-ecologique-ariegeois.org\/?page_id=336\" rel=\"bookmark\">Lire la suite &raquo;<span class=\"screen-reader-text\">Sorties nature<\/span><\/a><\/p>\n","protected":false},"author":2,"featured_media":0,"parent":0,"menu_order":0,"comment_status":"closed","ping_status":"closed","template":"page-templates\/template-pagebuilder-full-width.php","meta":{"neve_meta_sidebar":"","neve_meta_container":"","neve_meta_enable_content_width":"","neve_meta_content_width":0,"neve_meta_title_alignment":"","neve_meta_author_avatar":"","neve_post_elements_order":"","neve_meta_disable_header":"","neve_meta_disable_footer":"","neve_meta_disable_title":"","footnotes":""},"class_list":["post-336","page","type-page","status-publish","hentry"],"yoast_head":"<!-- This site is optimized with the Yoast SEO plugin v26.4 - https:\/\/yoast.com\/wordpress\/plugins\/seo\/ -->\n<title>Sorties nature - Comit\u00e9 Ecologique Ari\u00e8geois<\/title>\n<meta name=\"robots\" content=\"index, follow, max-snippet:-1, max-image-preview:large, max-video-preview:-1\" \/>\n<link rel=\"canonical\" href=\"https:\/\/comite-ecologique-ariegeois.org\/?page_id=336\" \/>\n<meta property=\"og:locale\" content=\"fr_FR\" \/>\n<meta property=\"og:type\" content=\"article\" \/>\n<meta property=\"og:title\" content=\"Sorties nature - Comit\u00e9 Ecologique Ari\u00e8geois\" \/>\n<meta property=\"og:description\" content=\"Sorties nature Notre association propose des randonn\u00e9es naturalistes accompagn\u00e9es pour sensibiliser le plus grand nombre sur la richesse du patrimoine naturel ari\u00e9geois, lui faire prendre conscience de sa fragilit\u00e9, de sa vuln\u00e9rabilit\u00e9 et par cons\u00e9quent de la n\u00e9cessit\u00e9 de sa conservation.Ces sorties nature sont ouvertes et accessibles \u00e0 tous sous la conduite d&rsquo;un accompagnateur en&hellip;&nbsp;Lire la suite &raquo;Sorties nature\" \/>\n<meta property=\"og:url\" content=\"https:\/\/comite-ecologique-ariegeois.org\/?page_id=336\" \/>\n<meta property=\"og:site_name\" content=\"Comit\u00e9 Ecologique Ari\u00e8geois\" \/>\n<meta property=\"article:publisher\" content=\"https:\/\/www.facebook.com\/comite.ariegeois\/\" \/>\n<meta property=\"article:modified_time\" content=\"2026-04-27T16:29:05+00:00\" \/>\n<meta property=\"og:image\" content=\"https:\/\/comite-ecologique-ariegeois.org\/wp-content\/uploads\/2025\/07\/Photo-CEA_Sortie-NatureNX_P10205571-e1770817461210.jpg\" \/>\n\t<meta property=\"og:image:width\" content=\"998\" \/>\n\t<meta property=\"og:image:height\" content=\"710\" \/>\n\t<meta property=\"og:image:type\" content=\"image\/jpeg\" \/>\n<meta name=\"twitter:card\" content=\"summary_large_image\" \/>\n<meta name=\"twitter:label1\" content=\"Dur\u00e9e de lecture estim\u00e9e\" \/>\n\t<meta name=\"twitter:data1\" content=\"5 minutes\" \/>\n<script type=\"application\/ld+json\" class=\"yoast-schema-graph\">{\"@context\":\"https:\/\/schema.org\",\"@graph\":[{\"@type\":\"WebPage\",\"@id\":\"https:\/\/comite-ecologique-ariegeois.org\/?page_id=336\",\"url\":\"https:\/\/comite-ecologique-ariegeois.org\/?page_id=336\",\"name\":\"Sorties nature - Comit\u00e9 Ecologique Ari\u00e8geois\",\"isPartOf\":{\"@id\":\"https:\/\/comite-ecologique-ariegeois.org\/#website\"},\"primaryImageOfPage\":{\"@id\":\"https:\/\/comite-ecologique-ariegeois.org\/?page_id=336#primaryimage\"},\"image\":{\"@id\":\"https:\/\/comite-ecologique-ariegeois.org\/?page_id=336#primaryimage\"},\"thumbnailUrl\":\"https:\/\/comite-ecologique-ariegeois.org\/wp-content\/uploads\/2025\/07\/Photo-CEA_Sortie-NatureNX_P10205571-e1770817461210.jpg\",\"datePublished\":\"2024-07-31T14:34:39+00:00\",\"dateModified\":\"2026-04-27T16:29:05+00:00\",\"breadcrumb\":{\"@id\":\"https:\/\/comite-ecologique-ariegeois.org\/?page_id=336#breadcrumb\"},\"inLanguage\":\"fr-FR\",\"potentialAction\":[{\"@type\":\"ReadAction\",\"target\":[\"https:\/\/comite-ecologique-ariegeois.org\/?page_id=336\"]}]},{\"@type\":\"ImageObject\",\"inLanguage\":\"fr-FR\",\"@id\":\"https:\/\/comite-ecologique-ariegeois.org\/?page_id=336#primaryimage\",\"url\":\"https:\/\/comite-ecologique-ariegeois.org\/wp-content\/uploads\/2025\/07\/Photo-CEA_Sortie-NatureNX_P10205571-e1770817461210.jpg\",\"contentUrl\":\"https:\/\/comite-ecologique-ariegeois.org\/wp-content\/uploads\/2025\/07\/Photo-CEA_Sortie-NatureNX_P10205571-e1770817461210.jpg\",\"width\":998,\"height\":710},{\"@type\":\"BreadcrumbList\",\"@id\":\"https:\/\/comite-ecologique-ariegeois.org\/?page_id=336#breadcrumb\",\"itemListElement\":[{\"@type\":\"ListItem\",\"position\":1,\"name\":\"Accueil\",\"item\":\"https:\/\/comite-ecologique-ariegeois.org\/\"},{\"@type\":\"ListItem\",\"position\":2,\"name\":\"Sorties nature\"}]},{\"@type\":\"WebSite\",\"@id\":\"https:\/\/comite-ecologique-ariegeois.org\/#website\",\"url\":\"https:\/\/comite-ecologique-ariegeois.org\/\",\"name\":\"Comit\u00e9 Ecologique Ari\u00e8geois\",\"description\":\"Assotiation de protection de la nature\",\"publisher\":{\"@id\":\"https:\/\/comite-ecologique-ariegeois.org\/#organization\"},\"potentialAction\":[{\"@type\":\"SearchAction\",\"target\":{\"@type\":\"EntryPoint\",\"urlTemplate\":\"https:\/\/comite-ecologique-ariegeois.org\/?s={search_term_string}\"},\"query-input\":{\"@type\":\"PropertyValueSpecification\",\"valueRequired\":true,\"valueName\":\"search_term_string\"}}],\"inLanguage\":\"fr-FR\"},{\"@type\":\"Organization\",\"@id\":\"https:\/\/comite-ecologique-ariegeois.org\/#organization\",\"name\":\"Comit\u00e9 Ecologique Ari\u00e8geois\",\"url\":\"https:\/\/comite-ecologique-ariegeois.org\/\",\"logo\":{\"@type\":\"ImageObject\",\"inLanguage\":\"fr-FR\",\"@id\":\"https:\/\/comite-ecologique-ariegeois.org\/#\/schema\/logo\/image\/\",\"url\":\"https:\/\/comite-ecologique-ariegeois.org\/wp-content\/uploads\/2025\/01\/logo_nouveau_cea_jpeg_250pix_02_03_24-a8816.jpg\",\"contentUrl\":\"https:\/\/comite-ecologique-ariegeois.org\/wp-content\/uploads\/2025\/01\/logo_nouveau_cea_jpeg_250pix_02_03_24-a8816.jpg\",\"width\":250,\"height\":250,\"caption\":\"Comit\u00e9 Ecologique Ari\u00e8geois\"},\"image\":{\"@id\":\"https:\/\/comite-ecologique-ariegeois.org\/#\/schema\/logo\/image\/\"},\"sameAs\":[\"https:\/\/www.facebook.com\/comite.ariegeois\/\",\"https:\/\/www.instagram.com\/comite.ecologique.ariegeois\/\"]}]}<\/script>\n<!-- \/ Yoast SEO plugin. -->","yoast_head_json":{"title":"Sorties nature - Comit\u00e9 Ecologique Ari\u00e8geois","robots":{"index":"index","follow":"follow","max-snippet":"max-snippet:-1","max-image-preview":"max-image-preview:large","max-video-preview":"max-video-preview:-1"},"canonical":"https:\/\/comite-ecologique-ariegeois.org\/?page_id=336","og_locale":"fr_FR","og_type":"article","og_title":"Sorties nature - Comit\u00e9 Ecologique Ari\u00e8geois","og_description":"Sorties nature Notre association propose des randonn\u00e9es naturalistes accompagn\u00e9es pour sensibiliser le plus grand nombre sur la richesse du patrimoine naturel ari\u00e9geois, lui faire prendre conscience de sa fragilit\u00e9, de sa vuln\u00e9rabilit\u00e9 et par cons\u00e9quent de la n\u00e9cessit\u00e9 de sa conservation.Ces sorties nature sont ouvertes et accessibles \u00e0 tous sous la conduite d&rsquo;un accompagnateur en&hellip;&nbsp;Lire la suite &raquo;Sorties nature","og_url":"https:\/\/comite-ecologique-ariegeois.org\/?page_id=336","og_site_name":"Comit\u00e9 Ecologique Ari\u00e8geois","article_publisher":"https:\/\/www.facebook.com\/comite.ariegeois\/","article_modified_time":"2026-04-27T16:29:05+00:00","og_image":[{"width":998,"height":710,"url":"https:\/\/comite-ecologique-ariegeois.org\/wp-content\/uploads\/2025\/07\/Photo-CEA_Sortie-NatureNX_P10205571-e1770817461210.jpg","type":"image\/jpeg"}],"twitter_card":"summary_large_image","twitter_misc":{"Dur\u00e9e de lecture estim\u00e9e":"5 minutes"},"schema":{"@context":"https:\/\/schema.org","@graph":[{"@type":"WebPage","@id":"https:\/\/comite-ecologique-ariegeois.org\/?page_id=336","url":"https:\/\/comite-ecologique-ariegeois.org\/?page_id=336","name":"Sorties nature - Comit\u00e9 Ecologique Ari\u00e8geois","isPartOf":{"@id":"https:\/\/comite-ecologique-ariegeois.org\/#website"},"primaryImageOfPage":{"@id":"https:\/\/comite-ecologique-ariegeois.org\/?page_id=336#primaryimage"},"image":{"@id":"https:\/\/comite-ecologique-ariegeois.org\/?page_id=336#primaryimage"},"thumbnailUrl":"https:\/\/comite-ecologique-ariegeois.org\/wp-content\/uploads\/2025\/07\/Photo-CEA_Sortie-NatureNX_P10205571-e1770817461210.jpg","datePublished":"2024-07-31T14:34:39+00:00","dateModified":"2026-04-27T16:29:05+00:00","breadcrumb":{"@id":"https:\/\/comite-ecologique-ariegeois.org\/?page_id=336#breadcrumb"},"inLanguage":"fr-FR","potentialAction":[{"@type":"ReadAction","target":["https:\/\/comite-ecologique-ariegeois.org\/?page_id=336"]}]},{"@type":"ImageObject","inLanguage":"fr-FR","@id":"https:\/\/comite-ecologique-ariegeois.org\/?page_id=336#primaryimage","url":"https:\/\/comite-ecologique-ariegeois.org\/wp-content\/uploads\/2025\/07\/Photo-CEA_Sortie-NatureNX_P10205571-e1770817461210.jpg","contentUrl":"https:\/\/comite-ecologique-ariegeois.org\/wp-content\/uploads\/2025\/07\/Photo-CEA_Sortie-NatureNX_P10205571-e1770817461210.jpg","width":998,"height":710},{"@type":"BreadcrumbList","@id":"https:\/\/comite-ecologique-ariegeois.org\/?page_id=336#breadcrumb","itemListElement":[{"@type":"ListItem","position":1,"name":"Accueil","item":"https:\/\/comite-ecologique-ariegeois.org\/"},{"@type":"ListItem","position":2,"name":"Sorties nature"}]},{"@type":"WebSite","@id":"https:\/\/comite-ecologique-ariegeois.org\/#website","url":"https:\/\/comite-ecologique-ariegeois.org\/","name":"Comit\u00e9 Ecologique Ari\u00e8geois","description":"Assotiation de protection de la nature","publisher":{"@id":"https:\/\/comite-ecologique-ariegeois.org\/#organization"},"potentialAction":[{"@type":"SearchAction","target":{"@type":"EntryPoint","urlTemplate":"https:\/\/comite-ecologique-ariegeois.org\/?s={search_term_string}"},"query-input":{"@type":"PropertyValueSpecification","valueRequired":true,"valueName":"search_term_string"}}],"inLanguage":"fr-FR"},{"@type":"Organization","@id":"https:\/\/comite-ecologique-ariegeois.org\/#organization","name":"Comit\u00e9 Ecologique Ari\u00e8geois","url":"https:\/\/comite-ecologique-ariegeois.org\/","logo":{"@type":"ImageObject","inLanguage":"fr-FR","@id":"https:\/\/comite-ecologique-ariegeois.org\/#\/schema\/logo\/image\/","url":"https:\/\/comite-ecologique-ariegeois.org\/wp-content\/uploads\/2025\/01\/logo_nouveau_cea_jpeg_250pix_02_03_24-a8816.jpg","contentUrl":"https:\/\/comite-ecologique-ariegeois.org\/wp-content\/uploads\/2025\/01\/logo_nouveau_cea_jpeg_250pix_02_03_24-a8816.jpg","width":250,"height":250,"caption":"Comit\u00e9 Ecologique Ari\u00e8geois"},"image":{"@id":"https:\/\/comite-ecologique-ariegeois.org\/#\/schema\/logo\/image\/"},"sameAs":["https:\/\/www.facebook.com\/comite.ariegeois\/","https:\/\/www.instagram.com\/comite.ecologique.ariegeois\/"]}]}},"_links":{"self":[{"href":"https:\/\/comite-ecologique-ariegeois.org\/index.php?rest_route=\/wp\/v2\/pages\/336","targetHints":{"allow":["GET"]}}],"collection":[{"href":"https:\/\/comite-ecologique-ariegeois.org\/index.php?rest_route=\/wp\/v2\/pages"}],"about":[{"href":"https:\/\/comite-ecologique-ariegeois.org\/index.php?rest_route=\/wp\/v2\/types\/page"}],"author":[{"embeddable":true,"href":"https:\/\/comite-ecologique-ariegeois.org\/index.php?rest_route=\/wp\/v2\/users\/2"}],"replies":[{"embeddable":true,"href":"https:\/\/comite-ecologique-ariegeois.org\/index.php?rest_route=%2Fwp%2Fv2%2Fcomments&post=336"}],"version-history":[{"count":265,"href":"https:\/\/comite-ecologique-ariegeois.org\/index.php?rest_route=\/wp\/v2\/pages\/336\/revisions"}],"predecessor-version":[{"id":11716,"href":"https:\/\/comite-ecologique-ariegeois.org\/index.php?rest_route=\/wp\/v2\/pages\/336\/revisions\/11716"}],"wp:attachment":[{"href":"https:\/\/comite-ecologique-ariegeois.org\/index.php?rest_route=%2Fwp%2Fv2%2Fmedia&parent=336"}],"curies":[{"name":"wp","href":"https:\/\/api.w.org\/{rel}","templated":true}]}}