{"id":1231,"date":"2024-10-14T21:09:47","date_gmt":"2024-10-14T19:09:47","guid":{"rendered":"https:\/\/comite-ecologique-ariegeois.org\/?page_id=1231"},"modified":"2025-03-28T17:15:45","modified_gmt":"2025-03-28T16:15:45","slug":"energie-climat","status":"publish","type":"page","link":"https:\/\/comite-ecologique-ariegeois.org\/?page_id=1231","title":{"rendered":"Energie, climat"},"content":{"rendered":"\t\t<div data-elementor-type=\"wp-page\" data-elementor-id=\"1231\" class=\"elementor elementor-1231\">\n\t\t\t\t<div class=\"elementor-element elementor-element-1076ecf e-flex e-con-boxed e-con e-parent\" data-id=\"1076ecf\" data-element_type=\"container\">\n\t\t\t\t\t<div class=\"e-con-inner\">\n\t\t\t\t<div class=\"elementor-element elementor-element-eb6d819 elementor-widget elementor-widget-spacer\" data-id=\"eb6d819\" data-element_type=\"widget\" data-widget_type=\"spacer.default\">\n\t\t\t\t<div class=\"elementor-widget-container\">\n\t\t\t\t\t\t\t<div class=\"elementor-spacer\">\n\t\t\t<div class=\"elementor-spacer-inner\"><\/div>\n\t\t<\/div>\n\t\t\t\t\t\t<\/div>\n\t\t\t\t<\/div>\n\t\t\t\t<div class=\"elementor-element elementor-element-505f28f elementor-widget elementor-widget-heading\" data-id=\"505f28f\" data-element_type=\"widget\" data-widget_type=\"heading.default\">\n\t\t\t\t<div class=\"elementor-widget-container\">\n\t\t\t\t\t<h1 class=\"elementor-heading-title elementor-size-default\">Energie, climat<\/h1>\t\t\t\t<\/div>\n\t\t\t\t<\/div>\n\t\t\t\t<div class=\"elementor-element elementor-element-1cf883b elementor-widget elementor-widget-text-editor\" data-id=\"1cf883b\" data-element_type=\"widget\" data-widget_type=\"text-editor.default\">\n\t\t\t\t<div class=\"elementor-widget-container\">\n\t\t\t\t\t\t\t\t\t<p>Si nous voulons \u00e9pargner nos paysages et nos cours d\u2019eau, et minimiser notre impact sur le climat, <strong>r\u00e9duisons notre consommation d\u2019\u00e9nergie<\/strong> !<\/p>\t\t\t\t\t\t\t\t<\/div>\n\t\t\t\t<\/div>\n\t\t\t\t\t<\/div>\n\t\t\t\t<\/div>\n\t\t<div class=\"elementor-element elementor-element-845b428 e-flex e-con-boxed e-con e-parent\" data-id=\"845b428\" data-element_type=\"container\">\n\t\t\t\t\t<div class=\"e-con-inner\">\n\t\t<div class=\"elementor-element elementor-element-b0d4d7a e-grid e-con-full e-con e-child\" data-id=\"b0d4d7a\" data-element_type=\"container\" data-settings=\"{&quot;background_background&quot;:&quot;classic&quot;}\">\n\t\t\t\t<div class=\"elementor-element elementor-element-1a0de67 elementor-widget__width-initial e-transform e-transform e-transform elementor-widget elementor-widget-heading\" data-id=\"1a0de67\" data-element_type=\"widget\" data-settings=\"{&quot;_animation&quot;:&quot;none&quot;,&quot;_transform_scale_effect&quot;:{&quot;unit&quot;:&quot;px&quot;,&quot;size&quot;:&quot;&quot;,&quot;sizes&quot;:[]},&quot;_transform_scale_effect_tablet&quot;:{&quot;unit&quot;:&quot;px&quot;,&quot;size&quot;:&quot;&quot;,&quot;sizes&quot;:[]},&quot;_transform_scale_effect_mobile&quot;:{&quot;unit&quot;:&quot;px&quot;,&quot;size&quot;:&quot;&quot;,&quot;sizes&quot;:[]},&quot;_transform_rotateZ_effect_hover&quot;:{&quot;unit&quot;:&quot;px&quot;,&quot;size&quot;:&quot;&quot;,&quot;sizes&quot;:[]},&quot;_transform_rotateZ_effect_hover_tablet&quot;:{&quot;unit&quot;:&quot;deg&quot;,&quot;size&quot;:&quot;&quot;,&quot;sizes&quot;:[]},&quot;_transform_rotateZ_effect_hover_mobile&quot;:{&quot;unit&quot;:&quot;deg&quot;,&quot;size&quot;:&quot;&quot;,&quot;sizes&quot;:[]},&quot;_transform_translateX_effect_hover&quot;:{&quot;unit&quot;:&quot;px&quot;,&quot;size&quot;:&quot;&quot;,&quot;sizes&quot;:[]},&quot;_transform_translateX_effect_hover_tablet&quot;:{&quot;unit&quot;:&quot;px&quot;,&quot;size&quot;:&quot;&quot;,&quot;sizes&quot;:[]},&quot;_transform_translateX_effect_hover_mobile&quot;:{&quot;unit&quot;:&quot;px&quot;,&quot;size&quot;:&quot;&quot;,&quot;sizes&quot;:[]},&quot;_transform_translateY_effect_hover&quot;:{&quot;unit&quot;:&quot;px&quot;,&quot;size&quot;:&quot;&quot;,&quot;sizes&quot;:[]},&quot;_transform_translateY_effect_hover_tablet&quot;:{&quot;unit&quot;:&quot;px&quot;,&quot;size&quot;:&quot;&quot;,&quot;sizes&quot;:[]},&quot;_transform_translateY_effect_hover_mobile&quot;:{&quot;unit&quot;:&quot;px&quot;,&quot;size&quot;:&quot;&quot;,&quot;sizes&quot;:[]}}\" data-widget_type=\"heading.default\">\n\t\t\t\t<div class=\"elementor-widget-container\">\n\t\t\t\t\t<h3 class=\"elementor-heading-title elementor-size-default\"><a href=\"#solaire\">Solaire<\/a><\/h3>\t\t\t\t<\/div>\n\t\t\t\t<\/div>\n\t\t\t\t<div class=\"elementor-element elementor-element-c74fcd2 elementor-widget__width-initial e-transform e-transform e-transform elementor-widget elementor-widget-heading\" data-id=\"c74fcd2\" data-element_type=\"widget\" data-settings=\"{&quot;_animation&quot;:&quot;none&quot;,&quot;_transform_scale_effect&quot;:{&quot;unit&quot;:&quot;px&quot;,&quot;size&quot;:&quot;&quot;,&quot;sizes&quot;:[]},&quot;_transform_scale_effect_tablet&quot;:{&quot;unit&quot;:&quot;px&quot;,&quot;size&quot;:&quot;&quot;,&quot;sizes&quot;:[]},&quot;_transform_scale_effect_mobile&quot;:{&quot;unit&quot;:&quot;px&quot;,&quot;size&quot;:&quot;&quot;,&quot;sizes&quot;:[]},&quot;_transform_rotateZ_effect_hover&quot;:{&quot;unit&quot;:&quot;px&quot;,&quot;size&quot;:&quot;&quot;,&quot;sizes&quot;:[]},&quot;_transform_rotateZ_effect_hover_tablet&quot;:{&quot;unit&quot;:&quot;deg&quot;,&quot;size&quot;:&quot;&quot;,&quot;sizes&quot;:[]},&quot;_transform_rotateZ_effect_hover_mobile&quot;:{&quot;unit&quot;:&quot;deg&quot;,&quot;size&quot;:&quot;&quot;,&quot;sizes&quot;:[]},&quot;_transform_translateX_effect_hover&quot;:{&quot;unit&quot;:&quot;px&quot;,&quot;size&quot;:&quot;&quot;,&quot;sizes&quot;:[]},&quot;_transform_translateX_effect_hover_tablet&quot;:{&quot;unit&quot;:&quot;px&quot;,&quot;size&quot;:&quot;&quot;,&quot;sizes&quot;:[]},&quot;_transform_translateX_effect_hover_mobile&quot;:{&quot;unit&quot;:&quot;px&quot;,&quot;size&quot;:&quot;&quot;,&quot;sizes&quot;:[]},&quot;_transform_translateY_effect_hover&quot;:{&quot;unit&quot;:&quot;px&quot;,&quot;size&quot;:&quot;&quot;,&quot;sizes&quot;:[]},&quot;_transform_translateY_effect_hover_tablet&quot;:{&quot;unit&quot;:&quot;px&quot;,&quot;size&quot;:&quot;&quot;,&quot;sizes&quot;:[]},&quot;_transform_translateY_effect_hover_mobile&quot;:{&quot;unit&quot;:&quot;px&quot;,&quot;size&quot;:&quot;&quot;,&quot;sizes&quot;:[]}}\" data-widget_type=\"heading.default\">\n\t\t\t\t<div class=\"elementor-widget-container\">\n\t\t\t\t\t<h3 class=\"elementor-heading-title elementor-size-default\"><a href=\"#hydraulique\">Hydraulique<\/a><\/h3>\t\t\t\t<\/div>\n\t\t\t\t<\/div>\n\t\t\t\t<div class=\"elementor-element elementor-element-bcf4382 elementor-widget__width-initial e-transform e-transform e-transform elementor-widget elementor-widget-heading\" data-id=\"bcf4382\" data-element_type=\"widget\" data-settings=\"{&quot;_animation&quot;:&quot;none&quot;,&quot;_transform_scale_effect&quot;:{&quot;unit&quot;:&quot;px&quot;,&quot;size&quot;:&quot;&quot;,&quot;sizes&quot;:[]},&quot;_transform_scale_effect_tablet&quot;:{&quot;unit&quot;:&quot;px&quot;,&quot;size&quot;:&quot;&quot;,&quot;sizes&quot;:[]},&quot;_transform_scale_effect_mobile&quot;:{&quot;unit&quot;:&quot;px&quot;,&quot;size&quot;:&quot;&quot;,&quot;sizes&quot;:[]},&quot;_transform_rotateZ_effect_hover&quot;:{&quot;unit&quot;:&quot;px&quot;,&quot;size&quot;:&quot;&quot;,&quot;sizes&quot;:[]},&quot;_transform_rotateZ_effect_hover_tablet&quot;:{&quot;unit&quot;:&quot;deg&quot;,&quot;size&quot;:&quot;&quot;,&quot;sizes&quot;:[]},&quot;_transform_rotateZ_effect_hover_mobile&quot;:{&quot;unit&quot;:&quot;deg&quot;,&quot;size&quot;:&quot;&quot;,&quot;sizes&quot;:[]},&quot;_transform_translateX_effect_hover&quot;:{&quot;unit&quot;:&quot;px&quot;,&quot;size&quot;:&quot;&quot;,&quot;sizes&quot;:[]},&quot;_transform_translateX_effect_hover_tablet&quot;:{&quot;unit&quot;:&quot;px&quot;,&quot;size&quot;:&quot;&quot;,&quot;sizes&quot;:[]},&quot;_transform_translateX_effect_hover_mobile&quot;:{&quot;unit&quot;:&quot;px&quot;,&quot;size&quot;:&quot;&quot;,&quot;sizes&quot;:[]},&quot;_transform_translateY_effect_hover&quot;:{&quot;unit&quot;:&quot;px&quot;,&quot;size&quot;:&quot;&quot;,&quot;sizes&quot;:[]},&quot;_transform_translateY_effect_hover_tablet&quot;:{&quot;unit&quot;:&quot;px&quot;,&quot;size&quot;:&quot;&quot;,&quot;sizes&quot;:[]},&quot;_transform_translateY_effect_hover_mobile&quot;:{&quot;unit&quot;:&quot;px&quot;,&quot;size&quot;:&quot;&quot;,&quot;sizes&quot;:[]}}\" data-widget_type=\"heading.default\">\n\t\t\t\t<div class=\"elementor-widget-container\">\n\t\t\t\t\t<h3 class=\"elementor-heading-title elementor-size-default\"><a href=\"#eolien\">Eolien<\/a><\/h3>\t\t\t\t<\/div>\n\t\t\t\t<\/div>\n\t\t\t\t<div class=\"elementor-element elementor-element-3fb03be elementor-widget__width-initial e-transform e-transform e-transform elementor-widget elementor-widget-heading\" data-id=\"3fb03be\" data-element_type=\"widget\" data-settings=\"{&quot;_animation&quot;:&quot;none&quot;,&quot;_transform_scale_effect&quot;:{&quot;unit&quot;:&quot;px&quot;,&quot;size&quot;:&quot;&quot;,&quot;sizes&quot;:[]},&quot;_transform_scale_effect_tablet&quot;:{&quot;unit&quot;:&quot;px&quot;,&quot;size&quot;:&quot;&quot;,&quot;sizes&quot;:[]},&quot;_transform_scale_effect_mobile&quot;:{&quot;unit&quot;:&quot;px&quot;,&quot;size&quot;:&quot;&quot;,&quot;sizes&quot;:[]},&quot;_transform_rotateZ_effect_hover&quot;:{&quot;unit&quot;:&quot;px&quot;,&quot;size&quot;:&quot;&quot;,&quot;sizes&quot;:[]},&quot;_transform_rotateZ_effect_hover_tablet&quot;:{&quot;unit&quot;:&quot;deg&quot;,&quot;size&quot;:&quot;&quot;,&quot;sizes&quot;:[]},&quot;_transform_rotateZ_effect_hover_mobile&quot;:{&quot;unit&quot;:&quot;deg&quot;,&quot;size&quot;:&quot;&quot;,&quot;sizes&quot;:[]},&quot;_transform_translateX_effect_hover&quot;:{&quot;unit&quot;:&quot;px&quot;,&quot;size&quot;:&quot;&quot;,&quot;sizes&quot;:[]},&quot;_transform_translateX_effect_hover_tablet&quot;:{&quot;unit&quot;:&quot;px&quot;,&quot;size&quot;:&quot;&quot;,&quot;sizes&quot;:[]},&quot;_transform_translateX_effect_hover_mobile&quot;:{&quot;unit&quot;:&quot;px&quot;,&quot;size&quot;:&quot;&quot;,&quot;sizes&quot;:[]},&quot;_transform_translateY_effect_hover&quot;:{&quot;unit&quot;:&quot;px&quot;,&quot;size&quot;:&quot;&quot;,&quot;sizes&quot;:[]},&quot;_transform_translateY_effect_hover_tablet&quot;:{&quot;unit&quot;:&quot;px&quot;,&quot;size&quot;:&quot;&quot;,&quot;sizes&quot;:[]},&quot;_transform_translateY_effect_hover_mobile&quot;:{&quot;unit&quot;:&quot;px&quot;,&quot;size&quot;:&quot;&quot;,&quot;sizes&quot;:[]}}\" data-widget_type=\"heading.default\">\n\t\t\t\t<div class=\"elementor-widget-container\">\n\t\t\t\t\t<h3 class=\"elementor-heading-title elementor-size-default\"><a href=\"#methane\">M\u00e9thanisation<\/a><\/h3>\t\t\t\t<\/div>\n\t\t\t\t<\/div>\n\t\t\t\t<div class=\"elementor-element elementor-element-8f6b7eb elementor-widget__width-initial e-transform e-transform e-transform elementor-widget elementor-widget-heading\" data-id=\"8f6b7eb\" data-element_type=\"widget\" data-settings=\"{&quot;_animation&quot;:&quot;none&quot;,&quot;_transform_scale_effect&quot;:{&quot;unit&quot;:&quot;px&quot;,&quot;size&quot;:&quot;&quot;,&quot;sizes&quot;:[]},&quot;_transform_scale_effect_tablet&quot;:{&quot;unit&quot;:&quot;px&quot;,&quot;size&quot;:&quot;&quot;,&quot;sizes&quot;:[]},&quot;_transform_scale_effect_mobile&quot;:{&quot;unit&quot;:&quot;px&quot;,&quot;size&quot;:&quot;&quot;,&quot;sizes&quot;:[]},&quot;_transform_rotateZ_effect_hover&quot;:{&quot;unit&quot;:&quot;px&quot;,&quot;size&quot;:&quot;&quot;,&quot;sizes&quot;:[]},&quot;_transform_rotateZ_effect_hover_tablet&quot;:{&quot;unit&quot;:&quot;deg&quot;,&quot;size&quot;:&quot;&quot;,&quot;sizes&quot;:[]},&quot;_transform_rotateZ_effect_hover_mobile&quot;:{&quot;unit&quot;:&quot;deg&quot;,&quot;size&quot;:&quot;&quot;,&quot;sizes&quot;:[]},&quot;_transform_translateX_effect_hover&quot;:{&quot;unit&quot;:&quot;px&quot;,&quot;size&quot;:&quot;&quot;,&quot;sizes&quot;:[]},&quot;_transform_translateX_effect_hover_tablet&quot;:{&quot;unit&quot;:&quot;px&quot;,&quot;size&quot;:&quot;&quot;,&quot;sizes&quot;:[]},&quot;_transform_translateX_effect_hover_mobile&quot;:{&quot;unit&quot;:&quot;px&quot;,&quot;size&quot;:&quot;&quot;,&quot;sizes&quot;:[]},&quot;_transform_translateY_effect_hover&quot;:{&quot;unit&quot;:&quot;px&quot;,&quot;size&quot;:&quot;&quot;,&quot;sizes&quot;:[]},&quot;_transform_translateY_effect_hover_tablet&quot;:{&quot;unit&quot;:&quot;px&quot;,&quot;size&quot;:&quot;&quot;,&quot;sizes&quot;:[]},&quot;_transform_translateY_effect_hover_mobile&quot;:{&quot;unit&quot;:&quot;px&quot;,&quot;size&quot;:&quot;&quot;,&quot;sizes&quot;:[]}}\" data-widget_type=\"heading.default\">\n\t\t\t\t<div class=\"elementor-widget-container\">\n\t\t\t\t\t<h3 class=\"elementor-heading-title elementor-size-default\"><a href=\"#climat\">Climat<\/a><\/h3>\t\t\t\t<\/div>\n\t\t\t\t<\/div>\n\t\t\t\t<\/div>\n\t\t\t\t\t<\/div>\n\t\t\t\t<\/div>\n\t\t<div class=\"elementor-element elementor-element-304e6ce e-flex e-con-boxed e-con e-parent\" data-id=\"304e6ce\" data-element_type=\"container\">\n\t\t\t\t\t<div class=\"e-con-inner\">\n\t\t\t\t<div class=\"elementor-element elementor-element-2237e9a elementor-widget elementor-widget-spacer\" data-id=\"2237e9a\" data-element_type=\"widget\" data-widget_type=\"spacer.default\">\n\t\t\t\t<div class=\"elementor-widget-container\">\n\t\t\t\t\t\t\t<div class=\"elementor-spacer\">\n\t\t\t<div class=\"elementor-spacer-inner\"><\/div>\n\t\t<\/div>\n\t\t\t\t\t\t<\/div>\n\t\t\t\t<\/div>\n\t\t\t\t\t<\/div>\n\t\t\t\t<\/div>\n\t\t<div class=\"elementor-element elementor-element-0ffeb15 e-flex e-con-boxed e-con e-parent\" data-id=\"0ffeb15\" data-element_type=\"container\">\n\t\t\t\t\t<div class=\"e-con-inner\">\n\t\t<div class=\"elementor-element elementor-element-3136d52 e-con-full e-flex e-con e-child\" data-id=\"3136d52\" data-element_type=\"container\" data-settings=\"{&quot;background_background&quot;:&quot;classic&quot;}\">\n\t\t\t\t<div class=\"elementor-element elementor-element-f8d36db elementor-widget elementor-widget-heading\" data-id=\"f8d36db\" data-element_type=\"widget\" data-widget_type=\"heading.default\">\n\t\t\t\t<div class=\"elementor-widget-container\">\n\t\t\t\t\t<h2 class=\"elementor-heading-title elementor-size-default\">Energie<\/h2>\t\t\t\t<\/div>\n\t\t\t\t<\/div>\n\t\t\t\t<div class=\"elementor-element elementor-element-6aea17e elementor-widget elementor-widget-text-editor\" data-id=\"6aea17e\" data-element_type=\"widget\" data-widget_type=\"text-editor.default\">\n\t\t\t\t<div class=\"elementor-widget-container\">\n\t\t\t\t\t\t\t\t\t<p>L&rsquo;es enjeux climatiques et de pr\u00e9servati<span dir=\"ltr\" role=\"presentation\">on<\/span> <span dir=\"ltr\" role=\"presentation\">de<\/span> <span dir=\"ltr\" role=\"presentation\">la<\/span> <span dir=\"ltr\" role=\"presentation\">biodiversit\u00e9<\/span> <span dir=\"ltr\" role=\"presentation\">fondent<\/span> <span dir=\"ltr\" role=\"presentation\">les<\/span> <span dir=\"ltr\" role=\"presentation\">positi<\/span><span dir=\"ltr\" role=\"presentation\">ons<\/span> <span dir=\"ltr\" role=\"presentation\">du CEA <\/span><span dir=\"ltr\" role=\"presentation\">sur<\/span> <span dir=\"ltr\" role=\"presentation\">le<\/span> <strong><span dir=\"ltr\" role=\"presentation\">principe<\/span> <span dir=\"ltr\" role=\"presentation\">de<\/span> <span dir=\"ltr\" role=\"presentation\">sobri\u00e9t\u00e9<\/span> <span dir=\"ltr\" role=\"presentation\">notamment<\/span> <span dir=\"ltr\" role=\"presentation\">\u00e9nerg\u00e9ti<\/span><\/strong><span dir=\"ltr\" role=\"presentation\"><strong>que<\/strong>,<\/span> <span dir=\"ltr\" role=\"presentation\">sur<\/span> <span dir=\"ltr\" role=\"presentation\">la<\/span> <span dir=\"ltr\" role=\"presentation\">n\u00e9cessit\u00e9<\/span> <span dir=\"ltr\" role=\"presentation\">de<\/span> <span dir=\"ltr\" role=\"presentation\">l\u2019<strong>abandon<\/strong><\/span><strong> <span dir=\"ltr\" role=\"presentation\">des <\/span><span dir=\"ltr\" role=\"presentation\">\u00e9nergies<\/span> <span dir=\"ltr\" role=\"presentation\">fossiles<\/span> <span dir=\"ltr\" role=\"presentation\">et<\/span> <\/strong><span dir=\"ltr\" role=\"presentation\"><strong>nucl\u00e9aires<\/strong>,<\/span> <span dir=\"ltr\" role=\"presentation\">sur<\/span> <span dir=\"ltr\" role=\"presentation\">le<\/span> <span dir=\"ltr\" role=\"presentation\">recours<\/span> <span dir=\"ltr\" role=\"presentation\">aux<\/span> <span dir=\"ltr\" role=\"presentation\">soluti<\/span><span dir=\"ltr\" role=\"presentation\">ons<\/span> <span dir=\"ltr\" role=\"presentation\">fond\u00e9es<\/span> <span dir=\"ltr\" role=\"presentation\">sur<\/span> <span dir=\"ltr\" role=\"presentation\">la<\/span> <span dir=\"ltr\" role=\"presentation\">nature.<\/span><\/p><p><strong>Une cartographie des zones\u00a0 d\u2019acc\u00e9l\u00e9ration des \u00e9nergies renouvelables issue des propositions des communes d&rsquo;Ari\u00e8ge,<\/strong> a \u00e9t\u00e9 approuv\u00e9e par le pr\u00e9fet en vue de sa transmission au Comit\u00e9 R\u00e9gional de l\u2019\u00c9nergie d\u2019Occitanie. L&rsquo;article 2 de l&rsquo;<a href=\"https:\/\/comite-ecologique-ariegeois.org\/wp-content\/uploads\/2025\/03\/AP-zones-dacceleration-EnR-09-recueil-09-2025-024-recueil-des-actes-administratifs.pdf\">arr\u00eat\u00e9 pr\u00e9fectoral du 25\/02\/2025<\/a> pr\u00e9cise que \u00ab\u00a0<em><span class=\"fontstyle0\">L\u2019identification de zones d\u2019acc\u00e9l\u00e9ration d\u2019\u00e9nergie renouvelable par les communes ne pr\u00e9juge en <\/span><span class=\"fontstyle0\">rien des d\u00e9cisions qui pourraient \u00eatre rendues \u00e0 l\u2019issue de l\u2019instruction administrative d\u2019un <\/span><span class=\"fontstyle0\">projet d\u2019\u00e9nergie renouvelable sur les zones en question. Des enjeux identifi\u00e9s au niveau de ces\u00a0<\/span><span class=\"fontstyle0\">zones et pouvant alt\u00e9rer la faisabilit\u00e9 d\u2019un projet, sont mentionn\u00e9s \u00e0 titre indicatif pour le\u00a0<\/span><span class=\"fontstyle0\">comit\u00e9 r\u00e9gional de l\u2019\u00e9nergie.<\/span> <\/em>\u00ab\u00a0<\/p>\t\t\t\t\t\t\t\t<\/div>\n\t\t\t\t<\/div>\n\t\t<div class=\"elementor-element elementor-element-4ac6875 e-con-full e-flex e-con e-child\" data-id=\"4ac6875\" data-element_type=\"container\" data-settings=\"{&quot;background_background&quot;:&quot;classic&quot;}\">\n\t\t\t\t<div class=\"elementor-element elementor-element-85e6f2d elementor-widget elementor-widget-heading\" data-id=\"85e6f2d\" data-element_type=\"widget\" data-widget_type=\"heading.default\">\n\t\t\t\t<div class=\"elementor-widget-container\">\n\t\t\t\t\t<h3 class=\"elementor-heading-title elementor-size-default\">Energie Solaire<\/h3>\t\t\t\t<\/div>\n\t\t\t\t<\/div>\n\t\t<div class=\"elementor-element elementor-element-f0d6df4 e-grid e-con-full e-con e-child\" data-id=\"f0d6df4\" data-element_type=\"container\">\n\t\t<div class=\"elementor-element elementor-element-8f9e987 e-con-full e-flex e-con e-child\" data-id=\"8f9e987\" data-element_type=\"container\">\n\t\t\t\t<div class=\"elementor-element elementor-element-3d846e0 elementor-widget elementor-widget-heading\" data-id=\"3d846e0\" data-element_type=\"widget\" data-widget_type=\"heading.default\">\n\t\t\t\t<div class=\"elementor-widget-container\">\n\t\t\t\t\t<h4 class=\"elementor-heading-title elementor-size-default\">Centrales solaires au sol d\u00e9j\u00e0 en activit\u00e9 <\/h4>\t\t\t\t<\/div>\n\t\t\t\t<\/div>\n\t\t\t\t<div class=\"elementor-element elementor-element-47271f2 elementor-widget elementor-widget-text-editor\" data-id=\"47271f2\" data-element_type=\"widget\" data-widget_type=\"text-editor.default\">\n\t\t\t\t<div class=\"elementor-widget-container\">\n\t\t\t\t\t\t\t\t\t<p>Le CEA n&rsquo;est pas intervenu car peu d\u2019enjeux environnementaux ou agricoles ni de r\u00e9action des habitant.es<\/p><ul style=\"margin-top: -0px;\"><li>Daumazan : 26,5 ha, ouverte en 2017, sur terres agricoles en friche appartenant \u00e0 la commune, site des Plagnes, route de Montbrun, par la soci\u00e9t\u00e9 Arkolia Energies, puissance 10,4 MWc, production annuelle de 13184 MWh. Un troupeau de brebis assure le d\u00e9broussaillement. La location des terrains rapporte annuellement \u00e0 la commune environ 58000 \u20ac.<\/li><li>Saverdun aux Lieux-dits \u00abLassentiat \u00bb, \u00ab Rouan \u00bb et \u00abSaint-Prim\u00bb, permis obtenu avec le soutien de la mairie de Saverdun, par la SAS ROUAN SAINT PRIM pour la soci\u00e9t\u00e9 RES, 10,2 ha, co\u00fbt de 5-6 M \u20ac, puissance 7,8 MWc, construite dans une ancienne zone exploit\u00e9e de carri\u00e8re alluvionnaire g\u00e9r\u00e9e par la soci\u00e9t\u00e9 BGO.<\/li><\/ul>\t\t\t\t\t\t\t\t<\/div>\n\t\t\t\t<\/div>\n\t\t\t\t<\/div>\n\t\t\t\t<\/div>\n\t\t<div class=\"elementor-element elementor-element-f0561f5 e-grid e-con-full e-con e-child\" data-id=\"f0561f5\" data-element_type=\"container\">\n\t\t<div class=\"elementor-element elementor-element-a3d8929 e-con-full e-flex e-con e-child\" data-id=\"a3d8929\" data-element_type=\"container\">\n\t\t\t\t<div class=\"elementor-element elementor-element-cf503ed elementor-widget elementor-widget-heading\" data-id=\"cf503ed\" data-element_type=\"widget\" data-widget_type=\"heading.default\">\n\t\t\t\t<div class=\"elementor-widget-container\">\n\t\t\t\t\t<h4 class=\"elementor-heading-title elementor-size-default\">Projets de centrales solaires agrivolta\u00efques<\/h4>\t\t\t\t<\/div>\n\t\t\t\t<\/div>\n\t\t\t\t<div class=\"elementor-element elementor-element-7d73ce5 elementor-widget elementor-widget-text-editor\" data-id=\"7d73ce5\" data-element_type=\"widget\" data-widget_type=\"text-editor.default\">\n\t\t\t\t<div class=\"elementor-widget-container\">\n\t\t\t\t\t\t\t\t\t<p><strong>Ces projets pr\u00e9tendent faussement \u00eatre aussi une solution agricole.<\/strong> La Conf\u00e9d\u00e9ration paysanne et FNE sont contre et les Jeunes agriculteurs ont demand\u00e9 un moratoire pour ces projets.<br \/><strong>6 projets agrivolta\u00efques concernent l&rsquo;Ari\u00e8ge :<\/strong><\/p><ul style=\"margin-top: -0px;\"><li>L\u00e9dar &#8211; St Girons<\/li><li>La Bastide de Besplas<\/li><li>L\u00e9zat-sur-L\u00e8ze<\/li><li>Tr\u00e9m\u00e8ges- Pamiers<\/li><li>Montaut<\/li><li>Artix<\/li><\/ul>\t\t\t\t\t\t\t\t<\/div>\n\t\t\t\t<\/div>\n\t\t\t\t<div class=\"elementor-element elementor-element-1adf521 elementor-widget elementor-widget-button\" data-id=\"1adf521\" data-element_type=\"widget\" data-widget_type=\"button.default\">\n\t\t\t\t<div class=\"elementor-widget-container\">\n\t\t\t\t\t\t\t\t\t<div class=\"elementor-button-wrapper\">\n\t\t\t\t\t<a class=\"elementor-button elementor-button-link elementor-size-sm elementor-animation-grow\" href=\"https:\/\/comite-ecologique-ariegeois.org\/?p=1430\">\n\t\t\t\t\t\t<span class=\"elementor-button-content-wrapper\">\n\t\t\t\t\t\t\t\t\t<span class=\"elementor-button-text\">Cliquez ici pour en savoir plus<\/span>\n\t\t\t\t\t<\/span>\n\t\t\t\t\t<\/a>\n\t\t\t\t<\/div>\n\t\t\t\t\t\t\t\t<\/div>\n\t\t\t\t<\/div>\n\t\t\t\t<\/div>\n\t\t<div class=\"elementor-element elementor-element-c9d0aaf e-con-full e-flex e-con e-child\" data-id=\"c9d0aaf\" data-element_type=\"container\">\n\t\t\t\t<div class=\"elementor-element elementor-element-9e948bd elementor-widget elementor-widget-heading\" data-id=\"9e948bd\" data-element_type=\"widget\" data-widget_type=\"heading.default\">\n\t\t\t\t<div class=\"elementor-widget-container\">\n\t\t\t\t\t<h4 class=\"elementor-heading-title elementor-size-default\">Photovolta\u00efque sur les plans d'eau<\/h4>\t\t\t\t<\/div>\n\t\t\t\t<\/div>\n\t\t\t\t<div class=\"elementor-element elementor-element-57dad96 elementor-widget elementor-widget-text-editor\" data-id=\"57dad96\" data-element_type=\"widget\" data-widget_type=\"text-editor.default\">\n\t\t\t\t<div class=\"elementor-widget-container\">\n\t\t\t\t\t\t\t\t\t<p><strong>Ces projets nuiraient \u00e0 la biodiversit\u00e9 de ces sites alors qu&rsquo;ils sont en bonne voie de renaturation.<\/strong><\/p><p><strong>3 projets de panneaux flottants concernent l&rsquo;Ari\u00e8ge :<\/strong><\/p><ul style=\"margin-top: -0px;\"><li>Sur le lac de l\u2019ancienne gravi\u00e8re de Montaut<\/li><li>Sur le lac de l\u2019ancienne gravi\u00e8re de Roumengoux, au lieu-dit Breuil<\/li><li>Sur un lac de l&rsquo;ancienne gravi\u00e8re de Mondonne \u00e0 Manses<\/li><\/ul>\t\t\t\t\t\t\t\t<\/div>\n\t\t\t\t<\/div>\n\t\t\t\t<div class=\"elementor-element elementor-element-a16fe57 elementor-widget elementor-widget-button\" data-id=\"a16fe57\" data-element_type=\"widget\" data-widget_type=\"button.default\">\n\t\t\t\t<div class=\"elementor-widget-container\">\n\t\t\t\t\t\t\t\t\t<div class=\"elementor-button-wrapper\">\n\t\t\t\t\t<a class=\"elementor-button elementor-button-link elementor-size-sm elementor-animation-grow\" href=\"https:\/\/comite-ecologique-ariegeois.org\/?p=1430#PVflottant\">\n\t\t\t\t\t\t<span class=\"elementor-button-content-wrapper\">\n\t\t\t\t\t\t\t\t\t<span class=\"elementor-button-text\">Cliquez ici pour en savoir plus<\/span>\n\t\t\t\t\t<\/span>\n\t\t\t\t\t<\/a>\n\t\t\t\t<\/div>\n\t\t\t\t\t\t\t\t<\/div>\n\t\t\t\t<\/div>\n\t\t\t\t<\/div>\n\t\t\t\t<\/div>\n\t\t<div class=\"elementor-element elementor-element-1b29fd2 e-con-full e-flex e-con e-child\" data-id=\"1b29fd2\" data-element_type=\"container\">\n\t\t\t\t<div class=\"elementor-element elementor-element-0e06d75 elementor-widget elementor-widget-text-editor\" data-id=\"0e06d75\" data-element_type=\"widget\" data-widget_type=\"text-editor.default\">\n\t\t\t\t<div class=\"elementor-widget-container\">\n\t\t\t\t\t\t\t\t\t<p>Contrairement aux syst\u00e8mes solaires photovolta\u00efques install\u00e9s en toiture dont la puissance d\u00e9passe rarement 100 kWc, les centrales solaires photovolta\u00efques sont des installations de grandes puissance install\u00e9es sur de grandes surfaces.<br \/>Elles pr\u00e9sentent des int\u00e9r\u00eats techniques int\u00e9ressants en r\u00e9duisant, proportionnellement, les longueurs de c\u00e2bles et le mat\u00e9riel \u00e9lectronique n\u00e9cessaire. Cela va de paire avec une meilleure rentabilit\u00e9 \u00e9conomique, poussant ainsi des investisseurs financiers \u00e0 envisager des projets de centrales sans \u00e9gards aux cons\u00e9quences \u00e9cologiques.<\/p><p><strong>Au lieu de r\u00e9duire les surfaces cultiv\u00e9es et d&rsquo;occuper les plans d&rsquo;eau, ce sont les toitures d\u2019entrep\u00f4ts, de supermarch\u00e9s, de parkings, et les surfaces des friches industrielles qui devraient prioritairement \u00eatre \u00e9quip\u00e9s de panneaux photovolta\u00eeques.<\/strong><\/p><p><strong>Le 19 juin 2024, le Conseil National pour la Protection de la Nature, CNPN, <a href=\"https:\/\/comite-ecologique-ariegeois.org\/wp-content\/uploads\/2024\/10\/Avis-CNPN_deploi-photovol-impacts-biodiv_19-06.024_vf-2.pdf\">s&rsquo;est auto-saisi du sujet<\/a> de \u00ab\u00a0la politique de d\u00e9ploiement du photovolta\u00efque et ses impacts sur la biodibersit\u00e9\u00a0\u00bb en alertant clairement sur les risques de l&rsquo;actuelle politique : <\/strong><em>\u00ab\u00a0L\u2019installation pr\u00e9vue de 5GW \u00e9quivaut \u00e0 \u00e9quiper l\u2019\u00e9quivalent de la surface de la ville de Paris tous les deux ans. Or l\u2019artificialisation totale ou partielle d\u2019espaces naturels, semi-naturels voire agricoles affecte les fonctions r\u00e9gulatrices, notamment climatiques, et la biodiversit\u00e9 de ces \u00e9cosyst\u00e8mes. Il y aurait donc une contradiction \u00e0 soutenir les installations photovolta\u00efques si elles sont sources de d\u00e9gradation des \u00e9cosyst\u00e8mes. Cet enjeu n\u00e9cessite la mise en place de r\u00e8gles claires pour encadrer le d\u00e9veloppement du secteur.\u00a0\u00bb<\/em><\/p>\t\t\t\t\t\t\t\t<\/div>\n\t\t\t\t<\/div>\n\t\t\t\t<\/div>\n\t\t\t\t<\/div>\n\t\t<div class=\"elementor-element elementor-element-ea3369a e-con-full e-flex e-con e-child\" data-id=\"ea3369a\" data-element_type=\"container\" data-settings=\"{&quot;background_background&quot;:&quot;classic&quot;}\">\n\t\t\t\t<div class=\"elementor-element elementor-element-7549854 elementor-widget elementor-widget-heading\" data-id=\"7549854\" data-element_type=\"widget\" data-widget_type=\"heading.default\">\n\t\t\t\t<div class=\"elementor-widget-container\">\n\t\t\t\t\t<h3 class=\"elementor-heading-title elementor-size-default\">\u00c9nergie hydraulique<\/h3>\t\t\t\t<\/div>\n\t\t\t\t<\/div>\n\t\t\t\t<div class=\"elementor-element elementor-element-8f11f20 elementor-widget elementor-widget-image\" data-id=\"8f11f20\" data-element_type=\"widget\" data-widget_type=\"image.default\">\n\t\t\t\t<div class=\"elementor-widget-container\">\n\t\t\t\t\t\t\t\t\t\t\t\t<figure class=\"wp-caption\">\n\t\t\t\t\t\t\t\t\t\t<img fetchpriority=\"high\" decoding=\"async\" width=\"1024\" height=\"629\" src=\"https:\/\/comite-ecologique-ariegeois.org\/wp-content\/uploads\/2024\/09\/edf-1024x629.png\" class=\"attachment-large size-large wp-image-1078\" alt=\"\" srcset=\"https:\/\/comite-ecologique-ariegeois.org\/wp-content\/uploads\/2024\/09\/edf-1024x629.png 1024w, https:\/\/comite-ecologique-ariegeois.org\/wp-content\/uploads\/2024\/09\/edf-300x184.png 300w, https:\/\/comite-ecologique-ariegeois.org\/wp-content\/uploads\/2024\/09\/edf-768x472.png 768w, https:\/\/comite-ecologique-ariegeois.org\/wp-content\/uploads\/2024\/09\/edf.png 1273w\" sizes=\"(max-width: 1024px) 100vw, 1024px\" \/>\t\t\t\t\t\t\t\t\t\t\t<figcaption class=\"widget-image-caption wp-caption-text\">Capture d'\u00e9cran du site https:\/\/eau-ariege.fr<\/figcaption>\n\t\t\t\t\t\t\t\t\t\t<\/figure>\n\t\t\t\t\t\t\t\t\t<\/div>\n\t\t\t\t<\/div>\n\t\t\t\t<div class=\"elementor-element elementor-element-5b39dc6 elementor-widget elementor-widget-text-editor\" data-id=\"5b39dc6\" data-element_type=\"widget\" data-widget_type=\"text-editor.default\">\n\t\t\t\t<div class=\"elementor-widget-container\">\n\t\t\t\t\t\t\t\t\t<p>En Ari\u00e8ge, les premi\u00e8res usines \u00e9lectriques ont \u00e9t\u00e9 install\u00e9es sur l&rsquo;Ari\u00e8ge et le Salat \u00e0 partir de 1888. A pr\u00e9sent, on trouve des centrales hydro\u00e9lectriques, utilisant l&rsquo;\u00e9nergie potentielle de gravit\u00e9 d\u00fb \u00e0 la hauteur de chute, et des centrales au fil de l&rsquo;eau, utilisant l&rsquo;\u00e9nergie d&rsquo;un cours d&rsquo;eau.<br \/>Si l\u2019\u00e9nergie potentielle d\u2019une masse d\u2019eau d\u00e9pos\u00e9e par les pr\u00e9cipitations en altitude et turbin\u00e9e \u00e0 une altitude moindre peut \u00eatre consid\u00e9r\u00e9e comme renouvelable, les cours d\u2019eau avec leur diversit\u00e9 paysag\u00e8re et biologique, eux, ne sont pas renouvelables.<br \/><strong>Pas moins de 23 centrales hydro-\u00e9lectriques ont \u00e9t\u00e9 install\u00e9es sur le Salat. En 1996, on comptait dans le d\u00e9partement 70 petites centrales (dont les propri\u00e9taires vendent le courant produit \u00e0 EDF) et en 2024 environ 130 petites centrales.<\/strong><\/p><p><strong style=\"color: var( --e-global-color-text ); font-family: var( --e-global-typography-text-font-family ), Sans-serif; background-color: var( --e-global-color-nvsitebg ); text-align: var(--text-align); font-size: var(--bodyfontsize); letter-spacing: var(--bodyletterspacing); text-transform: var(--bodytexttransform);\">EDF exploite 10 grands barrages et des barrages plus petits, 45 prises d&rsquo;eau en montagne, 22 centrales hydro\u00e9lectriques, 60 km de galeries souterraines<\/strong>.\u00a0<span class=\" author-d-1gg9uz65z1iz85zgdz68zmqkz84zo2qowz81zhg2cz69zz80zigz78zz66z8cii8n4z73zz122zz77zr7z85zvwrnz71zz68zz89z\">Ces am\u00e9nagements produisent en <\/span><strong style=\"color: var( --e-global-color-text ); font-family: var( --e-global-typography-text-font-family ), Sans-serif; background-color: var( --e-global-color-nvsitebg ); text-align: var(--text-align); font-size: var(--bodyfontsize); letter-spacing: var(--bodyletterspacing); text-transform: var(--bodytexttransform);\"><span class=\" author-d-1gg9uz65z1iz85zgdz68zmqkz84zo2qowz81zhg2cz69zz80zigz78zz66z8cii8n4z73zz122zz77zr7z85zvwrnz71zz68zz89z\">moyenne 1,5 TWh\/an<\/span><\/strong><span class=\" author-d-1gg9uz65z1iz85zgdz68zmqkz84zo2qowz81zhg2cz69zz80zigz78zz66z8cii8n4z73zz122zz77zr7z85zvwrnz71zz68zz89z\">, soit la <\/span><strong style=\"color: var( --e-global-color-text ); font-family: var( --e-global-typography-text-font-family ), Sans-serif; background-color: var( --e-global-color-nvsitebg ); text-align: var(--text-align); font-size: var(--bodyfontsize); letter-spacing: var(--bodyletterspacing); text-transform: var(--bodytexttransform);\"><span class=\" author-d-1gg9uz65z1iz85zgdz68zmqkz84zo2qowz81zhg2cz69zz80zigz78zz66z8cii8n4z73zz122zz77zr7z85zvwrnz71zz68zz89z\">consommation annuelle d\u2019environ 630 000 habitants<\/span><\/strong> <span class=\" author-d-1gg9uz65z1iz85zgdz68zmqkz84zo2qowz81zhg2cz69zz80zigz78zz66z8cii8n4z73zz122zz77zr7z85zvwrnz71zz68zz89z h-lparen\">(ce<\/span><span class=\" author-d-1gg9uz65z1iz85zgdz68zmqkz84zo2qowz81zhg2cz69zz80zigz78zz66z8cii8n4z73zz122zz77zr7z85zvwrnz71zz68zz89z\"> qui repr\u00e9sente 4 fois la population du d\u00e9partement).\u00a0<\/span><\/p><ul style=\"margin-top: -0px;\"><li>Les centrales hydrauliques en Ari\u00e8ge : Voir l&rsquo;article du 28 mars 2013 \u00ab\u00a0<a href=\"https:\/\/comite-ecologique-ariegeois.org\/archiveSPIP2024\/actions\/energie\/l-eau-et-l-hydraulique\/article\/les-microcentrales-et-les-energies-renouvelables.html\">Les microcentrales et les \u00e9nergies renouvelables\u00a0\u00bb<\/a><\/li><li>Niveau des d\u00e9bits r\u00e9serv\u00e9s : voir l&rsquo;article du 19 avril 2018 \u00ab\u00a0<a href=\"https:\/\/comite-ecologique-ariegeois.org\/archiveSPIP2024\/actions\/eau\/defense-des-cours-d-eau\/article\/une-brusque-surmortalite-de-truites-observee-l-ete-dernier-dans-l-oriege.html\">Une brusque surmortalit\u00e9 de truites observ\u00e9e l\u2019\u00e9t\u00e9 dernier dans l\u2019Ori\u00e8ge\u00a0\u00bb<\/a><\/li><li>La clef de l&rsquo;autorisation des micro-centrales, r\u00e9glementation des \u00ab\u00a0droits d&rsquo;eau\u00a0\u00bb : voir l&rsquo;article du 19 juillet 2014 \u00ab\u00a0<a href=\"https:\/\/comite-ecologique-ariegeois.org\/archiveSPIP2024\/commissions\/comite-departemental-des-risques-sanitaires-et-technologiques\/article\/coderst-projet-de-microcentrale-au-pont-de-la-taule-sur-le-haut-salat.html\">CODERST, projet de Microcentrale au Pont de la Taule sur le Haut-Salat\u00a0\u00bb<\/a><\/li><li><a href=\"https:\/\/comite-ecologique-ariegeois.org\/?p=1552\"><strong>Projet de centrale hydro\u00e9lectrique d&rsquo;Orlu<\/strong><\/a><\/li><\/ul>\t\t\t\t\t\t\t\t<\/div>\n\t\t\t\t<\/div>\n\t\t\t\t<\/div>\n\t\t<div class=\"elementor-element elementor-element-3c68680 e-con-full e-flex e-con e-child\" data-id=\"3c68680\" data-element_type=\"container\" data-settings=\"{&quot;background_background&quot;:&quot;classic&quot;}\">\n\t\t\t\t<div class=\"elementor-element elementor-element-896c978 elementor-widget elementor-widget-menu-anchor\" data-id=\"896c978\" data-element_type=\"widget\" data-widget_type=\"menu-anchor.default\">\n\t\t\t\t<div class=\"elementor-widget-container\">\n\t\t\t\t\t\t\t<div class=\"elementor-menu-anchor\" id=\"eolien\"><\/div>\n\t\t\t\t\t\t<\/div>\n\t\t\t\t<\/div>\n\t\t\t\t<div class=\"elementor-element elementor-element-5bbfefb elementor-widget elementor-widget-heading\" data-id=\"5bbfefb\" data-element_type=\"widget\" data-widget_type=\"heading.default\">\n\t\t\t\t<div class=\"elementor-widget-container\">\n\t\t\t\t\t<h3 class=\"elementor-heading-title elementor-size-default\">\u00c9nergie \u00e9olienne<\/h3>\t\t\t\t<\/div>\n\t\t\t\t<\/div>\n\t\t\t\t<div class=\"elementor-element elementor-element-6d6a7d0 elementor-widget elementor-widget-text-editor\" data-id=\"6d6a7d0\" data-element_type=\"widget\" data-widget_type=\"text-editor.default\">\n\t\t\t\t<div class=\"elementor-widget-container\">\n\t\t\t\t\t\t\t\t\t<p>D\u00e9partement de montagne, l\u2019Ari\u00e8ge pr\u00e9sente un faible potentiel de production d\u2019\u00e9lectricit\u00e9 \u00e9olienne. Cependant le milieu collin\u00e9en du d\u00e9partement a fait l&rsquo;objet \u00e0 l&rsquo;est et \u00e0 l&rsquo;ouest de convoitises industrielles d&rsquo;installation d&rsquo;\u00e9oliennes, qui toutes ont \u00e9t\u00e9 contr\u00e9es par l&rsquo;opposition active des riverains concern\u00e9s. Ils ont notamment appuy\u00e9 leur contestation sur un argument technique de poids, \u00e0 savoir que les mesures de vitesse du vent en Ari\u00e8ge ne signalent pas de vitesse adapt\u00e9e \u00e0 la rentabilit\u00e9 des installations d&rsquo;\u00e9oliennes&#8230;<br \/>Seul le nord du d\u00e9partement est touch\u00e9 par le voisinage de 5 \u00e9oliennes de 150 m de hauteur en fonctionnement dans la commune de 31 550 &#8211; <a href=\"https:\/\/comite-ecologique-ariegeois.org\/archiveSPIP2024\/actions\/energie\/le-vent-et-l-eolien\/article\/projet-de-parc-eolien-de-cintegabelle-4-eoliennes-d-une-hauteur-de-150m.html\">Cintegabelle<\/a> (groupe de plusieurs soci\u00e9t\u00e9s d&rsquo;exploitation).<br \/><strong>C &lsquo;est donc en vain<\/strong>, gr\u00e2ce aux associations CEA et Vent contre nature et gr\u00e2ce \u00e0 l&rsquo;avis n\u00e9gatif de la pr\u00e9f\u00e8te Marie Lajus au vu de l&rsquo;impact du projet sur le paysage ari\u00e9geois, que la soci\u00e9t\u00e9 \u00ab\u00a0Energies des collines d\u2019Ari\u00e8ge\u00a0\u00bb a voulu implanter en 2013-2014 un <strong>projet de parc de 11 \u00e9oliennes r\u00e9parties sur les territoires de <a href=\"https:\/\/comite-ecologique-ariegeois.org\/archiveSPIP2024\/actions\/energie\/le-vent-et-l-eolien\/article\/encore-quelques-jours-enquete-publique-sur-l-eolien-de-gudas-malleon-ventenac.html\">Gudas et Mall\u00e9on<\/a>.<\/strong> <strong><a href=\"https:\/\/comite-ecologique-ariegeois.org\/wp-content\/uploads\/2024\/09\/attention_intox.pdf\">Cliquer ici<\/a> <\/strong>pour lire la position commune du CEA et de \u00ab\u00a0Vent contre nature\u00a0\u00bb en 2018.<br \/><strong>Echec aussi<\/strong> de la tentative d&rsquo;implantation par la soci\u00e9t\u00e9 \u00ab\u00a0RAZ ENERGIE 6\u00a0\u00bb <strong>\u00e0 <a href=\"https:\/\/comite-ecologique-ariegeois.org\/archiveSPIP2024\/actions\/energie\/le-vent-et-l-eolien\/article\/projet-d-eoliennes-a-troyes-d-ariege-l-enquete-publique-se-termine-le-21-mai.html\">Troyes<\/a> d&rsquo;Ari\u00e8ge en 2015, de 5 a\u00e9rog\u00e9n\u00e9rateurs (150 m de hauteur)<\/strong> d&rsquo;une puissance de 2,4 m\u00e9gawatts moyennant, 2,6 ha de d\u00e9boisement. Pr\u00e9cisons que plusieurs sc\u00e9narios d\u2019implantation on \u00e9t\u00e9 envisag\u00e9s impactant les communes de Manses, Coutens, Vivi\u00e8s, Tourtrol, Dun, Lieurac, Carla de Roquefort, Aigues-Vives, <a href=\"https:\/\/comite-ecologique-ariegeois.org\/archiveSPIP2024\/actions\/energie\/le-vent-et-l-eolien\/article\/projet-eolien-a-larroque-d-olmes-soyez-vigilants-sur-les-dessous-du-projet-et.html\">Larroque d\u2019Olmes<\/a>.<br \/><strong>Et \u00e9chec cuisant<\/strong> d&rsquo;EDF qui cherchait \u00e0 implanter sur le Mont Caban\u00e8res (753 m) \u00e0 <a href=\"https:\/\/comite-ecologique-ariegeois.org\/archiveSPIP2024\/actions\/energie\/le-vent-et-l-eolien\/article\/l-opposition-aux-eoliennes-de-camarade.html\">Camarade<\/a>, en <strong>2013-2014, 4 \u00e0 6 \u00e9oliennes de 140 m de haut,<\/strong> lorsque l&rsquo;autorit\u00e9 de l&rsquo;aviation a mis son veto au projet. La petite histoire locale retiendra plusieurs savoureux \u00e9pisodes de la lutte farouche men\u00e9e par l&rsquo;association \u00ab\u00a0En avant Camarade,\u00a0\u00bb tels celui du changement de pied spectaculaire du Conseil municipal, ou celui du consentement d&rsquo;un propri\u00e9taire d\u00e9c\u00e9d\u00e9 obtenu sans rire par EDF, ou bien s\u00fbr, l&rsquo;invasion pacifique des bureaux d&rsquo;EDF \u00e0 Toulouse par un alerte troupeau de ch\u00e8vres&#8230;<\/p>\t\t\t\t\t\t\t\t<\/div>\n\t\t\t\t<\/div>\n\t\t\t\t<\/div>\n\t\t<div class=\"elementor-element elementor-element-770c2e9 e-con-full e-flex e-con e-child\" data-id=\"770c2e9\" data-element_type=\"container\" data-settings=\"{&quot;background_background&quot;:&quot;classic&quot;}\">\n\t\t\t\t<div class=\"elementor-element elementor-element-ec22b2e elementor-widget elementor-widget-menu-anchor\" data-id=\"ec22b2e\" data-element_type=\"widget\" data-widget_type=\"menu-anchor.default\">\n\t\t\t\t<div class=\"elementor-widget-container\">\n\t\t\t\t\t\t\t<div class=\"elementor-menu-anchor\" id=\"methane\"><\/div>\n\t\t\t\t\t\t<\/div>\n\t\t\t\t<\/div>\n\t\t\t\t<div class=\"elementor-element elementor-element-befbb33 elementor-widget elementor-widget-heading\" data-id=\"befbb33\" data-element_type=\"widget\" data-widget_type=\"heading.default\">\n\t\t\t\t<div class=\"elementor-widget-container\">\n\t\t\t\t\t<h3 class=\"elementor-heading-title elementor-size-default\">M\u00e9thanisation<\/h3>\t\t\t\t<\/div>\n\t\t\t\t<\/div>\n\t\t\t\t<div class=\"elementor-element elementor-element-544afd7 elementor-widget elementor-widget-text-editor\" data-id=\"544afd7\" data-element_type=\"widget\" data-widget_type=\"text-editor.default\">\n\t\t\t\t<div class=\"elementor-widget-container\">\n\t\t\t\t\t\t\t\t\t<p>Les<strong> installations ari\u00e9geoises de m\u00e9thanisation :<\/strong><\/p><ul><li><strong>Le super-m\u00e9thaniseur de Montaut (pieds de ma\u00efs m\u00e2le + du lizier) dont les associations environnementales avaient contest\u00e9 le projet, a capot\u00e9<\/strong> apr\u00e8s seulement quelques ann\u00e9es de fonctionnement, engloutissant l\u2019importante subvention que la R\u00e9gion lui avait attribu\u00e9e !<\/li><li>Le<strong> m\u00e9thaniseur de Ludies a subi une avarie en juillet 2024 (second incident).<\/strong> Les cog\u00e9rants de la SARL Ari\u00e8ge biom\u00e9thane assurent qu\u2019il n\u2019y a pas eu de fuite de gaz.<b> Ils envisagent aussi une installation de \u00ab\u00a0m\u00e9thanation\u00a0\u00bb<\/b>, une nouvelle technologie innovante de transformation du CO2 en m\u00e9thane.<\/li><\/ul>\t\t\t\t\t\t\t\t<\/div>\n\t\t\t\t<\/div>\n\t\t<div class=\"elementor-element elementor-element-0fa1de3 e-grid e-con-full e-con e-child\" data-id=\"0fa1de3\" data-element_type=\"container\">\n\t\t\t\t<div class=\"elementor-element elementor-element-b78a20f elementor-widget elementor-widget-text-editor\" data-id=\"b78a20f\" data-element_type=\"widget\" data-widget_type=\"text-editor.default\">\n\t\t\t\t<div class=\"elementor-widget-container\">\n\t\t\t\t\t\t\t\t\t<p><strong>Tout conna\u00eetre sur la m\u00e9thanisation, ses risques, ses d\u00e9rives, ses nuisances, en Ari\u00e8ge et ailleurs :<br \/><\/strong><b><a href=\"https:\/\/comite-ecologique-ariegeois.org\/archiveSPIP2024\/actions\/agriculture-et-alimentation\/agriculture-elevage-filieres-agricoles\/article\/methanisation-si-le-president-des-maires-ruraux-de-france-le-dit.html\">&#8211; Article CEA 17 04 2024<\/a> :<\/b> \u00ab M\u00e9thanisation\/\u00e9pandage &#8211; le blog \u00bb<br \/><strong><a href=\"https:\/\/comite-ecologique-ariegeois.org\/wp-content\/uploads\/2024\/11\/COMM_AVRIL_2024.pdf\">&#8211; Infolettre<\/a> <\/strong>de l\u2019Association Loubens Air Pur, Avril 2024 qui a contr\u00e9 un projet : \u00ab L\u2019(in)digestat !\u00bb<span style=\"color: var( --e-global-color-text ); font-family: var( --e-global-typography-text-font-family ), Sans-serif; font-weight: var( --e-global-typography-text-font-weight ); background-color: var( --e-global-color-nvsitebg ); text-align: var(--text-align); font-size: var(--bodyfontsize); letter-spacing: var(--bodyletterspacing); text-transform: var(--bodytexttransform);\">\u00a0<br \/>&#8211; <a href=\"https:\/\/comite-ecologique-ariegeois.org\/wp-content\/uploads\/2025\/03\/Art-methanisation_Le-canard-20250305.pdf\">Article<\/a> du canard enchain\u00e9<\/span><\/p>\t\t\t\t\t\t\t\t<\/div>\n\t\t\t\t<\/div>\n\t\t<div class=\"elementor-element elementor-element-9de8df7 e-con-full e-flex e-con e-child\" data-id=\"9de8df7\" data-element_type=\"container\">\n\t\t\t\t<div class=\"elementor-element elementor-element-df9a5e4 elementor-widget elementor-widget-image\" data-id=\"df9a5e4\" data-element_type=\"widget\" data-widget_type=\"image.default\">\n\t\t\t\t<div class=\"elementor-widget-container\">\n\t\t\t\t\t\t\t\t\t\t\t\t<figure class=\"wp-caption\">\n\t\t\t\t\t\t\t\t\t\t\t<a href=\"https:\/\/www.google.com\/url?sa=t&#038;source=web&#038;rct=j&#038;opi=89978449&#038;url=https:\/\/www.loubensairpur.com\/&#038;ved=2ahUKEwjrvoC-8L2KAxWHRUEAHfgTK6oQFnoECD8QAQ&#038;usg=AOvVaw2dAiRRTOO94tZ3E-SZwLwp\">\n\t\t\t\t\t\t\t<img decoding=\"async\" src=\"https:\/\/comite-ecologique-ariegeois.org\/wp-content\/uploads\/elementor\/thumbs\/loubens-qyqwuk513t0jmo0kdpkbc4tpxy3p6s29maxs5yw1dm.png\" title=\"loubens\" alt=\"loubens\" loading=\"lazy\" \/>\t\t\t\t\t\t\t\t<\/a>\n\t\t\t\t\t\t\t\t\t\t\t<figcaption class=\"widget-image-caption wp-caption-text\">Site de l'association Loubens Air Pur<\/figcaption>\n\t\t\t\t\t\t\t\t\t\t<\/figure>\n\t\t\t\t\t\t\t\t\t<\/div>\n\t\t\t\t<\/div>\n\t\t\t\t<\/div>\n\t\t\t\t<\/div>\n\t\t\t\t<\/div>\n\t\t\t\t<\/div>\n\t\t\t\t\t<\/div>\n\t\t\t\t<\/div>\n\t\t<div class=\"elementor-element elementor-element-7b464b2 e-flex e-con-boxed e-con e-parent\" data-id=\"7b464b2\" data-element_type=\"container\">\n\t\t\t\t\t<div class=\"e-con-inner\">\n\t\t<div class=\"elementor-element elementor-element-4e657f2 e-con-full e-flex e-con e-child\" data-id=\"4e657f2\" data-element_type=\"container\" data-settings=\"{&quot;background_background&quot;:&quot;classic&quot;}\">\n\t\t\t\t<div class=\"elementor-element elementor-element-2ebecd6 elementor-widget elementor-widget-menu-anchor\" data-id=\"2ebecd6\" data-element_type=\"widget\" data-widget_type=\"menu-anchor.default\">\n\t\t\t\t<div class=\"elementor-widget-container\">\n\t\t\t\t\t\t\t<div class=\"elementor-menu-anchor\" id=\"climat\"><\/div>\n\t\t\t\t\t\t<\/div>\n\t\t\t\t<\/div>\n\t\t\t\t<div class=\"elementor-element elementor-element-ccfec89 elementor-widget elementor-widget-heading\" data-id=\"ccfec89\" data-element_type=\"widget\" data-widget_type=\"heading.default\">\n\t\t\t\t<div class=\"elementor-widget-container\">\n\t\t\t\t\t<h2 class=\"elementor-heading-title elementor-size-default\">Climat<\/h2>\t\t\t\t<\/div>\n\t\t\t\t<\/div>\n\t\t<div class=\"elementor-element elementor-element-351523b e-grid e-con-full e-con e-child\" data-id=\"351523b\" data-element_type=\"container\">\n\t\t\t\t<div class=\"elementor-element elementor-element-f47adcf elementor-widget elementor-widget-text-editor\" data-id=\"f47adcf\" data-element_type=\"widget\" data-widget_type=\"text-editor.default\">\n\t\t\t\t<div class=\"elementor-widget-container\">\n\t\t\t\t\t\t\t\t\t<p>Le sujet d\u00e9passe \u00e9videmment le secteur o\u00f9 nous militons et on peut toujours dire que l&rsquo;Ari\u00e8ge n&rsquo;est pas la r\u00e9gion la plus climaticide du fait de ses activit\u00e9s&#8230; Cependant impossible de ne pas se sentir concern\u00e9 par cette question des changements climatiques \u00e0 l&rsquo;oeuvre.<br \/><strong>Durant la conf\u00e9rence organis\u00e9e le 3 octobre 2024 \u00e0 Lavelanet par le Collectif Touche pas \u00e0 mon Touyre, les associations le Chabot et le CEA, M. Jos\u00e9 Miguel Sanchez Perez, chercheur au CNRS de Toulouse, a d\u00e9clar\u00e9 qu&rsquo;en raison du r\u00e9chauffement climatique, les cours d&rsquo;eau des Pyr\u00e9n\u00e9es fran\u00e7aises auront perdu 40 % de leur d\u00e9bit en 2050.<\/strong><br \/>Les associations environnementalistes, non seulement contestent des projets et des pratiques d&rsquo;un autre \u00e2ge au nom du bien commun, mais elles mettent en avant des solutions fond\u00e9es sur la nature, en accord avec les pr\u00e9conisations de beaucoup de scientifiques, pour freiner les effets d\u00e9l\u00e9t\u00e8res des bouleversements climatiques.\u00a0<br \/>Pour leur part, le CEA avec aussi Le Chabot, s&rsquo;efforcent de mettre en oeuvre une r\u00e9introduction du castor en Ari\u00e8ge et au-del\u00e0, pour contribuer \u00e0 maintenir vivants nos cours d&rsquo;eau. Voir \u00e0 <a href=\"https:\/\/cea09ecologie.org\/spip.php?rubrique119\" target=\"_blank\" rel=\"noopener\">Articles sur le castor et le projet de r\u00e9introduction<\/a><\/p><p>En 2019, La Coalition climat 09 agissait directement en mobilisatrice pour le climat. Elle a cess\u00e9 son action et depuis les manifestations ont lieu hors Ari\u00e8ge, comme \u00e0 Toulouse. Voir l&rsquo;article <a href=\"https:\/\/comite-ecologique-ariegeois.org\/archiveSPIP2024\/actions\/air-climat-atmosphere\/article\/6-7-decembre-2019-fortes-mobilisation-pour-la-justice-sociale-et-climatique-en.html\">: 6\/7 novembre 2019, fortes mobilisation pour la justice sociale et climatique en Ari\u00e8ge<\/a><\/p>\t\t\t\t\t\t\t\t<\/div>\n\t\t\t\t<\/div>\n\t\t\t\t<div class=\"elementor-element elementor-element-382343c elementor-widget elementor-widget-text-editor\" data-id=\"382343c\" data-element_type=\"widget\" data-widget_type=\"text-editor.default\">\n\t\t\t\t<div class=\"elementor-widget-container\">\n\t\t\t\t\t\t\t\t\t<p><strong>L\u2019Organisation m\u00e9t\u00e9orologique mondiale alerte sur les \u00abp\u00e9nuries d\u2019eau\u00bb et l\u2019aggravation du \u00abstress hydrique\u00bb<\/strong><\/p><p>Dans un rapport consacr\u00e9 \u00e0 \u00ab L\u2019\u00e9tat des ressources en eau\u00bb publi\u00e9 lundi 7 octobre 2024, l\u2019instance onusienne s\u2019alarme: en 2023 <strong>les rivi\u00e8res ont enregistr\u00e9 des niveaux de s\u00e9cheresse in\u00e9dits depuis trente ans<\/strong> et les glaciers ont subi leur pire fonte en cinquante ans d\u2019observation.<\/p><p>\u00ab<em>Les signaux d\u2019alerte se multiplient.\u00bb Et quand c\u2019est Celeste Saulo, la secr\u00e9taire g\u00e9n\u00e9rale de l\u2019Organisation m\u00e9t\u00e9orologie mondiale (OMM), qui le dit, le message est on ne peut plus s\u00e9rieux. Dans un rapport publi\u00e9 ce lundi 7 octobre, son institution tire la sonnette d\u2019alarme sur l\u2019\u00e9tat des ressources en eau dans le monde et sur les modifications des cycles hydriques li\u00e9es au r\u00e9chauffement de la Terre. \u00abNous assistons \u00e0 une exacerbation des pr\u00e9cipitations, des crues et des s\u00e9cheresses extr\u00eames [\u2026]. Nous sommes confront\u00e9s \u00e0 des situations de plus en plus difficiles, o\u00f9 l\u2019eau est soit trop abondante soit insuffisante, s\u2019inqui\u00e8te l\u2019instance onusienne. Dans le contexte du changement climatique, l\u2019eau nous donne un avant-go\u00fbt des \u00e9volutions \u00e0 venir. Pourtant, nous ne prenons pas les mesures urgentes qui s\u2019imposent.\u00bb<\/em><\/p>\t\t\t\t\t\t\t\t<\/div>\n\t\t\t\t<\/div>\n\t\t\t\t<\/div>\n\t\t<div class=\"elementor-element elementor-element-53effa0 e-grid e-con-full e-con e-child\" data-id=\"53effa0\" data-element_type=\"container\">\n\t\t<div class=\"elementor-element elementor-element-be4799a e-con-full e-flex e-con e-child\" data-id=\"be4799a\" data-element_type=\"container\">\n\t\t\t\t<\/div>\n\t\t<div class=\"elementor-element elementor-element-d16e448 e-con-full e-flex e-con e-child\" data-id=\"d16e448\" data-element_type=\"container\">\n\t\t\t\t<div class=\"elementor-element elementor-element-b9f56c1 elementor-widget elementor-widget-image\" data-id=\"b9f56c1\" data-element_type=\"widget\" data-widget_type=\"image.default\">\n\t\t\t\t<div class=\"elementor-widget-container\">\n\t\t\t\t\t\t\t\t\t\t\t\t\t\t\t\t<a href=\"https:\/\/comite-ecologique-ariegeois.org\/wp-content\/uploads\/2024\/10\/conf-3-CNRS-power-point.pdf\">\n\t\t\t\t\t\t\t<img decoding=\"async\" width=\"300\" height=\"166\" src=\"https:\/\/comite-ecologique-ariegeois.org\/wp-content\/uploads\/2024\/10\/cnrs-300x166.png\" class=\"attachment-medium size-medium wp-image-2548\" alt=\"\" srcset=\"https:\/\/comite-ecologique-ariegeois.org\/wp-content\/uploads\/2024\/10\/cnrs-300x166.png 300w, https:\/\/comite-ecologique-ariegeois.org\/wp-content\/uploads\/2024\/10\/cnrs-1024x566.png 1024w, https:\/\/comite-ecologique-ariegeois.org\/wp-content\/uploads\/2024\/10\/cnrs-768x425.png 768w, https:\/\/comite-ecologique-ariegeois.org\/wp-content\/uploads\/2024\/10\/cnrs.png 1177w\" sizes=\"(max-width: 300px) 100vw, 300px\" \/>\t\t\t\t\t\t\t\t<\/a>\n\t\t\t\t\t\t\t\t\t\t\t\t\t\t\t<\/div>\n\t\t\t\t<\/div>\n\t\t\t\t<div class=\"elementor-element elementor-element-8de8c33 elementor-widget elementor-widget-button\" data-id=\"8de8c33\" data-element_type=\"widget\" data-widget_type=\"button.default\">\n\t\t\t\t<div class=\"elementor-widget-container\">\n\t\t\t\t\t\t\t\t\t<div class=\"elementor-button-wrapper\">\n\t\t\t\t\t<a class=\"elementor-button elementor-button-link elementor-size-sm elementor-animation-grow\" href=\"https:\/\/comite-ecologique-ariegeois.org\/wp-content\/uploads\/2024\/10\/conf-3-CNRS-power-point.pdf\">\n\t\t\t\t\t\t<span class=\"elementor-button-content-wrapper\">\n\t\t\t\t\t\t\t\t\t<span class=\"elementor-button-text\">Cliquez ici pour acceder au contenu<\/span>\n\t\t\t\t\t<\/span>\n\t\t\t\t\t<\/a>\n\t\t\t\t<\/div>\n\t\t\t\t\t\t\t\t<\/div>\n\t\t\t\t<\/div>\n\t\t\t\t<\/div>\n\t\t\t\t<\/div>\n\t\t<div class=\"elementor-element elementor-element-8e3fd52 e-grid e-con-full e-con e-child\" data-id=\"8e3fd52\" data-element_type=\"container\">\n\t\t\t\t<div class=\"elementor-element elementor-element-7a0afd9 elementor-widget elementor-widget-image\" data-id=\"7a0afd9\" data-element_type=\"widget\" data-widget_type=\"image.default\">\n\t\t\t\t<div class=\"elementor-widget-container\">\n\t\t\t\t\t\t\t\t\t\t\t\t<figure class=\"wp-caption\">\n\t\t\t\t\t\t\t\t\t\t<img decoding=\"async\" src=\"https:\/\/comite-ecologique-ariegeois.org\/wp-content\/uploads\/elementor\/thumbs\/Affiche-manif-Climat-16-03-2019-quvzo3ml57yiegq3sw8mvvpxz8sekey7m9fljz2gow.jpg\" title=\"Affiche manif Climat 16 03 2019\" alt=\"Mobilisation mondiale pour le climat\" loading=\"lazy\" \/>\t\t\t\t\t\t\t\t\t\t\t<figcaption class=\"widget-image-caption wp-caption-text\">Mobilisation mondiale pour le climat<\/figcaption>\n\t\t\t\t\t\t\t\t\t\t<\/figure>\n\t\t\t\t\t\t\t\t\t<\/div>\n\t\t\t\t<\/div>\n\t\t\t\t<div class=\"elementor-element elementor-element-e9f3195 elementor-widget elementor-widget-image\" data-id=\"e9f3195\" data-element_type=\"widget\" data-widget_type=\"image.default\">\n\t\t\t\t<div class=\"elementor-widget-container\">\n\t\t\t\t\t\t\t\t\t\t\t\t<figure class=\"wp-caption\">\n\t\t\t\t\t\t\t\t\t\t<img decoding=\"async\" src=\"https:\/\/comite-ecologique-ariegeois.org\/wp-content\/uploads\/elementor\/thumbs\/Sans-commentaire-rotated-quvznbfljgr8h7yarqzdpxvvf5gj2u0xxxbprvzn24.jpg\" title=\"Sans commentaire\" alt=\"Slogan\" loading=\"lazy\" \/>\t\t\t\t\t\t\t\t\t\t\t<figcaption class=\"widget-image-caption wp-caption-text\">Slogan<\/figcaption>\n\t\t\t\t\t\t\t\t\t\t<\/figure>\n\t\t\t\t\t\t\t\t\t<\/div>\n\t\t\t\t<\/div>\n\t\t\t\t<\/div>\n\t\t<div class=\"elementor-element elementor-element-f44cc06 e-grid e-con-full e-con e-child\" data-id=\"f44cc06\" data-element_type=\"container\">\n\t\t\t\t<div class=\"elementor-element elementor-element-7ca07de elementor-widget elementor-widget-image\" data-id=\"7ca07de\" data-element_type=\"widget\" data-widget_type=\"image.default\">\n\t\t\t\t<div class=\"elementor-widget-container\">\n\t\t\t\t\t\t\t\t\t\t\t\t<figure class=\"wp-caption\">\n\t\t\t\t\t\t\t\t\t\t<img decoding=\"async\" src=\"https:\/\/comite-ecologique-ariegeois.org\/wp-content\/uploads\/elementor\/thumbs\/Etat-durgence-climatique-quvzouvwneyiozqner25rufabkmdu3epezpnt6xnnk.jpg\" title=\"Etat d&rsquo;urgence climatique\" alt=\"Manifestation de la Coalition climat\" loading=\"lazy\" \/>\t\t\t\t\t\t\t\t\t\t\t<figcaption class=\"widget-image-caption wp-caption-text\">Manifestation de la Coalition climat<\/figcaption>\n\t\t\t\t\t\t\t\t\t\t<\/figure>\n\t\t\t\t\t\t\t\t\t<\/div>\n\t\t\t\t<\/div>\n\t\t\t\t<div class=\"elementor-element elementor-element-d1747ca elementor-widget elementor-widget-image\" data-id=\"d1747ca\" data-element_type=\"widget\" data-widget_type=\"image.default\">\n\t\t\t\t<div class=\"elementor-widget-container\">\n\t\t\t\t\t\t\t\t\t\t\t\t<figure class=\"wp-caption\">\n\t\t\t\t\t\t\t\t\t\t<img decoding=\"async\" src=\"https:\/\/comite-ecologique-ariegeois.org\/wp-content\/uploads\/elementor\/thumbs\/Photo-rassemblement-place-Millane-Pamiers-le-16-03-2019-quvzug1d9ylvpjmgs60blfnxg12xlbl9inbkieneo0.jpg\" title=\"Photo rassemblement place Millane Pamiers le 16 03 2019\" alt=\"Rassemblement place Millane \u00e0 Pamiers le 16 03 2019\" loading=\"lazy\" \/>\t\t\t\t\t\t\t\t\t\t\t<figcaption class=\"widget-image-caption wp-caption-text\">Rassemblement place Millane \u00e0 Pamiers le 16 03 2019<\/figcaption>\n\t\t\t\t\t\t\t\t\t\t<\/figure>\n\t\t\t\t\t\t\t\t\t<\/div>\n\t\t\t\t<\/div>\n\t\t\t\t<\/div>\n\t\t\t\t<div class=\"elementor-element elementor-element-b20548e elementor-widget elementor-widget-image\" data-id=\"b20548e\" data-element_type=\"widget\" data-widget_type=\"image.default\">\n\t\t\t\t<div class=\"elementor-widget-container\">\n\t\t\t\t\t\t\t\t\t\t\t\t<figure class=\"wp-caption\">\n\t\t\t\t\t\t\t\t\t\t<img decoding=\"async\" width=\"962\" height=\"656\" src=\"https:\/\/comite-ecologique-ariegeois.org\/wp-content\/uploads\/2024\/10\/Manif-Coalition-climat-Gilets-jaunes-A-Pamiers_16-03-2019.jpg\" class=\"attachment-large size-large wp-image-1100\" alt=\"\" srcset=\"https:\/\/comite-ecologique-ariegeois.org\/wp-content\/uploads\/2024\/10\/Manif-Coalition-climat-Gilets-jaunes-A-Pamiers_16-03-2019.jpg 962w, https:\/\/comite-ecologique-ariegeois.org\/wp-content\/uploads\/2024\/10\/Manif-Coalition-climat-Gilets-jaunes-A-Pamiers_16-03-2019-300x205.jpg 300w, https:\/\/comite-ecologique-ariegeois.org\/wp-content\/uploads\/2024\/10\/Manif-Coalition-climat-Gilets-jaunes-A-Pamiers_16-03-2019-768x524.jpg 768w\" sizes=\"(max-width: 962px) 100vw, 962px\" \/>\t\t\t\t\t\t\t\t\t\t\t<figcaption class=\"widget-image-caption wp-caption-text\">Manifestation coalition Climat et Gilets jaunes \u00e0 Pamiers en mars 2019<\/figcaption>\n\t\t\t\t\t\t\t\t\t\t<\/figure>\n\t\t\t\t\t\t\t\t\t<\/div>\n\t\t\t\t<\/div>\n\t\t\t\t<div class=\"elementor-element elementor-element-5545705 elementor-widget elementor-widget-spacer\" data-id=\"5545705\" data-element_type=\"widget\" data-widget_type=\"spacer.default\">\n\t\t\t\t<div class=\"elementor-widget-container\">\n\t\t\t\t\t\t\t<div class=\"elementor-spacer\">\n\t\t\t<div class=\"elementor-spacer-inner\"><\/div>\n\t\t<\/div>\n\t\t\t\t\t\t<\/div>\n\t\t\t\t<\/div>\n\t\t\t\t<\/div>\n\t\t\t\t\t<\/div>\n\t\t\t\t<\/div>\n\t\t\t\t<\/div>\n\t\t","protected":false},"excerpt":{"rendered":"<p>Energie, climat Si nous voulons \u00e9pargner nos paysages et nos cours d\u2019eau, et minimiser notre impact sur le climat, r\u00e9duisons notre consommation d\u2019\u00e9nergie ! Solaire Hydraulique Eolien M\u00e9thanisation Climat Energie L&rsquo;es enjeux climatiques et de pr\u00e9servation de la biodiversit\u00e9 fondent les positions du CEA sur le principe de sobri\u00e9t\u00e9 notamment \u00e9nerg\u00e9tique, sur la n\u00e9cessit\u00e9 de&hellip;&nbsp;<a href=\"https:\/\/comite-ecologique-ariegeois.org\/?page_id=1231\" rel=\"bookmark\">Lire la suite &raquo;<span class=\"screen-reader-text\">Energie, climat<\/span><\/a><\/p>\n","protected":false},"author":2,"featured_media":0,"parent":0,"menu_order":0,"comment_status":"closed","ping_status":"closed","template":"page-templates\/template-pagebuilder-full-width.php","meta":{"neve_meta_sidebar":"","neve_meta_container":"","neve_meta_enable_content_width":"","neve_meta_content_width":0,"neve_meta_title_alignment":"","neve_meta_author_avatar":"","neve_post_elements_order":"","neve_meta_disable_header":"","neve_meta_disable_footer":"","neve_meta_disable_title":"","footnotes":""},"class_list":["post-1231","page","type-page","status-publish","hentry"],"yoast_head":"<!-- This site is optimized with the Yoast SEO plugin v26.4 - https:\/\/yoast.com\/wordpress\/plugins\/seo\/ -->\n<title>Energie, climat - Comit\u00e9 Ecologique Ari\u00e8geois<\/title>\n<meta name=\"robots\" content=\"index, follow, max-snippet:-1, max-image-preview:large, max-video-preview:-1\" \/>\n<link rel=\"canonical\" href=\"https:\/\/comite-ecologique-ariegeois.org\/?page_id=1231\" \/>\n<meta property=\"og:locale\" content=\"fr_FR\" \/>\n<meta property=\"og:type\" content=\"article\" \/>\n<meta property=\"og:title\" content=\"Energie, climat - Comit\u00e9 Ecologique Ari\u00e8geois\" \/>\n<meta property=\"og:description\" content=\"Energie, climat Si nous voulons \u00e9pargner nos paysages et nos cours d\u2019eau, et minimiser notre impact sur le climat, r\u00e9duisons notre consommation d\u2019\u00e9nergie ! Solaire Hydraulique Eolien M\u00e9thanisation Climat Energie L&rsquo;es enjeux climatiques et de pr\u00e9servation de la biodiversit\u00e9 fondent les positions du CEA sur le principe de sobri\u00e9t\u00e9 notamment \u00e9nerg\u00e9tique, sur la n\u00e9cessit\u00e9 de&hellip;&nbsp;Lire la suite &raquo;Energie, climat\" \/>\n<meta property=\"og:url\" content=\"https:\/\/comite-ecologique-ariegeois.org\/?page_id=1231\" \/>\n<meta property=\"og:site_name\" content=\"Comit\u00e9 Ecologique Ari\u00e8geois\" \/>\n<meta property=\"article:publisher\" content=\"https:\/\/www.facebook.com\/comite.ariegeois\/\" \/>\n<meta property=\"article:modified_time\" content=\"2025-03-28T16:15:45+00:00\" \/>\n<meta property=\"og:image\" content=\"https:\/\/comite-ecologique-ariegeois.org\/wp-content\/uploads\/2024\/09\/edf.png\" \/>\n\t<meta property=\"og:image:width\" content=\"1273\" \/>\n\t<meta property=\"og:image:height\" content=\"782\" \/>\n\t<meta property=\"og:image:type\" content=\"image\/png\" \/>\n<meta name=\"twitter:card\" content=\"summary_large_image\" \/>\n<meta name=\"twitter:label1\" content=\"Dur\u00e9e de lecture estim\u00e9e\" \/>\n\t<meta name=\"twitter:data1\" content=\"11 minutes\" \/>\n<script type=\"application\/ld+json\" class=\"yoast-schema-graph\">{\"@context\":\"https:\/\/schema.org\",\"@graph\":[{\"@type\":\"WebPage\",\"@id\":\"https:\/\/comite-ecologique-ariegeois.org\/?page_id=1231\",\"url\":\"https:\/\/comite-ecologique-ariegeois.org\/?page_id=1231\",\"name\":\"Energie, climat - Comit\u00e9 Ecologique Ari\u00e8geois\",\"isPartOf\":{\"@id\":\"https:\/\/comite-ecologique-ariegeois.org\/#website\"},\"primaryImageOfPage\":{\"@id\":\"https:\/\/comite-ecologique-ariegeois.org\/?page_id=1231#primaryimage\"},\"image\":{\"@id\":\"https:\/\/comite-ecologique-ariegeois.org\/?page_id=1231#primaryimage\"},\"thumbnailUrl\":\"https:\/\/comite-ecologique-ariegeois.org\/wp-content\/uploads\/2024\/09\/edf-1024x629.png\",\"datePublished\":\"2024-10-14T19:09:47+00:00\",\"dateModified\":\"2025-03-28T16:15:45+00:00\",\"breadcrumb\":{\"@id\":\"https:\/\/comite-ecologique-ariegeois.org\/?page_id=1231#breadcrumb\"},\"inLanguage\":\"fr-FR\",\"potentialAction\":[{\"@type\":\"ReadAction\",\"target\":[\"https:\/\/comite-ecologique-ariegeois.org\/?page_id=1231\"]}]},{\"@type\":\"ImageObject\",\"inLanguage\":\"fr-FR\",\"@id\":\"https:\/\/comite-ecologique-ariegeois.org\/?page_id=1231#primaryimage\",\"url\":\"https:\/\/comite-ecologique-ariegeois.org\/wp-content\/uploads\/2024\/09\/edf.png\",\"contentUrl\":\"https:\/\/comite-ecologique-ariegeois.org\/wp-content\/uploads\/2024\/09\/edf.png\",\"width\":1273,\"height\":782},{\"@type\":\"BreadcrumbList\",\"@id\":\"https:\/\/comite-ecologique-ariegeois.org\/?page_id=1231#breadcrumb\",\"itemListElement\":[{\"@type\":\"ListItem\",\"position\":1,\"name\":\"Accueil\",\"item\":\"https:\/\/comite-ecologique-ariegeois.org\/\"},{\"@type\":\"ListItem\",\"position\":2,\"name\":\"Energie, climat\"}]},{\"@type\":\"WebSite\",\"@id\":\"https:\/\/comite-ecologique-ariegeois.org\/#website\",\"url\":\"https:\/\/comite-ecologique-ariegeois.org\/\",\"name\":\"Comit\u00e9 Ecologique Ari\u00e8geois\",\"description\":\"Assotiation de protection de la nature\",\"publisher\":{\"@id\":\"https:\/\/comite-ecologique-ariegeois.org\/#organization\"},\"potentialAction\":[{\"@type\":\"SearchAction\",\"target\":{\"@type\":\"EntryPoint\",\"urlTemplate\":\"https:\/\/comite-ecologique-ariegeois.org\/?s={search_term_string}\"},\"query-input\":{\"@type\":\"PropertyValueSpecification\",\"valueRequired\":true,\"valueName\":\"search_term_string\"}}],\"inLanguage\":\"fr-FR\"},{\"@type\":\"Organization\",\"@id\":\"https:\/\/comite-ecologique-ariegeois.org\/#organization\",\"name\":\"Comit\u00e9 Ecologique Ari\u00e8geois\",\"url\":\"https:\/\/comite-ecologique-ariegeois.org\/\",\"logo\":{\"@type\":\"ImageObject\",\"inLanguage\":\"fr-FR\",\"@id\":\"https:\/\/comite-ecologique-ariegeois.org\/#\/schema\/logo\/image\/\",\"url\":\"https:\/\/comite-ecologique-ariegeois.org\/wp-content\/uploads\/2025\/01\/logo_nouveau_cea_jpeg_250pix_02_03_24-a8816.jpg\",\"contentUrl\":\"https:\/\/comite-ecologique-ariegeois.org\/wp-content\/uploads\/2025\/01\/logo_nouveau_cea_jpeg_250pix_02_03_24-a8816.jpg\",\"width\":250,\"height\":250,\"caption\":\"Comit\u00e9 Ecologique Ari\u00e8geois\"},\"image\":{\"@id\":\"https:\/\/comite-ecologique-ariegeois.org\/#\/schema\/logo\/image\/\"},\"sameAs\":[\"https:\/\/www.facebook.com\/comite.ariegeois\/\",\"https:\/\/www.instagram.com\/comite.ecologique.ariegeois\/\"]}]}<\/script>\n<!-- \/ Yoast SEO plugin. -->","yoast_head_json":{"title":"Energie, climat - Comit\u00e9 Ecologique Ari\u00e8geois","robots":{"index":"index","follow":"follow","max-snippet":"max-snippet:-1","max-image-preview":"max-image-preview:large","max-video-preview":"max-video-preview:-1"},"canonical":"https:\/\/comite-ecologique-ariegeois.org\/?page_id=1231","og_locale":"fr_FR","og_type":"article","og_title":"Energie, climat - Comit\u00e9 Ecologique Ari\u00e8geois","og_description":"Energie, climat Si nous voulons \u00e9pargner nos paysages et nos cours d\u2019eau, et minimiser notre impact sur le climat, r\u00e9duisons notre consommation d\u2019\u00e9nergie ! Solaire Hydraulique Eolien M\u00e9thanisation Climat Energie L&rsquo;es enjeux climatiques et de pr\u00e9servation de la biodiversit\u00e9 fondent les positions du CEA sur le principe de sobri\u00e9t\u00e9 notamment \u00e9nerg\u00e9tique, sur la n\u00e9cessit\u00e9 de&hellip;&nbsp;Lire la suite &raquo;Energie, climat","og_url":"https:\/\/comite-ecologique-ariegeois.org\/?page_id=1231","og_site_name":"Comit\u00e9 Ecologique Ari\u00e8geois","article_publisher":"https:\/\/www.facebook.com\/comite.ariegeois\/","article_modified_time":"2025-03-28T16:15:45+00:00","og_image":[{"width":1273,"height":782,"url":"https:\/\/comite-ecologique-ariegeois.org\/wp-content\/uploads\/2024\/09\/edf.png","type":"image\/png"}],"twitter_card":"summary_large_image","twitter_misc":{"Dur\u00e9e de lecture estim\u00e9e":"11 minutes"},"schema":{"@context":"https:\/\/schema.org","@graph":[{"@type":"WebPage","@id":"https:\/\/comite-ecologique-ariegeois.org\/?page_id=1231","url":"https:\/\/comite-ecologique-ariegeois.org\/?page_id=1231","name":"Energie, climat - Comit\u00e9 Ecologique Ari\u00e8geois","isPartOf":{"@id":"https:\/\/comite-ecologique-ariegeois.org\/#website"},"primaryImageOfPage":{"@id":"https:\/\/comite-ecologique-ariegeois.org\/?page_id=1231#primaryimage"},"image":{"@id":"https:\/\/comite-ecologique-ariegeois.org\/?page_id=1231#primaryimage"},"thumbnailUrl":"https:\/\/comite-ecologique-ariegeois.org\/wp-content\/uploads\/2024\/09\/edf-1024x629.png","datePublished":"2024-10-14T19:09:47+00:00","dateModified":"2025-03-28T16:15:45+00:00","breadcrumb":{"@id":"https:\/\/comite-ecologique-ariegeois.org\/?page_id=1231#breadcrumb"},"inLanguage":"fr-FR","potentialAction":[{"@type":"ReadAction","target":["https:\/\/comite-ecologique-ariegeois.org\/?page_id=1231"]}]},{"@type":"ImageObject","inLanguage":"fr-FR","@id":"https:\/\/comite-ecologique-ariegeois.org\/?page_id=1231#primaryimage","url":"https:\/\/comite-ecologique-ariegeois.org\/wp-content\/uploads\/2024\/09\/edf.png","contentUrl":"https:\/\/comite-ecologique-ariegeois.org\/wp-content\/uploads\/2024\/09\/edf.png","width":1273,"height":782},{"@type":"BreadcrumbList","@id":"https:\/\/comite-ecologique-ariegeois.org\/?page_id=1231#breadcrumb","itemListElement":[{"@type":"ListItem","position":1,"name":"Accueil","item":"https:\/\/comite-ecologique-ariegeois.org\/"},{"@type":"ListItem","position":2,"name":"Energie, climat"}]},{"@type":"WebSite","@id":"https:\/\/comite-ecologique-ariegeois.org\/#website","url":"https:\/\/comite-ecologique-ariegeois.org\/","name":"Comit\u00e9 Ecologique Ari\u00e8geois","description":"Assotiation de protection de la nature","publisher":{"@id":"https:\/\/comite-ecologique-ariegeois.org\/#organization"},"potentialAction":[{"@type":"SearchAction","target":{"@type":"EntryPoint","urlTemplate":"https:\/\/comite-ecologique-ariegeois.org\/?s={search_term_string}"},"query-input":{"@type":"PropertyValueSpecification","valueRequired":true,"valueName":"search_term_string"}}],"inLanguage":"fr-FR"},{"@type":"Organization","@id":"https:\/\/comite-ecologique-ariegeois.org\/#organization","name":"Comit\u00e9 Ecologique Ari\u00e8geois","url":"https:\/\/comite-ecologique-ariegeois.org\/","logo":{"@type":"ImageObject","inLanguage":"fr-FR","@id":"https:\/\/comite-ecologique-ariegeois.org\/#\/schema\/logo\/image\/","url":"https:\/\/comite-ecologique-ariegeois.org\/wp-content\/uploads\/2025\/01\/logo_nouveau_cea_jpeg_250pix_02_03_24-a8816.jpg","contentUrl":"https:\/\/comite-ecologique-ariegeois.org\/wp-content\/uploads\/2025\/01\/logo_nouveau_cea_jpeg_250pix_02_03_24-a8816.jpg","width":250,"height":250,"caption":"Comit\u00e9 Ecologique Ari\u00e8geois"},"image":{"@id":"https:\/\/comite-ecologique-ariegeois.org\/#\/schema\/logo\/image\/"},"sameAs":["https:\/\/www.facebook.com\/comite.ariegeois\/","https:\/\/www.instagram.com\/comite.ecologique.ariegeois\/"]}]}},"_links":{"self":[{"href":"https:\/\/comite-ecologique-ariegeois.org\/index.php?rest_route=\/wp\/v2\/pages\/1231","targetHints":{"allow":["GET"]}}],"collection":[{"href":"https:\/\/comite-ecologique-ariegeois.org\/index.php?rest_route=\/wp\/v2\/pages"}],"about":[{"href":"https:\/\/comite-ecologique-ariegeois.org\/index.php?rest_route=\/wp\/v2\/types\/page"}],"author":[{"embeddable":true,"href":"https:\/\/comite-ecologique-ariegeois.org\/index.php?rest_route=\/wp\/v2\/users\/2"}],"replies":[{"embeddable":true,"href":"https:\/\/comite-ecologique-ariegeois.org\/index.php?rest_route=%2Fwp%2Fv2%2Fcomments&post=1231"}],"version-history":[{"count":158,"href":"https:\/\/comite-ecologique-ariegeois.org\/index.php?rest_route=\/wp\/v2\/pages\/1231\/revisions"}],"predecessor-version":[{"id":10334,"href":"https:\/\/comite-ecologique-ariegeois.org\/index.php?rest_route=\/wp\/v2\/pages\/1231\/revisions\/10334"}],"wp:attachment":[{"href":"https:\/\/comite-ecologique-ariegeois.org\/index.php?rest_route=%2Fwp%2Fv2%2Fmedia&parent=1231"}],"curies":[{"name":"wp","href":"https:\/\/api.w.org\/{rel}","templated":true}]}}